{"id":6273,"date":"2016-11-10T09:10:53","date_gmt":"2016-11-10T09:10:53","guid":{"rendered":"https:\/\/www.hasert-haut.de\/aesthetische-dermatologie\/"},"modified":"2022-11-02T14:23:39","modified_gmt":"2022-11-02T14:23:39","slug":"dermatologia-estetica","status":"publish","type":"page","link":"https:\/\/www.hasert-haut.de\/es\/dermatologia-estetica\/","title":{"rendered":"Dermatolog\u00eda Est\u00e9tica"},"content":{"rendered":"\n<style type=\"text\/css\" data-created_by=\"avia_inline_auto\" id=\"style-css-av-l80b1hn9-ec4016f705bb7e471f5435996723305a\">\n.avia-section.av-l80b1hn9-ec4016f705bb7e471f5435996723305a{\nbackground-repeat:no-repeat;\nbackground-image:url(https:\/\/www.hasert-haut.de\/wp-content\/uploads\/2015\/01\/Allgemeinmedizin1.jpg);\nbackground-position:50% 100%;\nbackground-attachment:scroll;\n}\n<\/style>\n<div id='av_section_1'  class='avia-section av-l80b1hn9-ec4016f705bb7e471f5435996723305a main_color avia-section-default avia-no-border-styling  avia-builder-el-0  el_before_av_section  avia-builder-el-first  avia-full-stretch avia-bg-style-scroll av-minimum-height av-minimum-height-50 av-height-50  container_wrap fullsize'  data-section-bg-repeat='stretch' data-av_minimum_height_pc='50' data-av_min_height_opt='50'><div class='container av-section-cont-open' ><main  role=\"main\" itemprop=\"mainContentOfPage\"  class='template-page content  av-content-full alpha units'><div class='post-entry post-entry-type-page post-entry-6273'><div class='entry-content-wrapper clearfix'>\n<\/div><\/div><\/main><!-- close content main element --><\/div><\/div><div id='av_section_2'  class='avia-section av-1c52y-6705d96d726e34f30075afd1c9f98823 main_color avia-section-huge avia-no-border-styling  avia-builder-el-1  el_after_av_section  avia-builder-el-last  avia-bg-style-scroll container_wrap fullsize'  ><div class='container av-section-cont-open' ><div class='template-page content  av-content-full alpha units'><div class='post-entry post-entry-type-page post-entry-6273'><div class='entry-content-wrapper clearfix'>\n\n<style type=\"text\/css\" data-created_by=\"avia_inline_auto\" id=\"style-css-av-1zubm-cf8dd5eea0f9c55c19c0ef078ddbcf82\">\n#top .flex_column.av-1zubm-cf8dd5eea0f9c55c19c0ef078ddbcf82{\nmargin-top:-200px;\nmargin-bottom:-200px;\n}\n.flex_column.av-1zubm-cf8dd5eea0f9c55c19c0ef078ddbcf82{\nborder-radius:0px 0px 0px 0px;\npadding:30px 30px 30px 30px;\nbackground-color:#ffffff;\n}\n.responsive #top #wrap_all .flex_column.av-1zubm-cf8dd5eea0f9c55c19c0ef078ddbcf82{\nmargin-top:-200px;\nmargin-bottom:-200px;\n}\n<\/style>\n<div  class='flex_column av-1zubm-cf8dd5eea0f9c55c19c0ef078ddbcf82 av_one_full  avia-builder-el-2  el_before_av_hr  avia-builder-el-first  first flex_column_div  '     ><style type=\"text\/css\" data-created_by=\"avia_inline_auto\" id=\"style-css-av-l96u7653-50296267627d42557e8459ee73287687\">\n#top .av-special-heading.av-l96u7653-50296267627d42557e8459ee73287687{\nmargin:30px 0 0 0;\npadding-bottom:10px;\n}\nbody .av-special-heading.av-l96u7653-50296267627d42557e8459ee73287687 .av-special-heading-tag .heading-char{\nfont-size:25px;\n}\n.av-special-heading.av-l96u7653-50296267627d42557e8459ee73287687 .av-subheading{\nfont-size:15px;\n}\n<\/style>\n<div  class='av-special-heading av-l96u7653-50296267627d42557e8459ee73287687 av-special-heading-h1 blockquote modern-quote modern-centered  avia-builder-el-3  avia-builder-el-no-sibling '><h1 class='av-special-heading-tag'  itemprop=\"headline\"  >Dermatolog\u00eda Est\u00e9tica<\/h1><div class=\"special-heading-border\"><div class=\"special-heading-inner-border\"><\/div><\/div><\/div><\/div>\n<style type=\"text\/css\" data-created_by=\"avia_inline_auto\" id=\"style-css-av-l96u2dxw-bef62529ba4e12912e5f4b47d6fefae0\">\n#top .hr.hr-invisible.av-l96u2dxw-bef62529ba4e12912e5f4b47d6fefae0{\nheight:50px;\n}\n<\/style>\n<div  class='hr av-l96u2dxw-bef62529ba4e12912e5f4b47d6fefae0 hr-invisible  avia-builder-el-4  el_after_av_one_full  el_before_av_portfolio  avia-builder-el-last '><span class='hr-inner '><span class=\"hr-inner-style\"><\/span><\/span><\/div>\n<div  id=\"av-sc-portfolio-1\"  class=' grid-sort-container isotope   no_margin-container with-excerpt-container grid-total-even grid-col-2 grid-links-' data-portfolio-id='1'><div data-ajax-id='7059' class=' grid-entry flex_column isotope-item all_sort no_margin post-entry post-entry-7059 grid-entry-overview grid-loop-1 grid-parity-odd  aesthetische-dermatologie-es_sort  av_one_half first default_av_fullwidth '><article class='main_color inner-entry'  itemscope=\"itemscope\" itemtype=\"https:\/\/schema.org\/CreativeWork\" ><a href=\"https:\/\/www.hasert-haut.de\/es\/leistungen\/aumento-de-labios\/\" title='aumento de labios'  data-rel='grid-1' class='grid-image avia-hover-fx'> <img decoding=\"async\" fetchpriority=\"high\" width=\"495\" height=\"400\" src=\"https:\/\/www.hasert-haut.de\/wp-content\/uploads\/2015\/01\/Lippenaugmentation-495x400.jpg\" class=\"wp-image-6029 avia-img-lazy-loading-not-6029 attachment-portfolio size-portfolio wp-post-image\" alt=\"\" \/><\/a><div class='grid-content'><div class='avia-arrow'><\/div><header class=\"entry-content-header\"><h3 class='grid-entry-title entry-title '  itemprop=\"headline\" ><a href='https:\/\/www.hasert-haut.de\/es\/leistungen\/aumento-de-labios\/' title='aumento de labios'>aumento de labios<\/a><\/h3><\/header><div class='grid-entry-excerpt entry-content'  itemprop=\"text\" >Al inyectar sus labios (aumento de labios) le da a su rostro una expresi\u00f3n completamente nueva y suaviza las peque\u00f1as arrugas alrededor de la boca.<\/div><\/div><footer class=\"entry-footer\"><\/footer><\/article><\/div><div data-ajax-id='7016' class=' grid-entry flex_column isotope-item all_sort no_margin post-entry post-entry-7016 grid-entry-overview grid-loop-2 grid-parity-even  aesthetische-dermatologie-es_sort  av_one_half  default_av_fullwidth '><article class='main_color inner-entry'  itemscope=\"itemscope\" itemtype=\"https:\/\/schema.org\/CreativeWork\" ><a href=\"https:\/\/www.hasert-haut.de\/es\/leistungen\/criolipolisis\/\" title='criolip\u00f3lisis'  data-rel='grid-1' class='grid-image avia-hover-fx'> <img decoding=\"async\" fetchpriority=\"high\" width=\"495\" height=\"400\" src=\"https:\/\/www.hasert-haut.de\/wp-content\/uploads\/2016\/06\/Kryolipolyse-495x400.jpg\" class=\"wp-image-6041 avia-img-lazy-loading-not-6041 attachment-portfolio size-portfolio wp-post-image\" alt=\"\" \/><\/a><div class='grid-content'><div class='avia-arrow'><\/div><header class=\"entry-content-header\"><h3 class='grid-entry-title entry-title '  itemprop=\"headline\" ><a href='https:\/\/www.hasert-haut.de\/es\/leistungen\/criolipolisis\/' title='criolip\u00f3lisis'>criolip\u00f3lisis<\/a><\/h3><\/header><div class='grid-entry-excerpt entry-content'  itemprop=\"text\" >La criolip\u00f3lisis es un nuevo procedimiento no invasivo que utiliza fr\u00edo local para reducir suavemente los dep\u00f3sitos de grasa.<\/div><\/div><footer class=\"entry-footer\"><\/footer><\/article><\/div><div data-ajax-id='7168' class=' grid-entry flex_column isotope-item all_sort no_margin post-entry post-entry-7168 grid-entry-overview grid-loop-3 grid-parity-odd  aesthetische-dermatologie-es_sort  av_one_half first default_av_fullwidth '><article class='main_color inner-entry'  itemscope=\"itemscope\" itemtype=\"https:\/\/schema.org\/CreativeWork\" ><a href=\"https:\/\/www.hasert-haut.de\/es\/leistungen\/eliminacion-de-glandulas-sudoriparas-hiperhidrosis\/\" title='Eliminaci\u00f3n de gl\u00e1ndulas sudor\u00edparas (hiperhidrosis)'  data-rel='grid-1' class='grid-image avia-hover-fx'> <img decoding=\"async\" fetchpriority=\"high\" width=\"495\" height=\"400\" src=\"https:\/\/www.hasert-haut.de\/wp-content\/uploads\/2016\/11\/Schweissdruesenentfernung-495x400.jpg\" class=\"wp-image-6035 avia-img-lazy-loading-not-6035 attachment-portfolio size-portfolio wp-post-image\" alt=\"\" \/><\/a><div class='grid-content'><div class='avia-arrow'><\/div><header class=\"entry-content-header\"><h3 class='grid-entry-title entry-title '  itemprop=\"headline\" ><a href='https:\/\/www.hasert-haut.de\/es\/leistungen\/eliminacion-de-glandulas-sudoriparas-hiperhidrosis\/' title='Eliminaci\u00f3n de gl\u00e1ndulas sudor\u00edparas (hiperhidrosis)'>Eliminaci\u00f3n de gl\u00e1ndulas sudor\u00edparas (hiperhidrosis)<\/a><\/h3><\/header><div class='grid-entry-excerpt entry-content'  itemprop=\"text\" >Muchas personas sufren de sudoraci\u00f3n excesiva, especialmente en las axilas, pero tambi\u00e9n en las manos y los pies. Comienzas a sudar incluso sin esfuerzo f\u00edsico, y a menudo se forman riachuelos en las regiones afectadas. \n<\/div><\/div><footer class=\"entry-footer\"><\/footer><\/article><\/div><div data-ajax-id='6917' class=' grid-entry flex_column isotope-item all_sort no_margin post-entry post-entry-6917 grid-entry-overview grid-loop-4 grid-parity-even  aesthetische-dermatologie-es_sort  av_one_half  default_av_fullwidth '><article class='main_color inner-entry'  itemscope=\"itemscope\" itemtype=\"https:\/\/schema.org\/CreativeWork\" ><a href=\"https:\/\/www.hasert-haut.de\/es\/leistungen\/eliminacion-de-cambios-benignos-de-la-piel\/\" title='Eliminaci\u00f3n de lesiones cut\u00e1neas benignas'  data-rel='grid-1' class='grid-image avia-hover-fx'> <img decoding=\"async\" fetchpriority=\"high\" width=\"495\" height=\"400\" src=\"https:\/\/www.hasert-haut.de\/wp-content\/uploads\/2016\/11\/entfernung-von-gutartigen-hautver\u00e4nderungen-495x400.jpg\" class=\"wp-image-5993 avia-img-lazy-loading-not-5993 attachment-portfolio size-portfolio wp-post-image\" alt=\"\" \/><\/a><div class='grid-content'><div class='avia-arrow'><\/div><header class=\"entry-content-header\"><h3 class='grid-entry-title entry-title '  itemprop=\"headline\" ><a href='https:\/\/www.hasert-haut.de\/es\/leistungen\/eliminacion-de-cambios-benignos-de-la-piel\/' title='Eliminaci\u00f3n de lesiones cut\u00e1neas benignas'>Eliminaci\u00f3n de lesiones cut\u00e1neas benignas<\/a><\/h3><\/header><div class='grid-entry-excerpt entry-content'  itemprop=\"text\" >Los cambios en la piel como manchas de la edad, verrugas de la edad, fibromas, marcas de nacimiento no pigmentadas (que tambi\u00e9n son definitivamente benignas bajo el microscopio de luz reflejada), dep\u00f3sitos amarillos alrededor de los ojos (xantelasma y siringoma) y las verrugas son inofensivos en s\u00ed mismos, pero muchas personas los encuentran molestos. .<\/div><\/div><footer class=\"entry-footer\"><\/footer><\/article><\/div><div data-ajax-id='6946' class=' grid-entry flex_column isotope-item all_sort no_margin post-entry post-entry-6946 grid-entry-overview grid-loop-5 grid-parity-odd  aesthetische-dermatologie-es_sort  av_one_half first default_av_fullwidth '><article class='main_color inner-entry'  itemscope=\"itemscope\" itemtype=\"https:\/\/schema.org\/CreativeWork\" ><a href=\"https:\/\/www.hasert-haut.de\/es\/leistungen\/eliminacion-de-tatuajes\/\" title='Eliminaci\u00f3n de tatuajes'  data-rel='grid-1' class='grid-image avia-hover-fx'> <img decoding=\"async\" fetchpriority=\"high\" width=\"495\" height=\"400\" src=\"https:\/\/www.hasert-haut.de\/wp-content\/uploads\/2016\/11\/entfernung-von-tattoos-495x400.jpg\" class=\"wp-image-5995 avia-img-lazy-loading-not-5995 attachment-portfolio size-portfolio wp-post-image\" alt=\"\" \/><\/a><div class='grid-content'><div class='avia-arrow'><\/div><header class=\"entry-content-header\"><h3 class='grid-entry-title entry-title '  itemprop=\"headline\" ><a href='https:\/\/www.hasert-haut.de\/es\/leistungen\/eliminacion-de-tatuajes\/' title='Eliminaci\u00f3n de tatuajes'>Eliminaci\u00f3n de tatuajes<\/a><\/h3><\/header><div class='grid-entry-excerpt entry-content'  itemprop=\"text\" >Especialmente en el mundo acelerado de hoy, en el que una tendencia de moda reemplaza a la siguiente, a menudo es molesto cuando el embellecimiento permanente de la piel, como los tatuajes o el maquillaje permanente, ya no es atractivo.<\/div><\/div><footer class=\"entry-footer\"><\/footer><\/article><\/div><div data-ajax-id='6899' class=' grid-entry flex_column isotope-item all_sort no_margin post-entry post-entry-6899 grid-entry-overview grid-loop-6 grid-parity-even  aesthetische-dermatologie-es_sort  av_one_half  default_av_fullwidth '><article class='main_color inner-entry'  itemscope=\"itemscope\" itemtype=\"https:\/\/schema.org\/CreativeWork\" ><a href=\"https:\/\/www.hasert-haut.de\/es\/leistungen\/eliminacion-de-vasodilatacion\/\" title='Eliminaci\u00f3n de vasodilataci\u00f3n'  data-rel='grid-1' class='grid-image avia-hover-fx'> <img decoding=\"async\" fetchpriority=\"high\" width=\"495\" height=\"400\" src=\"https:\/\/www.hasert-haut.de\/wp-content\/uploads\/2015\/01\/Entfernung-von-Gef\u00e4\u00dferweiterungen4-495x400.jpg\" class=\"wp-image-5845 avia-img-lazy-loading-not-5845 attachment-portfolio size-portfolio wp-post-image\" alt=\"\" \/><\/a><div class='grid-content'><div class='avia-arrow'><\/div><header class=\"entry-content-header\"><h3 class='grid-entry-title entry-title '  itemprop=\"headline\" ><a href='https:\/\/www.hasert-haut.de\/es\/leistungen\/eliminacion-de-vasodilatacion\/' title='Eliminaci\u00f3n de vasodilataci\u00f3n'>Eliminaci\u00f3n de vasodilataci\u00f3n<\/a><\/h3><\/header><div class='grid-entry-excerpt entry-content'  itemprop=\"text\" >A menudo, a una edad temprana, con la correspondiente predisposici\u00f3n, se producen dilataciones de los vasos sangu\u00edneos m\u00e1s peque\u00f1os de las piernas, que se denominan ara\u00f1as vasculares y, a menudo, resultan muy molestas.\n<\/div><\/div><footer class=\"entry-footer\"><\/footer><\/article><\/div><div data-ajax-id='6997' class=' grid-entry flex_column isotope-item all_sort no_margin post-entry post-entry-6997 grid-entry-overview grid-loop-7 grid-parity-odd  aesthetische-dermatologie-es_sort  av_one_half first default_av_fullwidth '><article class='main_color inner-entry'  itemscope=\"itemscope\" itemtype=\"https:\/\/schema.org\/CreativeWork\" ><a href=\"https:\/\/www.hasert-haut.de\/es\/leistungen\/jeringa-para-grasa\/\" title='jeringa para grasa'  data-rel='grid-1' class='grid-image avia-hover-fx'> <img decoding=\"async\" fetchpriority=\"high\" width=\"495\" height=\"400\" src=\"https:\/\/www.hasert-haut.de\/wp-content\/uploads\/2016\/12\/basaliom-495x400.jpg\" class=\"wp-image-5977 avia-img-lazy-loading-not-5977 attachment-portfolio size-portfolio wp-post-image\" alt=\"\" \/><\/a><div class='grid-content'><div class='avia-arrow'><\/div><header class=\"entry-content-header\"><h3 class='grid-entry-title entry-title '  itemprop=\"headline\" ><a href='https:\/\/www.hasert-haut.de\/es\/leistungen\/jeringa-para-grasa\/' title='jeringa para grasa'>jeringa para grasa<\/a><\/h3><\/header><div class='grid-entry-excerpt entry-content'  itemprop=\"text\" >Inyecci\u00f3n de eliminaci\u00f3n de grasa: tratamiento de dep\u00f3sitos de grasa en el \u00e1rea de la cara y el cuello, p. B. Papada, \"mejillas colgantes\" y bolsas debajo de los ojos.<\/div><\/div><footer class=\"entry-footer\"><\/footer><\/article><\/div><div data-ajax-id='7046' class=' grid-entry flex_column isotope-item all_sort no_margin post-entry post-entry-7046 grid-entry-overview grid-loop-8 grid-parity-even  aesthetische-dermatologie-es_sort  av_one_half  default_av_fullwidth '><article class='main_color inner-entry'  itemscope=\"itemscope\" itemtype=\"https:\/\/schema.org\/CreativeWork\" ><a href=\"https:\/\/www.hasert-haut.de\/es\/leistungen\/la-depilacion-laser\/\" title='La depilaci\u00f3n l\u00e1ser'  data-rel='grid-1' class='grid-image avia-hover-fx'> <img decoding=\"async\" fetchpriority=\"high\" width=\"495\" height=\"400\" src=\"https:\/\/www.hasert-haut.de\/wp-content\/uploads\/2015\/01\/laser-haarentfernung-495x400.jpg\" class=\"wp-image-5711 avia-img-lazy-loading-not-5711 attachment-portfolio size-portfolio wp-post-image\" alt=\"\" \/><\/a><div class='grid-content'><div class='avia-arrow'><\/div><header class=\"entry-content-header\"><h3 class='grid-entry-title entry-title '  itemprop=\"headline\" ><a href='https:\/\/www.hasert-haut.de\/es\/leistungen\/la-depilacion-laser\/' title='La depilaci\u00f3n l\u00e1ser'>La depilaci\u00f3n l\u00e1ser<\/a><\/h3><\/header><div class='grid-entry-excerpt entry-content'  itemprop=\"text\" >el cabello es hermoso Pero, \u00bfqu\u00e9 hacer si crecen principalmente en los lugares equivocados? <\/div><\/div><footer class=\"entry-footer\"><\/footer><\/article><\/div><div data-ajax-id='6935' class=' grid-entry flex_column isotope-item all_sort no_margin post-entry post-entry-6935 grid-entry-overview grid-loop-9 grid-parity-odd  aesthetische-dermatologie-es_sort  av_one_half first default_av_fullwidth '><article class='main_color inner-entry'  itemscope=\"itemscope\" itemtype=\"https:\/\/schema.org\/CreativeWork\" ><a href=\"https:\/\/www.hasert-haut.de\/es\/leistungen\/levantamiento-de-hilo\/\" title='levantamiento de hilo'  data-rel='grid-1' class='grid-image avia-hover-fx'> <img decoding=\"async\" fetchpriority=\"high\" width=\"495\" height=\"400\" src=\"https:\/\/www.hasert-haut.de\/wp-content\/uploads\/2017\/05\/Light-Lift-Linea-Method-495x400.jpg\" class=\"wp-image-6051 avia-img-lazy-loading-not-6051 attachment-portfolio size-portfolio wp-post-image\" alt=\"Light-Lift-Nano-Excellence-new | Hautarzt Dr. Hasert Berlin-Mitte\" \/><\/a><div class='grid-content'><div class='avia-arrow'><\/div><header class=\"entry-content-header\"><h3 class='grid-entry-title entry-title '  itemprop=\"headline\" ><a href='https:\/\/www.hasert-haut.de\/es\/leistungen\/levantamiento-de-hilo\/' title='levantamiento de hilo'>levantamiento de hilo<\/a><\/h3><\/header><div class='grid-entry-excerpt entry-content'  itemprop=\"text\" >El hilo lifting APTOS se utiliza para la prevenci\u00f3n y eliminaci\u00f3n moderna y suave de las arrugas.<\/div><\/div><footer class=\"entry-footer\"><\/footer><\/article><\/div><div data-ajax-id='6965' class=' grid-entry flex_column isotope-item all_sort no_margin post-entry post-entry-6965 grid-entry-overview grid-loop-10 grid-parity-even  aesthetische-dermatologie-es_sort  av_one_half  default_av_fullwidth '><article class='main_color inner-entry'  itemscope=\"itemscope\" itemtype=\"https:\/\/schema.org\/CreativeWork\" ><a href=\"https:\/\/www.hasert-haut.de\/es\/leistungen\/liposuccion\/\" title='liposucci\u00f3n'  data-rel='grid-1' class='grid-image avia-hover-fx'> <img decoding=\"async\" fetchpriority=\"high\" width=\"495\" height=\"400\" src=\"https:\/\/www.hasert-haut.de\/wp-content\/uploads\/2016\/11\/Fettabsaugung-495x400.jpg\" class=\"wp-image-6033 avia-img-lazy-loading-not-6033 attachment-portfolio size-portfolio wp-post-image\" alt=\"\" \/><\/a><div class='grid-content'><div class='avia-arrow'><\/div><header class=\"entry-content-header\"><h3 class='grid-entry-title entry-title '  itemprop=\"headline\" ><a href='https:\/\/www.hasert-haut.de\/es\/leistungen\/liposuccion\/' title='liposucci\u00f3n'>liposucci\u00f3n<\/a><\/h3><\/header><div class='grid-entry-excerpt entry-content'  itemprop=\"text\" >El cuerpo delgado y bien proporcionado ha sido el ep\u00edtome de la belleza desde la antig\u00fcedad. Desafortunadamente, incluso en personas muy delgadas, la distribuci\u00f3n de la grasa corporal a menudo no est\u00e1 equilibrada. <\/div><\/div><footer class=\"entry-footer\"><\/footer><\/article><\/div><div data-ajax-id='6869' class=' grid-entry flex_column isotope-item all_sort no_margin post-entry post-entry-6869 grid-entry-overview grid-loop-11 grid-parity-odd  aesthetische-dermatologie-es_sort  av_one_half first default_av_fullwidth '><article class='main_color inner-entry'  itemscope=\"itemscope\" itemtype=\"https:\/\/schema.org\/CreativeWork\" ><a href=\"https:\/\/www.hasert-haut.de\/es\/leistungen\/peeling-quimico\/\" title='Peeling qu\u00edmico'  data-rel='grid-1' class='grid-image avia-hover-fx'> <img decoding=\"async\" fetchpriority=\"high\" width=\"495\" height=\"400\" src=\"https:\/\/www.hasert-haut.de\/wp-content\/uploads\/2016\/12\/basaliom-495x400.jpg\" class=\"wp-image-5977 avia-img-lazy-loading-not-5977 attachment-portfolio size-portfolio wp-post-image\" alt=\"\" \/><\/a><div class='grid-content'><div class='avia-arrow'><\/div><header class=\"entry-content-header\"><h3 class='grid-entry-title entry-title '  itemprop=\"headline\" ><a href='https:\/\/www.hasert-haut.de\/es\/leistungen\/peeling-quimico\/' title='Peeling qu\u00edmico'>Peeling qu\u00edmico<\/a><\/h3><\/header><div class='grid-entry-excerpt entry-content'  itemprop=\"text\" >Para eliminar las cicatrices del acn\u00e9 en la cara, se puede usar una exfoliaci\u00f3n qu\u00edmica para mejorar la estructura de la piel en formas m\u00e1s leves.<\/div><\/div><footer class=\"entry-footer\"><\/footer><\/article><\/div><div data-ajax-id='7094' class=' grid-entry flex_column isotope-item all_sort no_margin post-entry post-entry-7094 grid-entry-overview grid-loop-12 grid-parity-even  aesthetische-dermatologie-es_sort  av_one_half  default_av_fullwidth '><article class='main_color inner-entry'  itemscope=\"itemscope\" itemtype=\"https:\/\/schema.org\/CreativeWork\" ><a href=\"https:\/\/www.hasert-haut.de\/es\/leistungen\/rejuvenecimiento-cutaneo-con-laser\/\" title='Rejuvenecimiento cut\u00e1neo con l\u00e1ser'  data-rel='grid-1' class='grid-image avia-hover-fx'> <img decoding=\"async\" fetchpriority=\"high\" width=\"495\" height=\"400\" src=\"https:\/\/www.hasert-haut.de\/wp-content\/uploads\/2015\/01\/laser-skin-resurfacing-495x400.jpg\" class=\"wp-image-5709 avia-img-lazy-loading-not-5709 attachment-portfolio size-portfolio wp-post-image\" alt=\"\" \/><\/a><div class='grid-content'><div class='avia-arrow'><\/div><header class=\"entry-content-header\"><h3 class='grid-entry-title entry-title '  itemprop=\"headline\" ><a href='https:\/\/www.hasert-haut.de\/es\/leistungen\/rejuvenecimiento-cutaneo-con-laser\/' title='Rejuvenecimiento cut\u00e1neo con l\u00e1ser'>Rejuvenecimiento cut\u00e1neo con l\u00e1ser<\/a><\/h3><\/header><div class='grid-entry-excerpt entry-content'  itemprop=\"text\" >Una terapia muy eficaz, especialmente para las cicatrices de acn\u00e9 m\u00e1s profundas en la cara, es la terapia con l\u00e1ser, el llamado rejuvenecimiento de la piel. Disponemos de l\u00e1seres de Erbium Yag y l\u00e1seres de CO2. \n<\/div><\/div><footer class=\"entry-footer\"><\/footer><\/article><\/div><div data-ajax-id='7110' class=' grid-entry flex_column isotope-item all_sort no_margin post-entry post-entry-7110 grid-entry-overview grid-loop-13 grid-parity-odd  aesthetische-dermatologie-es_sort  av_one_half first default_av_fullwidth '><article class='main_color inner-entry'  itemscope=\"itemscope\" itemtype=\"https:\/\/schema.org\/CreativeWork\" ><a href=\"https:\/\/www.hasert-haut.de\/es\/leistungen\/autohemoterapia-prp\/\" title='Terapia aut\u00f3loga de PRP'  data-rel='grid-1' class='grid-image avia-hover-fx'> <img decoding=\"async\" fetchpriority=\"high\" width=\"495\" height=\"400\" src=\"https:\/\/www.hasert-haut.de\/wp-content\/uploads\/2016\/12\/basaliom-495x400.jpg\" class=\"wp-image-5977 avia-img-lazy-loading-not-5977 attachment-portfolio size-portfolio wp-post-image\" alt=\"\" \/><\/a><div class='grid-content'><div class='avia-arrow'><\/div><header class=\"entry-content-header\"><h3 class='grid-entry-title entry-title '  itemprop=\"headline\" ><a href='https:\/\/www.hasert-haut.de\/es\/leistungen\/autohemoterapia-prp\/' title='Terapia aut\u00f3loga de PRP'>Terapia aut\u00f3loga de PRP<\/a><\/h3><\/header><div class='grid-entry-excerpt entry-content'  itemprop=\"text\" >El procedimiento moderno es otra alternativa a las intervenciones quir\u00fargicas para tensar y renovar la piel. Sin incisiones en la piel y una larga rehabilitaci\u00f3n, se logra un excelente resultado en muy poco tiempo.\n<\/div><\/div><footer class=\"entry-footer\"><\/footer><\/article><\/div><div data-ajax-id='7005' class=' grid-entry flex_column isotope-item all_sort no_margin post-entry post-entry-7005 grid-entry-overview grid-loop-14 grid-parity-even  aesthetische-dermatologie-es_sort  av_one_half  default_av_fullwidth '><article class='main_color inner-entry'  itemscope=\"itemscope\" itemtype=\"https:\/\/schema.org\/CreativeWork\" ><a href=\"https:\/\/www.hasert-haut.de\/es\/leistungen\/terapia-laser-fraxel\/\" title='Terapia l\u00e1ser Fraxel'  data-rel='grid-1' class='grid-image avia-hover-fx'> <img decoding=\"async\" fetchpriority=\"high\" width=\"495\" height=\"400\" src=\"https:\/\/www.hasert-haut.de\/wp-content\/uploads\/2015\/01\/Fraxel-Lasertherapie-1-495x400.jpg\" class=\"wp-image-5803 avia-img-lazy-loading-not-5803 attachment-portfolio size-portfolio wp-post-image\" alt=\"\" \/><\/a><div class='grid-content'><div class='avia-arrow'><\/div><header class=\"entry-content-header\"><h3 class='grid-entry-title entry-title '  itemprop=\"headline\" ><a href='https:\/\/www.hasert-haut.de\/es\/leistungen\/terapia-laser-fraxel\/' title='Terapia l\u00e1ser Fraxel'>Terapia l\u00e1ser Fraxel<\/a><\/h3><\/header><div class='grid-entry-excerpt entry-content'  itemprop=\"text\" >Con este tipo de tratamiento con l\u00e1ser, los cilindros de tejido m\u00e1s peque\u00f1os de la piel se eliminan con precisi\u00f3n milim\u00e9trica (\"zonas de tratamiento microsc\u00f3picas\") utilizando una crema anest\u00e9sica que utiliza miles de rayos micro-l\u00e1ser.<\/div><\/div><footer class=\"entry-footer\"><\/footer><\/article><\/div><div data-ajax-id='6989' class=' grid-entry flex_column isotope-item all_sort no_margin post-entry post-entry-6989 grid-entry-overview grid-loop-15 grid-parity-odd  aesthetische-dermatologie-es_sort  av_one_half first default_av_fullwidth '><article class='main_color inner-entry'  itemscope=\"itemscope\" itemtype=\"https:\/\/schema.org\/CreativeWork\" ><a href=\"https:\/\/www.hasert-haut.de\/es\/leistungen\/tratamiento-de-arrugas\/\" title='tratamiento de arrugas'  data-rel='grid-1' class='grid-image avia-hover-fx'> <img decoding=\"async\" fetchpriority=\"high\" width=\"495\" height=\"400\" src=\"https:\/\/www.hasert-haut.de\/wp-content\/uploads\/2015\/01\/Faltenbehandlung3-495x400.jpg\" class=\"wp-image-5875 avia-img-lazy-loading-not-5875 attachment-portfolio size-portfolio wp-post-image\" alt=\"\" \/><\/a><div class='grid-content'><div class='avia-arrow'><\/div><header class=\"entry-content-header\"><h3 class='grid-entry-title entry-title '  itemprop=\"headline\" ><a href='https:\/\/www.hasert-haut.de\/es\/leistungen\/tratamiento-de-arrugas\/' title='tratamiento de arrugas'>tratamiento de arrugas<\/a><\/h3><\/header><div class='grid-entry-excerpt entry-content'  itemprop=\"text\" >La piel del rostro en particular pierde su elasticidad con el paso de los a\u00f1os. A partir de los 20 a\u00f1os comienza el proceso de envejecimiento paulatino de la piel. <\/div><\/div><footer class=\"entry-footer\"><\/footer><\/article><\/div><div data-ajax-id='7141' class=' grid-entry flex_column isotope-item all_sort no_margin post-entry post-entry-7141 grid-entry-overview grid-loop-16 grid-parity-even  post-entry-last  aesthetische-dermatologie-es_sort  av_one_half  default_av_fullwidth '><article class='main_color inner-entry'  itemscope=\"itemscope\" itemtype=\"https:\/\/schema.org\/CreativeWork\" ><a href=\"https:\/\/www.hasert-haut.de\/es\/leistungen\/tratamiento-para-parpados-caidos\/\" title='tratamiento para p\u00e1rpados ca\u00eddos'  data-rel='grid-1' class='grid-image avia-hover-fx'> <img decoding=\"async\" fetchpriority=\"high\" width=\"495\" height=\"400\" src=\"https:\/\/www.hasert-haut.de\/wp-content\/uploads\/2016\/11\/schlupflidbehandlung-495x400.jpg\" class=\"wp-image-5999 avia-img-lazy-loading-not-5999 attachment-portfolio size-portfolio wp-post-image\" alt=\"\" \/><\/a><div class='grid-content'><div class='avia-arrow'><\/div><header class=\"entry-content-header\"><h3 class='grid-entry-title entry-title '  itemprop=\"headline\" ><a href='https:\/\/www.hasert-haut.de\/es\/leistungen\/tratamiento-para-parpados-caidos\/' title='tratamiento para p\u00e1rpados ca\u00eddos'>tratamiento para p\u00e1rpados ca\u00eddos<\/a><\/h3><\/header><div class='grid-entry-excerpt entry-content'  itemprop=\"text\" >La gente siempre ha dado especial importancia a los ojos. No son solo los puntos de se\u00f1al en la cara, sino que tambi\u00e9n se consideran un \"espejo del alma\" que revela todo sobre una persona y su estado de \u00e1nimo. \n<\/div><\/div><footer class=\"entry-footer\"><\/footer><\/article><\/div><\/div>\n\n","protected":false},"excerpt":{"rendered":"","protected":false},"author":1,"featured_media":6035,"parent":0,"menu_order":0,"comment_status":"closed","ping_status":"closed","template":"","meta":{"footnotes":""},"class_list":["post-6273","page","type-page","status-publish","has-post-thumbnail","hentry"],"yoast_head":"<!-- This site is optimized with the Yoast SEO plugin v25.3.1 - https:\/\/yoast.com\/wordpress\/plugins\/seo\/ -->\n<title>Dermatolog\u00eda Est\u00e9tica - Hautarzt Berlin - Praxisklinik Dr. Hasert<\/title>\n<meta name=\"robots\" content=\"index, follow, max-snippet:-1, max-image-preview:large, max-video-preview:-1\" \/>\n<link rel=\"canonical\" href=\"https:\/\/www.hasert-haut.de\/es\/dermatologia-estetica\/\" \/>\n<meta property=\"og:locale\" content=\"es_ES\" \/>\n<meta property=\"og:type\" content=\"article\" \/>\n<meta property=\"og:title\" content=\"Dermatolog\u00eda Est\u00e9tica - Hautarzt Berlin - Praxisklinik Dr. Hasert\" \/>\n<meta property=\"og:url\" content=\"https:\/\/www.hasert-haut.de\/es\/dermatologia-estetica\/\" \/>\n<meta property=\"og:site_name\" content=\"Hautarzt Berlin - Praxisklinik Dr. Hasert\" \/>\n<meta property=\"article:modified_time\" content=\"2022-11-02T14:23:39+00:00\" \/>\n<meta name=\"twitter:label1\" content=\"Tiempo de lectura\" \/>\n\t<meta name=\"twitter:data1\" content=\"3 minutos\" \/>\n<script type=\"application\/ld+json\" class=\"yoast-schema-graph\">{\"@context\":\"https:\/\/schema.org\",\"@graph\":[{\"@type\":\"WebPage\",\"@id\":\"https:\/\/www.hasert-haut.de\/es\/dermatologia-estetica\/\",\"url\":\"https:\/\/www.hasert-haut.de\/es\/dermatologia-estetica\/\",\"name\":\"Dermatolog\u00eda Est\u00e9tica - Hautarzt Berlin - Praxisklinik Dr. Hasert\",\"isPartOf\":{\"@id\":\"https:\/\/www.hasert-haut.de\/es\/#website\"},\"primaryImageOfPage\":{\"@id\":\"https:\/\/www.hasert-haut.de\/es\/dermatologia-estetica\/#primaryimage\"},\"image\":{\"@id\":\"https:\/\/www.hasert-haut.de\/es\/dermatologia-estetica\/#primaryimage\"},\"thumbnailUrl\":\"https:\/\/www.hasert-haut.de\/wp-content\/uploads\/2016\/11\/Schweissdruesenentfernung.jpg\",\"datePublished\":\"2016-11-10T09:10:53+00:00\",\"dateModified\":\"2022-11-02T14:23:39+00:00\",\"breadcrumb\":{\"@id\":\"https:\/\/www.hasert-haut.de\/es\/dermatologia-estetica\/#breadcrumb\"},\"inLanguage\":\"es\",\"potentialAction\":[{\"@type\":\"ReadAction\",\"target\":[\"https:\/\/www.hasert-haut.de\/es\/dermatologia-estetica\/\"]}]},{\"@type\":\"ImageObject\",\"inLanguage\":\"es\",\"@id\":\"https:\/\/www.hasert-haut.de\/es\/dermatologia-estetica\/#primaryimage\",\"url\":\"https:\/\/www.hasert-haut.de\/wp-content\/uploads\/2016\/11\/Schweissdruesenentfernung.jpg\",\"contentUrl\":\"https:\/\/www.hasert-haut.de\/wp-content\/uploads\/2016\/11\/Schweissdruesenentfernung.jpg\",\"width\":900,\"height\":600,\"caption\":\"Auch \u00e4sthetische Behandlungen wie Lasertherapie bietet der Hautarzt in seiner Praxisklinik in Berlin an.\"},{\"@type\":\"BreadcrumbList\",\"@id\":\"https:\/\/www.hasert-haut.de\/es\/dermatologia-estetica\/#breadcrumb\",\"itemListElement\":[{\"@type\":\"ListItem\",\"position\":1,\"name\":\"Home\",\"item\":\"https:\/\/www.hasert-haut.de\/es\/bienvenidos\/\"},{\"@type\":\"ListItem\",\"position\":2,\"name\":\"Dermatolog\u00eda Est\u00e9tica\"}]},{\"@type\":\"WebSite\",\"@id\":\"https:\/\/www.hasert-haut.de\/es\/#website\",\"url\":\"https:\/\/www.hasert-haut.de\/es\/\",\"name\":\"Hautarzt Berlin - Praxisklinik Dr. Hasert\",\"description\":\"Hautarzt, Allgemeinmedizin\",\"potentialAction\":[{\"@type\":\"SearchAction\",\"target\":{\"@type\":\"EntryPoint\",\"urlTemplate\":\"https:\/\/www.hasert-haut.de\/es\/?s={search_term_string}\"},\"query-input\":{\"@type\":\"PropertyValueSpecification\",\"valueRequired\":true,\"valueName\":\"search_term_string\"}}],\"inLanguage\":\"es\"}]}<\/script>\n<!-- \/ Yoast SEO plugin. -->","yoast_head_json":{"title":"Dermatolog\u00eda Est\u00e9tica - Hautarzt Berlin - Praxisklinik Dr. Hasert","robots":{"index":"index","follow":"follow","max-snippet":"max-snippet:-1","max-image-preview":"max-image-preview:large","max-video-preview":"max-video-preview:-1"},"canonical":"https:\/\/www.hasert-haut.de\/es\/dermatologia-estetica\/","og_locale":"es_ES","og_type":"article","og_title":"Dermatolog\u00eda Est\u00e9tica - Hautarzt Berlin - Praxisklinik Dr. Hasert","og_url":"https:\/\/www.hasert-haut.de\/es\/dermatologia-estetica\/","og_site_name":"Hautarzt Berlin - Praxisklinik Dr. Hasert","article_modified_time":"2022-11-02T14:23:39+00:00","twitter_misc":{"Tiempo de lectura":"3 minutos"},"schema":{"@context":"https:\/\/schema.org","@graph":[{"@type":"WebPage","@id":"https:\/\/www.hasert-haut.de\/es\/dermatologia-estetica\/","url":"https:\/\/www.hasert-haut.de\/es\/dermatologia-estetica\/","name":"Dermatolog\u00eda Est\u00e9tica - Hautarzt Berlin - Praxisklinik Dr. Hasert","isPartOf":{"@id":"https:\/\/www.hasert-haut.de\/es\/#website"},"primaryImageOfPage":{"@id":"https:\/\/www.hasert-haut.de\/es\/dermatologia-estetica\/#primaryimage"},"image":{"@id":"https:\/\/www.hasert-haut.de\/es\/dermatologia-estetica\/#primaryimage"},"thumbnailUrl":"https:\/\/www.hasert-haut.de\/wp-content\/uploads\/2016\/11\/Schweissdruesenentfernung.jpg","datePublished":"2016-11-10T09:10:53+00:00","dateModified":"2022-11-02T14:23:39+00:00","breadcrumb":{"@id":"https:\/\/www.hasert-haut.de\/es\/dermatologia-estetica\/#breadcrumb"},"inLanguage":"es","potentialAction":[{"@type":"ReadAction","target":["https:\/\/www.hasert-haut.de\/es\/dermatologia-estetica\/"]}]},{"@type":"ImageObject","inLanguage":"es","@id":"https:\/\/www.hasert-haut.de\/es\/dermatologia-estetica\/#primaryimage","url":"https:\/\/www.hasert-haut.de\/wp-content\/uploads\/2016\/11\/Schweissdruesenentfernung.jpg","contentUrl":"https:\/\/www.hasert-haut.de\/wp-content\/uploads\/2016\/11\/Schweissdruesenentfernung.jpg","width":900,"height":600,"caption":"Auch \u00e4sthetische Behandlungen wie Lasertherapie bietet der Hautarzt in seiner Praxisklinik in Berlin an."},{"@type":"BreadcrumbList","@id":"https:\/\/www.hasert-haut.de\/es\/dermatologia-estetica\/#breadcrumb","itemListElement":[{"@type":"ListItem","position":1,"name":"Home","item":"https:\/\/www.hasert-haut.de\/es\/bienvenidos\/"},{"@type":"ListItem","position":2,"name":"Dermatolog\u00eda Est\u00e9tica"}]},{"@type":"WebSite","@id":"https:\/\/www.hasert-haut.de\/es\/#website","url":"https:\/\/www.hasert-haut.de\/es\/","name":"Hautarzt Berlin - Praxisklinik Dr. Hasert","description":"Hautarzt, Allgemeinmedizin","potentialAction":[{"@type":"SearchAction","target":{"@type":"EntryPoint","urlTemplate":"https:\/\/www.hasert-haut.de\/es\/?s={search_term_string}"},"query-input":{"@type":"PropertyValueSpecification","valueRequired":true,"valueName":"search_term_string"}}],"inLanguage":"es"}]}},"_links":{"self":[{"href":"https:\/\/www.hasert-haut.de\/es\/wp-json\/wp\/v2\/pages\/6273","targetHints":{"allow":["GET"]}}],"collection":[{"href":"https:\/\/www.hasert-haut.de\/es\/wp-json\/wp\/v2\/pages"}],"about":[{"href":"https:\/\/www.hasert-haut.de\/es\/wp-json\/wp\/v2\/types\/page"}],"author":[{"embeddable":true,"href":"https:\/\/www.hasert-haut.de\/es\/wp-json\/wp\/v2\/users\/1"}],"replies":[{"embeddable":true,"href":"https:\/\/www.hasert-haut.de\/es\/wp-json\/wp\/v2\/comments?post=6273"}],"version-history":[{"count":15,"href":"https:\/\/www.hasert-haut.de\/es\/wp-json\/wp\/v2\/pages\/6273\/revisions"}],"predecessor-version":[{"id":10113,"href":"https:\/\/www.hasert-haut.de\/es\/wp-json\/wp\/v2\/pages\/6273\/revisions\/10113"}],"wp:featuredmedia":[{"embeddable":true,"href":"https:\/\/www.hasert-haut.de\/es\/wp-json\/wp\/v2\/media\/6035"}],"wp:attachment":[{"href":"https:\/\/www.hasert-haut.de\/es\/wp-json\/wp\/v2\/media?parent=6273"}],"curies":[{"name":"wp","href":"https:\/\/api.w.org\/{rel}","templated":true}]}}