{"id":6312,"date":"2018-05-23T12:23:46","date_gmt":"2018-05-23T12:23:46","guid":{"rendered":"https:\/\/www.hasert-haut.de\/datenschutzerklaerung\/"},"modified":"2022-11-02T14:23:39","modified_gmt":"2022-11-02T14:23:39","slug":"proteccion-de-datos","status":"publish","type":"page","link":"https:\/\/www.hasert-haut.de\/es\/proteccion-de-datos\/","title":{"rendered":"Protecci\u00f3n de Datos"},"content":{"rendered":"\n<style type=\"text\/css\" data-created_by=\"avia_inline_auto\" id=\"style-css-av-2diie8-06f186c1a0a60b9e331d287de7b38687\">\n#top .av-special-heading.av-2diie8-06f186c1a0a60b9e331d287de7b38687{\npadding-bottom:10px;\n}\nbody .av-special-heading.av-2diie8-06f186c1a0a60b9e331d287de7b38687 .av-special-heading-tag .heading-char{\nfont-size:25px;\n}\n.av-special-heading.av-2diie8-06f186c1a0a60b9e331d287de7b38687 .av-subheading{\nfont-size:15px;\n}\n<\/style>\n<div  class='av-special-heading av-2diie8-06f186c1a0a60b9e331d287de7b38687 av-special-heading-h1 blockquote modern-quote  avia-builder-el-0  el_before_av_hr  avia-builder-el-first '><h1 class='av-special-heading-tag'  itemprop=\"headline\"  >Protecci\u00f3n de Datos<\/h1><div class=\"special-heading-border\"><div class=\"special-heading-inner-border\"><\/div><\/div><\/div>\n\n<style type=\"text\/css\" data-created_by=\"avia_inline_auto\" id=\"style-css-av-ji05z4s8-d3aa96f60bd20e804fc3a2ea6eb8fb4d\">\n#top .hr.hr-invisible.av-ji05z4s8-d3aa96f60bd20e804fc3a2ea6eb8fb4d{\nheight:50px;\n}\n<\/style>\n<div  class='hr av-ji05z4s8-d3aa96f60bd20e804fc3a2ea6eb8fb4d hr-invisible  avia-builder-el-1  el_after_av_heading  el_before_av_textblock '><span class='hr-inner '><span class=\"hr-inner-style\"><\/span><\/span><\/div>\n<section  class='av_textblock_section av-ji060f6c-e893da83b2184ec229f5cc8fbc749b2a '   itemscope=\"itemscope\" itemtype=\"https:\/\/schema.org\/CreativeWork\" ><div class='avia_textblock'  itemprop=\"text\" ><p>El organismo responsable en el sentido de las leyes de protecci\u00f3n de datos, en particular el Reglamento General de Protecci\u00f3n de Datos (GDPR) de la UE, es:<\/p>\n<p>Nombre de la pr\u00e1ctica: Praxisklinik Dr. Hasert<br \/>\nNombre del director de la pr\u00e1ctica: Dr. Raoul Hasert<br \/>\nDirecci\u00f3n pr\u00e1ctica: Friedrichstra\u00dfe 113a, 10117 Berl\u00edn<br \/>\nTel\u00e9fono: 030\/2817230<br \/>\nCorreo electr\u00f3nico: info@hasert-haut.de<\/p>\n<\/div><\/section>\n\n<style type=\"text\/css\" data-created_by=\"avia_inline_auto\" id=\"style-css-av-ji060rlk-2d48f59ead31bff1a8d9ce4dab7af019\">\n#top .av-special-heading.av-ji060rlk-2d48f59ead31bff1a8d9ce4dab7af019{\npadding-bottom:10px;\n}\nbody .av-special-heading.av-ji060rlk-2d48f59ead31bff1a8d9ce4dab7af019 .av-special-heading-tag .heading-char{\nfont-size:25px;\n}\n.av-special-heading.av-ji060rlk-2d48f59ead31bff1a8d9ce4dab7af019 .av-subheading{\nfont-size:15px;\n}\n<\/style>\n<div  class='av-special-heading av-ji060rlk-2d48f59ead31bff1a8d9ce4dab7af019 av-special-heading-h3 blockquote modern-quote  avia-builder-el-3  el_after_av_textblock  el_before_av_textblock '><h3 class='av-special-heading-tag'  itemprop=\"headline\"  >Delegado de protecci\u00f3n de datos<\/h3><div class=\"special-heading-border\"><div class=\"special-heading-inner-border\"><\/div><\/div><\/div>\n<section  class='av_textblock_section av-ji060f6c-e893da83b2184ec229f5cc8fbc749b2a '   itemscope=\"itemscope\" itemtype=\"https:\/\/schema.org\/CreativeWork\" ><div class='avia_textblock'  itemprop=\"text\" ><p>Nombre: Sonja Schaal<br \/>\nTel\u00e9fono (trabajo): 030\/2817230<br \/>\nCorreo electr\u00f3nico (negocio): info@hasert-haut.de<\/p>\n<\/div><\/section>\n<section  class='av_textblock_section av-ji060f6c-e893da83b2184ec229f5cc8fbc749b2a '   itemscope=\"itemscope\" itemtype=\"https:\/\/schema.org\/CreativeWork\" ><div class='avia_textblock'  itemprop=\"text\" ><p>De acuerdo con el RGPD, estamos obligados a informarle sobre el prop\u00f3sito por el cual nuestra pr\u00e1ctica recopila, almacena o reenv\u00eda datos.<\/p>\n<p><strong>Finalidades<\/strong>: diagn\u00f3stico, tratamiento\/terapia, facturaci\u00f3n, estudios, informes<\/p>\n<p><strong>Base legal: Contrato de tratamiento, modelo de c\u00f3digo profesional para m\u00e9dicos, C\u00f3digo Social Libro V, RGPD Art. 6, RGPD Art. 9,<\/strong><\/p>\n<p><strong>Categor\u00edas de destinatarios<\/strong>: m\u00e9dicos adjuntos, personal de consulta, contabilidad, seguro m\u00e9dico, seguro de pensiones, autoridades sanitarias, autoridades de suministro, asociaciones profesionales, asociaciones de m\u00e9dicos del seguro m\u00e9dico obligatorio, proveedores de servicios de facturaci\u00f3n privada (PVS), socios colaboradores, laboratorios de qu\u00edmica cl\u00ednica (Labor28), histolog\u00eda, citolog\u00eda (Buntrock)<\/p>\n<p><strong>Per\u00edodos de borrado previstos<\/strong>: seg\u00fan los requisitos legales, a m\u00e1s tardar despu\u00e9s del final del a\u00f1o 30<\/p>\n<p><strong>Transmisi\u00f3n a terceros pa\u00edses u organizaciones internacionales<\/strong>: solo para proyectos de investigaci\u00f3n de estudiantes con el consentimiento por escrito del paciente.<\/p>\n<\/div><\/section>\n\n<style type=\"text\/css\" data-created_by=\"avia_inline_auto\" id=\"style-css-av-ji060rlk-c3dc29bca20e088052f5afcfb6aed8de\">\n#top .av-special-heading.av-ji060rlk-c3dc29bca20e088052f5afcfb6aed8de{\npadding-bottom:10px;\n}\nbody .av-special-heading.av-ji060rlk-c3dc29bca20e088052f5afcfb6aed8de .av-special-heading-tag .heading-char{\nfont-size:25px;\n}\n.av-special-heading.av-ji060rlk-c3dc29bca20e088052f5afcfb6aed8de .av-subheading{\nfont-size:15px;\n}\n<\/style>\n<div  class='av-special-heading av-ji060rlk-c3dc29bca20e088052f5afcfb6aed8de av-special-heading-h2 blockquote modern-quote  avia-builder-el-6  el_after_av_textblock  el_before_av_textblock '><h2 class='av-special-heading-tag'  itemprop=\"headline\"  >Sus derechos como sujeto de datos<\/h2><div class=\"special-heading-border\"><div class=\"special-heading-inner-border\"><\/div><\/div><\/div>\n<section  class='av_textblock_section av-ji060f6c-e893da83b2184ec229f5cc8fbc749b2a '   itemscope=\"itemscope\" itemtype=\"https:\/\/schema.org\/CreativeWork\" ><div class='avia_textblock'  itemprop=\"text\" ><p>Puede ejercer los siguientes derechos en cualquier momento utilizando los datos de contacto proporcionados por nuestro oficial de protecci\u00f3n de datos:<\/p>\n<ul>\n<li>Informaci\u00f3n sobre sus datos almacenados por nosotros y su procesamiento,<\/li>\n<li>rectificaci\u00f3n de datos personales inexactos,<\/li>\n<li>Eliminaci\u00f3n de sus datos almacenados con nosotros,<\/li>\n<li>Restricci\u00f3n del procesamiento de datos si a\u00fan no se nos permite eliminar sus datos debido a obligaciones legales,<\/li>\n<li>Objeci\u00f3n al procesamiento de sus datos por nuestra parte y<\/li>\n<li>Transferibilidad de datos si ha dado su consentimiento para el procesamiento de datos o si ha celebrado un contrato con nosotros.<\/li>\n<\/ul>\n<p>Si nos ha dado su consentimiento, puede revocarlo en cualquier momento con efecto para el futuro. Puede ponerse en contacto con la autoridad supervisora \u200b\u200bresponsable de usted en cualquier momento con una queja. Su autoridad supervisora \u200b\u200bresponsable depende del estado de su residencia, su trabajo o la supuesta infracci\u00f3n. Puede encontrar una lista de las autoridades supervisoras (para el \u00e1rea no p\u00fablica) con sus direcciones en: <a href=\"\" target=\"\" rel=\"noopener\">https:\/\/www.bfdi.bund.de\/DE\/Infothek\/Anschriften_Links\/anschriften_links-node.html<\/a>.<\/p>\n<p>La protecci\u00f3n de sus datos personales es importante para nosotros. El procesamiento de datos se lleva a cabo sobre la base de los requisitos legales para cumplir el contrato de tratamiento entre usted y nuestra pr\u00e1ctica y las obligaciones asociadas. Para este prop\u00f3sito procesamos sus datos personales, en particular sus datos de salud. Esto incluye anamnesis, diagn\u00f3sticos, sugerencias de terapia y hallazgos que recopilamos nosotros u otros m\u00e9dicos. A estos efectos, otros m\u00e9dicos que le est\u00e9n tratando tambi\u00e9n podr\u00e1n facilitarnos datos (por ejemplo, carta del m\u00e9dico). Solo transferimos sus datos personales a terceros si as\u00ed lo exige la ley o si ha dado su consentimiento. La recopilaci\u00f3n de datos de salud es un requisito previo para su tratamiento. Si no se proporciona la informaci\u00f3n necesaria, no se puede llevar a cabo un tratamiento cuidadoso. Tiene derecho a la informaci\u00f3n sobre sus datos personales disponibles en la pr\u00e1ctica. Tambi\u00e9n puede solicitar la correcci\u00f3n de datos incorrectos. Adem\u00e1s, bajo ciertas condiciones, tiene derecho a eliminar datos, derecho a restringir el procesamiento de datos y derecho a la portabilidad de datos de sus datos objetivos. Puede revocar la declaraci\u00f3n de consentimiento otorgada en cualquier momento por escrito para su procesamiento futuro. Tambi\u00e9n tiene derecho a presentar una reclamaci\u00f3n ante una autoridad de control en materia de protecci\u00f3n de datos si considera que el tratamiento de sus datos personales no se ha realizado de forma l\u00edcita.<\/p>\n<\/div><\/section>\n<section  class='av_textblock_section av-jhj2xew7-e15b9320ad659168d168918db068276e '   itemscope=\"itemscope\" itemtype=\"https:\/\/schema.org\/CreativeWork\" ><div class='avia_textblock'  itemprop=\"text\" ><h2>Finalidades del tratamiento de datos por parte del responsable y terceros<\/h2>\n<p>Solo procesamos sus datos personales para los fines establecidos en esta declaraci\u00f3n de protecci\u00f3n de datos. Sus datos personales no ser\u00e1n transmitidos a terceros para finalidades distintas a las mencionadas. Solo transmitimos sus datos personales a terceros si:  <\/p>\n<ul>\n<li>usted ha dado su consentimiento expreso,<\/li>\n<li>el procesamiento es necesario para la ejecuci\u00f3n de un contrato con usted,<\/li>\n<li>el procesamiento es necesario para cumplir una obligaci\u00f3n legal,<\/li>\n<\/ul>\n<p>el procesamiento es necesario para proteger intereses leg\u00edtimos y no hay raz\u00f3n para suponer que tiene un inter\u00e9s leg\u00edtimo superior en no divulgar sus datos.<\/p>\n<h2>Eliminaci\u00f3n o bloqueo de los datos<\/h2>\n<p>Nos adherimos a los principios de evitaci\u00f3n de datos y econom\u00eda de datos. Por lo tanto, solo almacenamos sus datos personales durante el tiempo que sea necesario para lograr los fines establecidos aqu\u00ed o seg\u00fan lo dispuesto por los diversos per\u00edodos de almacenamiento previstos por la legislaci\u00f3n. Una vez que la finalidad respectiva haya dejado de existir o hayan vencido estos plazos, los datos correspondientes ser\u00e1n bloqueados o eliminados de forma rutinaria y de conformidad con las disposiciones legales.  <\/p>\n<h2>Recopilaci\u00f3n de informaci\u00f3n general al visitar nuestro sitio web<\/h2>\n<p>Cuando accede a nuestro sitio web, se recopila autom\u00e1ticamente informaci\u00f3n de car\u00e1cter general mediante una cookie. Esta informaci\u00f3n (archivos de registro del servidor) incluye el tipo de navegador web, el sistema operativo utilizado, el nombre de dominio de su proveedor de servicios de Internet y similares. Se trata exclusivamente de informaci\u00f3n que no permite sacar conclusiones sobre su persona. Esta informaci\u00f3n es t\u00e9cnicamente necesaria para entregar correctamente el contenido que ha solicitado de los sitios web y es obligatoria cuando se utiliza Internet. En particular, son tratados para las siguientes finalidades:  <\/p>\n<ul>\n<li>Garantizar una conexi\u00f3n sin problemas al sitio web,<\/li>\n<li>garantizar un uso fluido de nuestro sitio web,<\/li>\n<li>Evaluaci\u00f3n de la seguridad y estabilidad del sistema.<\/li>\n<li>para otros fines administrativos.<\/li>\n<\/ul>\n<p>El procesamiento de sus datos personales se basa en nuestro inter\u00e9s leg\u00edtimo en los fines de recopilaci\u00f3n de datos antes mencionados. No utilizamos sus datos para sacar conclusiones sobre su persona. Los destinatarios de los datos son \u00fanicamente el responsable y, en su caso, el encargado del tratamiento. Podemos evaluar estad\u00edsticamente la informaci\u00f3n an\u00f3nima de este tipo para optimizar nuestro sitio web y la tecnolog\u00eda detr\u00e1s de \u00e9l.  <\/p>\n<h2>galletas<\/h2>\n<p>Como muchos otros sitios web, tambi\u00e9n utilizamos las llamadas \u00abcookies\u00bb. Las cookies son peque\u00f1os archivos de texto que el servidor de un sitio web transfiere a su disco duro. Como resultado, recibimos autom\u00e1ticamente ciertos datos, p. B. Direcci\u00f3n IP, navegador utilizado, sistema operativo y su conexi\u00f3n a Internet. Las cookies no se pueden utilizar para iniciar programas o enviar virus a una computadora. En funci\u00f3n de la informaci\u00f3n contenida en las cookies, podemos facilitarle la navegaci\u00f3n y permitir que nuestros sitios web se muestren correctamente. En ning\u00fan caso los datos que recopilamos se ceder\u00e1n a terceros ni se vincular\u00e1n a datos personales sin su consentimiento. Por supuesto, tambi\u00e9n puede ver nuestro sitio web sin cookies. Los navegadores de Internet se configuran regularmente para aceptar cookies. Con car\u00e1cter general, puede deshabilitar el uso de cookies en cualquier momento a trav\u00e9s de la configuraci\u00f3n de su navegador. Utilice las funciones de ayuda de su navegador de Internet para averiguar c\u00f3mo puede cambiar esta configuraci\u00f3n. Tenga en cuenta que las funciones individuales de nuestro sitio web pueden no funcionar si ha desactivado el uso de cookies.  <\/p>\n<h2>Cifrado SSL<\/h2>\n<p>Para proteger la seguridad de sus datos durante la transmisi\u00f3n, utilizamos m\u00e9todos de cifrado de \u00faltima generaci\u00f3n (p. ej., SSL) a trav\u00e9s de HTTPS.<\/p>\n<h2>Formulario de contacto<\/h2>\n<p>Si se pone en contacto con nosotros a trav\u00e9s del correo electr\u00f3nico o del formulario de contacto con preguntas de cualquier tipo, d\u00e9nos su consentimiento voluntario a efectos de establecer contacto. Esto requiere la especificaci\u00f3n de una direcci\u00f3n de correo electr\u00f3nico v\u00e1lida. Esto se usa para asignar la solicitud y luego para responderla. Proporcionar m\u00e1s datos es opcional. La informaci\u00f3n que proporcione se almacenar\u00e1 con el fin de procesar la solicitud y para posibles preguntas de seguimiento. Una vez atendida la solicitud que ha realizado, los datos personales ser\u00e1n eliminados autom\u00e1ticamente.     <\/p>\n<h2>Uso de bibliotecas de scripts (Google Webfonts)<\/h2>\n<p>Para mostrar nuestro contenido de forma correcta y gr\u00e1ficamente atractiva en todos los navegadores, utilizamos bibliotecas de secuencias de comandos y bibliotecas de fuentes como B. Fuentes web de Google <a href=\"http:\/\/www.google.com\/webfonts\/\" target=\"_blank\" rel=\"noopener\" class=\"broken_link\">(https:\/\/www.google.com\/webfonts\/<\/a>). Las fuentes web de Google se transfieren a la memoria cach\u00e9 de su navegador para evitar la carga m\u00faltiple. Si el navegador no es compatible con Google Webfonts o impide el acceso, el contenido se mostrar\u00e1 en una fuente est\u00e1ndar. La llamada de bibliotecas de scripts o bibliotecas de fuentes activa autom\u00e1ticamente una conexi\u00f3n con el operador de la biblioteca. Es te\u00f3ricamente posible, aunque actualmente no est\u00e1 claro si y, de ser as\u00ed, con qu\u00e9 fines, que los operadores de tales bibliotecas recopilen datos. La pol\u00edtica de privacidad del operador de la biblioteca Google se puede encontrar aqu\u00ed: <a href=\"\" target=\"\" rel=\"noopener\">https:\/\/www.google.com\/policies\/privacy\/<\/a> <\/p>\n<h2>Uso de Google Maps<\/h2>\n<p>Este sitio web utiliza la API de Google Maps para mostrar visualmente informaci\u00f3n geogr\u00e1fica. Al utilizar Google Maps, Google tambi\u00e9n recopila, procesa y utiliza datos sobre el uso de las funciones del mapa por parte de los visitantes. Puede encontrar m\u00e1s informaci\u00f3n sobre el procesamiento de datos por parte de Google en la informaci\u00f3n de protecci\u00f3n de datos de <a href=\"\" target=\"\" rel=\"noopener\">Google<\/a>.   All\u00ed tambi\u00e9n puede cambiar la configuraci\u00f3n de protecci\u00f3n de datos personales en el centro de protecci\u00f3n de datos. Puede encontrar instrucciones detalladas para administrar sus propios datos en relaci\u00f3n con los productos de Google <a href=\"\" target=\"\" rel=\"noopener\">aqu\u00ed<\/a>.<\/p>\n<h2><strong>Cambiar a nuestra pol\u00edtica de privacidad<\/strong><\/h2>\n<p>Nos reservamos el derecho de adaptar esta declaraci\u00f3n de protecci\u00f3n de datos para que siempre corresponda a los requisitos legales vigentes o de implementar cambios en nuestros servicios en la declaraci\u00f3n de protecci\u00f3n de datos, por ejemplo, al introducir nuevos servicios. La nueva declaraci\u00f3n de protecci\u00f3n de datos se aplicar\u00e1 a su pr\u00f3xima visita. <\/p>\n<h2><strong>Preguntas al delegado de protecci\u00f3n de datos<\/strong><\/h2>\n<p>Si tiene alguna pregunta sobre protecci\u00f3n de datos, env\u00edenos un correo electr\u00f3nico o p\u00f3ngase en contacto directamente con el responsable de protecci\u00f3n de datos de nuestra organizaci\u00f3n: Dr. Raoul Hasert.<\/p>\n<\/div><\/section>\n","protected":false},"excerpt":{"rendered":"","protected":false},"author":1,"featured_media":0,"parent":0,"menu_order":0,"comment_status":"closed","ping_status":"closed","template":"","meta":{"footnotes":""},"class_list":["post-6312","page","type-page","status-publish","hentry"],"yoast_head":"<!-- This site is optimized with the Yoast SEO plugin v25.3.1 - https:\/\/yoast.com\/wordpress\/plugins\/seo\/ -->\n<title>Protecci\u00f3n de Datos - Hautarzt Berlin - Praxisklinik Dr. Hasert<\/title>\n<meta name=\"robots\" content=\"index, follow, max-snippet:-1, max-image-preview:large, max-video-preview:-1\" \/>\n<link rel=\"canonical\" href=\"https:\/\/www.hasert-haut.de\/es\/proteccion-de-datos\/\" \/>\n<meta property=\"og:locale\" content=\"es_ES\" \/>\n<meta property=\"og:type\" content=\"article\" \/>\n<meta property=\"og:title\" content=\"Protecci\u00f3n de Datos - Hautarzt Berlin - Praxisklinik Dr. Hasert\" \/>\n<meta property=\"og:url\" content=\"https:\/\/www.hasert-haut.de\/es\/proteccion-de-datos\/\" \/>\n<meta property=\"og:site_name\" content=\"Hautarzt Berlin - Praxisklinik Dr. Hasert\" \/>\n<meta property=\"article:modified_time\" content=\"2022-11-02T14:23:39+00:00\" \/>\n<meta name=\"twitter:label1\" content=\"Tiempo de lectura\" \/>\n\t<meta name=\"twitter:data1\" content=\"11 minutos\" \/>\n<script type=\"application\/ld+json\" class=\"yoast-schema-graph\">{\"@context\":\"https:\/\/schema.org\",\"@graph\":[{\"@type\":\"WebPage\",\"@id\":\"https:\/\/www.hasert-haut.de\/es\/proteccion-de-datos\/\",\"url\":\"https:\/\/www.hasert-haut.de\/es\/proteccion-de-datos\/\",\"name\":\"Protecci\u00f3n de Datos - Hautarzt Berlin - Praxisklinik Dr. Hasert\",\"isPartOf\":{\"@id\":\"https:\/\/www.hasert-haut.de\/es\/#website\"},\"datePublished\":\"2018-05-23T12:23:46+00:00\",\"dateModified\":\"2022-11-02T14:23:39+00:00\",\"breadcrumb\":{\"@id\":\"https:\/\/www.hasert-haut.de\/es\/proteccion-de-datos\/#breadcrumb\"},\"inLanguage\":\"es\",\"potentialAction\":[{\"@type\":\"ReadAction\",\"target\":[\"https:\/\/www.hasert-haut.de\/es\/proteccion-de-datos\/\"]}]},{\"@type\":\"BreadcrumbList\",\"@id\":\"https:\/\/www.hasert-haut.de\/es\/proteccion-de-datos\/#breadcrumb\",\"itemListElement\":[{\"@type\":\"ListItem\",\"position\":1,\"name\":\"Home\",\"item\":\"https:\/\/www.hasert-haut.de\/es\/bienvenidos\/\"},{\"@type\":\"ListItem\",\"position\":2,\"name\":\"Protecci\u00f3n de Datos\"}]},{\"@type\":\"WebSite\",\"@id\":\"https:\/\/www.hasert-haut.de\/es\/#website\",\"url\":\"https:\/\/www.hasert-haut.de\/es\/\",\"name\":\"Hautarzt Berlin - Praxisklinik Dr. Hasert\",\"description\":\"Hautarzt, Allgemeinmedizin\",\"potentialAction\":[{\"@type\":\"SearchAction\",\"target\":{\"@type\":\"EntryPoint\",\"urlTemplate\":\"https:\/\/www.hasert-haut.de\/es\/?s={search_term_string}\"},\"query-input\":{\"@type\":\"PropertyValueSpecification\",\"valueRequired\":true,\"valueName\":\"search_term_string\"}}],\"inLanguage\":\"es\"}]}<\/script>\n<!-- \/ Yoast SEO plugin. -->","yoast_head_json":{"title":"Protecci\u00f3n de Datos - Hautarzt Berlin - Praxisklinik Dr. Hasert","robots":{"index":"index","follow":"follow","max-snippet":"max-snippet:-1","max-image-preview":"max-image-preview:large","max-video-preview":"max-video-preview:-1"},"canonical":"https:\/\/www.hasert-haut.de\/es\/proteccion-de-datos\/","og_locale":"es_ES","og_type":"article","og_title":"Protecci\u00f3n de Datos - Hautarzt Berlin - Praxisklinik Dr. Hasert","og_url":"https:\/\/www.hasert-haut.de\/es\/proteccion-de-datos\/","og_site_name":"Hautarzt Berlin - Praxisklinik Dr. Hasert","article_modified_time":"2022-11-02T14:23:39+00:00","twitter_misc":{"Tiempo de lectura":"11 minutos"},"schema":{"@context":"https:\/\/schema.org","@graph":[{"@type":"WebPage","@id":"https:\/\/www.hasert-haut.de\/es\/proteccion-de-datos\/","url":"https:\/\/www.hasert-haut.de\/es\/proteccion-de-datos\/","name":"Protecci\u00f3n de Datos - Hautarzt Berlin - Praxisklinik Dr. Hasert","isPartOf":{"@id":"https:\/\/www.hasert-haut.de\/es\/#website"},"datePublished":"2018-05-23T12:23:46+00:00","dateModified":"2022-11-02T14:23:39+00:00","breadcrumb":{"@id":"https:\/\/www.hasert-haut.de\/es\/proteccion-de-datos\/#breadcrumb"},"inLanguage":"es","potentialAction":[{"@type":"ReadAction","target":["https:\/\/www.hasert-haut.de\/es\/proteccion-de-datos\/"]}]},{"@type":"BreadcrumbList","@id":"https:\/\/www.hasert-haut.de\/es\/proteccion-de-datos\/#breadcrumb","itemListElement":[{"@type":"ListItem","position":1,"name":"Home","item":"https:\/\/www.hasert-haut.de\/es\/bienvenidos\/"},{"@type":"ListItem","position":2,"name":"Protecci\u00f3n de Datos"}]},{"@type":"WebSite","@id":"https:\/\/www.hasert-haut.de\/es\/#website","url":"https:\/\/www.hasert-haut.de\/es\/","name":"Hautarzt Berlin - Praxisklinik Dr. Hasert","description":"Hautarzt, Allgemeinmedizin","potentialAction":[{"@type":"SearchAction","target":{"@type":"EntryPoint","urlTemplate":"https:\/\/www.hasert-haut.de\/es\/?s={search_term_string}"},"query-input":{"@type":"PropertyValueSpecification","valueRequired":true,"valueName":"search_term_string"}}],"inLanguage":"es"}]}},"_links":{"self":[{"href":"https:\/\/www.hasert-haut.de\/es\/wp-json\/wp\/v2\/pages\/6312","targetHints":{"allow":["GET"]}}],"collection":[{"href":"https:\/\/www.hasert-haut.de\/es\/wp-json\/wp\/v2\/pages"}],"about":[{"href":"https:\/\/www.hasert-haut.de\/es\/wp-json\/wp\/v2\/types\/page"}],"author":[{"embeddable":true,"href":"https:\/\/www.hasert-haut.de\/es\/wp-json\/wp\/v2\/users\/1"}],"replies":[{"embeddable":true,"href":"https:\/\/www.hasert-haut.de\/es\/wp-json\/wp\/v2\/comments?post=6312"}],"version-history":[{"count":7,"href":"https:\/\/www.hasert-haut.de\/es\/wp-json\/wp\/v2\/pages\/6312\/revisions"}],"predecessor-version":[{"id":10142,"href":"https:\/\/www.hasert-haut.de\/es\/wp-json\/wp\/v2\/pages\/6312\/revisions\/10142"}],"wp:attachment":[{"href":"https:\/\/www.hasert-haut.de\/es\/wp-json\/wp\/v2\/media?parent=6312"}],"curies":[{"name":"wp","href":"https:\/\/api.w.org\/{rel}","templated":true}]}}