{"id":6451,"date":"2016-12-09T12:00:33","date_gmt":"2016-12-09T12:00:33","guid":{"rendered":"https:\/\/www.hasert-haut.de\/hautkrebsbehandlung\/"},"modified":"2022-12-27T11:01:45","modified_gmt":"2022-12-27T11:01:45","slug":"tratamiento-del-cancer-de-piel","status":"publish","type":"page","link":"https:\/\/www.hasert-haut.de\/es\/tratamiento-del-cancer-de-piel\/","title":{"rendered":"tratamiento del c\u00e1ncer de piel"},"content":{"rendered":"\n<style type=\"text\/css\" data-created_by=\"avia_inline_auto\" id=\"style-css-av-l80b1hn9-ec4016f705bb7e471f5435996723305a\">\n.avia-section.av-l80b1hn9-ec4016f705bb7e471f5435996723305a{\nbackground-repeat:no-repeat;\nbackground-image:url(https:\/\/www.hasert-haut.de\/wp-content\/uploads\/2015\/01\/Allgemeinmedizin1.jpg);\nbackground-position:50% 100%;\nbackground-attachment:scroll;\n}\n<\/style>\n<div id='av_section_1'  class='avia-section av-l80b1hn9-ec4016f705bb7e471f5435996723305a main_color avia-section-default avia-no-border-styling  avia-builder-el-0  el_before_av_section  avia-builder-el-first  avia-full-stretch avia-bg-style-scroll av-minimum-height av-minimum-height-50 av-height-50  container_wrap fullsize'  data-section-bg-repeat='stretch' data-av_minimum_height_pc='50' data-av_min_height_opt='50'><div class='container av-section-cont-open' ><main  role=\"main\" itemprop=\"mainContentOfPage\"  class='template-page content  av-content-full alpha units'><div class='post-entry post-entry-type-page post-entry-6451'><div class='entry-content-wrapper clearfix'>\n<\/div><\/div><\/main><!-- close content main element --><\/div><\/div><div id='av_section_2'  class='avia-section av-1c52y-6705d96d726e34f30075afd1c9f98823 main_color avia-section-huge avia-no-border-styling  avia-builder-el-1  el_after_av_section  avia-builder-el-last  avia-bg-style-scroll container_wrap fullsize'  ><div class='container av-section-cont-open' ><div class='template-page content  av-content-full alpha units'><div class='post-entry post-entry-type-page post-entry-6451'><div class='entry-content-wrapper clearfix'>\n\n<style type=\"text\/css\" data-created_by=\"avia_inline_auto\" id=\"style-css-av-1zubm-cf8dd5eea0f9c55c19c0ef078ddbcf82\">\n#top .flex_column.av-1zubm-cf8dd5eea0f9c55c19c0ef078ddbcf82{\nmargin-top:-200px;\nmargin-bottom:-200px;\n}\n.flex_column.av-1zubm-cf8dd5eea0f9c55c19c0ef078ddbcf82{\nborder-radius:0px 0px 0px 0px;\npadding:30px 30px 30px 30px;\nbackground-color:#ffffff;\n}\n.responsive #top #wrap_all .flex_column.av-1zubm-cf8dd5eea0f9c55c19c0ef078ddbcf82{\nmargin-top:-200px;\nmargin-bottom:-200px;\n}\n<\/style>\n<div  class='flex_column av-1zubm-cf8dd5eea0f9c55c19c0ef078ddbcf82 av_one_full  avia-builder-el-2  el_before_av_hr  avia-builder-el-first  first flex_column_div  '     ><style type=\"text\/css\" data-created_by=\"avia_inline_auto\" id=\"style-css-av-l96u5ko6-d751403e2f2f0e3afdfe56d9487ffd2e\">\n#top .av-special-heading.av-l96u5ko6-d751403e2f2f0e3afdfe56d9487ffd2e{\nmargin:30px 0 0 0;\npadding-bottom:10px;\n}\nbody .av-special-heading.av-l96u5ko6-d751403e2f2f0e3afdfe56d9487ffd2e .av-special-heading-tag .heading-char{\nfont-size:25px;\n}\n.av-special-heading.av-l96u5ko6-d751403e2f2f0e3afdfe56d9487ffd2e .av-subheading{\nfont-size:15px;\n}\n<\/style>\n<div  class='av-special-heading av-l96u5ko6-d751403e2f2f0e3afdfe56d9487ffd2e av-special-heading-h1 blockquote modern-quote modern-centered  avia-builder-el-3  avia-builder-el-no-sibling '><h1 class='av-special-heading-tag'  itemprop=\"headline\"  >tratamiento del c\u00e1ncer de piel<\/h1><div class=\"special-heading-border\"><div class=\"special-heading-inner-border\"><\/div><\/div><\/div><\/div>\n<style type=\"text\/css\" data-created_by=\"avia_inline_auto\" id=\"style-css-av-l96u2dxw-bef62529ba4e12912e5f4b47d6fefae0\">\n#top .hr.hr-invisible.av-l96u2dxw-bef62529ba4e12912e5f4b47d6fefae0{\nheight:50px;\n}\n<\/style>\n<div  class='hr av-l96u2dxw-bef62529ba4e12912e5f4b47d6fefae0 hr-invisible  avia-builder-el-4  el_after_av_one_full  el_before_av_one_full '><span class='hr-inner '><span class=\"hr-inner-style\"><\/span><\/span><\/div>\n\n<style type=\"text\/css\" data-created_by=\"avia_inline_auto\" id=\"style-css-av-ajd7l-c04253c6914ea50e1f188ebedd5df2b7\">\n.flex_column.av-ajd7l-c04253c6914ea50e1f188ebedd5df2b7{\nborder-radius:0px 0px 0px 0px;\npadding:0px 0px 0px 0px;\n}\n<\/style>\n<div  class='flex_column av-ajd7l-c04253c6914ea50e1f188ebedd5df2b7 av_one_full  avia-builder-el-5  el_after_av_hr  avia-builder-el-last  first flex_column_div av-zero-column-padding  '     ><div  id=\"av-sc-portfolio-1\"  class=' grid-sort-container isotope   no_margin-container with-excerpt-container grid-total-even grid-col-2 grid-links-' data-portfolio-id='1'><div data-ajax-id='6850' class=' grid-entry flex_column isotope-item all_sort no_margin post-entry post-entry-6850 grid-entry-overview grid-loop-1 grid-parity-odd  hautkrebsbehandlung-es_sort  av_one_half first default_av_fullwidth '><article class='main_color inner-entry'  itemscope=\"itemscope\" itemtype=\"https:\/\/schema.org\/CreativeWork\" ><a href=\"https:\/\/www.hasert-haut.de\/es\/leistungen\/basalioma\/\" title='basalioma'  data-rel='grid-1' class='grid-image avia-hover-fx'> <img decoding=\"async\" fetchpriority=\"high\" width=\"495\" height=\"400\" src=\"https:\/\/www.hasert-haut.de\/wp-content\/uploads\/2015\/01\/Basaliom-6-495x400.jpg\" class=\"wp-image-5777 avia-img-lazy-loading-not-5777 attachment-portfolio size-portfolio wp-post-image\" alt=\"\" \/><\/a><div class='grid-content'><div class='avia-arrow'><\/div><header class=\"entry-content-header\"><h3 class='grid-entry-title entry-title '  itemprop=\"headline\" ><a href='https:\/\/www.hasert-haut.de\/es\/leistungen\/basalioma\/' title='basalioma'>basalioma<\/a><\/h3><\/header><div class='grid-entry-excerpt entry-content'  itemprop=\"text\" >El basaloma es el c\u00e1ncer de piel m\u00e1s com\u00fan: el riesgo de desarrollar la enfermedad es particularmente alto en personas de piel clara que han estado expuestas al sol durante a\u00f1os.<\/div><\/div><footer class=\"entry-footer\"><\/footer><\/article><\/div><div data-ajax-id='7151' class=' grid-entry flex_column isotope-item all_sort no_margin post-entry post-entry-7151 grid-entry-overview grid-loop-2 grid-parity-even  hautkrebsbehandlung-es_sort  av_one_half  default_av_fullwidth '><article class='main_color inner-entry'  itemscope=\"itemscope\" itemtype=\"https:\/\/schema.org\/CreativeWork\" ><a href=\"https:\/\/www.hasert-haut.de\/es\/leistungen\/cancer-de-piel-negra-melanoma\/\" title='C\u00e1ncer de piel negra (melanoma)'  data-rel='grid-1' class='grid-image avia-hover-fx'> <img decoding=\"async\" fetchpriority=\"high\" width=\"495\" height=\"400\" src=\"https:\/\/www.hasert-haut.de\/wp-content\/uploads\/2016\/12\/Schwarzer-Hautkrebs-Melanom-495x400.jpg\" class=\"wp-image-5983 avia-img-lazy-loading-not-5983 attachment-portfolio size-portfolio wp-post-image\" alt=\"\" \/><\/a><div class='grid-content'><div class='avia-arrow'><\/div><header class=\"entry-content-header\"><h3 class='grid-entry-title entry-title '  itemprop=\"headline\" ><a href='https:\/\/www.hasert-haut.de\/es\/leistungen\/cancer-de-piel-negra-melanoma\/' title='C\u00e1ncer de piel negra (melanoma)'>C\u00e1ncer de piel negra (melanoma)<\/a><\/h3><\/header><\/div><footer class=\"entry-footer\"><\/footer><\/article><\/div><div data-ajax-id='7121' class=' grid-entry flex_column isotope-item all_sort no_margin post-entry post-entry-7121 grid-entry-overview grid-loop-3 grid-parity-odd  hautkrebsbehandlung-es_sort  av_one_half first default_av_fullwidth '><article class='main_color inner-entry'  itemscope=\"itemscope\" itemtype=\"https:\/\/schema.org\/CreativeWork\" ><a href=\"https:\/\/www.hasert-haut.de\/es\/leistungen\/carcinoma-de-celulas-escamosas-de-celulas-espinosas\/\" title='Carcinoma de c\u00e9lulas escamosas'  data-rel='grid-1' class='grid-image avia-hover-fx'> <img decoding=\"async\" fetchpriority=\"high\" width=\"495\" height=\"400\" src=\"https:\/\/www.hasert-haut.de\/wp-content\/uploads\/2016\/12\/Stachelzell-Plattenepithelkarzinom-495x400.jpg\" class=\"wp-image-5985 avia-img-lazy-loading-not-5985 attachment-portfolio size-portfolio wp-post-image\" alt=\"\" \/><\/a><div class='grid-content'><div class='avia-arrow'><\/div><header class=\"entry-content-header\"><h3 class='grid-entry-title entry-title '  itemprop=\"headline\" ><a href='https:\/\/www.hasert-haut.de\/es\/leistungen\/carcinoma-de-celulas-escamosas-de-celulas-espinosas\/' title='Carcinoma de c\u00e9lulas escamosas'>Carcinoma de c\u00e9lulas escamosas<\/a><\/h3><\/header><div class='grid-entry-excerpt entry-content'  itemprop=\"text\" >El carcinoma de c\u00e9lulas escamosas es el segundo c\u00e1ncer de piel m\u00e1s frecuente. Las personas de piel clara tienen el mayor riesgo de desarrollar carcinoma de c\u00e9lulas escamosas.<\/div><\/div><footer class=\"entry-footer\"><\/footer><\/article><\/div><div data-ajax-id='6981' class=' grid-entry flex_column isotope-item all_sort no_margin post-entry post-entry-6981 grid-entry-overview grid-loop-4 grid-parity-even  hautkrebsbehandlung-es_sort  av_one_half  default_av_fullwidth '><article class='main_color inner-entry'  itemscope=\"itemscope\" itemtype=\"https:\/\/schema.org\/CreativeWork\" ><a href=\"https:\/\/www.hasert-haut.de\/es\/leistungen\/prevencion-del-cancer-de-piel\/\" title='prevenci\u00f3n del c\u00e1ncer de piel'  data-rel='grid-1' class='grid-image avia-hover-fx'> <img decoding=\"async\" fetchpriority=\"high\" width=\"495\" height=\"400\" src=\"https:\/\/www.hasert-haut.de\/wp-content\/uploads\/2016\/12\/hautkrebsvorsorge-495x400.jpg\" class=\"wp-image-5975 avia-img-lazy-loading-not-5975 attachment-portfolio size-portfolio wp-post-image\" alt=\"\" \/><\/a><div class='grid-content'><div class='avia-arrow'><\/div><header class=\"entry-content-header\"><h3 class='grid-entry-title entry-title '  itemprop=\"headline\" ><a href='https:\/\/www.hasert-haut.de\/es\/leistungen\/prevencion-del-cancer-de-piel\/' title='prevenci\u00f3n del c\u00e1ncer de piel'>prevenci\u00f3n del c\u00e1ncer de piel<\/a><\/h3><\/header><\/div><footer class=\"entry-footer\"><\/footer><\/article><\/div><div data-ajax-id='6820' class=' grid-entry flex_column isotope-item all_sort no_margin post-entry post-entry-6820 grid-entry-overview grid-loop-5 grid-parity-odd  hautkrebsbehandlung-es_sort  av_one_half first default_av_fullwidth '><article class='main_color inner-entry'  itemscope=\"itemscope\" itemtype=\"https:\/\/schema.org\/CreativeWork\" ><a href=\"https:\/\/www.hasert-haut.de\/es\/leistungen\/queratosis-actinica\/\" title='Queratosis act\u00ednica'  data-rel='grid-1' class='grid-image avia-hover-fx'> <img decoding=\"async\" fetchpriority=\"high\" width=\"495\" height=\"400\" src=\"https:\/\/www.hasert-haut.de\/wp-content\/uploads\/2016\/12\/Aktinische-Keratosen-495x400.jpg\" class=\"wp-image-5981 avia-img-lazy-loading-not-5981 attachment-portfolio size-portfolio wp-post-image\" alt=\"\" \/><\/a><div class='grid-content'><div class='avia-arrow'><\/div><header class=\"entry-content-header\"><h3 class='grid-entry-title entry-title '  itemprop=\"headline\" ><a href='https:\/\/www.hasert-haut.de\/es\/leistungen\/queratosis-actinica\/' title='Queratosis act\u00ednica'>Queratosis act\u00ednica<\/a><\/h3><\/header><div class='grid-entry-excerpt entry-content'  itemprop=\"text\" >Las queratosis act\u00ednicas son etapas precancerosas que se desarrollan en la piel que ha sufrido fotoda\u00f1o grave y permanente durante d\u00e9cadas, principalmente en personas mayores.<\/div><\/div><footer class=\"entry-footer\"><\/footer><\/article><\/div><div data-ajax-id='7102' class=' grid-entry flex_column isotope-item all_sort no_margin post-entry post-entry-7102 grid-entry-overview grid-loop-6 grid-parity-even  post-entry-last  hautkrebsbehandlung-es_sort  av_one_half  default_av_fullwidth '><article class='main_color inner-entry'  itemscope=\"itemscope\" itemtype=\"https:\/\/schema.org\/CreativeWork\" ><a href=\"https:\/\/www.hasert-haut.de\/es\/leistungen\/terapia-fotodinamica\/\" title='Terapia fotodin\u00e1mica'  data-rel='grid-1' class='grid-image avia-hover-fx'> <img decoding=\"async\" fetchpriority=\"high\" width=\"495\" height=\"400\" src=\"https:\/\/www.hasert-haut.de\/wp-content\/uploads\/2016\/12\/Photodynamische-Therapie-495x400.jpg\" class=\"wp-image-5979 avia-img-lazy-loading-not-5979 attachment-portfolio size-portfolio wp-post-image\" alt=\"\" \/><\/a><div class='grid-content'><div class='avia-arrow'><\/div><header class=\"entry-content-header\"><h3 class='grid-entry-title entry-title '  itemprop=\"headline\" ><a href='https:\/\/www.hasert-haut.de\/es\/leistungen\/terapia-fotodinamica\/' title='Terapia fotodin\u00e1mica'>Terapia fotodin\u00e1mica<\/a><\/h3><\/header><\/div><footer class=\"entry-footer\"><\/footer><\/article><\/div><\/div><\/div>\n","protected":false},"excerpt":{"rendered":"","protected":false},"author":1,"featured_media":5757,"parent":0,"menu_order":0,"comment_status":"closed","ping_status":"closed","template":"","meta":{"footnotes":""},"class_list":["post-6451","page","type-page","status-publish","has-post-thumbnail","hentry"],"yoast_head":"<!-- This site is optimized with the Yoast SEO plugin v25.3.1 - https:\/\/yoast.com\/wordpress\/plugins\/seo\/ -->\n<title>Tratamiento del c\u00e1ncer de piel | dermat\u00f3logo dr Raoul Hasert Berl\u00edn<\/title>\n<meta name=\"description\" content=\"Informaci\u00f3n sobre el tratamiento del c\u00e1ncer de piel del dermat\u00f3logo Dr. Raoul Hasert en Friedrichstrasse en Berl\u00edn.\" \/>\n<meta name=\"robots\" content=\"index, follow, max-snippet:-1, max-image-preview:large, max-video-preview:-1\" \/>\n<link rel=\"canonical\" href=\"https:\/\/www.hasert-haut.de\/es\/tratamiento-del-cancer-de-piel\/\" \/>\n<meta property=\"og:locale\" content=\"es_ES\" \/>\n<meta property=\"og:type\" content=\"article\" \/>\n<meta property=\"og:title\" content=\"Tratamiento del c\u00e1ncer de piel | dermat\u00f3logo dr Raoul Hasert Berl\u00edn\" \/>\n<meta property=\"og:description\" content=\"Informaci\u00f3n sobre el tratamiento del c\u00e1ncer de piel del dermat\u00f3logo Dr. Raoul Hasert en Friedrichstrasse en Berl\u00edn.\" \/>\n<meta property=\"og:url\" content=\"https:\/\/www.hasert-haut.de\/es\/tratamiento-del-cancer-de-piel\/\" \/>\n<meta property=\"og:site_name\" content=\"Hautarzt Berlin - Praxisklinik Dr. Hasert\" \/>\n<meta property=\"article:modified_time\" content=\"2022-12-27T11:01:45+00:00\" \/>\n<meta property=\"og:image\" content=\"https:\/\/www.hasert-haut.de\/wp-content\/uploads\/2015\/01\/Schwarzer-Hautkrebs-Melanom-1.jpg\" \/>\n\t<meta property=\"og:image:width\" content=\"600\" \/>\n\t<meta property=\"og:image:height\" content=\"600\" \/>\n\t<meta property=\"og:image:type\" content=\"image\/jpeg\" \/>\n<meta name=\"twitter:label1\" content=\"Tiempo de lectura\" \/>\n\t<meta name=\"twitter:data1\" content=\"4 minutos\" \/>\n<script type=\"application\/ld+json\" class=\"yoast-schema-graph\">{\"@context\":\"https:\/\/schema.org\",\"@graph\":[{\"@type\":\"WebPage\",\"@id\":\"https:\/\/www.hasert-haut.de\/es\/tratamiento-del-cancer-de-piel\/\",\"url\":\"https:\/\/www.hasert-haut.de\/es\/tratamiento-del-cancer-de-piel\/\",\"name\":\"Tratamiento del c\u00e1ncer de piel | dermat\u00f3logo dr Raoul Hasert Berl\u00edn\",\"isPartOf\":{\"@id\":\"https:\/\/www.hasert-haut.de\/es\/#website\"},\"primaryImageOfPage\":{\"@id\":\"https:\/\/www.hasert-haut.de\/es\/tratamiento-del-cancer-de-piel\/#primaryimage\"},\"image\":{\"@id\":\"https:\/\/www.hasert-haut.de\/es\/tratamiento-del-cancer-de-piel\/#primaryimage\"},\"thumbnailUrl\":\"https:\/\/www.hasert-haut.de\/wp-content\/uploads\/2015\/01\/Schwarzer-Hautkrebs-Melanom-1.jpg\",\"datePublished\":\"2016-12-09T12:00:33+00:00\",\"dateModified\":\"2022-12-27T11:01:45+00:00\",\"description\":\"Informaci\u00f3n sobre el tratamiento del c\u00e1ncer de piel del dermat\u00f3logo Dr. Raoul Hasert en Friedrichstrasse en Berl\u00edn.\",\"breadcrumb\":{\"@id\":\"https:\/\/www.hasert-haut.de\/es\/tratamiento-del-cancer-de-piel\/#breadcrumb\"},\"inLanguage\":\"es\",\"potentialAction\":[{\"@type\":\"ReadAction\",\"target\":[\"https:\/\/www.hasert-haut.de\/es\/tratamiento-del-cancer-de-piel\/\"]}]},{\"@type\":\"ImageObject\",\"inLanguage\":\"es\",\"@id\":\"https:\/\/www.hasert-haut.de\/es\/tratamiento-del-cancer-de-piel\/#primaryimage\",\"url\":\"https:\/\/www.hasert-haut.de\/wp-content\/uploads\/2015\/01\/Schwarzer-Hautkrebs-Melanom-1.jpg\",\"contentUrl\":\"https:\/\/www.hasert-haut.de\/wp-content\/uploads\/2015\/01\/Schwarzer-Hautkrebs-Melanom-1.jpg\",\"width\":600,\"height\":600,\"caption\":\"Schwarzer Hautkrebs (Melanom)\"},{\"@type\":\"BreadcrumbList\",\"@id\":\"https:\/\/www.hasert-haut.de\/es\/tratamiento-del-cancer-de-piel\/#breadcrumb\",\"itemListElement\":[{\"@type\":\"ListItem\",\"position\":1,\"name\":\"Home\",\"item\":\"https:\/\/www.hasert-haut.de\/es\/bienvenidos\/\"},{\"@type\":\"ListItem\",\"position\":2,\"name\":\"tratamiento del c\u00e1ncer de piel\"}]},{\"@type\":\"WebSite\",\"@id\":\"https:\/\/www.hasert-haut.de\/es\/#website\",\"url\":\"https:\/\/www.hasert-haut.de\/es\/\",\"name\":\"Hautarzt Berlin - Praxisklinik Dr. Hasert\",\"description\":\"Hautarzt, Allgemeinmedizin\",\"potentialAction\":[{\"@type\":\"SearchAction\",\"target\":{\"@type\":\"EntryPoint\",\"urlTemplate\":\"https:\/\/www.hasert-haut.de\/es\/?s={search_term_string}\"},\"query-input\":{\"@type\":\"PropertyValueSpecification\",\"valueRequired\":true,\"valueName\":\"search_term_string\"}}],\"inLanguage\":\"es\"}]}<\/script>\n<!-- \/ Yoast SEO plugin. -->","yoast_head_json":{"title":"Tratamiento del c\u00e1ncer de piel | dermat\u00f3logo dr Raoul Hasert Berl\u00edn","description":"Informaci\u00f3n sobre el tratamiento del c\u00e1ncer de piel del dermat\u00f3logo Dr. Raoul Hasert en Friedrichstrasse en Berl\u00edn.","robots":{"index":"index","follow":"follow","max-snippet":"max-snippet:-1","max-image-preview":"max-image-preview:large","max-video-preview":"max-video-preview:-1"},"canonical":"https:\/\/www.hasert-haut.de\/es\/tratamiento-del-cancer-de-piel\/","og_locale":"es_ES","og_type":"article","og_title":"Tratamiento del c\u00e1ncer de piel | dermat\u00f3logo dr Raoul Hasert Berl\u00edn","og_description":"Informaci\u00f3n sobre el tratamiento del c\u00e1ncer de piel del dermat\u00f3logo Dr. Raoul Hasert en Friedrichstrasse en Berl\u00edn.","og_url":"https:\/\/www.hasert-haut.de\/es\/tratamiento-del-cancer-de-piel\/","og_site_name":"Hautarzt Berlin - Praxisklinik Dr. Hasert","article_modified_time":"2022-12-27T11:01:45+00:00","og_image":[{"width":600,"height":600,"url":"https:\/\/www.hasert-haut.de\/wp-content\/uploads\/2015\/01\/Schwarzer-Hautkrebs-Melanom-1.jpg","type":"image\/jpeg"}],"twitter_misc":{"Tiempo de lectura":"4 minutos"},"schema":{"@context":"https:\/\/schema.org","@graph":[{"@type":"WebPage","@id":"https:\/\/www.hasert-haut.de\/es\/tratamiento-del-cancer-de-piel\/","url":"https:\/\/www.hasert-haut.de\/es\/tratamiento-del-cancer-de-piel\/","name":"Tratamiento del c\u00e1ncer de piel | dermat\u00f3logo dr Raoul Hasert Berl\u00edn","isPartOf":{"@id":"https:\/\/www.hasert-haut.de\/es\/#website"},"primaryImageOfPage":{"@id":"https:\/\/www.hasert-haut.de\/es\/tratamiento-del-cancer-de-piel\/#primaryimage"},"image":{"@id":"https:\/\/www.hasert-haut.de\/es\/tratamiento-del-cancer-de-piel\/#primaryimage"},"thumbnailUrl":"https:\/\/www.hasert-haut.de\/wp-content\/uploads\/2015\/01\/Schwarzer-Hautkrebs-Melanom-1.jpg","datePublished":"2016-12-09T12:00:33+00:00","dateModified":"2022-12-27T11:01:45+00:00","description":"Informaci\u00f3n sobre el tratamiento del c\u00e1ncer de piel del dermat\u00f3logo Dr. Raoul Hasert en Friedrichstrasse en Berl\u00edn.","breadcrumb":{"@id":"https:\/\/www.hasert-haut.de\/es\/tratamiento-del-cancer-de-piel\/#breadcrumb"},"inLanguage":"es","potentialAction":[{"@type":"ReadAction","target":["https:\/\/www.hasert-haut.de\/es\/tratamiento-del-cancer-de-piel\/"]}]},{"@type":"ImageObject","inLanguage":"es","@id":"https:\/\/www.hasert-haut.de\/es\/tratamiento-del-cancer-de-piel\/#primaryimage","url":"https:\/\/www.hasert-haut.de\/wp-content\/uploads\/2015\/01\/Schwarzer-Hautkrebs-Melanom-1.jpg","contentUrl":"https:\/\/www.hasert-haut.de\/wp-content\/uploads\/2015\/01\/Schwarzer-Hautkrebs-Melanom-1.jpg","width":600,"height":600,"caption":"Schwarzer Hautkrebs (Melanom)"},{"@type":"BreadcrumbList","@id":"https:\/\/www.hasert-haut.de\/es\/tratamiento-del-cancer-de-piel\/#breadcrumb","itemListElement":[{"@type":"ListItem","position":1,"name":"Home","item":"https:\/\/www.hasert-haut.de\/es\/bienvenidos\/"},{"@type":"ListItem","position":2,"name":"tratamiento del c\u00e1ncer de piel"}]},{"@type":"WebSite","@id":"https:\/\/www.hasert-haut.de\/es\/#website","url":"https:\/\/www.hasert-haut.de\/es\/","name":"Hautarzt Berlin - Praxisklinik Dr. Hasert","description":"Hautarzt, Allgemeinmedizin","potentialAction":[{"@type":"SearchAction","target":{"@type":"EntryPoint","urlTemplate":"https:\/\/www.hasert-haut.de\/es\/?s={search_term_string}"},"query-input":{"@type":"PropertyValueSpecification","valueRequired":true,"valueName":"search_term_string"}}],"inLanguage":"es"}]}},"_links":{"self":[{"href":"https:\/\/www.hasert-haut.de\/es\/wp-json\/wp\/v2\/pages\/6451","targetHints":{"allow":["GET"]}}],"collection":[{"href":"https:\/\/www.hasert-haut.de\/es\/wp-json\/wp\/v2\/pages"}],"about":[{"href":"https:\/\/www.hasert-haut.de\/es\/wp-json\/wp\/v2\/types\/page"}],"author":[{"embeddable":true,"href":"https:\/\/www.hasert-haut.de\/es\/wp-json\/wp\/v2\/users\/1"}],"replies":[{"embeddable":true,"href":"https:\/\/www.hasert-haut.de\/es\/wp-json\/wp\/v2\/comments?post=6451"}],"version-history":[{"count":20,"href":"https:\/\/www.hasert-haut.de\/es\/wp-json\/wp\/v2\/pages\/6451\/revisions"}],"predecessor-version":[{"id":11706,"href":"https:\/\/www.hasert-haut.de\/es\/wp-json\/wp\/v2\/pages\/6451\/revisions\/11706"}],"wp:featuredmedia":[{"embeddable":true,"href":"https:\/\/www.hasert-haut.de\/es\/wp-json\/wp\/v2\/media\/5757"}],"wp:attachment":[{"href":"https:\/\/www.hasert-haut.de\/es\/wp-json\/wp\/v2\/media?parent=6451"}],"curies":[{"name":"wp","href":"https:\/\/api.w.org\/{rel}","templated":true}]}}