{"id":6488,"date":"2016-12-12T09:38:21","date_gmt":"2016-12-12T09:38:21","guid":{"rendered":"https:\/\/www.hasert-haut.de\/konservative-dermatologie\/"},"modified":"2022-11-02T14:23:39","modified_gmt":"2022-11-02T14:23:39","slug":"dermatologia-conservadora","status":"publish","type":"page","link":"https:\/\/www.hasert-haut.de\/es\/dermatologia-conservadora\/","title":{"rendered":"Dermatolog\u00eda conservadora"},"content":{"rendered":"\n<style type=\"text\/css\" data-created_by=\"avia_inline_auto\" id=\"style-css-av-l80b1hn9-ec4016f705bb7e471f5435996723305a\">\n.avia-section.av-l80b1hn9-ec4016f705bb7e471f5435996723305a{\nbackground-repeat:no-repeat;\nbackground-image:url(https:\/\/www.hasert-haut.de\/wp-content\/uploads\/2015\/01\/Allgemeinmedizin1.jpg);\nbackground-position:50% 100%;\nbackground-attachment:scroll;\n}\n<\/style>\n<div id='av_section_1'  class='avia-section av-l80b1hn9-ec4016f705bb7e471f5435996723305a main_color avia-section-default avia-no-border-styling  avia-builder-el-0  el_before_av_section  avia-builder-el-first  avia-full-stretch avia-bg-style-scroll av-minimum-height av-minimum-height-50 av-height-50  container_wrap fullsize'  data-section-bg-repeat='stretch' data-av_minimum_height_pc='50' data-av_min_height_opt='50'><div class='container av-section-cont-open' ><main  role=\"main\" itemprop=\"mainContentOfPage\"  class='template-page content  av-content-full alpha units'><div class='post-entry post-entry-type-page post-entry-6488'><div class='entry-content-wrapper clearfix'>\n<\/div><\/div><\/main><!-- close content main element --><\/div><\/div><div id='av_section_2'  class='avia-section av-1c52y-6705d96d726e34f30075afd1c9f98823 main_color avia-section-huge avia-no-border-styling  avia-builder-el-1  el_after_av_section  avia-builder-el-last  avia-bg-style-scroll container_wrap fullsize'  ><div class='container av-section-cont-open' ><div class='template-page content  av-content-full alpha units'><div class='post-entry post-entry-type-page post-entry-6488'><div class='entry-content-wrapper clearfix'>\n\n<style type=\"text\/css\" data-created_by=\"avia_inline_auto\" id=\"style-css-av-1zubm-cf8dd5eea0f9c55c19c0ef078ddbcf82\">\n#top .flex_column.av-1zubm-cf8dd5eea0f9c55c19c0ef078ddbcf82{\nmargin-top:-200px;\nmargin-bottom:-200px;\n}\n.flex_column.av-1zubm-cf8dd5eea0f9c55c19c0ef078ddbcf82{\nborder-radius:0px 0px 0px 0px;\npadding:30px 30px 30px 30px;\nbackground-color:#ffffff;\n}\n.responsive #top #wrap_all .flex_column.av-1zubm-cf8dd5eea0f9c55c19c0ef078ddbcf82{\nmargin-top:-200px;\nmargin-bottom:-200px;\n}\n<\/style>\n<div  class='flex_column av-1zubm-cf8dd5eea0f9c55c19c0ef078ddbcf82 av_one_full  avia-builder-el-2  el_before_av_hr  avia-builder-el-first  first flex_column_div  '     ><style type=\"text\/css\" data-created_by=\"avia_inline_auto\" id=\"style-css-av-l96u26f7-604505d52d3af587fa37089523b0af4a\">\n#top .av-special-heading.av-l96u26f7-604505d52d3af587fa37089523b0af4a{\nmargin:30px 0 0 0;\npadding-bottom:10px;\n}\nbody .av-special-heading.av-l96u26f7-604505d52d3af587fa37089523b0af4a .av-special-heading-tag .heading-char{\nfont-size:25px;\n}\n.av-special-heading.av-l96u26f7-604505d52d3af587fa37089523b0af4a .av-subheading{\nfont-size:15px;\n}\n<\/style>\n<div  class='av-special-heading av-l96u26f7-604505d52d3af587fa37089523b0af4a av-special-heading-h1 blockquote modern-quote modern-centered  avia-builder-el-3  avia-builder-el-no-sibling '><h1 class='av-special-heading-tag'  itemprop=\"headline\"  >Dermatolog\u00eda conservadora<\/h1><div class=\"special-heading-border\"><div class=\"special-heading-inner-border\"><\/div><\/div><\/div><\/div>\n<style type=\"text\/css\" data-created_by=\"avia_inline_auto\" id=\"style-css-av-l96u2dxw-bef62529ba4e12912e5f4b47d6fefae0\">\n#top .hr.hr-invisible.av-l96u2dxw-bef62529ba4e12912e5f4b47d6fefae0{\nheight:50px;\n}\n<\/style>\n<div  class='hr av-l96u2dxw-bef62529ba4e12912e5f4b47d6fefae0 hr-invisible  avia-builder-el-4  el_after_av_one_full  el_before_av_one_full '><span class='hr-inner '><span class=\"hr-inner-style\"><\/span><\/span><\/div>\n\n<style type=\"text\/css\" data-created_by=\"avia_inline_auto\" id=\"style-css-av-ajd7l-c04253c6914ea50e1f188ebedd5df2b7\">\n.flex_column.av-ajd7l-c04253c6914ea50e1f188ebedd5df2b7{\nborder-radius:0px 0px 0px 0px;\npadding:0px 0px 0px 0px;\n}\n<\/style>\n<div  class='flex_column av-ajd7l-c04253c6914ea50e1f188ebedd5df2b7 av_one_full  avia-builder-el-5  el_after_av_hr  avia-builder-el-last  first flex_column_div av-zero-column-padding  '     ><div  id=\"av-sc-portfolio-1\"  class=' grid-sort-container isotope   no_margin-container with-excerpt-container grid-total-even grid-col-2 grid-links-' data-portfolio-id='1'><div data-ajax-id='6828' class=' grid-entry flex_column isotope-item all_sort no_margin post-entry post-entry-6828 grid-entry-overview grid-loop-1 grid-parity-odd  konservative-dermatologie-es_sort  av_one_half first default_av_fullwidth '><article class='main_color inner-entry'  itemscope=\"itemscope\" itemtype=\"https:\/\/schema.org\/CreativeWork\" ><a href=\"https:\/\/www.hasert-haut.de\/es\/leistungen\/acne\/\" title='acn\u00e9'  data-rel='grid-1' class='grid-image avia-hover-fx'> <img decoding=\"async\" fetchpriority=\"high\" width=\"495\" height=\"400\" src=\"https:\/\/www.hasert-haut.de\/wp-content\/uploads\/2016\/12\/akne-495x400.jpg\" class=\"wp-image-6001 avia-img-lazy-loading-not-6001 attachment-portfolio size-portfolio wp-post-image\" alt=\"Behandlung von Akne | Hautarzt Dr. Hasert Berlin\" \/><\/a><div class='grid-content'><div class='avia-arrow'><\/div><header class=\"entry-content-header\"><h3 class='grid-entry-title entry-title '  itemprop=\"headline\" ><a href='https:\/\/www.hasert-haut.de\/es\/leistungen\/acne\/' title='acn\u00e9'>acn\u00e9<\/a><\/h3><\/header><div class='grid-entry-excerpt entry-content'  itemprop=\"text\" >Para tratar el acn\u00e9, una de las enfermedades de la piel m\u00e1s comunes, se utilizan una variedad de m\u00e9todos de terapia en nuestra pr\u00e1ctica dermatol\u00f3gica.<\/div><\/div><footer class=\"entry-footer\"><\/footer><\/article><\/div><div data-ajax-id='6839' class=' grid-entry flex_column isotope-item all_sort no_margin post-entry post-entry-6839 grid-entry-overview grid-loop-2 grid-parity-even  konservative-dermatologie-es_sort  av_one_half  default_av_fullwidth '><article class='main_color inner-entry'  itemscope=\"itemscope\" itemtype=\"https:\/\/schema.org\/CreativeWork\" ><a href=\"https:\/\/www.hasert-haut.de\/es\/leistungen\/alergologia\/\" title='alergolog\u00eda'  data-rel='grid-1' class='grid-image avia-hover-fx'> <img decoding=\"async\" fetchpriority=\"high\" width=\"495\" height=\"400\" src=\"https:\/\/www.hasert-haut.de\/wp-content\/uploads\/2015\/01\/Allergologie-495x400.jpg\" class=\"wp-image-6031 avia-img-lazy-loading-not-6031 attachment-portfolio size-portfolio wp-post-image\" alt=\"\" \/><\/a><div class='grid-content'><div class='avia-arrow'><\/div><header class=\"entry-content-header\"><h3 class='grid-entry-title entry-title '  itemprop=\"headline\" ><a href='https:\/\/www.hasert-haut.de\/es\/leistungen\/alergologia\/' title='alergolog\u00eda'>alergolog\u00eda<\/a><\/h3><\/header><div class='grid-entry-excerpt entry-content'  itemprop=\"text\" >Cada vez m\u00e1s personas sufren alergias provocadas por el polen, el pelo de los animales, los alimentos o los materiales de contacto: alergolog\u00eda.<\/div><\/div><footer class=\"entry-footer\"><\/footer><\/article><\/div><div data-ajax-id='7070' class=' grid-entry flex_column isotope-item all_sort no_margin post-entry post-entry-7070 grid-entry-overview grid-loop-3 grid-parity-odd  konservative-dermatologie-es_sort  av_one_half first default_av_fullwidth '><article class='main_color inner-entry'  itemscope=\"itemscope\" itemtype=\"https:\/\/schema.org\/CreativeWork\" ><a href=\"https:\/\/www.hasert-haut.de\/es\/leistungen\/micologia\/\" title='micolog\u00eda'  data-rel='grid-1' class='grid-image avia-hover-fx'> <img decoding=\"async\" fetchpriority=\"high\" width=\"495\" height=\"400\" src=\"https:\/\/www.hasert-haut.de\/wp-content\/uploads\/2016\/12\/Mykologie-495x400.jpg\" class=\"wp-image-6007 avia-img-lazy-loading-not-6007 attachment-portfolio size-portfolio wp-post-image\" alt=\"\" \/><\/a><div class='grid-content'><div class='avia-arrow'><\/div><header class=\"entry-content-header\"><h3 class='grid-entry-title entry-title '  itemprop=\"headline\" ><a href='https:\/\/www.hasert-haut.de\/es\/leistungen\/micologia\/' title='micolog\u00eda'>micolog\u00eda<\/a><\/h3><\/header><div class='grid-entry-excerpt entry-content'  itemprop=\"text\" >Si existe la sospecha de una posible infecci\u00f3n con pat\u00f3genos f\u00fangicos (por ejemplo, en la piel, las u\u00f1as y el cabello), se puede realizar un diagn\u00f3stico espec\u00edfico en nuestra cl\u00ednica de pr\u00e1ctica mediante ex\u00e1menes microsc\u00f3picos, cultivos f\u00fangicos y PCR.<\/div><\/div><footer class=\"entry-footer\"><\/footer><\/article><\/div><div data-ajax-id='7080' class=' grid-entry flex_column isotope-item all_sort no_margin post-entry post-entry-7080 grid-entry-overview grid-loop-4 grid-parity-even  konservative-dermatologie-es_sort  av_one_half  default_av_fullwidth '><article class='main_color inner-entry'  itemscope=\"itemscope\" itemtype=\"https:\/\/schema.org\/CreativeWork\" ><a href=\"https:\/\/www.hasert-haut.de\/es\/leistungen\/neurodermatitis\/\" title='neurodermatitis'  data-rel='grid-1' class='grid-image avia-hover-fx'> <img decoding=\"async\" fetchpriority=\"high\" width=\"495\" height=\"400\" src=\"https:\/\/www.hasert-haut.de\/wp-content\/uploads\/2016\/12\/Neurodermitis-495x400.jpg\" class=\"wp-image-6037 avia-img-lazy-loading-not-6037 attachment-portfolio size-portfolio wp-post-image\" alt=\"Neurodermitis | Hautarzt Dr. Hasert Berlin-Mitte |\" \/><\/a><div class='grid-content'><div class='avia-arrow'><\/div><header class=\"entry-content-header\"><h3 class='grid-entry-title entry-title '  itemprop=\"headline\" ><a href='https:\/\/www.hasert-haut.de\/es\/leistungen\/neurodermatitis\/' title='neurodermatitis'>neurodermatitis<\/a><\/h3><\/header><\/div><footer class=\"entry-footer\"><\/footer><\/article><\/div><div data-ajax-id='7027' class=' grid-entry flex_column isotope-item all_sort no_margin post-entry post-entry-7027 grid-entry-overview grid-loop-5 grid-parity-odd  konservative-dermatologie-es_sort  av_one_half first default_av_fullwidth '><article class='main_color inner-entry'  itemscope=\"itemscope\" itemtype=\"https:\/\/schema.org\/CreativeWork\" ><a href=\"https:\/\/www.hasert-haut.de\/es\/leistungen\/perdida-de-cabello\/\" title='perdida de cabello'  data-rel='grid-1' class='grid-image avia-hover-fx'> <img decoding=\"async\" fetchpriority=\"high\" width=\"495\" height=\"400\" src=\"https:\/\/www.hasert-haut.de\/wp-content\/uploads\/2016\/12\/Haarausfall-495x400.jpg\" class=\"wp-image-6039 avia-img-lazy-loading-not-6039 attachment-portfolio size-portfolio wp-post-image\" alt=\"Haarausfall | Heutarzt Dr. Hasert Berlin-Mitte\" \/><\/a><div class='grid-content'><div class='avia-arrow'><\/div><header class=\"entry-content-header\"><h3 class='grid-entry-title entry-title '  itemprop=\"headline\" ><a href='https:\/\/www.hasert-haut.de\/es\/leistungen\/perdida-de-cabello\/' title='perdida de cabello'>perdida de cabello<\/a><\/h3><\/header><\/div><footer class=\"entry-footer\"><\/footer><\/article><\/div><div data-ajax-id='7131' class=' grid-entry flex_column isotope-item all_sort no_margin post-entry post-entry-7131 grid-entry-overview grid-loop-6 grid-parity-even  post-entry-last  konservative-dermatologie-es_sort  av_one_half  default_av_fullwidth '><article class='main_color inner-entry'  itemscope=\"itemscope\" itemtype=\"https:\/\/schema.org\/CreativeWork\" ><a href=\"https:\/\/www.hasert-haut.de\/es\/leistungen\/soriasis\/\" title='soriasis'  data-rel='grid-1' class='grid-image avia-hover-fx'> <img decoding=\"async\" fetchpriority=\"high\" width=\"495\" height=\"400\" src=\"https:\/\/www.hasert-haut.de\/wp-content\/uploads\/2015\/01\/Psoriasis-3-495x400.jpg\" class=\"wp-image-6027 avia-img-lazy-loading-not-6027 attachment-portfolio size-portfolio wp-post-image\" alt=\"\" \/><\/a><div class='grid-content'><div class='avia-arrow'><\/div><header class=\"entry-content-header\"><h3 class='grid-entry-title entry-title '  itemprop=\"headline\" ><a href='https:\/\/www.hasert-haut.de\/es\/leistungen\/soriasis\/' title='soriasis'>soriasis<\/a><\/h3><\/header><div class='grid-entry-excerpt entry-content'  itemprop=\"text\" >La psoriasis es una enfermedad de la piel que a menudo afecta solo a unas pocas partes del cuerpo, pero tambi\u00e9n puede cubrirlo todo.<\/div><\/div><footer class=\"entry-footer\"><\/footer><\/article><\/div><\/div><\/div>\n\n","protected":false},"excerpt":{"rendered":"","protected":false},"author":1,"featured_media":0,"parent":0,"menu_order":0,"comment_status":"closed","ping_status":"closed","template":"","meta":{"footnotes":""},"class_list":["post-6488","page","type-page","status-publish","hentry"],"yoast_head":"<!-- This site is optimized with the Yoast SEO plugin v25.3.1 - https:\/\/yoast.com\/wordpress\/plugins\/seo\/ -->\n<title>Dermatolog\u00eda conservadora - Hautarzt Berlin - Praxisklinik Dr. Hasert<\/title>\n<meta name=\"robots\" content=\"index, follow, max-snippet:-1, max-image-preview:large, max-video-preview:-1\" \/>\n<link rel=\"canonical\" href=\"https:\/\/www.hasert-haut.de\/es\/dermatologia-conservadora\/\" \/>\n<meta property=\"og:locale\" content=\"es_ES\" \/>\n<meta property=\"og:type\" content=\"article\" \/>\n<meta property=\"og:title\" content=\"Dermatolog\u00eda conservadora - Hautarzt Berlin - Praxisklinik Dr. Hasert\" \/>\n<meta property=\"og:url\" content=\"https:\/\/www.hasert-haut.de\/es\/dermatologia-conservadora\/\" \/>\n<meta property=\"og:site_name\" content=\"Hautarzt Berlin - Praxisklinik Dr. Hasert\" \/>\n<meta property=\"article:modified_time\" content=\"2022-11-02T14:23:39+00:00\" \/>\n<meta name=\"twitter:label1\" content=\"Tiempo de lectura\" \/>\n\t<meta name=\"twitter:data1\" content=\"4 minutos\" \/>\n<script type=\"application\/ld+json\" class=\"yoast-schema-graph\">{\"@context\":\"https:\/\/schema.org\",\"@graph\":[{\"@type\":\"WebPage\",\"@id\":\"https:\/\/www.hasert-haut.de\/es\/dermatologia-conservadora\/\",\"url\":\"https:\/\/www.hasert-haut.de\/es\/dermatologia-conservadora\/\",\"name\":\"Dermatolog\u00eda conservadora - Hautarzt Berlin - Praxisklinik Dr. Hasert\",\"isPartOf\":{\"@id\":\"https:\/\/www.hasert-haut.de\/es\/#website\"},\"datePublished\":\"2016-12-12T09:38:21+00:00\",\"dateModified\":\"2022-11-02T14:23:39+00:00\",\"breadcrumb\":{\"@id\":\"https:\/\/www.hasert-haut.de\/es\/dermatologia-conservadora\/#breadcrumb\"},\"inLanguage\":\"es\",\"potentialAction\":[{\"@type\":\"ReadAction\",\"target\":[\"https:\/\/www.hasert-haut.de\/es\/dermatologia-conservadora\/\"]}]},{\"@type\":\"BreadcrumbList\",\"@id\":\"https:\/\/www.hasert-haut.de\/es\/dermatologia-conservadora\/#breadcrumb\",\"itemListElement\":[{\"@type\":\"ListItem\",\"position\":1,\"name\":\"Home\",\"item\":\"https:\/\/www.hasert-haut.de\/es\/bienvenidos\/\"},{\"@type\":\"ListItem\",\"position\":2,\"name\":\"Dermatolog\u00eda conservadora\"}]},{\"@type\":\"WebSite\",\"@id\":\"https:\/\/www.hasert-haut.de\/es\/#website\",\"url\":\"https:\/\/www.hasert-haut.de\/es\/\",\"name\":\"Hautarzt Berlin - Praxisklinik Dr. Hasert\",\"description\":\"Hautarzt, Allgemeinmedizin\",\"potentialAction\":[{\"@type\":\"SearchAction\",\"target\":{\"@type\":\"EntryPoint\",\"urlTemplate\":\"https:\/\/www.hasert-haut.de\/es\/?s={search_term_string}\"},\"query-input\":{\"@type\":\"PropertyValueSpecification\",\"valueRequired\":true,\"valueName\":\"search_term_string\"}}],\"inLanguage\":\"es\"}]}<\/script>\n<!-- \/ Yoast SEO plugin. -->","yoast_head_json":{"title":"Dermatolog\u00eda conservadora - Hautarzt Berlin - Praxisklinik Dr. Hasert","robots":{"index":"index","follow":"follow","max-snippet":"max-snippet:-1","max-image-preview":"max-image-preview:large","max-video-preview":"max-video-preview:-1"},"canonical":"https:\/\/www.hasert-haut.de\/es\/dermatologia-conservadora\/","og_locale":"es_ES","og_type":"article","og_title":"Dermatolog\u00eda conservadora - Hautarzt Berlin - Praxisklinik Dr. Hasert","og_url":"https:\/\/www.hasert-haut.de\/es\/dermatologia-conservadora\/","og_site_name":"Hautarzt Berlin - Praxisklinik Dr. Hasert","article_modified_time":"2022-11-02T14:23:39+00:00","twitter_misc":{"Tiempo de lectura":"4 minutos"},"schema":{"@context":"https:\/\/schema.org","@graph":[{"@type":"WebPage","@id":"https:\/\/www.hasert-haut.de\/es\/dermatologia-conservadora\/","url":"https:\/\/www.hasert-haut.de\/es\/dermatologia-conservadora\/","name":"Dermatolog\u00eda conservadora - Hautarzt Berlin - Praxisklinik Dr. Hasert","isPartOf":{"@id":"https:\/\/www.hasert-haut.de\/es\/#website"},"datePublished":"2016-12-12T09:38:21+00:00","dateModified":"2022-11-02T14:23:39+00:00","breadcrumb":{"@id":"https:\/\/www.hasert-haut.de\/es\/dermatologia-conservadora\/#breadcrumb"},"inLanguage":"es","potentialAction":[{"@type":"ReadAction","target":["https:\/\/www.hasert-haut.de\/es\/dermatologia-conservadora\/"]}]},{"@type":"BreadcrumbList","@id":"https:\/\/www.hasert-haut.de\/es\/dermatologia-conservadora\/#breadcrumb","itemListElement":[{"@type":"ListItem","position":1,"name":"Home","item":"https:\/\/www.hasert-haut.de\/es\/bienvenidos\/"},{"@type":"ListItem","position":2,"name":"Dermatolog\u00eda conservadora"}]},{"@type":"WebSite","@id":"https:\/\/www.hasert-haut.de\/es\/#website","url":"https:\/\/www.hasert-haut.de\/es\/","name":"Hautarzt Berlin - Praxisklinik Dr. Hasert","description":"Hautarzt, Allgemeinmedizin","potentialAction":[{"@type":"SearchAction","target":{"@type":"EntryPoint","urlTemplate":"https:\/\/www.hasert-haut.de\/es\/?s={search_term_string}"},"query-input":{"@type":"PropertyValueSpecification","valueRequired":true,"valueName":"search_term_string"}}],"inLanguage":"es"}]}},"_links":{"self":[{"href":"https:\/\/www.hasert-haut.de\/es\/wp-json\/wp\/v2\/pages\/6488","targetHints":{"allow":["GET"]}}],"collection":[{"href":"https:\/\/www.hasert-haut.de\/es\/wp-json\/wp\/v2\/pages"}],"about":[{"href":"https:\/\/www.hasert-haut.de\/es\/wp-json\/wp\/v2\/types\/page"}],"author":[{"embeddable":true,"href":"https:\/\/www.hasert-haut.de\/es\/wp-json\/wp\/v2\/users\/1"}],"replies":[{"embeddable":true,"href":"https:\/\/www.hasert-haut.de\/es\/wp-json\/wp\/v2\/comments?post=6488"}],"version-history":[{"count":26,"href":"https:\/\/www.hasert-haut.de\/es\/wp-json\/wp\/v2\/pages\/6488\/revisions"}],"predecessor-version":[{"id":10522,"href":"https:\/\/www.hasert-haut.de\/es\/wp-json\/wp\/v2\/pages\/6488\/revisions\/10522"}],"wp:attachment":[{"href":"https:\/\/www.hasert-haut.de\/es\/wp-json\/wp\/v2\/media?parent=6488"}],"curies":[{"name":"wp","href":"https:\/\/api.w.org\/{rel}","templated":true}]}}