{"id":6899,"date":"2022-10-11T09:08:48","date_gmt":"2022-10-11T09:08:48","guid":{"rendered":"https:\/\/www.hasert-haut.de\/leistungen\/entfernung-von-gefaesserweiterungen\/"},"modified":"2022-11-09T13:10:31","modified_gmt":"2022-11-09T13:10:31","slug":"eliminacion-de-vasodilatacion","status":"publish","type":"portfolio","link":"https:\/\/www.hasert-haut.de\/es\/leistungen\/eliminacion-de-vasodilatacion\/","title":{"rendered":"Eliminaci\u00f3n de vasodilataci\u00f3n"},"content":{"rendered":"\n<style type=\"text\/css\" data-created_by=\"avia_inline_auto\" id=\"style-css-av-2jjjkq-ed44e1184428371c6e1ce720ffa158dc\">\n#top .av-special-heading.av-2jjjkq-ed44e1184428371c6e1ce720ffa158dc{\npadding-bottom:10px;\n}\nbody .av-special-heading.av-2jjjkq-ed44e1184428371c6e1ce720ffa158dc .av-special-heading-tag .heading-char{\nfont-size:25px;\n}\n.av-special-heading.av-2jjjkq-ed44e1184428371c6e1ce720ffa158dc .av-subheading{\nfont-size:15px;\n}\n<\/style>\n<div  class='av-special-heading av-2jjjkq-ed44e1184428371c6e1ce720ffa158dc av-special-heading-h1 blockquote modern-quote  avia-builder-el-0  el_before_av_hr  avia-builder-el-first '><h1 class='av-special-heading-tag'  itemprop=\"headline\"  >Eliminaci\u00f3n de vasodilataci\u00f3n<\/h1><div class=\"special-heading-border\"><div class=\"special-heading-inner-border\"><\/div><\/div><\/div>\n\n<style type=\"text\/css\" data-created_by=\"avia_inline_auto\" id=\"style-css-av-l96ryrhp-34611b3b3859af4f21b0a1bfa0ad5e24\">\n#top .hr.hr-invisible.av-l96ryrhp-34611b3b3859af4f21b0a1bfa0ad5e24{\nheight:50px;\n}\n<\/style>\n<div  class='hr av-l96ryrhp-34611b3b3859af4f21b0a1bfa0ad5e24 hr-invisible  avia-builder-el-1  el_after_av_heading  el_before_av_two_third '><span class='hr-inner '><span class=\"hr-inner-style\"><\/span><\/span><\/div>\n\n<style type=\"text\/css\" data-created_by=\"avia_inline_auto\" id=\"style-css-av-6dj6ns-7472608404402ce7ad5c72bb757e28f8\">\n.flex_column.av-6dj6ns-7472608404402ce7ad5c72bb757e28f8{\nborder-radius:0px 0px 0px 0px;\npadding:0px 0px 0px 0px;\n}\n<\/style>\n<div  class='flex_column av-6dj6ns-7472608404402ce7ad5c72bb757e28f8 av_two_third  avia-builder-el-2  el_after_av_hr  el_before_av_one_third  first flex_column_div av-zero-column-padding  '     ><section  class='av_textblock_section av-2rrha-38ef6a08a510c7248aabd7d5d3e13cc1 '   itemscope=\"itemscope\" itemtype=\"https:\/\/schema.org\/CreativeWork\" ><div class='avia_textblock'  itemprop=\"text\" ><p style=\"text-align: justify;\">A menudo, a una edad temprana, con la correspondiente predisposici\u00f3n, se producen dilataciones de los vasos sangu\u00edneos m\u00e1s peque\u00f1os de las piernas, que se denominan ara\u00f1as vasculares y, a menudo, resultan muy molestas. Estos tambi\u00e9n pueden ocurrir a lo largo de la vida debido a una relajaci\u00f3n general del tejido conectivo. Las dilataciones vasculares en la cara tambi\u00e9n son muy molestas, principalmente en el \u00e1rea de las mejillas y la nariz, p. B. en el contexto de la ros\u00e1cea. La mayor\u00eda de las veces, estos cambios tienden a extenderse y son dif\u00edciles de ocultar.  Los hemangiomas, las manchas en vino de Oporto cong\u00e9nitas y otros cambios vasculares que a menudo ocurren a lo largo de la vida a menudo conducen a una insatisfacci\u00f3n est\u00e9tica en las partes visibles del cuerpo.<\/p>\n<p style=\"text-align: justify;\">Todos los cambios vasculares mencionados responden bien a la terapia con l\u00e1ser vascular. Los defectos vasculares m\u00e1s peque\u00f1os, como los hemangiomas, suelen desaparecer tras el primer tratamiento, mientras que las zonas m\u00e1s grandes suelen requerir varias sesiones.  Realizamos el tratamiento de las ara\u00f1as vasculares de las piernas como terapia combinada mediante escleroterapia (esclerosante vascular con \u00c4thoxysklerol\u00ae) y l\u00e1ser vascular. Esto nos permite ofrecer una forma muy moderna de terapia en esta \u00e1rea y lograr resultados optimizados. <\/p>\n<\/div><\/section><\/div>\n<style type=\"text\/css\" data-created_by=\"avia_inline_auto\" id=\"style-css-av-35maw8-40d53b73a800c5af1e8f9ef0bbd6d964\">\n.flex_column.av-35maw8-40d53b73a800c5af1e8f9ef0bbd6d964{\nborder-radius:0px 0px 0px 0px;\npadding:0px 0px 0px 0px;\n}\n<\/style>\n<div  class='flex_column av-35maw8-40d53b73a800c5af1e8f9ef0bbd6d964 av_one_third  avia-builder-el-4  el_after_av_two_third  el_before_av_hr  flex_column_div av-zero-column-padding  '     ><div id='av-masonry-1' class='av-masonry av-l96s1ic1-33aac733a80e6e08368770622a2f164f noHover av-fixed-size av-large-gap av-hover-overlay-active av-masonry-animation-active av-masonry-col-2 av-caption-always av-caption-style- av-masonry-gallery ' data-post_id=\"6899\"><div class=\"av-masonry-container isotope av-js-disabled\"><div class='av-masonry-entry isotope-item av-masonry-item-no-image '><\/div><a href=\"https:\/\/www.hasert-haut.de\/wp-content\/uploads\/2015\/01\/Entfernung-von-Gef\u00e4\u00dferweiterungen5.jpg\" data-srcset=\"https:\/\/www.hasert-haut.de\/wp-content\/uploads\/2015\/01\/Entfernung-von-Gef\u00e4\u00dferweiterungen5.jpg 600w, https:\/\/www.hasert-haut.de\/wp-content\/uploads\/2015\/01\/Entfernung-von-Gef\u00e4\u00dferweiterungen5-80x80.jpg 80w, https:\/\/www.hasert-haut.de\/wp-content\/uploads\/2015\/01\/Entfernung-von-Gef\u00e4\u00dferweiterungen5-300x300.jpg 300w, https:\/\/www.hasert-haut.de\/wp-content\/uploads\/2015\/01\/Entfernung-von-Gef\u00e4\u00dferweiterungen5-36x36.jpg 36w, https:\/\/www.hasert-haut.de\/wp-content\/uploads\/2015\/01\/Entfernung-von-Gef\u00e4\u00dferweiterungen5-180x180.jpg 180w, https:\/\/www.hasert-haut.de\/wp-content\/uploads\/2015\/01\/Entfernung-von-Gef\u00e4\u00dferweiterungen5-120x120.jpg 120w, https:\/\/www.hasert-haut.de\/wp-content\/uploads\/2015\/01\/Entfernung-von-Gef\u00e4\u00dferweiterungen5-450x450.jpg 450w\" data-sizes=\"(max-width: 600px) 100vw, 600px\"  aria-label=\"image Entfernung von Gef\u00e4\u00dferweiterungen\"  id='av-masonry-1-item-5847' data-av-masonry-item='5847' class='av-masonry-entry isotope-item post-5847 attachment type-attachment status-inherit hentry  av-masonry-item-with-image' title=\"Entfernung von Gef\u00e4\u00dferweiterungen\" alt=\"\"    itemprop=\"thumbnailUrl\" ><div class='av-inner-masonry-sizer'><\/div><figure class='av-inner-masonry main_color'><div class=\"av-masonry-outerimage-container\"><div class='av-masonry-image-container' style=\"background-image: url(https:\/\/www.hasert-haut.de\/wp-content\/uploads\/2015\/01\/Entfernung-von-Gef\u00e4\u00dferweiterungen5.jpg);\"  title=\"Entfernung von Gef\u00e4\u00dferweiterungen\"  ><\/div><\/div><\/figure><\/a><!--end av-masonry entry--><a href=\"https:\/\/www.hasert-haut.de\/wp-content\/uploads\/2015\/01\/Entfernung-von-Gef\u00e4\u00dferweiterungen4.jpg\" data-srcset=\"https:\/\/www.hasert-haut.de\/wp-content\/uploads\/2015\/01\/Entfernung-von-Gef\u00e4\u00dferweiterungen4.jpg 600w, https:\/\/www.hasert-haut.de\/wp-content\/uploads\/2015\/01\/Entfernung-von-Gef\u00e4\u00dferweiterungen4-80x80.jpg 80w, https:\/\/www.hasert-haut.de\/wp-content\/uploads\/2015\/01\/Entfernung-von-Gef\u00e4\u00dferweiterungen4-300x300.jpg 300w, https:\/\/www.hasert-haut.de\/wp-content\/uploads\/2015\/01\/Entfernung-von-Gef\u00e4\u00dferweiterungen4-36x36.jpg 36w, https:\/\/www.hasert-haut.de\/wp-content\/uploads\/2015\/01\/Entfernung-von-Gef\u00e4\u00dferweiterungen4-180x180.jpg 180w, https:\/\/www.hasert-haut.de\/wp-content\/uploads\/2015\/01\/Entfernung-von-Gef\u00e4\u00dferweiterungen4-120x120.jpg 120w, https:\/\/www.hasert-haut.de\/wp-content\/uploads\/2015\/01\/Entfernung-von-Gef\u00e4\u00dferweiterungen4-450x450.jpg 450w\" data-sizes=\"(max-width: 600px) 100vw, 600px\"  aria-label=\"image Entfernung von Gef\u00e4\u00dferweiterungen\"  id='av-masonry-1-item-5845' data-av-masonry-item='5845' class='av-masonry-entry isotope-item post-5845 attachment type-attachment status-inherit hentry  av-masonry-item-with-image' title=\"Entfernung von Gef\u00e4\u00dferweiterungen\" alt=\"\"    itemprop=\"thumbnailUrl\" ><div class='av-inner-masonry-sizer'><\/div><figure class='av-inner-masonry main_color'><div class=\"av-masonry-outerimage-container\"><div class='av-masonry-image-container' style=\"background-image: url(https:\/\/www.hasert-haut.de\/wp-content\/uploads\/2015\/01\/Entfernung-von-Gef\u00e4\u00dferweiterungen4.jpg);\"  title=\"Entfernung von Gef\u00e4\u00dferweiterungen\"  ><\/div><\/div><\/figure><\/a><!--end av-masonry entry--><a href=\"https:\/\/www.hasert-haut.de\/wp-content\/uploads\/2015\/01\/Entfernung-von-Gef\u00e4\u00dferweiterungen3.jpg\" data-srcset=\"https:\/\/www.hasert-haut.de\/wp-content\/uploads\/2015\/01\/Entfernung-von-Gef\u00e4\u00dferweiterungen3.jpg 600w, https:\/\/www.hasert-haut.de\/wp-content\/uploads\/2015\/01\/Entfernung-von-Gef\u00e4\u00dferweiterungen3-80x80.jpg 80w, https:\/\/www.hasert-haut.de\/wp-content\/uploads\/2015\/01\/Entfernung-von-Gef\u00e4\u00dferweiterungen3-300x300.jpg 300w, https:\/\/www.hasert-haut.de\/wp-content\/uploads\/2015\/01\/Entfernung-von-Gef\u00e4\u00dferweiterungen3-36x36.jpg 36w, https:\/\/www.hasert-haut.de\/wp-content\/uploads\/2015\/01\/Entfernung-von-Gef\u00e4\u00dferweiterungen3-180x180.jpg 180w, https:\/\/www.hasert-haut.de\/wp-content\/uploads\/2015\/01\/Entfernung-von-Gef\u00e4\u00dferweiterungen3-120x120.jpg 120w, https:\/\/www.hasert-haut.de\/wp-content\/uploads\/2015\/01\/Entfernung-von-Gef\u00e4\u00dferweiterungen3-450x450.jpg 450w\" data-sizes=\"(max-width: 600px) 100vw, 600px\"  aria-label=\"image Entfernung von Gef\u00e4\u00dferweiterungen\"  id='av-masonry-1-item-5843' data-av-masonry-item='5843' class='av-masonry-entry isotope-item post-5843 attachment type-attachment status-inherit hentry  av-masonry-item-with-image' title=\"Entfernung von Gef\u00e4\u00dferweiterungen\" alt=\"\"    itemprop=\"thumbnailUrl\" ><div class='av-inner-masonry-sizer'><\/div><figure class='av-inner-masonry main_color'><div class=\"av-masonry-outerimage-container\"><div class='av-masonry-image-container' style=\"background-image: url(https:\/\/www.hasert-haut.de\/wp-content\/uploads\/2015\/01\/Entfernung-von-Gef\u00e4\u00dferweiterungen3.jpg);\"  title=\"Entfernung von Gef\u00e4\u00dferweiterungen\"  ><\/div><\/div><\/figure><\/a><!--end av-masonry entry--><a href=\"https:\/\/www.hasert-haut.de\/wp-content\/uploads\/2015\/01\/Entfernung-von-Gef\u00e4\u00dferweiterungen2.jpg\" data-srcset=\"https:\/\/www.hasert-haut.de\/wp-content\/uploads\/2015\/01\/Entfernung-von-Gef\u00e4\u00dferweiterungen2.jpg 600w, https:\/\/www.hasert-haut.de\/wp-content\/uploads\/2015\/01\/Entfernung-von-Gef\u00e4\u00dferweiterungen2-80x80.jpg 80w, https:\/\/www.hasert-haut.de\/wp-content\/uploads\/2015\/01\/Entfernung-von-Gef\u00e4\u00dferweiterungen2-300x300.jpg 300w, https:\/\/www.hasert-haut.de\/wp-content\/uploads\/2015\/01\/Entfernung-von-Gef\u00e4\u00dferweiterungen2-36x36.jpg 36w, https:\/\/www.hasert-haut.de\/wp-content\/uploads\/2015\/01\/Entfernung-von-Gef\u00e4\u00dferweiterungen2-180x180.jpg 180w, https:\/\/www.hasert-haut.de\/wp-content\/uploads\/2015\/01\/Entfernung-von-Gef\u00e4\u00dferweiterungen2-120x120.jpg 120w, https:\/\/www.hasert-haut.de\/wp-content\/uploads\/2015\/01\/Entfernung-von-Gef\u00e4\u00dferweiterungen2-450x450.jpg 450w\" data-sizes=\"(max-width: 600px) 100vw, 600px\"  aria-label=\"image Entfernung von Gef\u00e4\u00dferweiterungen\"  id='av-masonry-1-item-5841' data-av-masonry-item='5841' class='av-masonry-entry isotope-item post-5841 attachment type-attachment status-inherit hentry  av-masonry-item-with-image' title=\"Entfernung von Gef\u00e4\u00dferweiterungen\" alt=\"\"    itemprop=\"thumbnailUrl\" ><div class='av-inner-masonry-sizer'><\/div><figure class='av-inner-masonry main_color'><div class=\"av-masonry-outerimage-container\"><div class='av-masonry-image-container' style=\"background-image: url(https:\/\/www.hasert-haut.de\/wp-content\/uploads\/2015\/01\/Entfernung-von-Gef\u00e4\u00dferweiterungen2.jpg);\"  title=\"Entfernung von Gef\u00e4\u00dferweiterungen\"  ><\/div><\/div><\/figure><\/a><!--end av-masonry entry--><a href=\"https:\/\/www.hasert-haut.de\/wp-content\/uploads\/2015\/01\/Entfernung-von-Gef\u00e4\u00dferweiterungen1.jpg\" data-srcset=\"https:\/\/www.hasert-haut.de\/wp-content\/uploads\/2015\/01\/Entfernung-von-Gef\u00e4\u00dferweiterungen1.jpg 600w, https:\/\/www.hasert-haut.de\/wp-content\/uploads\/2015\/01\/Entfernung-von-Gef\u00e4\u00dferweiterungen1-80x80.jpg 80w, https:\/\/www.hasert-haut.de\/wp-content\/uploads\/2015\/01\/Entfernung-von-Gef\u00e4\u00dferweiterungen1-300x300.jpg 300w, https:\/\/www.hasert-haut.de\/wp-content\/uploads\/2015\/01\/Entfernung-von-Gef\u00e4\u00dferweiterungen1-36x36.jpg 36w, https:\/\/www.hasert-haut.de\/wp-content\/uploads\/2015\/01\/Entfernung-von-Gef\u00e4\u00dferweiterungen1-180x180.jpg 180w, https:\/\/www.hasert-haut.de\/wp-content\/uploads\/2015\/01\/Entfernung-von-Gef\u00e4\u00dferweiterungen1-120x120.jpg 120w, https:\/\/www.hasert-haut.de\/wp-content\/uploads\/2015\/01\/Entfernung-von-Gef\u00e4\u00dferweiterungen1-450x450.jpg 450w\" data-sizes=\"(max-width: 600px) 100vw, 600px\"  aria-label=\"image Entfernung von Gef\u00e4\u00dferweiterungen\"  id='av-masonry-1-item-5839' data-av-masonry-item='5839' class='av-masonry-entry isotope-item post-5839 attachment type-attachment status-inherit hentry  av-masonry-item-with-image' title=\"Entfernung von Gef\u00e4\u00dferweiterungen\" alt=\"\"    itemprop=\"thumbnailUrl\" ><div class='av-inner-masonry-sizer'><\/div><figure class='av-inner-masonry main_color'><div class=\"av-masonry-outerimage-container\"><div class='av-masonry-image-container' style=\"background-image: url(https:\/\/www.hasert-haut.de\/wp-content\/uploads\/2015\/01\/Entfernung-von-Gef\u00e4\u00dferweiterungen1.jpg);\"  title=\"Entfernung von Gef\u00e4\u00dferweiterungen\"  ><\/div><\/div><\/figure><\/a><!--end av-masonry entry--><\/div><\/div><\/div>\n<style type=\"text\/css\" data-created_by=\"avia_inline_auto\" id=\"style-css-av-1r06m-22f4993bc341f54115743d69d089ae2f\">\n#top .hr.hr-invisible.av-1r06m-22f4993bc341f54115743d69d089ae2f{\nheight:50px;\n}\n<\/style>\n<div  class='hr av-1r06m-22f4993bc341f54115743d69d089ae2f hr-invisible  avia-builder-el-6  el_after_av_one_third  el_before_av_postcontent  avia-builder-el-last '><span class='hr-inner '><span class=\"hr-inner-style\"><\/span><\/span><\/div><\/p>\n[av_heading heading='Otros servicios de nuestra pr\u00e1ctica' tag='h3' style='blockquote modern-quote modern-centered' subheading_active='' show_icon='' icon='ue800' font='' size='' av-medium-font-size-title='' av-small-font-size-title='' av-mini-font-size-title='' subheading_size='' av-medium-font-size='' av-small-font-size='' av-mini-font-size='' icon_size='' av-medium-font-size-1='' av-small-font-size-1='' av-mini-font-size-1='' color='' custom_font='' icon_color='' margin='' margin_sync='true' padding='10' icon_padding='10' link='' link_target='' id='' custom_class='' av_uid='av-l9475f5a' admin_preview_bg=''][\/av_heading]\n\n[av_masonry_entries link='portfolio_entries,95,72,73,71' wc_prod_visible='' wc_prod_hidden='hide' wc_prod_featured='' prod_order_by='' prod_order='' date_filter='' date_filter_start='' date_filter_end='' date_filter_format='yy\/mm\/dd' sort='no' query_orderby='rand' query_order='DESC' caption_elements='title' caption_styling='overlay' caption_display='always' size='fixed' orientation='' gap='large' columns='5' av-medium-columns='' av-small-columns='' av-mini-columns='' items='5' paginate='none' color='' custom_bg='' overlay_fx='active' animation='active' lazy_loading='disabled' id='' custom_class='' av_uid='av-l9474s7j']\n\n\n","protected":false},"excerpt":{"rendered":"<p>A menudo, a una edad temprana, con la correspondiente predisposici\u00f3n, se producen dilataciones de los vasos sangu\u00edneos m\u00e1s peque\u00f1os de las piernas, que se denominan ara\u00f1as vasculares y, a menudo, resultan muy molestas.<\/p>\n","protected":false},"featured_media":5845,"comment_status":"closed","ping_status":"closed","template":"","tags":[],"portfolio_entries":[93],"class_list":["post-6899","portfolio","type-portfolio","status-publish","has-post-thumbnail","hentry","portfolio_entries-aesthetische-dermatologie-es"],"yoast_head":"<!-- This site is optimized with the Yoast SEO plugin v25.3.1 - https:\/\/yoast.com\/wordpress\/plugins\/seo\/ -->\n<title>Eliminaci\u00f3n de vasodilataciones | dermat\u00f3logo dr Hasert Berl\u00edn<\/title>\n<meta name=\"description\" content=\"La eliminaci\u00f3n de dilataciones vasculares en la cara, principalmente en la zona de las mejillas, o ara\u00f1as vasculares en la pierna aumentan la autoestima est\u00e9tica.\" \/>\n<meta name=\"robots\" content=\"index, follow, max-snippet:-1, max-image-preview:large, max-video-preview:-1\" \/>\n<link rel=\"canonical\" href=\"https:\/\/www.hasert-haut.de\/es\/leistungen\/eliminacion-de-vasodilatacion\/\" \/>\n<meta property=\"og:locale\" content=\"es_ES\" \/>\n<meta property=\"og:type\" content=\"article\" \/>\n<meta property=\"og:title\" content=\"Eliminaci\u00f3n de vasodilataciones | dermat\u00f3logo dr Hasert Berl\u00edn\" \/>\n<meta property=\"og:description\" content=\"La eliminaci\u00f3n de dilataciones vasculares en la cara, principalmente en la zona de las mejillas, o ara\u00f1as vasculares en la pierna aumentan la autoestima est\u00e9tica.\" \/>\n<meta property=\"og:url\" content=\"https:\/\/www.hasert-haut.de\/es\/leistungen\/eliminacion-de-vasodilatacion\/\" \/>\n<meta property=\"og:site_name\" content=\"Hautarzt Berlin - Praxisklinik Dr. Hasert\" \/>\n<meta property=\"article:modified_time\" content=\"2022-11-09T13:10:31+00:00\" \/>\n<meta property=\"og:image\" content=\"https:\/\/www.hasert-haut.de\/wp-content\/uploads\/2015\/01\/Entfernung-von-Gef\u00e4\u00dferweiterungen4.jpg\" \/>\n\t<meta property=\"og:image:width\" content=\"600\" \/>\n\t<meta property=\"og:image:height\" content=\"600\" \/>\n\t<meta property=\"og:image:type\" content=\"image\/jpeg\" \/>\n<meta name=\"twitter:label1\" content=\"Tiempo de lectura\" \/>\n\t<meta name=\"twitter:data1\" content=\"4 minutos\" \/>\n<script type=\"application\/ld+json\" class=\"yoast-schema-graph\">{\"@context\":\"https:\/\/schema.org\",\"@graph\":[{\"@type\":\"WebPage\",\"@id\":\"https:\/\/www.hasert-haut.de\/es\/leistungen\/eliminacion-de-vasodilatacion\/\",\"url\":\"https:\/\/www.hasert-haut.de\/es\/leistungen\/eliminacion-de-vasodilatacion\/\",\"name\":\"Eliminaci\u00f3n de vasodilataciones | dermat\u00f3logo dr Hasert Berl\u00edn\",\"isPartOf\":{\"@id\":\"https:\/\/www.hasert-haut.de\/es\/#website\"},\"primaryImageOfPage\":{\"@id\":\"https:\/\/www.hasert-haut.de\/es\/leistungen\/eliminacion-de-vasodilatacion\/#primaryimage\"},\"image\":{\"@id\":\"https:\/\/www.hasert-haut.de\/es\/leistungen\/eliminacion-de-vasodilatacion\/#primaryimage\"},\"thumbnailUrl\":\"https:\/\/www.hasert-haut.de\/wp-content\/uploads\/2015\/01\/Entfernung-von-Gef\u00e4\u00dferweiterungen4.jpg\",\"datePublished\":\"2022-10-11T09:08:48+00:00\",\"dateModified\":\"2022-11-09T13:10:31+00:00\",\"description\":\"La eliminaci\u00f3n de dilataciones vasculares en la cara, principalmente en la zona de las mejillas, o ara\u00f1as vasculares en la pierna aumentan la autoestima est\u00e9tica.\",\"breadcrumb\":{\"@id\":\"https:\/\/www.hasert-haut.de\/es\/leistungen\/eliminacion-de-vasodilatacion\/#breadcrumb\"},\"inLanguage\":\"es\",\"potentialAction\":[{\"@type\":\"ReadAction\",\"target\":[\"https:\/\/www.hasert-haut.de\/es\/leistungen\/eliminacion-de-vasodilatacion\/\"]}]},{\"@type\":\"ImageObject\",\"inLanguage\":\"es\",\"@id\":\"https:\/\/www.hasert-haut.de\/es\/leistungen\/eliminacion-de-vasodilatacion\/#primaryimage\",\"url\":\"https:\/\/www.hasert-haut.de\/wp-content\/uploads\/2015\/01\/Entfernung-von-Gef\u00e4\u00dferweiterungen4.jpg\",\"contentUrl\":\"https:\/\/www.hasert-haut.de\/wp-content\/uploads\/2015\/01\/Entfernung-von-Gef\u00e4\u00dferweiterungen4.jpg\",\"width\":600,\"height\":600,\"caption\":\"Entfernung von Gef\u00e4\u00dferweiterungen\"},{\"@type\":\"BreadcrumbList\",\"@id\":\"https:\/\/www.hasert-haut.de\/es\/leistungen\/eliminacion-de-vasodilatacion\/#breadcrumb\",\"itemListElement\":[{\"@type\":\"ListItem\",\"position\":1,\"name\":\"Home\",\"item\":\"https:\/\/www.hasert-haut.de\/es\/bienvenidos\/\"},{\"@type\":\"ListItem\",\"position\":2,\"name\":\"Eliminaci\u00f3n de vasodilataci\u00f3n\"}]},{\"@type\":\"WebSite\",\"@id\":\"https:\/\/www.hasert-haut.de\/es\/#website\",\"url\":\"https:\/\/www.hasert-haut.de\/es\/\",\"name\":\"Hautarzt Berlin - Praxisklinik Dr. Hasert\",\"description\":\"Hautarzt, Allgemeinmedizin\",\"potentialAction\":[{\"@type\":\"SearchAction\",\"target\":{\"@type\":\"EntryPoint\",\"urlTemplate\":\"https:\/\/www.hasert-haut.de\/es\/?s={search_term_string}\"},\"query-input\":{\"@type\":\"PropertyValueSpecification\",\"valueRequired\":true,\"valueName\":\"search_term_string\"}}],\"inLanguage\":\"es\"}]}<\/script>\n<!-- \/ Yoast SEO plugin. -->","yoast_head_json":{"title":"Eliminaci\u00f3n de vasodilataciones | dermat\u00f3logo dr Hasert Berl\u00edn","description":"La eliminaci\u00f3n de dilataciones vasculares en la cara, principalmente en la zona de las mejillas, o ara\u00f1as vasculares en la pierna aumentan la autoestima est\u00e9tica.","robots":{"index":"index","follow":"follow","max-snippet":"max-snippet:-1","max-image-preview":"max-image-preview:large","max-video-preview":"max-video-preview:-1"},"canonical":"https:\/\/www.hasert-haut.de\/es\/leistungen\/eliminacion-de-vasodilatacion\/","og_locale":"es_ES","og_type":"article","og_title":"Eliminaci\u00f3n de vasodilataciones | dermat\u00f3logo dr Hasert Berl\u00edn","og_description":"La eliminaci\u00f3n de dilataciones vasculares en la cara, principalmente en la zona de las mejillas, o ara\u00f1as vasculares en la pierna aumentan la autoestima est\u00e9tica.","og_url":"https:\/\/www.hasert-haut.de\/es\/leistungen\/eliminacion-de-vasodilatacion\/","og_site_name":"Hautarzt Berlin - Praxisklinik Dr. Hasert","article_modified_time":"2022-11-09T13:10:31+00:00","og_image":[{"width":600,"height":600,"url":"https:\/\/www.hasert-haut.de\/wp-content\/uploads\/2015\/01\/Entfernung-von-Gef\u00e4\u00dferweiterungen4.jpg","type":"image\/jpeg"}],"twitter_misc":{"Tiempo de lectura":"4 minutos"},"schema":{"@context":"https:\/\/schema.org","@graph":[{"@type":"WebPage","@id":"https:\/\/www.hasert-haut.de\/es\/leistungen\/eliminacion-de-vasodilatacion\/","url":"https:\/\/www.hasert-haut.de\/es\/leistungen\/eliminacion-de-vasodilatacion\/","name":"Eliminaci\u00f3n de vasodilataciones | dermat\u00f3logo dr Hasert Berl\u00edn","isPartOf":{"@id":"https:\/\/www.hasert-haut.de\/es\/#website"},"primaryImageOfPage":{"@id":"https:\/\/www.hasert-haut.de\/es\/leistungen\/eliminacion-de-vasodilatacion\/#primaryimage"},"image":{"@id":"https:\/\/www.hasert-haut.de\/es\/leistungen\/eliminacion-de-vasodilatacion\/#primaryimage"},"thumbnailUrl":"https:\/\/www.hasert-haut.de\/wp-content\/uploads\/2015\/01\/Entfernung-von-Gef\u00e4\u00dferweiterungen4.jpg","datePublished":"2022-10-11T09:08:48+00:00","dateModified":"2022-11-09T13:10:31+00:00","description":"La eliminaci\u00f3n de dilataciones vasculares en la cara, principalmente en la zona de las mejillas, o ara\u00f1as vasculares en la pierna aumentan la autoestima est\u00e9tica.","breadcrumb":{"@id":"https:\/\/www.hasert-haut.de\/es\/leistungen\/eliminacion-de-vasodilatacion\/#breadcrumb"},"inLanguage":"es","potentialAction":[{"@type":"ReadAction","target":["https:\/\/www.hasert-haut.de\/es\/leistungen\/eliminacion-de-vasodilatacion\/"]}]},{"@type":"ImageObject","inLanguage":"es","@id":"https:\/\/www.hasert-haut.de\/es\/leistungen\/eliminacion-de-vasodilatacion\/#primaryimage","url":"https:\/\/www.hasert-haut.de\/wp-content\/uploads\/2015\/01\/Entfernung-von-Gef\u00e4\u00dferweiterungen4.jpg","contentUrl":"https:\/\/www.hasert-haut.de\/wp-content\/uploads\/2015\/01\/Entfernung-von-Gef\u00e4\u00dferweiterungen4.jpg","width":600,"height":600,"caption":"Entfernung von Gef\u00e4\u00dferweiterungen"},{"@type":"BreadcrumbList","@id":"https:\/\/www.hasert-haut.de\/es\/leistungen\/eliminacion-de-vasodilatacion\/#breadcrumb","itemListElement":[{"@type":"ListItem","position":1,"name":"Home","item":"https:\/\/www.hasert-haut.de\/es\/bienvenidos\/"},{"@type":"ListItem","position":2,"name":"Eliminaci\u00f3n de vasodilataci\u00f3n"}]},{"@type":"WebSite","@id":"https:\/\/www.hasert-haut.de\/es\/#website","url":"https:\/\/www.hasert-haut.de\/es\/","name":"Hautarzt Berlin - Praxisklinik Dr. Hasert","description":"Hautarzt, Allgemeinmedizin","potentialAction":[{"@type":"SearchAction","target":{"@type":"EntryPoint","urlTemplate":"https:\/\/www.hasert-haut.de\/es\/?s={search_term_string}"},"query-input":{"@type":"PropertyValueSpecification","valueRequired":true,"valueName":"search_term_string"}}],"inLanguage":"es"}]}},"_links":{"self":[{"href":"https:\/\/www.hasert-haut.de\/es\/wp-json\/wp\/v2\/portfolio\/6899","targetHints":{"allow":["GET"]}}],"collection":[{"href":"https:\/\/www.hasert-haut.de\/es\/wp-json\/wp\/v2\/portfolio"}],"about":[{"href":"https:\/\/www.hasert-haut.de\/es\/wp-json\/wp\/v2\/types\/portfolio"}],"replies":[{"embeddable":true,"href":"https:\/\/www.hasert-haut.de\/es\/wp-json\/wp\/v2\/comments?post=6899"}],"version-history":[{"count":19,"href":"https:\/\/www.hasert-haut.de\/es\/wp-json\/wp\/v2\/portfolio\/6899\/revisions"}],"predecessor-version":[{"id":10910,"href":"https:\/\/www.hasert-haut.de\/es\/wp-json\/wp\/v2\/portfolio\/6899\/revisions\/10910"}],"wp:featuredmedia":[{"embeddable":true,"href":"https:\/\/www.hasert-haut.de\/es\/wp-json\/wp\/v2\/media\/5845"}],"wp:attachment":[{"href":"https:\/\/www.hasert-haut.de\/es\/wp-json\/wp\/v2\/media?parent=6899"}],"wp:term":[{"taxonomy":"post_tag","embeddable":true,"href":"https:\/\/www.hasert-haut.de\/es\/wp-json\/wp\/v2\/tags?post=6899"},{"taxonomy":"portfolio_entries","embeddable":true,"href":"https:\/\/www.hasert-haut.de\/es\/wp-json\/wp\/v2\/portfolio_entries?post=6899"}],"curies":[{"name":"wp","href":"https:\/\/api.w.org\/{rel}","templated":true}]}}