{"id":7102,"date":"2022-10-11T12:19:41","date_gmt":"2022-10-11T12:19:41","guid":{"rendered":"https:\/\/www.hasert-haut.de\/leistungen\/photodynamische-therapie\/"},"modified":"2022-12-27T09:41:28","modified_gmt":"2022-12-27T09:41:28","slug":"terapia-fotodinamica","status":"publish","type":"portfolio","link":"https:\/\/www.hasert-haut.de\/es\/leistungen\/terapia-fotodinamica\/","title":{"rendered":"Terapia fotodin\u00e1mica"},"content":{"rendered":"\n<style type=\"text\/css\" data-created_by=\"avia_inline_auto\" id=\"style-css-av-av_heading-6fa68e5a68e9dda738477838d29ee3c9\">\n#top .av-special-heading.av-av_heading-6fa68e5a68e9dda738477838d29ee3c9{\npadding-bottom:10px;\n}\nbody .av-special-heading.av-av_heading-6fa68e5a68e9dda738477838d29ee3c9 .av-special-heading-tag .heading-char{\nfont-size:25px;\n}\n.av-special-heading.av-av_heading-6fa68e5a68e9dda738477838d29ee3c9 .av-subheading{\nfont-size:15px;\n}\n<\/style>\n<div  class='av-special-heading av-av_heading-6fa68e5a68e9dda738477838d29ee3c9 av-special-heading-h1 blockquote modern-quote  avia-builder-el-0  el_before_av_hr  avia-builder-el-first '><h1 class='av-special-heading-tag'  itemprop=\"headline\"  >Terapia fotodin\u00e1mica<\/h1><div class=\"special-heading-border\"><div class=\"special-heading-inner-border\"><\/div><\/div><\/div>\n\n<style type=\"text\/css\" data-created_by=\"avia_inline_auto\" id=\"style-css-av-l96ryrhp-34611b3b3859af4f21b0a1bfa0ad5e24\">\n#top .hr.hr-invisible.av-l96ryrhp-34611b3b3859af4f21b0a1bfa0ad5e24{\nheight:50px;\n}\n<\/style>\n<div  class='hr av-l96ryrhp-34611b3b3859af4f21b0a1bfa0ad5e24 hr-invisible  avia-builder-el-1  el_after_av_heading  el_before_av_three_fifth '><span class='hr-inner '><span class=\"hr-inner-style\"><\/span><\/span><\/div>\n\n<style type=\"text\/css\" data-created_by=\"avia_inline_auto\" id=\"style-css-av-6dj6ns-7472608404402ce7ad5c72bb757e28f8\">\n.flex_column.av-6dj6ns-7472608404402ce7ad5c72bb757e28f8{\nborder-radius:0px 0px 0px 0px;\npadding:0px 0px 0px 0px;\n}\n<\/style>\n<div  class='flex_column av-6dj6ns-7472608404402ce7ad5c72bb757e28f8 av_three_fifth  avia-builder-el-2  el_after_av_hr  el_before_av_two_fifth  first flex_column_div av-zero-column-padding  '     ><section  class='av_textblock_section av-7gmm-f081bd034949a238a2a7967efbc1567a '   itemscope=\"itemscope\" itemtype=\"https:\/\/schema.org\/CreativeWork\" ><div class='avia_textblock'  itemprop=\"text\" ><p style=\"text-align: justify;\">Utilizamos la terapia fotodin\u00e1mica (TFD) como un procedimiento moderno para el tratamiento del basalioma plano y las queratosis act\u00ednicas. El \u00e1rea a tratar se irradia con una luz ultravioleta especial durante aproximadamente media hora. Se aplica un agente quimioterap\u00e9utico de acci\u00f3n local varias horas antes. Este se almacena exclusivamente en las c\u00e9lulas de la piel alteradas malignamente y, junto con la radiaci\u00f3n UV, destruye selectivamente el tejido tumoral. Dependiendo de los hallazgos cl\u00ednicos y la respuesta a la terapia, se pueden requerir varias sesiones. Para poder reconocer y tratar cualquier nuevo cambio en la piel de este tipo en una etapa temprana, se requieren controles de seguimiento regulares. Recomendamos usar un protector solar que se adapte a su tipo de piel.      <\/p>\n<\/div><\/section><\/div>\n<style type=\"text\/css\" data-created_by=\"avia_inline_auto\" id=\"style-css-av-35maw8-40d53b73a800c5af1e8f9ef0bbd6d964\">\n.flex_column.av-35maw8-40d53b73a800c5af1e8f9ef0bbd6d964{\nborder-radius:0px 0px 0px 0px;\npadding:0px 0px 0px 0px;\n}\n<\/style>\n<div  class='flex_column av-35maw8-40d53b73a800c5af1e8f9ef0bbd6d964 av_two_fifth  avia-builder-el-4  el_after_av_three_fifth  el_before_av_hr  flex_column_div av-zero-column-padding  '     ><div id='av-masonry-1' class='av-masonry av-l96s1ic1-ced213ab4bd526041392bb8455e8e812 noHover av-fixed-size av-large-gap av-hover-overlay-active av-masonry-animation-active av-masonry-col-2 av-caption-always av-caption-style- av-masonry-gallery ' data-post_id=\"7102\"><div class=\"av-masonry-container isotope av-js-disabled\"><div class='av-masonry-entry isotope-item av-masonry-item-no-image '><\/div><a href=\"https:\/\/www.hasert-haut.de\/wp-content\/uploads\/2015\/01\/Photodynamische-Therapie.jpg\" data-srcset=\"https:\/\/www.hasert-haut.de\/wp-content\/uploads\/2015\/01\/Photodynamische-Therapie.jpg 600w, https:\/\/www.hasert-haut.de\/wp-content\/uploads\/2015\/01\/Photodynamische-Therapie-80x80.jpg 80w, https:\/\/www.hasert-haut.de\/wp-content\/uploads\/2015\/01\/Photodynamische-Therapie-300x300.jpg 300w, https:\/\/www.hasert-haut.de\/wp-content\/uploads\/2015\/01\/Photodynamische-Therapie-36x36.jpg 36w, https:\/\/www.hasert-haut.de\/wp-content\/uploads\/2015\/01\/Photodynamische-Therapie-180x180.jpg 180w, https:\/\/www.hasert-haut.de\/wp-content\/uploads\/2015\/01\/Photodynamische-Therapie-120x120.jpg 120w, https:\/\/www.hasert-haut.de\/wp-content\/uploads\/2015\/01\/Photodynamische-Therapie-450x450.jpg 450w\" data-sizes=\"(max-width: 600px) 100vw, 600px\"  aria-label=\"image Photodynamische Therapie\"  id='av-masonry-1-item-5787' data-av-masonry-item='5787' class='av-masonry-entry isotope-item post-5787 attachment type-attachment status-inherit hentry  av-masonry-item-with-image' title=\"Photodynamische Therapie\" alt=\"\"    itemprop=\"thumbnailUrl\" ><div class='av-inner-masonry-sizer'><\/div><figure class='av-inner-masonry main_color'><div class=\"av-masonry-outerimage-container\"><div class='av-masonry-image-container' style=\"background-image: url(https:\/\/www.hasert-haut.de\/wp-content\/uploads\/2015\/01\/Photodynamische-Therapie.jpg);\"  title=\"Photodynamische Therapie\"  ><\/div><\/div><\/figure><\/a><!--end av-masonry entry--><\/div><\/div><\/div>\n<style type=\"text\/css\" data-created_by=\"avia_inline_auto\" id=\"style-css-av-1r06m-22f4993bc341f54115743d69d089ae2f\">\n#top .hr.hr-invisible.av-1r06m-22f4993bc341f54115743d69d089ae2f{\nheight:50px;\n}\n<\/style>\n<div  class='hr av-1r06m-22f4993bc341f54115743d69d089ae2f hr-invisible  avia-builder-el-6  el_after_av_two_fifth  el_before_av_postcontent  avia-builder-el-last '><span class='hr-inner '><span class=\"hr-inner-style\"><\/span><\/span><\/div><\/p>\n[av_heading heading='Otros servicios de nuestra pr\u00e1ctica' tag='h3' style='blockquote modern-quote modern-centered' subheading_active='' show_icon='' icon='ue800' font='' size='' av-medium-font-size-title='' av-small-font-size-title='' av-mini-font-size-title='' subheading_size='' av-medium-font-size='' av-small-font-size='' av-mini-font-size='' icon_size='' av-medium-font-size-1='' av-small-font-size-1='' av-mini-font-size-1='' color='' custom_font='' icon_color='' margin='' margin_sync='true' padding='10' icon_padding='10' link='' link_target='' id='' custom_class='' av_uid='av-l9475f5a' admin_preview_bg=''][\/av_heading]\n\n[av_masonry_entries link='portfolio_entries,95,72,73,71' wc_prod_visible='' wc_prod_hidden='hide' wc_prod_featured='' prod_order_by='' prod_order='' date_filter='' date_filter_start='' date_filter_end='' date_filter_format='yy\/mm\/dd' sort='no' query_orderby='rand' query_order='DESC' caption_elements='title' caption_styling='overlay' caption_display='always' size='fixed' orientation='' gap='large' columns='5' av-medium-columns='' av-small-columns='' av-mini-columns='' items='5' paginate='none' color='' custom_bg='' overlay_fx='active' animation='active' lazy_loading='disabled' id='' custom_class='' av_uid='av-l9474s7j']\n\n\n","protected":false},"excerpt":{"rendered":"","protected":false},"featured_media":5979,"comment_status":"closed","ping_status":"closed","template":"","tags":[],"portfolio_entries":[86],"class_list":["post-7102","portfolio","type-portfolio","status-publish","has-post-thumbnail","hentry","portfolio_entries-hautkrebsbehandlung-es"],"yoast_head":"<!-- This site is optimized with the Yoast SEO plugin v25.3.1 - https:\/\/yoast.com\/wordpress\/plugins\/seo\/ -->\n<title>Terapia Fotodin\u00e1mica | dermat\u00f3logo dr Hasert Berl\u00edn<\/title>\n<meta name=\"robots\" content=\"index, follow, max-snippet:-1, max-image-preview:large, max-video-preview:-1\" \/>\n<link rel=\"canonical\" href=\"https:\/\/www.hasert-haut.de\/es\/leistungen\/terapia-fotodinamica\/\" \/>\n<meta property=\"og:locale\" content=\"es_ES\" \/>\n<meta property=\"og:type\" content=\"article\" \/>\n<meta property=\"og:title\" content=\"Terapia Fotodin\u00e1mica | dermat\u00f3logo dr Hasert Berl\u00edn\" \/>\n<meta property=\"og:url\" content=\"https:\/\/www.hasert-haut.de\/es\/leistungen\/terapia-fotodinamica\/\" \/>\n<meta property=\"og:site_name\" content=\"Hautarzt Berlin - Praxisklinik Dr. Hasert\" \/>\n<meta property=\"article:modified_time\" content=\"2022-12-27T09:41:28+00:00\" \/>\n<meta property=\"og:image\" content=\"https:\/\/www.hasert-haut.de\/wp-content\/uploads\/2016\/12\/Photodynamische-Therapie.jpg\" \/>\n\t<meta property=\"og:image:width\" content=\"600\" \/>\n\t<meta property=\"og:image:height\" content=\"400\" \/>\n\t<meta property=\"og:image:type\" content=\"image\/jpeg\" \/>\n<meta name=\"twitter:label1\" content=\"Tiempo de lectura\" \/>\n\t<meta name=\"twitter:data1\" content=\"3 minutos\" \/>\n<script type=\"application\/ld+json\" class=\"yoast-schema-graph\">{\"@context\":\"https:\/\/schema.org\",\"@graph\":[{\"@type\":\"WebPage\",\"@id\":\"https:\/\/www.hasert-haut.de\/es\/leistungen\/terapia-fotodinamica\/\",\"url\":\"https:\/\/www.hasert-haut.de\/es\/leistungen\/terapia-fotodinamica\/\",\"name\":\"Terapia Fotodin\u00e1mica | dermat\u00f3logo dr Hasert Berl\u00edn\",\"isPartOf\":{\"@id\":\"https:\/\/www.hasert-haut.de\/es\/#website\"},\"primaryImageOfPage\":{\"@id\":\"https:\/\/www.hasert-haut.de\/es\/leistungen\/terapia-fotodinamica\/#primaryimage\"},\"image\":{\"@id\":\"https:\/\/www.hasert-haut.de\/es\/leistungen\/terapia-fotodinamica\/#primaryimage\"},\"thumbnailUrl\":\"https:\/\/www.hasert-haut.de\/wp-content\/uploads\/2016\/12\/Photodynamische-Therapie.jpg\",\"datePublished\":\"2022-10-11T12:19:41+00:00\",\"dateModified\":\"2022-12-27T09:41:28+00:00\",\"breadcrumb\":{\"@id\":\"https:\/\/www.hasert-haut.de\/es\/leistungen\/terapia-fotodinamica\/#breadcrumb\"},\"inLanguage\":\"es\",\"potentialAction\":[{\"@type\":\"ReadAction\",\"target\":[\"https:\/\/www.hasert-haut.de\/es\/leistungen\/terapia-fotodinamica\/\"]}]},{\"@type\":\"ImageObject\",\"inLanguage\":\"es\",\"@id\":\"https:\/\/www.hasert-haut.de\/es\/leistungen\/terapia-fotodinamica\/#primaryimage\",\"url\":\"https:\/\/www.hasert-haut.de\/wp-content\/uploads\/2016\/12\/Photodynamische-Therapie.jpg\",\"contentUrl\":\"https:\/\/www.hasert-haut.de\/wp-content\/uploads\/2016\/12\/Photodynamische-Therapie.jpg\",\"width\":600,\"height\":400},{\"@type\":\"BreadcrumbList\",\"@id\":\"https:\/\/www.hasert-haut.de\/es\/leistungen\/terapia-fotodinamica\/#breadcrumb\",\"itemListElement\":[{\"@type\":\"ListItem\",\"position\":1,\"name\":\"Home\",\"item\":\"https:\/\/www.hasert-haut.de\/es\/bienvenidos\/\"},{\"@type\":\"ListItem\",\"position\":2,\"name\":\"Terapia fotodin\u00e1mica\"}]},{\"@type\":\"WebSite\",\"@id\":\"https:\/\/www.hasert-haut.de\/es\/#website\",\"url\":\"https:\/\/www.hasert-haut.de\/es\/\",\"name\":\"Hautarzt Berlin - Praxisklinik Dr. Hasert\",\"description\":\"Hautarzt, Allgemeinmedizin\",\"potentialAction\":[{\"@type\":\"SearchAction\",\"target\":{\"@type\":\"EntryPoint\",\"urlTemplate\":\"https:\/\/www.hasert-haut.de\/es\/?s={search_term_string}\"},\"query-input\":{\"@type\":\"PropertyValueSpecification\",\"valueRequired\":true,\"valueName\":\"search_term_string\"}}],\"inLanguage\":\"es\"}]}<\/script>\n<!-- \/ Yoast SEO plugin. -->","yoast_head_json":{"title":"Terapia Fotodin\u00e1mica | dermat\u00f3logo dr Hasert Berl\u00edn","robots":{"index":"index","follow":"follow","max-snippet":"max-snippet:-1","max-image-preview":"max-image-preview:large","max-video-preview":"max-video-preview:-1"},"canonical":"https:\/\/www.hasert-haut.de\/es\/leistungen\/terapia-fotodinamica\/","og_locale":"es_ES","og_type":"article","og_title":"Terapia Fotodin\u00e1mica | dermat\u00f3logo dr Hasert Berl\u00edn","og_url":"https:\/\/www.hasert-haut.de\/es\/leistungen\/terapia-fotodinamica\/","og_site_name":"Hautarzt Berlin - Praxisklinik Dr. Hasert","article_modified_time":"2022-12-27T09:41:28+00:00","og_image":[{"width":600,"height":400,"url":"https:\/\/www.hasert-haut.de\/wp-content\/uploads\/2016\/12\/Photodynamische-Therapie.jpg","type":"image\/jpeg"}],"twitter_misc":{"Tiempo de lectura":"3 minutos"},"schema":{"@context":"https:\/\/schema.org","@graph":[{"@type":"WebPage","@id":"https:\/\/www.hasert-haut.de\/es\/leistungen\/terapia-fotodinamica\/","url":"https:\/\/www.hasert-haut.de\/es\/leistungen\/terapia-fotodinamica\/","name":"Terapia Fotodin\u00e1mica | dermat\u00f3logo dr Hasert Berl\u00edn","isPartOf":{"@id":"https:\/\/www.hasert-haut.de\/es\/#website"},"primaryImageOfPage":{"@id":"https:\/\/www.hasert-haut.de\/es\/leistungen\/terapia-fotodinamica\/#primaryimage"},"image":{"@id":"https:\/\/www.hasert-haut.de\/es\/leistungen\/terapia-fotodinamica\/#primaryimage"},"thumbnailUrl":"https:\/\/www.hasert-haut.de\/wp-content\/uploads\/2016\/12\/Photodynamische-Therapie.jpg","datePublished":"2022-10-11T12:19:41+00:00","dateModified":"2022-12-27T09:41:28+00:00","breadcrumb":{"@id":"https:\/\/www.hasert-haut.de\/es\/leistungen\/terapia-fotodinamica\/#breadcrumb"},"inLanguage":"es","potentialAction":[{"@type":"ReadAction","target":["https:\/\/www.hasert-haut.de\/es\/leistungen\/terapia-fotodinamica\/"]}]},{"@type":"ImageObject","inLanguage":"es","@id":"https:\/\/www.hasert-haut.de\/es\/leistungen\/terapia-fotodinamica\/#primaryimage","url":"https:\/\/www.hasert-haut.de\/wp-content\/uploads\/2016\/12\/Photodynamische-Therapie.jpg","contentUrl":"https:\/\/www.hasert-haut.de\/wp-content\/uploads\/2016\/12\/Photodynamische-Therapie.jpg","width":600,"height":400},{"@type":"BreadcrumbList","@id":"https:\/\/www.hasert-haut.de\/es\/leistungen\/terapia-fotodinamica\/#breadcrumb","itemListElement":[{"@type":"ListItem","position":1,"name":"Home","item":"https:\/\/www.hasert-haut.de\/es\/bienvenidos\/"},{"@type":"ListItem","position":2,"name":"Terapia fotodin\u00e1mica"}]},{"@type":"WebSite","@id":"https:\/\/www.hasert-haut.de\/es\/#website","url":"https:\/\/www.hasert-haut.de\/es\/","name":"Hautarzt Berlin - Praxisklinik Dr. Hasert","description":"Hautarzt, Allgemeinmedizin","potentialAction":[{"@type":"SearchAction","target":{"@type":"EntryPoint","urlTemplate":"https:\/\/www.hasert-haut.de\/es\/?s={search_term_string}"},"query-input":{"@type":"PropertyValueSpecification","valueRequired":true,"valueName":"search_term_string"}}],"inLanguage":"es"}]}},"_links":{"self":[{"href":"https:\/\/www.hasert-haut.de\/es\/wp-json\/wp\/v2\/portfolio\/7102","targetHints":{"allow":["GET"]}}],"collection":[{"href":"https:\/\/www.hasert-haut.de\/es\/wp-json\/wp\/v2\/portfolio"}],"about":[{"href":"https:\/\/www.hasert-haut.de\/es\/wp-json\/wp\/v2\/types\/portfolio"}],"replies":[{"embeddable":true,"href":"https:\/\/www.hasert-haut.de\/es\/wp-json\/wp\/v2\/comments?post=7102"}],"version-history":[{"count":11,"href":"https:\/\/www.hasert-haut.de\/es\/wp-json\/wp\/v2\/portfolio\/7102\/revisions"}],"predecessor-version":[{"id":11435,"href":"https:\/\/www.hasert-haut.de\/es\/wp-json\/wp\/v2\/portfolio\/7102\/revisions\/11435"}],"wp:featuredmedia":[{"embeddable":true,"href":"https:\/\/www.hasert-haut.de\/es\/wp-json\/wp\/v2\/media\/5979"}],"wp:attachment":[{"href":"https:\/\/www.hasert-haut.de\/es\/wp-json\/wp\/v2\/media?parent=7102"}],"wp:term":[{"taxonomy":"post_tag","embeddable":true,"href":"https:\/\/www.hasert-haut.de\/es\/wp-json\/wp\/v2\/tags?post=7102"},{"taxonomy":"portfolio_entries","embeddable":true,"href":"https:\/\/www.hasert-haut.de\/es\/wp-json\/wp\/v2\/portfolio_entries?post=7102"}],"curies":[{"name":"wp","href":"https:\/\/api.w.org\/{rel}","templated":true}]}}