{"id":7121,"date":"2022-10-11T12:24:16","date_gmt":"2022-10-11T12:24:16","guid":{"rendered":"https:\/\/www.hasert-haut.de\/leistungen\/stachelzell-plattenepithelkarzinom\/"},"modified":"2023-09-20T14:42:43","modified_gmt":"2023-09-20T14:42:43","slug":"carcinoma-de-celulas-escamosas-de-celulas-espinosas","status":"publish","type":"portfolio","link":"https:\/\/www.hasert-haut.de\/es\/leistungen\/carcinoma-de-celulas-escamosas-de-celulas-espinosas\/","title":{"rendered":"Carcinoma de c\u00e9lulas escamosas"},"content":{"rendered":"\n<style type=\"text\/css\" data-created_by=\"avia_inline_auto\" id=\"style-css-av-l96so40f-9190bfa1c579473b5dd6d27f8bce70ed\">\n#top .av-special-heading.av-l96so40f-9190bfa1c579473b5dd6d27f8bce70ed{\npadding-bottom:10px;\n}\nbody .av-special-heading.av-l96so40f-9190bfa1c579473b5dd6d27f8bce70ed .av-special-heading-tag .heading-char{\nfont-size:25px;\n}\n.av-special-heading.av-l96so40f-9190bfa1c579473b5dd6d27f8bce70ed .av-subheading{\nfont-size:15px;\n}\n<\/style>\n<div  class='av-special-heading av-l96so40f-9190bfa1c579473b5dd6d27f8bce70ed av-special-heading-h1 blockquote modern-quote  avia-builder-el-0  el_before_av_hr  avia-builder-el-first '><h1 class='av-special-heading-tag'  itemprop=\"headline\"  >El carcinoma de c\u00e9lulas escamosas o de c\u00e9lulas escamosas<\/h1><div class=\"special-heading-border\"><div class=\"special-heading-inner-border\"><\/div><\/div><\/div>\n\n<style type=\"text\/css\" data-created_by=\"avia_inline_auto\" id=\"style-css-av-l96ryrhp-34611b3b3859af4f21b0a1bfa0ad5e24\">\n#top .hr.hr-invisible.av-l96ryrhp-34611b3b3859af4f21b0a1bfa0ad5e24{\nheight:50px;\n}\n<\/style>\n<div  class='hr av-l96ryrhp-34611b3b3859af4f21b0a1bfa0ad5e24 hr-invisible  avia-builder-el-1  el_after_av_heading  el_before_av_three_fifth '><span class='hr-inner '><span class=\"hr-inner-style\"><\/span><\/span><\/div>\n\n<style type=\"text\/css\" data-created_by=\"avia_inline_auto\" id=\"style-css-av-6dj6ns-7472608404402ce7ad5c72bb757e28f8\">\n.flex_column.av-6dj6ns-7472608404402ce7ad5c72bb757e28f8{\nborder-radius:0px 0px 0px 0px;\npadding:0px 0px 0px 0px;\n}\n<\/style>\n<div  class='flex_column av-6dj6ns-7472608404402ce7ad5c72bb757e28f8 av_three_fifth  avia-builder-el-2  el_after_av_hr  el_before_av_two_fifth  first flex_column_div av-zero-column-padding  '     ><section  class='av_textblock_section av-2c8o8-5b9b92282569ff7912a78b768c46d8be '   itemscope=\"itemscope\" itemtype=\"https:\/\/schema.org\/CreativeWork\" ><div class='avia_textblock'  itemprop=\"text\" ><p style=\"text-align: justify;\">El carcinoma de c\u00e9lulas escamosas es el segundo c\u00e1ncer de piel m\u00e1s com\u00fan. Las personas de piel clara tienen el mayor riesgo de desarrollar carcinoma de c\u00e9lulas escamosas. Afecta principalmente a personas mayores que han estado expuestas al sol durante muchos a\u00f1os. Desafortunadamente, debido a los cambios en los h\u00e1bitos de ocio, los carcinomas de c\u00e9lulas escamosas tambi\u00e9n ocurren cada vez m\u00e1s en pacientes m\u00e1s j\u00f3venes. Adem\u00e1s de la exposici\u00f3n permanente a la luz, la radiaci\u00f3n radiactiva, los tratamientos de radiaci\u00f3n (radiaci\u00f3n de luz y rayos X), la inflamaci\u00f3n cr\u00f3nica, la supresi\u00f3n inmunol\u00f3gica y las cicatrices particularmente pronunciadas pueden estar involucrados causalmente en el desarrollo. Los carcinomas de c\u00e9lulas escamosas son tumores malignos de la piel que, si crecen sin control, destruyen las estructuras adyacentes y, por lo tanto, pueden causar un gran da\u00f1o. Con la extirpaci\u00f3n temprana y completa, los carcinomas de c\u00e9lulas escamosas de la piel generalmente se pueden curar de manera definitiva y completa. La met\u00e1stasis a los ganglios linf\u00e1ticos y \u00f3rganos distantes es posible en el carcinoma cut\u00e1neo de c\u00e9lulas escamosas y ocurre principalmente en tumores avanzados m\u00e1s gruesos. Existe un mayor riesgo de met\u00e1stasis en pacientes inmunocomprometidos, por ejemplo, despu\u00e9s de un trasplante de \u00f3rganos.        <\/p>\n<p style=\"text-align: justify;\">Es extremadamente importante ponerse en contacto con nosotros ante el m\u00e1s m\u00ednimo cambio poco claro en la piel. En la mayor\u00eda de los casos, la detecci\u00f3n temprana de esta enfermedad de la piel puede prevenir consecuencias graves. <\/p>\n<\/div><\/section><\/div>\n<style type=\"text\/css\" data-created_by=\"avia_inline_auto\" id=\"style-css-av-35maw8-40d53b73a800c5af1e8f9ef0bbd6d964\">\n.flex_column.av-35maw8-40d53b73a800c5af1e8f9ef0bbd6d964{\nborder-radius:0px 0px 0px 0px;\npadding:0px 0px 0px 0px;\n}\n<\/style>\n<div  class='flex_column av-35maw8-40d53b73a800c5af1e8f9ef0bbd6d964 av_two_fifth  avia-builder-el-4  el_after_av_three_fifth  el_before_av_hr  flex_column_div av-zero-column-padding  '     ><div id='av-masonry-1' class='av-masonry av-l96s1ic1-7ab345817f3714af6ac57e77ef0562f8 noHover av-fixed-size av-large-gap av-hover-overlay-active av-masonry-animation-active av-masonry-col-2 av-caption-always av-caption-style- av-masonry-gallery ' data-post_id=\"7121\"><div class=\"av-masonry-container isotope av-js-disabled\"><div class='av-masonry-entry isotope-item av-masonry-item-no-image '><\/div><a href=\"https:\/\/www.hasert-haut.de\/wp-content\/uploads\/2015\/01\/Stachelzell-Plattenepithelkarzinom-5.jpg\" data-srcset=\"https:\/\/www.hasert-haut.de\/wp-content\/uploads\/2015\/01\/Stachelzell-Plattenepithelkarzinom-5.jpg 600w, https:\/\/www.hasert-haut.de\/wp-content\/uploads\/2015\/01\/Stachelzell-Plattenepithelkarzinom-5-80x80.jpg 80w, https:\/\/www.hasert-haut.de\/wp-content\/uploads\/2015\/01\/Stachelzell-Plattenepithelkarzinom-5-300x300.jpg 300w, https:\/\/www.hasert-haut.de\/wp-content\/uploads\/2015\/01\/Stachelzell-Plattenepithelkarzinom-5-36x36.jpg 36w, https:\/\/www.hasert-haut.de\/wp-content\/uploads\/2015\/01\/Stachelzell-Plattenepithelkarzinom-5-180x180.jpg 180w, https:\/\/www.hasert-haut.de\/wp-content\/uploads\/2015\/01\/Stachelzell-Plattenepithelkarzinom-5-120x120.jpg 120w, https:\/\/www.hasert-haut.de\/wp-content\/uploads\/2015\/01\/Stachelzell-Plattenepithelkarzinom-5-450x450.jpg 450w\" data-sizes=\"(max-width: 600px) 100vw, 600px\"  aria-label=\"image Stachelzell-\/ Plattenepithelkarzinom\"  id='av-masonry-1-item-5797' data-av-masonry-item='5797' class='av-masonry-entry isotope-item post-5797 attachment type-attachment status-inherit hentry  av-masonry-item-with-image' title=\"Stachelzell-\/ Plattenepithelkarzinom\" alt=\"\"    itemprop=\"thumbnailUrl\" ><div class='av-inner-masonry-sizer'><\/div><figure class='av-inner-masonry main_color'><div class=\"av-masonry-outerimage-container\"><div class='av-masonry-image-container' style=\"background-image: url(https:\/\/www.hasert-haut.de\/wp-content\/uploads\/2015\/01\/Stachelzell-Plattenepithelkarzinom-5.jpg);\"  title=\"Stachelzell-\/ Plattenepithelkarzinom\"  ><\/div><\/div><\/figure><\/a><!--end av-masonry entry--><a href=\"https:\/\/www.hasert-haut.de\/wp-content\/uploads\/2015\/01\/Stachelzell-Plattenepithelkarzinom-7.jpg\" data-srcset=\"https:\/\/www.hasert-haut.de\/wp-content\/uploads\/2015\/01\/Stachelzell-Plattenepithelkarzinom-7.jpg 600w, https:\/\/www.hasert-haut.de\/wp-content\/uploads\/2015\/01\/Stachelzell-Plattenepithelkarzinom-7-80x80.jpg 80w, https:\/\/www.hasert-haut.de\/wp-content\/uploads\/2015\/01\/Stachelzell-Plattenepithelkarzinom-7-300x300.jpg 300w, https:\/\/www.hasert-haut.de\/wp-content\/uploads\/2015\/01\/Stachelzell-Plattenepithelkarzinom-7-36x36.jpg 36w, https:\/\/www.hasert-haut.de\/wp-content\/uploads\/2015\/01\/Stachelzell-Plattenepithelkarzinom-7-180x180.jpg 180w, https:\/\/www.hasert-haut.de\/wp-content\/uploads\/2015\/01\/Stachelzell-Plattenepithelkarzinom-7-120x120.jpg 120w, https:\/\/www.hasert-haut.de\/wp-content\/uploads\/2015\/01\/Stachelzell-Plattenepithelkarzinom-7-450x450.jpg 450w\" data-sizes=\"(max-width: 600px) 100vw, 600px\"  aria-label=\"image Stachelzell-\/ Plattenepithelkarzinom\"  id='av-masonry-1-item-5801' data-av-masonry-item='5801' class='av-masonry-entry isotope-item post-5801 attachment type-attachment status-inherit hentry  av-masonry-item-with-image' title=\"Stachelzell-\/ Plattenepithelkarzinom\" alt=\"\"    itemprop=\"thumbnailUrl\" ><div class='av-inner-masonry-sizer'><\/div><figure class='av-inner-masonry main_color'><div class=\"av-masonry-outerimage-container\"><div class='av-masonry-image-container' style=\"background-image: url(https:\/\/www.hasert-haut.de\/wp-content\/uploads\/2015\/01\/Stachelzell-Plattenepithelkarzinom-7.jpg);\"  title=\"Stachelzell-\/ Plattenepithelkarzinom\"  ><\/div><\/div><\/figure><\/a><!--end av-masonry entry--><a href=\"https:\/\/www.hasert-haut.de\/wp-content\/uploads\/2015\/01\/Stachelzell-Plattenepithelkarzinom-6.jpg\" data-srcset=\"https:\/\/www.hasert-haut.de\/wp-content\/uploads\/2015\/01\/Stachelzell-Plattenepithelkarzinom-6.jpg 600w, https:\/\/www.hasert-haut.de\/wp-content\/uploads\/2015\/01\/Stachelzell-Plattenepithelkarzinom-6-80x80.jpg 80w, https:\/\/www.hasert-haut.de\/wp-content\/uploads\/2015\/01\/Stachelzell-Plattenepithelkarzinom-6-300x300.jpg 300w, https:\/\/www.hasert-haut.de\/wp-content\/uploads\/2015\/01\/Stachelzell-Plattenepithelkarzinom-6-36x36.jpg 36w, https:\/\/www.hasert-haut.de\/wp-content\/uploads\/2015\/01\/Stachelzell-Plattenepithelkarzinom-6-180x180.jpg 180w, https:\/\/www.hasert-haut.de\/wp-content\/uploads\/2015\/01\/Stachelzell-Plattenepithelkarzinom-6-120x120.jpg 120w, https:\/\/www.hasert-haut.de\/wp-content\/uploads\/2015\/01\/Stachelzell-Plattenepithelkarzinom-6-450x450.jpg 450w\" data-sizes=\"(max-width: 600px) 100vw, 600px\"  aria-label=\"image Stachelzell-\/ Plattenepithelkarzinom\"  id='av-masonry-1-item-5799' data-av-masonry-item='5799' class='av-masonry-entry isotope-item post-5799 attachment type-attachment status-inherit hentry  av-masonry-item-with-image' title=\"Stachelzell-\/ Plattenepithelkarzinom\" alt=\"\"    itemprop=\"thumbnailUrl\" ><div class='av-inner-masonry-sizer'><\/div><figure class='av-inner-masonry main_color'><div class=\"av-masonry-outerimage-container\"><div class='av-masonry-image-container' style=\"background-image: url(https:\/\/www.hasert-haut.de\/wp-content\/uploads\/2015\/01\/Stachelzell-Plattenepithelkarzinom-6.jpg);\"  title=\"Stachelzell-\/ Plattenepithelkarzinom\"  ><\/div><\/div><\/figure><\/a><!--end av-masonry entry--><a href=\"https:\/\/www.hasert-haut.de\/wp-content\/uploads\/2015\/01\/Stachelzell-Plattenepithelkarzinom-4.jpg\" data-srcset=\"https:\/\/www.hasert-haut.de\/wp-content\/uploads\/2015\/01\/Stachelzell-Plattenepithelkarzinom-4.jpg 600w, https:\/\/www.hasert-haut.de\/wp-content\/uploads\/2015\/01\/Stachelzell-Plattenepithelkarzinom-4-80x80.jpg 80w, https:\/\/www.hasert-haut.de\/wp-content\/uploads\/2015\/01\/Stachelzell-Plattenepithelkarzinom-4-300x300.jpg 300w, https:\/\/www.hasert-haut.de\/wp-content\/uploads\/2015\/01\/Stachelzell-Plattenepithelkarzinom-4-36x36.jpg 36w, https:\/\/www.hasert-haut.de\/wp-content\/uploads\/2015\/01\/Stachelzell-Plattenepithelkarzinom-4-180x180.jpg 180w, https:\/\/www.hasert-haut.de\/wp-content\/uploads\/2015\/01\/Stachelzell-Plattenepithelkarzinom-4-120x120.jpg 120w, https:\/\/www.hasert-haut.de\/wp-content\/uploads\/2015\/01\/Stachelzell-Plattenepithelkarzinom-4-450x450.jpg 450w\" data-sizes=\"(max-width: 600px) 100vw, 600px\"  aria-label=\"image Stachelzell-\/ Plattenepithelkarzinom\"  id='av-masonry-1-item-5795' data-av-masonry-item='5795' class='av-masonry-entry isotope-item post-5795 attachment type-attachment status-inherit hentry  av-masonry-item-with-image' title=\"Stachelzell-\/ Plattenepithelkarzinom\" alt=\"\"    itemprop=\"thumbnailUrl\" ><div class='av-inner-masonry-sizer'><\/div><figure class='av-inner-masonry main_color'><div class=\"av-masonry-outerimage-container\"><div class='av-masonry-image-container' style=\"background-image: url(https:\/\/www.hasert-haut.de\/wp-content\/uploads\/2015\/01\/Stachelzell-Plattenepithelkarzinom-4.jpg);\"  title=\"Stachelzell-\/ Plattenepithelkarzinom\"  ><\/div><\/div><\/figure><\/a><!--end av-masonry entry--><a href=\"https:\/\/www.hasert-haut.de\/wp-content\/uploads\/2015\/01\/Stachelzell-Plattenepithelkarzinom-3.jpg\" data-srcset=\"https:\/\/www.hasert-haut.de\/wp-content\/uploads\/2015\/01\/Stachelzell-Plattenepithelkarzinom-3.jpg 600w, https:\/\/www.hasert-haut.de\/wp-content\/uploads\/2015\/01\/Stachelzell-Plattenepithelkarzinom-3-80x80.jpg 80w, https:\/\/www.hasert-haut.de\/wp-content\/uploads\/2015\/01\/Stachelzell-Plattenepithelkarzinom-3-300x300.jpg 300w, https:\/\/www.hasert-haut.de\/wp-content\/uploads\/2015\/01\/Stachelzell-Plattenepithelkarzinom-3-36x36.jpg 36w, https:\/\/www.hasert-haut.de\/wp-content\/uploads\/2015\/01\/Stachelzell-Plattenepithelkarzinom-3-180x180.jpg 180w, https:\/\/www.hasert-haut.de\/wp-content\/uploads\/2015\/01\/Stachelzell-Plattenepithelkarzinom-3-120x120.jpg 120w, https:\/\/www.hasert-haut.de\/wp-content\/uploads\/2015\/01\/Stachelzell-Plattenepithelkarzinom-3-450x450.jpg 450w\" data-sizes=\"(max-width: 600px) 100vw, 600px\"  aria-label=\"image Stachelzell-\/ Plattenepithelkarzinom\"  id='av-masonry-1-item-5793' data-av-masonry-item='5793' class='av-masonry-entry isotope-item post-5793 attachment type-attachment status-inherit hentry  av-masonry-item-with-image' title=\"Stachelzell-\/ Plattenepithelkarzinom\" alt=\"\"    itemprop=\"thumbnailUrl\" ><div class='av-inner-masonry-sizer'><\/div><figure class='av-inner-masonry main_color'><div class=\"av-masonry-outerimage-container\"><div class='av-masonry-image-container' style=\"background-image: url(https:\/\/www.hasert-haut.de\/wp-content\/uploads\/2015\/01\/Stachelzell-Plattenepithelkarzinom-3.jpg);\"  title=\"Stachelzell-\/ Plattenepithelkarzinom\"  ><\/div><\/div><\/figure><\/a><!--end av-masonry entry--><a href=\"https:\/\/www.hasert-haut.de\/wp-content\/uploads\/2015\/01\/Stachelzell-Plattenepithelkarzinom-2.jpg\" data-srcset=\"https:\/\/www.hasert-haut.de\/wp-content\/uploads\/2015\/01\/Stachelzell-Plattenepithelkarzinom-2.jpg 600w, https:\/\/www.hasert-haut.de\/wp-content\/uploads\/2015\/01\/Stachelzell-Plattenepithelkarzinom-2-80x80.jpg 80w, https:\/\/www.hasert-haut.de\/wp-content\/uploads\/2015\/01\/Stachelzell-Plattenepithelkarzinom-2-300x300.jpg 300w, https:\/\/www.hasert-haut.de\/wp-content\/uploads\/2015\/01\/Stachelzell-Plattenepithelkarzinom-2-36x36.jpg 36w, https:\/\/www.hasert-haut.de\/wp-content\/uploads\/2015\/01\/Stachelzell-Plattenepithelkarzinom-2-180x180.jpg 180w, https:\/\/www.hasert-haut.de\/wp-content\/uploads\/2015\/01\/Stachelzell-Plattenepithelkarzinom-2-120x120.jpg 120w, https:\/\/www.hasert-haut.de\/wp-content\/uploads\/2015\/01\/Stachelzell-Plattenepithelkarzinom-2-450x450.jpg 450w\" data-sizes=\"(max-width: 600px) 100vw, 600px\"  aria-label=\"image Stachelzell-\/ Plattenepithelkarzinom\"  id='av-masonry-1-item-5791' data-av-masonry-item='5791' class='av-masonry-entry isotope-item post-5791 attachment type-attachment status-inherit hentry  av-masonry-item-with-image' title=\"Stachelzell-\/ Plattenepithelkarzinom\" alt=\"\"    itemprop=\"thumbnailUrl\" ><div class='av-inner-masonry-sizer'><\/div><figure class='av-inner-masonry main_color'><div class=\"av-masonry-outerimage-container\"><div class='av-masonry-image-container' style=\"background-image: url(https:\/\/www.hasert-haut.de\/wp-content\/uploads\/2015\/01\/Stachelzell-Plattenepithelkarzinom-2.jpg);\"  title=\"Stachelzell-\/ Plattenepithelkarzinom\"  ><\/div><\/div><\/figure><\/a><!--end av-masonry entry--><a href=\"https:\/\/www.hasert-haut.de\/wp-content\/uploads\/2015\/01\/Stachelzell-Plattenepithelkarzinom-1.jpg\" data-srcset=\"https:\/\/www.hasert-haut.de\/wp-content\/uploads\/2015\/01\/Stachelzell-Plattenepithelkarzinom-1.jpg 600w, https:\/\/www.hasert-haut.de\/wp-content\/uploads\/2015\/01\/Stachelzell-Plattenepithelkarzinom-1-80x80.jpg 80w, https:\/\/www.hasert-haut.de\/wp-content\/uploads\/2015\/01\/Stachelzell-Plattenepithelkarzinom-1-300x300.jpg 300w, https:\/\/www.hasert-haut.de\/wp-content\/uploads\/2015\/01\/Stachelzell-Plattenepithelkarzinom-1-36x36.jpg 36w, https:\/\/www.hasert-haut.de\/wp-content\/uploads\/2015\/01\/Stachelzell-Plattenepithelkarzinom-1-180x180.jpg 180w, https:\/\/www.hasert-haut.de\/wp-content\/uploads\/2015\/01\/Stachelzell-Plattenepithelkarzinom-1-120x120.jpg 120w, https:\/\/www.hasert-haut.de\/wp-content\/uploads\/2015\/01\/Stachelzell-Plattenepithelkarzinom-1-450x450.jpg 450w\" data-sizes=\"(max-width: 600px) 100vw, 600px\"  aria-label=\"image Stachelzell-\/ Plattenepithelkarzinom\"  id='av-masonry-1-item-5789' data-av-masonry-item='5789' class='av-masonry-entry isotope-item post-5789 attachment type-attachment status-inherit hentry  av-masonry-item-with-image' title=\"Stachelzell-\/ Plattenepithelkarzinom\" alt=\"\"    itemprop=\"thumbnailUrl\" ><div class='av-inner-masonry-sizer'><\/div><figure class='av-inner-masonry main_color'><div class=\"av-masonry-outerimage-container\"><div class='av-masonry-image-container' style=\"background-image: url(https:\/\/www.hasert-haut.de\/wp-content\/uploads\/2015\/01\/Stachelzell-Plattenepithelkarzinom-1.jpg);\"  title=\"Stachelzell-\/ Plattenepithelkarzinom\"  ><\/div><\/div><\/figure><\/a><!--end av-masonry entry--><\/div><\/div><\/div>\n<style type=\"text\/css\" data-created_by=\"avia_inline_auto\" id=\"style-css-av-1r06m-22f4993bc341f54115743d69d089ae2f\">\n#top .hr.hr-invisible.av-1r06m-22f4993bc341f54115743d69d089ae2f{\nheight:50px;\n}\n<\/style>\n<div  class='hr av-1r06m-22f4993bc341f54115743d69d089ae2f hr-invisible  avia-builder-el-6  el_after_av_two_fifth  el_before_av_postcontent  avia-builder-el-last '><span class='hr-inner '><span class=\"hr-inner-style\"><\/span><\/span><\/div><\/p>\n[av_heading heading='Otros servicios de nuestra pr\u00e1ctica' tag='h3' style='blockquote modern-quote modern-centered' subheading_active='' show_icon='' icon='ue800' font='' size='' av-medium-font-size-title='' av-small-font-size-title='' av-mini-font-size-title='' subheading_size='' av-medium-font-size='' av-small-font-size='' av-mini-font-size='' icon_size='' av-medium-font-size-1='' av-small-font-size-1='' av-mini-font-size-1='' color='' custom_font='' icon_color='' margin='' margin_sync='true' padding='10' icon_padding='10' link='' link_target='' id='' custom_class='' av_uid='av-l9475f5a' admin_preview_bg=''][\/av_heading]\n\n[av_masonry_entries link='portfolio_entries,95,72,73,71' wc_prod_visible='' wc_prod_hidden='hide' wc_prod_featured='' prod_order_by='' prod_order='' date_filter='' date_filter_start='' date_filter_end='' date_filter_format='yy\/mm\/dd' sort='no' query_orderby='rand' query_order='DESC' caption_elements='title' caption_styling='overlay' caption_display='always' size='fixed' orientation='' gap='large' columns='5' av-medium-columns='' av-small-columns='' av-mini-columns='' items='5' paginate='none' color='' custom_bg='' overlay_fx='active' animation='active' lazy_loading='disabled' id='' custom_class='' av_uid='av-l9474s7j']\n\n\n","protected":false},"excerpt":{"rendered":"<p>El carcinoma de c\u00e9lulas escamosas es el segundo c\u00e1ncer de piel m\u00e1s frecuente. Las personas de piel clara tienen el mayor riesgo de desarrollar carcinoma de c\u00e9lulas escamosas.<\/p>\n","protected":false},"featured_media":5985,"comment_status":"closed","ping_status":"closed","template":"","tags":[],"portfolio_entries":[86],"class_list":["post-7121","portfolio","type-portfolio","status-publish","has-post-thumbnail","hentry","portfolio_entries-hautkrebsbehandlung-es"],"yoast_head":"<!-- This site is optimized with the Yoast SEO plugin v25.3.1 - https:\/\/yoast.com\/wordpress\/plugins\/seo\/ -->\n<title>Carcinoma de c\u00e9lulas escamosas | dermat\u00f3logo Dr. Hasert Berlin-Mitte<\/title>\n<meta name=\"description\" content=\"El carcinoma de c\u00e9lulas escamosas es el segundo c\u00e1ncer de piel m\u00e1s frecuente. Las personas de piel clara tienen el mayor riesgo de desarrollar carcinoma de c\u00e9lulas escamosas.\" \/>\n<meta name=\"robots\" content=\"index, follow, max-snippet:-1, max-image-preview:large, max-video-preview:-1\" \/>\n<link rel=\"canonical\" href=\"https:\/\/www.hasert-haut.de\/es\/leistungen\/carcinoma-de-celulas-escamosas-de-celulas-espinosas\/\" \/>\n<meta property=\"og:locale\" content=\"es_ES\" \/>\n<meta property=\"og:type\" content=\"article\" \/>\n<meta property=\"og:title\" content=\"Carcinoma de c\u00e9lulas escamosas | dermat\u00f3logo Dr. Hasert Berlin-Mitte\" \/>\n<meta property=\"og:description\" content=\"El carcinoma de c\u00e9lulas escamosas es el segundo c\u00e1ncer de piel m\u00e1s frecuente. Las personas de piel clara tienen el mayor riesgo de desarrollar carcinoma de c\u00e9lulas escamosas.\" \/>\n<meta property=\"og:url\" content=\"https:\/\/www.hasert-haut.de\/es\/leistungen\/carcinoma-de-celulas-escamosas-de-celulas-espinosas\/\" \/>\n<meta property=\"og:site_name\" content=\"Hautarzt Berlin - Praxisklinik Dr. Hasert\" \/>\n<meta property=\"article:modified_time\" content=\"2023-09-20T14:42:43+00:00\" \/>\n<meta property=\"og:image\" content=\"https:\/\/www.hasert-haut.de\/wp-content\/uploads\/2016\/12\/Stachelzell-Plattenepithelkarzinom.jpg\" \/>\n\t<meta property=\"og:image:width\" content=\"600\" \/>\n\t<meta property=\"og:image:height\" content=\"400\" \/>\n\t<meta property=\"og:image:type\" content=\"image\/jpeg\" \/>\n<meta name=\"twitter:label1\" content=\"Tiempo de lectura\" \/>\n\t<meta name=\"twitter:data1\" content=\"4 minutos\" \/>\n<script type=\"application\/ld+json\" class=\"yoast-schema-graph\">{\"@context\":\"https:\/\/schema.org\",\"@graph\":[{\"@type\":\"WebPage\",\"@id\":\"https:\/\/www.hasert-haut.de\/es\/leistungen\/carcinoma-de-celulas-escamosas-de-celulas-espinosas\/\",\"url\":\"https:\/\/www.hasert-haut.de\/es\/leistungen\/carcinoma-de-celulas-escamosas-de-celulas-espinosas\/\",\"name\":\"Carcinoma de c\u00e9lulas escamosas | dermat\u00f3logo Dr. Hasert Berlin-Mitte\",\"isPartOf\":{\"@id\":\"https:\/\/www.hasert-haut.de\/es\/#website\"},\"primaryImageOfPage\":{\"@id\":\"https:\/\/www.hasert-haut.de\/es\/leistungen\/carcinoma-de-celulas-escamosas-de-celulas-espinosas\/#primaryimage\"},\"image\":{\"@id\":\"https:\/\/www.hasert-haut.de\/es\/leistungen\/carcinoma-de-celulas-escamosas-de-celulas-espinosas\/#primaryimage\"},\"thumbnailUrl\":\"https:\/\/www.hasert-haut.de\/wp-content\/uploads\/2016\/12\/Stachelzell-Plattenepithelkarzinom.jpg\",\"datePublished\":\"2022-10-11T12:24:16+00:00\",\"dateModified\":\"2023-09-20T14:42:43+00:00\",\"description\":\"El carcinoma de c\u00e9lulas escamosas es el segundo c\u00e1ncer de piel m\u00e1s frecuente. Las personas de piel clara tienen el mayor riesgo de desarrollar carcinoma de c\u00e9lulas escamosas.\",\"breadcrumb\":{\"@id\":\"https:\/\/www.hasert-haut.de\/es\/leistungen\/carcinoma-de-celulas-escamosas-de-celulas-espinosas\/#breadcrumb\"},\"inLanguage\":\"es\",\"potentialAction\":[{\"@type\":\"ReadAction\",\"target\":[\"https:\/\/www.hasert-haut.de\/es\/leistungen\/carcinoma-de-celulas-escamosas-de-celulas-espinosas\/\"]}]},{\"@type\":\"ImageObject\",\"inLanguage\":\"es\",\"@id\":\"https:\/\/www.hasert-haut.de\/es\/leistungen\/carcinoma-de-celulas-escamosas-de-celulas-espinosas\/#primaryimage\",\"url\":\"https:\/\/www.hasert-haut.de\/wp-content\/uploads\/2016\/12\/Stachelzell-Plattenepithelkarzinom.jpg\",\"contentUrl\":\"https:\/\/www.hasert-haut.de\/wp-content\/uploads\/2016\/12\/Stachelzell-Plattenepithelkarzinom.jpg\",\"width\":600,\"height\":400},{\"@type\":\"BreadcrumbList\",\"@id\":\"https:\/\/www.hasert-haut.de\/es\/leistungen\/carcinoma-de-celulas-escamosas-de-celulas-espinosas\/#breadcrumb\",\"itemListElement\":[{\"@type\":\"ListItem\",\"position\":1,\"name\":\"Home\",\"item\":\"https:\/\/www.hasert-haut.de\/es\/bienvenidos\/\"},{\"@type\":\"ListItem\",\"position\":2,\"name\":\"Carcinoma de c\u00e9lulas escamosas\"}]},{\"@type\":\"WebSite\",\"@id\":\"https:\/\/www.hasert-haut.de\/es\/#website\",\"url\":\"https:\/\/www.hasert-haut.de\/es\/\",\"name\":\"Hautarzt Berlin - Praxisklinik Dr. Hasert\",\"description\":\"Hautarzt, Allgemeinmedizin\",\"potentialAction\":[{\"@type\":\"SearchAction\",\"target\":{\"@type\":\"EntryPoint\",\"urlTemplate\":\"https:\/\/www.hasert-haut.de\/es\/?s={search_term_string}\"},\"query-input\":{\"@type\":\"PropertyValueSpecification\",\"valueRequired\":true,\"valueName\":\"search_term_string\"}}],\"inLanguage\":\"es\"}]}<\/script>\n<!-- \/ Yoast SEO plugin. -->","yoast_head_json":{"title":"Carcinoma de c\u00e9lulas escamosas | dermat\u00f3logo Dr. Hasert Berlin-Mitte","description":"El carcinoma de c\u00e9lulas escamosas es el segundo c\u00e1ncer de piel m\u00e1s frecuente. Las personas de piel clara tienen el mayor riesgo de desarrollar carcinoma de c\u00e9lulas escamosas.","robots":{"index":"index","follow":"follow","max-snippet":"max-snippet:-1","max-image-preview":"max-image-preview:large","max-video-preview":"max-video-preview:-1"},"canonical":"https:\/\/www.hasert-haut.de\/es\/leistungen\/carcinoma-de-celulas-escamosas-de-celulas-espinosas\/","og_locale":"es_ES","og_type":"article","og_title":"Carcinoma de c\u00e9lulas escamosas | dermat\u00f3logo Dr. Hasert Berlin-Mitte","og_description":"El carcinoma de c\u00e9lulas escamosas es el segundo c\u00e1ncer de piel m\u00e1s frecuente. Las personas de piel clara tienen el mayor riesgo de desarrollar carcinoma de c\u00e9lulas escamosas.","og_url":"https:\/\/www.hasert-haut.de\/es\/leistungen\/carcinoma-de-celulas-escamosas-de-celulas-espinosas\/","og_site_name":"Hautarzt Berlin - Praxisklinik Dr. Hasert","article_modified_time":"2023-09-20T14:42:43+00:00","og_image":[{"width":600,"height":400,"url":"https:\/\/www.hasert-haut.de\/wp-content\/uploads\/2016\/12\/Stachelzell-Plattenepithelkarzinom.jpg","type":"image\/jpeg"}],"twitter_misc":{"Tiempo de lectura":"4 minutos"},"schema":{"@context":"https:\/\/schema.org","@graph":[{"@type":"WebPage","@id":"https:\/\/www.hasert-haut.de\/es\/leistungen\/carcinoma-de-celulas-escamosas-de-celulas-espinosas\/","url":"https:\/\/www.hasert-haut.de\/es\/leistungen\/carcinoma-de-celulas-escamosas-de-celulas-espinosas\/","name":"Carcinoma de c\u00e9lulas escamosas | dermat\u00f3logo Dr. Hasert Berlin-Mitte","isPartOf":{"@id":"https:\/\/www.hasert-haut.de\/es\/#website"},"primaryImageOfPage":{"@id":"https:\/\/www.hasert-haut.de\/es\/leistungen\/carcinoma-de-celulas-escamosas-de-celulas-espinosas\/#primaryimage"},"image":{"@id":"https:\/\/www.hasert-haut.de\/es\/leistungen\/carcinoma-de-celulas-escamosas-de-celulas-espinosas\/#primaryimage"},"thumbnailUrl":"https:\/\/www.hasert-haut.de\/wp-content\/uploads\/2016\/12\/Stachelzell-Plattenepithelkarzinom.jpg","datePublished":"2022-10-11T12:24:16+00:00","dateModified":"2023-09-20T14:42:43+00:00","description":"El carcinoma de c\u00e9lulas escamosas es el segundo c\u00e1ncer de piel m\u00e1s frecuente. Las personas de piel clara tienen el mayor riesgo de desarrollar carcinoma de c\u00e9lulas escamosas.","breadcrumb":{"@id":"https:\/\/www.hasert-haut.de\/es\/leistungen\/carcinoma-de-celulas-escamosas-de-celulas-espinosas\/#breadcrumb"},"inLanguage":"es","potentialAction":[{"@type":"ReadAction","target":["https:\/\/www.hasert-haut.de\/es\/leistungen\/carcinoma-de-celulas-escamosas-de-celulas-espinosas\/"]}]},{"@type":"ImageObject","inLanguage":"es","@id":"https:\/\/www.hasert-haut.de\/es\/leistungen\/carcinoma-de-celulas-escamosas-de-celulas-espinosas\/#primaryimage","url":"https:\/\/www.hasert-haut.de\/wp-content\/uploads\/2016\/12\/Stachelzell-Plattenepithelkarzinom.jpg","contentUrl":"https:\/\/www.hasert-haut.de\/wp-content\/uploads\/2016\/12\/Stachelzell-Plattenepithelkarzinom.jpg","width":600,"height":400},{"@type":"BreadcrumbList","@id":"https:\/\/www.hasert-haut.de\/es\/leistungen\/carcinoma-de-celulas-escamosas-de-celulas-espinosas\/#breadcrumb","itemListElement":[{"@type":"ListItem","position":1,"name":"Home","item":"https:\/\/www.hasert-haut.de\/es\/bienvenidos\/"},{"@type":"ListItem","position":2,"name":"Carcinoma de c\u00e9lulas escamosas"}]},{"@type":"WebSite","@id":"https:\/\/www.hasert-haut.de\/es\/#website","url":"https:\/\/www.hasert-haut.de\/es\/","name":"Hautarzt Berlin - Praxisklinik Dr. Hasert","description":"Hautarzt, Allgemeinmedizin","potentialAction":[{"@type":"SearchAction","target":{"@type":"EntryPoint","urlTemplate":"https:\/\/www.hasert-haut.de\/es\/?s={search_term_string}"},"query-input":{"@type":"PropertyValueSpecification","valueRequired":true,"valueName":"search_term_string"}}],"inLanguage":"es"}]}},"_links":{"self":[{"href":"https:\/\/www.hasert-haut.de\/es\/wp-json\/wp\/v2\/portfolio\/7121","targetHints":{"allow":["GET"]}}],"collection":[{"href":"https:\/\/www.hasert-haut.de\/es\/wp-json\/wp\/v2\/portfolio"}],"about":[{"href":"https:\/\/www.hasert-haut.de\/es\/wp-json\/wp\/v2\/types\/portfolio"}],"replies":[{"embeddable":true,"href":"https:\/\/www.hasert-haut.de\/es\/wp-json\/wp\/v2\/comments?post=7121"}],"version-history":[{"count":16,"href":"https:\/\/www.hasert-haut.de\/es\/wp-json\/wp\/v2\/portfolio\/7121\/revisions"}],"predecessor-version":[{"id":11919,"href":"https:\/\/www.hasert-haut.de\/es\/wp-json\/wp\/v2\/portfolio\/7121\/revisions\/11919"}],"wp:featuredmedia":[{"embeddable":true,"href":"https:\/\/www.hasert-haut.de\/es\/wp-json\/wp\/v2\/media\/5985"}],"wp:attachment":[{"href":"https:\/\/www.hasert-haut.de\/es\/wp-json\/wp\/v2\/media?parent=7121"}],"wp:term":[{"taxonomy":"post_tag","embeddable":true,"href":"https:\/\/www.hasert-haut.de\/es\/wp-json\/wp\/v2\/tags?post=7121"},{"taxonomy":"portfolio_entries","embeddable":true,"href":"https:\/\/www.hasert-haut.de\/es\/wp-json\/wp\/v2\/portfolio_entries?post=7121"}],"curies":[{"name":"wp","href":"https:\/\/api.w.org\/{rel}","templated":true}]}}