{"id":7141,"date":"2022-10-11T12:27:18","date_gmt":"2022-10-11T12:27:18","guid":{"rendered":"https:\/\/www.hasert-haut.de\/leistungen\/schlupflidbehandlung\/"},"modified":"2023-09-20T14:41:30","modified_gmt":"2023-09-20T14:41:30","slug":"tratamiento-para-parpados-caidos","status":"publish","type":"portfolio","link":"https:\/\/www.hasert-haut.de\/es\/leistungen\/tratamiento-para-parpados-caidos\/","title":{"rendered":"tratamiento para p\u00e1rpados ca\u00eddos"},"content":{"rendered":"\n<style type=\"text\/css\" data-created_by=\"avia_inline_auto\" id=\"style-css-av-l96sgv70-767675d6bf683db79f3e034d7fa1fa54\">\n#top .av-special-heading.av-l96sgv70-767675d6bf683db79f3e034d7fa1fa54{\npadding-bottom:10px;\n}\nbody .av-special-heading.av-l96sgv70-767675d6bf683db79f3e034d7fa1fa54 .av-special-heading-tag .heading-char{\nfont-size:25px;\n}\n.av-special-heading.av-l96sgv70-767675d6bf683db79f3e034d7fa1fa54 .av-subheading{\nfont-size:15px;\n}\n<\/style>\n<div  class='av-special-heading av-l96sgv70-767675d6bf683db79f3e034d7fa1fa54 av-special-heading-h1 blockquote modern-quote  avia-builder-el-0  el_before_av_hr  avia-builder-el-first '><h1 class='av-special-heading-tag'  itemprop=\"headline\"  >tratamiento para p\u00e1rpados ca\u00eddos<\/h1><div class=\"special-heading-border\"><div class=\"special-heading-inner-border\"><\/div><\/div><\/div>\n\n<style type=\"text\/css\" data-created_by=\"avia_inline_auto\" id=\"style-css-av-l96ryrhp-34611b3b3859af4f21b0a1bfa0ad5e24\">\n#top .hr.hr-invisible.av-l96ryrhp-34611b3b3859af4f21b0a1bfa0ad5e24{\nheight:50px;\n}\n<\/style>\n<div  class='hr av-l96ryrhp-34611b3b3859af4f21b0a1bfa0ad5e24 hr-invisible  avia-builder-el-1  el_after_av_heading  el_before_av_three_fifth '><span class='hr-inner '><span class=\"hr-inner-style\"><\/span><\/span><\/div>\n\n<style type=\"text\/css\" data-created_by=\"avia_inline_auto\" id=\"style-css-av-6dj6ns-7472608404402ce7ad5c72bb757e28f8\">\n.flex_column.av-6dj6ns-7472608404402ce7ad5c72bb757e28f8{\nborder-radius:0px 0px 0px 0px;\npadding:0px 0px 0px 0px;\n}\n<\/style>\n<div  class='flex_column av-6dj6ns-7472608404402ce7ad5c72bb757e28f8 av_three_fifth  avia-builder-el-2  el_after_av_hr  el_before_av_two_fifth  first flex_column_div av-zero-column-padding  '     ><section  class='av_textblock_section av-1pjsm-6cd8948454b303ff5ae82d570e307105 '   itemscope=\"itemscope\" itemtype=\"https:\/\/schema.org\/CreativeWork\" ><div class='avia_textblock'  itemprop=\"text\" ><p style=\"text-align: justify;\">La gente siempre ha dado especial importancia a los ojos. No son solo los puntos de se\u00f1al en la cara, sino que tambi\u00e9n se consideran un \u00abespejo del alma\u00bb que revela todo sobre una persona y su estado de \u00e1nimo.  Los ojos tambi\u00e9n son un importante medio de comunicaci\u00f3n, especialmente para las personas sociables o en p\u00fablico, y brindan apoyo para un buen carisma.<\/p>\n<p style=\"text-align: justify;\">Los ojos en particular son extremadamente sensibles al estr\u00e9s, el sobreesfuerzo, la fatiga y la ira. Tambi\u00e9n hay razones anat\u00f3micas para esto. La piel alrededor de los ojos es solo la mitad de gruesa que el resto de la piel del rostro, tiene una estructura de tejido conectivo m\u00e1s d\u00e9bil y contiene menos gl\u00e1ndulas seb\u00e1ceas. Todo esto contribuye al hecho de que el \u00e1rea de los ojos est\u00e1 particularmente sujeta al proceso natural de envejecimiento. Adem\u00e1s, existen factores hereditarios individuales que a menudo conducen al desarrollo de p\u00e1rpados ca\u00eddos o bolsas debajo de los ojos a una edad temprana.    <\/p>\n<p style=\"text-align: justify;\">Los p\u00e1rpados superiores arrugados y colgantes, los llamados p\u00e1rpados ca\u00eddos, que cubren los ojos, hacen una expresi\u00f3n facial cansada. El rostro no solo parece envejecido, tambi\u00e9n pierde su carisma y atractivo personal. Adem\u00e1s, las mujeres ya no pueden maquillarse los p\u00e1rpados superiores como lo desean. Al corregir los p\u00e1rpados, puede darle a sus ojos un nuevo brillo y quitarle a\u00f1os a su rostro.   <\/p>\n<\/div><\/section><\/div>\n<style type=\"text\/css\" data-created_by=\"avia_inline_auto\" id=\"style-css-av-35maw8-40d53b73a800c5af1e8f9ef0bbd6d964\">\n.flex_column.av-35maw8-40d53b73a800c5af1e8f9ef0bbd6d964{\nborder-radius:0px 0px 0px 0px;\npadding:0px 0px 0px 0px;\n}\n<\/style>\n<div  class='flex_column av-35maw8-40d53b73a800c5af1e8f9ef0bbd6d964 av_two_fifth  avia-builder-el-4  el_after_av_three_fifth  el_before_av_hr  flex_column_div av-zero-column-padding  '     ><div id='av-masonry-1' class='av-masonry av-l96s1ic1-7c4f6e7b6fc72dfbea9d844c5936cfd8 noHover av-fixed-size av-large-gap av-hover-overlay-active av-masonry-animation-active av-masonry-col-2 av-caption-always av-caption-style- av-masonry-gallery ' data-post_id=\"7141\"><div class=\"av-masonry-container isotope av-js-disabled\"><div class='av-masonry-entry isotope-item av-masonry-item-no-image '><\/div><a href=\"https:\/\/www.hasert-haut.de\/wp-content\/uploads\/2016\/11\/schlupflidbehandlung.jpg\" data-srcset=\"https:\/\/www.hasert-haut.de\/wp-content\/uploads\/2016\/11\/schlupflidbehandlung.jpg 900w, https:\/\/www.hasert-haut.de\/wp-content\/uploads\/2016\/11\/schlupflidbehandlung-300x200.jpg 300w, https:\/\/www.hasert-haut.de\/wp-content\/uploads\/2016\/11\/schlupflidbehandlung-768x512.jpg 768w, https:\/\/www.hasert-haut.de\/wp-content\/uploads\/2016\/11\/schlupflidbehandlung-705x470.jpg 705w, https:\/\/www.hasert-haut.de\/wp-content\/uploads\/2016\/11\/schlupflidbehandlung-450x300.jpg 450w\" data-sizes=\"(max-width: 900px) 100vw, 900px\"  aria-label=\"image Schlupflidbehandlung\"  id='av-masonry-1-item-5999' data-av-masonry-item='5999' class='av-masonry-entry isotope-item post-5999 attachment type-attachment status-inherit hentry  av-masonry-item-with-image' title=\"Schlupflidbehandlung\" alt=\"\"    itemprop=\"thumbnailUrl\" ><div class='av-inner-masonry-sizer'><\/div><figure class='av-inner-masonry main_color'><div class=\"av-masonry-outerimage-container\"><div class='av-masonry-image-container' style=\"background-image: url(https:\/\/www.hasert-haut.de\/wp-content\/uploads\/2016\/11\/schlupflidbehandlung-705x470.jpg);\"  title=\"Schlupflidbehandlung\"  ><\/div><\/div><\/figure><\/a><!--end av-masonry entry--><\/div><\/div><\/div>\n<style type=\"text\/css\" data-created_by=\"avia_inline_auto\" id=\"style-css-av-1r06m-22f4993bc341f54115743d69d089ae2f\">\n#top .hr.hr-invisible.av-1r06m-22f4993bc341f54115743d69d089ae2f{\nheight:50px;\n}\n<\/style>\n<div  class='hr av-1r06m-22f4993bc341f54115743d69d089ae2f hr-invisible  avia-builder-el-6  el_after_av_two_fifth  el_before_av_postcontent  avia-builder-el-last '><span class='hr-inner '><span class=\"hr-inner-style\"><\/span><\/span><\/div><\/p>\n[av_heading heading='Otros servicios de nuestra pr\u00e1ctica' tag='h3' style='blockquote modern-quote modern-centered' subheading_active='' show_icon='' icon='ue800' font='' size='' av-medium-font-size-title='' av-small-font-size-title='' av-mini-font-size-title='' subheading_size='' av-medium-font-size='' av-small-font-size='' av-mini-font-size='' icon_size='' av-medium-font-size-1='' av-small-font-size-1='' av-mini-font-size-1='' color='' custom_font='' icon_color='' margin='' margin_sync='true' padding='10' icon_padding='10' link='' link_target='' id='' custom_class='' av_uid='av-l9475f5a' admin_preview_bg=''][\/av_heading]\n\n[av_masonry_entries link='portfolio_entries,95,72,73,71' wc_prod_visible='' wc_prod_hidden='hide' wc_prod_featured='' prod_order_by='' prod_order='' date_filter='' date_filter_start='' date_filter_end='' date_filter_format='yy\/mm\/dd' sort='no' query_orderby='rand' query_order='DESC' caption_elements='title' caption_styling='overlay' caption_display='always' size='fixed' orientation='' gap='large' columns='5' av-medium-columns='' av-small-columns='' av-mini-columns='' items='5' paginate='none' color='' custom_bg='' overlay_fx='active' animation='active' lazy_loading='disabled' id='' custom_class='' av_uid='av-l9474s7j']\n\n\n","protected":false},"excerpt":{"rendered":"<p>La gente siempre ha dado especial importancia a los ojos. No son solo los puntos de se\u00f1al en la cara, sino que tambi\u00e9n se consideran un \u00abespejo del alma\u00bb que revela todo sobre una persona y su estado de \u00e1nimo. <\/p>\n","protected":false},"featured_media":5999,"comment_status":"closed","ping_status":"closed","template":"","tags":[],"portfolio_entries":[93],"class_list":["post-7141","portfolio","type-portfolio","status-publish","has-post-thumbnail","hentry","portfolio_entries-aesthetische-dermatologie-es"],"yoast_head":"<!-- This site is optimized with the Yoast SEO plugin v25.3.1 - https:\/\/yoast.com\/wordpress\/plugins\/seo\/ -->\n<title>Tratamiento de manchas | Dermat\u00f3logo Dr. Hasert Berlin-Mitte<\/title>\n<meta name=\"robots\" content=\"index, follow, max-snippet:-1, max-image-preview:large, max-video-preview:-1\" \/>\n<link rel=\"canonical\" href=\"https:\/\/www.hasert-haut.de\/es\/leistungen\/tratamiento-para-parpados-caidos\/\" \/>\n<meta property=\"og:locale\" content=\"es_ES\" \/>\n<meta property=\"og:type\" content=\"article\" \/>\n<meta property=\"og:title\" content=\"Tratamiento de manchas | Dermat\u00f3logo Dr. Hasert Berlin-Mitte\" \/>\n<meta property=\"og:description\" content=\"La gente siempre ha dado especial importancia a los ojos. No son solo los puntos de se\u00f1al en la cara, sino que tambi\u00e9n se consideran un &quot;espejo del alma&quot; que revela todo sobre una persona y su estado de \u00e1nimo.\" \/>\n<meta property=\"og:url\" content=\"https:\/\/www.hasert-haut.de\/es\/leistungen\/tratamiento-para-parpados-caidos\/\" \/>\n<meta property=\"og:site_name\" content=\"Hautarzt Berlin - Praxisklinik Dr. Hasert\" \/>\n<meta property=\"article:modified_time\" content=\"2023-09-20T14:41:30+00:00\" \/>\n<meta property=\"og:image\" content=\"https:\/\/www.hasert-haut.de\/wp-content\/uploads\/2016\/11\/schlupflidbehandlung.jpg\" \/>\n\t<meta property=\"og:image:width\" content=\"900\" \/>\n\t<meta property=\"og:image:height\" content=\"600\" \/>\n\t<meta property=\"og:image:type\" content=\"image\/jpeg\" \/>\n<meta name=\"twitter:label1\" content=\"Tiempo de lectura\" \/>\n\t<meta name=\"twitter:data1\" content=\"4 minutos\" \/>\n<script type=\"application\/ld+json\" class=\"yoast-schema-graph\">{\"@context\":\"https:\/\/schema.org\",\"@graph\":[{\"@type\":\"WebPage\",\"@id\":\"https:\/\/www.hasert-haut.de\/es\/leistungen\/tratamiento-para-parpados-caidos\/\",\"url\":\"https:\/\/www.hasert-haut.de\/es\/leistungen\/tratamiento-para-parpados-caidos\/\",\"name\":\"Tratamiento de manchas | Dermat\u00f3logo Dr. Hasert Berlin-Mitte\",\"isPartOf\":{\"@id\":\"https:\/\/www.hasert-haut.de\/es\/#website\"},\"primaryImageOfPage\":{\"@id\":\"https:\/\/www.hasert-haut.de\/es\/leistungen\/tratamiento-para-parpados-caidos\/#primaryimage\"},\"image\":{\"@id\":\"https:\/\/www.hasert-haut.de\/es\/leistungen\/tratamiento-para-parpados-caidos\/#primaryimage\"},\"thumbnailUrl\":\"https:\/\/www.hasert-haut.de\/wp-content\/uploads\/2016\/11\/schlupflidbehandlung.jpg\",\"datePublished\":\"2022-10-11T12:27:18+00:00\",\"dateModified\":\"2023-09-20T14:41:30+00:00\",\"breadcrumb\":{\"@id\":\"https:\/\/www.hasert-haut.de\/es\/leistungen\/tratamiento-para-parpados-caidos\/#breadcrumb\"},\"inLanguage\":\"es\",\"potentialAction\":[{\"@type\":\"ReadAction\",\"target\":[\"https:\/\/www.hasert-haut.de\/es\/leistungen\/tratamiento-para-parpados-caidos\/\"]}]},{\"@type\":\"ImageObject\",\"inLanguage\":\"es\",\"@id\":\"https:\/\/www.hasert-haut.de\/es\/leistungen\/tratamiento-para-parpados-caidos\/#primaryimage\",\"url\":\"https:\/\/www.hasert-haut.de\/wp-content\/uploads\/2016\/11\/schlupflidbehandlung.jpg\",\"contentUrl\":\"https:\/\/www.hasert-haut.de\/wp-content\/uploads\/2016\/11\/schlupflidbehandlung.jpg\",\"width\":900,\"height\":600},{\"@type\":\"BreadcrumbList\",\"@id\":\"https:\/\/www.hasert-haut.de\/es\/leistungen\/tratamiento-para-parpados-caidos\/#breadcrumb\",\"itemListElement\":[{\"@type\":\"ListItem\",\"position\":1,\"name\":\"Home\",\"item\":\"https:\/\/www.hasert-haut.de\/es\/bienvenidos\/\"},{\"@type\":\"ListItem\",\"position\":2,\"name\":\"tratamiento para p\u00e1rpados ca\u00eddos\"}]},{\"@type\":\"WebSite\",\"@id\":\"https:\/\/www.hasert-haut.de\/es\/#website\",\"url\":\"https:\/\/www.hasert-haut.de\/es\/\",\"name\":\"Hautarzt Berlin - Praxisklinik Dr. Hasert\",\"description\":\"Hautarzt, Allgemeinmedizin\",\"potentialAction\":[{\"@type\":\"SearchAction\",\"target\":{\"@type\":\"EntryPoint\",\"urlTemplate\":\"https:\/\/www.hasert-haut.de\/es\/?s={search_term_string}\"},\"query-input\":{\"@type\":\"PropertyValueSpecification\",\"valueRequired\":true,\"valueName\":\"search_term_string\"}}],\"inLanguage\":\"es\"}]}<\/script>\n<!-- \/ Yoast SEO plugin. -->","yoast_head_json":{"title":"Tratamiento de manchas | Dermat\u00f3logo Dr. Hasert Berlin-Mitte","robots":{"index":"index","follow":"follow","max-snippet":"max-snippet:-1","max-image-preview":"max-image-preview:large","max-video-preview":"max-video-preview:-1"},"canonical":"https:\/\/www.hasert-haut.de\/es\/leistungen\/tratamiento-para-parpados-caidos\/","og_locale":"es_ES","og_type":"article","og_title":"Tratamiento de manchas | Dermat\u00f3logo Dr. Hasert Berlin-Mitte","og_description":"La gente siempre ha dado especial importancia a los ojos. No son solo los puntos de se\u00f1al en la cara, sino que tambi\u00e9n se consideran un \"espejo del alma\" que revela todo sobre una persona y su estado de \u00e1nimo.","og_url":"https:\/\/www.hasert-haut.de\/es\/leistungen\/tratamiento-para-parpados-caidos\/","og_site_name":"Hautarzt Berlin - Praxisklinik Dr. Hasert","article_modified_time":"2023-09-20T14:41:30+00:00","og_image":[{"width":900,"height":600,"url":"https:\/\/www.hasert-haut.de\/wp-content\/uploads\/2016\/11\/schlupflidbehandlung.jpg","type":"image\/jpeg"}],"twitter_misc":{"Tiempo de lectura":"4 minutos"},"schema":{"@context":"https:\/\/schema.org","@graph":[{"@type":"WebPage","@id":"https:\/\/www.hasert-haut.de\/es\/leistungen\/tratamiento-para-parpados-caidos\/","url":"https:\/\/www.hasert-haut.de\/es\/leistungen\/tratamiento-para-parpados-caidos\/","name":"Tratamiento de manchas | Dermat\u00f3logo Dr. Hasert Berlin-Mitte","isPartOf":{"@id":"https:\/\/www.hasert-haut.de\/es\/#website"},"primaryImageOfPage":{"@id":"https:\/\/www.hasert-haut.de\/es\/leistungen\/tratamiento-para-parpados-caidos\/#primaryimage"},"image":{"@id":"https:\/\/www.hasert-haut.de\/es\/leistungen\/tratamiento-para-parpados-caidos\/#primaryimage"},"thumbnailUrl":"https:\/\/www.hasert-haut.de\/wp-content\/uploads\/2016\/11\/schlupflidbehandlung.jpg","datePublished":"2022-10-11T12:27:18+00:00","dateModified":"2023-09-20T14:41:30+00:00","breadcrumb":{"@id":"https:\/\/www.hasert-haut.de\/es\/leistungen\/tratamiento-para-parpados-caidos\/#breadcrumb"},"inLanguage":"es","potentialAction":[{"@type":"ReadAction","target":["https:\/\/www.hasert-haut.de\/es\/leistungen\/tratamiento-para-parpados-caidos\/"]}]},{"@type":"ImageObject","inLanguage":"es","@id":"https:\/\/www.hasert-haut.de\/es\/leistungen\/tratamiento-para-parpados-caidos\/#primaryimage","url":"https:\/\/www.hasert-haut.de\/wp-content\/uploads\/2016\/11\/schlupflidbehandlung.jpg","contentUrl":"https:\/\/www.hasert-haut.de\/wp-content\/uploads\/2016\/11\/schlupflidbehandlung.jpg","width":900,"height":600},{"@type":"BreadcrumbList","@id":"https:\/\/www.hasert-haut.de\/es\/leistungen\/tratamiento-para-parpados-caidos\/#breadcrumb","itemListElement":[{"@type":"ListItem","position":1,"name":"Home","item":"https:\/\/www.hasert-haut.de\/es\/bienvenidos\/"},{"@type":"ListItem","position":2,"name":"tratamiento para p\u00e1rpados ca\u00eddos"}]},{"@type":"WebSite","@id":"https:\/\/www.hasert-haut.de\/es\/#website","url":"https:\/\/www.hasert-haut.de\/es\/","name":"Hautarzt Berlin - Praxisklinik Dr. Hasert","description":"Hautarzt, Allgemeinmedizin","potentialAction":[{"@type":"SearchAction","target":{"@type":"EntryPoint","urlTemplate":"https:\/\/www.hasert-haut.de\/es\/?s={search_term_string}"},"query-input":{"@type":"PropertyValueSpecification","valueRequired":true,"valueName":"search_term_string"}}],"inLanguage":"es"}]}},"_links":{"self":[{"href":"https:\/\/www.hasert-haut.de\/es\/wp-json\/wp\/v2\/portfolio\/7141","targetHints":{"allow":["GET"]}}],"collection":[{"href":"https:\/\/www.hasert-haut.de\/es\/wp-json\/wp\/v2\/portfolio"}],"about":[{"href":"https:\/\/www.hasert-haut.de\/es\/wp-json\/wp\/v2\/types\/portfolio"}],"replies":[{"embeddable":true,"href":"https:\/\/www.hasert-haut.de\/es\/wp-json\/wp\/v2\/comments?post=7141"}],"version-history":[{"count":14,"href":"https:\/\/www.hasert-haut.de\/es\/wp-json\/wp\/v2\/portfolio\/7141\/revisions"}],"predecessor-version":[{"id":11914,"href":"https:\/\/www.hasert-haut.de\/es\/wp-json\/wp\/v2\/portfolio\/7141\/revisions\/11914"}],"wp:featuredmedia":[{"embeddable":true,"href":"https:\/\/www.hasert-haut.de\/es\/wp-json\/wp\/v2\/media\/5999"}],"wp:attachment":[{"href":"https:\/\/www.hasert-haut.de\/es\/wp-json\/wp\/v2\/media?parent=7141"}],"wp:term":[{"taxonomy":"post_tag","embeddable":true,"href":"https:\/\/www.hasert-haut.de\/es\/wp-json\/wp\/v2\/tags?post=7141"},{"taxonomy":"portfolio_entries","embeddable":true,"href":"https:\/\/www.hasert-haut.de\/es\/wp-json\/wp\/v2\/portfolio_entries?post=7141"}],"curies":[{"name":"wp","href":"https:\/\/api.w.org\/{rel}","templated":true}]}}