{"id":7151,"date":"2022-10-11T12:28:44","date_gmt":"2022-10-11T12:28:44","guid":{"rendered":"https:\/\/www.hasert-haut.de\/leistungen\/schwarzer-hautkrebs-melanom\/"},"modified":"2023-09-20T14:41:05","modified_gmt":"2023-09-20T14:41:05","slug":"cancer-de-piel-negra-melanoma","status":"publish","type":"portfolio","link":"https:\/\/www.hasert-haut.de\/es\/leistungen\/cancer-de-piel-negra-melanoma\/","title":{"rendered":"C\u00e1ncer de piel negra (melanoma)"},"content":{"rendered":"\n<style type=\"text\/css\" data-created_by=\"avia_inline_auto\" id=\"style-css-av-av_heading-5adeb3a89a4f904e0e4b1d9d18182561\">\n#top .av-special-heading.av-av_heading-5adeb3a89a4f904e0e4b1d9d18182561{\npadding-bottom:10px;\n}\nbody .av-special-heading.av-av_heading-5adeb3a89a4f904e0e4b1d9d18182561 .av-special-heading-tag .heading-char{\nfont-size:25px;\n}\n.av-special-heading.av-av_heading-5adeb3a89a4f904e0e4b1d9d18182561 .av-subheading{\nfont-size:15px;\n}\n<\/style>\n<div  class='av-special-heading av-av_heading-5adeb3a89a4f904e0e4b1d9d18182561 av-special-heading-h1 blockquote modern-quote  avia-builder-el-0  el_before_av_hr  avia-builder-el-first '><h1 class='av-special-heading-tag'  itemprop=\"headline\"  >C\u00e1ncer de piel negra (melanoma)<\/h1><div class=\"special-heading-border\"><div class=\"special-heading-inner-border\"><\/div><\/div><\/div>\n\n<style type=\"text\/css\" data-created_by=\"avia_inline_auto\" id=\"style-css-av-l96ryrhp-34611b3b3859af4f21b0a1bfa0ad5e24\">\n#top .hr.hr-invisible.av-l96ryrhp-34611b3b3859af4f21b0a1bfa0ad5e24{\nheight:50px;\n}\n<\/style>\n<div  class='hr av-l96ryrhp-34611b3b3859af4f21b0a1bfa0ad5e24 hr-invisible  avia-builder-el-1  el_after_av_heading  el_before_av_three_fifth '><span class='hr-inner '><span class=\"hr-inner-style\"><\/span><\/span><\/div>\n\n<style type=\"text\/css\" data-created_by=\"avia_inline_auto\" id=\"style-css-av-6dj6ns-7472608404402ce7ad5c72bb757e28f8\">\n.flex_column.av-6dj6ns-7472608404402ce7ad5c72bb757e28f8{\nborder-radius:0px 0px 0px 0px;\npadding:0px 0px 0px 0px;\n}\n<\/style>\n<div  class='flex_column av-6dj6ns-7472608404402ce7ad5c72bb757e28f8 av_three_fifth  avia-builder-el-2  el_after_av_hr  el_before_av_two_fifth  first flex_column_div av-zero-column-padding  '     ><section  class='av_textblock_section av-29yyc-e7e9279bd5b758ad465a0409e2e6b416 '   itemscope=\"itemscope\" itemtype=\"https:\/\/schema.org\/CreativeWork\" ><div class='avia_textblock'  itemprop=\"text\" ><p style=\"text-align: justify;\">El melanoma maligno, tambi\u00e9n conocido como c\u00e1ncer de piel negro, es una degeneraci\u00f3n altamente maligna (maligna) de las c\u00e9lulas pigmentarias (melanocitos), causada principalmente por la exposici\u00f3n a la radiaci\u00f3n ultravioleta. El tumor tiende a diseminar met\u00e1stasis a trav\u00e9s del torrente sangu\u00edneo y linf\u00e1tico desde el principio y, por lo tanto, se considera extremadamente peligroso. <\/p>\n<p style=\"text-align: justify;\">Con un diagn\u00f3stico y tratamiento tempranos, las posibilidades de curaci\u00f3n son buenas. Esperar, ya sea por descuido o por miedo, empeora mucho las perspectivas. <\/p>\n<p style=\"text-align: justify;\">El tratamiento primario de elecci\u00f3n es la extirpaci\u00f3n quir\u00fargica del tumor primario. Esto lo hacemos nosotros de acuerdo con las directrices. Despu\u00e9s del examen histol\u00f3gico, sigue el procedimiento terap\u00e9utico adicional. En el caso de tumores de m\u00e1s de 1 mm de grosor, es necesario examinar el ganglio linf\u00e1tico primario (ganglio centinela). Para localizar el ganglio linf\u00e1tico, se lleva a cabo un examen m\u00e9dico nuclear especial en combinaci\u00f3n con un examen de ultrasonido de alta resoluci\u00f3n. Luego se puede extirpar quir\u00fargicamente. Un ala quir\u00fargica moderna con dos camas para pacientes est\u00e1 disponible para las operaciones en nuestra cl\u00ednica de pr\u00e1ctica.      <\/p>\n<p style=\"text-align: justify;\">Dependiendo del estadio, podemos realizar quimioterapia e inmunoterapia. Se requiere con urgencia un control de seguimiento minucioso con el examen del \u00f3rgano de la piel, ultrasonido, rayos X y ex\u00e1menes de tomograf\u00eda computarizada. <\/p>\n<\/div><\/section><\/div>\n<style type=\"text\/css\" data-created_by=\"avia_inline_auto\" id=\"style-css-av-35maw8-40d53b73a800c5af1e8f9ef0bbd6d964\">\n.flex_column.av-35maw8-40d53b73a800c5af1e8f9ef0bbd6d964{\nborder-radius:0px 0px 0px 0px;\npadding:0px 0px 0px 0px;\n}\n<\/style>\n<div  class='flex_column av-35maw8-40d53b73a800c5af1e8f9ef0bbd6d964 av_two_fifth  avia-builder-el-4  el_after_av_three_fifth  el_before_av_hr  flex_column_div av-zero-column-padding  '     ><div id='av-masonry-1' class='av-masonry av-l96s1ic1-42983114c3057c6d9ed4e7cd0139f3ec noHover av-fixed-size av-large-gap av-hover-overlay-active av-masonry-animation-active av-masonry-col-2 av-caption-always av-caption-style- av-masonry-gallery ' data-post_id=\"7151\"><div class=\"av-masonry-container isotope av-js-disabled\"><div class='av-masonry-entry isotope-item av-masonry-item-no-image '><\/div><a href=\"https:\/\/www.hasert-haut.de\/wp-content\/uploads\/2016\/12\/Schwarzer-Hautkrebs-Melanom.jpg\" data-srcset=\"https:\/\/www.hasert-haut.de\/wp-content\/uploads\/2016\/12\/Schwarzer-Hautkrebs-Melanom.jpg 600w, https:\/\/www.hasert-haut.de\/wp-content\/uploads\/2016\/12\/Schwarzer-Hautkrebs-Melanom-300x200.jpg 300w, https:\/\/www.hasert-haut.de\/wp-content\/uploads\/2016\/12\/Schwarzer-Hautkrebs-Melanom-450x300.jpg 450w\" data-sizes=\"(max-width: 600px) 100vw, 600px\"  aria-label=\"image Schwarzer Hautkrebs (Melanom)\"  id='av-masonry-1-item-5983' data-av-masonry-item='5983' class='av-masonry-entry isotope-item post-5983 attachment type-attachment status-inherit hentry  av-masonry-item-with-image' title=\"Schwarzer Hautkrebs (Melanom)\" alt=\"\"    itemprop=\"thumbnailUrl\" ><div class='av-inner-masonry-sizer'><\/div><figure class='av-inner-masonry main_color'><div class=\"av-masonry-outerimage-container\"><div class='av-masonry-image-container' style=\"background-image: url(https:\/\/www.hasert-haut.de\/wp-content\/uploads\/2016\/12\/Schwarzer-Hautkrebs-Melanom.jpg);\"  title=\"Schwarzer Hautkrebs (Melanom)\"  ><\/div><\/div><\/figure><\/a><!--end av-masonry entry--><a href=\"https:\/\/www.hasert-haut.de\/wp-content\/uploads\/2015\/01\/Schwarzer-Hautkrebs-Melanom-5.jpg\" data-srcset=\"https:\/\/www.hasert-haut.de\/wp-content\/uploads\/2015\/01\/Schwarzer-Hautkrebs-Melanom-5.jpg 600w, https:\/\/www.hasert-haut.de\/wp-content\/uploads\/2015\/01\/Schwarzer-Hautkrebs-Melanom-5-80x80.jpg 80w, https:\/\/www.hasert-haut.de\/wp-content\/uploads\/2015\/01\/Schwarzer-Hautkrebs-Melanom-5-300x300.jpg 300w, https:\/\/www.hasert-haut.de\/wp-content\/uploads\/2015\/01\/Schwarzer-Hautkrebs-Melanom-5-36x36.jpg 36w, https:\/\/www.hasert-haut.de\/wp-content\/uploads\/2015\/01\/Schwarzer-Hautkrebs-Melanom-5-180x180.jpg 180w, https:\/\/www.hasert-haut.de\/wp-content\/uploads\/2015\/01\/Schwarzer-Hautkrebs-Melanom-5-120x120.jpg 120w, https:\/\/www.hasert-haut.de\/wp-content\/uploads\/2015\/01\/Schwarzer-Hautkrebs-Melanom-5-450x450.jpg 450w\" data-sizes=\"(max-width: 600px) 100vw, 600px\"  aria-label=\"image Schwarzer Hautkrebs (Melanom)\"  id='av-masonry-1-item-5765' data-av-masonry-item='5765' class='av-masonry-entry isotope-item post-5765 attachment type-attachment status-inherit hentry  av-masonry-item-with-image' title=\"Schwarzer Hautkrebs (Melanom)\" alt=\"\"    itemprop=\"thumbnailUrl\" ><div class='av-inner-masonry-sizer'><\/div><figure class='av-inner-masonry main_color'><div class=\"av-masonry-outerimage-container\"><div class='av-masonry-image-container' style=\"background-image: url(https:\/\/www.hasert-haut.de\/wp-content\/uploads\/2015\/01\/Schwarzer-Hautkrebs-Melanom-5.jpg);\"  title=\"Schwarzer Hautkrebs (Melanom)\"  ><\/div><\/div><\/figure><\/a><!--end av-masonry entry--><a href=\"https:\/\/www.hasert-haut.de\/wp-content\/uploads\/2015\/01\/Schwarzer-Hautkrebs-Melanom-4.jpg\" data-srcset=\"https:\/\/www.hasert-haut.de\/wp-content\/uploads\/2015\/01\/Schwarzer-Hautkrebs-Melanom-4.jpg 600w, https:\/\/www.hasert-haut.de\/wp-content\/uploads\/2015\/01\/Schwarzer-Hautkrebs-Melanom-4-80x80.jpg 80w, https:\/\/www.hasert-haut.de\/wp-content\/uploads\/2015\/01\/Schwarzer-Hautkrebs-Melanom-4-300x300.jpg 300w, https:\/\/www.hasert-haut.de\/wp-content\/uploads\/2015\/01\/Schwarzer-Hautkrebs-Melanom-4-36x36.jpg 36w, https:\/\/www.hasert-haut.de\/wp-content\/uploads\/2015\/01\/Schwarzer-Hautkrebs-Melanom-4-180x180.jpg 180w, https:\/\/www.hasert-haut.de\/wp-content\/uploads\/2015\/01\/Schwarzer-Hautkrebs-Melanom-4-120x120.jpg 120w, https:\/\/www.hasert-haut.de\/wp-content\/uploads\/2015\/01\/Schwarzer-Hautkrebs-Melanom-4-450x450.jpg 450w\" data-sizes=\"(max-width: 600px) 100vw, 600px\"  aria-label=\"image Schwarzer Hautkrebs (Melanom)\"  id='av-masonry-1-item-5763' data-av-masonry-item='5763' class='av-masonry-entry isotope-item post-5763 attachment type-attachment status-inherit hentry  av-masonry-item-with-image' title=\"Schwarzer Hautkrebs (Melanom)\" alt=\"\"    itemprop=\"thumbnailUrl\" ><div class='av-inner-masonry-sizer'><\/div><figure class='av-inner-masonry main_color'><div class=\"av-masonry-outerimage-container\"><div class='av-masonry-image-container' style=\"background-image: url(https:\/\/www.hasert-haut.de\/wp-content\/uploads\/2015\/01\/Schwarzer-Hautkrebs-Melanom-4.jpg);\"  title=\"Schwarzer Hautkrebs (Melanom)\"  ><\/div><\/div><\/figure><\/a><!--end av-masonry entry--><a href=\"https:\/\/www.hasert-haut.de\/wp-content\/uploads\/2015\/01\/Schwarzer-Hautkrebs-Melanom-3.jpg\" data-srcset=\"https:\/\/www.hasert-haut.de\/wp-content\/uploads\/2015\/01\/Schwarzer-Hautkrebs-Melanom-3.jpg 600w, https:\/\/www.hasert-haut.de\/wp-content\/uploads\/2015\/01\/Schwarzer-Hautkrebs-Melanom-3-80x80.jpg 80w, https:\/\/www.hasert-haut.de\/wp-content\/uploads\/2015\/01\/Schwarzer-Hautkrebs-Melanom-3-300x300.jpg 300w, https:\/\/www.hasert-haut.de\/wp-content\/uploads\/2015\/01\/Schwarzer-Hautkrebs-Melanom-3-36x36.jpg 36w, https:\/\/www.hasert-haut.de\/wp-content\/uploads\/2015\/01\/Schwarzer-Hautkrebs-Melanom-3-180x180.jpg 180w, https:\/\/www.hasert-haut.de\/wp-content\/uploads\/2015\/01\/Schwarzer-Hautkrebs-Melanom-3-120x120.jpg 120w, https:\/\/www.hasert-haut.de\/wp-content\/uploads\/2015\/01\/Schwarzer-Hautkrebs-Melanom-3-450x450.jpg 450w\" data-sizes=\"(max-width: 600px) 100vw, 600px\"  aria-label=\"image Schwarzer Hautkrebs (Melanom)\"  id='av-masonry-1-item-5761' data-av-masonry-item='5761' class='av-masonry-entry isotope-item post-5761 attachment type-attachment status-inherit hentry  av-masonry-item-with-image' title=\"Schwarzer Hautkrebs (Melanom)\" alt=\"\"    itemprop=\"thumbnailUrl\" ><div class='av-inner-masonry-sizer'><\/div><figure class='av-inner-masonry main_color'><div class=\"av-masonry-outerimage-container\"><div class='av-masonry-image-container' style=\"background-image: url(https:\/\/www.hasert-haut.de\/wp-content\/uploads\/2015\/01\/Schwarzer-Hautkrebs-Melanom-3.jpg);\"  title=\"Schwarzer Hautkrebs (Melanom)\"  ><\/div><\/div><\/figure><\/a><!--end av-masonry entry--><a href=\"https:\/\/www.hasert-haut.de\/wp-content\/uploads\/2015\/01\/Schwarzer-Hautkrebs-Melanom-2.jpg\" data-srcset=\"https:\/\/www.hasert-haut.de\/wp-content\/uploads\/2015\/01\/Schwarzer-Hautkrebs-Melanom-2.jpg 600w, https:\/\/www.hasert-haut.de\/wp-content\/uploads\/2015\/01\/Schwarzer-Hautkrebs-Melanom-2-80x80.jpg 80w, https:\/\/www.hasert-haut.de\/wp-content\/uploads\/2015\/01\/Schwarzer-Hautkrebs-Melanom-2-300x300.jpg 300w, https:\/\/www.hasert-haut.de\/wp-content\/uploads\/2015\/01\/Schwarzer-Hautkrebs-Melanom-2-36x36.jpg 36w, https:\/\/www.hasert-haut.de\/wp-content\/uploads\/2015\/01\/Schwarzer-Hautkrebs-Melanom-2-180x180.jpg 180w, https:\/\/www.hasert-haut.de\/wp-content\/uploads\/2015\/01\/Schwarzer-Hautkrebs-Melanom-2-120x120.jpg 120w, https:\/\/www.hasert-haut.de\/wp-content\/uploads\/2015\/01\/Schwarzer-Hautkrebs-Melanom-2-450x450.jpg 450w\" data-sizes=\"(max-width: 600px) 100vw, 600px\"  aria-label=\"image Schwarzer Hautkrebs (Melanom)\"  id='av-masonry-1-item-5759' data-av-masonry-item='5759' class='av-masonry-entry isotope-item post-5759 attachment type-attachment status-inherit hentry  av-masonry-item-with-image' title=\"Schwarzer Hautkrebs (Melanom)\" alt=\"\"    itemprop=\"thumbnailUrl\" ><div class='av-inner-masonry-sizer'><\/div><figure class='av-inner-masonry main_color'><div class=\"av-masonry-outerimage-container\"><div class='av-masonry-image-container' style=\"background-image: url(https:\/\/www.hasert-haut.de\/wp-content\/uploads\/2015\/01\/Schwarzer-Hautkrebs-Melanom-2.jpg);\"  title=\"Schwarzer Hautkrebs (Melanom)\"  ><\/div><\/div><\/figure><\/a><!--end av-masonry entry--><\/div><\/div><\/div>\n<style type=\"text\/css\" data-created_by=\"avia_inline_auto\" id=\"style-css-av-1r06m-22f4993bc341f54115743d69d089ae2f\">\n#top .hr.hr-invisible.av-1r06m-22f4993bc341f54115743d69d089ae2f{\nheight:50px;\n}\n<\/style>\n<div  class='hr av-1r06m-22f4993bc341f54115743d69d089ae2f hr-invisible  avia-builder-el-6  el_after_av_two_fifth  el_before_av_postcontent  avia-builder-el-last '><span class='hr-inner '><span class=\"hr-inner-style\"><\/span><\/span><\/div><\/p>\n[av_heading heading='Otros servicios de nuestra pr\u00e1ctica' tag='h3' style='blockquote modern-quote modern-centered' subheading_active='' show_icon='' icon='ue800' font='' size='' av-medium-font-size-title='' av-small-font-size-title='' av-mini-font-size-title='' subheading_size='' av-medium-font-size='' av-small-font-size='' av-mini-font-size='' icon_size='' av-medium-font-size-1='' av-small-font-size-1='' av-mini-font-size-1='' color='' custom_font='' icon_color='' margin='' margin_sync='true' padding='10' icon_padding='10' link='' link_target='' id='' custom_class='' av_uid='av-l9475f5a' admin_preview_bg=''][\/av_heading]\n\n[av_masonry_entries link='portfolio_entries,95,72,73,71' wc_prod_visible='' wc_prod_hidden='hide' wc_prod_featured='' prod_order_by='' prod_order='' date_filter='' date_filter_start='' date_filter_end='' date_filter_format='yy\/mm\/dd' sort='no' query_orderby='rand' query_order='DESC' caption_elements='title' caption_styling='overlay' caption_display='always' size='fixed' orientation='' gap='large' columns='5' av-medium-columns='' av-small-columns='' av-mini-columns='' items='5' paginate='none' color='' custom_bg='' overlay_fx='active' animation='active' lazy_loading='disabled' id='' custom_class='' av_uid='av-l9474s7j']\n\n\n","protected":false},"excerpt":{"rendered":"","protected":false},"featured_media":5983,"comment_status":"closed","ping_status":"closed","template":"","tags":[],"portfolio_entries":[86],"class_list":["post-7151","portfolio","type-portfolio","status-publish","has-post-thumbnail","hentry","portfolio_entries-hautkrebsbehandlung-es"],"yoast_head":"<!-- This site is optimized with the Yoast SEO plugin v25.3.1 - https:\/\/yoast.com\/wordpress\/plugins\/seo\/ -->\n<title>C\u00e1ncer de piel negra (melanoma) | Dermat\u00f3logo Dr. Hasert Berlin-Mitte<\/title>\n<meta name=\"robots\" content=\"index, follow, max-snippet:-1, max-image-preview:large, max-video-preview:-1\" \/>\n<link rel=\"canonical\" href=\"https:\/\/www.hasert-haut.de\/es\/leistungen\/cancer-de-piel-negra-melanoma\/\" \/>\n<meta property=\"og:locale\" content=\"es_ES\" \/>\n<meta property=\"og:type\" content=\"article\" \/>\n<meta property=\"og:title\" content=\"C\u00e1ncer de piel negra (melanoma) | Dermat\u00f3logo Dr. Hasert Berlin-Mitte\" \/>\n<meta property=\"og:url\" content=\"https:\/\/www.hasert-haut.de\/es\/leistungen\/cancer-de-piel-negra-melanoma\/\" \/>\n<meta property=\"og:site_name\" content=\"Hautarzt Berlin - Praxisklinik Dr. Hasert\" \/>\n<meta property=\"article:modified_time\" content=\"2023-09-20T14:41:05+00:00\" \/>\n<meta property=\"og:image\" content=\"https:\/\/www.hasert-haut.de\/wp-content\/uploads\/2016\/12\/Schwarzer-Hautkrebs-Melanom.jpg\" \/>\n\t<meta property=\"og:image:width\" content=\"600\" \/>\n\t<meta property=\"og:image:height\" content=\"400\" \/>\n\t<meta property=\"og:image:type\" content=\"image\/jpeg\" \/>\n<meta name=\"twitter:label1\" content=\"Tiempo de lectura\" \/>\n\t<meta name=\"twitter:data1\" content=\"4 minutos\" \/>\n<script type=\"application\/ld+json\" class=\"yoast-schema-graph\">{\"@context\":\"https:\/\/schema.org\",\"@graph\":[{\"@type\":\"WebPage\",\"@id\":\"https:\/\/www.hasert-haut.de\/es\/leistungen\/cancer-de-piel-negra-melanoma\/\",\"url\":\"https:\/\/www.hasert-haut.de\/es\/leistungen\/cancer-de-piel-negra-melanoma\/\",\"name\":\"C\u00e1ncer de piel negra (melanoma) | Dermat\u00f3logo Dr. Hasert Berlin-Mitte\",\"isPartOf\":{\"@id\":\"https:\/\/www.hasert-haut.de\/es\/#website\"},\"primaryImageOfPage\":{\"@id\":\"https:\/\/www.hasert-haut.de\/es\/leistungen\/cancer-de-piel-negra-melanoma\/#primaryimage\"},\"image\":{\"@id\":\"https:\/\/www.hasert-haut.de\/es\/leistungen\/cancer-de-piel-negra-melanoma\/#primaryimage\"},\"thumbnailUrl\":\"https:\/\/www.hasert-haut.de\/wp-content\/uploads\/2016\/12\/Schwarzer-Hautkrebs-Melanom.jpg\",\"datePublished\":\"2022-10-11T12:28:44+00:00\",\"dateModified\":\"2023-09-20T14:41:05+00:00\",\"breadcrumb\":{\"@id\":\"https:\/\/www.hasert-haut.de\/es\/leistungen\/cancer-de-piel-negra-melanoma\/#breadcrumb\"},\"inLanguage\":\"es\",\"potentialAction\":[{\"@type\":\"ReadAction\",\"target\":[\"https:\/\/www.hasert-haut.de\/es\/leistungen\/cancer-de-piel-negra-melanoma\/\"]}]},{\"@type\":\"ImageObject\",\"inLanguage\":\"es\",\"@id\":\"https:\/\/www.hasert-haut.de\/es\/leistungen\/cancer-de-piel-negra-melanoma\/#primaryimage\",\"url\":\"https:\/\/www.hasert-haut.de\/wp-content\/uploads\/2016\/12\/Schwarzer-Hautkrebs-Melanom.jpg\",\"contentUrl\":\"https:\/\/www.hasert-haut.de\/wp-content\/uploads\/2016\/12\/Schwarzer-Hautkrebs-Melanom.jpg\",\"width\":600,\"height\":400},{\"@type\":\"BreadcrumbList\",\"@id\":\"https:\/\/www.hasert-haut.de\/es\/leistungen\/cancer-de-piel-negra-melanoma\/#breadcrumb\",\"itemListElement\":[{\"@type\":\"ListItem\",\"position\":1,\"name\":\"Home\",\"item\":\"https:\/\/www.hasert-haut.de\/es\/bienvenidos\/\"},{\"@type\":\"ListItem\",\"position\":2,\"name\":\"C\u00e1ncer de piel negra (melanoma)\"}]},{\"@type\":\"WebSite\",\"@id\":\"https:\/\/www.hasert-haut.de\/es\/#website\",\"url\":\"https:\/\/www.hasert-haut.de\/es\/\",\"name\":\"Hautarzt Berlin - Praxisklinik Dr. Hasert\",\"description\":\"Hautarzt, Allgemeinmedizin\",\"potentialAction\":[{\"@type\":\"SearchAction\",\"target\":{\"@type\":\"EntryPoint\",\"urlTemplate\":\"https:\/\/www.hasert-haut.de\/es\/?s={search_term_string}\"},\"query-input\":{\"@type\":\"PropertyValueSpecification\",\"valueRequired\":true,\"valueName\":\"search_term_string\"}}],\"inLanguage\":\"es\"}]}<\/script>\n<!-- \/ Yoast SEO plugin. -->","yoast_head_json":{"title":"C\u00e1ncer de piel negra (melanoma) | Dermat\u00f3logo Dr. Hasert Berlin-Mitte","robots":{"index":"index","follow":"follow","max-snippet":"max-snippet:-1","max-image-preview":"max-image-preview:large","max-video-preview":"max-video-preview:-1"},"canonical":"https:\/\/www.hasert-haut.de\/es\/leistungen\/cancer-de-piel-negra-melanoma\/","og_locale":"es_ES","og_type":"article","og_title":"C\u00e1ncer de piel negra (melanoma) | Dermat\u00f3logo Dr. Hasert Berlin-Mitte","og_url":"https:\/\/www.hasert-haut.de\/es\/leistungen\/cancer-de-piel-negra-melanoma\/","og_site_name":"Hautarzt Berlin - Praxisklinik Dr. Hasert","article_modified_time":"2023-09-20T14:41:05+00:00","og_image":[{"width":600,"height":400,"url":"https:\/\/www.hasert-haut.de\/wp-content\/uploads\/2016\/12\/Schwarzer-Hautkrebs-Melanom.jpg","type":"image\/jpeg"}],"twitter_misc":{"Tiempo de lectura":"4 minutos"},"schema":{"@context":"https:\/\/schema.org","@graph":[{"@type":"WebPage","@id":"https:\/\/www.hasert-haut.de\/es\/leistungen\/cancer-de-piel-negra-melanoma\/","url":"https:\/\/www.hasert-haut.de\/es\/leistungen\/cancer-de-piel-negra-melanoma\/","name":"C\u00e1ncer de piel negra (melanoma) | Dermat\u00f3logo Dr. Hasert Berlin-Mitte","isPartOf":{"@id":"https:\/\/www.hasert-haut.de\/es\/#website"},"primaryImageOfPage":{"@id":"https:\/\/www.hasert-haut.de\/es\/leistungen\/cancer-de-piel-negra-melanoma\/#primaryimage"},"image":{"@id":"https:\/\/www.hasert-haut.de\/es\/leistungen\/cancer-de-piel-negra-melanoma\/#primaryimage"},"thumbnailUrl":"https:\/\/www.hasert-haut.de\/wp-content\/uploads\/2016\/12\/Schwarzer-Hautkrebs-Melanom.jpg","datePublished":"2022-10-11T12:28:44+00:00","dateModified":"2023-09-20T14:41:05+00:00","breadcrumb":{"@id":"https:\/\/www.hasert-haut.de\/es\/leistungen\/cancer-de-piel-negra-melanoma\/#breadcrumb"},"inLanguage":"es","potentialAction":[{"@type":"ReadAction","target":["https:\/\/www.hasert-haut.de\/es\/leistungen\/cancer-de-piel-negra-melanoma\/"]}]},{"@type":"ImageObject","inLanguage":"es","@id":"https:\/\/www.hasert-haut.de\/es\/leistungen\/cancer-de-piel-negra-melanoma\/#primaryimage","url":"https:\/\/www.hasert-haut.de\/wp-content\/uploads\/2016\/12\/Schwarzer-Hautkrebs-Melanom.jpg","contentUrl":"https:\/\/www.hasert-haut.de\/wp-content\/uploads\/2016\/12\/Schwarzer-Hautkrebs-Melanom.jpg","width":600,"height":400},{"@type":"BreadcrumbList","@id":"https:\/\/www.hasert-haut.de\/es\/leistungen\/cancer-de-piel-negra-melanoma\/#breadcrumb","itemListElement":[{"@type":"ListItem","position":1,"name":"Home","item":"https:\/\/www.hasert-haut.de\/es\/bienvenidos\/"},{"@type":"ListItem","position":2,"name":"C\u00e1ncer de piel negra (melanoma)"}]},{"@type":"WebSite","@id":"https:\/\/www.hasert-haut.de\/es\/#website","url":"https:\/\/www.hasert-haut.de\/es\/","name":"Hautarzt Berlin - Praxisklinik Dr. Hasert","description":"Hautarzt, Allgemeinmedizin","potentialAction":[{"@type":"SearchAction","target":{"@type":"EntryPoint","urlTemplate":"https:\/\/www.hasert-haut.de\/es\/?s={search_term_string}"},"query-input":{"@type":"PropertyValueSpecification","valueRequired":true,"valueName":"search_term_string"}}],"inLanguage":"es"}]}},"_links":{"self":[{"href":"https:\/\/www.hasert-haut.de\/es\/wp-json\/wp\/v2\/portfolio\/7151","targetHints":{"allow":["GET"]}}],"collection":[{"href":"https:\/\/www.hasert-haut.de\/es\/wp-json\/wp\/v2\/portfolio"}],"about":[{"href":"https:\/\/www.hasert-haut.de\/es\/wp-json\/wp\/v2\/types\/portfolio"}],"replies":[{"embeddable":true,"href":"https:\/\/www.hasert-haut.de\/es\/wp-json\/wp\/v2\/comments?post=7151"}],"version-history":[{"count":13,"href":"https:\/\/www.hasert-haut.de\/es\/wp-json\/wp\/v2\/portfolio\/7151\/revisions"}],"predecessor-version":[{"id":11912,"href":"https:\/\/www.hasert-haut.de\/es\/wp-json\/wp\/v2\/portfolio\/7151\/revisions\/11912"}],"wp:featuredmedia":[{"embeddable":true,"href":"https:\/\/www.hasert-haut.de\/es\/wp-json\/wp\/v2\/media\/5983"}],"wp:attachment":[{"href":"https:\/\/www.hasert-haut.de\/es\/wp-json\/wp\/v2\/media?parent=7151"}],"wp:term":[{"taxonomy":"post_tag","embeddable":true,"href":"https:\/\/www.hasert-haut.de\/es\/wp-json\/wp\/v2\/tags?post=7151"},{"taxonomy":"portfolio_entries","embeddable":true,"href":"https:\/\/www.hasert-haut.de\/es\/wp-json\/wp\/v2\/portfolio_entries?post=7151"}],"curies":[{"name":"wp","href":"https:\/\/api.w.org\/{rel}","templated":true}]}}