{"id":4335,"date":"2018-05-23T12:23:46","date_gmt":"2018-05-23T12:23:46","guid":{"rendered":"https:\/\/www.hasert-haut.de\/?page_id=4335"},"modified":"2025-06-30T11:44:45","modified_gmt":"2025-06-30T11:44:45","slug":"ochrona-danych","status":"publish","type":"page","link":"https:\/\/www.hasert-haut.de\/pl\/ochrona-danych\/","title":{"rendered":"Ochrona danych"},"content":{"rendered":"\n<style type=\"text\/css\" data-created_by=\"avia_inline_auto\" id=\"style-css-av-2diie8-ccb5ebd87317018722947e716988ac0e\">\n#top .av-special-heading.av-2diie8-ccb5ebd87317018722947e716988ac0e{\npadding-bottom:10px;\n}\nbody .av-special-heading.av-2diie8-ccb5ebd87317018722947e716988ac0e .av-special-heading-tag .heading-char{\nfont-size:25px;\n}\n.av-special-heading.av-2diie8-ccb5ebd87317018722947e716988ac0e .av-subheading{\nfont-size:15px;\n}\n<\/style>\n<div  class='av-special-heading av-2diie8-ccb5ebd87317018722947e716988ac0e av-special-heading-h1 blockquote modern-quote  avia-builder-el-0  el_before_av_hr  avia-builder-el-first '><h1 class='av-special-heading-tag'  itemprop=\"headline\"  >Ochrona danych<\/h1><div class=\"special-heading-border\"><div class=\"special-heading-inner-border\"><\/div><\/div><\/div>\n\n<style type=\"text\/css\" data-created_by=\"avia_inline_auto\" id=\"style-css-av-ji05z4s8-d3aa96f60bd20e804fc3a2ea6eb8fb4d\">\n#top .hr.hr-invisible.av-ji05z4s8-d3aa96f60bd20e804fc3a2ea6eb8fb4d{\nheight:50px;\n}\n<\/style>\n<div  class='hr av-ji05z4s8-d3aa96f60bd20e804fc3a2ea6eb8fb4d hr-invisible  avia-builder-el-1  el_after_av_heading  el_before_av_textblock '><span class='hr-inner '><span class=\"hr-inner-style\"><\/span><\/span><\/div>\n<section  class='av_textblock_section av-ji060f6c-e893da83b2184ec229f5cc8fbc749b2a '   itemscope=\"itemscope\" itemtype=\"https:\/\/schema.org\/CreativeWork\" ><div class='avia_textblock'  itemprop=\"text\" ><p>Organem odpowiedzialnym w rozumieniu przepis\u00f3w o ochronie danych osobowych, w szczeg\u00f3lno\u015bci og\u00f3lnego rozporz\u0105dzenia UE o ochronie danych (RODO), jest<\/p>\n<p>Nazwa praktyki: Praxisklinik Dr Hasert<br \/>\nNazwa kierownictwa praktyki: Dr Raoul Hasert<br \/>\nAdres praktyki: Friedrichstra\u00dfe 113a, 10117 Berlin<br \/>\nTelefon: 030\/2817230<br \/>\nEmail: info@hasert-haut.de<\/p>\n<\/div><\/section>\n\n<style type=\"text\/css\" data-created_by=\"avia_inline_auto\" id=\"style-css-av-ji060rlk-5c34b01f41697266ed00490160f0a86b\">\n#top .av-special-heading.av-ji060rlk-5c34b01f41697266ed00490160f0a86b{\npadding-bottom:10px;\n}\nbody .av-special-heading.av-ji060rlk-5c34b01f41697266ed00490160f0a86b .av-special-heading-tag .heading-char{\nfont-size:25px;\n}\n.av-special-heading.av-ji060rlk-5c34b01f41697266ed00490160f0a86b .av-subheading{\nfont-size:15px;\n}\n<\/style>\n<div  class='av-special-heading av-ji060rlk-5c34b01f41697266ed00490160f0a86b av-special-heading-h3 blockquote modern-quote  avia-builder-el-3  el_after_av_textblock  el_before_av_textblock '><h3 class='av-special-heading-tag'  itemprop=\"headline\"  >Inspektor Ochrony Danych<\/h3><div class=\"special-heading-border\"><div class=\"special-heading-inner-border\"><\/div><\/div><\/div>\n<section  class='av_textblock_section av-ji060f6c-4-a16059db8c6df894dd6241324e842cf4 '   itemscope=\"itemscope\" itemtype=\"https:\/\/schema.org\/CreativeWork\" ><div class='avia_textblock'  itemprop=\"text\" ><p>Imi\u0119 i nazwisko: Martin Radczewski<br \/>\nTelefon (s\u0142u\u017cbowy): 030\/2817230<br \/>\nE-mail (s\u0142u\u017cbowy): info@hasert-haut.de<\/p>\n<\/div><\/section>\n<section  class='av_textblock_section av-ji060f6c-2-f28fc31b8182f3b9fc0fbd6c758a7358 '   itemscope=\"itemscope\" itemtype=\"https:\/\/schema.org\/CreativeWork\" ><div class='avia_textblock'  itemprop=\"text\" ><p>Zgodnie z RODO jeste\u015bmy zobowi\u0105zani do informowania o celach, dla kt\u00f3rych nasza praktyka gromadzi, przechowuje lub przekazuje dane.<\/p>\n<p><strong>Cele<\/strong>: diagnostyka, leczenie\/terapia, rozliczenia, badania, ekspertyzy<\/p>\n<p><strong>Podstawa prawna<\/strong>: umowa o leczenie, wzorcowy kodeks zawodowy lekarzy, Kodeks Ubezpiecze\u0144 Spo\u0142ecznych V, art. 6 RODO, art. 9 RODO,<\/p>\n<p><strong>Kategorie odbiorc\u00f3w<\/strong>: lekarze prowadz\u0105cy, personel praktyki, ksi\u0119gowo\u015b\u0107, kasy chorych, kasy emerytalne, urz\u0119dy ds. zdrowia, urz\u0119dy ds. opieki zdrowotnej, stowarzyszenia zawodowe, stowarzyszenia lekarzy ustawowego ubezpieczenia zdrowotnego, us\u0142ugodawcy w zakresie prywatnych rozlicze\u0144 (PVS), partnerzy wsp\u00f3\u0142pracuj\u0105cy, laboratoria chemii klinicznej (Labor28), histologii, cytologii (Buntrock).<\/p>\n<p><strong>Przewidziane okresy usuwania<\/strong>: zgodnie z wymogami prawnymi, najp\u00f3\u017aniej po 30 latach<\/p>\n<p><strong>Przekazywanie do kraj\u00f3w trzecich lub organizacji mi\u0119dzynarodowych<\/strong>: Wy\u0142\u0105cznie do prac badawczych za pisemn\u0105 zgod\u0105 pacjenta.<\/p>\n<\/div><\/section>\n\n<style type=\"text\/css\" data-created_by=\"avia_inline_auto\" id=\"style-css-av-ji060rlk-3-5fae5bbbb3e5fcb4d4f8d4e2b910427b\">\n#top .av-special-heading.av-ji060rlk-3-5fae5bbbb3e5fcb4d4f8d4e2b910427b{\npadding-bottom:10px;\n}\nbody .av-special-heading.av-ji060rlk-3-5fae5bbbb3e5fcb4d4f8d4e2b910427b .av-special-heading-tag .heading-char{\nfont-size:25px;\n}\n.av-special-heading.av-ji060rlk-3-5fae5bbbb3e5fcb4d4f8d4e2b910427b .av-subheading{\nfont-size:15px;\n}\n<\/style>\n<div  class='av-special-heading av-ji060rlk-3-5fae5bbbb3e5fcb4d4f8d4e2b910427b av-special-heading-h2 blockquote modern-quote  avia-builder-el-6  el_after_av_textblock  el_before_av_textblock '><h2 class='av-special-heading-tag'  itemprop=\"headline\"  >Twoje prawa os\u00f3b, kt\u00f3rych dane dotycz\u0105<\/h2><div class=\"special-heading-border\"><div class=\"special-heading-inner-border\"><\/div><\/div><\/div>\n<section  class='av_textblock_section av-ji060f6c-1-35f50a50eb0b30682517b1eb7e1847c1 '   itemscope=\"itemscope\" itemtype=\"https:\/\/schema.org\/CreativeWork\" ><div class='avia_textblock'  itemprop=\"text\" ><p>W ka\u017cdej chwili mo\u017cesz skorzysta\u0107 z poni\u017cszych praw, korzystaj\u0105c z danych kontaktowych naszego inspektora ochrony danych:<\/p>\n<ul>\n<li>Informacje o przechowywanych przez nas Twoich danych i ich przetwarzaniu,<\/li>\n<li>sprostowanie niedok\u0142adnych danych osobowych,<\/li>\n<li>Usuni\u0119cie przechowywanych u nas Twoich danych,<\/li>\n<li>Ograniczenie przetwarzania danych, je\u015bli nie mo\u017cemy jeszcze usun\u0105\u0107 Twoich danych ze wzgl\u0119du na obowi\u0105zki prawne,<\/li>\n<li>Sprzeciw wobec przetwarzania przez nas Twoich danych oraz<\/li>\n<li>Mo\u017cliwo\u015b\u0107 przenoszenia danych, je\u015bli wyrazi\u0142e\u015b zgod\u0119 na przetwarzanie danych lub zawar\u0142e\u015b z nami umow\u0119.<\/li>\n<\/ul>\n<p>Je\u015bli u\u017cytkownik udzieli\u0142 nam zgody, mo\u017ce j\u0105 odwo\u0142a\u0107 w dowolnym momencie ze skutkiem na przysz\u0142o\u015b\u0107.<\/p>\n<p>U\u017cytkownik mo\u017ce w ka\u017cdej chwili skontaktowa\u0107 si\u0119 z w\u0142a\u015bciwym organem nadzorczym w celu z\u0142o\u017cenia skargi. W\u0142a\u015bciwy organ nadzorczy zale\u017cy od kraju zwi\u0105zkowego miejsca zamieszkania, pracy lub podejrzewanego naruszenia. List\u0119 organ\u00f3w nadzorczych (dla sektora niepublicznego) wraz z adresami mo\u017cna znale\u017a\u0107 pod adresem: <a href=\"https:\/\/www.bfdi.bund.de\/DE\/Infothek\/Anschriften_Links\/anschriften_links-node.html\" target=\"_blank\" rel=\"noopener\">https:\/\/www.bfdi.bund.de\/DE\/Infothek\/Anschriften_Links\/anschriften_links-node.html<\/a>.  <\/p>\n<p>Ochrona danych osobowych u\u017cytkownik\u00f3w jest dla nas wa\u017cna.<\/p>\n<p>Przetwarzanie danych odbywa si\u0119 na podstawie wymog\u00f3w prawnych w celu wykonania umowy o leczenie zawartej mi\u0119dzy u\u017cytkownikiem a nasz\u0105 praktyk\u0105 oraz zwi\u0105zanych z ni\u0105 zobowi\u0105za\u0144.<\/p>\n<p>W tym celu przetwarzamy dane osobowe u\u017cytkownika, w szczeg\u00f3lno\u015bci dane dotycz\u0105ce jego stanu zdrowia. Obejmuje to historie medyczne, diagnozy, sugestie dotycz\u0105ce terapii i ustalenia, kt\u00f3re gromadzimy my lub inni lekarze. Inni lekarze, u kt\u00f3rych pacjent jest leczony, r\u00f3wnie\u017c mog\u0105 przekazywa\u0107 nam dane do tych cel\u00f3w (np. pismo od lekarza).  <\/p>\n<p>Przekazujemy dane osobowe u\u017cytkownika stronom trzecim tylko wtedy, gdy jest to wymagane przez prawo lub gdy u\u017cytkownik wyrazi\u0142 na to zgod\u0119. <\/p>\n<p>Gromadzenie danych zdrowotnych jest warunkiem wst\u0119pnym leczenia. Je\u015bli niezb\u0119dne informacje nie zostan\u0105 dostarczone, staranne leczenie nie b\u0119dzie mo\u017cliwe. <\/p>\n<p>U\u017cytkownik ma prawo do informacji o swoich danych osobowych przechowywanych przez praktyk\u0119. U\u017cytkownik mo\u017ce r\u00f3wnie\u017c za\u017c\u0105da\u0107 poprawienia nieprawid\u0142owych danych.  <\/p>\n<p>Ponadto, pod pewnymi warunkami, u\u017cytkownik ma prawo do usuni\u0119cia danych, prawo do ograniczenia przetwarzania danych oraz prawo do przenoszenia danych osobowych. <\/p>\n<p>U\u017cytkownik mo\u017ce w dowolnym momencie odwo\u0142a\u0107 swoj\u0105 zgod\u0119 na przetwarzanie danych w przysz\u0142o\u015bci w formie pisemnej.<\/p>\n<p>U\u017cytkownik ma r\u00f3wnie\u017c prawo do z\u0142o\u017cenia skargi do organu nadzorczego ds. ochrony danych, je\u015bli uwa\u017ca, \u017ce jego dane osobowe s\u0105 przetwarzane niezgodnie z prawem.<\/p>\n<\/div><\/section>\n<section  class='av_textblock_section av-jhj2xew7-e15b9320ad659168d168918db068276e '   itemscope=\"itemscope\" itemtype=\"https:\/\/schema.org\/CreativeWork\" ><div class='avia_textblock'  itemprop=\"text\" ><h2>Cele przetwarzania danych przez organ odpowiedzialny i osoby trzecie<\/h2>\n<p>Przetwarzamy Twoje dane osobowe wy\u0142\u0105cznie w celach okre\u015blonych w niniejszym o\u015bwiadczeniu o ochronie danych. Twoje dane osobowe nie b\u0119d\u0105 przekazywane osobom trzecim w celach innych ni\u017c wymienione. Przekazujemy Twoje dane osobowe stronom trzecim tylko wtedy, gdy:  <\/p>\n<ul>\n<li>wyrazi\u0142e\u015b wyra\u017an\u0105 zgod\u0119,<\/li>\n<li>przetwarzanie jest niezb\u0119dne do wykonania zawartej z Tob\u0105 umowy,<\/li>\n<li>przetwarzanie jest niezb\u0119dne do wype\u0142nienia obowi\u0105zku prawnego,<\/li>\n<\/ul>\n<p>przetwarzanie jest niezb\u0119dne do ochrony uzasadnionych interes\u00f3w i nie ma powodu, aby zak\u0142ada\u0107, \u017ce masz nadrz\u0119dny uzasadniony interes w nieujawnianiu swoich danych.<\/p>\n<h2>Usuni\u0119cie lub zablokowanie danych<\/h2>\n<p>Przestrzegamy zasad unikania danych i ekonomii danych. Dlatego przechowujemy Twoje dane osobowe tylko tak d\u0142ugo, jak jest to konieczne do osi\u0105gni\u0119cia cel\u00f3w okre\u015blonych tutaj lub zgodnie z r\u00f3\u017cnymi okresami przechowywania przewidzianymi przez ustawodawc\u0119. Po ustaniu odpowiedniego celu lub po up\u0142ywie tych okres\u00f3w odpowiednie dane b\u0119d\u0105 rutynowo blokowane lub usuwane zgodnie z przepisami ustawowymi.  <\/p>\n<h2>Zbieranie og\u00f3lnych informacji podczas odwiedzania naszej strony internetowej<\/h2>\n<p>Podczas uzyskiwania dost\u0119pu do naszej witryny internetowej automatycznie gromadzone s\u0105 informacje o charakterze og\u00f3lnym za pomoc\u0105 plik\u00f3w cookie. Informacje te (pliki dziennika serwera) obejmuj\u0105 na przyk\u0142ad typ przegl\u0105darki internetowej, u\u017cywany system operacyjny, nazw\u0119 domeny dostawcy us\u0142ug internetowych itp. S\u0105 to wy\u0142\u0105cznie informacje, kt\u00f3re nie pozwalaj\u0105 na wyci\u0105gni\u0119cie jakichkolwiek wniosk\u00f3w na temat osoby u\u017cytkownika.  <\/p>\n<p>Informacje te s\u0105 technicznie niezb\u0119dne do prawid\u0142owego dostarczenia \u017c\u0105danej przez u\u017cytkownika zawarto\u015bci strony internetowej i s\u0105 obowi\u0105zkowe podczas korzystania z Internetu. S\u0105 one przetwarzane w szczeg\u00f3lno\u015bci w nast\u0119puj\u0105cych celach: <\/p>\n<ul>\n<li>Zapewnienie bezproblemowego po\u0142\u0105czenia z serwisem,<\/li>\n<li>zapewnienie sprawnego korzystania z naszej strony internetowej,<\/li>\n<li>Ocena bezpiecze\u0144stwa i stabilno\u015bci systemu<\/li>\n<li>do innych cel\u00f3w administracyjnych.<\/li>\n<\/ul>\n<p>Przetwarzanie danych osobowych u\u017cytkownika opiera si\u0119 na naszym uzasadnionym interesie wynikaj\u0105cym z wy\u017cej wymienionych cel\u00f3w gromadzenia danych. Nie wykorzystujemy Twoich danych do wyci\u0105gania wniosk\u00f3w na temat Twojej osoby. Odbiorcami danych s\u0105 wy\u0142\u0105cznie administratorzy i, w stosownych przypadkach, podmioty przetwarzaj\u0105ce.  <\/p>\n<p>Anonimowe informacje tego rodzaju mog\u0105 by\u0107 przez nas oceniane statystycznie w celu optymalizacji naszej strony internetowej i technologii za ni\u0105 stoj\u0105cej. <\/p>\n<h2>ciasteczka<\/h2>\n<p>Podobnie jak wiele innych stron internetowych, my r\u00f3wnie\u017c u\u017cywamy tzw. plik\u00f3w cookie. Pliki cookie to ma\u0142e pliki tekstowe, kt\u00f3re s\u0105 przesy\u0142ane z serwera witryny na dysk twardy u\u017cytkownika. Dzi\u0119ki temu automatycznie uzyskujemy okre\u015blone dane, takie jak adres IP, u\u017cywana przegl\u0105darka, system operacyjny i po\u0142\u0105czenie z Internetem.  <\/p>\n<p>Pliki cookie nie mog\u0105 by\u0107 wykorzystywane do uruchamiania program\u00f3w lub przenoszenia wirus\u00f3w na komputer. Mo\u017cemy wykorzystywa\u0107 informacje zawarte w plikach cookie, aby u\u0142atwi\u0107 nawigacj\u0119 i umo\u017cliwi\u0107 prawid\u0142owe wy\u015bwietlanie naszych stron internetowych. <\/p>\n<p>W \u017cadnym wypadku gromadzone przez nas dane nie b\u0119d\u0105 przekazywane stronom trzecim ani \u0142\u0105czone z danymi osobowymi bez zgody u\u017cytkownika.<\/p>\n<p>Oczywi\u015bcie mo\u017cna r\u00f3wnie\u017c przegl\u0105da\u0107 nasz\u0105 witryn\u0119 bez plik\u00f3w cookie. Przegl\u0105darki internetowe s\u0105 regularnie ustawione na akceptowanie plik\u00f3w cookie. Og\u00f3lnie rzecz bior\u0105c, mo\u017cna wy\u0142\u0105czy\u0107 korzystanie z plik\u00f3w cookie w dowolnym momencie za pomoc\u0105 ustawie\u0144 przegl\u0105darki. Aby dowiedzie\u0107 si\u0119, jak zmieni\u0107 te ustawienia, nale\u017cy skorzysta\u0107 z funkcji pomocy przegl\u0105darki internetowej. Nale\u017cy pami\u0119ta\u0107, \u017ce poszczeg\u00f3lne funkcje naszej witryny mog\u0105 nie dzia\u0142a\u0107, je\u015bli u\u017cytkownik wy\u0142\u0105czy\u0142 obs\u0142ug\u0119 plik\u00f3w cookie.    <\/p>\n<h2>Szyfrowanie SSL<\/h2>\n<p>W celu ochrony bezpiecze\u0144stwa Twoich danych podczas transmisji stosujemy najnowocze\u015bniejsze metody szyfrowania (np. SSL) przez HTTPS.<\/p>\n<h2>Formularz kontaktowy<\/h2>\n<p>Je\u015bli kontaktujesz si\u0119 z nami poprzez e-mail lub formularz kontaktowy w przypadku jakichkolwiek pyta\u0144, wyra\u017a dobrowoln\u0105 zgod\u0119 w celu nawi\u0105zania kontaktu. Wymaga to podania prawid\u0142owego adresu e-mail. S\u0142u\u017cy do przydzielenia \u017c\u0105dania, a nast\u0119pnie udzielenia na nie odpowiedzi. Podanie dalszych danych jest opcjonalne. Podane przez Ciebie informacje b\u0119d\u0105 przechowywane w celu przetworzenia wniosku i ewentualnych dalszych pyta\u0144. Po rozpatrzeniu Twojego wniosku dane osobowe zostan\u0105 automatycznie usuni\u0119te.     <\/p>\n<h2>Korzystanie z bibliotek skrypt\u00f3w (Google Webfonts)<\/h2>\n<p>Aby wy\u015bwietla\u0107 nasze tre\u015bci poprawnie i atrakcyjnie graficznie w r\u00f3\u017cnych przegl\u0105darkach, u\u017cywamy bibliotek skrypt\u00f3w i bibliotek czcionek, takich jak B. Czcionki internetowe Google (<a href=\"http:\/\/www.google.com\/webfonts\/\" target=\"_blank\" rel=\"noopener\" class=\"broken_link\">https:\/\/www.google.com\/webfonts\/<\/a>). Czcionki internetowe Google s\u0105 przenoszone do pami\u0119ci podr\u0119cznej przegl\u0105darki, aby unikn\u0105\u0107 wielokrotnego \u0142adowania. Je\u015bli przegl\u0105darka nie obs\u0142uguje czcionek internetowych Google lub uniemo\u017cliwia dost\u0119p do nich, zawarto\u015b\u0107 jest wy\u015bwietlana przy u\u017cyciu standardowej czcionki. <\/p>\n<p>Wywo\u0142anie bibliotek skrypt\u00f3w lub bibliotek czcionek automatycznie uruchamia po\u0142\u0105czenie z operatorem biblioteki. Teoretycznie jest mo\u017cliwe &#8211; cho\u0107 obecnie nie jest jasne, czy i w jakim celu &#8211; \u017ce operatorzy takich bibliotek zbieraj\u0105 dane. <\/p>\n<p>Polityk\u0119 prywatno\u015bci operatora biblioteki Google mo\u017cna znale\u017a\u0107 tutaj: <a href=\"https:\/\/www.google.com\/policies\/privacy\/\" target=\"_blank\" rel=\"noopener\">https:\/\/www.google.com\/policies\/privacy\/<\/a><\/p>\n<h2>Korzystanie z Map Google<\/h2>\n<p>Ta strona korzysta z Google Maps API do wizualnego wy\u015bwietlania informacji geograficznych. Podczas korzystania z Google Maps Google gromadzi, przetwarza i wykorzystuje r\u00f3wnie\u017c dane dotycz\u0105ce korzystania z funkcji mapy przez odwiedzaj\u0105cych. Wi\u0119cej informacji na temat przetwarzania danych przez Google mo\u017cna znale\u017a\u0107 w informacjach o ochronie <a href=\"http:\/\/www.google.com\/privacypolicy.html\" target=\"_blank\" rel=\"noopener\">danych Google<\/a>.   Mo\u017cna tam r\u00f3wnie\u017c zmieni\u0107 ustawienia ochrony danych osobowych w centrum ochrony danych.<\/p>\n<p>Szczeg\u00f3\u0142owe instrukcje dotycz\u0105ce zarz\u0105dzania w\u0142asnymi danymi w zwi\u0105zku z produktami Google mo\u017cna znale\u017a\u0107<a href=\"http:\/\/www.dataliberation.org\/\" target=\"_blank\" rel=\"noopener\"> tutaj.<\/a><\/p>\n<h2><strong>Zmie\u0144 nasz\u0105 polityk\u0119 prywatno\u015bci<\/strong><\/h2>\n<p>Zastrzegamy sobie prawo do dostosowania niniejszego o\u015bwiadczenia o ochronie danych, aby zawsze odpowiada\u0142o aktualnym wymogom prawnym lub do wprowadzenia zmian w naszych us\u0142ugach w o\u015bwiadczeniu o ochronie danych, np. przy wprowadzaniu nowych us\u0142ug. Nowa deklaracja o ochronie danych b\u0119dzie wtedy obowi\u0105zywa\u0107 podczas kolejnej wizyty. <\/p>\n<h2><strong>Pytania do inspektora ochrony danych<\/strong><\/h2>\n<p>Je\u015bli masz jakiekolwiek pytania dotycz\u0105ce ochrony danych, wy\u015blij do nas e-mail lub skontaktuj si\u0119 bezpo\u015brednio z osob\u0105 odpowiedzialn\u0105 za ochron\u0119 danych w naszej organizacji: Dr. Raoula Haserta.<\/p>\n<\/div><\/section>\n","protected":false},"excerpt":{"rendered":"<p>Polityka prywatno\u015bci kliniki dermatologicznej dr Raoula Haserta przy Friedrichstra\u00dfe w Berlin-Mitte.<\/p>\n","protected":false},"author":1,"featured_media":0,"parent":0,"menu_order":0,"comment_status":"closed","ping_status":"closed","template":"","meta":{"footnotes":""},"class_list":["post-4335","page","type-page","status-publish","hentry"],"yoast_head":"<!-- This site is optimized with the Yoast SEO plugin v25.3.1 - https:\/\/yoast.com\/wordpress\/plugins\/seo\/ -->\n<title>Polityka prywatno\u015bci | Dermatolog dr Raoul Hasert Berlin<\/title>\n<meta name=\"description\" content=\"Polityka prywatno\u015bci kliniki dermatologicznej dr Raoula Haserta przy Friedrichstra\u00dfe w Berlin-Mitte.\" \/>\n<meta name=\"robots\" content=\"index, follow, max-snippet:-1, max-image-preview:large, max-video-preview:-1\" \/>\n<link rel=\"canonical\" href=\"https:\/\/www.hasert-haut.de\/pl\/ochrona-danych\/\" \/>\n<meta property=\"og:locale\" content=\"pl_PL\" \/>\n<meta property=\"og:type\" content=\"article\" \/>\n<meta property=\"og:title\" content=\"Polityka prywatno\u015bci | Dermatolog dr Raoul Hasert Berlin\" \/>\n<meta property=\"og:description\" content=\"Polityka prywatno\u015bci kliniki dermatologicznej dr Raoula Haserta przy Friedrichstra\u00dfe w Berlin-Mitte.\" \/>\n<meta property=\"og:url\" content=\"https:\/\/www.hasert-haut.de\/pl\/ochrona-danych\/\" \/>\n<meta property=\"og:site_name\" content=\"Hautarzt Berlin - Praxisklinik Dr. Hasert\" \/>\n<meta property=\"article:modified_time\" content=\"2025-06-30T11:44:45+00:00\" \/>\n<meta name=\"twitter:label1\" content=\"Szacowany czas czytania\" \/>\n\t<meta name=\"twitter:data1\" content=\"9 minut\" \/>\n<script type=\"application\/ld+json\" class=\"yoast-schema-graph\">{\"@context\":\"https:\/\/schema.org\",\"@graph\":[{\"@type\":\"WebPage\",\"@id\":\"https:\/\/www.hasert-haut.de\/pl\/ochrona-danych\/\",\"url\":\"https:\/\/www.hasert-haut.de\/pl\/ochrona-danych\/\",\"name\":\"Polityka prywatno\u015bci | Dermatolog dr Raoul Hasert Berlin\",\"isPartOf\":{\"@id\":\"https:\/\/www.hasert-haut.de\/pl\/#website\"},\"datePublished\":\"2018-05-23T12:23:46+00:00\",\"dateModified\":\"2025-06-30T11:44:45+00:00\",\"description\":\"Polityka prywatno\u015bci kliniki dermatologicznej dr Raoula Haserta przy Friedrichstra\u00dfe w Berlin-Mitte.\",\"breadcrumb\":{\"@id\":\"https:\/\/www.hasert-haut.de\/pl\/ochrona-danych\/#breadcrumb\"},\"inLanguage\":\"pl-PL\",\"potentialAction\":[{\"@type\":\"ReadAction\",\"target\":[\"https:\/\/www.hasert-haut.de\/pl\/ochrona-danych\/\"]}]},{\"@type\":\"BreadcrumbList\",\"@id\":\"https:\/\/www.hasert-haut.de\/pl\/ochrona-danych\/#breadcrumb\",\"itemListElement\":[{\"@type\":\"ListItem\",\"position\":1,\"name\":\"Home\",\"item\":\"https:\/\/www.hasert-haut.de\/pl\/powitanie\/\"},{\"@type\":\"ListItem\",\"position\":2,\"name\":\"Ochrona danych\"}]},{\"@type\":\"WebSite\",\"@id\":\"https:\/\/www.hasert-haut.de\/pl\/#website\",\"url\":\"https:\/\/www.hasert-haut.de\/pl\/\",\"name\":\"Hautarzt Berlin - Praxisklinik Dr. Hasert\",\"description\":\"Hautarzt, Allgemeinmedizin\",\"potentialAction\":[{\"@type\":\"SearchAction\",\"target\":{\"@type\":\"EntryPoint\",\"urlTemplate\":\"https:\/\/www.hasert-haut.de\/pl\/?s={search_term_string}\"},\"query-input\":{\"@type\":\"PropertyValueSpecification\",\"valueRequired\":true,\"valueName\":\"search_term_string\"}}],\"inLanguage\":\"pl-PL\"}]}<\/script>\n<!-- \/ Yoast SEO plugin. -->","yoast_head_json":{"title":"Polityka prywatno\u015bci | Dermatolog dr Raoul Hasert Berlin","description":"Polityka prywatno\u015bci kliniki dermatologicznej dr Raoula Haserta przy Friedrichstra\u00dfe w Berlin-Mitte.","robots":{"index":"index","follow":"follow","max-snippet":"max-snippet:-1","max-image-preview":"max-image-preview:large","max-video-preview":"max-video-preview:-1"},"canonical":"https:\/\/www.hasert-haut.de\/pl\/ochrona-danych\/","og_locale":"pl_PL","og_type":"article","og_title":"Polityka prywatno\u015bci | Dermatolog dr Raoul Hasert Berlin","og_description":"Polityka prywatno\u015bci kliniki dermatologicznej dr Raoula Haserta przy Friedrichstra\u00dfe w Berlin-Mitte.","og_url":"https:\/\/www.hasert-haut.de\/pl\/ochrona-danych\/","og_site_name":"Hautarzt Berlin - Praxisklinik Dr. Hasert","article_modified_time":"2025-06-30T11:44:45+00:00","twitter_misc":{"Szacowany czas czytania":"9 minut"},"schema":{"@context":"https:\/\/schema.org","@graph":[{"@type":"WebPage","@id":"https:\/\/www.hasert-haut.de\/pl\/ochrona-danych\/","url":"https:\/\/www.hasert-haut.de\/pl\/ochrona-danych\/","name":"Polityka prywatno\u015bci | Dermatolog dr Raoul Hasert Berlin","isPartOf":{"@id":"https:\/\/www.hasert-haut.de\/pl\/#website"},"datePublished":"2018-05-23T12:23:46+00:00","dateModified":"2025-06-30T11:44:45+00:00","description":"Polityka prywatno\u015bci kliniki dermatologicznej dr Raoula Haserta przy Friedrichstra\u00dfe w Berlin-Mitte.","breadcrumb":{"@id":"https:\/\/www.hasert-haut.de\/pl\/ochrona-danych\/#breadcrumb"},"inLanguage":"pl-PL","potentialAction":[{"@type":"ReadAction","target":["https:\/\/www.hasert-haut.de\/pl\/ochrona-danych\/"]}]},{"@type":"BreadcrumbList","@id":"https:\/\/www.hasert-haut.de\/pl\/ochrona-danych\/#breadcrumb","itemListElement":[{"@type":"ListItem","position":1,"name":"Home","item":"https:\/\/www.hasert-haut.de\/pl\/powitanie\/"},{"@type":"ListItem","position":2,"name":"Ochrona danych"}]},{"@type":"WebSite","@id":"https:\/\/www.hasert-haut.de\/pl\/#website","url":"https:\/\/www.hasert-haut.de\/pl\/","name":"Hautarzt Berlin - Praxisklinik Dr. Hasert","description":"Hautarzt, Allgemeinmedizin","potentialAction":[{"@type":"SearchAction","target":{"@type":"EntryPoint","urlTemplate":"https:\/\/www.hasert-haut.de\/pl\/?s={search_term_string}"},"query-input":{"@type":"PropertyValueSpecification","valueRequired":true,"valueName":"search_term_string"}}],"inLanguage":"pl-PL"}]}},"_links":{"self":[{"href":"https:\/\/www.hasert-haut.de\/pl\/wp-json\/wp\/v2\/pages\/4335","targetHints":{"allow":["GET"]}}],"collection":[{"href":"https:\/\/www.hasert-haut.de\/pl\/wp-json\/wp\/v2\/pages"}],"about":[{"href":"https:\/\/www.hasert-haut.de\/pl\/wp-json\/wp\/v2\/types\/page"}],"author":[{"embeddable":true,"href":"https:\/\/www.hasert-haut.de\/pl\/wp-json\/wp\/v2\/users\/1"}],"replies":[{"embeddable":true,"href":"https:\/\/www.hasert-haut.de\/pl\/wp-json\/wp\/v2\/comments?post=4335"}],"version-history":[{"count":14,"href":"https:\/\/www.hasert-haut.de\/pl\/wp-json\/wp\/v2\/pages\/4335\/revisions"}],"predecessor-version":[{"id":12584,"href":"https:\/\/www.hasert-haut.de\/pl\/wp-json\/wp\/v2\/pages\/4335\/revisions\/12584"}],"wp:attachment":[{"href":"https:\/\/www.hasert-haut.de\/pl\/wp-json\/wp\/v2\/media?parent=4335"}],"curies":[{"name":"wp","href":"https:\/\/api.w.org\/{rel}","templated":true}]}}