{"id":4875,"date":"2015-01-20T14:48:37","date_gmt":"2015-01-20T14:48:37","guid":{"rendered":"https:\/\/www.hasert-haut.de\/praxis\/"},"modified":"2025-06-30T11:54:17","modified_gmt":"2025-06-30T11:54:17","slug":"cwiczyc","status":"publish","type":"page","link":"https:\/\/www.hasert-haut.de\/pl\/cwiczyc\/","title":{"rendered":"\u0106wiczy\u0107"},"content":{"rendered":"<div id='avia-leaflet-map-1' class='av_leaflet_sc_main_wrap av-dpcj-95e17d3e5dfe3eb6b8c02542377bd773 av_leaflet_main_wrap'><div class='avia-leaflet-map-container avia-leaflet-map-sc'><div class=\"leaflet-map WPLeafletMap\" style=\"height:500px; width:100%;\"><\/div><script>\nwindow.WPLeafletMapPlugin = window.WPLeafletMapPlugin || [];\nwindow.WPLeafletMapPlugin.push(function WPLeafletMapShortcode() {\/*<script>*\/\nvar baseUrl = atob('aHR0cHM6Ly90aWxlLm9wZW5zdHJlZXRtYXAub3JnL3t6fS97eH0ve3l9LnBuZw==');\nvar base = (!baseUrl && window.MQ) ?\n    window.MQ.mapLayer() : L.tileLayer(baseUrl,\n        L.Util.extend({}, {\n            detectRetina: 1,\n        },\n        {\"subdomains\":\"abc\",\"noWrap\":false,\"maxZoom\":20}        )\n    );\n    var options = L.Util.extend({}, {\n        layers: [base],\n        attributionControl: false\n    },\n    {\"closePopupOnClick\":false,\"dragging\":true,\"keyboard\":true,\"tap\":false,\"zoomControl\":true,\"scrollWheelZoom\":false,\"doubleClickZoom\":false,\"fitBounds\":true,\"minZoom\":0,\"maxZoom\":20,\"maxBounds\":null,\"attribution\":\"<a href=\\\"http:\\\/\\\/leafletjs.com\\\" title=\\\"A JS library for interactive maps\\\">Leaflet<\\\/a>; \\u00a9 <a href=\\\"http:\\\/\\\/www.openstreetmap.org\\\/copyright\\\">OpenStreetMap<\\\/a> contributors\"},\n    {});\nwindow.WPLeafletMapPlugin.createMap(options).setView([52.5260626,13.3878008],12);window.WPLeafletMapPlugin.createScale({});});<\/script><script>\nwindow.WPLeafletMapPlugin = window.WPLeafletMapPlugin || [];\nwindow.WPLeafletMapPlugin.push(function WPLeafletMarkerShortcode() {\/*<script>*\/\nvar map = window.WPLeafletMapPlugin.getCurrentMap();\nvar group = window.WPLeafletMapPlugin.getCurrentGroup();\nvar marker_options = window.WPLeafletMapPlugin.getIconOptions({\"draggable\":true,\"title\":\"Praxis Berlin-Mitte\"});\nvar marker = L.marker(\n    [52.5260708,13.3875123],\n    marker_options\n);\nvar is_image = map.is_image_map;\nif (marker_options.draggable) {\n    marker.on('dragend', function () {\n        var latlng = this.getLatLng();\n        var lat = latlng.lat;\n        var lng = latlng.lng;\n        if (is_image) {\n            console.log('leaflet-marker y=' + lat + ' x=' + lng);\n        } else {\n            console.log('leaflet-marker lat=' + lat + ' lng=' + lng);\n        }\n    });\n}\nmarker.addTo( group );\nmarker.bindPopup(window.WPLeafletMapPlugin.unescape('Praxis Berlin-Mitte&lt;br \/&gt;&lt;br&gt;Friedrichstr. 113A'));window.WPLeafletMapPlugin.markers.push( marker );\n        });<\/script><script>\nwindow.WPLeafletMapPlugin = window.WPLeafletMapPlugin || [];\nwindow.WPLeafletMapPlugin.push(function WPLeafletMarkerShortcode() {\/*<script>*\/\nvar map = window.WPLeafletMapPlugin.getCurrentMap();\nvar group = window.WPLeafletMapPlugin.getCurrentGroup();\nvar marker_options = window.WPLeafletMapPlugin.getIconOptions({\"draggable\":false,\"title\":\"Praxis Berlin-Lichtenberg\"});\nvar marker = L.marker(\n    [52.5126438,13.49628],\n    marker_options\n);\nvar is_image = map.is_image_map;\nif (marker_options.draggable) {\n    marker.on('dragend', function () {\n        var latlng = this.getLatLng();\n        var lat = latlng.lat;\n        var lng = latlng.lng;\n        if (is_image) {\n            console.log('leaflet-marker y=' + lat + ' x=' + lng);\n        } else {\n            console.log('leaflet-marker lat=' + lat + ' lng=' + lng);\n        }\n    });\n}\nmarker.addTo( group );\nmarker.bindPopup(window.WPLeafletMapPlugin.unescape('Praxis Berlin-Lichtenberg&lt;br \/&gt;&lt;br&gt;Frankfurter Allee 231a'));window.WPLeafletMapPlugin.markers.push( marker );\n        });<\/script><script>\nwindow.WPLeafletMapPlugin = window.WPLeafletMapPlugin || [];\nwindow.WPLeafletMapPlugin.push(function WPLeafletMarkerShortcode() {\/*<script>*\/\nvar map = window.WPLeafletMapPlugin.getCurrentMap();\nvar group = window.WPLeafletMapPlugin.getCurrentGroup();\nvar marker_options = window.WPLeafletMapPlugin.getIconOptions({\"draggable\":false,\"title\":\"Praxis Berlin-Buch\"});\nvar marker = L.marker(\n    [52.6347099,13.4958027],\n    marker_options\n);\nvar is_image = map.is_image_map;\nif (marker_options.draggable) {\n    marker.on('dragend', function () {\n        var latlng = this.getLatLng();\n        var lat = latlng.lat;\n        var lng = latlng.lng;\n        if (is_image) {\n            console.log('leaflet-marker y=' + lat + ' x=' + lng);\n        } else {\n            console.log('leaflet-marker lat=' + lat + ' lng=' + lng);\n        }\n    });\n}\nmarker.addTo( group );\nmarker.bindPopup(window.WPLeafletMapPlugin.unescape('Praxis Berlin-Buch&lt;br \/&gt;&lt;br&gt;Walter-Friedrich-Stra\u00dfe 4a'));window.WPLeafletMapPlugin.markers.push( marker );\n        });<\/script><script>\nwindow.WPLeafletMapPlugin = window.WPLeafletMapPlugin || [];\nwindow.WPLeafletMapPlugin.push(function WPLeafletMarkerShortcode() {\/*<script>*\/\nvar map = window.WPLeafletMapPlugin.getCurrentMap();\nvar group = window.WPLeafletMapPlugin.getCurrentGroup();\nvar marker_options = window.WPLeafletMapPlugin.getIconOptions({\"draggable\":false,\"title\":\"Praxis Berlin-Hellersdorf\"});\nvar marker = L.marker(\n    [52.5213289,13.584514],\n    marker_options\n);\nvar is_image = map.is_image_map;\nif (marker_options.draggable) {\n    marker.on('dragend', function () {\n        var latlng = this.getLatLng();\n        var lat = latlng.lat;\n        var lng = latlng.lng;\n        if (is_image) {\n            console.log('leaflet-marker y=' + lat + ' x=' + lng);\n        } else {\n            console.log('leaflet-marker lat=' + lat + ' lng=' + lng);\n        }\n    });\n}\nmarker.addTo( group );\nmarker.bindPopup(window.WPLeafletMapPlugin.unescape('Praxis Berlin-Hellersdorf&lt;br \/&gt;&lt;br&gt;Teterower Ring 52'));window.WPLeafletMapPlugin.markers.push( marker );\n        });<\/script><\/div><\/div>\n\n<style type=\"text\/css\" data-created_by=\"avia_inline_auto\" id=\"style-css-av-1h3nf-28382a702e0eb1d705ae290f6c37c4ec\">\n.avia-section.av-1h3nf-28382a702e0eb1d705ae290f6c37c4ec{\nbackground-color:#f9f9f9;\nbackground-image:unset;\n}\n<\/style>\n<div id='av_section_1'  class='avia-section av-1h3nf-28382a702e0eb1d705ae290f6c37c4ec main_color avia-section-huge avia-no-border-styling  avia-builder-el-1  el_after_av_leaflet_map  avia-builder-el-last  avia-bg-style-scroll container_wrap fullsize'  ><div class='container av-section-cont-open' ><div class='template-page content  av-content-full alpha units'><div class='post-entry post-entry-type-page post-entry-4875'><div class='entry-content-wrapper clearfix'>\n\n<style type=\"text\/css\" data-created_by=\"avia_inline_auto\" id=\"style-css-av-1e3eh-a1ca503c212e5a78230cd9ff93fdfdd9\">\n#top .hr.hr-invisible.av-1e3eh-a1ca503c212e5a78230cd9ff93fdfdd9{\nheight:50px;\n}\n<\/style>\n<div  class='hr av-1e3eh-a1ca503c212e5a78230cd9ff93fdfdd9 hr-invisible  avia-builder-el-2  el_before_av_heading  avia-builder-el-first '><span class='hr-inner '><span class=\"hr-inner-style\"><\/span><\/span><\/div>\n\n<style type=\"text\/css\" data-created_by=\"avia_inline_auto\" id=\"style-css-av-1cpyr-05ee4040051fb6562f4327f9bcbd5462\">\n#top .av-special-heading.av-1cpyr-05ee4040051fb6562f4327f9bcbd5462{\npadding-bottom:10px;\n}\nbody .av-special-heading.av-1cpyr-05ee4040051fb6562f4327f9bcbd5462 .av-special-heading-tag .heading-char{\nfont-size:25px;\n}\n.av-special-heading.av-1cpyr-05ee4040051fb6562f4327f9bcbd5462 .av-subheading{\nfont-size:15px;\n}\n<\/style>\n<div  class='av-special-heading av-1cpyr-05ee4040051fb6562f4327f9bcbd5462 av-special-heading-h2 blockquote modern-quote modern-centered  avia-builder-el-3  el_after_av_hr  el_before_av_hr '><h2 class='av-special-heading-tag'  itemprop=\"headline\"  >Nasze lokalizacje<\/h2><div class=\"special-heading-border\"><div class=\"special-heading-inner-border\"><\/div><\/div><\/div>\n\n<style type=\"text\/css\" data-created_by=\"avia_inline_auto\" id=\"style-css-av-19a6x-62a6c15ce8b392e5b9af1be4a0ac7f32\">\n#top .hr.hr-invisible.av-19a6x-62a6c15ce8b392e5b9af1be4a0ac7f32{\nheight:50px;\n}\n<\/style>\n<div  class='hr av-19a6x-62a6c15ce8b392e5b9af1be4a0ac7f32 hr-invisible  avia-builder-el-4  el_after_av_heading  el_before_av_one_half '><span class='hr-inner '><span class=\"hr-inner-style\"><\/span><\/span><\/div>\n<div  class='flex_column av-18faf-4b3cfbc0927452c1b01ccf9e297d8ebd av_one_half  avia-builder-el-5  el_after_av_hr  el_before_av_one_half  first flex_column_div  '     ><p>\n<style type=\"text\/css\" data-created_by=\"avia_inline_auto\" id=\"style-css-av-16oo9-95b530199e1fd51f4fa2bb0012c453c5\">\n.avia-image-container.av-16oo9-95b530199e1fd51f4fa2bb0012c453c5 img.avia_image{\nbox-shadow:none;\n}\n.avia-image-container.av-16oo9-95b530199e1fd51f4fa2bb0012c453c5 .av-image-caption-overlay-center{\ncolor:#ffffff;\n}\n<\/style>\n<div  class='avia-image-container av-16oo9-95b530199e1fd51f4fa2bb0012c453c5 av-styling- avia-align-center  avia-builder-el-6  el_before_av_hr  avia-builder-el-first '   itemprop=\"image\" itemscope=\"itemscope\" itemtype=\"https:\/\/schema.org\/ImageObject\" ><div class=\"avia-image-container-inner\"><div class=\"avia-image-overlay-wrap\"><a href=\"https:\/\/www.hasert-haut.de\/pl\/cwiczyc\/godziny-pracy\/\" class='avia_image'  aria-label='IMG_0717'><img decoding=\"async\" fetchpriority=\"high\" class='wp-image-4476 avia-img-lazy-loading-not-4476 avia_image ' src=\"https:\/\/www.hasert-haut.de\/wp-content\/uploads\/2015\/01\/IMG_0717-1-1030x687.jpg\" alt='' title='IMG_0717'  height=\"687\" width=\"1030\"  itemprop=\"thumbnailUrl\" srcset=\"https:\/\/www.hasert-haut.de\/wp-content\/uploads\/2015\/01\/IMG_0717-1-1030x687.jpg 1030w, https:\/\/www.hasert-haut.de\/wp-content\/uploads\/2015\/01\/IMG_0717-1-300x200.jpg 300w, https:\/\/www.hasert-haut.de\/wp-content\/uploads\/2015\/01\/IMG_0717-1-768x512.jpg 768w, https:\/\/www.hasert-haut.de\/wp-content\/uploads\/2015\/01\/IMG_0717-1.jpg 1500w, https:\/\/www.hasert-haut.de\/wp-content\/uploads\/2015\/01\/IMG_0717-1-705x470.jpg 705w, https:\/\/www.hasert-haut.de\/wp-content\/uploads\/2015\/01\/IMG_0717-1-450x300.jpg 450w\" sizes=\"(max-width: 1030px) 100vw, 1030px\" \/><\/a><\/div><\/div><\/div><br \/>\n\n<style type=\"text\/css\" data-created_by=\"avia_inline_auto\" id=\"style-css-av-14der-5bed56b5f78b7736840a265bce0821d3\">\n#top .hr.hr-invisible.av-14der-5bed56b5f78b7736840a265bce0821d3{\nmargin-top:-30px;\nheight:1px;\n}\n<\/style>\n<div  class='hr av-14der-5bed56b5f78b7736840a265bce0821d3 hr-invisible  avia-builder-el-7  el_after_av_image  el_before_av_heading '><span class='hr-inner '><span class=\"hr-inner-style\"><\/span><\/span><\/div><br \/>\n\n<style type=\"text\/css\" data-created_by=\"avia_inline_auto\" id=\"style-css-av-3q2d-fff2d8ddbbff0a5cfc12fffce1e45727\">\n#top .av-special-heading.av-3q2d-fff2d8ddbbff0a5cfc12fffce1e45727{\npadding-bottom:10px;\n}\nbody .av-special-heading.av-3q2d-fff2d8ddbbff0a5cfc12fffce1e45727 .av-special-heading-tag .heading-char{\nfont-size:25px;\n}\n.av-special-heading.av-3q2d-fff2d8ddbbff0a5cfc12fffce1e45727 .av-subheading{\nfont-size:15px;\n}\n<\/style>\n<div  class='av-special-heading av-3q2d-fff2d8ddbbff0a5cfc12fffce1e45727 av-special-heading-h3 blockquote modern-quote  avia-builder-el-8  el_after_av_hr  el_before_av_button '><h3 class='av-special-heading-tag'  itemprop=\"headline\"  >Praktyka Berlin-Mitte<\/h3><div class='av-subheading av-subheading_below'><p>Friedrichstr. 113A<\/p>\n<\/div><div class=\"special-heading-border\"><div class=\"special-heading-inner-border\"><\/div><\/div><\/div><br \/>\n<div  class='avia-button-wrap av-cw5-0408c8f9c426939ecfabc94db8d30bac-wrap avia-button-left  avia-builder-el-9  el_after_av_heading  avia-builder-el-last '><a href='https:\/\/www.doctolib.de\/praxis\/berlin\/praxisklinik-dr-hasert' class='avia-button av-cw5-0408c8f9c426939ecfabc94db8d30bac avia-icon_select-no avia-size-medium avia-position-left avia-color-red' target=\"_blank\" rel=\"noopener noreferrer\"><span class='avia_iconbox_title' >Spotkania w praktyce Berlin-Mitte<\/span><\/a><\/div><\/p><\/div><div  class='flex_column av-xrx1-3f5400e6ca9562f6d16e7720ec365782 av_one_half  avia-builder-el-10  el_after_av_one_half  el_before_av_one_half  flex_column_div  '     ><p>\n<style type=\"text\/css\" data-created_by=\"avia_inline_auto\" id=\"style-css-av-uk7r-9713706a1194cd5b22946b71565b7e76\">\n.avia-image-container.av-uk7r-9713706a1194cd5b22946b71565b7e76 img.avia_image{\nbox-shadow:none;\n}\n.avia-image-container.av-uk7r-9713706a1194cd5b22946b71565b7e76 .av-image-caption-overlay-center{\ncolor:#ffffff;\n}\n<\/style>\n<div  class='avia-image-container av-uk7r-9713706a1194cd5b22946b71565b7e76 av-styling- avia-align-center  avia-builder-el-11  el_before_av_hr  avia-builder-el-first '   itemprop=\"image\" itemscope=\"itemscope\" itemtype=\"https:\/\/schema.org\/ImageObject\" ><div class=\"avia-image-container-inner\"><div class=\"avia-image-overlay-wrap\"><a href=\"https:\/\/www.hasert-haut.de\/praxis\/hautarzt-berlin-lichtenberg\/\" class='avia_image'  aria-label='hasert-hautarzt-berlin-lichtenberg-424A0879'><img decoding=\"async\" fetchpriority=\"high\" class='wp-image-12148 avia-img-lazy-loading-not-12148 avia_image ' src=\"https:\/\/www.hasert-haut.de\/wp-content\/uploads\/2025\/06\/hasert-hautarzt-berlin-lichtenberg-424A0879-1030x686.jpg\" alt='Anmeldung Praxis Berlin-Lichtenberg | Hautarzt Dr. Hasert' title='hasert-hautarzt-berlin-lichtenberg-424A0879'  height=\"686\" width=\"1030\"  itemprop=\"thumbnailUrl\" srcset=\"https:\/\/www.hasert-haut.de\/wp-content\/uploads\/2025\/06\/hasert-hautarzt-berlin-lichtenberg-424A0879-1030x686.jpg 1030w, https:\/\/www.hasert-haut.de\/wp-content\/uploads\/2025\/06\/hasert-hautarzt-berlin-lichtenberg-424A0879-300x200.jpg 300w, https:\/\/www.hasert-haut.de\/wp-content\/uploads\/2025\/06\/hasert-hautarzt-berlin-lichtenberg-424A0879-768x512.jpg 768w, https:\/\/www.hasert-haut.de\/wp-content\/uploads\/2025\/06\/hasert-hautarzt-berlin-lichtenberg-424A0879-1536x1024.jpg 1536w, https:\/\/www.hasert-haut.de\/wp-content\/uploads\/2025\/06\/hasert-hautarzt-berlin-lichtenberg-424A0879-1500x1000.jpg 1500w, https:\/\/www.hasert-haut.de\/wp-content\/uploads\/2025\/06\/hasert-hautarzt-berlin-lichtenberg-424A0879-705x470.jpg 705w, https:\/\/www.hasert-haut.de\/wp-content\/uploads\/2025\/06\/hasert-hautarzt-berlin-lichtenberg-424A0879.jpg 2000w\" sizes=\"(max-width: 1030px) 100vw, 1030px\" \/><\/a><\/div><\/div><\/div><br \/>\n\n<style type=\"text\/css\" data-created_by=\"avia_inline_auto\" id=\"style-css-av-tye7-e422daa2a61c75d737716357a847c162\">\n#top .hr.hr-invisible.av-tye7-e422daa2a61c75d737716357a847c162{\nmargin-top:-30px;\nheight:1px;\n}\n<\/style>\n<div  class='hr av-tye7-e422daa2a61c75d737716357a847c162 hr-invisible  avia-builder-el-12  el_after_av_image  el_before_av_heading '><span class='hr-inner '><span class=\"hr-inner-style\"><\/span><\/span><\/div><br \/>\n\n<style type=\"text\/css\" data-created_by=\"avia_inline_auto\" id=\"style-css-av-qh7j-3da9deee633b52dc0e0611f5ca575d1b\">\n#top .av-special-heading.av-qh7j-3da9deee633b52dc0e0611f5ca575d1b{\npadding-bottom:10px;\n}\nbody .av-special-heading.av-qh7j-3da9deee633b52dc0e0611f5ca575d1b .av-special-heading-tag .heading-char{\nfont-size:25px;\n}\n.av-special-heading.av-qh7j-3da9deee633b52dc0e0611f5ca575d1b .av-subheading{\nfont-size:15px;\n}\n<\/style>\n<div  class='av-special-heading av-qh7j-3da9deee633b52dc0e0611f5ca575d1b av-special-heading-h3 blockquote modern-quote  avia-builder-el-13  el_after_av_hr  el_before_av_button '><h3 class='av-special-heading-tag'  itemprop=\"headline\"  >Praktyka Berlin-Lichtenberg<\/h3><div class='av-subheading av-subheading_below'><p>Frankfurter Allee 231a<\/p>\n<\/div><div class=\"special-heading-border\"><div class=\"special-heading-inner-border\"><\/div><\/div><\/div><br \/>\n<div  class='avia-button-wrap av-ojm9-fd47af158e7cc4baeccda642a4a7f1ef-wrap avia-button-left  avia-builder-el-14  el_after_av_heading  avia-builder-el-last '><a href='https:\/\/www.doctolib.de\/medizinisches-versorgungszentrum-mvz\/berlin\/mvz-dr-hasert-gmbh-standort-lichtenberg' class='avia-button av-ojm9-fd47af158e7cc4baeccda642a4a7f1ef avia-icon_select-no avia-size-medium avia-position-left avia-color-red' target=\"_blank\" rel=\"noopener noreferrer\"><span class='avia_iconbox_title' >Mianowania w praktyce Berlin-Lichtenberg<\/span><\/a><\/div><\/p><\/div><div  class='flex_column av-2a7p-7a901181eaf680f85946bbc0ca9e72cc av_one_half  avia-builder-el-15  el_after_av_one_half  el_before_av_one_half  first flex_column_div  column-top-margin'     ><p>\n<style type=\"text\/css\" data-created_by=\"avia_inline_auto\" id=\"style-css-av-la8f-f82b125f2c452d893024d43e419edb58\">\n.avia-image-container.av-la8f-f82b125f2c452d893024d43e419edb58 img.avia_image{\nbox-shadow:none;\n}\n.avia-image-container.av-la8f-f82b125f2c452d893024d43e419edb58 .av-image-caption-overlay-center{\ncolor:#ffffff;\n}\n<\/style>\n<div  class='avia-image-container av-la8f-f82b125f2c452d893024d43e419edb58 av-styling- avia-align-center  avia-builder-el-16  el_before_av_hr  avia-builder-el-first '   itemprop=\"image\" itemscope=\"itemscope\" itemtype=\"https:\/\/schema.org\/ImageObject\" ><div class=\"avia-image-container-inner\"><div class=\"avia-image-overlay-wrap\"><a href=\"https:\/\/www.hasert-haut.de\/praxis\/praxis-berlin-hellersdorf\/\" class='avia_image'  aria-label='Hasert'><img decoding=\"async\" fetchpriority=\"high\" class='wp-image-12188 avia-img-lazy-loading-not-12188 avia_image ' src=\"https:\/\/www.hasert-haut.de\/wp-content\/uploads\/2025\/06\/hasert-hautarzt-berlin-hellersdorf-424A0614-1030x686.jpg\" alt='Anmeldung Hautarzt Dr. Hasert | Berlin-Hellersdorf' title='Hasert'  height=\"686\" width=\"1030\"  itemprop=\"thumbnailUrl\" srcset=\"https:\/\/www.hasert-haut.de\/wp-content\/uploads\/2025\/06\/hasert-hautarzt-berlin-hellersdorf-424A0614-1030x686.jpg 1030w, https:\/\/www.hasert-haut.de\/wp-content\/uploads\/2025\/06\/hasert-hautarzt-berlin-hellersdorf-424A0614-300x200.jpg 300w, https:\/\/www.hasert-haut.de\/wp-content\/uploads\/2025\/06\/hasert-hautarzt-berlin-hellersdorf-424A0614-768x512.jpg 768w, https:\/\/www.hasert-haut.de\/wp-content\/uploads\/2025\/06\/hasert-hautarzt-berlin-hellersdorf-424A0614-1536x1024.jpg 1536w, https:\/\/www.hasert-haut.de\/wp-content\/uploads\/2025\/06\/hasert-hautarzt-berlin-hellersdorf-424A0614-1500x1000.jpg 1500w, https:\/\/www.hasert-haut.de\/wp-content\/uploads\/2025\/06\/hasert-hautarzt-berlin-hellersdorf-424A0614-705x470.jpg 705w, https:\/\/www.hasert-haut.de\/wp-content\/uploads\/2025\/06\/hasert-hautarzt-berlin-hellersdorf-424A0614.jpg 2000w\" sizes=\"(max-width: 1030px) 100vw, 1030px\" \/><\/a><\/div><\/div><\/div><br \/>\n\n<style type=\"text\/css\" data-created_by=\"avia_inline_auto\" id=\"style-css-av-hylr-db7afdcb9ece4d2161f3c835265c55e0\">\n#top .hr.hr-invisible.av-hylr-db7afdcb9ece4d2161f3c835265c55e0{\nmargin-top:-30px;\nheight:1px;\n}\n<\/style>\n<div  class='hr av-hylr-db7afdcb9ece4d2161f3c835265c55e0 hr-invisible  avia-builder-el-17  el_after_av_image  el_before_av_heading '><span class='hr-inner '><span class=\"hr-inner-style\"><\/span><\/span><\/div><br \/>\n\n<style type=\"text\/css\" data-created_by=\"avia_inline_auto\" id=\"style-css-av-focd-9ccbacbe96dad983bff6d6d4a78d7fc5\">\n#top .av-special-heading.av-focd-9ccbacbe96dad983bff6d6d4a78d7fc5{\npadding-bottom:10px;\n}\nbody .av-special-heading.av-focd-9ccbacbe96dad983bff6d6d4a78d7fc5 .av-special-heading-tag .heading-char{\nfont-size:25px;\n}\n.av-special-heading.av-focd-9ccbacbe96dad983bff6d6d4a78d7fc5 .av-subheading{\nfont-size:15px;\n}\n<\/style>\n<div  class='av-special-heading av-focd-9ccbacbe96dad983bff6d6d4a78d7fc5 av-special-heading-h3 blockquote modern-quote  avia-builder-el-18  el_after_av_hr  el_before_av_button '><h3 class='av-special-heading-tag'  itemprop=\"headline\"  >Praktyka Berlin-Hellersdorf<\/h3><div class='av-subheading av-subheading_below'><p>Teterower Ring 52<\/p>\n<\/div><div class=\"special-heading-border\"><div class=\"special-heading-inner-border\"><\/div><\/div><\/div><br \/>\n<div  class='avia-button-wrap av-e4v5-239355314d734a51e3e759e7d2e555b2-wrap avia-button-left  avia-builder-el-19  el_after_av_heading  avia-builder-el-last '><a href='https:\/\/www.doctolib.de\/praxis\/berlin\/praxisklinik-dr-hasert-standort-hellersdorf' class='avia-button av-e4v5-239355314d734a51e3e759e7d2e555b2 avia-icon_select-no avia-size-medium avia-position-left avia-color-red' target=\"_blank\" rel=\"noopener noreferrer\"><span class='avia_iconbox_title' >Spotkania w gabinecie w Berlinie-Hellersdorfie<\/span><\/a><\/div><\/p><\/div><div  class='flex_column av-bkud-77fef65a6ab2684fc874c24659ac0886 av_one_half  avia-builder-el-20  el_after_av_one_half  el_before_av_one_half  flex_column_div  column-top-margin'     ><p>\n<style type=\"text\/css\" data-created_by=\"avia_inline_auto\" id=\"style-css-av-90cn-b933039160007914624fe99fe679ad5b\">\n.avia-image-container.av-90cn-b933039160007914624fe99fe679ad5b img.avia_image{\nbox-shadow:none;\n}\n.avia-image-container.av-90cn-b933039160007914624fe99fe679ad5b .av-image-caption-overlay-center{\ncolor:#ffffff;\n}\n<\/style>\n<div  class='avia-image-container av-90cn-b933039160007914624fe99fe679ad5b av-styling- avia-align-center  avia-builder-el-21  el_before_av_hr  avia-builder-el-first '   itemprop=\"image\" itemscope=\"itemscope\" itemtype=\"https:\/\/schema.org\/ImageObject\" ><div class=\"avia-image-container-inner\"><div class=\"avia-image-overlay-wrap\"><a href=\"https:\/\/www.hasert-haut.de\/pl\/cwiczyc\/praktyka-berlin-buch\/\" class='avia_image'  aria-label='hasert-hautarzt-berlin-buch-424A0786'><img decoding=\"async\" fetchpriority=\"high\" class='wp-image-12228 avia-img-lazy-loading-not-12228 avia_image ' src=\"https:\/\/www.hasert-haut.de\/wp-content\/uploads\/2025\/06\/hasert-hautarzt-berlin-buch-424A0786-1030x686.jpg\" alt='Anmeldung Hautarzt Dr. Hasert | Praxis Berlin-Buch' title='hasert-hautarzt-berlin-buch-424A0786'  height=\"686\" width=\"1030\"  itemprop=\"thumbnailUrl\" srcset=\"https:\/\/www.hasert-haut.de\/wp-content\/uploads\/2025\/06\/hasert-hautarzt-berlin-buch-424A0786-1030x686.jpg 1030w, https:\/\/www.hasert-haut.de\/wp-content\/uploads\/2025\/06\/hasert-hautarzt-berlin-buch-424A0786-300x200.jpg 300w, https:\/\/www.hasert-haut.de\/wp-content\/uploads\/2025\/06\/hasert-hautarzt-berlin-buch-424A0786-768x512.jpg 768w, https:\/\/www.hasert-haut.de\/wp-content\/uploads\/2025\/06\/hasert-hautarzt-berlin-buch-424A0786-1536x1024.jpg 1536w, https:\/\/www.hasert-haut.de\/wp-content\/uploads\/2025\/06\/hasert-hautarzt-berlin-buch-424A0786-1500x1000.jpg 1500w, https:\/\/www.hasert-haut.de\/wp-content\/uploads\/2025\/06\/hasert-hautarzt-berlin-buch-424A0786-705x470.jpg 705w, https:\/\/www.hasert-haut.de\/wp-content\/uploads\/2025\/06\/hasert-hautarzt-berlin-buch-424A0786.jpg 2000w\" sizes=\"(max-width: 1030px) 100vw, 1030px\" \/><\/a><\/div><\/div><\/div><br \/>\n\n<style type=\"text\/css\" data-created_by=\"avia_inline_auto\" id=\"style-css-av-7eif-860de8bc197cf2078e0bc83a840e2588\">\n#top .hr.hr-invisible.av-7eif-860de8bc197cf2078e0bc83a840e2588{\nmargin-top:-30px;\nheight:1px;\n}\n<\/style>\n<div  class='hr av-7eif-860de8bc197cf2078e0bc83a840e2588 hr-invisible  avia-builder-el-22  el_after_av_image  el_before_av_heading '><span class='hr-inner '><span class=\"hr-inner-style\"><\/span><\/span><\/div><br \/>\n\n<style type=\"text\/css\" data-created_by=\"avia_inline_auto\" id=\"style-css-av-545p-c8f61948a3c4dc488c79cfd1751e815e\">\n#top .av-special-heading.av-545p-c8f61948a3c4dc488c79cfd1751e815e{\npadding-bottom:10px;\n}\nbody .av-special-heading.av-545p-c8f61948a3c4dc488c79cfd1751e815e .av-special-heading-tag .heading-char{\nfont-size:25px;\n}\n.av-special-heading.av-545p-c8f61948a3c4dc488c79cfd1751e815e .av-subheading{\nfont-size:15px;\n}\n<\/style>\n<div  class='av-special-heading av-545p-c8f61948a3c4dc488c79cfd1751e815e av-special-heading-h3 blockquote modern-quote  avia-builder-el-23  el_after_av_hr  el_before_av_button '><h3 class='av-special-heading-tag'  itemprop=\"headline\"  >Praktyka Berlin-Buch<\/h3><div class='av-subheading av-subheading_below'><p>Walter-Friedrich-Stra\u00dfe 4a<\/p>\n<\/div><div class=\"special-heading-border\"><div class=\"special-heading-inner-border\"><\/div><\/div><\/div><br \/>\n<div  class='avia-button-wrap av-2waz-9f356f02725056c6c996fd4df7a011ba-wrap avia-button-left  avia-builder-el-24  el_after_av_heading  avia-builder-el-last '><a href='https:\/\/www.doctolib.de\/medizinisches-versorgungszentrum-mvz\/berlin\/mvz-dr-hasert-gmbh-standort-buch' class='avia-button av-2waz-9f356f02725056c6c996fd4df7a011ba avia-icon_select-no avia-size-medium avia-position-left avia-color-red' target=\"_blank\" rel=\"noopener noreferrer\"><span class='avia_iconbox_title' >Spotkania w gabinecie Berlin-Buch<\/span><\/a><\/div><\/p><\/div>\n<style type=\"text\/css\" data-created_by=\"avia_inline_auto\" id=\"style-css-av-3mn1-008473163a786ff8b3fc20d3600d973f\">\n.flex_column.av-3mn1-008473163a786ff8b3fc20d3600d973f{\nborder-radius:0px 0px 0px 0px;\npadding:0px 0px 0px 0px;\n}\n<\/style>\n<div  class='flex_column av-3mn1-008473163a786ff8b3fc20d3600d973f av_one_half  avia-builder-el-25  el_after_av_one_half  el_before_av_one_half  first flex_column_div av-zero-column-padding  column-top-margin'     ><p>\n<style type=\"text\/css\" data-created_by=\"avia_inline_auto\" id=\"style-css-av-jv3ic3ql-a3321540dfa48e3ab2137a5c9bf18c7e\">\n.avia-image-container.av-jv3ic3ql-a3321540dfa48e3ab2137a5c9bf18c7e img.avia_image{\nbox-shadow:none;\n}\n.avia-image-container.av-jv3ic3ql-a3321540dfa48e3ab2137a5c9bf18c7e .av-caption-image-overlay-bg{\nopacity:0.4;\nbackground-color:#000000;\n}\n.avia-image-container.av-jv3ic3ql-a3321540dfa48e3ab2137a5c9bf18c7e .av-image-caption-overlay-center{\ncolor:#ffffff;\nfont-size:30px;\n}\n<\/style>\n<div  class='avia-image-container av-jv3ic3ql-a3321540dfa48e3ab2137a5c9bf18c7e av-styling-no-styling avia_animated_image av-animated-when-visible-95 fade-in avia-align-center  avia-builder-el-26  el_before_av_heading  avia-builder-el-first  noHover av-overlay-on-hover'   itemprop=\"image\" itemscope=\"itemscope\" itemtype=\"https:\/\/schema.org\/ImageObject\" ><div class=\"avia-image-container-inner\"><div class=\"avia-image-overlay-wrap\"><a href=\"https:\/\/www.hasert-haut.de\/pl\/cwiczyc\/zespol\/\" class='avia_image'  aria-label='praxisklinik-dr-hasert-berlin-empfang_chapter'><div class=\"av-image-caption-overlay\"><div class=\"av-caption-image-overlay-bg\"><\/div><div class=\"av-image-caption-overlay-position\"><div class=\"av-image-caption-overlay-center\"><p>zesp\u00f3\u0142 \u0107wiczeniowy<\/p>\n<\/div><\/div><\/div><img decoding=\"async\" fetchpriority=\"high\" class='wp-image-4560 avia-img-lazy-loading-not-4560 avia_image ' src=\"https:\/\/www.hasert-haut.de\/wp-content\/uploads\/2022\/07\/praxisklinik-dr-hasert-berlin-empfang_chapter.jpg\" alt='Hautarzt Dr. Hasert Berlin-Mitte' title='praxisklinik-dr-hasert-berlin-empfang_chapter'  height=\"601\" width=\"900\"  itemprop=\"thumbnailUrl\" srcset=\"https:\/\/www.hasert-haut.de\/wp-content\/uploads\/2022\/07\/praxisklinik-dr-hasert-berlin-empfang_chapter.jpg 900w, https:\/\/www.hasert-haut.de\/wp-content\/uploads\/2022\/07\/praxisklinik-dr-hasert-berlin-empfang_chapter-300x200.jpg 300w, https:\/\/www.hasert-haut.de\/wp-content\/uploads\/2022\/07\/praxisklinik-dr-hasert-berlin-empfang_chapter-768x513.jpg 768w, https:\/\/www.hasert-haut.de\/wp-content\/uploads\/2022\/07\/praxisklinik-dr-hasert-berlin-empfang_chapter-705x471.jpg 705w\" sizes=\"(max-width: 900px) 100vw, 900px\" \/><\/a><\/div><\/div><\/div><br \/>\n\n<style type=\"text\/css\" data-created_by=\"avia_inline_auto\" id=\"style-css-av-3691-2769d7ff3513b349ef4eb47ab3fee8b8\">\n#top .av-special-heading.av-3691-2769d7ff3513b349ef4eb47ab3fee8b8{\npadding-bottom:10px;\n}\nbody .av-special-heading.av-3691-2769d7ff3513b349ef4eb47ab3fee8b8 .av-special-heading-tag .heading-char{\nfont-size:25px;\n}\n.av-special-heading.av-3691-2769d7ff3513b349ef4eb47ab3fee8b8 .av-subheading{\nfont-size:15px;\n}\n<\/style>\n<div  class='av-special-heading av-3691-2769d7ff3513b349ef4eb47ab3fee8b8 av-special-heading-h2 blockquote modern-quote modern-centered  avia-builder-el-27  el_after_av_image  avia-builder-el-last  av-linked-heading'><h2 class='av-special-heading-tag'  itemprop=\"headline\"  ><a class=\"av-heading-link\" href=\"https:\/\/www.hasert-haut.de\/praxis\/team\/\" >zesp\u00f3\u0142 \u0107wiczeniowy<\/a><\/h2><div class=\"special-heading-border\"><div class=\"special-heading-inner-border\"><\/div><\/div><\/div><\/p><\/div>\n<style type=\"text\/css\" data-created_by=\"avia_inline_auto\" id=\"style-css-av-3mn1-8-3031bc2561c1dae190a961a7ddfb6858\">\n.flex_column.av-3mn1-8-3031bc2561c1dae190a961a7ddfb6858{\nborder-radius:0px 0px 0px 0px;\npadding:0px 0px 0px 0px;\n}\n<\/style>\n<div  class='flex_column av-3mn1-8-3031bc2561c1dae190a961a7ddfb6858 av_one_half  avia-builder-el-28  el_after_av_one_half  avia-builder-el-last  flex_column_div av-zero-column-padding  column-top-margin'     ><p>\n<style type=\"text\/css\" data-created_by=\"avia_inline_auto\" id=\"style-css-av-jv3ic3ql-7-2faca5e9ff09e17b1d5904daa7d37b8f\">\n.avia-image-container.av-jv3ic3ql-7-2faca5e9ff09e17b1d5904daa7d37b8f img.avia_image{\nbox-shadow:none;\n}\n.avia-image-container.av-jv3ic3ql-7-2faca5e9ff09e17b1d5904daa7d37b8f .av-caption-image-overlay-bg{\nopacity:0.4;\nbackground-color:#000000;\n}\n.avia-image-container.av-jv3ic3ql-7-2faca5e9ff09e17b1d5904daa7d37b8f .av-image-caption-overlay-center{\ncolor:#ffffff;\nfont-size:30px;\n}\n<\/style>\n<div  class='avia-image-container av-jv3ic3ql-7-2faca5e9ff09e17b1d5904daa7d37b8f av-styling-no-styling avia_animated_image av-animated-when-visible-95 fade-in avia-align-center  avia-builder-el-29  el_before_av_heading  avia-builder-el-first  noHover av-overlay-on-hover'   itemprop=\"image\" itemscope=\"itemscope\" itemtype=\"https:\/\/schema.org\/ImageObject\" ><div class=\"avia-image-container-inner\"><div class=\"avia-image-overlay-wrap\"><a href=\"https:\/\/www.hasert-haut.de\/pl\/cwiczyc\/czlonkostwa\/\" class='avia_image'  aria-label='Mitgliedschaften'><div class=\"av-image-caption-overlay\"><div class=\"av-caption-image-overlay-bg\"><\/div><div class=\"av-image-caption-overlay-position\"><div class=\"av-image-caption-overlay-center\"><p>cz\u0142onkostwa<\/p>\n<\/div><\/div><\/div><img decoding=\"async\" fetchpriority=\"high\" class='wp-image-4466 avia-img-lazy-loading-not-4466 avia_image ' src=\"https:\/\/www.hasert-haut.de\/wp-content\/uploads\/2015\/01\/praxisklinik-dr-hasert-mitgliedschaften-1030x687.jpg\" alt='' title='Mitgliedschaften'  height=\"687\" width=\"1030\"  itemprop=\"thumbnailUrl\" srcset=\"https:\/\/www.hasert-haut.de\/wp-content\/uploads\/2015\/01\/praxisklinik-dr-hasert-mitgliedschaften-1030x687.jpg 1030w, https:\/\/www.hasert-haut.de\/wp-content\/uploads\/2015\/01\/praxisklinik-dr-hasert-mitgliedschaften-300x200.jpg 300w, https:\/\/www.hasert-haut.de\/wp-content\/uploads\/2015\/01\/praxisklinik-dr-hasert-mitgliedschaften-768x512.jpg 768w, https:\/\/www.hasert-haut.de\/wp-content\/uploads\/2015\/01\/praxisklinik-dr-hasert-mitgliedschaften.jpg 1500w, https:\/\/www.hasert-haut.de\/wp-content\/uploads\/2015\/01\/praxisklinik-dr-hasert-mitgliedschaften-705x470.jpg 705w, https:\/\/www.hasert-haut.de\/wp-content\/uploads\/2015\/01\/praxisklinik-dr-hasert-mitgliedschaften-450x300.jpg 450w\" sizes=\"(max-width: 1030px) 100vw, 1030px\" \/><\/a><\/div><\/div><\/div><br \/>\n\n<style type=\"text\/css\" data-created_by=\"avia_inline_auto\" id=\"style-css-av-agn-2f8967d30725cc5cfda90490863aeee1\">\n#top .av-special-heading.av-agn-2f8967d30725cc5cfda90490863aeee1{\npadding-bottom:10px;\n}\nbody .av-special-heading.av-agn-2f8967d30725cc5cfda90490863aeee1 .av-special-heading-tag .heading-char{\nfont-size:25px;\n}\n.av-special-heading.av-agn-2f8967d30725cc5cfda90490863aeee1 .av-subheading{\nfont-size:15px;\n}\n<\/style>\n<div  class='av-special-heading av-agn-2f8967d30725cc5cfda90490863aeee1 av-special-heading-h2 blockquote modern-quote modern-centered  avia-builder-el-30  el_after_av_image  avia-builder-el-last  av-linked-heading'><h2 class='av-special-heading-tag'  itemprop=\"headline\"  ><a class=\"av-heading-link\" href=\"https:\/\/www.hasert-haut.de\/praxis\/mitgliedschaften\/\" >cz\u0142onkostwa<\/a><\/h2><div class=\"special-heading-border\"><div class=\"special-heading-inner-border\"><\/div><\/div><\/div><\/p><\/div>\n","protected":false},"excerpt":{"rendered":"","protected":false},"author":1,"featured_media":4470,"parent":0,"menu_order":0,"comment_status":"closed","ping_status":"closed","template":"","meta":{"footnotes":""},"class_list":["post-4875","page","type-page","status-publish","has-post-thumbnail","hentry"],"yoast_head":"<!-- This site is optimized with the Yoast SEO plugin v25.3.1 - https:\/\/yoast.com\/wordpress\/plugins\/seo\/ -->\n<title>Praktyka dla dermatologii | dermatolog dr Hasert Berlin-Mitte, Friedrichstrasse<\/title>\n<meta name=\"description\" content=\"Og\u00f3lne informacje na temat praktyki dermatologicznej, chor\u00f3b sk\u00f3ry i wenerycznych przez dermatologa dr. Hasert w Berlinie-Mitte Friedrichstrasse.\" \/>\n<meta name=\"robots\" content=\"index, follow, max-snippet:-1, max-image-preview:large, max-video-preview:-1\" \/>\n<link rel=\"canonical\" href=\"https:\/\/www.hasert-haut.de\/pl\/cwiczyc\/\" \/>\n<meta property=\"og:locale\" content=\"pl_PL\" \/>\n<meta property=\"og:type\" content=\"article\" \/>\n<meta property=\"og:title\" content=\"Praktyka dla dermatologii | dermatolog dr Hasert Berlin-Mitte, Friedrichstrasse\" \/>\n<meta property=\"og:description\" content=\"Og\u00f3lne informacje na temat praktyki dermatologicznej, chor\u00f3b sk\u00f3ry i wenerycznych przez dermatologa dr. Hasert w Berlinie-Mitte Friedrichstrasse.\" \/>\n<meta property=\"og:url\" content=\"https:\/\/www.hasert-haut.de\/pl\/cwiczyc\/\" \/>\n<meta property=\"og:site_name\" content=\"Hautarzt Berlin - Praxisklinik Dr. Hasert\" \/>\n<meta property=\"article:modified_time\" content=\"2025-06-30T11:54:17+00:00\" \/>\n<meta property=\"og:image\" content=\"https:\/\/www.hasert-haut.de\/wp-content\/uploads\/2015\/01\/praxisklinik-dr-hasert-praxis.jpg\" \/>\n\t<meta property=\"og:image:width\" content=\"1500\" \/>\n\t<meta property=\"og:image:height\" content=\"1000\" \/>\n\t<meta property=\"og:image:type\" content=\"image\/jpeg\" \/>\n<meta name=\"twitter:label1\" content=\"Szacowany czas czytania\" \/>\n\t<meta name=\"twitter:data1\" content=\"37 minut\" \/>\n<script type=\"application\/ld+json\" class=\"yoast-schema-graph\">{\"@context\":\"https:\/\/schema.org\",\"@graph\":[{\"@type\":\"WebPage\",\"@id\":\"https:\/\/www.hasert-haut.de\/pl\/cwiczyc\/\",\"url\":\"https:\/\/www.hasert-haut.de\/pl\/cwiczyc\/\",\"name\":\"Praktyka dla dermatologii | dermatolog dr Hasert Berlin-Mitte, Friedrichstrasse\",\"isPartOf\":{\"@id\":\"https:\/\/www.hasert-haut.de\/pl\/#website\"},\"primaryImageOfPage\":{\"@id\":\"https:\/\/www.hasert-haut.de\/pl\/cwiczyc\/#primaryimage\"},\"image\":{\"@id\":\"https:\/\/www.hasert-haut.de\/pl\/cwiczyc\/#primaryimage\"},\"thumbnailUrl\":\"https:\/\/www.hasert-haut.de\/wp-content\/uploads\/2015\/01\/praxisklinik-dr-hasert-praxis.jpg\",\"datePublished\":\"2015-01-20T14:48:37+00:00\",\"dateModified\":\"2025-06-30T11:54:17+00:00\",\"description\":\"Og\u00f3lne informacje na temat praktyki dermatologicznej, chor\u00f3b sk\u00f3ry i wenerycznych przez dermatologa dr. Hasert w Berlinie-Mitte Friedrichstrasse.\",\"breadcrumb\":{\"@id\":\"https:\/\/www.hasert-haut.de\/pl\/cwiczyc\/#breadcrumb\"},\"inLanguage\":\"pl-PL\",\"potentialAction\":[{\"@type\":\"ReadAction\",\"target\":[\"https:\/\/www.hasert-haut.de\/pl\/cwiczyc\/\"]}]},{\"@type\":\"ImageObject\",\"inLanguage\":\"pl-PL\",\"@id\":\"https:\/\/www.hasert-haut.de\/pl\/cwiczyc\/#primaryimage\",\"url\":\"https:\/\/www.hasert-haut.de\/wp-content\/uploads\/2015\/01\/praxisklinik-dr-hasert-praxis.jpg\",\"contentUrl\":\"https:\/\/www.hasert-haut.de\/wp-content\/uploads\/2015\/01\/praxisklinik-dr-hasert-praxis.jpg\",\"width\":1500,\"height\":1000,\"caption\":\"Der rege Alltag im Eingangsbereich der Praxisklinik von Hautarzt in Berlin Dr. Hasert\"},{\"@type\":\"BreadcrumbList\",\"@id\":\"https:\/\/www.hasert-haut.de\/pl\/cwiczyc\/#breadcrumb\",\"itemListElement\":[{\"@type\":\"ListItem\",\"position\":1,\"name\":\"Home\",\"item\":\"https:\/\/www.hasert-haut.de\/pl\/powitanie\/\"},{\"@type\":\"ListItem\",\"position\":2,\"name\":\"\u0106wiczy\u0107\"}]},{\"@type\":\"WebSite\",\"@id\":\"https:\/\/www.hasert-haut.de\/pl\/#website\",\"url\":\"https:\/\/www.hasert-haut.de\/pl\/\",\"name\":\"Hautarzt Berlin - Praxisklinik Dr. Hasert\",\"description\":\"Hautarzt, Allgemeinmedizin\",\"potentialAction\":[{\"@type\":\"SearchAction\",\"target\":{\"@type\":\"EntryPoint\",\"urlTemplate\":\"https:\/\/www.hasert-haut.de\/pl\/?s={search_term_string}\"},\"query-input\":{\"@type\":\"PropertyValueSpecification\",\"valueRequired\":true,\"valueName\":\"search_term_string\"}}],\"inLanguage\":\"pl-PL\"}]}<\/script>\n<!-- \/ Yoast SEO plugin. -->","yoast_head_json":{"title":"Praktyka dla dermatologii | dermatolog dr Hasert Berlin-Mitte, Friedrichstrasse","description":"Og\u00f3lne informacje na temat praktyki dermatologicznej, chor\u00f3b sk\u00f3ry i wenerycznych przez dermatologa dr. Hasert w Berlinie-Mitte Friedrichstrasse.","robots":{"index":"index","follow":"follow","max-snippet":"max-snippet:-1","max-image-preview":"max-image-preview:large","max-video-preview":"max-video-preview:-1"},"canonical":"https:\/\/www.hasert-haut.de\/pl\/cwiczyc\/","og_locale":"pl_PL","og_type":"article","og_title":"Praktyka dla dermatologii | dermatolog dr Hasert Berlin-Mitte, Friedrichstrasse","og_description":"Og\u00f3lne informacje na temat praktyki dermatologicznej, chor\u00f3b sk\u00f3ry i wenerycznych przez dermatologa dr. Hasert w Berlinie-Mitte Friedrichstrasse.","og_url":"https:\/\/www.hasert-haut.de\/pl\/cwiczyc\/","og_site_name":"Hautarzt Berlin - Praxisklinik Dr. Hasert","article_modified_time":"2025-06-30T11:54:17+00:00","og_image":[{"width":1500,"height":1000,"url":"https:\/\/www.hasert-haut.de\/wp-content\/uploads\/2015\/01\/praxisklinik-dr-hasert-praxis.jpg","type":"image\/jpeg"}],"twitter_misc":{"Szacowany czas czytania":"37 minut"},"schema":{"@context":"https:\/\/schema.org","@graph":[{"@type":"WebPage","@id":"https:\/\/www.hasert-haut.de\/pl\/cwiczyc\/","url":"https:\/\/www.hasert-haut.de\/pl\/cwiczyc\/","name":"Praktyka dla dermatologii | dermatolog dr Hasert Berlin-Mitte, Friedrichstrasse","isPartOf":{"@id":"https:\/\/www.hasert-haut.de\/pl\/#website"},"primaryImageOfPage":{"@id":"https:\/\/www.hasert-haut.de\/pl\/cwiczyc\/#primaryimage"},"image":{"@id":"https:\/\/www.hasert-haut.de\/pl\/cwiczyc\/#primaryimage"},"thumbnailUrl":"https:\/\/www.hasert-haut.de\/wp-content\/uploads\/2015\/01\/praxisklinik-dr-hasert-praxis.jpg","datePublished":"2015-01-20T14:48:37+00:00","dateModified":"2025-06-30T11:54:17+00:00","description":"Og\u00f3lne informacje na temat praktyki dermatologicznej, chor\u00f3b sk\u00f3ry i wenerycznych przez dermatologa dr. Hasert w Berlinie-Mitte Friedrichstrasse.","breadcrumb":{"@id":"https:\/\/www.hasert-haut.de\/pl\/cwiczyc\/#breadcrumb"},"inLanguage":"pl-PL","potentialAction":[{"@type":"ReadAction","target":["https:\/\/www.hasert-haut.de\/pl\/cwiczyc\/"]}]},{"@type":"ImageObject","inLanguage":"pl-PL","@id":"https:\/\/www.hasert-haut.de\/pl\/cwiczyc\/#primaryimage","url":"https:\/\/www.hasert-haut.de\/wp-content\/uploads\/2015\/01\/praxisklinik-dr-hasert-praxis.jpg","contentUrl":"https:\/\/www.hasert-haut.de\/wp-content\/uploads\/2015\/01\/praxisklinik-dr-hasert-praxis.jpg","width":1500,"height":1000,"caption":"Der rege Alltag im Eingangsbereich der Praxisklinik von Hautarzt in Berlin Dr. Hasert"},{"@type":"BreadcrumbList","@id":"https:\/\/www.hasert-haut.de\/pl\/cwiczyc\/#breadcrumb","itemListElement":[{"@type":"ListItem","position":1,"name":"Home","item":"https:\/\/www.hasert-haut.de\/pl\/powitanie\/"},{"@type":"ListItem","position":2,"name":"\u0106wiczy\u0107"}]},{"@type":"WebSite","@id":"https:\/\/www.hasert-haut.de\/pl\/#website","url":"https:\/\/www.hasert-haut.de\/pl\/","name":"Hautarzt Berlin - Praxisklinik Dr. Hasert","description":"Hautarzt, Allgemeinmedizin","potentialAction":[{"@type":"SearchAction","target":{"@type":"EntryPoint","urlTemplate":"https:\/\/www.hasert-haut.de\/pl\/?s={search_term_string}"},"query-input":{"@type":"PropertyValueSpecification","valueRequired":true,"valueName":"search_term_string"}}],"inLanguage":"pl-PL"}]}},"_links":{"self":[{"href":"https:\/\/www.hasert-haut.de\/pl\/wp-json\/wp\/v2\/pages\/4875","targetHints":{"allow":["GET"]}}],"collection":[{"href":"https:\/\/www.hasert-haut.de\/pl\/wp-json\/wp\/v2\/pages"}],"about":[{"href":"https:\/\/www.hasert-haut.de\/pl\/wp-json\/wp\/v2\/types\/page"}],"author":[{"embeddable":true,"href":"https:\/\/www.hasert-haut.de\/pl\/wp-json\/wp\/v2\/users\/1"}],"replies":[{"embeddable":true,"href":"https:\/\/www.hasert-haut.de\/pl\/wp-json\/wp\/v2\/comments?post=4875"}],"version-history":[{"count":21,"href":"https:\/\/www.hasert-haut.de\/pl\/wp-json\/wp\/v2\/pages\/4875\/revisions"}],"predecessor-version":[{"id":12605,"href":"https:\/\/www.hasert-haut.de\/pl\/wp-json\/wp\/v2\/pages\/4875\/revisions\/12605"}],"wp:featuredmedia":[{"embeddable":true,"href":"https:\/\/www.hasert-haut.de\/pl\/wp-json\/wp\/v2\/media\/4470"}],"wp:attachment":[{"href":"https:\/\/www.hasert-haut.de\/pl\/wp-json\/wp\/v2\/media?parent=4875"}],"curies":[{"name":"wp","href":"https:\/\/api.w.org\/{rel}","templated":true}]}}