{"id":8303,"date":"2016-12-09T12:00:33","date_gmt":"2016-12-09T12:00:33","guid":{"rendered":"https:\/\/www.hasert-haut.de\/leczenie-raka-skory\/"},"modified":"2025-06-30T11:50:28","modified_gmt":"2025-06-30T11:50:28","slug":"leczenie-raka-skory","status":"publish","type":"page","link":"https:\/\/www.hasert-haut.de\/pl\/leczenie-raka-skory\/","title":{"rendered":"leczenie raka sk\u00f3ry"},"content":{"rendered":"\n<style type=\"text\/css\" data-created_by=\"avia_inline_auto\" id=\"style-css-av-l80b1hn9-ec4016f705bb7e471f5435996723305a\">\n.avia-section.av-l80b1hn9-ec4016f705bb7e471f5435996723305a{\nbackground-repeat:no-repeat;\nbackground-image:url(https:\/\/www.hasert-haut.de\/wp-content\/uploads\/2015\/01\/Allgemeinmedizin1.jpg);\nbackground-position:50% 100%;\nbackground-attachment:scroll;\n}\n<\/style>\n<div id='av_section_1'  class='avia-section av-l80b1hn9-ec4016f705bb7e471f5435996723305a main_color avia-section-default avia-no-border-styling  avia-builder-el-0  el_before_av_section  avia-builder-el-first  avia-full-stretch avia-bg-style-scroll av-minimum-height av-minimum-height-50 av-height-50  container_wrap fullsize'  data-section-bg-repeat='stretch' data-av_minimum_height_pc='50' data-av_min_height_opt='50'><div class='container av-section-cont-open' ><main  role=\"main\" itemprop=\"mainContentOfPage\"  class='template-page content  av-content-full alpha units'><div class='post-entry post-entry-type-page post-entry-8303'><div class='entry-content-wrapper clearfix'>\n<\/div><\/div><\/main><!-- close content main element --><\/div><\/div><div id='av_section_2'  class='avia-section av-1c52y-6705d96d726e34f30075afd1c9f98823 main_color avia-section-huge avia-no-border-styling  avia-builder-el-1  el_after_av_section  avia-builder-el-last  avia-bg-style-scroll container_wrap fullsize'  ><div class='container av-section-cont-open' ><div class='template-page content  av-content-full alpha units'><div class='post-entry post-entry-type-page post-entry-8303'><div class='entry-content-wrapper clearfix'>\n\n<style type=\"text\/css\" data-created_by=\"avia_inline_auto\" id=\"style-css-av-1zubm-cf8dd5eea0f9c55c19c0ef078ddbcf82\">\n#top .flex_column.av-1zubm-cf8dd5eea0f9c55c19c0ef078ddbcf82{\nmargin-top:-200px;\nmargin-bottom:-200px;\n}\n.flex_column.av-1zubm-cf8dd5eea0f9c55c19c0ef078ddbcf82{\nborder-radius:0px 0px 0px 0px;\npadding:30px 30px 30px 30px;\nbackground-color:#ffffff;\n}\n.responsive #top #wrap_all .flex_column.av-1zubm-cf8dd5eea0f9c55c19c0ef078ddbcf82{\nmargin-top:-200px;\nmargin-bottom:-200px;\n}\n<\/style>\n<div  class='flex_column av-1zubm-cf8dd5eea0f9c55c19c0ef078ddbcf82 av_one_full  avia-builder-el-2  el_before_av_hr  avia-builder-el-first  first flex_column_div  '     ><style type=\"text\/css\" data-created_by=\"avia_inline_auto\" id=\"style-css-av-l96u5ko6-1ee7a0e49976ea57dcd3015ffac46473\">\n#top .av-special-heading.av-l96u5ko6-1ee7a0e49976ea57dcd3015ffac46473{\nmargin:30px 0 0 0;\npadding-bottom:10px;\n}\nbody .av-special-heading.av-l96u5ko6-1ee7a0e49976ea57dcd3015ffac46473 .av-special-heading-tag .heading-char{\nfont-size:25px;\n}\n.av-special-heading.av-l96u5ko6-1ee7a0e49976ea57dcd3015ffac46473 .av-subheading{\nfont-size:15px;\n}\n<\/style>\n<div  class='av-special-heading av-l96u5ko6-1ee7a0e49976ea57dcd3015ffac46473 av-special-heading-h1 blockquote modern-quote modern-centered  avia-builder-el-3  avia-builder-el-no-sibling '><h1 class='av-special-heading-tag'  itemprop=\"headline\"  >leczenie raka sk\u00f3ry<\/h1><div class=\"special-heading-border\"><div class=\"special-heading-inner-border\"><\/div><\/div><\/div><\/div>\n<style type=\"text\/css\" data-created_by=\"avia_inline_auto\" id=\"style-css-av-l96u2dxw-bef62529ba4e12912e5f4b47d6fefae0\">\n#top .hr.hr-invisible.av-l96u2dxw-bef62529ba4e12912e5f4b47d6fefae0{\nheight:50px;\n}\n<\/style>\n<div  class='hr av-l96u2dxw-bef62529ba4e12912e5f4b47d6fefae0 hr-invisible  avia-builder-el-4  el_after_av_one_full  el_before_av_one_full '><span class='hr-inner '><span class=\"hr-inner-style\"><\/span><\/span><\/div>\n\n<style type=\"text\/css\" data-created_by=\"avia_inline_auto\" id=\"style-css-av-ajd7l-c04253c6914ea50e1f188ebedd5df2b7\">\n.flex_column.av-ajd7l-c04253c6914ea50e1f188ebedd5df2b7{\nborder-radius:0px 0px 0px 0px;\npadding:0px 0px 0px 0px;\n}\n<\/style>\n<div  class='flex_column av-ajd7l-c04253c6914ea50e1f188ebedd5df2b7 av_one_full  avia-builder-el-5  el_after_av_hr  avia-builder-el-last  first flex_column_div av-zero-column-padding  '     ><div  id=\"av-sc-portfolio-1\"  class=' grid-sort-container isotope   no_margin-container with-excerpt-container grid-total-even grid-col-2 grid-links-' data-portfolio-id='1'><div data-ajax-id='6847' class=' grid-entry flex_column isotope-item all_sort no_margin post-entry post-entry-6847 grid-entry-overview grid-loop-1 grid-parity-odd  hautkrebsbehandlung-pl_sort  av_one_half first default_av_fullwidth '><article class='main_color inner-entry'  itemscope=\"itemscope\" itemtype=\"https:\/\/schema.org\/CreativeWork\" ><a href=\"https:\/\/www.hasert-haut.de\/pl\/leistungen\/bazalioma\/\" title='bazalioma'  data-rel='grid-1' class='grid-image avia-hover-fx'> <img decoding=\"async\" fetchpriority=\"high\" width=\"495\" height=\"400\" src=\"https:\/\/www.hasert-haut.de\/wp-content\/uploads\/2015\/01\/Basaliom-6-495x400.jpg\" class=\"wp-image-4080 avia-img-lazy-loading-not-4080 attachment-portfolio size-portfolio wp-post-image\" alt=\"\" \/><\/a><div class='grid-content'><div class='avia-arrow'><\/div><header class=\"entry-content-header\"><h3 class='grid-entry-title entry-title '  itemprop=\"headline\" ><a href='https:\/\/www.hasert-haut.de\/pl\/leistungen\/bazalioma\/' title='bazalioma'>bazalioma<\/a><\/h3><\/header><div class='grid-entry-excerpt entry-content'  itemprop=\"text\" >Basalioma jest najcz\u0119stszym nowotworem sk\u00f3ry \u2013 ryzyko zachorowania jest szczeg\u00f3lnie wysokie u os\u00f3b o jasnej karnacji, kt\u00f3re przez lata by\u0142y wystawione na dzia\u0142anie s\u0142o\u0144ca.<\/div><\/div><footer class=\"entry-footer\"><\/footer><\/article><\/div><div data-ajax-id='6978' class=' grid-entry flex_column isotope-item all_sort no_margin post-entry post-entry-6978 grid-entry-overview grid-loop-2 grid-parity-even  hautkrebsbehandlung-pl_sort  av_one_half  default_av_fullwidth '><article class='main_color inner-entry'  itemscope=\"itemscope\" itemtype=\"https:\/\/schema.org\/CreativeWork\" ><a href=\"https:\/\/www.hasert-haut.de\/pl\/leistungen\/profilaktyka-raka-skory\/\" title='profilaktyka raka sk\u00f3ry'  data-rel='grid-1' class='grid-image avia-hover-fx'> <img decoding=\"async\" fetchpriority=\"high\" width=\"495\" height=\"400\" src=\"https:\/\/www.hasert-haut.de\/wp-content\/uploads\/2016\/12\/hautkrebsvorsorge-495x400.jpg\" class=\"wp-image-4428 avia-img-lazy-loading-not-4428 attachment-portfolio size-portfolio wp-post-image\" alt=\"\" \/><\/a><div class='grid-content'><div class='avia-arrow'><\/div><header class=\"entry-content-header\"><h3 class='grid-entry-title entry-title '  itemprop=\"headline\" ><a href='https:\/\/www.hasert-haut.de\/pl\/leistungen\/profilaktyka-raka-skory\/' title='profilaktyka raka sk\u00f3ry'>profilaktyka raka sk\u00f3ry<\/a><\/h3><\/header><\/div><footer class=\"entry-footer\"><\/footer><\/article><\/div><div data-ajax-id='7148' class=' grid-entry flex_column isotope-item all_sort no_margin post-entry post-entry-7148 grid-entry-overview grid-loop-3 grid-parity-odd  hautkrebsbehandlung-pl_sort  av_one_half first default_av_fullwidth '><article class='main_color inner-entry'  itemscope=\"itemscope\" itemtype=\"https:\/\/schema.org\/CreativeWork\" ><a href=\"https:\/\/www.hasert-haut.de\/pl\/leistungen\/rak-czarnej-skory-czerniak\/\" title='Rak czarnej sk\u00f3ry (czerniak)'  data-rel='grid-1' class='grid-image avia-hover-fx'> <img decoding=\"async\" fetchpriority=\"high\" width=\"495\" height=\"400\" src=\"https:\/\/www.hasert-haut.de\/wp-content\/uploads\/2016\/12\/Schwarzer-Hautkrebs-Melanom-495x400.jpg\" class=\"wp-image-4436 avia-img-lazy-loading-not-4436 attachment-portfolio size-portfolio wp-post-image\" alt=\"\" \/><\/a><div class='grid-content'><div class='avia-arrow'><\/div><header class=\"entry-content-header\"><h3 class='grid-entry-title entry-title '  itemprop=\"headline\" ><a href='https:\/\/www.hasert-haut.de\/pl\/leistungen\/rak-czarnej-skory-czerniak\/' title='Rak czarnej sk\u00f3ry (czerniak)'>Rak czarnej sk\u00f3ry (czerniak)<\/a><\/h3><\/header><\/div><footer class=\"entry-footer\"><\/footer><\/article><\/div><div data-ajax-id='7118' class=' grid-entry flex_column isotope-item all_sort no_margin post-entry post-entry-7118 grid-entry-overview grid-loop-4 grid-parity-even  hautkrebsbehandlung-pl_sort  av_one_half  default_av_fullwidth '><article class='main_color inner-entry'  itemscope=\"itemscope\" itemtype=\"https:\/\/schema.org\/CreativeWork\" ><a href=\"https:\/\/www.hasert-haut.de\/pl\/leistungen\/rak-kolczystokomorkowy\/\" title='Rak kolczystokom\u00f3rkowy'  data-rel='grid-1' class='grid-image avia-hover-fx'> <img decoding=\"async\" fetchpriority=\"high\" width=\"495\" height=\"400\" src=\"https:\/\/www.hasert-haut.de\/wp-content\/uploads\/2016\/12\/Stachelzell-Plattenepithelkarzinom-495x400.jpg\" class=\"wp-image-4438 avia-img-lazy-loading-not-4438 attachment-portfolio size-portfolio wp-post-image\" alt=\"\" \/><\/a><div class='grid-content'><div class='avia-arrow'><\/div><header class=\"entry-content-header\"><h3 class='grid-entry-title entry-title '  itemprop=\"headline\" ><a href='https:\/\/www.hasert-haut.de\/pl\/leistungen\/rak-kolczystokomorkowy\/' title='Rak kolczystokom\u00f3rkowy'>Rak kolczystokom\u00f3rkowy<\/a><\/h3><\/header><div class='grid-entry-excerpt entry-content'  itemprop=\"text\" >Rak p\u0142askonab\u0142onkowy jest drugim najcz\u0119\u015bciej wyst\u0119puj\u0105cym rakiem sk\u00f3ry. Osoby o jasnej karnacji maj\u0105 najwy\u017csze ryzyko zachorowania na raka p\u0142askonab\u0142onkowego.<\/div><\/div><footer class=\"entry-footer\"><\/footer><\/article><\/div><div data-ajax-id='6817' class=' grid-entry flex_column isotope-item all_sort no_margin post-entry post-entry-6817 grid-entry-overview grid-loop-5 grid-parity-odd  hautkrebsbehandlung-pl_sort  av_one_half first default_av_fullwidth '><article class='main_color inner-entry'  itemscope=\"itemscope\" itemtype=\"https:\/\/schema.org\/CreativeWork\" ><a href=\"https:\/\/www.hasert-haut.de\/pl\/leistungen\/rogowacenie-sloneczne\/\" title='Rogowacenie s\u0142oneczne'  data-rel='grid-1' class='grid-image avia-hover-fx'> <img decoding=\"async\" fetchpriority=\"high\" width=\"495\" height=\"400\" src=\"https:\/\/www.hasert-haut.de\/wp-content\/uploads\/2016\/12\/Aktinische-Keratosen-495x400.jpg\" class=\"wp-image-4434 avia-img-lazy-loading-not-4434 attachment-portfolio size-portfolio wp-post-image\" alt=\"\" \/><\/a><div class='grid-content'><div class='avia-arrow'><\/div><header class=\"entry-content-header\"><h3 class='grid-entry-title entry-title '  itemprop=\"headline\" ><a href='https:\/\/www.hasert-haut.de\/pl\/leistungen\/rogowacenie-sloneczne\/' title='Rogowacenie s\u0142oneczne'>Rogowacenie s\u0142oneczne<\/a><\/h3><\/header><div class='grid-entry-excerpt entry-content'  itemprop=\"text\" >Rogowacenie s\u0142oneczne to stany przedrakowe, kt\u00f3re rozwijaj\u0105 si\u0119 w sk\u00f3rze, kt\u00f3ra od dziesi\u0119cioleci zosta\u0142a powa\u017cnie i trwale uszkodzona przez \u015bwiat\u0142o, g\u0142\u00f3wnie u os\u00f3b starszych.<\/div><\/div><footer class=\"entry-footer\"><\/footer><\/article><\/div><div data-ajax-id='7099' class=' grid-entry flex_column isotope-item all_sort no_margin post-entry post-entry-7099 grid-entry-overview grid-loop-6 grid-parity-even  post-entry-last  hautkrebsbehandlung-pl_sort  av_one_half  default_av_fullwidth '><article class='main_color inner-entry'  itemscope=\"itemscope\" itemtype=\"https:\/\/schema.org\/CreativeWork\" ><a href=\"https:\/\/www.hasert-haut.de\/pl\/leistungen\/terapia-fotodynamiczna\/\" title='Terapia fotodynamiczna'  data-rel='grid-1' class='grid-image avia-hover-fx'> <img decoding=\"async\" fetchpriority=\"high\" width=\"495\" height=\"400\" src=\"https:\/\/www.hasert-haut.de\/wp-content\/uploads\/2016\/12\/Photodynamische-Therapie-495x400.jpg\" class=\"wp-image-4432 avia-img-lazy-loading-not-4432 attachment-portfolio size-portfolio wp-post-image\" alt=\"\" \/><\/a><div class='grid-content'><div class='avia-arrow'><\/div><header class=\"entry-content-header\"><h3 class='grid-entry-title entry-title '  itemprop=\"headline\" ><a href='https:\/\/www.hasert-haut.de\/pl\/leistungen\/terapia-fotodynamiczna\/' title='Terapia fotodynamiczna'>Terapia fotodynamiczna<\/a><\/h3><\/header><\/div><footer class=\"entry-footer\"><\/footer><\/article><\/div><\/div><\/div>\n","protected":false},"excerpt":{"rendered":"<p>Informacje na temat leczenia i profilaktyki raka sk\u00f3ry udzielane przez dermatologa dr Raoula Haserta przy Friedrichstra\u00dfe w Berlinie.<\/p>\n","protected":false},"author":1,"featured_media":4060,"parent":0,"menu_order":0,"comment_status":"closed","ping_status":"closed","template":"","meta":{"footnotes":""},"class_list":["post-8303","page","type-page","status-publish","has-post-thumbnail","hentry"],"yoast_head":"<!-- This site is optimized with the Yoast SEO plugin v25.3.1 - https:\/\/yoast.com\/wordpress\/plugins\/seo\/ -->\n<title>Leczenie raka sk\u00f3ry | dermatolog dr Raoul Hasert Berlin<\/title>\n<meta name=\"description\" content=\"Informacje na temat leczenia i profilaktyki raka sk\u00f3ry udzielane przez dermatologa dr Raoula Haserta przy Friedrichstra\u00dfe w Berlinie.\" \/>\n<meta name=\"robots\" content=\"index, follow, max-snippet:-1, max-image-preview:large, max-video-preview:-1\" \/>\n<link rel=\"canonical\" href=\"https:\/\/www.hasert-haut.de\/pl\/leczenie-raka-skory\/\" \/>\n<meta property=\"og:locale\" content=\"pl_PL\" \/>\n<meta property=\"og:type\" content=\"article\" \/>\n<meta property=\"og:title\" content=\"Leczenie raka sk\u00f3ry | dermatolog dr Raoul Hasert Berlin\" \/>\n<meta property=\"og:description\" content=\"Informacje na temat leczenia i profilaktyki raka sk\u00f3ry udzielane przez dermatologa dr Raoula Haserta przy Friedrichstra\u00dfe w Berlinie.\" \/>\n<meta property=\"og:url\" content=\"https:\/\/www.hasert-haut.de\/pl\/leczenie-raka-skory\/\" \/>\n<meta property=\"og:site_name\" content=\"Hautarzt Berlin - Praxisklinik Dr. Hasert\" \/>\n<meta property=\"article:modified_time\" content=\"2025-06-30T11:50:28+00:00\" \/>\n<meta property=\"og:image\" content=\"https:\/\/www.hasert-haut.de\/wp-content\/uploads\/2015\/01\/Schwarzer-Hautkrebs-Melanom-1.jpg\" \/>\n\t<meta property=\"og:image:width\" content=\"600\" \/>\n\t<meta property=\"og:image:height\" content=\"600\" \/>\n\t<meta property=\"og:image:type\" content=\"image\/jpeg\" \/>\n<meta name=\"twitter:label1\" content=\"Szacowany czas czytania\" \/>\n\t<meta name=\"twitter:data1\" content=\"4 minuty\" \/>\n<script type=\"application\/ld+json\" class=\"yoast-schema-graph\">{\"@context\":\"https:\/\/schema.org\",\"@graph\":[{\"@type\":\"WebPage\",\"@id\":\"https:\/\/www.hasert-haut.de\/pl\/leczenie-raka-skory\/\",\"url\":\"https:\/\/www.hasert-haut.de\/pl\/leczenie-raka-skory\/\",\"name\":\"Leczenie raka sk\u00f3ry | dermatolog dr Raoul Hasert Berlin\",\"isPartOf\":{\"@id\":\"https:\/\/www.hasert-haut.de\/pl\/#website\"},\"primaryImageOfPage\":{\"@id\":\"https:\/\/www.hasert-haut.de\/pl\/leczenie-raka-skory\/#primaryimage\"},\"image\":{\"@id\":\"https:\/\/www.hasert-haut.de\/pl\/leczenie-raka-skory\/#primaryimage\"},\"thumbnailUrl\":\"https:\/\/www.hasert-haut.de\/wp-content\/uploads\/2015\/01\/Schwarzer-Hautkrebs-Melanom-1.jpg\",\"datePublished\":\"2016-12-09T12:00:33+00:00\",\"dateModified\":\"2025-06-30T11:50:28+00:00\",\"description\":\"Informacje na temat leczenia i profilaktyki raka sk\u00f3ry udzielane przez dermatologa dr Raoula Haserta przy Friedrichstra\u00dfe w Berlinie.\",\"breadcrumb\":{\"@id\":\"https:\/\/www.hasert-haut.de\/pl\/leczenie-raka-skory\/#breadcrumb\"},\"inLanguage\":\"pl-PL\",\"potentialAction\":[{\"@type\":\"ReadAction\",\"target\":[\"https:\/\/www.hasert-haut.de\/pl\/leczenie-raka-skory\/\"]}]},{\"@type\":\"ImageObject\",\"inLanguage\":\"pl-PL\",\"@id\":\"https:\/\/www.hasert-haut.de\/pl\/leczenie-raka-skory\/#primaryimage\",\"url\":\"https:\/\/www.hasert-haut.de\/wp-content\/uploads\/2015\/01\/Schwarzer-Hautkrebs-Melanom-1.jpg\",\"contentUrl\":\"https:\/\/www.hasert-haut.de\/wp-content\/uploads\/2015\/01\/Schwarzer-Hautkrebs-Melanom-1.jpg\",\"width\":600,\"height\":600,\"caption\":\"Schwarzer Hautkrebs (Melanom)\"},{\"@type\":\"BreadcrumbList\",\"@id\":\"https:\/\/www.hasert-haut.de\/pl\/leczenie-raka-skory\/#breadcrumb\",\"itemListElement\":[{\"@type\":\"ListItem\",\"position\":1,\"name\":\"Home\",\"item\":\"https:\/\/www.hasert-haut.de\/pl\/powitanie\/\"},{\"@type\":\"ListItem\",\"position\":2,\"name\":\"leczenie raka sk\u00f3ry\"}]},{\"@type\":\"WebSite\",\"@id\":\"https:\/\/www.hasert-haut.de\/pl\/#website\",\"url\":\"https:\/\/www.hasert-haut.de\/pl\/\",\"name\":\"Hautarzt Berlin - Praxisklinik Dr. Hasert\",\"description\":\"Hautarzt, Allgemeinmedizin\",\"potentialAction\":[{\"@type\":\"SearchAction\",\"target\":{\"@type\":\"EntryPoint\",\"urlTemplate\":\"https:\/\/www.hasert-haut.de\/pl\/?s={search_term_string}\"},\"query-input\":{\"@type\":\"PropertyValueSpecification\",\"valueRequired\":true,\"valueName\":\"search_term_string\"}}],\"inLanguage\":\"pl-PL\"}]}<\/script>\n<!-- \/ Yoast SEO plugin. -->","yoast_head_json":{"title":"Leczenie raka sk\u00f3ry | dermatolog dr Raoul Hasert Berlin","description":"Informacje na temat leczenia i profilaktyki raka sk\u00f3ry udzielane przez dermatologa dr Raoula Haserta przy Friedrichstra\u00dfe w Berlinie.","robots":{"index":"index","follow":"follow","max-snippet":"max-snippet:-1","max-image-preview":"max-image-preview:large","max-video-preview":"max-video-preview:-1"},"canonical":"https:\/\/www.hasert-haut.de\/pl\/leczenie-raka-skory\/","og_locale":"pl_PL","og_type":"article","og_title":"Leczenie raka sk\u00f3ry | dermatolog dr Raoul Hasert Berlin","og_description":"Informacje na temat leczenia i profilaktyki raka sk\u00f3ry udzielane przez dermatologa dr Raoula Haserta przy Friedrichstra\u00dfe w Berlinie.","og_url":"https:\/\/www.hasert-haut.de\/pl\/leczenie-raka-skory\/","og_site_name":"Hautarzt Berlin - Praxisklinik Dr. Hasert","article_modified_time":"2025-06-30T11:50:28+00:00","og_image":[{"width":600,"height":600,"url":"https:\/\/www.hasert-haut.de\/wp-content\/uploads\/2015\/01\/Schwarzer-Hautkrebs-Melanom-1.jpg","type":"image\/jpeg"}],"twitter_misc":{"Szacowany czas czytania":"4 minuty"},"schema":{"@context":"https:\/\/schema.org","@graph":[{"@type":"WebPage","@id":"https:\/\/www.hasert-haut.de\/pl\/leczenie-raka-skory\/","url":"https:\/\/www.hasert-haut.de\/pl\/leczenie-raka-skory\/","name":"Leczenie raka sk\u00f3ry | dermatolog dr Raoul Hasert Berlin","isPartOf":{"@id":"https:\/\/www.hasert-haut.de\/pl\/#website"},"primaryImageOfPage":{"@id":"https:\/\/www.hasert-haut.de\/pl\/leczenie-raka-skory\/#primaryimage"},"image":{"@id":"https:\/\/www.hasert-haut.de\/pl\/leczenie-raka-skory\/#primaryimage"},"thumbnailUrl":"https:\/\/www.hasert-haut.de\/wp-content\/uploads\/2015\/01\/Schwarzer-Hautkrebs-Melanom-1.jpg","datePublished":"2016-12-09T12:00:33+00:00","dateModified":"2025-06-30T11:50:28+00:00","description":"Informacje na temat leczenia i profilaktyki raka sk\u00f3ry udzielane przez dermatologa dr Raoula Haserta przy Friedrichstra\u00dfe w Berlinie.","breadcrumb":{"@id":"https:\/\/www.hasert-haut.de\/pl\/leczenie-raka-skory\/#breadcrumb"},"inLanguage":"pl-PL","potentialAction":[{"@type":"ReadAction","target":["https:\/\/www.hasert-haut.de\/pl\/leczenie-raka-skory\/"]}]},{"@type":"ImageObject","inLanguage":"pl-PL","@id":"https:\/\/www.hasert-haut.de\/pl\/leczenie-raka-skory\/#primaryimage","url":"https:\/\/www.hasert-haut.de\/wp-content\/uploads\/2015\/01\/Schwarzer-Hautkrebs-Melanom-1.jpg","contentUrl":"https:\/\/www.hasert-haut.de\/wp-content\/uploads\/2015\/01\/Schwarzer-Hautkrebs-Melanom-1.jpg","width":600,"height":600,"caption":"Schwarzer Hautkrebs (Melanom)"},{"@type":"BreadcrumbList","@id":"https:\/\/www.hasert-haut.de\/pl\/leczenie-raka-skory\/#breadcrumb","itemListElement":[{"@type":"ListItem","position":1,"name":"Home","item":"https:\/\/www.hasert-haut.de\/pl\/powitanie\/"},{"@type":"ListItem","position":2,"name":"leczenie raka sk\u00f3ry"}]},{"@type":"WebSite","@id":"https:\/\/www.hasert-haut.de\/pl\/#website","url":"https:\/\/www.hasert-haut.de\/pl\/","name":"Hautarzt Berlin - Praxisklinik Dr. Hasert","description":"Hautarzt, Allgemeinmedizin","potentialAction":[{"@type":"SearchAction","target":{"@type":"EntryPoint","urlTemplate":"https:\/\/www.hasert-haut.de\/pl\/?s={search_term_string}"},"query-input":{"@type":"PropertyValueSpecification","valueRequired":true,"valueName":"search_term_string"}}],"inLanguage":"pl-PL"}]}},"_links":{"self":[{"href":"https:\/\/www.hasert-haut.de\/pl\/wp-json\/wp\/v2\/pages\/8303","targetHints":{"allow":["GET"]}}],"collection":[{"href":"https:\/\/www.hasert-haut.de\/pl\/wp-json\/wp\/v2\/pages"}],"about":[{"href":"https:\/\/www.hasert-haut.de\/pl\/wp-json\/wp\/v2\/types\/page"}],"author":[{"embeddable":true,"href":"https:\/\/www.hasert-haut.de\/pl\/wp-json\/wp\/v2\/users\/1"}],"replies":[{"embeddable":true,"href":"https:\/\/www.hasert-haut.de\/pl\/wp-json\/wp\/v2\/comments?post=8303"}],"version-history":[{"count":16,"href":"https:\/\/www.hasert-haut.de\/pl\/wp-json\/wp\/v2\/pages\/8303\/revisions"}],"predecessor-version":[{"id":12590,"href":"https:\/\/www.hasert-haut.de\/pl\/wp-json\/wp\/v2\/pages\/8303\/revisions\/12590"}],"wp:featuredmedia":[{"embeddable":true,"href":"https:\/\/www.hasert-haut.de\/pl\/wp-json\/wp\/v2\/media\/4060"}],"wp:attachment":[{"href":"https:\/\/www.hasert-haut.de\/pl\/wp-json\/wp\/v2\/media?parent=8303"}],"curies":[{"name":"wp","href":"https:\/\/api.w.org\/{rel}","templated":true}]}}