{"id":6817,"date":"2022-10-11T08:57:50","date_gmt":"2022-10-11T08:57:50","guid":{"rendered":"https:\/\/www.hasert-haut.de\/leistungen\/aktinische-keratosen\/"},"modified":"2022-11-09T13:10:14","modified_gmt":"2022-11-09T13:10:14","slug":"rogowacenie-sloneczne","status":"publish","type":"portfolio","link":"https:\/\/www.hasert-haut.de\/pl\/leistungen\/rogowacenie-sloneczne\/","title":{"rendered":"Rogowacenie s\u0142oneczne"},"content":{"rendered":"\n<style type=\"text\/css\" data-created_by=\"avia_inline_auto\" id=\"style-css-av-2rb8yh-36266cd3110be7abb3ab803a71f71999\">\n#top .av-special-heading.av-2rb8yh-36266cd3110be7abb3ab803a71f71999{\npadding-bottom:10px;\n}\nbody .av-special-heading.av-2rb8yh-36266cd3110be7abb3ab803a71f71999 .av-special-heading-tag .heading-char{\nfont-size:25px;\n}\n.av-special-heading.av-2rb8yh-36266cd3110be7abb3ab803a71f71999 .av-subheading{\nfont-size:15px;\n}\n<\/style>\n<div  class='av-special-heading av-2rb8yh-36266cd3110be7abb3ab803a71f71999 av-special-heading-h1 blockquote modern-quote  avia-builder-el-0  el_before_av_textblock  avia-builder-el-first '><h1 class='av-special-heading-tag'  itemprop=\"headline\"  >Rogowacenie s\u0142oneczne<\/h1><div class='av-subheading av-subheading_below'><p>Prekursor raka p\u0142askonab\u0142onkowego: przedrak s\u0142oneczny<\/p>\n<\/div><div class=\"special-heading-border\"><div class=\"special-heading-inner-border\"><\/div><\/div><\/div>\n<section  class='av_textblock_section av-33sn8-33077f95d707ad48e3ab3df3c53f2470 '   itemscope=\"itemscope\" itemtype=\"https:\/\/schema.org\/CreativeWork\" ><div class='avia_textblock'  itemprop=\"text\" ><p style=\"text-align: justify;\">Starsi ludzie cz\u0119sto rozwijaj\u0105 przedrakow\u0105 sk\u00f3r\u0119 w sk\u00f3rze, kt\u00f3ra przez dziesi\u0119ciolecia by\u0142a powa\u017cnie i trwale fotouszkodzona (twarz, \u0142ysina, przedramiona i d\u0142onie) oraz u os\u00f3b z pewnymi predyspozycjami. S\u0105 to ostro odgraniczone, zaczerwienione obszary sk\u00f3ry, kt\u00f3re zwykle maj\u0105 mocno przymocowane \u0142uski. Cz\u0119sto mylone s\u0105 z \u201esuch\u0105 sk\u00f3r\u0105\u201d. Na podstawie tych zmian mo\u017ce powsta\u0107 rak p\u0142askonab\u0142onkowy. W naszej klinice te stany przedrakowe mo\u017cna leczy\u0107 chirurgicznie, za pomoc\u0105 laser\u00f3w, krioterapii, terapii fotodynamicznej (PDT) i terapii immunomodulacyjnej.    <\/p>\n<\/div><\/section>\n\n<style type=\"text\/css\" data-created_by=\"avia_inline_auto\" id=\"style-css-av-2fzmg-bdfc3e3bfdcc5006e0282bd4b15eb485\">\n#top .hr.hr-invisible.av-2fzmg-bdfc3e3bfdcc5006e0282bd4b15eb485{\nheight:50px;\n}\n<\/style>\n<div  class='hr av-2fzmg-bdfc3e3bfdcc5006e0282bd4b15eb485 hr-invisible  avia-builder-el-2  el_after_av_textblock  el_before_av_one_full '><span class='hr-inner '><span class=\"hr-inner-style\"><\/span><\/span><\/div>\n\n<style type=\"text\/css\" data-created_by=\"avia_inline_auto\" id=\"style-css-av-22fl0-bfbe3f59be4f749d3334a441b75a9020\">\n.flex_column.av-22fl0-bfbe3f59be4f749d3334a441b75a9020{\nborder-radius:0px 0px 0px 0px;\npadding:0px 0px 0px 0px;\n}\n<\/style>\n<div  class='flex_column av-22fl0-bfbe3f59be4f749d3334a441b75a9020 av_one_full  avia-builder-el-3  el_after_av_hr  el_before_av_postcontent  avia-builder-el-last  first flex_column_div av-zero-column-padding  '     ><div id='av-masonry-1' class='av-masonry av-1el68-4061f289bc4bd09f8720762d7984afb1 noHover av-fixed-size av-large-gap av-hover-overlay-active av-masonry-animation-active av-masonry-col-3 av-caption-always av-caption-style- av-masonry-gallery ' data-post_id=\"6817\"><div class=\"av-masonry-container isotope av-js-disabled\"><div class='av-masonry-entry isotope-item av-masonry-item-no-image '><\/div><a href=\"https:\/\/www.hasert-haut.de\/wp-content\/uploads\/2015\/01\/Aktinische-Keratosen-4.jpg\" data-srcset=\"https:\/\/www.hasert-haut.de\/wp-content\/uploads\/2015\/01\/Aktinische-Keratosen-4.jpg 600w, https:\/\/www.hasert-haut.de\/wp-content\/uploads\/2015\/01\/Aktinische-Keratosen-4-80x80.jpg 80w, https:\/\/www.hasert-haut.de\/wp-content\/uploads\/2015\/01\/Aktinische-Keratosen-4-300x300.jpg 300w, https:\/\/www.hasert-haut.de\/wp-content\/uploads\/2015\/01\/Aktinische-Keratosen-4-36x36.jpg 36w, https:\/\/www.hasert-haut.de\/wp-content\/uploads\/2015\/01\/Aktinische-Keratosen-4-180x180.jpg 180w, https:\/\/www.hasert-haut.de\/wp-content\/uploads\/2015\/01\/Aktinische-Keratosen-4-120x120.jpg 120w, https:\/\/www.hasert-haut.de\/wp-content\/uploads\/2015\/01\/Aktinische-Keratosen-4-450x450.jpg 450w\" data-sizes=\"(max-width: 600px) 100vw, 600px\"  aria-label=\"image Aktinische Keratosen &#8211; Praxisklinik Dr. Hasert, Berlin-Mitte\"  id='av-masonry-1-item-4088' data-av-masonry-item='4088' class='av-masonry-entry isotope-item post-4088 attachment type-attachment status-inherit hentry  av-masonry-item-with-image' title=\"Aktinische Keratosen &#8211; Praxisklinik Dr. Hasert, Berlin-Mitte\" alt=\"\"    itemprop=\"thumbnailUrl\" ><div class='av-inner-masonry-sizer'><\/div><figure class='av-inner-masonry main_color'><div class=\"av-masonry-outerimage-container\"><div class='av-masonry-image-container' style=\"background-image: url(https:\/\/www.hasert-haut.de\/wp-content\/uploads\/2015\/01\/Aktinische-Keratosen-4.jpg);\"  title=\"Aktinische Keratosen &#8211; Praxisklinik Dr. Hasert, Berlin-Mitte\"  ><\/div><\/div><\/figure><\/a><!--end av-masonry entry--><a href=\"https:\/\/www.hasert-haut.de\/wp-content\/uploads\/2015\/01\/Aktinische-Keratosen-3.jpg\" data-srcset=\"https:\/\/www.hasert-haut.de\/wp-content\/uploads\/2015\/01\/Aktinische-Keratosen-3.jpg 600w, https:\/\/www.hasert-haut.de\/wp-content\/uploads\/2015\/01\/Aktinische-Keratosen-3-80x80.jpg 80w, https:\/\/www.hasert-haut.de\/wp-content\/uploads\/2015\/01\/Aktinische-Keratosen-3-300x300.jpg 300w, https:\/\/www.hasert-haut.de\/wp-content\/uploads\/2015\/01\/Aktinische-Keratosen-3-36x36.jpg 36w, https:\/\/www.hasert-haut.de\/wp-content\/uploads\/2015\/01\/Aktinische-Keratosen-3-180x180.jpg 180w, https:\/\/www.hasert-haut.de\/wp-content\/uploads\/2015\/01\/Aktinische-Keratosen-3-120x120.jpg 120w, https:\/\/www.hasert-haut.de\/wp-content\/uploads\/2015\/01\/Aktinische-Keratosen-3-450x450.jpg 450w\" data-sizes=\"(max-width: 600px) 100vw, 600px\"  aria-label=\"image Aktinische Keratosen &#8211; Praxisklinik Dr. Hasert, Berlin-Mitte\"  id='av-masonry-1-item-4086' data-av-masonry-item='4086' class='av-masonry-entry isotope-item post-4086 attachment type-attachment status-inherit hentry  av-masonry-item-with-image' title=\"Aktinische Keratosen &#8211; Praxisklinik Dr. Hasert, Berlin-Mitte\" alt=\"\"    itemprop=\"thumbnailUrl\" ><div class='av-inner-masonry-sizer'><\/div><figure class='av-inner-masonry main_color'><div class=\"av-masonry-outerimage-container\"><div class='av-masonry-image-container' style=\"background-image: url(https:\/\/www.hasert-haut.de\/wp-content\/uploads\/2015\/01\/Aktinische-Keratosen-3.jpg);\"  title=\"Aktinische Keratosen &#8211; Praxisklinik Dr. Hasert, Berlin-Mitte\"  ><\/div><\/div><\/figure><\/a><!--end av-masonry entry--><a href=\"https:\/\/www.hasert-haut.de\/wp-content\/uploads\/2015\/01\/Aktinische-Keratosen-2.jpg\" data-srcset=\"https:\/\/www.hasert-haut.de\/wp-content\/uploads\/2015\/01\/Aktinische-Keratosen-2.jpg 600w, https:\/\/www.hasert-haut.de\/wp-content\/uploads\/2015\/01\/Aktinische-Keratosen-2-80x80.jpg 80w, https:\/\/www.hasert-haut.de\/wp-content\/uploads\/2015\/01\/Aktinische-Keratosen-2-300x300.jpg 300w, https:\/\/www.hasert-haut.de\/wp-content\/uploads\/2015\/01\/Aktinische-Keratosen-2-36x36.jpg 36w, https:\/\/www.hasert-haut.de\/wp-content\/uploads\/2015\/01\/Aktinische-Keratosen-2-180x180.jpg 180w, https:\/\/www.hasert-haut.de\/wp-content\/uploads\/2015\/01\/Aktinische-Keratosen-2-120x120.jpg 120w, https:\/\/www.hasert-haut.de\/wp-content\/uploads\/2015\/01\/Aktinische-Keratosen-2-450x450.jpg 450w\" data-sizes=\"(max-width: 600px) 100vw, 600px\"  aria-label=\"image Aktinische Keratosen &#8211; Praxisklinik Dr. Hasert, Berlin-Mitte\"  id='av-masonry-1-item-4084' data-av-masonry-item='4084' class='av-masonry-entry isotope-item post-4084 attachment type-attachment status-inherit hentry  av-masonry-item-with-image' title=\"Aktinische Keratosen &#8211; Praxisklinik Dr. Hasert, Berlin-Mitte\" alt=\"\"    itemprop=\"thumbnailUrl\" ><div class='av-inner-masonry-sizer'><\/div><figure class='av-inner-masonry main_color'><div class=\"av-masonry-outerimage-container\"><div class='av-masonry-image-container' style=\"background-image: url(https:\/\/www.hasert-haut.de\/wp-content\/uploads\/2015\/01\/Aktinische-Keratosen-2.jpg);\"  title=\"Aktinische Keratosen &#8211; Praxisklinik Dr. Hasert, Berlin-Mitte\"  ><\/div><\/div><\/figure><\/a><!--end av-masonry entry--><a href=\"https:\/\/www.hasert-haut.de\/wp-content\/uploads\/2015\/01\/Aktinische-Keratosen-1.jpg\" data-srcset=\"https:\/\/www.hasert-haut.de\/wp-content\/uploads\/2015\/01\/Aktinische-Keratosen-1.jpg 600w, https:\/\/www.hasert-haut.de\/wp-content\/uploads\/2015\/01\/Aktinische-Keratosen-1-80x80.jpg 80w, https:\/\/www.hasert-haut.de\/wp-content\/uploads\/2015\/01\/Aktinische-Keratosen-1-300x300.jpg 300w, https:\/\/www.hasert-haut.de\/wp-content\/uploads\/2015\/01\/Aktinische-Keratosen-1-36x36.jpg 36w, https:\/\/www.hasert-haut.de\/wp-content\/uploads\/2015\/01\/Aktinische-Keratosen-1-180x180.jpg 180w, https:\/\/www.hasert-haut.de\/wp-content\/uploads\/2015\/01\/Aktinische-Keratosen-1-120x120.jpg 120w, https:\/\/www.hasert-haut.de\/wp-content\/uploads\/2015\/01\/Aktinische-Keratosen-1-450x450.jpg 450w\" data-sizes=\"(max-width: 600px) 100vw, 600px\"  aria-label=\"image Aktinische Keratosen &#8211; Praxisklinik Dr. Hasert, Berlin-Mitte\"  id='av-masonry-1-item-4082' data-av-masonry-item='4082' class='av-masonry-entry isotope-item post-4082 attachment type-attachment status-inherit hentry  av-masonry-item-with-image' title=\"Aktinische Keratosen &#8211; Praxisklinik Dr. Hasert, Berlin-Mitte\" alt=\"\"    itemprop=\"thumbnailUrl\" ><div class='av-inner-masonry-sizer'><\/div><figure class='av-inner-masonry main_color'><div class=\"av-masonry-outerimage-container\"><div class='av-masonry-image-container' style=\"background-image: url(https:\/\/www.hasert-haut.de\/wp-content\/uploads\/2015\/01\/Aktinische-Keratosen-1.jpg);\"  title=\"Aktinische Keratosen &#8211; Praxisklinik Dr. Hasert, Berlin-Mitte\"  ><\/div><\/div><\/figure><\/a><!--end av-masonry entry--><\/div><\/div><\/div>\n[av_heading heading='Inne us\u0142ugi naszej praktyki' tag='h3' style='blockquote modern-quote modern-centered' subheading_active='' show_icon='' icon='ue800' font='' size='' av-medium-font-size-title='' av-small-font-size-title='' av-mini-font-size-title='' subheading_size='' av-medium-font-size='' av-small-font-size='' av-mini-font-size='' icon_size='' av-medium-font-size-1='' av-small-font-size-1='' av-mini-font-size-1='' color='' custom_font='' icon_color='' margin='' margin_sync='true' padding='10' icon_padding='10' link='' link_target='' id='' custom_class='' av_uid='av-l9475f5a' admin_preview_bg=''][\/av_heading]\n\n[av_masonry_entries link='portfolio_entries,95,72,73,71' wc_prod_visible='' wc_prod_hidden='hide' wc_prod_featured='' prod_order_by='' prod_order='' date_filter='' date_filter_start='' date_filter_end='' date_filter_format='yy\/mm\/dd' sort='no' query_orderby='rand' query_order='DESC' caption_elements='title' caption_styling='overlay' caption_display='always' size='fixed' orientation='' gap='large' columns='5' av-medium-columns='' av-small-columns='' av-mini-columns='' items='5' paginate='none' color='' custom_bg='' overlay_fx='active' animation='active' lazy_loading='disabled' id='' custom_class='' av_uid='av-l9474s7j']\n\n\n","protected":false},"excerpt":{"rendered":"<p>Rogowacenie s\u0142oneczne to stany przedrakowe, kt\u00f3re rozwijaj\u0105 si\u0119 w sk\u00f3rze, kt\u00f3ra od dziesi\u0119cioleci zosta\u0142a powa\u017cnie i trwale uszkodzona przez \u015bwiat\u0142o, g\u0142\u00f3wnie u os\u00f3b starszych.<\/p>\n","protected":false},"featured_media":4434,"comment_status":"closed","ping_status":"closed","template":"","tags":[],"portfolio_entries":[83],"class_list":["post-6817","portfolio","type-portfolio","status-publish","has-post-thumbnail","hentry","portfolio_entries-hautkrebsbehandlung-pl"],"yoast_head":"<!-- This site is optimized with the Yoast SEO plugin v25.3.1 - https:\/\/yoast.com\/wordpress\/plugins\/seo\/ -->\n<title>Rogowacenie s\u0142oneczne | dermatolog dr Hasert Berlin<\/title>\n<meta name=\"description\" content=\"Rogowacenie s\u0142oneczne to stany przedrakowe, kt\u00f3re rozwijaj\u0105 si\u0119 w sk\u00f3rze, kt\u00f3ra od dziesi\u0119cioleci zosta\u0142a powa\u017cnie i trwale uszkodzona przez \u015bwiat\u0142o, g\u0142\u00f3wnie u os\u00f3b starszych.\" \/>\n<meta name=\"robots\" content=\"index, follow, max-snippet:-1, max-image-preview:large, max-video-preview:-1\" \/>\n<link rel=\"canonical\" href=\"https:\/\/www.hasert-haut.de\/pl\/leistungen\/rogowacenie-sloneczne\/\" \/>\n<meta property=\"og:locale\" content=\"pl_PL\" \/>\n<meta property=\"og:type\" content=\"article\" \/>\n<meta property=\"og:title\" content=\"Rogowacenie s\u0142oneczne | dermatolog dr Hasert Berlin\" \/>\n<meta property=\"og:description\" content=\"Rogowacenie s\u0142oneczne to stany przedrakowe, kt\u00f3re rozwijaj\u0105 si\u0119 w sk\u00f3rze, kt\u00f3ra od dziesi\u0119cioleci zosta\u0142a powa\u017cnie i trwale uszkodzona przez \u015bwiat\u0142o, g\u0142\u00f3wnie u os\u00f3b starszych.\" \/>\n<meta property=\"og:url\" content=\"https:\/\/www.hasert-haut.de\/pl\/leistungen\/rogowacenie-sloneczne\/\" \/>\n<meta property=\"og:site_name\" content=\"Hautarzt Berlin - Praxisklinik Dr. Hasert\" \/>\n<meta property=\"article:modified_time\" content=\"2022-11-09T13:10:14+00:00\" \/>\n<meta property=\"og:image\" content=\"https:\/\/www.hasert-haut.de\/wp-content\/uploads\/2016\/12\/Aktinische-Keratosen.jpg\" \/>\n\t<meta property=\"og:image:width\" content=\"600\" \/>\n\t<meta property=\"og:image:height\" content=\"400\" \/>\n\t<meta property=\"og:image:type\" content=\"image\/jpeg\" \/>\n<meta name=\"twitter:label1\" content=\"Szacowany czas czytania\" \/>\n\t<meta name=\"twitter:data1\" content=\"2 minuty\" \/>\n<script type=\"application\/ld+json\" class=\"yoast-schema-graph\">{\"@context\":\"https:\/\/schema.org\",\"@graph\":[{\"@type\":\"WebPage\",\"@id\":\"https:\/\/www.hasert-haut.de\/pl\/leistungen\/rogowacenie-sloneczne\/\",\"url\":\"https:\/\/www.hasert-haut.de\/pl\/leistungen\/rogowacenie-sloneczne\/\",\"name\":\"Rogowacenie s\u0142oneczne | dermatolog dr Hasert Berlin\",\"isPartOf\":{\"@id\":\"https:\/\/www.hasert-haut.de\/pl\/#website\"},\"primaryImageOfPage\":{\"@id\":\"https:\/\/www.hasert-haut.de\/pl\/leistungen\/rogowacenie-sloneczne\/#primaryimage\"},\"image\":{\"@id\":\"https:\/\/www.hasert-haut.de\/pl\/leistungen\/rogowacenie-sloneczne\/#primaryimage\"},\"thumbnailUrl\":\"https:\/\/www.hasert-haut.de\/wp-content\/uploads\/2016\/12\/Aktinische-Keratosen.jpg\",\"datePublished\":\"2022-10-11T08:57:50+00:00\",\"dateModified\":\"2022-11-09T13:10:14+00:00\",\"description\":\"Rogowacenie s\u0142oneczne to stany przedrakowe, kt\u00f3re rozwijaj\u0105 si\u0119 w sk\u00f3rze, kt\u00f3ra od dziesi\u0119cioleci zosta\u0142a powa\u017cnie i trwale uszkodzona przez \u015bwiat\u0142o, g\u0142\u00f3wnie u os\u00f3b starszych.\",\"breadcrumb\":{\"@id\":\"https:\/\/www.hasert-haut.de\/pl\/leistungen\/rogowacenie-sloneczne\/#breadcrumb\"},\"inLanguage\":\"pl-PL\",\"potentialAction\":[{\"@type\":\"ReadAction\",\"target\":[\"https:\/\/www.hasert-haut.de\/pl\/leistungen\/rogowacenie-sloneczne\/\"]}]},{\"@type\":\"ImageObject\",\"inLanguage\":\"pl-PL\",\"@id\":\"https:\/\/www.hasert-haut.de\/pl\/leistungen\/rogowacenie-sloneczne\/#primaryimage\",\"url\":\"https:\/\/www.hasert-haut.de\/wp-content\/uploads\/2016\/12\/Aktinische-Keratosen.jpg\",\"contentUrl\":\"https:\/\/www.hasert-haut.de\/wp-content\/uploads\/2016\/12\/Aktinische-Keratosen.jpg\",\"width\":600,\"height\":400,\"caption\":\"Aktinische Keratosen - Praxisklinik Dr. Hasert, Berlin-Mitte\"},{\"@type\":\"BreadcrumbList\",\"@id\":\"https:\/\/www.hasert-haut.de\/pl\/leistungen\/rogowacenie-sloneczne\/#breadcrumb\",\"itemListElement\":[{\"@type\":\"ListItem\",\"position\":1,\"name\":\"Home\",\"item\":\"https:\/\/www.hasert-haut.de\/pl\/powitanie\/\"},{\"@type\":\"ListItem\",\"position\":2,\"name\":\"Rogowacenie s\u0142oneczne\"}]},{\"@type\":\"WebSite\",\"@id\":\"https:\/\/www.hasert-haut.de\/pl\/#website\",\"url\":\"https:\/\/www.hasert-haut.de\/pl\/\",\"name\":\"Hautarzt Berlin - Praxisklinik Dr. Hasert\",\"description\":\"Hautarzt, Allgemeinmedizin\",\"potentialAction\":[{\"@type\":\"SearchAction\",\"target\":{\"@type\":\"EntryPoint\",\"urlTemplate\":\"https:\/\/www.hasert-haut.de\/pl\/?s={search_term_string}\"},\"query-input\":{\"@type\":\"PropertyValueSpecification\",\"valueRequired\":true,\"valueName\":\"search_term_string\"}}],\"inLanguage\":\"pl-PL\"}]}<\/script>\n<!-- \/ Yoast SEO plugin. -->","yoast_head_json":{"title":"Rogowacenie s\u0142oneczne | dermatolog dr Hasert Berlin","description":"Rogowacenie s\u0142oneczne to stany przedrakowe, kt\u00f3re rozwijaj\u0105 si\u0119 w sk\u00f3rze, kt\u00f3ra od dziesi\u0119cioleci zosta\u0142a powa\u017cnie i trwale uszkodzona przez \u015bwiat\u0142o, g\u0142\u00f3wnie u os\u00f3b starszych.","robots":{"index":"index","follow":"follow","max-snippet":"max-snippet:-1","max-image-preview":"max-image-preview:large","max-video-preview":"max-video-preview:-1"},"canonical":"https:\/\/www.hasert-haut.de\/pl\/leistungen\/rogowacenie-sloneczne\/","og_locale":"pl_PL","og_type":"article","og_title":"Rogowacenie s\u0142oneczne | dermatolog dr Hasert Berlin","og_description":"Rogowacenie s\u0142oneczne to stany przedrakowe, kt\u00f3re rozwijaj\u0105 si\u0119 w sk\u00f3rze, kt\u00f3ra od dziesi\u0119cioleci zosta\u0142a powa\u017cnie i trwale uszkodzona przez \u015bwiat\u0142o, g\u0142\u00f3wnie u os\u00f3b starszych.","og_url":"https:\/\/www.hasert-haut.de\/pl\/leistungen\/rogowacenie-sloneczne\/","og_site_name":"Hautarzt Berlin - Praxisklinik Dr. Hasert","article_modified_time":"2022-11-09T13:10:14+00:00","og_image":[{"width":600,"height":400,"url":"https:\/\/www.hasert-haut.de\/wp-content\/uploads\/2016\/12\/Aktinische-Keratosen.jpg","type":"image\/jpeg"}],"twitter_misc":{"Szacowany czas czytania":"2 minuty"},"schema":{"@context":"https:\/\/schema.org","@graph":[{"@type":"WebPage","@id":"https:\/\/www.hasert-haut.de\/pl\/leistungen\/rogowacenie-sloneczne\/","url":"https:\/\/www.hasert-haut.de\/pl\/leistungen\/rogowacenie-sloneczne\/","name":"Rogowacenie s\u0142oneczne | dermatolog dr Hasert Berlin","isPartOf":{"@id":"https:\/\/www.hasert-haut.de\/pl\/#website"},"primaryImageOfPage":{"@id":"https:\/\/www.hasert-haut.de\/pl\/leistungen\/rogowacenie-sloneczne\/#primaryimage"},"image":{"@id":"https:\/\/www.hasert-haut.de\/pl\/leistungen\/rogowacenie-sloneczne\/#primaryimage"},"thumbnailUrl":"https:\/\/www.hasert-haut.de\/wp-content\/uploads\/2016\/12\/Aktinische-Keratosen.jpg","datePublished":"2022-10-11T08:57:50+00:00","dateModified":"2022-11-09T13:10:14+00:00","description":"Rogowacenie s\u0142oneczne to stany przedrakowe, kt\u00f3re rozwijaj\u0105 si\u0119 w sk\u00f3rze, kt\u00f3ra od dziesi\u0119cioleci zosta\u0142a powa\u017cnie i trwale uszkodzona przez \u015bwiat\u0142o, g\u0142\u00f3wnie u os\u00f3b starszych.","breadcrumb":{"@id":"https:\/\/www.hasert-haut.de\/pl\/leistungen\/rogowacenie-sloneczne\/#breadcrumb"},"inLanguage":"pl-PL","potentialAction":[{"@type":"ReadAction","target":["https:\/\/www.hasert-haut.de\/pl\/leistungen\/rogowacenie-sloneczne\/"]}]},{"@type":"ImageObject","inLanguage":"pl-PL","@id":"https:\/\/www.hasert-haut.de\/pl\/leistungen\/rogowacenie-sloneczne\/#primaryimage","url":"https:\/\/www.hasert-haut.de\/wp-content\/uploads\/2016\/12\/Aktinische-Keratosen.jpg","contentUrl":"https:\/\/www.hasert-haut.de\/wp-content\/uploads\/2016\/12\/Aktinische-Keratosen.jpg","width":600,"height":400,"caption":"Aktinische Keratosen - Praxisklinik Dr. Hasert, Berlin-Mitte"},{"@type":"BreadcrumbList","@id":"https:\/\/www.hasert-haut.de\/pl\/leistungen\/rogowacenie-sloneczne\/#breadcrumb","itemListElement":[{"@type":"ListItem","position":1,"name":"Home","item":"https:\/\/www.hasert-haut.de\/pl\/powitanie\/"},{"@type":"ListItem","position":2,"name":"Rogowacenie s\u0142oneczne"}]},{"@type":"WebSite","@id":"https:\/\/www.hasert-haut.de\/pl\/#website","url":"https:\/\/www.hasert-haut.de\/pl\/","name":"Hautarzt Berlin - Praxisklinik Dr. Hasert","description":"Hautarzt, Allgemeinmedizin","potentialAction":[{"@type":"SearchAction","target":{"@type":"EntryPoint","urlTemplate":"https:\/\/www.hasert-haut.de\/pl\/?s={search_term_string}"},"query-input":{"@type":"PropertyValueSpecification","valueRequired":true,"valueName":"search_term_string"}}],"inLanguage":"pl-PL"}]}},"_links":{"self":[{"href":"https:\/\/www.hasert-haut.de\/pl\/wp-json\/wp\/v2\/portfolio\/6817","targetHints":{"allow":["GET"]}}],"collection":[{"href":"https:\/\/www.hasert-haut.de\/pl\/wp-json\/wp\/v2\/portfolio"}],"about":[{"href":"https:\/\/www.hasert-haut.de\/pl\/wp-json\/wp\/v2\/types\/portfolio"}],"replies":[{"embeddable":true,"href":"https:\/\/www.hasert-haut.de\/pl\/wp-json\/wp\/v2\/comments?post=6817"}],"version-history":[{"count":14,"href":"https:\/\/www.hasert-haut.de\/pl\/wp-json\/wp\/v2\/portfolio\/6817\/revisions"}],"predecessor-version":[{"id":10702,"href":"https:\/\/www.hasert-haut.de\/pl\/wp-json\/wp\/v2\/portfolio\/6817\/revisions\/10702"}],"wp:featuredmedia":[{"embeddable":true,"href":"https:\/\/www.hasert-haut.de\/pl\/wp-json\/wp\/v2\/media\/4434"}],"wp:attachment":[{"href":"https:\/\/www.hasert-haut.de\/pl\/wp-json\/wp\/v2\/media?parent=6817"}],"wp:term":[{"taxonomy":"post_tag","embeddable":true,"href":"https:\/\/www.hasert-haut.de\/pl\/wp-json\/wp\/v2\/tags?post=6817"},{"taxonomy":"portfolio_entries","embeddable":true,"href":"https:\/\/www.hasert-haut.de\/pl\/wp-json\/wp\/v2\/portfolio_entries?post=6817"}],"curies":[{"name":"wp","href":"https:\/\/api.w.org\/{rel}","templated":true}]}}