{"id":6986,"date":"2022-10-11T09:22:47","date_gmt":"2022-10-11T09:22:47","guid":{"rendered":"https:\/\/www.hasert-haut.de\/leistungen\/faltenbehandlung\/"},"modified":"2022-11-09T13:10:40","modified_gmt":"2022-11-09T13:10:40","slug":"leczenie-zmarszczek","status":"publish","type":"portfolio","link":"https:\/\/www.hasert-haut.de\/pl\/leistungen\/leczenie-zmarszczek\/","title":{"rendered":"leczenie zmarszczek"},"content":{"rendered":"\n<style type=\"text\/css\" data-created_by=\"avia_inline_auto\" id=\"style-css-av-89fit-3a9624dc06a3d23af64844c85fb22daf\">\n#top .av-special-heading.av-89fit-3a9624dc06a3d23af64844c85fb22daf{\npadding-bottom:10px;\n}\nbody .av-special-heading.av-89fit-3a9624dc06a3d23af64844c85fb22daf .av-special-heading-tag .heading-char{\nfont-size:25px;\n}\n.av-special-heading.av-89fit-3a9624dc06a3d23af64844c85fb22daf .av-subheading{\nfont-size:15px;\n}\n<\/style>\n<div  class='av-special-heading av-89fit-3a9624dc06a3d23af64844c85fb22daf av-special-heading-h1 blockquote modern-quote  avia-builder-el-0  el_before_av_hr  avia-builder-el-first '><h1 class='av-special-heading-tag'  itemprop=\"headline\"  >leczenie zmarszczek<\/h1><div class=\"special-heading-border\"><div class=\"special-heading-inner-border\"><\/div><\/div><\/div>\n\n<style type=\"text\/css\" data-created_by=\"avia_inline_auto\" id=\"style-css-av-l96ryrhp-34611b3b3859af4f21b0a1bfa0ad5e24\">\n#top .hr.hr-invisible.av-l96ryrhp-34611b3b3859af4f21b0a1bfa0ad5e24{\nheight:50px;\n}\n<\/style>\n<div  class='hr av-l96ryrhp-34611b3b3859af4f21b0a1bfa0ad5e24 hr-invisible  avia-builder-el-1  el_after_av_heading  el_before_av_three_fifth '><span class='hr-inner '><span class=\"hr-inner-style\"><\/span><\/span><\/div>\n\n<style type=\"text\/css\" data-created_by=\"avia_inline_auto\" id=\"style-css-av-6dj6ns-7472608404402ce7ad5c72bb757e28f8\">\n.flex_column.av-6dj6ns-7472608404402ce7ad5c72bb757e28f8{\nborder-radius:0px 0px 0px 0px;\npadding:0px 0px 0px 0px;\n}\n<\/style>\n<div  class='flex_column av-6dj6ns-7472608404402ce7ad5c72bb757e28f8 av_three_fifth  avia-builder-el-2  el_after_av_hr  el_before_av_two_fifth  first flex_column_div av-zero-column-padding  '     ><section  class='av_textblock_section av-2bvyk-6c12829b206d37c4984cde74e1e3d3cf '   itemscope=\"itemscope\" itemtype=\"https:\/\/schema.org\/CreativeWork\" ><div class='avia_textblock'  itemprop=\"text\" ><p style=\"text-align: justify;\">W szczeg\u00f3lno\u015bci sk\u00f3ra twarzy traci swoj\u0105 elastyczno\u015b\u0107 wraz z wiekiem. Od 20 roku \u017cycia rozpoczyna si\u0119 stopniowy proces starzenia si\u0119 sk\u00f3ry.  Ponadto wp\u0142ywy zewn\u0119trzne, takie jak s\u0142o\u0144ce, a w szczeg\u00f3lno\u015bci ekspozycja na nikotyn\u0119, z czasem pozostawiaj\u0105 na sk\u00f3rze widoczne \u015blady.<\/p>\n<p style=\"text-align: justify;\">Denerwuj\u0105 Ci\u0119 poprzeczne zmarszczki na czole lub zmarszczki mi\u0119dzy brwiami? Czy masz wyra\u017ane zmarszczki po bokach oczu (\u201ekurze \u0142apki\u201d)? Te problematyczne zmarszczki na twarzy mo\u017cna bardzo dobrze zlikwidowa\u0107 za pomoc\u0105 zastrzyk\u00f3w Botox\u00ae. Ta terapia rozlu\u017aniaj\u0105ca mi\u0119\u015bnie daje wyra\u017any i d\u0142ugotrwa\u0142y efekt wyg\u0142adzenia.   <\/p>\n<p style=\"text-align: justify;\">Chcesz pozby\u0107 si\u0119 pierwszych delikatnych zmarszczek wok\u00f3\u0142 ust lub masz bardzo wyra\u017ane fa\u0142dy nosowo-wargowe?<\/p>\n<p style=\"text-align: justify;\">Takie problemy mo\u017cna szybko i niezawodnie wyeliminowa\u0107 za pomoc\u0105 wstrzykni\u0119\u0107 zmarszczek. Zmarszczki wype\u0142nia si\u0119 poprzez wstrzykiwanie r\u00f3\u017cnych substancji, takich jak kwas hialuronowy czy polimlekowy, kt\u00f3re albo wyst\u0119puj\u0105 naturalnie w ciele, albo s\u0105 tam ponownie rozk\u0142adane. Inn\u0105 metod\u0105 ostrzykiwania wyra\u017anych zmarszczek lub ubytk\u00f3w substancji jest wstrzykiwanie w\u0142asnego t\u0142uszczu organizmu, kt\u00f3ry jest uprzednio usuwany i przetwarzany metod\u0105 liposukcji (liposukcji) z okolic brzucha lub ud. Po wielokrotnym wstrzykni\u0119ciu w\u0142asnego \u201ewype\u0142niacza t\u0142uszczu\u201d organizmu nast\u0119puje d\u0142ugotrwa\u0142y efekt wyg\u0142adzenia.   <\/p>\n<p style=\"text-align: justify;\">Tak zwane zmarszczki statyczne, kt\u00f3re mog\u0105 pojawia\u0107 si\u0119 w ci\u0105gu \u017cycia na ca\u0142ej twarzy, mo\u017cna skutecznie wyg\u0142adzi\u0107 laserem Fraxella lub resurfacing sk\u00f3ry laserem Erbium YAG lub CO2.<\/p>\n<\/div><\/section><\/div>\n<style type=\"text\/css\" data-created_by=\"avia_inline_auto\" id=\"style-css-av-35maw8-40d53b73a800c5af1e8f9ef0bbd6d964\">\n.flex_column.av-35maw8-40d53b73a800c5af1e8f9ef0bbd6d964{\nborder-radius:0px 0px 0px 0px;\npadding:0px 0px 0px 0px;\n}\n<\/style>\n<div  class='flex_column av-35maw8-40d53b73a800c5af1e8f9ef0bbd6d964 av_two_fifth  avia-builder-el-4  el_after_av_three_fifth  el_before_av_hr  flex_column_div av-zero-column-padding  '     ><div id='av-masonry-1' class='av-masonry av-l96s1ic1-e1f1727f070af57930f3c9c6addd6ca4 noHover av-fixed-size av-large-gap av-hover-overlay-active av-masonry-animation-active av-masonry-col-2 av-caption-always av-caption-style- av-masonry-gallery ' data-post_id=\"6986\"><div class=\"av-masonry-container isotope av-js-disabled\"><div class='av-masonry-entry isotope-item av-masonry-item-no-image '><\/div><a href=\"https:\/\/www.hasert-haut.de\/wp-content\/uploads\/2015\/01\/Faltenbehandlung3.jpg\" data-srcset=\"https:\/\/www.hasert-haut.de\/wp-content\/uploads\/2015\/01\/Faltenbehandlung3.jpg 600w, https:\/\/www.hasert-haut.de\/wp-content\/uploads\/2015\/01\/Faltenbehandlung3-80x80.jpg 80w, https:\/\/www.hasert-haut.de\/wp-content\/uploads\/2015\/01\/Faltenbehandlung3-300x300.jpg 300w, https:\/\/www.hasert-haut.de\/wp-content\/uploads\/2015\/01\/Faltenbehandlung3-36x36.jpg 36w, https:\/\/www.hasert-haut.de\/wp-content\/uploads\/2015\/01\/Faltenbehandlung3-180x180.jpg 180w, https:\/\/www.hasert-haut.de\/wp-content\/uploads\/2015\/01\/Faltenbehandlung3-120x120.jpg 120w, https:\/\/www.hasert-haut.de\/wp-content\/uploads\/2015\/01\/Faltenbehandlung3-450x450.jpg 450w\" data-sizes=\"(max-width: 600px) 100vw, 600px\"  aria-label=\"image Faltenbehandlung\"  id='av-masonry-1-item-4178' data-av-masonry-item='4178' class='av-masonry-entry isotope-item post-4178 attachment type-attachment status-inherit hentry  av-masonry-item-with-image' title=\"Faltenbehandlung\" alt=\"\"    itemprop=\"thumbnailUrl\" ><div class='av-inner-masonry-sizer'><\/div><figure class='av-inner-masonry main_color'><div class=\"av-masonry-outerimage-container\"><div class='av-masonry-image-container' style=\"background-image: url(https:\/\/www.hasert-haut.de\/wp-content\/uploads\/2015\/01\/Faltenbehandlung3.jpg);\"  title=\"Faltenbehandlung\"  ><\/div><\/div><\/figure><\/a><!--end av-masonry entry--><a href=\"https:\/\/www.hasert-haut.de\/wp-content\/uploads\/2015\/01\/Faltenbehandlung2.jpg\" data-srcset=\"https:\/\/www.hasert-haut.de\/wp-content\/uploads\/2015\/01\/Faltenbehandlung2.jpg 600w, https:\/\/www.hasert-haut.de\/wp-content\/uploads\/2015\/01\/Faltenbehandlung2-80x80.jpg 80w, https:\/\/www.hasert-haut.de\/wp-content\/uploads\/2015\/01\/Faltenbehandlung2-300x300.jpg 300w, https:\/\/www.hasert-haut.de\/wp-content\/uploads\/2015\/01\/Faltenbehandlung2-36x36.jpg 36w, https:\/\/www.hasert-haut.de\/wp-content\/uploads\/2015\/01\/Faltenbehandlung2-180x180.jpg 180w, https:\/\/www.hasert-haut.de\/wp-content\/uploads\/2015\/01\/Faltenbehandlung2-120x120.jpg 120w, https:\/\/www.hasert-haut.de\/wp-content\/uploads\/2015\/01\/Faltenbehandlung2-450x450.jpg 450w\" data-sizes=\"(max-width: 600px) 100vw, 600px\"  aria-label=\"image Faltenbehandlung\"  id='av-masonry-1-item-4176' data-av-masonry-item='4176' class='av-masonry-entry isotope-item post-4176 attachment type-attachment status-inherit hentry  av-masonry-item-with-image' title=\"Faltenbehandlung\" alt=\"\"    itemprop=\"thumbnailUrl\" ><div class='av-inner-masonry-sizer'><\/div><figure class='av-inner-masonry main_color'><div class=\"av-masonry-outerimage-container\"><div class='av-masonry-image-container' style=\"background-image: url(https:\/\/www.hasert-haut.de\/wp-content\/uploads\/2015\/01\/Faltenbehandlung2.jpg);\"  title=\"Faltenbehandlung\"  ><\/div><\/div><\/figure><\/a><!--end av-masonry entry--><a href=\"https:\/\/www.hasert-haut.de\/wp-content\/uploads\/2015\/01\/Faltenbehandlung1.jpg\" data-srcset=\"https:\/\/www.hasert-haut.de\/wp-content\/uploads\/2015\/01\/Faltenbehandlung1.jpg 600w, https:\/\/www.hasert-haut.de\/wp-content\/uploads\/2015\/01\/Faltenbehandlung1-80x80.jpg 80w, https:\/\/www.hasert-haut.de\/wp-content\/uploads\/2015\/01\/Faltenbehandlung1-300x300.jpg 300w, https:\/\/www.hasert-haut.de\/wp-content\/uploads\/2015\/01\/Faltenbehandlung1-36x36.jpg 36w, https:\/\/www.hasert-haut.de\/wp-content\/uploads\/2015\/01\/Faltenbehandlung1-180x180.jpg 180w, https:\/\/www.hasert-haut.de\/wp-content\/uploads\/2015\/01\/Faltenbehandlung1-120x120.jpg 120w, https:\/\/www.hasert-haut.de\/wp-content\/uploads\/2015\/01\/Faltenbehandlung1-450x450.jpg 450w\" data-sizes=\"(max-width: 600px) 100vw, 600px\"  aria-label=\"image Faltenbehandlung\"  id='av-masonry-1-item-4174' data-av-masonry-item='4174' class='av-masonry-entry isotope-item post-4174 attachment type-attachment status-inherit hentry  av-masonry-item-with-image' title=\"Faltenbehandlung\" alt=\"\"    itemprop=\"thumbnailUrl\" ><div class='av-inner-masonry-sizer'><\/div><figure class='av-inner-masonry main_color'><div class=\"av-masonry-outerimage-container\"><div class='av-masonry-image-container' style=\"background-image: url(https:\/\/www.hasert-haut.de\/wp-content\/uploads\/2015\/01\/Faltenbehandlung1.jpg);\"  title=\"Faltenbehandlung\"  ><\/div><\/div><\/figure><\/a><!--end av-masonry entry--><\/div><\/div><\/div>\n<style type=\"text\/css\" data-created_by=\"avia_inline_auto\" id=\"style-css-av-1r06m-22f4993bc341f54115743d69d089ae2f\">\n#top .hr.hr-invisible.av-1r06m-22f4993bc341f54115743d69d089ae2f{\nheight:50px;\n}\n<\/style>\n<div  class='hr av-1r06m-22f4993bc341f54115743d69d089ae2f hr-invisible  avia-builder-el-6  el_after_av_two_fifth  el_before_av_postcontent  avia-builder-el-last '><span class='hr-inner '><span class=\"hr-inner-style\"><\/span><\/span><\/div><\/p>\n[av_heading heading='Inne us\u0142ugi naszej praktyki' tag='h3' style='blockquote modern-quote modern-centered' subheading_active='' show_icon='' icon='ue800' font='' size='' av-medium-font-size-title='' av-small-font-size-title='' av-mini-font-size-title='' subheading_size='' av-medium-font-size='' av-small-font-size='' av-mini-font-size='' icon_size='' av-medium-font-size-1='' av-small-font-size-1='' av-mini-font-size-1='' color='' custom_font='' icon_color='' margin='' margin_sync='true' padding='10' icon_padding='10' link='' link_target='' id='' custom_class='' av_uid='av-l9475f5a' admin_preview_bg=''][\/av_heading]\n\n[av_masonry_entries link='portfolio_entries,95,72,73,71' wc_prod_visible='' wc_prod_hidden='hide' wc_prod_featured='' prod_order_by='' prod_order='' date_filter='' date_filter_start='' date_filter_end='' date_filter_format='yy\/mm\/dd' sort='no' query_orderby='rand' query_order='DESC' caption_elements='title' caption_styling='overlay' caption_display='always' size='fixed' orientation='' gap='large' columns='5' av-medium-columns='' av-small-columns='' av-mini-columns='' items='5' paginate='none' color='' custom_bg='' overlay_fx='active' animation='active' lazy_loading='disabled' id='' custom_class='' av_uid='av-l9474s7j']\n\n\n","protected":false},"excerpt":{"rendered":"<p>W szczeg\u00f3lno\u015bci sk\u00f3ra twarzy traci swoj\u0105 elastyczno\u015b\u0107 wraz z wiekiem. Od 20 roku \u017cycia rozpoczyna si\u0119 stopniowy proces starzenia si\u0119 sk\u00f3ry. <\/p>\n","protected":false},"featured_media":4178,"comment_status":"closed","ping_status":"closed","template":"","tags":[],"portfolio_entries":[90],"class_list":["post-6986","portfolio","type-portfolio","status-publish","has-post-thumbnail","hentry","portfolio_entries-aesthetische-dermatologie-pl"],"yoast_head":"<!-- This site is optimized with the Yoast SEO plugin v25.3.1 - https:\/\/yoast.com\/wordpress\/plugins\/seo\/ -->\n<title>Leczenie zmarszczek | dermatolog dr Hasert Berlin<\/title>\n<meta name=\"description\" content=\"Nasz zabieg na zmarszczki pozwala przeciwdzia\u0142a\u0107 stopniowemu procesowi starzenia si\u0119 sk\u00f3ry twarzy, kt\u00f3ry zaczyna si\u0119 ju\u017c od 20 roku \u017cycia.\" \/>\n<meta name=\"robots\" content=\"index, follow, max-snippet:-1, max-image-preview:large, max-video-preview:-1\" \/>\n<link rel=\"canonical\" href=\"https:\/\/www.hasert-haut.de\/pl\/leistungen\/leczenie-zmarszczek\/\" \/>\n<meta property=\"og:locale\" content=\"pl_PL\" \/>\n<meta property=\"og:type\" content=\"article\" \/>\n<meta property=\"og:title\" content=\"Leczenie zmarszczek | dermatolog dr Hasert Berlin\" \/>\n<meta property=\"og:description\" content=\"Nasz zabieg na zmarszczki pozwala przeciwdzia\u0142a\u0107 stopniowemu procesowi starzenia si\u0119 sk\u00f3ry twarzy, kt\u00f3ry zaczyna si\u0119 ju\u017c od 20 roku \u017cycia.\" \/>\n<meta property=\"og:url\" content=\"https:\/\/www.hasert-haut.de\/pl\/leistungen\/leczenie-zmarszczek\/\" \/>\n<meta property=\"og:site_name\" content=\"Hautarzt Berlin - Praxisklinik Dr. Hasert\" \/>\n<meta property=\"article:modified_time\" content=\"2022-11-09T13:10:40+00:00\" \/>\n<meta property=\"og:image\" content=\"https:\/\/www.hasert-haut.de\/wp-content\/uploads\/2015\/01\/Faltenbehandlung3.jpg\" \/>\n\t<meta property=\"og:image:width\" content=\"600\" \/>\n\t<meta property=\"og:image:height\" content=\"600\" \/>\n\t<meta property=\"og:image:type\" content=\"image\/jpeg\" \/>\n<meta name=\"twitter:label1\" content=\"Szacowany czas czytania\" \/>\n\t<meta name=\"twitter:data1\" content=\"4 minuty\" \/>\n<script type=\"application\/ld+json\" class=\"yoast-schema-graph\">{\"@context\":\"https:\/\/schema.org\",\"@graph\":[{\"@type\":\"WebPage\",\"@id\":\"https:\/\/www.hasert-haut.de\/pl\/leistungen\/leczenie-zmarszczek\/\",\"url\":\"https:\/\/www.hasert-haut.de\/pl\/leistungen\/leczenie-zmarszczek\/\",\"name\":\"Leczenie zmarszczek | dermatolog dr Hasert Berlin\",\"isPartOf\":{\"@id\":\"https:\/\/www.hasert-haut.de\/pl\/#website\"},\"primaryImageOfPage\":{\"@id\":\"https:\/\/www.hasert-haut.de\/pl\/leistungen\/leczenie-zmarszczek\/#primaryimage\"},\"image\":{\"@id\":\"https:\/\/www.hasert-haut.de\/pl\/leistungen\/leczenie-zmarszczek\/#primaryimage\"},\"thumbnailUrl\":\"https:\/\/www.hasert-haut.de\/wp-content\/uploads\/2015\/01\/Faltenbehandlung3.jpg\",\"datePublished\":\"2022-10-11T09:22:47+00:00\",\"dateModified\":\"2022-11-09T13:10:40+00:00\",\"description\":\"Nasz zabieg na zmarszczki pozwala przeciwdzia\u0142a\u0107 stopniowemu procesowi starzenia si\u0119 sk\u00f3ry twarzy, kt\u00f3ry zaczyna si\u0119 ju\u017c od 20 roku \u017cycia.\",\"breadcrumb\":{\"@id\":\"https:\/\/www.hasert-haut.de\/pl\/leistungen\/leczenie-zmarszczek\/#breadcrumb\"},\"inLanguage\":\"pl-PL\",\"potentialAction\":[{\"@type\":\"ReadAction\",\"target\":[\"https:\/\/www.hasert-haut.de\/pl\/leistungen\/leczenie-zmarszczek\/\"]}]},{\"@type\":\"ImageObject\",\"inLanguage\":\"pl-PL\",\"@id\":\"https:\/\/www.hasert-haut.de\/pl\/leistungen\/leczenie-zmarszczek\/#primaryimage\",\"url\":\"https:\/\/www.hasert-haut.de\/wp-content\/uploads\/2015\/01\/Faltenbehandlung3.jpg\",\"contentUrl\":\"https:\/\/www.hasert-haut.de\/wp-content\/uploads\/2015\/01\/Faltenbehandlung3.jpg\",\"width\":600,\"height\":600,\"caption\":\"Faltenbehandlung\"},{\"@type\":\"BreadcrumbList\",\"@id\":\"https:\/\/www.hasert-haut.de\/pl\/leistungen\/leczenie-zmarszczek\/#breadcrumb\",\"itemListElement\":[{\"@type\":\"ListItem\",\"position\":1,\"name\":\"Home\",\"item\":\"https:\/\/www.hasert-haut.de\/pl\/powitanie\/\"},{\"@type\":\"ListItem\",\"position\":2,\"name\":\"leczenie zmarszczek\"}]},{\"@type\":\"WebSite\",\"@id\":\"https:\/\/www.hasert-haut.de\/pl\/#website\",\"url\":\"https:\/\/www.hasert-haut.de\/pl\/\",\"name\":\"Hautarzt Berlin - Praxisklinik Dr. Hasert\",\"description\":\"Hautarzt, Allgemeinmedizin\",\"potentialAction\":[{\"@type\":\"SearchAction\",\"target\":{\"@type\":\"EntryPoint\",\"urlTemplate\":\"https:\/\/www.hasert-haut.de\/pl\/?s={search_term_string}\"},\"query-input\":{\"@type\":\"PropertyValueSpecification\",\"valueRequired\":true,\"valueName\":\"search_term_string\"}}],\"inLanguage\":\"pl-PL\"}]}<\/script>\n<!-- \/ Yoast SEO plugin. -->","yoast_head_json":{"title":"Leczenie zmarszczek | dermatolog dr Hasert Berlin","description":"Nasz zabieg na zmarszczki pozwala przeciwdzia\u0142a\u0107 stopniowemu procesowi starzenia si\u0119 sk\u00f3ry twarzy, kt\u00f3ry zaczyna si\u0119 ju\u017c od 20 roku \u017cycia.","robots":{"index":"index","follow":"follow","max-snippet":"max-snippet:-1","max-image-preview":"max-image-preview:large","max-video-preview":"max-video-preview:-1"},"canonical":"https:\/\/www.hasert-haut.de\/pl\/leistungen\/leczenie-zmarszczek\/","og_locale":"pl_PL","og_type":"article","og_title":"Leczenie zmarszczek | dermatolog dr Hasert Berlin","og_description":"Nasz zabieg na zmarszczki pozwala przeciwdzia\u0142a\u0107 stopniowemu procesowi starzenia si\u0119 sk\u00f3ry twarzy, kt\u00f3ry zaczyna si\u0119 ju\u017c od 20 roku \u017cycia.","og_url":"https:\/\/www.hasert-haut.de\/pl\/leistungen\/leczenie-zmarszczek\/","og_site_name":"Hautarzt Berlin - Praxisklinik Dr. Hasert","article_modified_time":"2022-11-09T13:10:40+00:00","og_image":[{"width":600,"height":600,"url":"https:\/\/www.hasert-haut.de\/wp-content\/uploads\/2015\/01\/Faltenbehandlung3.jpg","type":"image\/jpeg"}],"twitter_misc":{"Szacowany czas czytania":"4 minuty"},"schema":{"@context":"https:\/\/schema.org","@graph":[{"@type":"WebPage","@id":"https:\/\/www.hasert-haut.de\/pl\/leistungen\/leczenie-zmarszczek\/","url":"https:\/\/www.hasert-haut.de\/pl\/leistungen\/leczenie-zmarszczek\/","name":"Leczenie zmarszczek | dermatolog dr Hasert Berlin","isPartOf":{"@id":"https:\/\/www.hasert-haut.de\/pl\/#website"},"primaryImageOfPage":{"@id":"https:\/\/www.hasert-haut.de\/pl\/leistungen\/leczenie-zmarszczek\/#primaryimage"},"image":{"@id":"https:\/\/www.hasert-haut.de\/pl\/leistungen\/leczenie-zmarszczek\/#primaryimage"},"thumbnailUrl":"https:\/\/www.hasert-haut.de\/wp-content\/uploads\/2015\/01\/Faltenbehandlung3.jpg","datePublished":"2022-10-11T09:22:47+00:00","dateModified":"2022-11-09T13:10:40+00:00","description":"Nasz zabieg na zmarszczki pozwala przeciwdzia\u0142a\u0107 stopniowemu procesowi starzenia si\u0119 sk\u00f3ry twarzy, kt\u00f3ry zaczyna si\u0119 ju\u017c od 20 roku \u017cycia.","breadcrumb":{"@id":"https:\/\/www.hasert-haut.de\/pl\/leistungen\/leczenie-zmarszczek\/#breadcrumb"},"inLanguage":"pl-PL","potentialAction":[{"@type":"ReadAction","target":["https:\/\/www.hasert-haut.de\/pl\/leistungen\/leczenie-zmarszczek\/"]}]},{"@type":"ImageObject","inLanguage":"pl-PL","@id":"https:\/\/www.hasert-haut.de\/pl\/leistungen\/leczenie-zmarszczek\/#primaryimage","url":"https:\/\/www.hasert-haut.de\/wp-content\/uploads\/2015\/01\/Faltenbehandlung3.jpg","contentUrl":"https:\/\/www.hasert-haut.de\/wp-content\/uploads\/2015\/01\/Faltenbehandlung3.jpg","width":600,"height":600,"caption":"Faltenbehandlung"},{"@type":"BreadcrumbList","@id":"https:\/\/www.hasert-haut.de\/pl\/leistungen\/leczenie-zmarszczek\/#breadcrumb","itemListElement":[{"@type":"ListItem","position":1,"name":"Home","item":"https:\/\/www.hasert-haut.de\/pl\/powitanie\/"},{"@type":"ListItem","position":2,"name":"leczenie zmarszczek"}]},{"@type":"WebSite","@id":"https:\/\/www.hasert-haut.de\/pl\/#website","url":"https:\/\/www.hasert-haut.de\/pl\/","name":"Hautarzt Berlin - Praxisklinik Dr. Hasert","description":"Hautarzt, Allgemeinmedizin","potentialAction":[{"@type":"SearchAction","target":{"@type":"EntryPoint","urlTemplate":"https:\/\/www.hasert-haut.de\/pl\/?s={search_term_string}"},"query-input":{"@type":"PropertyValueSpecification","valueRequired":true,"valueName":"search_term_string"}}],"inLanguage":"pl-PL"}]}},"_links":{"self":[{"href":"https:\/\/www.hasert-haut.de\/pl\/wp-json\/wp\/v2\/portfolio\/6986","targetHints":{"allow":["GET"]}}],"collection":[{"href":"https:\/\/www.hasert-haut.de\/pl\/wp-json\/wp\/v2\/portfolio"}],"about":[{"href":"https:\/\/www.hasert-haut.de\/pl\/wp-json\/wp\/v2\/types\/portfolio"}],"replies":[{"embeddable":true,"href":"https:\/\/www.hasert-haut.de\/pl\/wp-json\/wp\/v2\/comments?post=6986"}],"version-history":[{"count":6,"href":"https:\/\/www.hasert-haut.de\/pl\/wp-json\/wp\/v2\/portfolio\/6986\/revisions"}],"predecessor-version":[{"id":8771,"href":"https:\/\/www.hasert-haut.de\/pl\/wp-json\/wp\/v2\/portfolio\/6986\/revisions\/8771"}],"wp:featuredmedia":[{"embeddable":true,"href":"https:\/\/www.hasert-haut.de\/pl\/wp-json\/wp\/v2\/media\/4178"}],"wp:attachment":[{"href":"https:\/\/www.hasert-haut.de\/pl\/wp-json\/wp\/v2\/media?parent=6986"}],"wp:term":[{"taxonomy":"post_tag","embeddable":true,"href":"https:\/\/www.hasert-haut.de\/pl\/wp-json\/wp\/v2\/tags?post=6986"},{"taxonomy":"portfolio_entries","embeddable":true,"href":"https:\/\/www.hasert-haut.de\/pl\/wp-json\/wp\/v2\/portfolio_entries?post=6986"}],"curies":[{"name":"wp","href":"https:\/\/api.w.org\/{rel}","templated":true}]}}