{"id":7077,"date":"2022-10-11T12:18:22","date_gmt":"2022-10-11T12:18:22","guid":{"rendered":"https:\/\/www.hasert-haut.de\/leistungen\/neurodermitis\/"},"modified":"2022-12-27T09:41:28","modified_gmt":"2022-12-27T09:41:28","slug":"neurodermit","status":"publish","type":"portfolio","link":"https:\/\/www.hasert-haut.de\/pl\/leistungen\/neurodermit\/","title":{"rendered":"neurodermit"},"content":{"rendered":"\n<style type=\"text\/css\" data-created_by=\"avia_inline_auto\" id=\"style-css-av-bugog-5917dc850a8dccbd12c8dff537a0b060\">\n#top .av-special-heading.av-bugog-5917dc850a8dccbd12c8dff537a0b060{\npadding-bottom:10px;\n}\nbody .av-special-heading.av-bugog-5917dc850a8dccbd12c8dff537a0b060 .av-special-heading-tag .heading-char{\nfont-size:25px;\n}\n.av-special-heading.av-bugog-5917dc850a8dccbd12c8dff537a0b060 .av-subheading{\nfont-size:15px;\n}\n<\/style>\n<div  class='av-special-heading av-bugog-5917dc850a8dccbd12c8dff537a0b060 av-special-heading-h1 blockquote modern-quote  avia-builder-el-0  el_before_av_hr  avia-builder-el-first '><h1 class='av-special-heading-tag'  itemprop=\"headline\"  >neurodermit<\/h1><div class=\"special-heading-border\"><div class=\"special-heading-inner-border\"><\/div><\/div><\/div>\n\n<style type=\"text\/css\" data-created_by=\"avia_inline_auto\" id=\"style-css-av-1r06m-22f4993bc341f54115743d69d089ae2f\">\n#top .hr.hr-invisible.av-1r06m-22f4993bc341f54115743d69d089ae2f{\nheight:50px;\n}\n<\/style>\n<div  class='hr av-1r06m-22f4993bc341f54115743d69d089ae2f hr-invisible  avia-builder-el-1  el_after_av_heading  el_before_av_three_fifth '><span class='hr-inner '><span class=\"hr-inner-style\"><\/span><\/span><\/div>\n\n<style type=\"text\/css\" data-created_by=\"avia_inline_auto\" id=\"style-css-av-6dj6ns-7472608404402ce7ad5c72bb757e28f8\">\n.flex_column.av-6dj6ns-7472608404402ce7ad5c72bb757e28f8{\nborder-radius:0px 0px 0px 0px;\npadding:0px 0px 0px 0px;\n}\n<\/style>\n<div  class='flex_column av-6dj6ns-7472608404402ce7ad5c72bb757e28f8 av_three_fifth  avia-builder-el-2  el_after_av_hr  el_before_av_two_fifth  first flex_column_div av-zero-column-padding  '     ><p><section  class='av_textblock_section av-33sek-f2ebaf760657d7ead54f5a6e2675f706 '   itemscope=\"itemscope\" itemtype=\"https:\/\/schema.org\/CreativeWork\" ><div class='avia_textblock'  itemprop=\"text\" ><p>Jedn\u0105 z najcz\u0119stszych chor\u00f3b sk\u00f3ry jest neurodermit. Oko\u0142o 3 do 4% wszystkich dzieci cierpi na neurodermit. Zmieniaj\u0105ca si\u0119, bardzo r\u00f3\u017cnie wygl\u0105daj\u0105ca, sw\u0119dz\u0105ca wysypka sk\u00f3rna, tak zwana egzema, jest typowa dla neurodermit\u00f3w. Egzema to zaczerwienione, \u0142uszcz\u0105ce si\u0119, czasami \u0142zawi\u0105ce lub zapalne zmiany sk\u00f3rne. Zazwyczaj pojawiaj\u0105 si\u0119 w zgi\u0119ciu \u0142okcia lub za kolanem, na szyi, szyi lub twarzy. Pacjenci z neurodermitem cz\u0119sto maj\u0105 such\u0105 sk\u00f3r\u0119 i \u0142amliwe w\u0142osy.<\/p>\n<\/div><\/section><br \/>\n\n<style type=\"text\/css\" data-created_by=\"avia_inline_auto\" id=\"style-css-av-2n7ksw-8af7e824d25c46bd0ba939b6b438e697\">\n#top .av-special-heading.av-2n7ksw-8af7e824d25c46bd0ba939b6b438e697{\npadding-bottom:10px;\n}\nbody .av-special-heading.av-2n7ksw-8af7e824d25c46bd0ba939b6b438e697 .av-special-heading-tag .heading-char{\nfont-size:25px;\n}\n.av-special-heading.av-2n7ksw-8af7e824d25c46bd0ba939b6b438e697 .av-subheading{\nfont-size:15px;\n}\n<\/style>\n<div  class='av-special-heading av-2n7ksw-8af7e824d25c46bd0ba939b6b438e697 av-special-heading-h2 blockquote modern-quote  avia-builder-el-4  el_after_av_textblock  el_before_av_textblock '><h2 class='av-special-heading-tag'  itemprop=\"headline\"  >Jak leczy\u0107 neurodermit?<\/h2><div class=\"special-heading-border\"><div class=\"special-heading-inner-border\"><\/div><\/div><\/div><br \/>\n<section  class='av_textblock_section av-1wqy0-8446714491fffcb854f829cc4be37536 '   itemscope=\"itemscope\" itemtype=\"https:\/\/schema.org\/CreativeWork\" ><div class='avia_textblock'  itemprop=\"text\" ><p>Opr\u00f3cz intensywnej opieki nad pacjentem oferujemy pe\u0142ne spektrum terapii zewn\u0119trznej i wewn\u0119trznej (np. cyklosporyna A). Ponadto specjalne na\u015bwietlanie \u015bwiat\u0142em mo\u017ce prowadzi\u0107 do poprawy choroby.<\/p>\n<\/div><\/section><\/p><\/div>\n\n<style type=\"text\/css\" data-created_by=\"avia_inline_auto\" id=\"style-css-av-35maw8-40d53b73a800c5af1e8f9ef0bbd6d964\">\n.flex_column.av-35maw8-40d53b73a800c5af1e8f9ef0bbd6d964{\nborder-radius:0px 0px 0px 0px;\npadding:0px 0px 0px 0px;\n}\n<\/style>\n<div  class='flex_column av-35maw8-40d53b73a800c5af1e8f9ef0bbd6d964 av_two_fifth  avia-builder-el-6  el_after_av_three_fifth  el_before_av_hr  flex_column_div av-zero-column-padding  '     ><div id='av-masonry-1' class='av-masonry av-l96s1ic1-4c64d07cdf09671e021c2b9fab14877d noHover av-fixed-size av-large-gap av-hover-overlay-active av-masonry-animation-active av-masonry-col-2 av-caption-always av-caption-style- av-masonry-gallery ' data-post_id=\"7077\"><div class=\"av-masonry-container isotope av-js-disabled\"><div class='av-masonry-entry isotope-item av-masonry-item-no-image '><\/div><a href=\"https:\/\/www.hasert-haut.de\/wp-content\/uploads\/2015\/01\/Neurodermitis-3.jpg\" data-srcset=\"https:\/\/www.hasert-haut.de\/wp-content\/uploads\/2015\/01\/Neurodermitis-3.jpg 600w, https:\/\/www.hasert-haut.de\/wp-content\/uploads\/2015\/01\/Neurodermitis-3-80x80.jpg 80w, https:\/\/www.hasert-haut.de\/wp-content\/uploads\/2015\/01\/Neurodermitis-3-300x300.jpg 300w, https:\/\/www.hasert-haut.de\/wp-content\/uploads\/2015\/01\/Neurodermitis-3-36x36.jpg 36w, https:\/\/www.hasert-haut.de\/wp-content\/uploads\/2015\/01\/Neurodermitis-3-180x180.jpg 180w, https:\/\/www.hasert-haut.de\/wp-content\/uploads\/2015\/01\/Neurodermitis-3-120x120.jpg 120w, https:\/\/www.hasert-haut.de\/wp-content\/uploads\/2015\/01\/Neurodermitis-3-450x450.jpg 450w\" data-sizes=\"(max-width: 600px) 100vw, 600px\"  aria-label=\"image Neurodermitis\"  id='av-masonry-1-item-4052' data-av-masonry-item='4052' class='av-masonry-entry isotope-item post-4052 attachment type-attachment status-inherit hentry  av-masonry-item-with-image' title=\"Neurodermitis\" alt=\"\"    itemprop=\"thumbnailUrl\" ><div class='av-inner-masonry-sizer'><\/div><figure class='av-inner-masonry main_color'><div class=\"av-masonry-outerimage-container\"><div class='av-masonry-image-container' style=\"background-image: url(https:\/\/www.hasert-haut.de\/wp-content\/uploads\/2015\/01\/Neurodermitis-3.jpg);\"  title=\"Neurodermitis\"  ><\/div><\/div><\/figure><\/a><!--end av-masonry entry--><a href=\"https:\/\/www.hasert-haut.de\/wp-content\/uploads\/2015\/01\/Neurodermitis-2.jpg\" data-srcset=\"https:\/\/www.hasert-haut.de\/wp-content\/uploads\/2015\/01\/Neurodermitis-2.jpg 600w, https:\/\/www.hasert-haut.de\/wp-content\/uploads\/2015\/01\/Neurodermitis-2-80x80.jpg 80w, https:\/\/www.hasert-haut.de\/wp-content\/uploads\/2015\/01\/Neurodermitis-2-300x300.jpg 300w, https:\/\/www.hasert-haut.de\/wp-content\/uploads\/2015\/01\/Neurodermitis-2-36x36.jpg 36w, https:\/\/www.hasert-haut.de\/wp-content\/uploads\/2015\/01\/Neurodermitis-2-180x180.jpg 180w, https:\/\/www.hasert-haut.de\/wp-content\/uploads\/2015\/01\/Neurodermitis-2-120x120.jpg 120w, https:\/\/www.hasert-haut.de\/wp-content\/uploads\/2015\/01\/Neurodermitis-2-450x450.jpg 450w\" data-sizes=\"(max-width: 600px) 100vw, 600px\"  aria-label=\"image Neurodermitis\"  id='av-masonry-1-item-4050' data-av-masonry-item='4050' class='av-masonry-entry isotope-item post-4050 attachment type-attachment status-inherit hentry  av-masonry-item-with-image' title=\"Neurodermitis\" alt=\"\"    itemprop=\"thumbnailUrl\" ><div class='av-inner-masonry-sizer'><\/div><figure class='av-inner-masonry main_color'><div class=\"av-masonry-outerimage-container\"><div class='av-masonry-image-container' style=\"background-image: url(https:\/\/www.hasert-haut.de\/wp-content\/uploads\/2015\/01\/Neurodermitis-2.jpg);\"  title=\"Neurodermitis\"  ><\/div><\/div><\/figure><\/a><!--end av-masonry entry--><a href=\"https:\/\/www.hasert-haut.de\/wp-content\/uploads\/2015\/01\/Neurodermitis-1.jpg\" data-srcset=\"https:\/\/www.hasert-haut.de\/wp-content\/uploads\/2015\/01\/Neurodermitis-1.jpg 600w, https:\/\/www.hasert-haut.de\/wp-content\/uploads\/2015\/01\/Neurodermitis-1-80x80.jpg 80w, https:\/\/www.hasert-haut.de\/wp-content\/uploads\/2015\/01\/Neurodermitis-1-300x300.jpg 300w, https:\/\/www.hasert-haut.de\/wp-content\/uploads\/2015\/01\/Neurodermitis-1-36x36.jpg 36w, https:\/\/www.hasert-haut.de\/wp-content\/uploads\/2015\/01\/Neurodermitis-1-180x180.jpg 180w, https:\/\/www.hasert-haut.de\/wp-content\/uploads\/2015\/01\/Neurodermitis-1-120x120.jpg 120w, https:\/\/www.hasert-haut.de\/wp-content\/uploads\/2015\/01\/Neurodermitis-1-450x450.jpg 450w\" data-sizes=\"(max-width: 600px) 100vw, 600px\"  aria-label=\"image Neurodermitis\"  id='av-masonry-1-item-4048' data-av-masonry-item='4048' class='av-masonry-entry isotope-item post-4048 attachment type-attachment status-inherit hentry  av-masonry-item-with-image' title=\"Neurodermitis\" alt=\"\"    itemprop=\"thumbnailUrl\" ><div class='av-inner-masonry-sizer'><\/div><figure class='av-inner-masonry main_color'><div class=\"av-masonry-outerimage-container\"><div class='av-masonry-image-container' style=\"background-image: url(https:\/\/www.hasert-haut.de\/wp-content\/uploads\/2015\/01\/Neurodermitis-1.jpg);\"  title=\"Neurodermitis\"  ><\/div><\/div><\/figure><\/a><!--end av-masonry entry--><a href=\"https:\/\/www.hasert-haut.de\/wp-content\/uploads\/2015\/01\/Neurodermitis.jpg\" data-srcset=\"https:\/\/www.hasert-haut.de\/wp-content\/uploads\/2015\/01\/Neurodermitis.jpg 1030w, https:\/\/www.hasert-haut.de\/wp-content\/uploads\/2015\/01\/Neurodermitis-300x150.jpg 300w, https:\/\/www.hasert-haut.de\/wp-content\/uploads\/2015\/01\/Neurodermitis-705x352.jpg 705w, https:\/\/www.hasert-haut.de\/wp-content\/uploads\/2015\/01\/Neurodermitis-450x225.jpg 450w\" data-sizes=\"(max-width: 1030px) 100vw, 1030px\"  aria-label=\"image Neurodermitis\"  id='av-masonry-1-item-3968' data-av-masonry-item='3968' class='av-masonry-entry isotope-item post-3968 attachment type-attachment status-inherit hentry  av-masonry-item-with-image' title=\"Neurodermitis\" alt=\"\"    itemprop=\"thumbnailUrl\" ><div class='av-inner-masonry-sizer'><\/div><figure class='av-inner-masonry main_color'><div class=\"av-masonry-outerimage-container\"><div class='av-masonry-image-container' style=\"background-image: url(https:\/\/www.hasert-haut.de\/wp-content\/uploads\/2015\/01\/Neurodermitis-705x352.jpg);\"  title=\"Neurodermitis\"  ><\/div><\/div><\/figure><\/a><!--end av-masonry entry--><\/div><\/div><\/div>\n\n<style type=\"text\/css\" data-created_by=\"avia_inline_auto\" id=\"style-css-av-1r06m-22f4993bc341f54115743d69d089ae2f\">\n#top .hr.hr-invisible.av-1r06m-22f4993bc341f54115743d69d089ae2f{\nheight:50px;\n}\n<\/style>\n<div  class='hr av-1r06m-22f4993bc341f54115743d69d089ae2f hr-invisible  avia-builder-el-8  el_after_av_two_fifth  el_before_av_postcontent  avia-builder-el-last '><span class='hr-inner '><span class=\"hr-inner-style\"><\/span><\/span><\/div>\n[av_heading heading='Inne us\u0142ugi naszej praktyki' tag='h3' style='blockquote modern-quote modern-centered' subheading_active='' show_icon='' icon='ue800' font='' size='' av-medium-font-size-title='' av-small-font-size-title='' av-mini-font-size-title='' subheading_size='' av-medium-font-size='' av-small-font-size='' av-mini-font-size='' icon_size='' av-medium-font-size-1='' av-small-font-size-1='' av-mini-font-size-1='' color='' custom_font='' icon_color='' margin='' margin_sync='true' padding='10' icon_padding='10' link='' link_target='' id='' custom_class='' av_uid='av-l9475f5a' admin_preview_bg=''][\/av_heading]\n\n[av_masonry_entries link='portfolio_entries,95,72,73,71' wc_prod_visible='' wc_prod_hidden='hide' wc_prod_featured='' prod_order_by='' prod_order='' date_filter='' date_filter_start='' date_filter_end='' date_filter_format='yy\/mm\/dd' sort='no' query_orderby='rand' query_order='DESC' caption_elements='title' caption_styling='overlay' caption_display='always' size='fixed' orientation='' gap='large' columns='5' av-medium-columns='' av-small-columns='' av-mini-columns='' items='5' paginate='none' color='' custom_bg='' overlay_fx='active' animation='active' lazy_loading='disabled' id='' custom_class='' av_uid='av-l9474s7j']\n\n\n","protected":false},"excerpt":{"rendered":"","protected":false},"featured_media":4490,"comment_status":"closed","ping_status":"closed","template":"","tags":[],"portfolio_entries":[76],"class_list":["post-7077","portfolio","type-portfolio","status-publish","has-post-thumbnail","hentry","portfolio_entries-konservative-dermatologie-pl"],"yoast_head":"<!-- This site is optimized with the Yoast SEO plugin v25.3.1 - https:\/\/yoast.com\/wordpress\/plugins\/seo\/ -->\n<title>Neurodermit | dermatolog dr Hasert Berlin<\/title>\n<meta name=\"robots\" content=\"index, follow, max-snippet:-1, max-image-preview:large, max-video-preview:-1\" \/>\n<link rel=\"canonical\" href=\"https:\/\/www.hasert-haut.de\/pl\/leistungen\/neurodermit\/\" \/>\n<meta property=\"og:locale\" content=\"pl_PL\" \/>\n<meta property=\"og:type\" content=\"article\" \/>\n<meta property=\"og:title\" content=\"Neurodermit | dermatolog dr Hasert Berlin\" \/>\n<meta property=\"og:url\" content=\"https:\/\/www.hasert-haut.de\/pl\/leistungen\/neurodermit\/\" \/>\n<meta property=\"og:site_name\" content=\"Hautarzt Berlin - Praxisklinik Dr. Hasert\" \/>\n<meta property=\"article:modified_time\" content=\"2022-12-27T09:41:28+00:00\" \/>\n<meta property=\"og:image\" content=\"https:\/\/www.hasert-haut.de\/wp-content\/uploads\/2016\/12\/Neurodermitis.jpg\" \/>\n\t<meta property=\"og:image:width\" content=\"900\" \/>\n\t<meta property=\"og:image:height\" content=\"600\" \/>\n\t<meta property=\"og:image:type\" content=\"image\/jpeg\" \/>\n<meta name=\"twitter:label1\" content=\"Szacowany czas czytania\" \/>\n\t<meta name=\"twitter:data1\" content=\"4 minuty\" \/>\n<script type=\"application\/ld+json\" class=\"yoast-schema-graph\">{\"@context\":\"https:\/\/schema.org\",\"@graph\":[{\"@type\":\"WebPage\",\"@id\":\"https:\/\/www.hasert-haut.de\/pl\/leistungen\/neurodermit\/\",\"url\":\"https:\/\/www.hasert-haut.de\/pl\/leistungen\/neurodermit\/\",\"name\":\"Neurodermit | dermatolog dr Hasert Berlin\",\"isPartOf\":{\"@id\":\"https:\/\/www.hasert-haut.de\/pl\/#website\"},\"primaryImageOfPage\":{\"@id\":\"https:\/\/www.hasert-haut.de\/pl\/leistungen\/neurodermit\/#primaryimage\"},\"image\":{\"@id\":\"https:\/\/www.hasert-haut.de\/pl\/leistungen\/neurodermit\/#primaryimage\"},\"thumbnailUrl\":\"https:\/\/www.hasert-haut.de\/wp-content\/uploads\/2016\/12\/Neurodermitis.jpg\",\"datePublished\":\"2022-10-11T12:18:22+00:00\",\"dateModified\":\"2022-12-27T09:41:28+00:00\",\"breadcrumb\":{\"@id\":\"https:\/\/www.hasert-haut.de\/pl\/leistungen\/neurodermit\/#breadcrumb\"},\"inLanguage\":\"pl-PL\",\"potentialAction\":[{\"@type\":\"ReadAction\",\"target\":[\"https:\/\/www.hasert-haut.de\/pl\/leistungen\/neurodermit\/\"]}]},{\"@type\":\"ImageObject\",\"inLanguage\":\"pl-PL\",\"@id\":\"https:\/\/www.hasert-haut.de\/pl\/leistungen\/neurodermit\/#primaryimage\",\"url\":\"https:\/\/www.hasert-haut.de\/wp-content\/uploads\/2016\/12\/Neurodermitis.jpg\",\"contentUrl\":\"https:\/\/www.hasert-haut.de\/wp-content\/uploads\/2016\/12\/Neurodermitis.jpg\",\"width\":900,\"height\":600,\"caption\":\"Neurodermitis | Hautarzt Dr. Hasert Berlin-Mitte |\"},{\"@type\":\"BreadcrumbList\",\"@id\":\"https:\/\/www.hasert-haut.de\/pl\/leistungen\/neurodermit\/#breadcrumb\",\"itemListElement\":[{\"@type\":\"ListItem\",\"position\":1,\"name\":\"Home\",\"item\":\"https:\/\/www.hasert-haut.de\/pl\/powitanie\/\"},{\"@type\":\"ListItem\",\"position\":2,\"name\":\"neurodermit\"}]},{\"@type\":\"WebSite\",\"@id\":\"https:\/\/www.hasert-haut.de\/pl\/#website\",\"url\":\"https:\/\/www.hasert-haut.de\/pl\/\",\"name\":\"Hautarzt Berlin - Praxisklinik Dr. Hasert\",\"description\":\"Hautarzt, Allgemeinmedizin\",\"potentialAction\":[{\"@type\":\"SearchAction\",\"target\":{\"@type\":\"EntryPoint\",\"urlTemplate\":\"https:\/\/www.hasert-haut.de\/pl\/?s={search_term_string}\"},\"query-input\":{\"@type\":\"PropertyValueSpecification\",\"valueRequired\":true,\"valueName\":\"search_term_string\"}}],\"inLanguage\":\"pl-PL\"}]}<\/script>\n<!-- \/ Yoast SEO plugin. -->","yoast_head_json":{"title":"Neurodermit | dermatolog dr Hasert Berlin","robots":{"index":"index","follow":"follow","max-snippet":"max-snippet:-1","max-image-preview":"max-image-preview:large","max-video-preview":"max-video-preview:-1"},"canonical":"https:\/\/www.hasert-haut.de\/pl\/leistungen\/neurodermit\/","og_locale":"pl_PL","og_type":"article","og_title":"Neurodermit | dermatolog dr Hasert Berlin","og_url":"https:\/\/www.hasert-haut.de\/pl\/leistungen\/neurodermit\/","og_site_name":"Hautarzt Berlin - Praxisklinik Dr. Hasert","article_modified_time":"2022-12-27T09:41:28+00:00","og_image":[{"width":900,"height":600,"url":"https:\/\/www.hasert-haut.de\/wp-content\/uploads\/2016\/12\/Neurodermitis.jpg","type":"image\/jpeg"}],"twitter_misc":{"Szacowany czas czytania":"4 minuty"},"schema":{"@context":"https:\/\/schema.org","@graph":[{"@type":"WebPage","@id":"https:\/\/www.hasert-haut.de\/pl\/leistungen\/neurodermit\/","url":"https:\/\/www.hasert-haut.de\/pl\/leistungen\/neurodermit\/","name":"Neurodermit | dermatolog dr Hasert Berlin","isPartOf":{"@id":"https:\/\/www.hasert-haut.de\/pl\/#website"},"primaryImageOfPage":{"@id":"https:\/\/www.hasert-haut.de\/pl\/leistungen\/neurodermit\/#primaryimage"},"image":{"@id":"https:\/\/www.hasert-haut.de\/pl\/leistungen\/neurodermit\/#primaryimage"},"thumbnailUrl":"https:\/\/www.hasert-haut.de\/wp-content\/uploads\/2016\/12\/Neurodermitis.jpg","datePublished":"2022-10-11T12:18:22+00:00","dateModified":"2022-12-27T09:41:28+00:00","breadcrumb":{"@id":"https:\/\/www.hasert-haut.de\/pl\/leistungen\/neurodermit\/#breadcrumb"},"inLanguage":"pl-PL","potentialAction":[{"@type":"ReadAction","target":["https:\/\/www.hasert-haut.de\/pl\/leistungen\/neurodermit\/"]}]},{"@type":"ImageObject","inLanguage":"pl-PL","@id":"https:\/\/www.hasert-haut.de\/pl\/leistungen\/neurodermit\/#primaryimage","url":"https:\/\/www.hasert-haut.de\/wp-content\/uploads\/2016\/12\/Neurodermitis.jpg","contentUrl":"https:\/\/www.hasert-haut.de\/wp-content\/uploads\/2016\/12\/Neurodermitis.jpg","width":900,"height":600,"caption":"Neurodermitis | Hautarzt Dr. Hasert Berlin-Mitte |"},{"@type":"BreadcrumbList","@id":"https:\/\/www.hasert-haut.de\/pl\/leistungen\/neurodermit\/#breadcrumb","itemListElement":[{"@type":"ListItem","position":1,"name":"Home","item":"https:\/\/www.hasert-haut.de\/pl\/powitanie\/"},{"@type":"ListItem","position":2,"name":"neurodermit"}]},{"@type":"WebSite","@id":"https:\/\/www.hasert-haut.de\/pl\/#website","url":"https:\/\/www.hasert-haut.de\/pl\/","name":"Hautarzt Berlin - Praxisklinik Dr. Hasert","description":"Hautarzt, Allgemeinmedizin","potentialAction":[{"@type":"SearchAction","target":{"@type":"EntryPoint","urlTemplate":"https:\/\/www.hasert-haut.de\/pl\/?s={search_term_string}"},"query-input":{"@type":"PropertyValueSpecification","valueRequired":true,"valueName":"search_term_string"}}],"inLanguage":"pl-PL"}]}},"_links":{"self":[{"href":"https:\/\/www.hasert-haut.de\/pl\/wp-json\/wp\/v2\/portfolio\/7077","targetHints":{"allow":["GET"]}}],"collection":[{"href":"https:\/\/www.hasert-haut.de\/pl\/wp-json\/wp\/v2\/portfolio"}],"about":[{"href":"https:\/\/www.hasert-haut.de\/pl\/wp-json\/wp\/v2\/types\/portfolio"}],"replies":[{"embeddable":true,"href":"https:\/\/www.hasert-haut.de\/pl\/wp-json\/wp\/v2\/comments?post=7077"}],"version-history":[{"count":14,"href":"https:\/\/www.hasert-haut.de\/pl\/wp-json\/wp\/v2\/portfolio\/7077\/revisions"}],"predecessor-version":[{"id":11437,"href":"https:\/\/www.hasert-haut.de\/pl\/wp-json\/wp\/v2\/portfolio\/7077\/revisions\/11437"}],"wp:featuredmedia":[{"embeddable":true,"href":"https:\/\/www.hasert-haut.de\/pl\/wp-json\/wp\/v2\/media\/4490"}],"wp:attachment":[{"href":"https:\/\/www.hasert-haut.de\/pl\/wp-json\/wp\/v2\/media?parent=7077"}],"wp:term":[{"taxonomy":"post_tag","embeddable":true,"href":"https:\/\/www.hasert-haut.de\/pl\/wp-json\/wp\/v2\/tags?post=7077"},{"taxonomy":"portfolio_entries","embeddable":true,"href":"https:\/\/www.hasert-haut.de\/pl\/wp-json\/wp\/v2\/portfolio_entries?post=7077"}],"curies":[{"name":"wp","href":"https:\/\/api.w.org\/{rel}","templated":true}]}}