{"id":6272,"date":"2016-11-10T09:10:53","date_gmt":"2016-11-10T09:10:53","guid":{"rendered":"https:\/\/www.hasert-haut.de\/aesthetische-dermatologie\/"},"modified":"2022-11-02T14:23:39","modified_gmt":"2022-11-02T14:23:39","slug":"dermatologie-estetica","status":"publish","type":"page","link":"https:\/\/www.hasert-haut.de\/ro\/dermatologie-estetica\/","title":{"rendered":"Dermatologie estetic\u0103"},"content":{"rendered":"\n<style type=\"text\/css\" data-created_by=\"avia_inline_auto\" id=\"style-css-av-l80b1hn9-ec4016f705bb7e471f5435996723305a\">\n.avia-section.av-l80b1hn9-ec4016f705bb7e471f5435996723305a{\nbackground-repeat:no-repeat;\nbackground-image:url(https:\/\/www.hasert-haut.de\/wp-content\/uploads\/2015\/01\/Allgemeinmedizin1.jpg);\nbackground-position:50% 100%;\nbackground-attachment:scroll;\n}\n<\/style>\n<div id='av_section_1'  class='avia-section av-l80b1hn9-ec4016f705bb7e471f5435996723305a main_color avia-section-default avia-no-border-styling  avia-builder-el-0  el_before_av_section  avia-builder-el-first  avia-full-stretch avia-bg-style-scroll av-minimum-height av-minimum-height-50 av-height-50  container_wrap fullsize'  data-section-bg-repeat='stretch' data-av_minimum_height_pc='50' data-av_min_height_opt='50'><div class='container av-section-cont-open' ><main  role=\"main\" itemprop=\"mainContentOfPage\"  class='template-page content  av-content-full alpha units'><div class='post-entry post-entry-type-page post-entry-6272'><div class='entry-content-wrapper clearfix'>\n<\/div><\/div><\/main><!-- close content main element --><\/div><\/div><div id='av_section_2'  class='avia-section av-1c52y-6705d96d726e34f30075afd1c9f98823 main_color avia-section-huge avia-no-border-styling  avia-builder-el-1  el_after_av_section  avia-builder-el-last  avia-bg-style-scroll container_wrap fullsize'  ><div class='container av-section-cont-open' ><div class='template-page content  av-content-full alpha units'><div class='post-entry post-entry-type-page post-entry-6272'><div class='entry-content-wrapper clearfix'>\n\n<style type=\"text\/css\" data-created_by=\"avia_inline_auto\" id=\"style-css-av-1zubm-cf8dd5eea0f9c55c19c0ef078ddbcf82\">\n#top .flex_column.av-1zubm-cf8dd5eea0f9c55c19c0ef078ddbcf82{\nmargin-top:-200px;\nmargin-bottom:-200px;\n}\n.flex_column.av-1zubm-cf8dd5eea0f9c55c19c0ef078ddbcf82{\nborder-radius:0px 0px 0px 0px;\npadding:30px 30px 30px 30px;\nbackground-color:#ffffff;\n}\n.responsive #top #wrap_all .flex_column.av-1zubm-cf8dd5eea0f9c55c19c0ef078ddbcf82{\nmargin-top:-200px;\nmargin-bottom:-200px;\n}\n<\/style>\n<div  class='flex_column av-1zubm-cf8dd5eea0f9c55c19c0ef078ddbcf82 av_one_full  avia-builder-el-2  el_before_av_hr  avia-builder-el-first  first flex_column_div  '     ><style type=\"text\/css\" data-created_by=\"avia_inline_auto\" id=\"style-css-av-l96u7653-b9b3007631c8fbc806ad4632b3a51017\">\n#top .av-special-heading.av-l96u7653-b9b3007631c8fbc806ad4632b3a51017{\nmargin:30px 0 0 0;\npadding-bottom:10px;\n}\nbody .av-special-heading.av-l96u7653-b9b3007631c8fbc806ad4632b3a51017 .av-special-heading-tag .heading-char{\nfont-size:25px;\n}\n.av-special-heading.av-l96u7653-b9b3007631c8fbc806ad4632b3a51017 .av-subheading{\nfont-size:15px;\n}\n<\/style>\n<div  class='av-special-heading av-l96u7653-b9b3007631c8fbc806ad4632b3a51017 av-special-heading-h1 blockquote modern-quote modern-centered  avia-builder-el-3  avia-builder-el-no-sibling '><h1 class='av-special-heading-tag'  itemprop=\"headline\"  >Dermatologie estetic\u0103<\/h1><div class=\"special-heading-border\"><div class=\"special-heading-inner-border\"><\/div><\/div><\/div><\/div>\n<style type=\"text\/css\" data-created_by=\"avia_inline_auto\" id=\"style-css-av-l96u2dxw-bef62529ba4e12912e5f4b47d6fefae0\">\n#top .hr.hr-invisible.av-l96u2dxw-bef62529ba4e12912e5f4b47d6fefae0{\nheight:50px;\n}\n<\/style>\n<div  class='hr av-l96u2dxw-bef62529ba4e12912e5f4b47d6fefae0 hr-invisible  avia-builder-el-4  el_after_av_one_full  el_before_av_portfolio  avia-builder-el-last '><span class='hr-inner '><span class=\"hr-inner-style\"><\/span><\/span><\/div>\n<div  id=\"av-sc-portfolio-1\"  class=' grid-sort-container isotope   no_margin-container with-excerpt-container grid-total-even grid-col-2 grid-links-' data-portfolio-id='1'><div data-ajax-id='7014' class=' grid-entry flex_column isotope-item all_sort no_margin post-entry post-entry-7014 grid-entry-overview grid-loop-1 grid-parity-odd  aesthetische-dermatologie-ro_sort  av_one_half first default_av_fullwidth '><article class='main_color inner-entry'  itemscope=\"itemscope\" itemtype=\"https:\/\/schema.org\/CreativeWork\" ><a href=\"https:\/\/www.hasert-haut.de\/ro\/leistungen\/criolipoliza\/\" title='criolipoliza'  data-rel='grid-1' class='grid-image avia-hover-fx'> <img decoding=\"async\" fetchpriority=\"high\" width=\"495\" height=\"400\" src=\"https:\/\/www.hasert-haut.de\/wp-content\/uploads\/2016\/06\/Kryolipolyse-495x400.jpg\" class=\"wp-image-6040 avia-img-lazy-loading-not-6040 attachment-portfolio size-portfolio wp-post-image\" alt=\"\" \/><\/a><div class='grid-content'><div class='avia-arrow'><\/div><header class=\"entry-content-header\"><h3 class='grid-entry-title entry-title '  itemprop=\"headline\" ><a href='https:\/\/www.hasert-haut.de\/ro\/leistungen\/criolipoliza\/' title='criolipoliza'>criolipoliza<\/a><\/h3><\/header><div class='grid-entry-excerpt entry-content'  itemprop=\"text\" >Criolipoliza este o procedur\u0103 nou\u0103, non-invaziv\u0103, care folose\u0219te frigul local pentru a reduce u\u0219or depozitele de gr\u0103sime.<\/div><\/div><footer class=\"entry-footer\"><\/footer><\/article><\/div><div data-ajax-id='7166' class=' grid-entry flex_column isotope-item all_sort no_margin post-entry post-entry-7166 grid-entry-overview grid-loop-2 grid-parity-even  aesthetische-dermatologie-ro_sort  av_one_half  default_av_fullwidth '><article class='main_color inner-entry'  itemscope=\"itemscope\" itemtype=\"https:\/\/schema.org\/CreativeWork\" ><a href=\"https:\/\/www.hasert-haut.de\/ro\/leistungen\/indepartarea-glandei-sudoripare-hiperhidroza\/\" title='\u00cendep\u0103rtarea glandei sudoripare (hiperhidroz\u0103)'  data-rel='grid-1' class='grid-image avia-hover-fx'> <img decoding=\"async\" fetchpriority=\"high\" width=\"495\" height=\"400\" src=\"https:\/\/www.hasert-haut.de\/wp-content\/uploads\/2016\/11\/Schweissdruesenentfernung-495x400.jpg\" class=\"wp-image-6034 avia-img-lazy-loading-not-6034 attachment-portfolio size-portfolio wp-post-image\" alt=\"\" \/><\/a><div class='grid-content'><div class='avia-arrow'><\/div><header class=\"entry-content-header\"><h3 class='grid-entry-title entry-title '  itemprop=\"headline\" ><a href='https:\/\/www.hasert-haut.de\/ro\/leistungen\/indepartarea-glandei-sudoripare-hiperhidroza\/' title='\u00cendep\u0103rtarea glandei sudoripare (hiperhidroz\u0103)'>\u00cendep\u0103rtarea glandei sudoripare (hiperhidroz\u0103)<\/a><\/h3><\/header><div class='grid-entry-excerpt entry-content'  itemprop=\"text\" >Multe persoane sufer\u0103 de transpira\u021bie excesiv\u0103, \u00een special la axile, dar \u0219i la m\u00e2ini \u0219i picioare. Transpira\u021bi chiar \u0219i f\u0103r\u0103 efort fizic \u0219i adesea se formeaz\u0103 r\u00e2uri \u00een regiunile afectate. \n<\/div><\/div><footer class=\"entry-footer\"><\/footer><\/article><\/div><div data-ajax-id='6915' class=' grid-entry flex_column isotope-item all_sort no_margin post-entry post-entry-6915 grid-entry-overview grid-loop-3 grid-parity-odd  aesthetische-dermatologie-ro_sort  av_one_half first default_av_fullwidth '><article class='main_color inner-entry'  itemscope=\"itemscope\" itemtype=\"https:\/\/schema.org\/CreativeWork\" ><a href=\"https:\/\/www.hasert-haut.de\/ro\/leistungen\/indepartarea-modificarilor-benigne-cutanate\/\" title='\u00cendep\u0103rtarea leziunilor benigne ale pielii'  data-rel='grid-1' class='grid-image avia-hover-fx'> <img decoding=\"async\" fetchpriority=\"high\" width=\"495\" height=\"400\" src=\"https:\/\/www.hasert-haut.de\/wp-content\/uploads\/2016\/11\/entfernung-von-gutartigen-hautver\u00e4nderungen-495x400.jpg\" class=\"wp-image-5992 avia-img-lazy-loading-not-5992 attachment-portfolio size-portfolio wp-post-image\" alt=\"\" \/><\/a><div class='grid-content'><div class='avia-arrow'><\/div><header class=\"entry-content-header\"><h3 class='grid-entry-title entry-title '  itemprop=\"headline\" ><a href='https:\/\/www.hasert-haut.de\/ro\/leistungen\/indepartarea-modificarilor-benigne-cutanate\/' title='\u00cendep\u0103rtarea leziunilor benigne ale pielii'>\u00cendep\u0103rtarea leziunilor benigne ale pielii<\/a><\/h3><\/header><div class='grid-entry-excerpt entry-content'  itemprop=\"text\" >Modific\u0103rile pielii, cum ar fi pete de v\u00e2rst\u0103, veruci de v\u00e2rst\u0103, fibroame, semne de na\u0219tere nepigmentate (care sunt, de asemenea, cu siguran\u021b\u0103 benigne la microscopia cu lumin\u0103 reflectat\u0103), depunerile galbene din jurul ochilor (xantelasma \u0219i siringom) \u0219i verucile sunt inofensive \u00een sine, dar mul\u021bi oameni le consider\u0103 enervante. .<\/div><\/div><footer class=\"entry-footer\"><\/footer><\/article><\/div><div data-ajax-id='7044' class=' grid-entry flex_column isotope-item all_sort no_margin post-entry post-entry-7044 grid-entry-overview grid-loop-4 grid-parity-even  aesthetische-dermatologie-ro_sort  av_one_half  default_av_fullwidth '><article class='main_color inner-entry'  itemscope=\"itemscope\" itemtype=\"https:\/\/schema.org\/CreativeWork\" ><a href=\"https:\/\/www.hasert-haut.de\/ro\/leistungen\/indepartarea-parului-cu-laser\/\" title='\u00cendep\u0103rtarea p\u0103rului cu laser'  data-rel='grid-1' class='grid-image avia-hover-fx'> <img decoding=\"async\" fetchpriority=\"high\" width=\"495\" height=\"400\" src=\"https:\/\/www.hasert-haut.de\/wp-content\/uploads\/2015\/01\/laser-haarentfernung-495x400.jpg\" class=\"wp-image-5710 avia-img-lazy-loading-not-5710 attachment-portfolio size-portfolio wp-post-image\" alt=\"\" \/><\/a><div class='grid-content'><div class='avia-arrow'><\/div><header class=\"entry-content-header\"><h3 class='grid-entry-title entry-title '  itemprop=\"headline\" ><a href='https:\/\/www.hasert-haut.de\/ro\/leistungen\/indepartarea-parului-cu-laser\/' title='\u00cendep\u0103rtarea p\u0103rului cu laser'>\u00cendep\u0103rtarea p\u0103rului cu laser<\/a><\/h3><\/header><div class='grid-entry-excerpt entry-content'  itemprop=\"text\" >parul este frumos Dar ce s\u0103 faci dac\u0103 cresc \u00een principal \u00een locuri gre\u0219ite? <\/div><\/div><footer class=\"entry-footer\"><\/footer><\/article><\/div><div data-ajax-id='6944' class=' grid-entry flex_column isotope-item all_sort no_margin post-entry post-entry-6944 grid-entry-overview grid-loop-5 grid-parity-odd  aesthetische-dermatologie-ro_sort  av_one_half first default_av_fullwidth '><article class='main_color inner-entry'  itemscope=\"itemscope\" itemtype=\"https:\/\/schema.org\/CreativeWork\" ><a href=\"https:\/\/www.hasert-haut.de\/ro\/leistungen\/indepartarea-tatuajelor\/\" title='\u00cendep\u0103rtarea tatuajelor'  data-rel='grid-1' class='grid-image avia-hover-fx'> <img decoding=\"async\" fetchpriority=\"high\" width=\"495\" height=\"400\" src=\"https:\/\/www.hasert-haut.de\/wp-content\/uploads\/2016\/11\/entfernung-von-tattoos-495x400.jpg\" class=\"wp-image-5994 avia-img-lazy-loading-not-5994 attachment-portfolio size-portfolio wp-post-image\" alt=\"\" \/><\/a><div class='grid-content'><div class='avia-arrow'><\/div><header class=\"entry-content-header\"><h3 class='grid-entry-title entry-title '  itemprop=\"headline\" ><a href='https:\/\/www.hasert-haut.de\/ro\/leistungen\/indepartarea-tatuajelor\/' title='\u00cendep\u0103rtarea tatuajelor'>\u00cendep\u0103rtarea tatuajelor<\/a><\/h3><\/header><div class='grid-entry-excerpt entry-content'  itemprop=\"text\" >Mai ales \u00een lumea \u00een ritm rapid de azi, \u00een care o tendin\u021b\u0103 de mod\u0103 o \u00eenlocuie\u0219te pe urm\u0103toarea, este adesea enervant c\u00e2nd \u00eenfrumuse\u021barea permanent\u0103 a pielii, precum tatuajele sau machiajul permanent nu mai este atractiv\u0103.<\/div><\/div><footer class=\"entry-footer\"><\/footer><\/article><\/div><div data-ajax-id='6897' class=' grid-entry flex_column isotope-item all_sort no_margin post-entry post-entry-6897 grid-entry-overview grid-loop-6 grid-parity-even  aesthetische-dermatologie-ro_sort  av_one_half  default_av_fullwidth '><article class='main_color inner-entry'  itemscope=\"itemscope\" itemtype=\"https:\/\/schema.org\/CreativeWork\" ><a href=\"https:\/\/www.hasert-haut.de\/ro\/leistungen\/indepartarea-vasodilatatiilor\/\" title='\u00cendep\u0103rtarea vasodilata\u021biilor'  data-rel='grid-1' class='grid-image avia-hover-fx'> <img decoding=\"async\" fetchpriority=\"high\" width=\"495\" height=\"400\" src=\"https:\/\/www.hasert-haut.de\/wp-content\/uploads\/2015\/01\/Entfernung-von-Gef\u00e4\u00dferweiterungen4-495x400.jpg\" class=\"wp-image-5844 avia-img-lazy-loading-not-5844 attachment-portfolio size-portfolio wp-post-image\" alt=\"\" \/><\/a><div class='grid-content'><div class='avia-arrow'><\/div><header class=\"entry-content-header\"><h3 class='grid-entry-title entry-title '  itemprop=\"headline\" ><a href='https:\/\/www.hasert-haut.de\/ro\/leistungen\/indepartarea-vasodilatatiilor\/' title='\u00cendep\u0103rtarea vasodilata\u021biilor'>\u00cendep\u0103rtarea vasodilata\u021biilor<\/a><\/h3><\/header><div class='grid-entry-excerpt entry-content'  itemprop=\"text\" >Adesea, la o v\u00e2rst\u0103 fraged\u0103, cu o predispozi\u021bie corespunz\u0103toare, apar dilata\u021bii ale celor mai mici vase de s\u00e2nge din picioare, care sunt denumite vene de p\u0103ianjen \u0219i sunt adesea considerate a fi foarte enervante.\n<\/div><\/div><footer class=\"entry-footer\"><\/footer><\/article><\/div><div data-ajax-id='6963' class=' grid-entry flex_column isotope-item all_sort no_margin post-entry post-entry-6963 grid-entry-overview grid-loop-7 grid-parity-odd  aesthetische-dermatologie-ro_sort  av_one_half first default_av_fullwidth '><article class='main_color inner-entry'  itemscope=\"itemscope\" itemtype=\"https:\/\/schema.org\/CreativeWork\" ><a href=\"https:\/\/www.hasert-haut.de\/ro\/leistungen\/liposuctie\/\" title='Liposuctie'  data-rel='grid-1' class='grid-image avia-hover-fx'> <img decoding=\"async\" fetchpriority=\"high\" width=\"495\" height=\"400\" src=\"https:\/\/www.hasert-haut.de\/wp-content\/uploads\/2016\/11\/Fettabsaugung-495x400.jpg\" class=\"wp-image-6032 avia-img-lazy-loading-not-6032 attachment-portfolio size-portfolio wp-post-image\" alt=\"\" \/><\/a><div class='grid-content'><div class='avia-arrow'><\/div><header class=\"entry-content-header\"><h3 class='grid-entry-title entry-title '  itemprop=\"headline\" ><a href='https:\/\/www.hasert-haut.de\/ro\/leistungen\/liposuctie\/' title='Liposuctie'>Liposuctie<\/a><\/h3><\/header><div class='grid-entry-excerpt entry-content'  itemprop=\"text\" >Corpul sub\u021bire, bine propor\u021bionat a fost simbolul frumuse\u021bii din cele mai vechi timpuri. Din p\u0103cate, chiar \u0219i la persoanele foarte slabe, distribu\u021bia gr\u0103simii corporale nu este adesea echilibrat\u0103. <\/div><\/div><footer class=\"entry-footer\"><\/footer><\/article><\/div><div data-ajax-id='7057' class=' grid-entry flex_column isotope-item all_sort no_margin post-entry post-entry-7057 grid-entry-overview grid-loop-8 grid-parity-even  aesthetische-dermatologie-ro_sort  av_one_half  default_av_fullwidth '><article class='main_color inner-entry'  itemscope=\"itemscope\" itemtype=\"https:\/\/schema.org\/CreativeWork\" ><a href=\"https:\/\/www.hasert-haut.de\/ro\/leistungen\/marirea-buzelor\/\" title='marirea buzelor'  data-rel='grid-1' class='grid-image avia-hover-fx'> <img decoding=\"async\" fetchpriority=\"high\" width=\"495\" height=\"400\" src=\"https:\/\/www.hasert-haut.de\/wp-content\/uploads\/2015\/01\/Lippenaugmentation-495x400.jpg\" class=\"wp-image-6028 avia-img-lazy-loading-not-6028 attachment-portfolio size-portfolio wp-post-image\" alt=\"\" \/><\/a><div class='grid-content'><div class='avia-arrow'><\/div><header class=\"entry-content-header\"><h3 class='grid-entry-title entry-title '  itemprop=\"headline\" ><a href='https:\/\/www.hasert-haut.de\/ro\/leistungen\/marirea-buzelor\/' title='marirea buzelor'>marirea buzelor<\/a><\/h3><\/header><div class='grid-entry-excerpt entry-content'  itemprop=\"text\" >Prin injectarea buzelor (m\u0103rirea buzelor) da\u021bi fe\u021bei o expresie cu totul nou\u0103 \u0219i netezi\u021bi ridurile mici din jurul gurii.<\/div><\/div><footer class=\"entry-footer\"><\/footer><\/article><\/div><div data-ajax-id='6867' class=' grid-entry flex_column isotope-item all_sort no_margin post-entry post-entry-6867 grid-entry-overview grid-loop-9 grid-parity-odd  aesthetische-dermatologie-ro_sort  av_one_half first default_av_fullwidth '><article class='main_color inner-entry'  itemscope=\"itemscope\" itemtype=\"https:\/\/schema.org\/CreativeWork\" ><a href=\"https:\/\/www.hasert-haut.de\/ro\/leistungen\/peeling-chimic\/\" title='Peeling chimic'  data-rel='grid-1' class='grid-image avia-hover-fx'> <img decoding=\"async\" fetchpriority=\"high\" width=\"495\" height=\"400\" src=\"https:\/\/www.hasert-haut.de\/wp-content\/uploads\/2016\/12\/basaliom-495x400.jpg\" class=\"wp-image-5976 avia-img-lazy-loading-not-5976 attachment-portfolio size-portfolio wp-post-image\" alt=\"\" \/><\/a><div class='grid-content'><div class='avia-arrow'><\/div><header class=\"entry-content-header\"><h3 class='grid-entry-title entry-title '  itemprop=\"headline\" ><a href='https:\/\/www.hasert-haut.de\/ro\/leistungen\/peeling-chimic\/' title='Peeling chimic'>Peeling chimic<\/a><\/h3><\/header><div class='grid-entry-excerpt entry-content'  itemprop=\"text\" >Pentru a \u00eendep\u0103rta cicatricile de acnee de pe fa\u021b\u0103, se poate folosi un peeling chimic pentru a \u00eembun\u0103t\u0103\u021bi structura pielii \u00een forme mai bl\u00e2nde.<\/div><\/div><footer class=\"entry-footer\"><\/footer><\/article><\/div><div data-ajax-id='7108' class=' grid-entry flex_column isotope-item all_sort no_margin post-entry post-entry-7108 grid-entry-overview grid-loop-10 grid-parity-even  aesthetische-dermatologie-ro_sort  av_one_half  default_av_fullwidth '><article class='main_color inner-entry'  itemscope=\"itemscope\" itemtype=\"https:\/\/schema.org\/CreativeWork\" ><a href=\"https:\/\/www.hasert-haut.de\/ro\/leistungen\/prp-terapie-autologa\/\" title='PRP terapie autolog\u0103'  data-rel='grid-1' class='grid-image avia-hover-fx'> <img decoding=\"async\" fetchpriority=\"high\" width=\"495\" height=\"400\" src=\"https:\/\/www.hasert-haut.de\/wp-content\/uploads\/2016\/12\/basaliom-495x400.jpg\" class=\"wp-image-5976 avia-img-lazy-loading-not-5976 attachment-portfolio size-portfolio wp-post-image\" alt=\"\" \/><\/a><div class='grid-content'><div class='avia-arrow'><\/div><header class=\"entry-content-header\"><h3 class='grid-entry-title entry-title '  itemprop=\"headline\" ><a href='https:\/\/www.hasert-haut.de\/ro\/leistungen\/prp-terapie-autologa\/' title='PRP terapie autolog\u0103'>PRP terapie autolog\u0103<\/a><\/h3><\/header><div class='grid-entry-excerpt entry-content'  itemprop=\"text\" >Procedura modern\u0103 este o alt\u0103 alternativ\u0103 la interven\u021biile chirurgicale de str\u00e2ngere \u0219i re\u00eennoire a pielii. F\u0103r\u0103 incizii ale pielii \u0219i reabilitare \u00eendelungat\u0103, un rezultat excelent este ob\u021binut \u00eentr-un timp foarte scurt.\n<\/div><\/div><footer class=\"entry-footer\"><\/footer><\/article><\/div><div data-ajax-id='7092' class=' grid-entry flex_column isotope-item all_sort no_margin post-entry post-entry-7092 grid-entry-overview grid-loop-11 grid-parity-odd  aesthetische-dermatologie-ro_sort  av_one_half first default_av_fullwidth '><article class='main_color inner-entry'  itemscope=\"itemscope\" itemtype=\"https:\/\/schema.org\/CreativeWork\" ><a href=\"https:\/\/www.hasert-haut.de\/ro\/leistungen\/refacerea-pielii-cu-laser\/\" title='Refacerea pielii cu laser'  data-rel='grid-1' class='grid-image avia-hover-fx'> <img decoding=\"async\" fetchpriority=\"high\" width=\"495\" height=\"400\" src=\"https:\/\/www.hasert-haut.de\/wp-content\/uploads\/2015\/01\/laser-skin-resurfacing-495x400.jpg\" class=\"wp-image-5708 avia-img-lazy-loading-not-5708 attachment-portfolio size-portfolio wp-post-image\" alt=\"\" \/><\/a><div class='grid-content'><div class='avia-arrow'><\/div><header class=\"entry-content-header\"><h3 class='grid-entry-title entry-title '  itemprop=\"headline\" ><a href='https:\/\/www.hasert-haut.de\/ro\/leistungen\/refacerea-pielii-cu-laser\/' title='Refacerea pielii cu laser'>Refacerea pielii cu laser<\/a><\/h3><\/header><div class='grid-entry-excerpt entry-content'  itemprop=\"text\" >O terapie foarte eficient\u0103, \u00een special pentru cicatricile de acnee mai profunde de pe fa\u021b\u0103, este terapia cu laser, a\u0219a-numita refacere a pielii. Avem la dispozi\u021bie lasere Erbium Yag \u0219i lasere CO2. \n<\/div><\/div><footer class=\"entry-footer\"><\/footer><\/article><\/div><div data-ajax-id='6933' class=' grid-entry flex_column isotope-item all_sort no_margin post-entry post-entry-6933 grid-entry-overview grid-loop-12 grid-parity-even  aesthetische-dermatologie-ro_sort  av_one_half  default_av_fullwidth '><article class='main_color inner-entry'  itemscope=\"itemscope\" itemtype=\"https:\/\/schema.org\/CreativeWork\" ><a href=\"https:\/\/www.hasert-haut.de\/ro\/leistungen\/ridicarea-firului\/\" title='ridicarea firului'  data-rel='grid-1' class='grid-image avia-hover-fx'> <img decoding=\"async\" fetchpriority=\"high\" width=\"495\" height=\"400\" src=\"https:\/\/www.hasert-haut.de\/wp-content\/uploads\/2017\/05\/Light-Lift-Linea-Method-495x400.jpg\" class=\"wp-image-6050 avia-img-lazy-loading-not-6050 attachment-portfolio size-portfolio wp-post-image\" alt=\"Light-Lift-Nano-Excellence-new | Hautarzt Dr. Hasert Berlin-Mitte\" \/><\/a><div class='grid-content'><div class='avia-arrow'><\/div><header class=\"entry-content-header\"><h3 class='grid-entry-title entry-title '  itemprop=\"headline\" ><a href='https:\/\/www.hasert-haut.de\/ro\/leistungen\/ridicarea-firului\/' title='ridicarea firului'>ridicarea firului<\/a><\/h3><\/header><div class='grid-entry-excerpt entry-content'  itemprop=\"text\" >Ridicatorul de filet APTOS este folosit pentru prevenirea \u0219i eliminarea modern\u0103 \u0219i bl\u00e2nd\u0103 a ridurilor.<\/div><\/div><footer class=\"entry-footer\"><\/footer><\/article><\/div><div data-ajax-id='6995' class=' grid-entry flex_column isotope-item all_sort no_margin post-entry post-entry-6995 grid-entry-overview grid-loop-13 grid-parity-odd  aesthetische-dermatologie-ro_sort  av_one_half first default_av_fullwidth '><article class='main_color inner-entry'  itemscope=\"itemscope\" itemtype=\"https:\/\/schema.org\/CreativeWork\" ><a href=\"https:\/\/www.hasert-haut.de\/ro\/leistungen\/seringa-fat-away\/\" title='sering\u0103 de gr\u0103sime'  data-rel='grid-1' class='grid-image avia-hover-fx'> <img decoding=\"async\" fetchpriority=\"high\" width=\"495\" height=\"400\" src=\"https:\/\/www.hasert-haut.de\/wp-content\/uploads\/2016\/12\/basaliom-495x400.jpg\" class=\"wp-image-5976 avia-img-lazy-loading-not-5976 attachment-portfolio size-portfolio wp-post-image\" alt=\"\" \/><\/a><div class='grid-content'><div class='avia-arrow'><\/div><header class=\"entry-content-header\"><h3 class='grid-entry-title entry-title '  itemprop=\"headline\" ><a href='https:\/\/www.hasert-haut.de\/ro\/leistungen\/seringa-fat-away\/' title='sering\u0103 de gr\u0103sime'>sering\u0103 de gr\u0103sime<\/a><\/h3><\/header><div class='grid-entry-excerpt entry-content'  itemprop=\"text\" >Injec\u021bie cu gr\u0103simi - tratarea depozitelor de gr\u0103sime \u00een zona fe\u021bei \u0219i a g\u00e2tului, de ex. B. B\u0103rbie dubl\u0103, \u201eobraji ag\u0103\u021ba\u021bi\u201d \u0219i pungi sub ochi.<\/div><\/div><footer class=\"entry-footer\"><\/footer><\/article><\/div><div data-ajax-id='7003' class=' grid-entry flex_column isotope-item all_sort no_margin post-entry post-entry-7003 grid-entry-overview grid-loop-14 grid-parity-even  aesthetische-dermatologie-ro_sort  av_one_half  default_av_fullwidth '><article class='main_color inner-entry'  itemscope=\"itemscope\" itemtype=\"https:\/\/schema.org\/CreativeWork\" ><a href=\"https:\/\/www.hasert-haut.de\/ro\/leistungen\/terapie-cu-laser-fraxel\/\" title='Terapia cu laser Fraxel'  data-rel='grid-1' class='grid-image avia-hover-fx'> <img decoding=\"async\" fetchpriority=\"high\" width=\"495\" height=\"400\" src=\"https:\/\/www.hasert-haut.de\/wp-content\/uploads\/2015\/01\/Fraxel-Lasertherapie-1-495x400.jpg\" class=\"wp-image-5802 avia-img-lazy-loading-not-5802 attachment-portfolio size-portfolio wp-post-image\" alt=\"\" \/><\/a><div class='grid-content'><div class='avia-arrow'><\/div><header class=\"entry-content-header\"><h3 class='grid-entry-title entry-title '  itemprop=\"headline\" ><a href='https:\/\/www.hasert-haut.de\/ro\/leistungen\/terapie-cu-laser-fraxel\/' title='Terapia cu laser Fraxel'>Terapia cu laser Fraxel<\/a><\/h3><\/header><div class='grid-entry-excerpt entry-content'  itemprop=\"text\" >Cu acest tip de tratament cu laser, cei mai mici cilindri de \u021besut ai pielii sunt \u00eendep\u0103rta\u021bi cu o acurate\u021be maxim\u0103 (\u201ezonele de tratament microscopic\u201d) folosind o crem\u0103 anestezic\u0103 folosind mii de fascicule micro-laser.<\/div><\/div><footer class=\"entry-footer\"><\/footer><\/article><\/div><div data-ajax-id='7139' class=' grid-entry flex_column isotope-item all_sort no_margin post-entry post-entry-7139 grid-entry-overview grid-loop-15 grid-parity-odd  aesthetische-dermatologie-ro_sort  av_one_half first default_av_fullwidth '><article class='main_color inner-entry'  itemscope=\"itemscope\" itemtype=\"https:\/\/schema.org\/CreativeWork\" ><a href=\"https:\/\/www.hasert-haut.de\/ro\/leistungen\/tratamentul-pleoapelor-cazute\/\" title='tratamentul pleoapelor c\u0103zute'  data-rel='grid-1' class='grid-image avia-hover-fx'> <img decoding=\"async\" fetchpriority=\"high\" width=\"495\" height=\"400\" src=\"https:\/\/www.hasert-haut.de\/wp-content\/uploads\/2016\/11\/schlupflidbehandlung-495x400.jpg\" class=\"wp-image-5998 avia-img-lazy-loading-not-5998 attachment-portfolio size-portfolio wp-post-image\" alt=\"\" \/><\/a><div class='grid-content'><div class='avia-arrow'><\/div><header class=\"entry-content-header\"><h3 class='grid-entry-title entry-title '  itemprop=\"headline\" ><a href='https:\/\/www.hasert-haut.de\/ro\/leistungen\/tratamentul-pleoapelor-cazute\/' title='tratamentul pleoapelor c\u0103zute'>tratamentul pleoapelor c\u0103zute<\/a><\/h3><\/header><div class='grid-entry-excerpt entry-content'  itemprop=\"text\" >Oamenii au acordat \u00eentotdeauna o importan\u021b\u0103 deosebit\u0103 ochilor. Ele nu sunt doar punctele de semnal de pe fa\u021b\u0103, ci sunt considerate \u0219i o \u201eoglind\u0103 a sufletului\u201d care dezv\u0103luie totul despre o persoan\u0103 \u0219i starea sa de spirit. \n<\/div><\/div><footer class=\"entry-footer\"><\/footer><\/article><\/div><div data-ajax-id='6987' class=' grid-entry flex_column isotope-item all_sort no_margin post-entry post-entry-6987 grid-entry-overview grid-loop-16 grid-parity-even  post-entry-last  aesthetische-dermatologie-ro_sort  av_one_half  default_av_fullwidth '><article class='main_color inner-entry'  itemscope=\"itemscope\" itemtype=\"https:\/\/schema.org\/CreativeWork\" ><a href=\"https:\/\/www.hasert-haut.de\/ro\/leistungen\/tratamentul-ridurilor\/\" title='tratamentul ridurilor'  data-rel='grid-1' class='grid-image avia-hover-fx'> <img decoding=\"async\" fetchpriority=\"high\" width=\"495\" height=\"400\" src=\"https:\/\/www.hasert-haut.de\/wp-content\/uploads\/2015\/01\/Faltenbehandlung3-495x400.jpg\" class=\"wp-image-5874 avia-img-lazy-loading-not-5874 attachment-portfolio size-portfolio wp-post-image\" alt=\"\" \/><\/a><div class='grid-content'><div class='avia-arrow'><\/div><header class=\"entry-content-header\"><h3 class='grid-entry-title entry-title '  itemprop=\"headline\" ><a href='https:\/\/www.hasert-haut.de\/ro\/leistungen\/tratamentul-ridurilor\/' title='tratamentul ridurilor'>tratamentul ridurilor<\/a><\/h3><\/header><div class='grid-entry-excerpt entry-content'  itemprop=\"text\" >Pielea fe\u021bei, \u00een special, \u00ee\u0219i pierde elasticitatea odat\u0103 cu \u00eenaintarea \u00een v\u00e2rst\u0103. De la v\u00e2rsta de 20 de ani \u00eencepe procesul de \u00eemb\u0103tr\u00e2nire treptat\u0103 a pielii.<\/div><\/div><footer class=\"entry-footer\"><\/footer><\/article><\/div><\/div>\n\n","protected":false},"excerpt":{"rendered":"","protected":false},"author":1,"featured_media":6034,"parent":0,"menu_order":0,"comment_status":"closed","ping_status":"closed","template":"","meta":{"footnotes":""},"class_list":["post-6272","page","type-page","status-publish","has-post-thumbnail","hentry"],"yoast_head":"<!-- This site is optimized with the Yoast SEO plugin v25.3.1 - https:\/\/yoast.com\/wordpress\/plugins\/seo\/ -->\n<title>Dermatologie estetic\u0103 - Hautarzt Berlin - Praxisklinik Dr. Hasert<\/title>\n<meta name=\"robots\" content=\"index, follow, max-snippet:-1, max-image-preview:large, max-video-preview:-1\" \/>\n<link rel=\"canonical\" href=\"https:\/\/www.hasert-haut.de\/ro\/dermatologie-estetica\/\" \/>\n<meta property=\"og:locale\" content=\"ro_RO\" \/>\n<meta property=\"og:type\" content=\"article\" \/>\n<meta property=\"og:title\" content=\"Dermatologie estetic\u0103 - Hautarzt Berlin - Praxisklinik Dr. Hasert\" \/>\n<meta property=\"og:url\" content=\"https:\/\/www.hasert-haut.de\/ro\/dermatologie-estetica\/\" \/>\n<meta property=\"og:site_name\" content=\"Hautarzt Berlin - Praxisklinik Dr. Hasert\" \/>\n<meta property=\"article:modified_time\" content=\"2022-11-02T14:23:39+00:00\" \/>\n<meta name=\"twitter:label1\" content=\"Timp estimat pentru citire\" \/>\n\t<meta name=\"twitter:data1\" content=\"3 minute\" \/>\n<script type=\"application\/ld+json\" class=\"yoast-schema-graph\">{\"@context\":\"https:\/\/schema.org\",\"@graph\":[{\"@type\":\"WebPage\",\"@id\":\"https:\/\/www.hasert-haut.de\/ro\/dermatologie-estetica\/\",\"url\":\"https:\/\/www.hasert-haut.de\/ro\/dermatologie-estetica\/\",\"name\":\"Dermatologie estetic\u0103 - Hautarzt Berlin - Praxisklinik Dr. Hasert\",\"isPartOf\":{\"@id\":\"https:\/\/www.hasert-haut.de\/ro\/#website\"},\"primaryImageOfPage\":{\"@id\":\"https:\/\/www.hasert-haut.de\/ro\/dermatologie-estetica\/#primaryimage\"},\"image\":{\"@id\":\"https:\/\/www.hasert-haut.de\/ro\/dermatologie-estetica\/#primaryimage\"},\"thumbnailUrl\":\"https:\/\/www.hasert-haut.de\/wp-content\/uploads\/2016\/11\/Schweissdruesenentfernung.jpg\",\"datePublished\":\"2016-11-10T09:10:53+00:00\",\"dateModified\":\"2022-11-02T14:23:39+00:00\",\"breadcrumb\":{\"@id\":\"https:\/\/www.hasert-haut.de\/ro\/dermatologie-estetica\/#breadcrumb\"},\"inLanguage\":\"ro-RO\",\"potentialAction\":[{\"@type\":\"ReadAction\",\"target\":[\"https:\/\/www.hasert-haut.de\/ro\/dermatologie-estetica\/\"]}]},{\"@type\":\"ImageObject\",\"inLanguage\":\"ro-RO\",\"@id\":\"https:\/\/www.hasert-haut.de\/ro\/dermatologie-estetica\/#primaryimage\",\"url\":\"https:\/\/www.hasert-haut.de\/wp-content\/uploads\/2016\/11\/Schweissdruesenentfernung.jpg\",\"contentUrl\":\"https:\/\/www.hasert-haut.de\/wp-content\/uploads\/2016\/11\/Schweissdruesenentfernung.jpg\",\"width\":900,\"height\":600,\"caption\":\"Auch \u00e4sthetische Behandlungen wie Lasertherapie bietet der Hautarzt in seiner Praxisklinik in Berlin an.\"},{\"@type\":\"BreadcrumbList\",\"@id\":\"https:\/\/www.hasert-haut.de\/ro\/dermatologie-estetica\/#breadcrumb\",\"itemListElement\":[{\"@type\":\"ListItem\",\"position\":1,\"name\":\"Home\",\"item\":\"https:\/\/www.hasert-haut.de\/ro\/bine-ati-venit\/\"},{\"@type\":\"ListItem\",\"position\":2,\"name\":\"Dermatologie estetic\u0103\"}]},{\"@type\":\"WebSite\",\"@id\":\"https:\/\/www.hasert-haut.de\/ro\/#website\",\"url\":\"https:\/\/www.hasert-haut.de\/ro\/\",\"name\":\"Hautarzt Berlin - Praxisklinik Dr. Hasert\",\"description\":\"Hautarzt, Allgemeinmedizin\",\"potentialAction\":[{\"@type\":\"SearchAction\",\"target\":{\"@type\":\"EntryPoint\",\"urlTemplate\":\"https:\/\/www.hasert-haut.de\/ro\/?s={search_term_string}\"},\"query-input\":{\"@type\":\"PropertyValueSpecification\",\"valueRequired\":true,\"valueName\":\"search_term_string\"}}],\"inLanguage\":\"ro-RO\"}]}<\/script>\n<!-- \/ Yoast SEO plugin. -->","yoast_head_json":{"title":"Dermatologie estetic\u0103 - Hautarzt Berlin - Praxisklinik Dr. Hasert","robots":{"index":"index","follow":"follow","max-snippet":"max-snippet:-1","max-image-preview":"max-image-preview:large","max-video-preview":"max-video-preview:-1"},"canonical":"https:\/\/www.hasert-haut.de\/ro\/dermatologie-estetica\/","og_locale":"ro_RO","og_type":"article","og_title":"Dermatologie estetic\u0103 - Hautarzt Berlin - Praxisklinik Dr. Hasert","og_url":"https:\/\/www.hasert-haut.de\/ro\/dermatologie-estetica\/","og_site_name":"Hautarzt Berlin - Praxisklinik Dr. Hasert","article_modified_time":"2022-11-02T14:23:39+00:00","twitter_misc":{"Timp estimat pentru citire":"3 minute"},"schema":{"@context":"https:\/\/schema.org","@graph":[{"@type":"WebPage","@id":"https:\/\/www.hasert-haut.de\/ro\/dermatologie-estetica\/","url":"https:\/\/www.hasert-haut.de\/ro\/dermatologie-estetica\/","name":"Dermatologie estetic\u0103 - Hautarzt Berlin - Praxisklinik Dr. Hasert","isPartOf":{"@id":"https:\/\/www.hasert-haut.de\/ro\/#website"},"primaryImageOfPage":{"@id":"https:\/\/www.hasert-haut.de\/ro\/dermatologie-estetica\/#primaryimage"},"image":{"@id":"https:\/\/www.hasert-haut.de\/ro\/dermatologie-estetica\/#primaryimage"},"thumbnailUrl":"https:\/\/www.hasert-haut.de\/wp-content\/uploads\/2016\/11\/Schweissdruesenentfernung.jpg","datePublished":"2016-11-10T09:10:53+00:00","dateModified":"2022-11-02T14:23:39+00:00","breadcrumb":{"@id":"https:\/\/www.hasert-haut.de\/ro\/dermatologie-estetica\/#breadcrumb"},"inLanguage":"ro-RO","potentialAction":[{"@type":"ReadAction","target":["https:\/\/www.hasert-haut.de\/ro\/dermatologie-estetica\/"]}]},{"@type":"ImageObject","inLanguage":"ro-RO","@id":"https:\/\/www.hasert-haut.de\/ro\/dermatologie-estetica\/#primaryimage","url":"https:\/\/www.hasert-haut.de\/wp-content\/uploads\/2016\/11\/Schweissdruesenentfernung.jpg","contentUrl":"https:\/\/www.hasert-haut.de\/wp-content\/uploads\/2016\/11\/Schweissdruesenentfernung.jpg","width":900,"height":600,"caption":"Auch \u00e4sthetische Behandlungen wie Lasertherapie bietet der Hautarzt in seiner Praxisklinik in Berlin an."},{"@type":"BreadcrumbList","@id":"https:\/\/www.hasert-haut.de\/ro\/dermatologie-estetica\/#breadcrumb","itemListElement":[{"@type":"ListItem","position":1,"name":"Home","item":"https:\/\/www.hasert-haut.de\/ro\/bine-ati-venit\/"},{"@type":"ListItem","position":2,"name":"Dermatologie estetic\u0103"}]},{"@type":"WebSite","@id":"https:\/\/www.hasert-haut.de\/ro\/#website","url":"https:\/\/www.hasert-haut.de\/ro\/","name":"Hautarzt Berlin - Praxisklinik Dr. Hasert","description":"Hautarzt, Allgemeinmedizin","potentialAction":[{"@type":"SearchAction","target":{"@type":"EntryPoint","urlTemplate":"https:\/\/www.hasert-haut.de\/ro\/?s={search_term_string}"},"query-input":{"@type":"PropertyValueSpecification","valueRequired":true,"valueName":"search_term_string"}}],"inLanguage":"ro-RO"}]}},"_links":{"self":[{"href":"https:\/\/www.hasert-haut.de\/ro\/wp-json\/wp\/v2\/pages\/6272","targetHints":{"allow":["GET"]}}],"collection":[{"href":"https:\/\/www.hasert-haut.de\/ro\/wp-json\/wp\/v2\/pages"}],"about":[{"href":"https:\/\/www.hasert-haut.de\/ro\/wp-json\/wp\/v2\/types\/page"}],"author":[{"embeddable":true,"href":"https:\/\/www.hasert-haut.de\/ro\/wp-json\/wp\/v2\/users\/1"}],"replies":[{"embeddable":true,"href":"https:\/\/www.hasert-haut.de\/ro\/wp-json\/wp\/v2\/comments?post=6272"}],"version-history":[{"count":12,"href":"https:\/\/www.hasert-haut.de\/ro\/wp-json\/wp\/v2\/pages\/6272\/revisions"}],"predecessor-version":[{"id":9745,"href":"https:\/\/www.hasert-haut.de\/ro\/wp-json\/wp\/v2\/pages\/6272\/revisions\/9745"}],"wp:featuredmedia":[{"embeddable":true,"href":"https:\/\/www.hasert-haut.de\/ro\/wp-json\/wp\/v2\/media\/6034"}],"wp:attachment":[{"href":"https:\/\/www.hasert-haut.de\/ro\/wp-json\/wp\/v2\/media?parent=6272"}],"curies":[{"name":"wp","href":"https:\/\/api.w.org\/{rel}","templated":true}]}}