{"id":6311,"date":"2018-05-23T12:23:46","date_gmt":"2018-05-23T12:23:46","guid":{"rendered":"https:\/\/www.hasert-haut.de\/datenschutzerklaerung\/"},"modified":"2022-11-02T14:23:39","modified_gmt":"2022-11-02T14:23:39","slug":"protejarea-datelor","status":"publish","type":"page","link":"https:\/\/www.hasert-haut.de\/ro\/protejarea-datelor\/","title":{"rendered":"Protejarea datelor"},"content":{"rendered":"\n<style type=\"text\/css\" data-created_by=\"avia_inline_auto\" id=\"style-css-av-2diie8-d33e0f3c0d7065c71b8d5c91255aeb96\">\n#top .av-special-heading.av-2diie8-d33e0f3c0d7065c71b8d5c91255aeb96{\npadding-bottom:10px;\n}\nbody .av-special-heading.av-2diie8-d33e0f3c0d7065c71b8d5c91255aeb96 .av-special-heading-tag .heading-char{\nfont-size:25px;\n}\n.av-special-heading.av-2diie8-d33e0f3c0d7065c71b8d5c91255aeb96 .av-subheading{\nfont-size:15px;\n}\n<\/style>\n<div  class='av-special-heading av-2diie8-d33e0f3c0d7065c71b8d5c91255aeb96 av-special-heading-h1 blockquote modern-quote  avia-builder-el-0  el_before_av_hr  avia-builder-el-first '><h1 class='av-special-heading-tag'  itemprop=\"headline\"  >Protejarea datelor<\/h1><div class=\"special-heading-border\"><div class=\"special-heading-inner-border\"><\/div><\/div><\/div>\n\n<style type=\"text\/css\" data-created_by=\"avia_inline_auto\" id=\"style-css-av-ji05z4s8-d3aa96f60bd20e804fc3a2ea6eb8fb4d\">\n#top .hr.hr-invisible.av-ji05z4s8-d3aa96f60bd20e804fc3a2ea6eb8fb4d{\nheight:50px;\n}\n<\/style>\n<div  class='hr av-ji05z4s8-d3aa96f60bd20e804fc3a2ea6eb8fb4d hr-invisible  avia-builder-el-1  el_after_av_heading  el_before_av_textblock '><span class='hr-inner '><span class=\"hr-inner-style\"><\/span><\/span><\/div>\n<section  class='av_textblock_section av-ji060f6c-e893da83b2184ec229f5cc8fbc749b2a '   itemscope=\"itemscope\" itemtype=\"https:\/\/schema.org\/CreativeWork\" ><div class='avia_textblock'  itemprop=\"text\" ><p>Organismul responsabil \u00een sensul legilor privind protec\u021bia datelor, \u00een special Regulamentul general al UE privind protec\u021bia datelor (GDPR), este:<\/p>\n<p>Nume cabinet: Praxisklinik Dr. Hasert<br \/>\nNumele directorului cabinetului: Dr. Raoul Hasert<br \/>\nAdresa cabinetului: Friedrichstra\u00dfe 113a, 10117 Berlin<br \/>\nTelefon: 030\/2817230<br \/>\nE-mail: info@hasert-haut.de<\/p>\n<\/div><\/section>\n\n<style type=\"text\/css\" data-created_by=\"avia_inline_auto\" id=\"style-css-av-ji060rlk-aaf86b7ecba4741b8d59adea3d3aa99b\">\n#top .av-special-heading.av-ji060rlk-aaf86b7ecba4741b8d59adea3d3aa99b{\npadding-bottom:10px;\n}\nbody .av-special-heading.av-ji060rlk-aaf86b7ecba4741b8d59adea3d3aa99b .av-special-heading-tag .heading-char{\nfont-size:25px;\n}\n.av-special-heading.av-ji060rlk-aaf86b7ecba4741b8d59adea3d3aa99b .av-subheading{\nfont-size:15px;\n}\n<\/style>\n<div  class='av-special-heading av-ji060rlk-aaf86b7ecba4741b8d59adea3d3aa99b av-special-heading-h3 blockquote modern-quote  avia-builder-el-3  el_after_av_textblock  el_before_av_textblock '><h3 class='av-special-heading-tag'  itemprop=\"headline\"  >Responsabil cu protec\u021bia datelor<\/h3><div class=\"special-heading-border\"><div class=\"special-heading-inner-border\"><\/div><\/div><\/div>\n<section  class='av_textblock_section av-ji060f6c-e893da83b2184ec229f5cc8fbc749b2a '   itemscope=\"itemscope\" itemtype=\"https:\/\/schema.org\/CreativeWork\" ><div class='avia_textblock'  itemprop=\"text\" ><p>Nume: Sonja Schaal<br \/>\nTelefon (serviciu): 030\/2817230<br \/>\nE-mail (afaceri): info@hasert-haut.de<\/p>\n<\/div><\/section>\n<section  class='av_textblock_section av-ji060f6c-e893da83b2184ec229f5cc8fbc749b2a '   itemscope=\"itemscope\" itemtype=\"https:\/\/schema.org\/CreativeWork\" ><div class='avia_textblock'  itemprop=\"text\" ><p>Conform GDPR, suntem obliga\u021bi s\u0103 v\u0103 inform\u0103m despre scopul pentru care practica noastr\u0103 colecteaz\u0103, stocheaz\u0103 sau transmite date.<\/p>\n<p><strong>Scopuri<\/strong>: diagnosticare, tratament\/terapie, facturare, studii, rapoarte<\/p>\n<p><strong>Temei juridic<\/strong>: Contract de tratament, model de cod profesional pentru medici, Codul Social Cartea V, GDPR Art. 6, GDPR Art. 9,<\/p>\n<p><strong>Categorii de destinatari<\/strong>: medici curant, personal de practic\u0103, contabilitate, asigur\u0103ri de s\u0103n\u0103tate, asigur\u0103ri de pensii, autorit\u0103\u021bi sanitare, autorit\u0103\u021bi de aprovizionare, asocia\u021bii profesionale, asocia\u021bii medicilor de asigur\u0103ri statutare de s\u0103n\u0103tate, furnizori de servicii pentru facturare privat\u0103 (PVS), parteneri de cooperare, laboratoare de chimie clinic\u0103 (Travaliul28), histologie, citologie (Buntrock)<\/p>\n<p><strong>Perioade de \u0219tergere planificate<\/strong>: conform cerin\u021belor legale, cel t\u00e2rziu dup\u0103 sf\u00e2r\u0219itul celui de-al 30-lea an<\/p>\n<p><strong>Transmiterea c\u0103tre \u021b\u0103ri ter\u021be sau organiza\u021bii interna\u021bionale<\/strong>: numai pentru proiecte de cercetare studen\u021bi cu acordul scris al pacientului.<\/p>\n<\/div><\/section>\n\n<style type=\"text\/css\" data-created_by=\"avia_inline_auto\" id=\"style-css-av-ji060rlk-0aa1dd8b5ac4b880bbc64e65b91f5876\">\n#top .av-special-heading.av-ji060rlk-0aa1dd8b5ac4b880bbc64e65b91f5876{\npadding-bottom:10px;\n}\nbody .av-special-heading.av-ji060rlk-0aa1dd8b5ac4b880bbc64e65b91f5876 .av-special-heading-tag .heading-char{\nfont-size:25px;\n}\n.av-special-heading.av-ji060rlk-0aa1dd8b5ac4b880bbc64e65b91f5876 .av-subheading{\nfont-size:15px;\n}\n<\/style>\n<div  class='av-special-heading av-ji060rlk-0aa1dd8b5ac4b880bbc64e65b91f5876 av-special-heading-h2 blockquote modern-quote  avia-builder-el-6  el_after_av_textblock  el_before_av_textblock '><h2 class='av-special-heading-tag'  itemprop=\"headline\"  >Drepturile dumneavoastr\u0103 vizate<\/h2><div class=\"special-heading-border\"><div class=\"special-heading-inner-border\"><\/div><\/div><\/div>\n<section  class='av_textblock_section av-ji060f6c-e893da83b2184ec229f5cc8fbc749b2a '   itemscope=\"itemscope\" itemtype=\"https:\/\/schema.org\/CreativeWork\" ><div class='avia_textblock'  itemprop=\"text\" ><p>V\u0103 pute\u021bi exercita \u00een orice moment urm\u0103toarele drepturi folosind datele de contact furnizate pentru responsabilul nostru cu protec\u021bia datelor:<\/p>\n<ul>\n<li>Informa\u021bii despre datele dumneavoastr\u0103 stocate de noi \u0219i prelucrarea acestora,<\/li>\n<li>rectificarea datelor cu caracter personal inexacte,<\/li>\n<li>\u0218tergerea datelor dvs. stocate la noi,<\/li>\n<li>Restric\u021bionarea prelucr\u0103rii datelor dac\u0103 nu avem \u00eenc\u0103 voie s\u0103 v\u0103 \u0219tergem datele din cauza obliga\u021biilor legale,<\/li>\n<li>Obiec\u021bie la prelucrarea datelor dumneavoastr\u0103 de c\u0103tre noi \u0219i<\/li>\n<li>Transferabilitatea datelor dac\u0103 a\u021bi consim\u021bit la prelucrarea datelor sau a\u021bi \u00eencheiat un contract cu noi.<\/li>\n<\/ul>\n<p>Dac\u0103 ne-a\u021bi dat consim\u021b\u0103m\u00e2ntul, \u00eel pute\u021bi revoca oric\u00e2nd cu efect pentru viitor. Pute\u021bi contacta oric\u00e2nd autoritatea de supraveghere responsabil\u0103 pentru dvs. cu o pl\u00e2ngere. Autoritatea dumneavoastr\u0103 de supraveghere responsabil\u0103 depinde de statul de re\u0219edin\u021b\u0103, de locul de munc\u0103 sau de presupusa \u00eenc\u0103lcare. Pute\u021bi g\u0103si o list\u0103 a autorit\u0103\u021bilor de supraveghere (pentru zona non-public\u0103) cu adresele acestora la: <a href=\"\" target=\"\" rel=\"noopener\">https:\/\/www.bfdi.bund.de\/DE\/Infothek\/Anschriften_Links\/anschriften_links-node.html.<\/a><\/p>\n<p>Protec\u021bia datelor dumneavoastr\u0103 cu caracter personal este important\u0103 pentru noi. Prelucrarea datelor are loc pe baza cerin\u021belor legale pentru a \u00eendeplini contractul de tratament dintre dumneavoastr\u0103 \u0219i practica noastr\u0103 \u0219i obliga\u021biile asociate. \u00cen acest scop prelucr\u0103m datele dumneavoastr\u0103 cu caracter personal, \u00een special datele dumneavoastr\u0103 de s\u0103n\u0103tate. Aceasta include anamnez\u0103, diagnostice, sugestii de terapie \u0219i constat\u0103ri pe care noi sau al\u021bi medici le colect\u0103m. \u00cen aceste scopuri, al\u021bi medici care v\u0103 trateaz\u0103 ne pot furniza \u0219i date (de exemplu, scrisoarea medicului). Transfer\u0103m datele dumneavoastr\u0103 cu caracter personal c\u0103tre ter\u021bi numai dac\u0103 acest lucru este cerut de lege sau dac\u0103 v-a\u021bi dat consim\u021b\u0103m\u00e2ntul. Colectarea datelor de s\u0103n\u0103tate este o condi\u021bie prealabil\u0103 pentru tratamentul dumneavoastr\u0103. Dac\u0103 nu sunt furnizate informa\u021biile necesare, nu poate avea loc un tratament atent. Ave\u021bi dreptul la informa\u021bii despre datele dumneavoastr\u0103 personale disponibile \u00een practic\u0103. De asemenea, pute\u021bi solicita corectarea datelor incorecte. \u00cen plus, \u00een anumite condi\u021bii, ave\u021bi dreptul de a \u0219terge datele, dreptul de a restric\u021biona prelucrarea datelor \u0219i dreptul la portabilitatea datelor dvs. obiective. Pute\u021bi revoca \u00een orice moment declara\u021bia de consim\u021b\u0103m\u00e2nt acordat\u0103 \u00een scris pentru o prelucrare ulterioar\u0103. De asemenea, ave\u021bi dreptul de a v\u0103 pl\u00e2nge la o autoritate de supraveghere a protec\u021biei datelor dac\u0103 considera\u021bi c\u0103 prelucrarea datelor dumneavoastr\u0103 cu caracter personal nu a fost efectuat\u0103 \u00een mod legal.<\/p>\n<\/div><\/section>\n<section  class='av_textblock_section av-jhj2xew7-e15b9320ad659168d168918db068276e '   itemscope=\"itemscope\" itemtype=\"https:\/\/schema.org\/CreativeWork\" ><div class='avia_textblock'  itemprop=\"text\" ><h2>Scopurile prelucr\u0103rii datelor de c\u0103tre organismul responsabil \u0219i ter\u021bi<\/h2>\n<p>Prelucr\u0103m datele dumneavoastr\u0103 cu caracter personal numai \u00een scopurile men\u021bionate \u00een aceast\u0103 declara\u021bie de protec\u021bie a datelor. Datele dumneavoastr\u0103 personale nu vor fi transmise c\u0103tre ter\u021bi \u00een alte scopuri dec\u00e2t cele men\u021bionate. Transmitem datele dumneavoastr\u0103 cu caracter personal c\u0103tre ter\u021bi numai dac\u0103:  <\/p>\n<ul>\n<li>v-a\u021bi dat consim\u021b\u0103m\u00e2ntul expres,<\/li>\n<li>prelucrarea este necesar\u0103 pentru executarea unui contract cu dumneavoastr\u0103,<\/li>\n<li>prelucrarea este necesar\u0103 pentru \u00eendeplinirea unei obliga\u021bii legale,<\/li>\n<\/ul>\n<p>prelucrarea este necesar\u0103 pentru a proteja interesele legitime \u0219i nu exist\u0103 niciun motiv s\u0103 presupunem c\u0103 ave\u021bi un interes legitim superior \u00een a nu dezv\u0103lui datele dumneavoastr\u0103.<\/p>\n<h2>\u0218tergerea sau blocarea datelor<\/h2>\n<p>Ader\u0103m la principiile evit\u0103rii datelor \u0219i economiei datelor. Prin urmare, stoc\u0103m datele dumneavoastr\u0103 cu caracter personal doar at\u00e2t timp c\u00e2t este necesar pentru atingerea scopurilor men\u021bionate aici sau a\u0219a cum este prev\u0103zut de diferitele perioade de stocare prev\u0103zute de legiuitor. Dup\u0103 ce scopul respectiv a \u00eencetat s\u0103 mai existe sau aceste perioade au expirat, datele corespunz\u0103toare vor fi blocate sau \u0219terse \u00een mod obi\u0219nuit \u0219i \u00een conformitate cu prevederile statutare.  <\/p>\n<h2>Colectarea de informa\u021bii generale atunci c\u00e2nd vizita\u021bi site-ul nostru web<\/h2>\n<p>C\u00e2nd accesa\u021bi site-ul nostru web, informa\u021bii cu caracter general sunt colectate automat prin intermediul unui cookie. Aceste informa\u021bii (fi\u0219iere jurnal ale serverului) includ tipul de browser web, sistemul de operare utilizat, numele de domeniu al furnizorului dvs. de servicii de internet \u0219i altele similare. Acestea sunt exclusiv informa\u021bii care nu permit s\u0103 se trag\u0103 nicio concluzie despre persoana dumneavoastr\u0103. Aceste informa\u021bii sunt necesare din punct de vedere tehnic pentru a livra corect con\u021binutul pe care l-a\u021bi solicitat de pe site-uri web \u0219i sunt obligatorii atunci c\u00e2nd utiliza\u021bi Internetul. \u00cen special, acestea sunt prelucrate \u00een urm\u0103toarele scopuri:  <\/p>\n<ul>\n<li>Asigurarea unei conexiuni f\u0103r\u0103 probleme la site-ul web,<\/li>\n<li>asigurarea utiliz\u0103rii f\u0103r\u0103 probleme a site-ului nostru web,<\/li>\n<li>Evaluarea securit\u0103\u021bii \u0219i stabilit\u0103\u021bii sistemului, de asemenea<\/li>\n<li>pentru alte scopuri administrative.<\/li>\n<\/ul>\n<p>Prelucrarea datelor dumneavoastr\u0103 cu caracter personal se bazeaz\u0103 pe interesul nostru legitim \u00een scopurile de colectare a datelor men\u021bionate mai sus. Nu folosim datele dumneavoastr\u0103 pentru a trage concluzii despre persoana dumneavoastr\u0103. Destinatarii datelor sunt doar organismul responsabil \u0219i, dac\u0103 este necesar, \u00eemputernicitul. Informa\u021biile anonime de acest tip pot fi evaluate statistic de c\u0103tre noi pentru a optimiza site-ul nostru web \u0219i tehnologia din spatele acestuia.  <\/p>\n<h2>cookie-uri<\/h2>\n<p>La fel ca multe alte site-uri web, folosim \u0219i a\u0219a-numitele \u201ecookie-uri\u201d. Cookie-urile sunt fi\u0219iere text mici care sunt transferate pe hard disk de c\u0103tre un server de site. Ca urmare, primim automat anumite date, de ex. B. Adresa IP, browserul utilizat, sistemul de operare \u0219i conexiunea dumneavoastr\u0103 la Internet. Cookie-urile nu pot fi folosite pentru a porni programe sau pentru a furniza viru\u0219i pe un computer. Pe baza informa\u021biilor con\u021binute \u00een cookie-uri, v\u0103 putem facilita navigarea \u0219i permite afi\u0219area corect\u0103 a site-urilor noastre web. \u00cen niciun caz datele pe care le colect\u0103m nu vor fi transmise ter\u021bilor sau legate de date personale f\u0103r\u0103 consim\u021b\u0103m\u00e2ntul dumneavoastr\u0103. Desigur, pute\u021bi vizualiza \u0219i site-ul nostru web f\u0103r\u0103 cookie-uri. Browserele de internet sunt setate \u00een mod regulat s\u0103 accepte module cookie. \u00cen general, pute\u021bi dezactiva oric\u00e2nd utilizarea cookie-urilor prin set\u0103rile browserului dumneavoastr\u0103. V\u0103 rug\u0103m s\u0103 utiliza\u021bi func\u021biile de ajutor ale browserului dvs. de internet pentru a afla cum pute\u021bi modifica aceste set\u0103ri. V\u0103 rug\u0103m s\u0103 re\u021bine\u021bi c\u0103 func\u021biile individuale ale site-ului nostru web pot s\u0103 nu func\u021bioneze dac\u0103 a\u021bi dezactivat utilizarea cookie-urilor.  <\/p>\n<h2>Criptare SSL<\/h2>\n<p>Pentru a proteja securitatea datelor dumneavoastr\u0103 \u00een timpul transmiterii, folosim metode de criptare de ultim\u0103 genera\u021bie (de exemplu, SSL) prin HTTPS.<\/p>\n<h2>Formular de contact<\/h2>\n<p>Dac\u0103 ne contacta\u021bi prin e-mail sau prin formularul de contact cu \u00eentreb\u0103ri de orice fel, acorda\u021bi-ne consim\u021b\u0103m\u00e2ntul dumneavoastr\u0103 voluntar \u00een scopul stabilirii contactului. Acest lucru necesit\u0103 specificarea unei adrese de e-mail valide. Acesta este folosit pentru a aloca cererea \u0219i apoi pentru a r\u0103spunde. Furnizarea de date suplimentare este op\u021bional\u0103. Informa\u021biile pe care le furniza\u021bi vor fi stocate \u00een scopul proces\u0103rii cererii \u0219i pentru eventuale \u00eentreb\u0103ri ulterioare. Dup\u0103 ce solicitarea pe care a\u021bi f\u0103cut-o a fost tratat\u0103, datele personale vor fi \u0219terse automat.     <\/p>\n<h2>Utilizarea bibliotecilor de scripturi (Google Webfonts)<\/h2>\n<p>Pentru a ne afi\u0219a con\u021binutul corect \u0219i atr\u0103g\u0103tor grafic \u00een toate browserele, folosim biblioteci de scripturi \u0219i biblioteci de fonturi, cum ar fi B. Google Webfonts <a href=\"http:\/\/www.google.com\/webfonts\/\" target=\"_blank\" rel=\"noopener\" class=\"broken_link\">(https:\/\/www.google.com\/webfonts\/).<\/a> Fonturile web Google sunt transferate \u00een memoria cache a browserului dvs. pentru a evita \u00eenc\u0103rc\u0103rile multiple. Dac\u0103 browserul nu accept\u0103 Google Webfonts sau \u00eempiedic\u0103 accesul, con\u021binutul va fi afi\u0219at \u00eentr-un font standard. Apelarea bibliotecilor de scripturi sau a bibliotecilor de fonturi declan\u0219eaz\u0103 automat o conexiune la operatorul bibliotecii. Este posibil teoretic \u2013 de\u0219i \u00een prezent nu este clar dac\u0103 \u0219i, dac\u0103 da, \u00een ce scopuri \u2013 operatorii unor astfel de biblioteci s\u0103 colecteze date. Politica de confiden\u021bialitate a operatorului de bibliotec\u0103 Google poate fi g\u0103sit\u0103 aici: <a href=\"\" target=\"\" rel=\"noopener\">https:\/\/www.google.com\/policies\/privacy\/<\/a> <\/p>\n<h2>Utilizarea Google Maps<\/h2>\n<p>Acest site web folose\u0219te API-ul Google Maps pentru a afi\u0219a vizual informa\u021biile geografice. Atunci c\u00e2nd utiliza\u021bi Google Maps, Google colecteaz\u0103, prelucreaz\u0103 \u0219i utilizeaz\u0103 \u0219i date despre utilizarea func\u021biilor h\u0103r\u021bilor de c\u0103tre vizitatori. Pute\u021bi g\u0103si mai multe informa\u021bii despre prelucrarea datelor de c\u0103tre <a href=\"\" target=\"\" rel=\"noopener\">Google<\/a> \u00een informa\u021biile Google privind protec\u021bia datelor.   Acolo v\u0103 pute\u021bi modifica \u0219i set\u0103rile de protec\u021bie a datelor personale \u00een centrul de protec\u021bie a datelor. Instruc\u021biuni detaliate pentru gestionarea propriilor date \u00een leg\u0103tur\u0103 cu produsele Google pot fi <a href=\"\" target=\"\" rel=\"noopener\">g\u0103site<\/a> aici.<\/p>\n<h2><strong>Modifica\u021bi politica noastr\u0103 de confiden\u021bialitate<\/strong><\/h2>\n<p>Ne rezerv\u0103m dreptul de a adapta aceast\u0103 declara\u021bie de protec\u021bie a datelor astfel \u00eenc\u00e2t s\u0103 corespund\u0103 \u00eentotdeauna cerin\u021belor legale actuale sau de a implementa modific\u0103ri ale serviciilor noastre \u00een declara\u021bia de protec\u021bie a datelor, de exemplu, la introducerea de noi servicii. Noua declara\u021bie de protec\u021bie a datelor se va aplica apoi la urm\u0103toarea vizit\u0103. <\/p>\n<h2><strong>\u00centreb\u0103ri adresate responsabilului cu protec\u021bia datelor<\/strong><\/h2>\n<p>Dac\u0103 ave\u021bi \u00eentreb\u0103ri despre protec\u021bia datelor, v\u0103 rug\u0103m s\u0103 ne trimite\u021bi un e-mail sau s\u0103 contacta\u021bi direct persoana responsabil\u0103 cu protec\u021bia datelor din organiza\u021bia noastr\u0103: Dr. Raoul Hasert.<\/p>\n<\/div><\/section>\n","protected":false},"excerpt":{"rendered":"","protected":false},"author":1,"featured_media":0,"parent":0,"menu_order":0,"comment_status":"closed","ping_status":"closed","template":"","meta":{"footnotes":""},"class_list":["post-6311","page","type-page","status-publish","hentry"],"yoast_head":"<!-- This site is optimized with the Yoast SEO plugin v25.3.1 - https:\/\/yoast.com\/wordpress\/plugins\/seo\/ -->\n<title>Protejarea datelor - Hautarzt Berlin - Praxisklinik Dr. Hasert<\/title>\n<meta name=\"robots\" content=\"index, follow, max-snippet:-1, max-image-preview:large, max-video-preview:-1\" \/>\n<link rel=\"canonical\" href=\"https:\/\/www.hasert-haut.de\/ro\/protejarea-datelor\/\" \/>\n<meta property=\"og:locale\" content=\"ro_RO\" \/>\n<meta property=\"og:type\" content=\"article\" \/>\n<meta property=\"og:title\" content=\"Protejarea datelor - Hautarzt Berlin - Praxisklinik Dr. Hasert\" \/>\n<meta property=\"og:url\" content=\"https:\/\/www.hasert-haut.de\/ro\/protejarea-datelor\/\" \/>\n<meta property=\"og:site_name\" content=\"Hautarzt Berlin - Praxisklinik Dr. Hasert\" \/>\n<meta property=\"article:modified_time\" content=\"2022-11-02T14:23:39+00:00\" \/>\n<meta name=\"twitter:label1\" content=\"Timp estimat pentru citire\" \/>\n\t<meta name=\"twitter:data1\" content=\"11 minute\" \/>\n<script type=\"application\/ld+json\" class=\"yoast-schema-graph\">{\"@context\":\"https:\/\/schema.org\",\"@graph\":[{\"@type\":\"WebPage\",\"@id\":\"https:\/\/www.hasert-haut.de\/ro\/protejarea-datelor\/\",\"url\":\"https:\/\/www.hasert-haut.de\/ro\/protejarea-datelor\/\",\"name\":\"Protejarea datelor - Hautarzt Berlin - Praxisklinik Dr. Hasert\",\"isPartOf\":{\"@id\":\"https:\/\/www.hasert-haut.de\/ro\/#website\"},\"datePublished\":\"2018-05-23T12:23:46+00:00\",\"dateModified\":\"2022-11-02T14:23:39+00:00\",\"breadcrumb\":{\"@id\":\"https:\/\/www.hasert-haut.de\/ro\/protejarea-datelor\/#breadcrumb\"},\"inLanguage\":\"ro-RO\",\"potentialAction\":[{\"@type\":\"ReadAction\",\"target\":[\"https:\/\/www.hasert-haut.de\/ro\/protejarea-datelor\/\"]}]},{\"@type\":\"BreadcrumbList\",\"@id\":\"https:\/\/www.hasert-haut.de\/ro\/protejarea-datelor\/#breadcrumb\",\"itemListElement\":[{\"@type\":\"ListItem\",\"position\":1,\"name\":\"Home\",\"item\":\"https:\/\/www.hasert-haut.de\/ro\/bine-ati-venit\/\"},{\"@type\":\"ListItem\",\"position\":2,\"name\":\"Protejarea datelor\"}]},{\"@type\":\"WebSite\",\"@id\":\"https:\/\/www.hasert-haut.de\/ro\/#website\",\"url\":\"https:\/\/www.hasert-haut.de\/ro\/\",\"name\":\"Hautarzt Berlin - Praxisklinik Dr. Hasert\",\"description\":\"Hautarzt, Allgemeinmedizin\",\"potentialAction\":[{\"@type\":\"SearchAction\",\"target\":{\"@type\":\"EntryPoint\",\"urlTemplate\":\"https:\/\/www.hasert-haut.de\/ro\/?s={search_term_string}\"},\"query-input\":{\"@type\":\"PropertyValueSpecification\",\"valueRequired\":true,\"valueName\":\"search_term_string\"}}],\"inLanguage\":\"ro-RO\"}]}<\/script>\n<!-- \/ Yoast SEO plugin. -->","yoast_head_json":{"title":"Protejarea datelor - Hautarzt Berlin - Praxisklinik Dr. Hasert","robots":{"index":"index","follow":"follow","max-snippet":"max-snippet:-1","max-image-preview":"max-image-preview:large","max-video-preview":"max-video-preview:-1"},"canonical":"https:\/\/www.hasert-haut.de\/ro\/protejarea-datelor\/","og_locale":"ro_RO","og_type":"article","og_title":"Protejarea datelor - Hautarzt Berlin - Praxisklinik Dr. Hasert","og_url":"https:\/\/www.hasert-haut.de\/ro\/protejarea-datelor\/","og_site_name":"Hautarzt Berlin - Praxisklinik Dr. Hasert","article_modified_time":"2022-11-02T14:23:39+00:00","twitter_misc":{"Timp estimat pentru citire":"11 minute"},"schema":{"@context":"https:\/\/schema.org","@graph":[{"@type":"WebPage","@id":"https:\/\/www.hasert-haut.de\/ro\/protejarea-datelor\/","url":"https:\/\/www.hasert-haut.de\/ro\/protejarea-datelor\/","name":"Protejarea datelor - Hautarzt Berlin - Praxisklinik Dr. Hasert","isPartOf":{"@id":"https:\/\/www.hasert-haut.de\/ro\/#website"},"datePublished":"2018-05-23T12:23:46+00:00","dateModified":"2022-11-02T14:23:39+00:00","breadcrumb":{"@id":"https:\/\/www.hasert-haut.de\/ro\/protejarea-datelor\/#breadcrumb"},"inLanguage":"ro-RO","potentialAction":[{"@type":"ReadAction","target":["https:\/\/www.hasert-haut.de\/ro\/protejarea-datelor\/"]}]},{"@type":"BreadcrumbList","@id":"https:\/\/www.hasert-haut.de\/ro\/protejarea-datelor\/#breadcrumb","itemListElement":[{"@type":"ListItem","position":1,"name":"Home","item":"https:\/\/www.hasert-haut.de\/ro\/bine-ati-venit\/"},{"@type":"ListItem","position":2,"name":"Protejarea datelor"}]},{"@type":"WebSite","@id":"https:\/\/www.hasert-haut.de\/ro\/#website","url":"https:\/\/www.hasert-haut.de\/ro\/","name":"Hautarzt Berlin - Praxisklinik Dr. Hasert","description":"Hautarzt, Allgemeinmedizin","potentialAction":[{"@type":"SearchAction","target":{"@type":"EntryPoint","urlTemplate":"https:\/\/www.hasert-haut.de\/ro\/?s={search_term_string}"},"query-input":{"@type":"PropertyValueSpecification","valueRequired":true,"valueName":"search_term_string"}}],"inLanguage":"ro-RO"}]}},"_links":{"self":[{"href":"https:\/\/www.hasert-haut.de\/ro\/wp-json\/wp\/v2\/pages\/6311","targetHints":{"allow":["GET"]}}],"collection":[{"href":"https:\/\/www.hasert-haut.de\/ro\/wp-json\/wp\/v2\/pages"}],"about":[{"href":"https:\/\/www.hasert-haut.de\/ro\/wp-json\/wp\/v2\/types\/page"}],"author":[{"embeddable":true,"href":"https:\/\/www.hasert-haut.de\/ro\/wp-json\/wp\/v2\/users\/1"}],"replies":[{"embeddable":true,"href":"https:\/\/www.hasert-haut.de\/ro\/wp-json\/wp\/v2\/comments?post=6311"}],"version-history":[{"count":7,"href":"https:\/\/www.hasert-haut.de\/ro\/wp-json\/wp\/v2\/pages\/6311\/revisions"}],"predecessor-version":[{"id":9995,"href":"https:\/\/www.hasert-haut.de\/ro\/wp-json\/wp\/v2\/pages\/6311\/revisions\/9995"}],"wp:attachment":[{"href":"https:\/\/www.hasert-haut.de\/ro\/wp-json\/wp\/v2\/media?parent=6311"}],"curies":[{"name":"wp","href":"https:\/\/api.w.org\/{rel}","templated":true}]}}