{"id":6487,"date":"2016-12-12T09:38:21","date_gmt":"2016-12-12T09:38:21","guid":{"rendered":"https:\/\/www.hasert-haut.de\/konservative-dermatologie\/"},"modified":"2022-11-02T14:23:39","modified_gmt":"2022-11-02T14:23:39","slug":"dermatologie-conservatoare","status":"publish","type":"page","link":"https:\/\/www.hasert-haut.de\/ro\/dermatologie-conservatoare\/","title":{"rendered":"Dermatologie conservatoare"},"content":{"rendered":"\n<style type=\"text\/css\" data-created_by=\"avia_inline_auto\" id=\"style-css-av-l80b1hn9-ec4016f705bb7e471f5435996723305a\">\n.avia-section.av-l80b1hn9-ec4016f705bb7e471f5435996723305a{\nbackground-repeat:no-repeat;\nbackground-image:url(https:\/\/www.hasert-haut.de\/wp-content\/uploads\/2015\/01\/Allgemeinmedizin1.jpg);\nbackground-position:50% 100%;\nbackground-attachment:scroll;\n}\n<\/style>\n<div id='av_section_1'  class='avia-section av-l80b1hn9-ec4016f705bb7e471f5435996723305a main_color avia-section-default avia-no-border-styling  avia-builder-el-0  el_before_av_section  avia-builder-el-first  avia-full-stretch avia-bg-style-scroll av-minimum-height av-minimum-height-50 av-height-50  container_wrap fullsize'  data-section-bg-repeat='stretch' data-av_minimum_height_pc='50' data-av_min_height_opt='50'><div class='container av-section-cont-open' ><main  role=\"main\" itemprop=\"mainContentOfPage\"  class='template-page content  av-content-full alpha units'><div class='post-entry post-entry-type-page post-entry-6487'><div class='entry-content-wrapper clearfix'>\n<\/div><\/div><\/main><!-- close content main element --><\/div><\/div><div id='av_section_2'  class='avia-section av-1c52y-6705d96d726e34f30075afd1c9f98823 main_color avia-section-huge avia-no-border-styling  avia-builder-el-1  el_after_av_section  avia-builder-el-last  avia-bg-style-scroll container_wrap fullsize'  ><div class='container av-section-cont-open' ><div class='template-page content  av-content-full alpha units'><div class='post-entry post-entry-type-page post-entry-6487'><div class='entry-content-wrapper clearfix'>\n\n<style type=\"text\/css\" data-created_by=\"avia_inline_auto\" id=\"style-css-av-1zubm-cf8dd5eea0f9c55c19c0ef078ddbcf82\">\n#top .flex_column.av-1zubm-cf8dd5eea0f9c55c19c0ef078ddbcf82{\nmargin-top:-200px;\nmargin-bottom:-200px;\n}\n.flex_column.av-1zubm-cf8dd5eea0f9c55c19c0ef078ddbcf82{\nborder-radius:0px 0px 0px 0px;\npadding:30px 30px 30px 30px;\nbackground-color:#ffffff;\n}\n.responsive #top #wrap_all .flex_column.av-1zubm-cf8dd5eea0f9c55c19c0ef078ddbcf82{\nmargin-top:-200px;\nmargin-bottom:-200px;\n}\n<\/style>\n<div  class='flex_column av-1zubm-cf8dd5eea0f9c55c19c0ef078ddbcf82 av_one_full  avia-builder-el-2  el_before_av_hr  avia-builder-el-first  first flex_column_div  '     ><style type=\"text\/css\" data-created_by=\"avia_inline_auto\" id=\"style-css-av-l96u26f7-852e30b466681d7095b077fcd9fa4ea0\">\n#top .av-special-heading.av-l96u26f7-852e30b466681d7095b077fcd9fa4ea0{\nmargin:30px 0 0 0;\npadding-bottom:10px;\n}\nbody .av-special-heading.av-l96u26f7-852e30b466681d7095b077fcd9fa4ea0 .av-special-heading-tag .heading-char{\nfont-size:25px;\n}\n.av-special-heading.av-l96u26f7-852e30b466681d7095b077fcd9fa4ea0 .av-subheading{\nfont-size:15px;\n}\n<\/style>\n<div  class='av-special-heading av-l96u26f7-852e30b466681d7095b077fcd9fa4ea0 av-special-heading-h1 blockquote modern-quote modern-centered  avia-builder-el-3  avia-builder-el-no-sibling '><h1 class='av-special-heading-tag'  itemprop=\"headline\"  >Dermatologie conservatoare<\/h1><div class=\"special-heading-border\"><div class=\"special-heading-inner-border\"><\/div><\/div><\/div><\/div>\n<style type=\"text\/css\" data-created_by=\"avia_inline_auto\" id=\"style-css-av-l96u2dxw-bef62529ba4e12912e5f4b47d6fefae0\">\n#top .hr.hr-invisible.av-l96u2dxw-bef62529ba4e12912e5f4b47d6fefae0{\nheight:50px;\n}\n<\/style>\n<div  class='hr av-l96u2dxw-bef62529ba4e12912e5f4b47d6fefae0 hr-invisible  avia-builder-el-4  el_after_av_one_full  el_before_av_one_full '><span class='hr-inner '><span class=\"hr-inner-style\"><\/span><\/span><\/div>\n\n<style type=\"text\/css\" data-created_by=\"avia_inline_auto\" id=\"style-css-av-ajd7l-c04253c6914ea50e1f188ebedd5df2b7\">\n.flex_column.av-ajd7l-c04253c6914ea50e1f188ebedd5df2b7{\nborder-radius:0px 0px 0px 0px;\npadding:0px 0px 0px 0px;\n}\n<\/style>\n<div  class='flex_column av-ajd7l-c04253c6914ea50e1f188ebedd5df2b7 av_one_full  avia-builder-el-5  el_after_av_hr  avia-builder-el-last  first flex_column_div av-zero-column-padding  '     ><div  id=\"av-sc-portfolio-1\"  class=' grid-sort-container isotope   no_margin-container with-excerpt-container grid-total-even grid-col-2 grid-links-' data-portfolio-id='1'><div data-ajax-id='6826' class=' grid-entry flex_column isotope-item all_sort no_margin post-entry post-entry-6826 grid-entry-overview grid-loop-1 grid-parity-odd  konservative-dermatologie-ro_sort  av_one_half first default_av_fullwidth '><article class='main_color inner-entry'  itemscope=\"itemscope\" itemtype=\"https:\/\/schema.org\/CreativeWork\" ><a href=\"https:\/\/www.hasert-haut.de\/ro\/leistungen\/acnee\/\" title='acnee'  data-rel='grid-1' class='grid-image avia-hover-fx'> <img decoding=\"async\" fetchpriority=\"high\" width=\"495\" height=\"400\" src=\"https:\/\/www.hasert-haut.de\/wp-content\/uploads\/2016\/12\/akne-495x400.jpg\" class=\"wp-image-6000 avia-img-lazy-loading-not-6000 attachment-portfolio size-portfolio wp-post-image\" alt=\"Behandlung von Akne | Hautarzt Dr. Hasert Berlin\" \/><\/a><div class='grid-content'><div class='avia-arrow'><\/div><header class=\"entry-content-header\"><h3 class='grid-entry-title entry-title '  itemprop=\"headline\" ><a href='https:\/\/www.hasert-haut.de\/ro\/leistungen\/acnee\/' title='acnee'>acnee<\/a><\/h3><\/header><div class='grid-entry-excerpt entry-content'  itemprop=\"text\" >Pentru a trata acneea, una dintre cele mai frecvente boli ale pielii, \u00een practica noastr\u0103 de dermatologie sunt folosite o varietate de metode de terapie.<\/div><\/div><footer class=\"entry-footer\"><\/footer><\/article><\/div><div data-ajax-id='6837' class=' grid-entry flex_column isotope-item all_sort no_margin post-entry post-entry-6837 grid-entry-overview grid-loop-2 grid-parity-even  konservative-dermatologie-ro_sort  av_one_half  default_av_fullwidth '><article class='main_color inner-entry'  itemscope=\"itemscope\" itemtype=\"https:\/\/schema.org\/CreativeWork\" ><a href=\"https:\/\/www.hasert-haut.de\/ro\/leistungen\/alergologie\/\" title='alergologie'  data-rel='grid-1' class='grid-image avia-hover-fx'> <img decoding=\"async\" fetchpriority=\"high\" width=\"495\" height=\"400\" src=\"https:\/\/www.hasert-haut.de\/wp-content\/uploads\/2015\/01\/Allergologie-495x400.jpg\" class=\"wp-image-6030 avia-img-lazy-loading-not-6030 attachment-portfolio size-portfolio wp-post-image\" alt=\"\" \/><\/a><div class='grid-content'><div class='avia-arrow'><\/div><header class=\"entry-content-header\"><h3 class='grid-entry-title entry-title '  itemprop=\"headline\" ><a href='https:\/\/www.hasert-haut.de\/ro\/leistungen\/alergologie\/' title='alergologie'>alergologie<\/a><\/h3><\/header><div class='grid-entry-excerpt entry-content'  itemprop=\"text\" >Din ce \u00een ce mai multe persoane sufer\u0103 de alergii, declan\u0219ate de polen, p\u0103r de animale, alimente sau materiale de contact \u2013 alergologie.<\/div><\/div><footer class=\"entry-footer\"><\/footer><\/article><\/div><div data-ajax-id='7068' class=' grid-entry flex_column isotope-item all_sort no_margin post-entry post-entry-7068 grid-entry-overview grid-loop-3 grid-parity-odd  konservative-dermatologie-ro_sort  av_one_half first default_av_fullwidth '><article class='main_color inner-entry'  itemscope=\"itemscope\" itemtype=\"https:\/\/schema.org\/CreativeWork\" ><a href=\"https:\/\/www.hasert-haut.de\/ro\/leistungen\/micologie\/\" title='micologie'  data-rel='grid-1' class='grid-image avia-hover-fx'> <img decoding=\"async\" fetchpriority=\"high\" width=\"495\" height=\"400\" src=\"https:\/\/www.hasert-haut.de\/wp-content\/uploads\/2016\/12\/Mykologie-495x400.jpg\" class=\"wp-image-6006 avia-img-lazy-loading-not-6006 attachment-portfolio size-portfolio wp-post-image\" alt=\"\" \/><\/a><div class='grid-content'><div class='avia-arrow'><\/div><header class=\"entry-content-header\"><h3 class='grid-entry-title entry-title '  itemprop=\"headline\" ><a href='https:\/\/www.hasert-haut.de\/ro\/leistungen\/micologie\/' title='micologie'>micologie<\/a><\/h3><\/header><div class='grid-entry-excerpt entry-content'  itemprop=\"text\" >Dac\u0103 exist\u0103 suspiciunea unei posibile infec\u021bii cu agen\u021bi patogeni fungici (de exemplu, pe piele, unghii \u0219i p\u0103r), un diagnostic \u021bintit poate fi efectuat \u00een clinica noastr\u0103 de practic\u0103 folosind examin\u0103ri microscopice, culturi fungice \u0219i PCR.<\/div><\/div><footer class=\"entry-footer\"><\/footer><\/article><\/div><div data-ajax-id='7078' class=' grid-entry flex_column isotope-item all_sort no_margin post-entry post-entry-7078 grid-entry-overview grid-loop-4 grid-parity-even  konservative-dermatologie-ro_sort  av_one_half  default_av_fullwidth '><article class='main_color inner-entry'  itemscope=\"itemscope\" itemtype=\"https:\/\/schema.org\/CreativeWork\" ><a href=\"https:\/\/www.hasert-haut.de\/ro\/leistungen\/neurodermatita\/\" title='neurodermatita'  data-rel='grid-1' class='grid-image avia-hover-fx'> <img decoding=\"async\" fetchpriority=\"high\" width=\"495\" height=\"400\" src=\"https:\/\/www.hasert-haut.de\/wp-content\/uploads\/2016\/12\/Neurodermitis-495x400.jpg\" class=\"wp-image-6036 avia-img-lazy-loading-not-6036 attachment-portfolio size-portfolio wp-post-image\" alt=\"Neurodermitis | Hautarzt Dr. Hasert Berlin-Mitte |\" \/><\/a><div class='grid-content'><div class='avia-arrow'><\/div><header class=\"entry-content-header\"><h3 class='grid-entry-title entry-title '  itemprop=\"headline\" ><a href='https:\/\/www.hasert-haut.de\/ro\/leistungen\/neurodermatita\/' title='neurodermatita'>neurodermatita<\/a><\/h3><\/header><\/div><footer class=\"entry-footer\"><\/footer><\/article><\/div><div data-ajax-id='7025' class=' grid-entry flex_column isotope-item all_sort no_margin post-entry post-entry-7025 grid-entry-overview grid-loop-5 grid-parity-odd  konservative-dermatologie-ro_sort  av_one_half first default_av_fullwidth '><article class='main_color inner-entry'  itemscope=\"itemscope\" itemtype=\"https:\/\/schema.org\/CreativeWork\" ><a href=\"https:\/\/www.hasert-haut.de\/ro\/leistungen\/pierderea-parului\/\" title='Pierderea parului'  data-rel='grid-1' class='grid-image avia-hover-fx'> <img decoding=\"async\" fetchpriority=\"high\" width=\"495\" height=\"400\" src=\"https:\/\/www.hasert-haut.de\/wp-content\/uploads\/2016\/12\/Haarausfall-495x400.jpg\" class=\"wp-image-6038 avia-img-lazy-loading-not-6038 attachment-portfolio size-portfolio wp-post-image\" alt=\"Haarausfall | Heutarzt Dr. Hasert Berlin-Mitte\" \/><\/a><div class='grid-content'><div class='avia-arrow'><\/div><header class=\"entry-content-header\"><h3 class='grid-entry-title entry-title '  itemprop=\"headline\" ><a href='https:\/\/www.hasert-haut.de\/ro\/leistungen\/pierderea-parului\/' title='Pierderea parului'>Pierderea parului<\/a><\/h3><\/header><\/div><footer class=\"entry-footer\"><\/footer><\/article><\/div><div data-ajax-id='7129' class=' grid-entry flex_column isotope-item all_sort no_margin post-entry post-entry-7129 grid-entry-overview grid-loop-6 grid-parity-even  post-entry-last  konservative-dermatologie-ro_sort  av_one_half  default_av_fullwidth '><article class='main_color inner-entry'  itemscope=\"itemscope\" itemtype=\"https:\/\/schema.org\/CreativeWork\" ><a href=\"https:\/\/www.hasert-haut.de\/ro\/leistungen\/psoriazis\/\" title='psoriazis'  data-rel='grid-1' class='grid-image avia-hover-fx'> <img decoding=\"async\" fetchpriority=\"high\" width=\"495\" height=\"400\" src=\"https:\/\/www.hasert-haut.de\/wp-content\/uploads\/2015\/01\/Psoriasis-3-495x400.jpg\" class=\"wp-image-6026 avia-img-lazy-loading-not-6026 attachment-portfolio size-portfolio wp-post-image\" alt=\"\" \/><\/a><div class='grid-content'><div class='avia-arrow'><\/div><header class=\"entry-content-header\"><h3 class='grid-entry-title entry-title '  itemprop=\"headline\" ><a href='https:\/\/www.hasert-haut.de\/ro\/leistungen\/psoriazis\/' title='psoriazis'>psoriazis<\/a><\/h3><\/header><div class='grid-entry-excerpt entry-content'  itemprop=\"text\" >Psoriazisul este o boal\u0103 a pielii care afecteaz\u0103 adesea doar c\u00e2teva p\u0103r\u021bi ale corpului, dar o poate acoperi \u0219i pe toate.<\/div><\/div><footer class=\"entry-footer\"><\/footer><\/article><\/div><\/div><\/div>\n\n","protected":false},"excerpt":{"rendered":"","protected":false},"author":1,"featured_media":0,"parent":0,"menu_order":0,"comment_status":"closed","ping_status":"closed","template":"","meta":{"footnotes":""},"class_list":["post-6487","page","type-page","status-publish","hentry"],"yoast_head":"<!-- This site is optimized with the Yoast SEO plugin v25.3.1 - https:\/\/yoast.com\/wordpress\/plugins\/seo\/ -->\n<title>Dermatologie conservatoare - Hautarzt Berlin - Praxisklinik Dr. Hasert<\/title>\n<meta name=\"robots\" content=\"index, follow, max-snippet:-1, max-image-preview:large, max-video-preview:-1\" \/>\n<link rel=\"canonical\" href=\"https:\/\/www.hasert-haut.de\/ro\/dermatologie-conservatoare\/\" \/>\n<meta property=\"og:locale\" content=\"ro_RO\" \/>\n<meta property=\"og:type\" content=\"article\" \/>\n<meta property=\"og:title\" content=\"Dermatologie conservatoare - Hautarzt Berlin - Praxisklinik Dr. Hasert\" \/>\n<meta property=\"og:url\" content=\"https:\/\/www.hasert-haut.de\/ro\/dermatologie-conservatoare\/\" \/>\n<meta property=\"og:site_name\" content=\"Hautarzt Berlin - Praxisklinik Dr. Hasert\" \/>\n<meta property=\"article:modified_time\" content=\"2022-11-02T14:23:39+00:00\" \/>\n<meta name=\"twitter:label1\" content=\"Timp estimat pentru citire\" \/>\n\t<meta name=\"twitter:data1\" content=\"4 minute\" \/>\n<script type=\"application\/ld+json\" class=\"yoast-schema-graph\">{\"@context\":\"https:\/\/schema.org\",\"@graph\":[{\"@type\":\"WebPage\",\"@id\":\"https:\/\/www.hasert-haut.de\/ro\/dermatologie-conservatoare\/\",\"url\":\"https:\/\/www.hasert-haut.de\/ro\/dermatologie-conservatoare\/\",\"name\":\"Dermatologie conservatoare - Hautarzt Berlin - Praxisklinik Dr. Hasert\",\"isPartOf\":{\"@id\":\"https:\/\/www.hasert-haut.de\/ro\/#website\"},\"datePublished\":\"2016-12-12T09:38:21+00:00\",\"dateModified\":\"2022-11-02T14:23:39+00:00\",\"breadcrumb\":{\"@id\":\"https:\/\/www.hasert-haut.de\/ro\/dermatologie-conservatoare\/#breadcrumb\"},\"inLanguage\":\"ro-RO\",\"potentialAction\":[{\"@type\":\"ReadAction\",\"target\":[\"https:\/\/www.hasert-haut.de\/ro\/dermatologie-conservatoare\/\"]}]},{\"@type\":\"BreadcrumbList\",\"@id\":\"https:\/\/www.hasert-haut.de\/ro\/dermatologie-conservatoare\/#breadcrumb\",\"itemListElement\":[{\"@type\":\"ListItem\",\"position\":1,\"name\":\"Home\",\"item\":\"https:\/\/www.hasert-haut.de\/ro\/bine-ati-venit\/\"},{\"@type\":\"ListItem\",\"position\":2,\"name\":\"Dermatologie conservatoare\"}]},{\"@type\":\"WebSite\",\"@id\":\"https:\/\/www.hasert-haut.de\/ro\/#website\",\"url\":\"https:\/\/www.hasert-haut.de\/ro\/\",\"name\":\"Hautarzt Berlin - Praxisklinik Dr. Hasert\",\"description\":\"Hautarzt, Allgemeinmedizin\",\"potentialAction\":[{\"@type\":\"SearchAction\",\"target\":{\"@type\":\"EntryPoint\",\"urlTemplate\":\"https:\/\/www.hasert-haut.de\/ro\/?s={search_term_string}\"},\"query-input\":{\"@type\":\"PropertyValueSpecification\",\"valueRequired\":true,\"valueName\":\"search_term_string\"}}],\"inLanguage\":\"ro-RO\"}]}<\/script>\n<!-- \/ Yoast SEO plugin. -->","yoast_head_json":{"title":"Dermatologie conservatoare - Hautarzt Berlin - Praxisklinik Dr. Hasert","robots":{"index":"index","follow":"follow","max-snippet":"max-snippet:-1","max-image-preview":"max-image-preview:large","max-video-preview":"max-video-preview:-1"},"canonical":"https:\/\/www.hasert-haut.de\/ro\/dermatologie-conservatoare\/","og_locale":"ro_RO","og_type":"article","og_title":"Dermatologie conservatoare - Hautarzt Berlin - Praxisklinik Dr. Hasert","og_url":"https:\/\/www.hasert-haut.de\/ro\/dermatologie-conservatoare\/","og_site_name":"Hautarzt Berlin - Praxisklinik Dr. Hasert","article_modified_time":"2022-11-02T14:23:39+00:00","twitter_misc":{"Timp estimat pentru citire":"4 minute"},"schema":{"@context":"https:\/\/schema.org","@graph":[{"@type":"WebPage","@id":"https:\/\/www.hasert-haut.de\/ro\/dermatologie-conservatoare\/","url":"https:\/\/www.hasert-haut.de\/ro\/dermatologie-conservatoare\/","name":"Dermatologie conservatoare - Hautarzt Berlin - Praxisklinik Dr. Hasert","isPartOf":{"@id":"https:\/\/www.hasert-haut.de\/ro\/#website"},"datePublished":"2016-12-12T09:38:21+00:00","dateModified":"2022-11-02T14:23:39+00:00","breadcrumb":{"@id":"https:\/\/www.hasert-haut.de\/ro\/dermatologie-conservatoare\/#breadcrumb"},"inLanguage":"ro-RO","potentialAction":[{"@type":"ReadAction","target":["https:\/\/www.hasert-haut.de\/ro\/dermatologie-conservatoare\/"]}]},{"@type":"BreadcrumbList","@id":"https:\/\/www.hasert-haut.de\/ro\/dermatologie-conservatoare\/#breadcrumb","itemListElement":[{"@type":"ListItem","position":1,"name":"Home","item":"https:\/\/www.hasert-haut.de\/ro\/bine-ati-venit\/"},{"@type":"ListItem","position":2,"name":"Dermatologie conservatoare"}]},{"@type":"WebSite","@id":"https:\/\/www.hasert-haut.de\/ro\/#website","url":"https:\/\/www.hasert-haut.de\/ro\/","name":"Hautarzt Berlin - Praxisklinik Dr. Hasert","description":"Hautarzt, Allgemeinmedizin","potentialAction":[{"@type":"SearchAction","target":{"@type":"EntryPoint","urlTemplate":"https:\/\/www.hasert-haut.de\/ro\/?s={search_term_string}"},"query-input":{"@type":"PropertyValueSpecification","valueRequired":true,"valueName":"search_term_string"}}],"inLanguage":"ro-RO"}]}},"_links":{"self":[{"href":"https:\/\/www.hasert-haut.de\/ro\/wp-json\/wp\/v2\/pages\/6487","targetHints":{"allow":["GET"]}}],"collection":[{"href":"https:\/\/www.hasert-haut.de\/ro\/wp-json\/wp\/v2\/pages"}],"about":[{"href":"https:\/\/www.hasert-haut.de\/ro\/wp-json\/wp\/v2\/types\/page"}],"author":[{"embeddable":true,"href":"https:\/\/www.hasert-haut.de\/ro\/wp-json\/wp\/v2\/users\/1"}],"replies":[{"embeddable":true,"href":"https:\/\/www.hasert-haut.de\/ro\/wp-json\/wp\/v2\/comments?post=6487"}],"version-history":[{"count":13,"href":"https:\/\/www.hasert-haut.de\/ro\/wp-json\/wp\/v2\/pages\/6487\/revisions"}],"predecessor-version":[{"id":9739,"href":"https:\/\/www.hasert-haut.de\/ro\/wp-json\/wp\/v2\/pages\/6487\/revisions\/9739"}],"wp:attachment":[{"href":"https:\/\/www.hasert-haut.de\/ro\/wp-json\/wp\/v2\/media?parent=6487"}],"curies":[{"name":"wp","href":"https:\/\/api.w.org\/{rel}","templated":true}]}}