{"id":6987,"date":"2022-10-11T09:22:47","date_gmt":"2022-10-11T09:22:47","guid":{"rendered":"https:\/\/www.hasert-haut.de\/leistungen\/faltenbehandlung\/"},"modified":"2022-11-09T13:10:39","modified_gmt":"2022-11-09T13:10:39","slug":"tratamentul-ridurilor","status":"publish","type":"portfolio","link":"https:\/\/www.hasert-haut.de\/ro\/leistungen\/tratamentul-ridurilor\/","title":{"rendered":"tratamentul ridurilor"},"content":{"rendered":"\n<style type=\"text\/css\" data-created_by=\"avia_inline_auto\" id=\"style-css-av-89fit-241dad1f5e6ade56fafb6afc3e4c0a6d\">\n#top .av-special-heading.av-89fit-241dad1f5e6ade56fafb6afc3e4c0a6d{\npadding-bottom:10px;\n}\nbody .av-special-heading.av-89fit-241dad1f5e6ade56fafb6afc3e4c0a6d .av-special-heading-tag .heading-char{\nfont-size:25px;\n}\n.av-special-heading.av-89fit-241dad1f5e6ade56fafb6afc3e4c0a6d .av-subheading{\nfont-size:15px;\n}\n<\/style>\n<div  class='av-special-heading av-89fit-241dad1f5e6ade56fafb6afc3e4c0a6d av-special-heading-h1 blockquote modern-quote  avia-builder-el-0  el_before_av_hr  avia-builder-el-first '><h1 class='av-special-heading-tag'  itemprop=\"headline\"  >tratamentul ridurilor<\/h1><div class=\"special-heading-border\"><div class=\"special-heading-inner-border\"><\/div><\/div><\/div>\n\n<style type=\"text\/css\" data-created_by=\"avia_inline_auto\" id=\"style-css-av-l96ryrhp-34611b3b3859af4f21b0a1bfa0ad5e24\">\n#top .hr.hr-invisible.av-l96ryrhp-34611b3b3859af4f21b0a1bfa0ad5e24{\nheight:50px;\n}\n<\/style>\n<div  class='hr av-l96ryrhp-34611b3b3859af4f21b0a1bfa0ad5e24 hr-invisible  avia-builder-el-1  el_after_av_heading  el_before_av_three_fifth '><span class='hr-inner '><span class=\"hr-inner-style\"><\/span><\/span><\/div>\n\n<style type=\"text\/css\" data-created_by=\"avia_inline_auto\" id=\"style-css-av-6dj6ns-7472608404402ce7ad5c72bb757e28f8\">\n.flex_column.av-6dj6ns-7472608404402ce7ad5c72bb757e28f8{\nborder-radius:0px 0px 0px 0px;\npadding:0px 0px 0px 0px;\n}\n<\/style>\n<div  class='flex_column av-6dj6ns-7472608404402ce7ad5c72bb757e28f8 av_three_fifth  avia-builder-el-2  el_after_av_hr  el_before_av_two_fifth  first flex_column_div av-zero-column-padding  '     ><section  class='av_textblock_section av-2bvyk-6c12829b206d37c4984cde74e1e3d3cf '   itemscope=\"itemscope\" itemtype=\"https:\/\/schema.org\/CreativeWork\" ><div class='avia_textblock'  itemprop=\"text\" ><p style=\"text-align: justify;\">Pielea fe\u021bei, \u00een special, \u00ee\u0219i pierde elasticitatea odat\u0103 cu \u00eenaintarea \u00een v\u00e2rst\u0103. De la v\u00e2rsta de 20 de ani \u00eencepe procesul de \u00eemb\u0103tr\u00e2nire treptat\u0103 a pielii. \u00cen plus, influen\u021bele externe precum soarele \u0219i, \u00een special, expunerea la nicotin\u0103 las\u0103 urme vizibile pe piele \u00een timp.  <\/p>\n<p style=\"text-align: justify;\">Te enerveaz\u0103 ridurile transversale de pe frunte sau liniile \u00eencruntate dintre spr\u00e2ncene? Ave\u021bi linii de expresie pronun\u021bate \u00een jurul p\u0103r\u021bilor laterale ale ochilor (&#8222;picioarele ciobiei&#8221;)? Aceste riduri problematice de pe fa\u021b\u0103 pot fi eliminate foarte bine cu injec\u021biile cu Botox\u00ae. Aceast\u0103 terapie de relaxare muscular\u0103 are ca rezultat un efect de netezire clar \u0219i de lung\u0103 durat\u0103.   <\/p>\n<p style=\"text-align: justify;\">Ti-ar placea sa scapi de primele riduri delicate din jurul gurii sau ai pliuri nazolabiale foarte pronuntate?<\/p>\n<p style=\"text-align: justify;\">Astfel de probleme pot fi eliminate rapid \u0219i fiabil prin injec\u021bii pentru riduri. Ridurile sunt umplute prin injectarea diferitelor substan\u021be precum acidul hialuronic sau acidul polilactic, care fie apar \u00een mod natural \u00een organism, fie sunt descompuse din nou acolo. O alt\u0103 metod\u0103 de injectare a ridurilor pronun\u021bate sau a defectelor de substan\u021b\u0103 este injectarea de gr\u0103sime proprie a corpului, care este \u00een prealabil \u00eendep\u0103rtat\u0103 \u0219i prelucrat\u0103 prin liposuc\u021bie (liposuc\u021bie) din regiunea abdomenului sau coapsei. Dup\u0103 mai multe injec\u021bii cu propriul \u201efiller de gr\u0103sime\u201d al corpului, exist\u0103 un efect de netezire de lung\u0103 durat\u0103.   <\/p>\n<p style=\"text-align: justify;\">A\u0219a-numitele riduri statice, care pot ap\u0103rea \u00een \u00eentreaga zon\u0103 facial\u0103 de-a lungul vie\u021bii, pot fi, de asemenea, netezite eficient cu terapia cu laser Fraxella sau refacerea pielii cu laserul Erbium YAG sau CO2.<\/p>\n<\/div><\/section><\/div>\n<style type=\"text\/css\" data-created_by=\"avia_inline_auto\" id=\"style-css-av-35maw8-40d53b73a800c5af1e8f9ef0bbd6d964\">\n.flex_column.av-35maw8-40d53b73a800c5af1e8f9ef0bbd6d964{\nborder-radius:0px 0px 0px 0px;\npadding:0px 0px 0px 0px;\n}\n<\/style>\n<div  class='flex_column av-35maw8-40d53b73a800c5af1e8f9ef0bbd6d964 av_two_fifth  avia-builder-el-4  el_after_av_three_fifth  el_before_av_hr  flex_column_div av-zero-column-padding  '     ><div id='av-masonry-1' class='av-masonry av-l96s1ic1-e1f1727f070af57930f3c9c6addd6ca4 noHover av-fixed-size av-large-gap av-hover-overlay-active av-masonry-animation-active av-masonry-col-2 av-caption-always av-caption-style- av-masonry-gallery ' data-post_id=\"6987\"><div class=\"av-masonry-container isotope av-js-disabled\"><div class='av-masonry-entry isotope-item av-masonry-item-no-image '><\/div><a href=\"https:\/\/www.hasert-haut.de\/wp-content\/uploads\/2015\/01\/Faltenbehandlung3.jpg\" data-srcset=\"https:\/\/www.hasert-haut.de\/wp-content\/uploads\/2015\/01\/Faltenbehandlung3.jpg 600w, https:\/\/www.hasert-haut.de\/wp-content\/uploads\/2015\/01\/Faltenbehandlung3-80x80.jpg 80w, https:\/\/www.hasert-haut.de\/wp-content\/uploads\/2015\/01\/Faltenbehandlung3-300x300.jpg 300w, https:\/\/www.hasert-haut.de\/wp-content\/uploads\/2015\/01\/Faltenbehandlung3-36x36.jpg 36w, https:\/\/www.hasert-haut.de\/wp-content\/uploads\/2015\/01\/Faltenbehandlung3-180x180.jpg 180w, https:\/\/www.hasert-haut.de\/wp-content\/uploads\/2015\/01\/Faltenbehandlung3-120x120.jpg 120w, https:\/\/www.hasert-haut.de\/wp-content\/uploads\/2015\/01\/Faltenbehandlung3-450x450.jpg 450w\" data-sizes=\"(max-width: 600px) 100vw, 600px\"  aria-label=\"image Faltenbehandlung\"  id='av-masonry-1-item-5874' data-av-masonry-item='5874' class='av-masonry-entry isotope-item post-5874 attachment type-attachment status-inherit hentry  av-masonry-item-with-image' title=\"Faltenbehandlung\" alt=\"\"    itemprop=\"thumbnailUrl\" ><div class='av-inner-masonry-sizer'><\/div><figure class='av-inner-masonry main_color'><div class=\"av-masonry-outerimage-container\"><div class='av-masonry-image-container' style=\"background-image: url(https:\/\/www.hasert-haut.de\/wp-content\/uploads\/2015\/01\/Faltenbehandlung3.jpg);\"  title=\"Faltenbehandlung\"  ><\/div><\/div><\/figure><\/a><!--end av-masonry entry--><a href=\"https:\/\/www.hasert-haut.de\/wp-content\/uploads\/2015\/01\/Faltenbehandlung2.jpg\" data-srcset=\"https:\/\/www.hasert-haut.de\/wp-content\/uploads\/2015\/01\/Faltenbehandlung2.jpg 600w, https:\/\/www.hasert-haut.de\/wp-content\/uploads\/2015\/01\/Faltenbehandlung2-80x80.jpg 80w, https:\/\/www.hasert-haut.de\/wp-content\/uploads\/2015\/01\/Faltenbehandlung2-300x300.jpg 300w, https:\/\/www.hasert-haut.de\/wp-content\/uploads\/2015\/01\/Faltenbehandlung2-36x36.jpg 36w, https:\/\/www.hasert-haut.de\/wp-content\/uploads\/2015\/01\/Faltenbehandlung2-180x180.jpg 180w, https:\/\/www.hasert-haut.de\/wp-content\/uploads\/2015\/01\/Faltenbehandlung2-120x120.jpg 120w, https:\/\/www.hasert-haut.de\/wp-content\/uploads\/2015\/01\/Faltenbehandlung2-450x450.jpg 450w\" data-sizes=\"(max-width: 600px) 100vw, 600px\"  aria-label=\"image Faltenbehandlung\"  id='av-masonry-1-item-5872' data-av-masonry-item='5872' class='av-masonry-entry isotope-item post-5872 attachment type-attachment status-inherit hentry  av-masonry-item-with-image' title=\"Faltenbehandlung\" alt=\"\"    itemprop=\"thumbnailUrl\" ><div class='av-inner-masonry-sizer'><\/div><figure class='av-inner-masonry main_color'><div class=\"av-masonry-outerimage-container\"><div class='av-masonry-image-container' style=\"background-image: url(https:\/\/www.hasert-haut.de\/wp-content\/uploads\/2015\/01\/Faltenbehandlung2.jpg);\"  title=\"Faltenbehandlung\"  ><\/div><\/div><\/figure><\/a><!--end av-masonry entry--><a href=\"https:\/\/www.hasert-haut.de\/wp-content\/uploads\/2015\/01\/Faltenbehandlung1.jpg\" data-srcset=\"https:\/\/www.hasert-haut.de\/wp-content\/uploads\/2015\/01\/Faltenbehandlung1.jpg 600w, https:\/\/www.hasert-haut.de\/wp-content\/uploads\/2015\/01\/Faltenbehandlung1-80x80.jpg 80w, https:\/\/www.hasert-haut.de\/wp-content\/uploads\/2015\/01\/Faltenbehandlung1-300x300.jpg 300w, https:\/\/www.hasert-haut.de\/wp-content\/uploads\/2015\/01\/Faltenbehandlung1-36x36.jpg 36w, https:\/\/www.hasert-haut.de\/wp-content\/uploads\/2015\/01\/Faltenbehandlung1-180x180.jpg 180w, https:\/\/www.hasert-haut.de\/wp-content\/uploads\/2015\/01\/Faltenbehandlung1-120x120.jpg 120w, https:\/\/www.hasert-haut.de\/wp-content\/uploads\/2015\/01\/Faltenbehandlung1-450x450.jpg 450w\" data-sizes=\"(max-width: 600px) 100vw, 600px\"  aria-label=\"image Faltenbehandlung\"  id='av-masonry-1-item-5870' data-av-masonry-item='5870' class='av-masonry-entry isotope-item post-5870 attachment type-attachment status-inherit hentry  av-masonry-item-with-image' title=\"Faltenbehandlung\" alt=\"\"    itemprop=\"thumbnailUrl\" ><div class='av-inner-masonry-sizer'><\/div><figure class='av-inner-masonry main_color'><div class=\"av-masonry-outerimage-container\"><div class='av-masonry-image-container' style=\"background-image: url(https:\/\/www.hasert-haut.de\/wp-content\/uploads\/2015\/01\/Faltenbehandlung1.jpg);\"  title=\"Faltenbehandlung\"  ><\/div><\/div><\/figure><\/a><!--end av-masonry entry--><\/div><\/div><\/div>\n<style type=\"text\/css\" data-created_by=\"avia_inline_auto\" id=\"style-css-av-1r06m-22f4993bc341f54115743d69d089ae2f\">\n#top .hr.hr-invisible.av-1r06m-22f4993bc341f54115743d69d089ae2f{\nheight:50px;\n}\n<\/style>\n<div  class='hr av-1r06m-22f4993bc341f54115743d69d089ae2f hr-invisible  avia-builder-el-6  el_after_av_two_fifth  el_before_av_postcontent  avia-builder-el-last '><span class='hr-inner '><span class=\"hr-inner-style\"><\/span><\/span><\/div><\/p>\n[av_heading heading='Alte servicii ale cabinetului nostru' tag='h3' style='blockquote modern-quote modern-centered' subheading_active='' show_icon='' icon='ue800' font='' size='' av-medium-font-size-title='' av-small-font-size-title='' av-mini-font-size-title='' subheading_size='' av-medium-font-size='' av-small-font-size='' av-mini-font-size='' icon_size='' av-medium-font-size-1='' av-small-font-size-1='' av-mini-font-size-1='' color='' custom_font='' icon_color='' margin='' margin_sync='true' padding='10' icon_padding='10' link='' link_target='' id='' custom_class='' av_uid='av-l9475f5a' admin_preview_bg=''][\/av_heading]\n\n[av_masonry_entries link='portfolio_entries,95,72,73,71' wc_prod_visible='' wc_prod_hidden='hide' wc_prod_featured='' prod_order_by='' prod_order='' date_filter='' date_filter_start='' date_filter_end='' date_filter_format='yy\/mm\/dd' sort='no' query_orderby='rand' query_order='DESC' caption_elements='title' caption_styling='overlay' caption_display='always' size='fixed' orientation='' gap='large' columns='5' av-medium-columns='' av-small-columns='' av-mini-columns='' items='5' paginate='none' color='' custom_bg='' overlay_fx='active' animation='active' lazy_loading='disabled' id='' custom_class='' av_uid='av-l9474s7j']\n\n\n","protected":false},"excerpt":{"rendered":"<p>Pielea fe\u021bei, \u00een special, \u00ee\u0219i pierde elasticitatea odat\u0103 cu \u00eenaintarea \u00een v\u00e2rst\u0103. De la v\u00e2rsta de 20 de ani \u00eencepe procesul de \u00eemb\u0103tr\u00e2nire treptat\u0103 a pielii.<\/p>\n","protected":false},"featured_media":5874,"comment_status":"closed","ping_status":"closed","template":"","tags":[],"portfolio_entries":[91],"class_list":["post-6987","portfolio","type-portfolio","status-publish","has-post-thumbnail","hentry","portfolio_entries-aesthetische-dermatologie-ro"],"yoast_head":"<!-- This site is optimized with the Yoast SEO plugin v25.3.1 - https:\/\/yoast.com\/wordpress\/plugins\/seo\/ -->\n<title>Tratamentul ridurilor | dermatolog dr Hasert Berlin<\/title>\n<meta name=\"description\" content=\"Tratamentul nostru antirid face posibil\u0103 contracararea procesului de \u00eemb\u0103tr\u00e2nire treptat\u0103 a pielii de pe fa\u021b\u0103, care \u00eencepe de la v\u00e2rsta de 20 de ani.\" \/>\n<meta name=\"robots\" content=\"index, follow, max-snippet:-1, max-image-preview:large, max-video-preview:-1\" \/>\n<link rel=\"canonical\" href=\"https:\/\/www.hasert-haut.de\/ro\/leistungen\/tratamentul-ridurilor\/\" \/>\n<meta property=\"og:locale\" content=\"ro_RO\" \/>\n<meta property=\"og:type\" content=\"article\" \/>\n<meta property=\"og:title\" content=\"Tratamentul ridurilor | dermatolog dr Hasert Berlin\" \/>\n<meta property=\"og:description\" content=\"Tratamentul nostru antirid face posibil\u0103 contracararea procesului de \u00eemb\u0103tr\u00e2nire treptat\u0103 a pielii de pe fa\u021b\u0103, care \u00eencepe de la v\u00e2rsta de 20 de ani.\" \/>\n<meta property=\"og:url\" content=\"https:\/\/www.hasert-haut.de\/ro\/leistungen\/tratamentul-ridurilor\/\" \/>\n<meta property=\"og:site_name\" content=\"Hautarzt Berlin - Praxisklinik Dr. Hasert\" \/>\n<meta property=\"article:modified_time\" content=\"2022-11-09T13:10:39+00:00\" \/>\n<meta property=\"og:image\" content=\"https:\/\/www.hasert-haut.de\/wp-content\/uploads\/2015\/01\/Faltenbehandlung3.jpg\" \/>\n\t<meta property=\"og:image:width\" content=\"600\" \/>\n\t<meta property=\"og:image:height\" content=\"600\" \/>\n\t<meta property=\"og:image:type\" content=\"image\/jpeg\" \/>\n<meta name=\"twitter:label1\" content=\"Timp estimat pentru citire\" \/>\n\t<meta name=\"twitter:data1\" content=\"4 minute\" \/>\n<script type=\"application\/ld+json\" class=\"yoast-schema-graph\">{\"@context\":\"https:\/\/schema.org\",\"@graph\":[{\"@type\":\"WebPage\",\"@id\":\"https:\/\/www.hasert-haut.de\/ro\/leistungen\/tratamentul-ridurilor\/\",\"url\":\"https:\/\/www.hasert-haut.de\/ro\/leistungen\/tratamentul-ridurilor\/\",\"name\":\"Tratamentul ridurilor | dermatolog dr Hasert Berlin\",\"isPartOf\":{\"@id\":\"https:\/\/www.hasert-haut.de\/ro\/#website\"},\"primaryImageOfPage\":{\"@id\":\"https:\/\/www.hasert-haut.de\/ro\/leistungen\/tratamentul-ridurilor\/#primaryimage\"},\"image\":{\"@id\":\"https:\/\/www.hasert-haut.de\/ro\/leistungen\/tratamentul-ridurilor\/#primaryimage\"},\"thumbnailUrl\":\"https:\/\/www.hasert-haut.de\/wp-content\/uploads\/2015\/01\/Faltenbehandlung3.jpg\",\"datePublished\":\"2022-10-11T09:22:47+00:00\",\"dateModified\":\"2022-11-09T13:10:39+00:00\",\"description\":\"Tratamentul nostru antirid face posibil\u0103 contracararea procesului de \u00eemb\u0103tr\u00e2nire treptat\u0103 a pielii de pe fa\u021b\u0103, care \u00eencepe de la v\u00e2rsta de 20 de ani.\",\"breadcrumb\":{\"@id\":\"https:\/\/www.hasert-haut.de\/ro\/leistungen\/tratamentul-ridurilor\/#breadcrumb\"},\"inLanguage\":\"ro-RO\",\"potentialAction\":[{\"@type\":\"ReadAction\",\"target\":[\"https:\/\/www.hasert-haut.de\/ro\/leistungen\/tratamentul-ridurilor\/\"]}]},{\"@type\":\"ImageObject\",\"inLanguage\":\"ro-RO\",\"@id\":\"https:\/\/www.hasert-haut.de\/ro\/leistungen\/tratamentul-ridurilor\/#primaryimage\",\"url\":\"https:\/\/www.hasert-haut.de\/wp-content\/uploads\/2015\/01\/Faltenbehandlung3.jpg\",\"contentUrl\":\"https:\/\/www.hasert-haut.de\/wp-content\/uploads\/2015\/01\/Faltenbehandlung3.jpg\",\"width\":600,\"height\":600,\"caption\":\"Faltenbehandlung\"},{\"@type\":\"BreadcrumbList\",\"@id\":\"https:\/\/www.hasert-haut.de\/ro\/leistungen\/tratamentul-ridurilor\/#breadcrumb\",\"itemListElement\":[{\"@type\":\"ListItem\",\"position\":1,\"name\":\"Home\",\"item\":\"https:\/\/www.hasert-haut.de\/ro\/bine-ati-venit\/\"},{\"@type\":\"ListItem\",\"position\":2,\"name\":\"tratamentul ridurilor\"}]},{\"@type\":\"WebSite\",\"@id\":\"https:\/\/www.hasert-haut.de\/ro\/#website\",\"url\":\"https:\/\/www.hasert-haut.de\/ro\/\",\"name\":\"Hautarzt Berlin - Praxisklinik Dr. Hasert\",\"description\":\"Hautarzt, Allgemeinmedizin\",\"potentialAction\":[{\"@type\":\"SearchAction\",\"target\":{\"@type\":\"EntryPoint\",\"urlTemplate\":\"https:\/\/www.hasert-haut.de\/ro\/?s={search_term_string}\"},\"query-input\":{\"@type\":\"PropertyValueSpecification\",\"valueRequired\":true,\"valueName\":\"search_term_string\"}}],\"inLanguage\":\"ro-RO\"}]}<\/script>\n<!-- \/ Yoast SEO plugin. -->","yoast_head_json":{"title":"Tratamentul ridurilor | dermatolog dr Hasert Berlin","description":"Tratamentul nostru antirid face posibil\u0103 contracararea procesului de \u00eemb\u0103tr\u00e2nire treptat\u0103 a pielii de pe fa\u021b\u0103, care \u00eencepe de la v\u00e2rsta de 20 de ani.","robots":{"index":"index","follow":"follow","max-snippet":"max-snippet:-1","max-image-preview":"max-image-preview:large","max-video-preview":"max-video-preview:-1"},"canonical":"https:\/\/www.hasert-haut.de\/ro\/leistungen\/tratamentul-ridurilor\/","og_locale":"ro_RO","og_type":"article","og_title":"Tratamentul ridurilor | dermatolog dr Hasert Berlin","og_description":"Tratamentul nostru antirid face posibil\u0103 contracararea procesului de \u00eemb\u0103tr\u00e2nire treptat\u0103 a pielii de pe fa\u021b\u0103, care \u00eencepe de la v\u00e2rsta de 20 de ani.","og_url":"https:\/\/www.hasert-haut.de\/ro\/leistungen\/tratamentul-ridurilor\/","og_site_name":"Hautarzt Berlin - Praxisklinik Dr. Hasert","article_modified_time":"2022-11-09T13:10:39+00:00","og_image":[{"width":600,"height":600,"url":"https:\/\/www.hasert-haut.de\/wp-content\/uploads\/2015\/01\/Faltenbehandlung3.jpg","type":"image\/jpeg"}],"twitter_misc":{"Timp estimat pentru citire":"4 minute"},"schema":{"@context":"https:\/\/schema.org","@graph":[{"@type":"WebPage","@id":"https:\/\/www.hasert-haut.de\/ro\/leistungen\/tratamentul-ridurilor\/","url":"https:\/\/www.hasert-haut.de\/ro\/leistungen\/tratamentul-ridurilor\/","name":"Tratamentul ridurilor | dermatolog dr Hasert Berlin","isPartOf":{"@id":"https:\/\/www.hasert-haut.de\/ro\/#website"},"primaryImageOfPage":{"@id":"https:\/\/www.hasert-haut.de\/ro\/leistungen\/tratamentul-ridurilor\/#primaryimage"},"image":{"@id":"https:\/\/www.hasert-haut.de\/ro\/leistungen\/tratamentul-ridurilor\/#primaryimage"},"thumbnailUrl":"https:\/\/www.hasert-haut.de\/wp-content\/uploads\/2015\/01\/Faltenbehandlung3.jpg","datePublished":"2022-10-11T09:22:47+00:00","dateModified":"2022-11-09T13:10:39+00:00","description":"Tratamentul nostru antirid face posibil\u0103 contracararea procesului de \u00eemb\u0103tr\u00e2nire treptat\u0103 a pielii de pe fa\u021b\u0103, care \u00eencepe de la v\u00e2rsta de 20 de ani.","breadcrumb":{"@id":"https:\/\/www.hasert-haut.de\/ro\/leistungen\/tratamentul-ridurilor\/#breadcrumb"},"inLanguage":"ro-RO","potentialAction":[{"@type":"ReadAction","target":["https:\/\/www.hasert-haut.de\/ro\/leistungen\/tratamentul-ridurilor\/"]}]},{"@type":"ImageObject","inLanguage":"ro-RO","@id":"https:\/\/www.hasert-haut.de\/ro\/leistungen\/tratamentul-ridurilor\/#primaryimage","url":"https:\/\/www.hasert-haut.de\/wp-content\/uploads\/2015\/01\/Faltenbehandlung3.jpg","contentUrl":"https:\/\/www.hasert-haut.de\/wp-content\/uploads\/2015\/01\/Faltenbehandlung3.jpg","width":600,"height":600,"caption":"Faltenbehandlung"},{"@type":"BreadcrumbList","@id":"https:\/\/www.hasert-haut.de\/ro\/leistungen\/tratamentul-ridurilor\/#breadcrumb","itemListElement":[{"@type":"ListItem","position":1,"name":"Home","item":"https:\/\/www.hasert-haut.de\/ro\/bine-ati-venit\/"},{"@type":"ListItem","position":2,"name":"tratamentul ridurilor"}]},{"@type":"WebSite","@id":"https:\/\/www.hasert-haut.de\/ro\/#website","url":"https:\/\/www.hasert-haut.de\/ro\/","name":"Hautarzt Berlin - Praxisklinik Dr. Hasert","description":"Hautarzt, Allgemeinmedizin","potentialAction":[{"@type":"SearchAction","target":{"@type":"EntryPoint","urlTemplate":"https:\/\/www.hasert-haut.de\/ro\/?s={search_term_string}"},"query-input":{"@type":"PropertyValueSpecification","valueRequired":true,"valueName":"search_term_string"}}],"inLanguage":"ro-RO"}]}},"_links":{"self":[{"href":"https:\/\/www.hasert-haut.de\/ro\/wp-json\/wp\/v2\/portfolio\/6987","targetHints":{"allow":["GET"]}}],"collection":[{"href":"https:\/\/www.hasert-haut.de\/ro\/wp-json\/wp\/v2\/portfolio"}],"about":[{"href":"https:\/\/www.hasert-haut.de\/ro\/wp-json\/wp\/v2\/types\/portfolio"}],"replies":[{"embeddable":true,"href":"https:\/\/www.hasert-haut.de\/ro\/wp-json\/wp\/v2\/comments?post=6987"}],"version-history":[{"count":19,"href":"https:\/\/www.hasert-haut.de\/ro\/wp-json\/wp\/v2\/portfolio\/6987\/revisions"}],"predecessor-version":[{"id":11002,"href":"https:\/\/www.hasert-haut.de\/ro\/wp-json\/wp\/v2\/portfolio\/6987\/revisions\/11002"}],"wp:featuredmedia":[{"embeddable":true,"href":"https:\/\/www.hasert-haut.de\/ro\/wp-json\/wp\/v2\/media\/5874"}],"wp:attachment":[{"href":"https:\/\/www.hasert-haut.de\/ro\/wp-json\/wp\/v2\/media?parent=6987"}],"wp:term":[{"taxonomy":"post_tag","embeddable":true,"href":"https:\/\/www.hasert-haut.de\/ro\/wp-json\/wp\/v2\/tags?post=6987"},{"taxonomy":"portfolio_entries","embeddable":true,"href":"https:\/\/www.hasert-haut.de\/ro\/wp-json\/wp\/v2\/portfolio_entries?post=6987"}],"curies":[{"name":"wp","href":"https:\/\/api.w.org\/{rel}","templated":true}]}}