{"id":7003,"date":"2022-10-11T09:27:02","date_gmt":"2022-10-11T09:27:02","guid":{"rendered":"https:\/\/www.hasert-haut.de\/leistungen\/fraxel-lasertherapie\/"},"modified":"2022-11-09T13:11:55","modified_gmt":"2022-11-09T13:11:55","slug":"terapie-cu-laser-fraxel","status":"publish","type":"portfolio","link":"https:\/\/www.hasert-haut.de\/ro\/leistungen\/terapie-cu-laser-fraxel\/","title":{"rendered":"Terapia cu laser Fraxel"},"content":{"rendered":"\n<style type=\"text\/css\" data-created_by=\"avia_inline_auto\" id=\"style-css-av-83ux3-3c3dcf81873aadb5f998a16c256fcfb1\">\n#top .av-special-heading.av-83ux3-3c3dcf81873aadb5f998a16c256fcfb1{\npadding-bottom:10px;\n}\nbody .av-special-heading.av-83ux3-3c3dcf81873aadb5f998a16c256fcfb1 .av-special-heading-tag .heading-char{\nfont-size:25px;\n}\n.av-special-heading.av-83ux3-3c3dcf81873aadb5f998a16c256fcfb1 .av-subheading{\nfont-size:15px;\n}\n<\/style>\n<div  class='av-special-heading av-83ux3-3c3dcf81873aadb5f998a16c256fcfb1 av-special-heading-h1 blockquote modern-quote  avia-builder-el-0  el_before_av_hr  avia-builder-el-first '><h1 class='av-special-heading-tag'  itemprop=\"headline\"  >Terapia cu laser Fraxel<\/h1><div class=\"special-heading-border\"><div class=\"special-heading-inner-border\"><\/div><\/div><\/div>\n\n<style type=\"text\/css\" data-created_by=\"avia_inline_auto\" id=\"style-css-av-l96ryrhp-34611b3b3859af4f21b0a1bfa0ad5e24\">\n#top .hr.hr-invisible.av-l96ryrhp-34611b3b3859af4f21b0a1bfa0ad5e24{\nheight:50px;\n}\n<\/style>\n<div  class='hr av-l96ryrhp-34611b3b3859af4f21b0a1bfa0ad5e24 hr-invisible  avia-builder-el-1  el_after_av_heading  el_before_av_three_fifth '><span class='hr-inner '><span class=\"hr-inner-style\"><\/span><\/span><\/div>\n\n<style type=\"text\/css\" data-created_by=\"avia_inline_auto\" id=\"style-css-av-6dj6ns-7472608404402ce7ad5c72bb757e28f8\">\n.flex_column.av-6dj6ns-7472608404402ce7ad5c72bb757e28f8{\nborder-radius:0px 0px 0px 0px;\npadding:0px 0px 0px 0px;\n}\n<\/style>\n<div  class='flex_column av-6dj6ns-7472608404402ce7ad5c72bb757e28f8 av_three_fifth  avia-builder-el-2  el_after_av_hr  el_before_av_two_fifth  first flex_column_div av-zero-column-padding  '     ><section  class='av_textblock_section av-2baq6-1d5be3d54d24954d0b318114a95689e8 '   itemscope=\"itemscope\" itemtype=\"https:\/\/schema.org\/CreativeWork\" ><div class='avia_textblock'  itemprop=\"text\" ><p>Cu acest tip de tratament cu laser, cei mai mici cilindri de \u021besut ai pielii sunt \u00eendep\u0103rta\u021bi cu o acurate\u021be maxim\u0103 (\u201ezonele de tratament microscopic\u201d) folosind o crem\u0103 anestezic\u0103 folosind mii de fascicule micro-laser. Vindecarea micro-r\u0103nilor rezultate \u00een zonele tratate, datorit\u0103 contrac\u021biilor pl\u0103gii rezultate \u0219i form\u0103rii de colagen nou, duce la o scurtare a suprafe\u021bei \u0219i astfel la o netezire a pielii. Terapia cu laser Fraxel este potrivit\u0103 \u00een special pentru zona fe\u021bei, netezind porii, reduc\u00e2nd cicatricile de acnee, daunele solare \u0219i ridurile. Este aproape nedureroas\u0103 \u0219i trebuie efectuat\u0103 de mai multe ori pentru rezultate optime.<\/p>\n<\/div><\/section><\/div>\n<style type=\"text\/css\" data-created_by=\"avia_inline_auto\" id=\"style-css-av-35maw8-40d53b73a800c5af1e8f9ef0bbd6d964\">\n.flex_column.av-35maw8-40d53b73a800c5af1e8f9ef0bbd6d964{\nborder-radius:0px 0px 0px 0px;\npadding:0px 0px 0px 0px;\n}\n<\/style>\n<div  class='flex_column av-35maw8-40d53b73a800c5af1e8f9ef0bbd6d964 av_two_fifth  avia-builder-el-4  el_after_av_three_fifth  el_before_av_hr  flex_column_div av-zero-column-padding  '     ><div id='av-masonry-1' class='av-masonry av-l96s1ic1-c38ab74d82852ca4a17ec1bf78016191 noHover av-fixed-size av-large-gap av-hover-overlay-active av-masonry-animation-active av-masonry-col-2 av-caption-always av-caption-style- av-masonry-gallery ' data-post_id=\"7003\"><div class=\"av-masonry-container isotope av-js-disabled\"><div class='av-masonry-entry isotope-item av-masonry-item-no-image '><\/div><a href=\"https:\/\/www.hasert-haut.de\/wp-content\/uploads\/2015\/01\/Fraxel-Lasertherapie-4.jpg\" data-srcset=\"https:\/\/www.hasert-haut.de\/wp-content\/uploads\/2015\/01\/Fraxel-Lasertherapie-4.jpg 800w, https:\/\/www.hasert-haut.de\/wp-content\/uploads\/2015\/01\/Fraxel-Lasertherapie-4-300x225.jpg 300w, https:\/\/www.hasert-haut.de\/wp-content\/uploads\/2015\/01\/Fraxel-Lasertherapie-4-705x528.jpg 705w, https:\/\/www.hasert-haut.de\/wp-content\/uploads\/2015\/01\/Fraxel-Lasertherapie-4-450x337.jpg 450w\" data-sizes=\"(max-width: 800px) 100vw, 800px\"  aria-label=\"image Fraxel Lasertherapie\"  id='av-masonry-1-item-5808' data-av-masonry-item='5808' class='av-masonry-entry isotope-item post-5808 attachment type-attachment status-inherit hentry  av-masonry-item-with-image' title=\"Fraxel Lasertherapie\" alt=\"\"    itemprop=\"thumbnailUrl\" ><div class='av-inner-masonry-sizer'><\/div><figure class='av-inner-masonry main_color'><div class=\"av-masonry-outerimage-container\"><div class='av-masonry-image-container' style=\"background-image: url(https:\/\/www.hasert-haut.de\/wp-content\/uploads\/2015\/01\/Fraxel-Lasertherapie-4-705x528.jpg);\"  title=\"Fraxel Lasertherapie\"  ><\/div><\/div><\/figure><\/a><!--end av-masonry entry--><a href=\"https:\/\/www.hasert-haut.de\/wp-content\/uploads\/2015\/01\/Fraxel-Lasertherapie-2.jpg\" data-srcset=\"https:\/\/www.hasert-haut.de\/wp-content\/uploads\/2015\/01\/Fraxel-Lasertherapie-2.jpg 800w, https:\/\/www.hasert-haut.de\/wp-content\/uploads\/2015\/01\/Fraxel-Lasertherapie-2-300x225.jpg 300w, https:\/\/www.hasert-haut.de\/wp-content\/uploads\/2015\/01\/Fraxel-Lasertherapie-2-705x528.jpg 705w, https:\/\/www.hasert-haut.de\/wp-content\/uploads\/2015\/01\/Fraxel-Lasertherapie-2-450x337.jpg 450w\" data-sizes=\"(max-width: 800px) 100vw, 800px\"  aria-label=\"image Fraxel Lasertherapie\"  id='av-masonry-1-item-5804' data-av-masonry-item='5804' class='av-masonry-entry isotope-item post-5804 attachment type-attachment status-inherit hentry  av-masonry-item-with-image' title=\"Fraxel Lasertherapie\" alt=\"\"    itemprop=\"thumbnailUrl\" ><div class='av-inner-masonry-sizer'><\/div><figure class='av-inner-masonry main_color'><div class=\"av-masonry-outerimage-container\"><div class='av-masonry-image-container' style=\"background-image: url(https:\/\/www.hasert-haut.de\/wp-content\/uploads\/2015\/01\/Fraxel-Lasertherapie-2-705x528.jpg);\"  title=\"Fraxel Lasertherapie\"  ><\/div><\/div><\/figure><\/a><!--end av-masonry entry--><a href=\"https:\/\/www.hasert-haut.de\/wp-content\/uploads\/2015\/01\/Fraxel-Lasertherapie-1.jpg\" data-srcset=\"https:\/\/www.hasert-haut.de\/wp-content\/uploads\/2015\/01\/Fraxel-Lasertherapie-1.jpg 800w, https:\/\/www.hasert-haut.de\/wp-content\/uploads\/2015\/01\/Fraxel-Lasertherapie-1-300x225.jpg 300w, https:\/\/www.hasert-haut.de\/wp-content\/uploads\/2015\/01\/Fraxel-Lasertherapie-1-705x528.jpg 705w, https:\/\/www.hasert-haut.de\/wp-content\/uploads\/2015\/01\/Fraxel-Lasertherapie-1-450x337.jpg 450w\" data-sizes=\"(max-width: 800px) 100vw, 800px\"  aria-label=\"image Fraxel Lasertherapie\"  id='av-masonry-1-item-5802' data-av-masonry-item='5802' class='av-masonry-entry isotope-item post-5802 attachment type-attachment status-inherit hentry  av-masonry-item-with-image' title=\"Fraxel Lasertherapie\" alt=\"\"    itemprop=\"thumbnailUrl\" ><div class='av-inner-masonry-sizer'><\/div><figure class='av-inner-masonry main_color'><div class=\"av-masonry-outerimage-container\"><div class='av-masonry-image-container' style=\"background-image: url(https:\/\/www.hasert-haut.de\/wp-content\/uploads\/2015\/01\/Fraxel-Lasertherapie-1-705x528.jpg);\"  title=\"Fraxel Lasertherapie\"  ><\/div><\/div><\/figure><\/a><!--end av-masonry entry--><a href=\"https:\/\/www.hasert-haut.de\/wp-content\/uploads\/2015\/01\/Fraxel-Lasertherapie-3.jpg\" data-srcset=\"https:\/\/www.hasert-haut.de\/wp-content\/uploads\/2015\/01\/Fraxel-Lasertherapie-3.jpg 800w, https:\/\/www.hasert-haut.de\/wp-content\/uploads\/2015\/01\/Fraxel-Lasertherapie-3-300x225.jpg 300w, https:\/\/www.hasert-haut.de\/wp-content\/uploads\/2015\/01\/Fraxel-Lasertherapie-3-705x528.jpg 705w, https:\/\/www.hasert-haut.de\/wp-content\/uploads\/2015\/01\/Fraxel-Lasertherapie-3-450x337.jpg 450w\" data-sizes=\"(max-width: 800px) 100vw, 800px\"  aria-label=\"image Fraxel Lasertherapie\"  id='av-masonry-1-item-5806' data-av-masonry-item='5806' class='av-masonry-entry isotope-item post-5806 attachment type-attachment status-inherit hentry  av-masonry-item-with-image' title=\"Fraxel Lasertherapie\" alt=\"\"    itemprop=\"thumbnailUrl\" ><div class='av-inner-masonry-sizer'><\/div><figure class='av-inner-masonry main_color'><div class=\"av-masonry-outerimage-container\"><div class='av-masonry-image-container' style=\"background-image: url(https:\/\/www.hasert-haut.de\/wp-content\/uploads\/2015\/01\/Fraxel-Lasertherapie-3-705x528.jpg);\"  title=\"Fraxel Lasertherapie\"  ><\/div><\/div><\/figure><\/a><!--end av-masonry entry--><\/div><\/div><\/div>\n<style type=\"text\/css\" data-created_by=\"avia_inline_auto\" id=\"style-css-av-1r06m-22f4993bc341f54115743d69d089ae2f\">\n#top .hr.hr-invisible.av-1r06m-22f4993bc341f54115743d69d089ae2f{\nheight:50px;\n}\n<\/style>\n<div  class='hr av-1r06m-22f4993bc341f54115743d69d089ae2f hr-invisible  avia-builder-el-6  el_after_av_two_fifth  el_before_av_postcontent  avia-builder-el-last '><span class='hr-inner '><span class=\"hr-inner-style\"><\/span><\/span><\/div><\/p>\n[av_heading heading='Alte servicii ale cabinetului nostru' tag='h3' style='blockquote modern-quote modern-centered' subheading_active='' show_icon='' icon='ue800' font='' size='' av-medium-font-size-title='' av-small-font-size-title='' av-mini-font-size-title='' subheading_size='' av-medium-font-size='' av-small-font-size='' av-mini-font-size='' icon_size='' av-medium-font-size-1='' av-small-font-size-1='' av-mini-font-size-1='' color='' custom_font='' icon_color='' margin='' margin_sync='true' padding='10' icon_padding='10' link='' link_target='' id='' custom_class='' av_uid='av-l9475f5a' admin_preview_bg=''][\/av_heading]\n\n[av_masonry_entries link='portfolio_entries,95,72,73,71' wc_prod_visible='' wc_prod_hidden='hide' wc_prod_featured='' prod_order_by='' prod_order='' date_filter='' date_filter_start='' date_filter_end='' date_filter_format='yy\/mm\/dd' sort='no' query_orderby='rand' query_order='DESC' caption_elements='title' caption_styling='overlay' caption_display='always' size='fixed' orientation='' gap='large' columns='5' av-medium-columns='' av-small-columns='' av-mini-columns='' items='5' paginate='none' color='' custom_bg='' overlay_fx='active' animation='active' lazy_loading='disabled' id='' custom_class='' av_uid='av-l9474s7j']\n\n\n","protected":false},"excerpt":{"rendered":"<p>Cu acest tip de tratament cu laser, cei mai mici cilindri de \u021besut ai pielii sunt \u00eendep\u0103rta\u021bi cu o acurate\u021be maxim\u0103 (\u201ezonele de tratament microscopic\u201d) folosind o crem\u0103 anestezic\u0103 folosind mii de fascicule micro-laser.<\/p>\n","protected":false},"featured_media":5802,"comment_status":"closed","ping_status":"closed","template":"","tags":[],"portfolio_entries":[91],"class_list":["post-7003","portfolio","type-portfolio","status-publish","has-post-thumbnail","hentry","portfolio_entries-aesthetische-dermatologie-ro"],"yoast_head":"<!-- This site is optimized with the Yoast SEO plugin v25.3.1 - https:\/\/yoast.com\/wordpress\/plugins\/seo\/ -->\n<title>Terapia cu laser Fraxel | dermatolog dr Hasert Berlin<\/title>\n<meta name=\"description\" content=\"Terapia cu laser Fraxel este potrivit\u0103 \u00een special pentru zona fe\u021bei, netezind porii, reduc\u00e2nd cicatricile de acnee, daunele solare \u0219i ridurile.\" \/>\n<meta name=\"robots\" content=\"index, follow, max-snippet:-1, max-image-preview:large, max-video-preview:-1\" \/>\n<link rel=\"canonical\" href=\"https:\/\/www.hasert-haut.de\/ro\/leistungen\/terapie-cu-laser-fraxel\/\" \/>\n<meta property=\"og:locale\" content=\"ro_RO\" \/>\n<meta property=\"og:type\" content=\"article\" \/>\n<meta property=\"og:title\" content=\"Terapia cu laser Fraxel | dermatolog dr Hasert Berlin\" \/>\n<meta property=\"og:description\" content=\"Terapia cu laser Fraxel este potrivit\u0103 \u00een special pentru zona fe\u021bei, netezind porii, reduc\u00e2nd cicatricile de acnee, daunele solare \u0219i ridurile.\" \/>\n<meta property=\"og:url\" content=\"https:\/\/www.hasert-haut.de\/ro\/leistungen\/terapie-cu-laser-fraxel\/\" \/>\n<meta property=\"og:site_name\" content=\"Hautarzt Berlin - Praxisklinik Dr. Hasert\" \/>\n<meta property=\"article:modified_time\" content=\"2022-11-09T13:11:55+00:00\" \/>\n<meta property=\"og:image\" content=\"https:\/\/www.hasert-haut.de\/wp-content\/uploads\/2015\/01\/Fraxel-Lasertherapie-1.jpg\" \/>\n\t<meta property=\"og:image:width\" content=\"800\" \/>\n\t<meta property=\"og:image:height\" content=\"600\" \/>\n\t<meta property=\"og:image:type\" content=\"image\/jpeg\" \/>\n<meta name=\"twitter:label1\" content=\"Timp estimat pentru citire\" \/>\n\t<meta name=\"twitter:data1\" content=\"3 minute\" \/>\n<script type=\"application\/ld+json\" class=\"yoast-schema-graph\">{\"@context\":\"https:\/\/schema.org\",\"@graph\":[{\"@type\":\"WebPage\",\"@id\":\"https:\/\/www.hasert-haut.de\/ro\/leistungen\/terapie-cu-laser-fraxel\/\",\"url\":\"https:\/\/www.hasert-haut.de\/ro\/leistungen\/terapie-cu-laser-fraxel\/\",\"name\":\"Terapia cu laser Fraxel | dermatolog dr Hasert Berlin\",\"isPartOf\":{\"@id\":\"https:\/\/www.hasert-haut.de\/ro\/#website\"},\"primaryImageOfPage\":{\"@id\":\"https:\/\/www.hasert-haut.de\/ro\/leistungen\/terapie-cu-laser-fraxel\/#primaryimage\"},\"image\":{\"@id\":\"https:\/\/www.hasert-haut.de\/ro\/leistungen\/terapie-cu-laser-fraxel\/#primaryimage\"},\"thumbnailUrl\":\"https:\/\/www.hasert-haut.de\/wp-content\/uploads\/2015\/01\/Fraxel-Lasertherapie-1.jpg\",\"datePublished\":\"2022-10-11T09:27:02+00:00\",\"dateModified\":\"2022-11-09T13:11:55+00:00\",\"description\":\"Terapia cu laser Fraxel este potrivit\u0103 \u00een special pentru zona fe\u021bei, netezind porii, reduc\u00e2nd cicatricile de acnee, daunele solare \u0219i ridurile.\",\"breadcrumb\":{\"@id\":\"https:\/\/www.hasert-haut.de\/ro\/leistungen\/terapie-cu-laser-fraxel\/#breadcrumb\"},\"inLanguage\":\"ro-RO\",\"potentialAction\":[{\"@type\":\"ReadAction\",\"target\":[\"https:\/\/www.hasert-haut.de\/ro\/leistungen\/terapie-cu-laser-fraxel\/\"]}]},{\"@type\":\"ImageObject\",\"inLanguage\":\"ro-RO\",\"@id\":\"https:\/\/www.hasert-haut.de\/ro\/leistungen\/terapie-cu-laser-fraxel\/#primaryimage\",\"url\":\"https:\/\/www.hasert-haut.de\/wp-content\/uploads\/2015\/01\/Fraxel-Lasertherapie-1.jpg\",\"contentUrl\":\"https:\/\/www.hasert-haut.de\/wp-content\/uploads\/2015\/01\/Fraxel-Lasertherapie-1.jpg\",\"width\":800,\"height\":600,\"caption\":\"Fraxel Lasertherapie\"},{\"@type\":\"BreadcrumbList\",\"@id\":\"https:\/\/www.hasert-haut.de\/ro\/leistungen\/terapie-cu-laser-fraxel\/#breadcrumb\",\"itemListElement\":[{\"@type\":\"ListItem\",\"position\":1,\"name\":\"Home\",\"item\":\"https:\/\/www.hasert-haut.de\/ro\/bine-ati-venit\/\"},{\"@type\":\"ListItem\",\"position\":2,\"name\":\"Terapia cu laser Fraxel\"}]},{\"@type\":\"WebSite\",\"@id\":\"https:\/\/www.hasert-haut.de\/ro\/#website\",\"url\":\"https:\/\/www.hasert-haut.de\/ro\/\",\"name\":\"Hautarzt Berlin - Praxisklinik Dr. Hasert\",\"description\":\"Hautarzt, Allgemeinmedizin\",\"potentialAction\":[{\"@type\":\"SearchAction\",\"target\":{\"@type\":\"EntryPoint\",\"urlTemplate\":\"https:\/\/www.hasert-haut.de\/ro\/?s={search_term_string}\"},\"query-input\":{\"@type\":\"PropertyValueSpecification\",\"valueRequired\":true,\"valueName\":\"search_term_string\"}}],\"inLanguage\":\"ro-RO\"}]}<\/script>\n<!-- \/ Yoast SEO plugin. -->","yoast_head_json":{"title":"Terapia cu laser Fraxel | dermatolog dr Hasert Berlin","description":"Terapia cu laser Fraxel este potrivit\u0103 \u00een special pentru zona fe\u021bei, netezind porii, reduc\u00e2nd cicatricile de acnee, daunele solare \u0219i ridurile.","robots":{"index":"index","follow":"follow","max-snippet":"max-snippet:-1","max-image-preview":"max-image-preview:large","max-video-preview":"max-video-preview:-1"},"canonical":"https:\/\/www.hasert-haut.de\/ro\/leistungen\/terapie-cu-laser-fraxel\/","og_locale":"ro_RO","og_type":"article","og_title":"Terapia cu laser Fraxel | dermatolog dr Hasert Berlin","og_description":"Terapia cu laser Fraxel este potrivit\u0103 \u00een special pentru zona fe\u021bei, netezind porii, reduc\u00e2nd cicatricile de acnee, daunele solare \u0219i ridurile.","og_url":"https:\/\/www.hasert-haut.de\/ro\/leistungen\/terapie-cu-laser-fraxel\/","og_site_name":"Hautarzt Berlin - Praxisklinik Dr. Hasert","article_modified_time":"2022-11-09T13:11:55+00:00","og_image":[{"width":800,"height":600,"url":"https:\/\/www.hasert-haut.de\/wp-content\/uploads\/2015\/01\/Fraxel-Lasertherapie-1.jpg","type":"image\/jpeg"}],"twitter_misc":{"Timp estimat pentru citire":"3 minute"},"schema":{"@context":"https:\/\/schema.org","@graph":[{"@type":"WebPage","@id":"https:\/\/www.hasert-haut.de\/ro\/leistungen\/terapie-cu-laser-fraxel\/","url":"https:\/\/www.hasert-haut.de\/ro\/leistungen\/terapie-cu-laser-fraxel\/","name":"Terapia cu laser Fraxel | dermatolog dr Hasert Berlin","isPartOf":{"@id":"https:\/\/www.hasert-haut.de\/ro\/#website"},"primaryImageOfPage":{"@id":"https:\/\/www.hasert-haut.de\/ro\/leistungen\/terapie-cu-laser-fraxel\/#primaryimage"},"image":{"@id":"https:\/\/www.hasert-haut.de\/ro\/leistungen\/terapie-cu-laser-fraxel\/#primaryimage"},"thumbnailUrl":"https:\/\/www.hasert-haut.de\/wp-content\/uploads\/2015\/01\/Fraxel-Lasertherapie-1.jpg","datePublished":"2022-10-11T09:27:02+00:00","dateModified":"2022-11-09T13:11:55+00:00","description":"Terapia cu laser Fraxel este potrivit\u0103 \u00een special pentru zona fe\u021bei, netezind porii, reduc\u00e2nd cicatricile de acnee, daunele solare \u0219i ridurile.","breadcrumb":{"@id":"https:\/\/www.hasert-haut.de\/ro\/leistungen\/terapie-cu-laser-fraxel\/#breadcrumb"},"inLanguage":"ro-RO","potentialAction":[{"@type":"ReadAction","target":["https:\/\/www.hasert-haut.de\/ro\/leistungen\/terapie-cu-laser-fraxel\/"]}]},{"@type":"ImageObject","inLanguage":"ro-RO","@id":"https:\/\/www.hasert-haut.de\/ro\/leistungen\/terapie-cu-laser-fraxel\/#primaryimage","url":"https:\/\/www.hasert-haut.de\/wp-content\/uploads\/2015\/01\/Fraxel-Lasertherapie-1.jpg","contentUrl":"https:\/\/www.hasert-haut.de\/wp-content\/uploads\/2015\/01\/Fraxel-Lasertherapie-1.jpg","width":800,"height":600,"caption":"Fraxel Lasertherapie"},{"@type":"BreadcrumbList","@id":"https:\/\/www.hasert-haut.de\/ro\/leistungen\/terapie-cu-laser-fraxel\/#breadcrumb","itemListElement":[{"@type":"ListItem","position":1,"name":"Home","item":"https:\/\/www.hasert-haut.de\/ro\/bine-ati-venit\/"},{"@type":"ListItem","position":2,"name":"Terapia cu laser Fraxel"}]},{"@type":"WebSite","@id":"https:\/\/www.hasert-haut.de\/ro\/#website","url":"https:\/\/www.hasert-haut.de\/ro\/","name":"Hautarzt Berlin - Praxisklinik Dr. Hasert","description":"Hautarzt, Allgemeinmedizin","potentialAction":[{"@type":"SearchAction","target":{"@type":"EntryPoint","urlTemplate":"https:\/\/www.hasert-haut.de\/ro\/?s={search_term_string}"},"query-input":{"@type":"PropertyValueSpecification","valueRequired":true,"valueName":"search_term_string"}}],"inLanguage":"ro-RO"}]}},"_links":{"self":[{"href":"https:\/\/www.hasert-haut.de\/ro\/wp-json\/wp\/v2\/portfolio\/7003","targetHints":{"allow":["GET"]}}],"collection":[{"href":"https:\/\/www.hasert-haut.de\/ro\/wp-json\/wp\/v2\/portfolio"}],"about":[{"href":"https:\/\/www.hasert-haut.de\/ro\/wp-json\/wp\/v2\/types\/portfolio"}],"replies":[{"embeddable":true,"href":"https:\/\/www.hasert-haut.de\/ro\/wp-json\/wp\/v2\/comments?post=7003"}],"version-history":[{"count":9,"href":"https:\/\/www.hasert-haut.de\/ro\/wp-json\/wp\/v2\/portfolio\/7003\/revisions"}],"predecessor-version":[{"id":9276,"href":"https:\/\/www.hasert-haut.de\/ro\/wp-json\/wp\/v2\/portfolio\/7003\/revisions\/9276"}],"wp:featuredmedia":[{"embeddable":true,"href":"https:\/\/www.hasert-haut.de\/ro\/wp-json\/wp\/v2\/media\/5802"}],"wp:attachment":[{"href":"https:\/\/www.hasert-haut.de\/ro\/wp-json\/wp\/v2\/media?parent=7003"}],"wp:term":[{"taxonomy":"post_tag","embeddable":true,"href":"https:\/\/www.hasert-haut.de\/ro\/wp-json\/wp\/v2\/tags?post=7003"},{"taxonomy":"portfolio_entries","embeddable":true,"href":"https:\/\/www.hasert-haut.de\/ro\/wp-json\/wp\/v2\/portfolio_entries?post=7003"}],"curies":[{"name":"wp","href":"https:\/\/api.w.org\/{rel}","templated":true}]}}