{"id":7078,"date":"2022-10-11T12:18:22","date_gmt":"2022-10-11T12:18:22","guid":{"rendered":"https:\/\/www.hasert-haut.de\/leistungen\/neurodermitis\/"},"modified":"2022-12-27T09:41:28","modified_gmt":"2022-12-27T09:41:28","slug":"neurodermatita","status":"publish","type":"portfolio","link":"https:\/\/www.hasert-haut.de\/ro\/leistungen\/neurodermatita\/","title":{"rendered":"neurodermatita"},"content":{"rendered":"\n<style type=\"text\/css\" data-created_by=\"avia_inline_auto\" id=\"style-css-av-bugog-c28a862543715713401f7b3b2c3aef58\">\n#top .av-special-heading.av-bugog-c28a862543715713401f7b3b2c3aef58{\npadding-bottom:10px;\n}\nbody .av-special-heading.av-bugog-c28a862543715713401f7b3b2c3aef58 .av-special-heading-tag .heading-char{\nfont-size:25px;\n}\n.av-special-heading.av-bugog-c28a862543715713401f7b3b2c3aef58 .av-subheading{\nfont-size:15px;\n}\n<\/style>\n<div  class='av-special-heading av-bugog-c28a862543715713401f7b3b2c3aef58 av-special-heading-h1 blockquote modern-quote  avia-builder-el-0  el_before_av_hr  avia-builder-el-first '><h1 class='av-special-heading-tag'  itemprop=\"headline\"  >neurodermatita<\/h1><div class=\"special-heading-border\"><div class=\"special-heading-inner-border\"><\/div><\/div><\/div>\n\n<style type=\"text\/css\" data-created_by=\"avia_inline_auto\" id=\"style-css-av-1r06m-22f4993bc341f54115743d69d089ae2f\">\n#top .hr.hr-invisible.av-1r06m-22f4993bc341f54115743d69d089ae2f{\nheight:50px;\n}\n<\/style>\n<div  class='hr av-1r06m-22f4993bc341f54115743d69d089ae2f hr-invisible  avia-builder-el-1  el_after_av_heading  el_before_av_three_fifth '><span class='hr-inner '><span class=\"hr-inner-style\"><\/span><\/span><\/div>\n\n<style type=\"text\/css\" data-created_by=\"avia_inline_auto\" id=\"style-css-av-6dj6ns-7472608404402ce7ad5c72bb757e28f8\">\n.flex_column.av-6dj6ns-7472608404402ce7ad5c72bb757e28f8{\nborder-radius:0px 0px 0px 0px;\npadding:0px 0px 0px 0px;\n}\n<\/style>\n<div  class='flex_column av-6dj6ns-7472608404402ce7ad5c72bb757e28f8 av_three_fifth  avia-builder-el-2  el_after_av_hr  el_before_av_two_fifth  first flex_column_div av-zero-column-padding  '     ><p><section  class='av_textblock_section av-33sek-f2ebaf760657d7ead54f5a6e2675f706 '   itemscope=\"itemscope\" itemtype=\"https:\/\/schema.org\/CreativeWork\" ><div class='avia_textblock'  itemprop=\"text\" ><p>Una dintre cele mai frecvente boli ale pielii este neurodermatita. Aproximativ 3 p\u00e2n\u0103 la 4% dintre to\u021bi copiii sufer\u0103 de neurodermatit\u0103. O erup\u021bie cutanat\u0103 \u00een schimbare, cu aspect foarte diferit, cu m\u00e2nc\u0103rime, a\u0219a-numita eczem\u0103, este tipic\u0103 neurodermatitei. Eczemele sunt modific\u0103ri \u00eenro\u0219ite, solzoase, uneori pl\u00e2ng\u0103toare sau inflamate ale pielii. Ele apar de obicei \u00een coada cotului sau \u00een spatele genunchiului, \u00een g\u00e2t, g\u00e2t sau fa\u021b\u0103. Pacien\u021bii cu neurodermatit\u0103 au adesea pielea uscat\u0103 \u0219i p\u0103rul fragil.<\/p>\n<\/div><\/section><br \/>\n\n<style type=\"text\/css\" data-created_by=\"avia_inline_auto\" id=\"style-css-av-2n7ksw-75e0d959fa0b94e26628f84a030fd982\">\n#top .av-special-heading.av-2n7ksw-75e0d959fa0b94e26628f84a030fd982{\npadding-bottom:10px;\n}\nbody .av-special-heading.av-2n7ksw-75e0d959fa0b94e26628f84a030fd982 .av-special-heading-tag .heading-char{\nfont-size:25px;\n}\n.av-special-heading.av-2n7ksw-75e0d959fa0b94e26628f84a030fd982 .av-subheading{\nfont-size:15px;\n}\n<\/style>\n<div  class='av-special-heading av-2n7ksw-75e0d959fa0b94e26628f84a030fd982 av-special-heading-h2 blockquote modern-quote  avia-builder-el-4  el_after_av_textblock  el_before_av_textblock '><h2 class='av-special-heading-tag'  itemprop=\"headline\"  >Cum po\u021bi trata neurodermatita?<\/h2><div class=\"special-heading-border\"><div class=\"special-heading-inner-border\"><\/div><\/div><\/div><br \/>\n<section  class='av_textblock_section av-1wqy0-8446714491fffcb854f829cc4be37536 '   itemscope=\"itemscope\" itemtype=\"https:\/\/schema.org\/CreativeWork\" ><div class='avia_textblock'  itemprop=\"text\" ><p>Pe l\u00e2ng\u0103 \u00eengrijirea intensiv\u0103 a pacientului, oferim spectrul complet de terapie extern\u0103 \u0219i intern\u0103 (de exemplu, ciclosporin\u0103 A). \u00cen plus, iradierea cu lumin\u0103 special\u0103 poate duce la o ameliorare a bolii.<\/p>\n<\/div><\/section><\/p><\/div>\n\n<style type=\"text\/css\" data-created_by=\"avia_inline_auto\" id=\"style-css-av-35maw8-40d53b73a800c5af1e8f9ef0bbd6d964\">\n.flex_column.av-35maw8-40d53b73a800c5af1e8f9ef0bbd6d964{\nborder-radius:0px 0px 0px 0px;\npadding:0px 0px 0px 0px;\n}\n<\/style>\n<div  class='flex_column av-35maw8-40d53b73a800c5af1e8f9ef0bbd6d964 av_two_fifth  avia-builder-el-6  el_after_av_three_fifth  el_before_av_hr  flex_column_div av-zero-column-padding  '     ><div id='av-masonry-1' class='av-masonry av-l96s1ic1-4c64d07cdf09671e021c2b9fab14877d noHover av-fixed-size av-large-gap av-hover-overlay-active av-masonry-animation-active av-masonry-col-2 av-caption-always av-caption-style- av-masonry-gallery ' data-post_id=\"7078\"><div class=\"av-masonry-container isotope av-js-disabled\"><div class='av-masonry-entry isotope-item av-masonry-item-no-image '><\/div><a href=\"https:\/\/www.hasert-haut.de\/wp-content\/uploads\/2015\/01\/Neurodermitis-3.jpg\" data-srcset=\"https:\/\/www.hasert-haut.de\/wp-content\/uploads\/2015\/01\/Neurodermitis-3.jpg 600w, https:\/\/www.hasert-haut.de\/wp-content\/uploads\/2015\/01\/Neurodermitis-3-80x80.jpg 80w, https:\/\/www.hasert-haut.de\/wp-content\/uploads\/2015\/01\/Neurodermitis-3-300x300.jpg 300w, https:\/\/www.hasert-haut.de\/wp-content\/uploads\/2015\/01\/Neurodermitis-3-36x36.jpg 36w, https:\/\/www.hasert-haut.de\/wp-content\/uploads\/2015\/01\/Neurodermitis-3-180x180.jpg 180w, https:\/\/www.hasert-haut.de\/wp-content\/uploads\/2015\/01\/Neurodermitis-3-120x120.jpg 120w, https:\/\/www.hasert-haut.de\/wp-content\/uploads\/2015\/01\/Neurodermitis-3-450x450.jpg 450w\" data-sizes=\"(max-width: 600px) 100vw, 600px\"  aria-label=\"image Neurodermitis\"  id='av-masonry-1-item-5748' data-av-masonry-item='5748' class='av-masonry-entry isotope-item post-5748 attachment type-attachment status-inherit hentry  av-masonry-item-with-image' title=\"Neurodermitis\" alt=\"\"    itemprop=\"thumbnailUrl\" ><div class='av-inner-masonry-sizer'><\/div><figure class='av-inner-masonry main_color'><div class=\"av-masonry-outerimage-container\"><div class='av-masonry-image-container' style=\"background-image: url(https:\/\/www.hasert-haut.de\/wp-content\/uploads\/2015\/01\/Neurodermitis-3.jpg);\"  title=\"Neurodermitis\"  ><\/div><\/div><\/figure><\/a><!--end av-masonry entry--><a href=\"https:\/\/www.hasert-haut.de\/wp-content\/uploads\/2015\/01\/Neurodermitis-2.jpg\" data-srcset=\"https:\/\/www.hasert-haut.de\/wp-content\/uploads\/2015\/01\/Neurodermitis-2.jpg 600w, https:\/\/www.hasert-haut.de\/wp-content\/uploads\/2015\/01\/Neurodermitis-2-80x80.jpg 80w, https:\/\/www.hasert-haut.de\/wp-content\/uploads\/2015\/01\/Neurodermitis-2-300x300.jpg 300w, https:\/\/www.hasert-haut.de\/wp-content\/uploads\/2015\/01\/Neurodermitis-2-36x36.jpg 36w, https:\/\/www.hasert-haut.de\/wp-content\/uploads\/2015\/01\/Neurodermitis-2-180x180.jpg 180w, https:\/\/www.hasert-haut.de\/wp-content\/uploads\/2015\/01\/Neurodermitis-2-120x120.jpg 120w, https:\/\/www.hasert-haut.de\/wp-content\/uploads\/2015\/01\/Neurodermitis-2-450x450.jpg 450w\" data-sizes=\"(max-width: 600px) 100vw, 600px\"  aria-label=\"image Neurodermitis\"  id='av-masonry-1-item-5746' data-av-masonry-item='5746' class='av-masonry-entry isotope-item post-5746 attachment type-attachment status-inherit hentry  av-masonry-item-with-image' title=\"Neurodermitis\" alt=\"\"    itemprop=\"thumbnailUrl\" ><div class='av-inner-masonry-sizer'><\/div><figure class='av-inner-masonry main_color'><div class=\"av-masonry-outerimage-container\"><div class='av-masonry-image-container' style=\"background-image: url(https:\/\/www.hasert-haut.de\/wp-content\/uploads\/2015\/01\/Neurodermitis-2.jpg);\"  title=\"Neurodermitis\"  ><\/div><\/div><\/figure><\/a><!--end av-masonry entry--><a href=\"https:\/\/www.hasert-haut.de\/wp-content\/uploads\/2015\/01\/Neurodermitis-1.jpg\" data-srcset=\"https:\/\/www.hasert-haut.de\/wp-content\/uploads\/2015\/01\/Neurodermitis-1.jpg 600w, https:\/\/www.hasert-haut.de\/wp-content\/uploads\/2015\/01\/Neurodermitis-1-80x80.jpg 80w, https:\/\/www.hasert-haut.de\/wp-content\/uploads\/2015\/01\/Neurodermitis-1-300x300.jpg 300w, https:\/\/www.hasert-haut.de\/wp-content\/uploads\/2015\/01\/Neurodermitis-1-36x36.jpg 36w, https:\/\/www.hasert-haut.de\/wp-content\/uploads\/2015\/01\/Neurodermitis-1-180x180.jpg 180w, https:\/\/www.hasert-haut.de\/wp-content\/uploads\/2015\/01\/Neurodermitis-1-120x120.jpg 120w, https:\/\/www.hasert-haut.de\/wp-content\/uploads\/2015\/01\/Neurodermitis-1-450x450.jpg 450w\" data-sizes=\"(max-width: 600px) 100vw, 600px\"  aria-label=\"image Neurodermitis\"  id='av-masonry-1-item-5744' data-av-masonry-item='5744' class='av-masonry-entry isotope-item post-5744 attachment type-attachment status-inherit hentry  av-masonry-item-with-image' title=\"Neurodermitis\" alt=\"\"    itemprop=\"thumbnailUrl\" ><div class='av-inner-masonry-sizer'><\/div><figure class='av-inner-masonry main_color'><div class=\"av-masonry-outerimage-container\"><div class='av-masonry-image-container' style=\"background-image: url(https:\/\/www.hasert-haut.de\/wp-content\/uploads\/2015\/01\/Neurodermitis-1.jpg);\"  title=\"Neurodermitis\"  ><\/div><\/div><\/figure><\/a><!--end av-masonry entry--><a href=\"https:\/\/www.hasert-haut.de\/wp-content\/uploads\/2015\/01\/Neurodermitis.jpg\" data-srcset=\"https:\/\/www.hasert-haut.de\/wp-content\/uploads\/2015\/01\/Neurodermitis.jpg 1030w, https:\/\/www.hasert-haut.de\/wp-content\/uploads\/2015\/01\/Neurodermitis-300x150.jpg 300w, https:\/\/www.hasert-haut.de\/wp-content\/uploads\/2015\/01\/Neurodermitis-705x352.jpg 705w, https:\/\/www.hasert-haut.de\/wp-content\/uploads\/2015\/01\/Neurodermitis-450x225.jpg 450w\" data-sizes=\"(max-width: 1030px) 100vw, 1030px\"  aria-label=\"image Neurodermitis\"  id='av-masonry-1-item-5664' data-av-masonry-item='5664' class='av-masonry-entry isotope-item post-5664 attachment type-attachment status-inherit hentry  av-masonry-item-with-image' title=\"Neurodermitis\" alt=\"\"    itemprop=\"thumbnailUrl\" ><div class='av-inner-masonry-sizer'><\/div><figure class='av-inner-masonry main_color'><div class=\"av-masonry-outerimage-container\"><div class='av-masonry-image-container' style=\"background-image: url(https:\/\/www.hasert-haut.de\/wp-content\/uploads\/2015\/01\/Neurodermitis-705x352.jpg);\"  title=\"Neurodermitis\"  ><\/div><\/div><\/figure><\/a><!--end av-masonry entry--><\/div><\/div><\/div>\n\n<style type=\"text\/css\" data-created_by=\"avia_inline_auto\" id=\"style-css-av-1r06m-22f4993bc341f54115743d69d089ae2f\">\n#top .hr.hr-invisible.av-1r06m-22f4993bc341f54115743d69d089ae2f{\nheight:50px;\n}\n<\/style>\n<div  class='hr av-1r06m-22f4993bc341f54115743d69d089ae2f hr-invisible  avia-builder-el-8  el_after_av_two_fifth  el_before_av_postcontent  avia-builder-el-last '><span class='hr-inner '><span class=\"hr-inner-style\"><\/span><\/span><\/div>\n[av_heading heading='Alte servicii ale cabinetului nostru' tag='h3' style='blockquote modern-quote modern-centered' subheading_active='' show_icon='' icon='ue800' font='' size='' av-medium-font-size-title='' av-small-font-size-title='' av-mini-font-size-title='' subheading_size='' av-medium-font-size='' av-small-font-size='' av-mini-font-size='' icon_size='' av-medium-font-size-1='' av-small-font-size-1='' av-mini-font-size-1='' color='' custom_font='' icon_color='' margin='' margin_sync='true' padding='10' icon_padding='10' link='' link_target='' id='' custom_class='' av_uid='av-l9475f5a' admin_preview_bg=''][\/av_heading]\n\n[av_masonry_entries link='portfolio_entries,95,72,73,71' wc_prod_visible='' wc_prod_hidden='hide' wc_prod_featured='' prod_order_by='' prod_order='' date_filter='' date_filter_start='' date_filter_end='' date_filter_format='yy\/mm\/dd' sort='no' query_orderby='rand' query_order='DESC' caption_elements='title' caption_styling='overlay' caption_display='always' size='fixed' orientation='' gap='large' columns='5' av-medium-columns='' av-small-columns='' av-mini-columns='' items='5' paginate='none' color='' custom_bg='' overlay_fx='active' animation='active' lazy_loading='disabled' id='' custom_class='' av_uid='av-l9474s7j']\n\n\n","protected":false},"excerpt":{"rendered":"","protected":false},"featured_media":6036,"comment_status":"closed","ping_status":"closed","template":"","tags":[],"portfolio_entries":[77],"class_list":["post-7078","portfolio","type-portfolio","status-publish","has-post-thumbnail","hentry","portfolio_entries-konservative-dermatologie-ro"],"yoast_head":"<!-- This site is optimized with the Yoast SEO plugin v25.3.1 - https:\/\/yoast.com\/wordpress\/plugins\/seo\/ -->\n<title>Neurodermatita | dermatolog dr Hasert Berlin<\/title>\n<meta name=\"robots\" content=\"index, follow, max-snippet:-1, max-image-preview:large, max-video-preview:-1\" \/>\n<link rel=\"canonical\" href=\"https:\/\/www.hasert-haut.de\/ro\/leistungen\/neurodermatita\/\" \/>\n<meta property=\"og:locale\" content=\"ro_RO\" \/>\n<meta property=\"og:type\" content=\"article\" \/>\n<meta property=\"og:title\" content=\"Neurodermatita | dermatolog dr Hasert Berlin\" \/>\n<meta property=\"og:url\" content=\"https:\/\/www.hasert-haut.de\/ro\/leistungen\/neurodermatita\/\" \/>\n<meta property=\"og:site_name\" content=\"Hautarzt Berlin - Praxisklinik Dr. Hasert\" \/>\n<meta property=\"article:modified_time\" content=\"2022-12-27T09:41:28+00:00\" \/>\n<meta property=\"og:image\" content=\"https:\/\/www.hasert-haut.de\/wp-content\/uploads\/2016\/12\/Neurodermitis.jpg\" \/>\n\t<meta property=\"og:image:width\" content=\"900\" \/>\n\t<meta property=\"og:image:height\" content=\"600\" \/>\n\t<meta property=\"og:image:type\" content=\"image\/jpeg\" \/>\n<meta name=\"twitter:label1\" content=\"Timp estimat pentru citire\" \/>\n\t<meta name=\"twitter:data1\" content=\"4 minute\" \/>\n<script type=\"application\/ld+json\" class=\"yoast-schema-graph\">{\"@context\":\"https:\/\/schema.org\",\"@graph\":[{\"@type\":\"WebPage\",\"@id\":\"https:\/\/www.hasert-haut.de\/ro\/leistungen\/neurodermatita\/\",\"url\":\"https:\/\/www.hasert-haut.de\/ro\/leistungen\/neurodermatita\/\",\"name\":\"Neurodermatita | dermatolog dr Hasert Berlin\",\"isPartOf\":{\"@id\":\"https:\/\/www.hasert-haut.de\/ro\/#website\"},\"primaryImageOfPage\":{\"@id\":\"https:\/\/www.hasert-haut.de\/ro\/leistungen\/neurodermatita\/#primaryimage\"},\"image\":{\"@id\":\"https:\/\/www.hasert-haut.de\/ro\/leistungen\/neurodermatita\/#primaryimage\"},\"thumbnailUrl\":\"https:\/\/www.hasert-haut.de\/wp-content\/uploads\/2016\/12\/Neurodermitis.jpg\",\"datePublished\":\"2022-10-11T12:18:22+00:00\",\"dateModified\":\"2022-12-27T09:41:28+00:00\",\"breadcrumb\":{\"@id\":\"https:\/\/www.hasert-haut.de\/ro\/leistungen\/neurodermatita\/#breadcrumb\"},\"inLanguage\":\"ro-RO\",\"potentialAction\":[{\"@type\":\"ReadAction\",\"target\":[\"https:\/\/www.hasert-haut.de\/ro\/leistungen\/neurodermatita\/\"]}]},{\"@type\":\"ImageObject\",\"inLanguage\":\"ro-RO\",\"@id\":\"https:\/\/www.hasert-haut.de\/ro\/leistungen\/neurodermatita\/#primaryimage\",\"url\":\"https:\/\/www.hasert-haut.de\/wp-content\/uploads\/2016\/12\/Neurodermitis.jpg\",\"contentUrl\":\"https:\/\/www.hasert-haut.de\/wp-content\/uploads\/2016\/12\/Neurodermitis.jpg\",\"width\":900,\"height\":600,\"caption\":\"Neurodermitis | Hautarzt Dr. Hasert Berlin-Mitte |\"},{\"@type\":\"BreadcrumbList\",\"@id\":\"https:\/\/www.hasert-haut.de\/ro\/leistungen\/neurodermatita\/#breadcrumb\",\"itemListElement\":[{\"@type\":\"ListItem\",\"position\":1,\"name\":\"Home\",\"item\":\"https:\/\/www.hasert-haut.de\/ro\/bine-ati-venit\/\"},{\"@type\":\"ListItem\",\"position\":2,\"name\":\"neurodermatita\"}]},{\"@type\":\"WebSite\",\"@id\":\"https:\/\/www.hasert-haut.de\/ro\/#website\",\"url\":\"https:\/\/www.hasert-haut.de\/ro\/\",\"name\":\"Hautarzt Berlin - Praxisklinik Dr. Hasert\",\"description\":\"Hautarzt, Allgemeinmedizin\",\"potentialAction\":[{\"@type\":\"SearchAction\",\"target\":{\"@type\":\"EntryPoint\",\"urlTemplate\":\"https:\/\/www.hasert-haut.de\/ro\/?s={search_term_string}\"},\"query-input\":{\"@type\":\"PropertyValueSpecification\",\"valueRequired\":true,\"valueName\":\"search_term_string\"}}],\"inLanguage\":\"ro-RO\"}]}<\/script>\n<!-- \/ Yoast SEO plugin. -->","yoast_head_json":{"title":"Neurodermatita | dermatolog dr Hasert Berlin","robots":{"index":"index","follow":"follow","max-snippet":"max-snippet:-1","max-image-preview":"max-image-preview:large","max-video-preview":"max-video-preview:-1"},"canonical":"https:\/\/www.hasert-haut.de\/ro\/leistungen\/neurodermatita\/","og_locale":"ro_RO","og_type":"article","og_title":"Neurodermatita | dermatolog dr Hasert Berlin","og_url":"https:\/\/www.hasert-haut.de\/ro\/leistungen\/neurodermatita\/","og_site_name":"Hautarzt Berlin - Praxisklinik Dr. Hasert","article_modified_time":"2022-12-27T09:41:28+00:00","og_image":[{"width":900,"height":600,"url":"https:\/\/www.hasert-haut.de\/wp-content\/uploads\/2016\/12\/Neurodermitis.jpg","type":"image\/jpeg"}],"twitter_misc":{"Timp estimat pentru citire":"4 minute"},"schema":{"@context":"https:\/\/schema.org","@graph":[{"@type":"WebPage","@id":"https:\/\/www.hasert-haut.de\/ro\/leistungen\/neurodermatita\/","url":"https:\/\/www.hasert-haut.de\/ro\/leistungen\/neurodermatita\/","name":"Neurodermatita | dermatolog dr Hasert Berlin","isPartOf":{"@id":"https:\/\/www.hasert-haut.de\/ro\/#website"},"primaryImageOfPage":{"@id":"https:\/\/www.hasert-haut.de\/ro\/leistungen\/neurodermatita\/#primaryimage"},"image":{"@id":"https:\/\/www.hasert-haut.de\/ro\/leistungen\/neurodermatita\/#primaryimage"},"thumbnailUrl":"https:\/\/www.hasert-haut.de\/wp-content\/uploads\/2016\/12\/Neurodermitis.jpg","datePublished":"2022-10-11T12:18:22+00:00","dateModified":"2022-12-27T09:41:28+00:00","breadcrumb":{"@id":"https:\/\/www.hasert-haut.de\/ro\/leistungen\/neurodermatita\/#breadcrumb"},"inLanguage":"ro-RO","potentialAction":[{"@type":"ReadAction","target":["https:\/\/www.hasert-haut.de\/ro\/leistungen\/neurodermatita\/"]}]},{"@type":"ImageObject","inLanguage":"ro-RO","@id":"https:\/\/www.hasert-haut.de\/ro\/leistungen\/neurodermatita\/#primaryimage","url":"https:\/\/www.hasert-haut.de\/wp-content\/uploads\/2016\/12\/Neurodermitis.jpg","contentUrl":"https:\/\/www.hasert-haut.de\/wp-content\/uploads\/2016\/12\/Neurodermitis.jpg","width":900,"height":600,"caption":"Neurodermitis | Hautarzt Dr. Hasert Berlin-Mitte |"},{"@type":"BreadcrumbList","@id":"https:\/\/www.hasert-haut.de\/ro\/leistungen\/neurodermatita\/#breadcrumb","itemListElement":[{"@type":"ListItem","position":1,"name":"Home","item":"https:\/\/www.hasert-haut.de\/ro\/bine-ati-venit\/"},{"@type":"ListItem","position":2,"name":"neurodermatita"}]},{"@type":"WebSite","@id":"https:\/\/www.hasert-haut.de\/ro\/#website","url":"https:\/\/www.hasert-haut.de\/ro\/","name":"Hautarzt Berlin - Praxisklinik Dr. Hasert","description":"Hautarzt, Allgemeinmedizin","potentialAction":[{"@type":"SearchAction","target":{"@type":"EntryPoint","urlTemplate":"https:\/\/www.hasert-haut.de\/ro\/?s={search_term_string}"},"query-input":{"@type":"PropertyValueSpecification","valueRequired":true,"valueName":"search_term_string"}}],"inLanguage":"ro-RO"}]}},"_links":{"self":[{"href":"https:\/\/www.hasert-haut.de\/ro\/wp-json\/wp\/v2\/portfolio\/7078","targetHints":{"allow":["GET"]}}],"collection":[{"href":"https:\/\/www.hasert-haut.de\/ro\/wp-json\/wp\/v2\/portfolio"}],"about":[{"href":"https:\/\/www.hasert-haut.de\/ro\/wp-json\/wp\/v2\/types\/portfolio"}],"replies":[{"embeddable":true,"href":"https:\/\/www.hasert-haut.de\/ro\/wp-json\/wp\/v2\/comments?post=7078"}],"version-history":[{"count":15,"href":"https:\/\/www.hasert-haut.de\/ro\/wp-json\/wp\/v2\/portfolio\/7078\/revisions"}],"predecessor-version":[{"id":11442,"href":"https:\/\/www.hasert-haut.de\/ro\/wp-json\/wp\/v2\/portfolio\/7078\/revisions\/11442"}],"wp:featuredmedia":[{"embeddable":true,"href":"https:\/\/www.hasert-haut.de\/ro\/wp-json\/wp\/v2\/media\/6036"}],"wp:attachment":[{"href":"https:\/\/www.hasert-haut.de\/ro\/wp-json\/wp\/v2\/media?parent=7078"}],"wp:term":[{"taxonomy":"post_tag","embeddable":true,"href":"https:\/\/www.hasert-haut.de\/ro\/wp-json\/wp\/v2\/tags?post=7078"},{"taxonomy":"portfolio_entries","embeddable":true,"href":"https:\/\/www.hasert-haut.de\/ro\/wp-json\/wp\/v2\/portfolio_entries?post=7078"}],"curies":[{"name":"wp","href":"https:\/\/api.w.org\/{rel}","templated":true}]}}