{"id":7119,"date":"2022-10-11T12:24:16","date_gmt":"2022-10-11T12:24:16","guid":{"rendered":"https:\/\/www.hasert-haut.de\/leistungen\/stachelzell-plattenepithelkarzinom\/"},"modified":"2023-09-20T14:33:58","modified_gmt":"2023-09-20T14:33:58","slug":"carcinom-cu-celule-scuamoase","status":"publish","type":"portfolio","link":"https:\/\/www.hasert-haut.de\/ro\/leistungen\/carcinom-cu-celule-scuamoase\/","title":{"rendered":"Carcinom cu celule scuamoase"},"content":{"rendered":"\n<style type=\"text\/css\" data-created_by=\"avia_inline_auto\" id=\"style-css-av-l96so40f-db12d18a9253abe8e9596084c3b396e6\">\n#top .av-special-heading.av-l96so40f-db12d18a9253abe8e9596084c3b396e6{\npadding-bottom:10px;\n}\nbody .av-special-heading.av-l96so40f-db12d18a9253abe8e9596084c3b396e6 .av-special-heading-tag .heading-char{\nfont-size:25px;\n}\n.av-special-heading.av-l96so40f-db12d18a9253abe8e9596084c3b396e6 .av-subheading{\nfont-size:15px;\n}\n<\/style>\n<div  class='av-special-heading av-l96so40f-db12d18a9253abe8e9596084c3b396e6 av-special-heading-h1 blockquote modern-quote  avia-builder-el-0  el_before_av_hr  avia-builder-el-first '><h1 class='av-special-heading-tag'  itemprop=\"headline\"  >Carcinomul cu celule scuamoase sau cu celule scuamoase<\/h1><div class=\"special-heading-border\"><div class=\"special-heading-inner-border\"><\/div><\/div><\/div>\n\n<style type=\"text\/css\" data-created_by=\"avia_inline_auto\" id=\"style-css-av-l96ryrhp-34611b3b3859af4f21b0a1bfa0ad5e24\">\n#top .hr.hr-invisible.av-l96ryrhp-34611b3b3859af4f21b0a1bfa0ad5e24{\nheight:50px;\n}\n<\/style>\n<div  class='hr av-l96ryrhp-34611b3b3859af4f21b0a1bfa0ad5e24 hr-invisible  avia-builder-el-1  el_after_av_heading  el_before_av_three_fifth '><span class='hr-inner '><span class=\"hr-inner-style\"><\/span><\/span><\/div>\n\n<style type=\"text\/css\" data-created_by=\"avia_inline_auto\" id=\"style-css-av-6dj6ns-7472608404402ce7ad5c72bb757e28f8\">\n.flex_column.av-6dj6ns-7472608404402ce7ad5c72bb757e28f8{\nborder-radius:0px 0px 0px 0px;\npadding:0px 0px 0px 0px;\n}\n<\/style>\n<div  class='flex_column av-6dj6ns-7472608404402ce7ad5c72bb757e28f8 av_three_fifth  avia-builder-el-2  el_after_av_hr  el_before_av_two_fifth  first flex_column_div av-zero-column-padding  '     ><section  class='av_textblock_section av-2c8o8-5b9b92282569ff7912a78b768c46d8be '   itemscope=\"itemscope\" itemtype=\"https:\/\/schema.org\/CreativeWork\" ><div class='avia_textblock'  itemprop=\"text\" ><p style=\"text-align: justify;\">Carcinomul cu celule scuamoase este al doilea cel mai frecvent cancer de piele. Persoanele cu pielea deschis\u0103 au cel mai mare risc de a dezvolta carcinom cu celule scuamoase. Afecteaz\u0103 \u00een principal persoanele \u00een v\u00e2rst\u0103 care au fost expuse la soare de mul\u021bi ani. Din p\u0103cate, din cauza schimb\u0103rii obiceiurilor de petrecere a timpului liber, carcinoamele cu celule scuamoase apar \u0219i la pacien\u021bii mai tineri. Pe l\u00e2ng\u0103 expunerea permanent\u0103 la lumin\u0103, radia\u021biile radioactive, tratamentele cu radia\u021bii (radia\u021bii cu lumin\u0103 \u0219i raze X), inflama\u021bia cronic\u0103, suprimarea imunit\u0103\u021bii \u0219i cicatricile deosebit de pronun\u021bate pot fi implicate cauzal \u00een dezvoltare. Carcinoamele cu celule scuamoase sunt tumori maligne ale pielii care, dac\u0103 cresc necontrolate, distrug structurile adiacente \u0219i pot provoca astfel daune mari. Cu \u00eendep\u0103rtarea precoce \u0219i complet\u0103, carcinoamele cu celule scuamoase ale pielii pot fi de obicei vindecate definitiv \u0219i complet. Metastazele la ganglionii limfatici \u0219i la organele \u00eendep\u0103rtate sunt posibile \u00een carcinomul cu celule scuamoase cutanate \u0219i apare \u00een principal \u00een tumorile mai groase, avansate. Exist\u0103 un risc mai mare de metastaz\u0103 la pacien\u021bii imunocompromi\u0219i, de exemplu dup\u0103 transplantul de organe.        <\/p>\n<p style=\"text-align: justify;\">Este extrem de important s\u0103 ne contacta\u021bi la cea mai mic\u0103 schimbare neclar\u0103 a pielii. \u00cen cele mai multe cazuri, depistarea precoce a acestei boli de piele poate preveni consecin\u021bele grave. <\/p>\n<\/div><\/section><\/div>\n<style type=\"text\/css\" data-created_by=\"avia_inline_auto\" id=\"style-css-av-35maw8-40d53b73a800c5af1e8f9ef0bbd6d964\">\n.flex_column.av-35maw8-40d53b73a800c5af1e8f9ef0bbd6d964{\nborder-radius:0px 0px 0px 0px;\npadding:0px 0px 0px 0px;\n}\n<\/style>\n<div  class='flex_column av-35maw8-40d53b73a800c5af1e8f9ef0bbd6d964 av_two_fifth  avia-builder-el-4  el_after_av_three_fifth  el_before_av_hr  flex_column_div av-zero-column-padding  '     ><div id='av-masonry-1' class='av-masonry av-l96s1ic1-7ab345817f3714af6ac57e77ef0562f8 noHover av-fixed-size av-large-gap av-hover-overlay-active av-masonry-animation-active av-masonry-col-2 av-caption-always av-caption-style- av-masonry-gallery ' data-post_id=\"7119\"><div class=\"av-masonry-container isotope av-js-disabled\"><div class='av-masonry-entry isotope-item av-masonry-item-no-image '><\/div><a href=\"https:\/\/www.hasert-haut.de\/wp-content\/uploads\/2015\/01\/Stachelzell-Plattenepithelkarzinom-5.jpg\" data-srcset=\"https:\/\/www.hasert-haut.de\/wp-content\/uploads\/2015\/01\/Stachelzell-Plattenepithelkarzinom-5.jpg 600w, https:\/\/www.hasert-haut.de\/wp-content\/uploads\/2015\/01\/Stachelzell-Plattenepithelkarzinom-5-80x80.jpg 80w, https:\/\/www.hasert-haut.de\/wp-content\/uploads\/2015\/01\/Stachelzell-Plattenepithelkarzinom-5-300x300.jpg 300w, https:\/\/www.hasert-haut.de\/wp-content\/uploads\/2015\/01\/Stachelzell-Plattenepithelkarzinom-5-36x36.jpg 36w, https:\/\/www.hasert-haut.de\/wp-content\/uploads\/2015\/01\/Stachelzell-Plattenepithelkarzinom-5-180x180.jpg 180w, https:\/\/www.hasert-haut.de\/wp-content\/uploads\/2015\/01\/Stachelzell-Plattenepithelkarzinom-5-120x120.jpg 120w, https:\/\/www.hasert-haut.de\/wp-content\/uploads\/2015\/01\/Stachelzell-Plattenepithelkarzinom-5-450x450.jpg 450w\" data-sizes=\"(max-width: 600px) 100vw, 600px\"  aria-label=\"image Stachelzell-\/ Plattenepithelkarzinom\"  id='av-masonry-1-item-5796' data-av-masonry-item='5796' class='av-masonry-entry isotope-item post-5796 attachment type-attachment status-inherit hentry  av-masonry-item-with-image' title=\"Stachelzell-\/ Plattenepithelkarzinom\" alt=\"\"    itemprop=\"thumbnailUrl\" ><div class='av-inner-masonry-sizer'><\/div><figure class='av-inner-masonry main_color'><div class=\"av-masonry-outerimage-container\"><div class='av-masonry-image-container' style=\"background-image: url(https:\/\/www.hasert-haut.de\/wp-content\/uploads\/2015\/01\/Stachelzell-Plattenepithelkarzinom-5.jpg);\"  title=\"Stachelzell-\/ Plattenepithelkarzinom\"  ><\/div><\/div><\/figure><\/a><!--end av-masonry entry--><a href=\"https:\/\/www.hasert-haut.de\/wp-content\/uploads\/2015\/01\/Stachelzell-Plattenepithelkarzinom-7.jpg\" data-srcset=\"https:\/\/www.hasert-haut.de\/wp-content\/uploads\/2015\/01\/Stachelzell-Plattenepithelkarzinom-7.jpg 600w, https:\/\/www.hasert-haut.de\/wp-content\/uploads\/2015\/01\/Stachelzell-Plattenepithelkarzinom-7-80x80.jpg 80w, https:\/\/www.hasert-haut.de\/wp-content\/uploads\/2015\/01\/Stachelzell-Plattenepithelkarzinom-7-300x300.jpg 300w, https:\/\/www.hasert-haut.de\/wp-content\/uploads\/2015\/01\/Stachelzell-Plattenepithelkarzinom-7-36x36.jpg 36w, https:\/\/www.hasert-haut.de\/wp-content\/uploads\/2015\/01\/Stachelzell-Plattenepithelkarzinom-7-180x180.jpg 180w, https:\/\/www.hasert-haut.de\/wp-content\/uploads\/2015\/01\/Stachelzell-Plattenepithelkarzinom-7-120x120.jpg 120w, https:\/\/www.hasert-haut.de\/wp-content\/uploads\/2015\/01\/Stachelzell-Plattenepithelkarzinom-7-450x450.jpg 450w\" data-sizes=\"(max-width: 600px) 100vw, 600px\"  aria-label=\"image Stachelzell-\/ Plattenepithelkarzinom\"  id='av-masonry-1-item-5800' data-av-masonry-item='5800' class='av-masonry-entry isotope-item post-5800 attachment type-attachment status-inherit hentry  av-masonry-item-with-image' title=\"Stachelzell-\/ Plattenepithelkarzinom\" alt=\"\"    itemprop=\"thumbnailUrl\" ><div class='av-inner-masonry-sizer'><\/div><figure class='av-inner-masonry main_color'><div class=\"av-masonry-outerimage-container\"><div class='av-masonry-image-container' style=\"background-image: url(https:\/\/www.hasert-haut.de\/wp-content\/uploads\/2015\/01\/Stachelzell-Plattenepithelkarzinom-7.jpg);\"  title=\"Stachelzell-\/ Plattenepithelkarzinom\"  ><\/div><\/div><\/figure><\/a><!--end av-masonry entry--><a href=\"https:\/\/www.hasert-haut.de\/wp-content\/uploads\/2015\/01\/Stachelzell-Plattenepithelkarzinom-6.jpg\" data-srcset=\"https:\/\/www.hasert-haut.de\/wp-content\/uploads\/2015\/01\/Stachelzell-Plattenepithelkarzinom-6.jpg 600w, https:\/\/www.hasert-haut.de\/wp-content\/uploads\/2015\/01\/Stachelzell-Plattenepithelkarzinom-6-80x80.jpg 80w, https:\/\/www.hasert-haut.de\/wp-content\/uploads\/2015\/01\/Stachelzell-Plattenepithelkarzinom-6-300x300.jpg 300w, https:\/\/www.hasert-haut.de\/wp-content\/uploads\/2015\/01\/Stachelzell-Plattenepithelkarzinom-6-36x36.jpg 36w, https:\/\/www.hasert-haut.de\/wp-content\/uploads\/2015\/01\/Stachelzell-Plattenepithelkarzinom-6-180x180.jpg 180w, https:\/\/www.hasert-haut.de\/wp-content\/uploads\/2015\/01\/Stachelzell-Plattenepithelkarzinom-6-120x120.jpg 120w, https:\/\/www.hasert-haut.de\/wp-content\/uploads\/2015\/01\/Stachelzell-Plattenepithelkarzinom-6-450x450.jpg 450w\" data-sizes=\"(max-width: 600px) 100vw, 600px\"  aria-label=\"image Stachelzell-\/ Plattenepithelkarzinom\"  id='av-masonry-1-item-5798' data-av-masonry-item='5798' class='av-masonry-entry isotope-item post-5798 attachment type-attachment status-inherit hentry  av-masonry-item-with-image' title=\"Stachelzell-\/ Plattenepithelkarzinom\" alt=\"\"    itemprop=\"thumbnailUrl\" ><div class='av-inner-masonry-sizer'><\/div><figure class='av-inner-masonry main_color'><div class=\"av-masonry-outerimage-container\"><div class='av-masonry-image-container' style=\"background-image: url(https:\/\/www.hasert-haut.de\/wp-content\/uploads\/2015\/01\/Stachelzell-Plattenepithelkarzinom-6.jpg);\"  title=\"Stachelzell-\/ Plattenepithelkarzinom\"  ><\/div><\/div><\/figure><\/a><!--end av-masonry entry--><a href=\"https:\/\/www.hasert-haut.de\/wp-content\/uploads\/2015\/01\/Stachelzell-Plattenepithelkarzinom-4.jpg\" data-srcset=\"https:\/\/www.hasert-haut.de\/wp-content\/uploads\/2015\/01\/Stachelzell-Plattenepithelkarzinom-4.jpg 600w, https:\/\/www.hasert-haut.de\/wp-content\/uploads\/2015\/01\/Stachelzell-Plattenepithelkarzinom-4-80x80.jpg 80w, https:\/\/www.hasert-haut.de\/wp-content\/uploads\/2015\/01\/Stachelzell-Plattenepithelkarzinom-4-300x300.jpg 300w, https:\/\/www.hasert-haut.de\/wp-content\/uploads\/2015\/01\/Stachelzell-Plattenepithelkarzinom-4-36x36.jpg 36w, https:\/\/www.hasert-haut.de\/wp-content\/uploads\/2015\/01\/Stachelzell-Plattenepithelkarzinom-4-180x180.jpg 180w, https:\/\/www.hasert-haut.de\/wp-content\/uploads\/2015\/01\/Stachelzell-Plattenepithelkarzinom-4-120x120.jpg 120w, https:\/\/www.hasert-haut.de\/wp-content\/uploads\/2015\/01\/Stachelzell-Plattenepithelkarzinom-4-450x450.jpg 450w\" data-sizes=\"(max-width: 600px) 100vw, 600px\"  aria-label=\"image Stachelzell-\/ Plattenepithelkarzinom\"  id='av-masonry-1-item-5794' data-av-masonry-item='5794' class='av-masonry-entry isotope-item post-5794 attachment type-attachment status-inherit hentry  av-masonry-item-with-image' title=\"Stachelzell-\/ Plattenepithelkarzinom\" alt=\"\"    itemprop=\"thumbnailUrl\" ><div class='av-inner-masonry-sizer'><\/div><figure class='av-inner-masonry main_color'><div class=\"av-masonry-outerimage-container\"><div class='av-masonry-image-container' style=\"background-image: url(https:\/\/www.hasert-haut.de\/wp-content\/uploads\/2015\/01\/Stachelzell-Plattenepithelkarzinom-4.jpg);\"  title=\"Stachelzell-\/ Plattenepithelkarzinom\"  ><\/div><\/div><\/figure><\/a><!--end av-masonry entry--><a href=\"https:\/\/www.hasert-haut.de\/wp-content\/uploads\/2015\/01\/Stachelzell-Plattenepithelkarzinom-3.jpg\" data-srcset=\"https:\/\/www.hasert-haut.de\/wp-content\/uploads\/2015\/01\/Stachelzell-Plattenepithelkarzinom-3.jpg 600w, https:\/\/www.hasert-haut.de\/wp-content\/uploads\/2015\/01\/Stachelzell-Plattenepithelkarzinom-3-80x80.jpg 80w, https:\/\/www.hasert-haut.de\/wp-content\/uploads\/2015\/01\/Stachelzell-Plattenepithelkarzinom-3-300x300.jpg 300w, https:\/\/www.hasert-haut.de\/wp-content\/uploads\/2015\/01\/Stachelzell-Plattenepithelkarzinom-3-36x36.jpg 36w, https:\/\/www.hasert-haut.de\/wp-content\/uploads\/2015\/01\/Stachelzell-Plattenepithelkarzinom-3-180x180.jpg 180w, https:\/\/www.hasert-haut.de\/wp-content\/uploads\/2015\/01\/Stachelzell-Plattenepithelkarzinom-3-120x120.jpg 120w, https:\/\/www.hasert-haut.de\/wp-content\/uploads\/2015\/01\/Stachelzell-Plattenepithelkarzinom-3-450x450.jpg 450w\" data-sizes=\"(max-width: 600px) 100vw, 600px\"  aria-label=\"image Stachelzell-\/ Plattenepithelkarzinom\"  id='av-masonry-1-item-5792' data-av-masonry-item='5792' class='av-masonry-entry isotope-item post-5792 attachment type-attachment status-inherit hentry  av-masonry-item-with-image' title=\"Stachelzell-\/ Plattenepithelkarzinom\" alt=\"\"    itemprop=\"thumbnailUrl\" ><div class='av-inner-masonry-sizer'><\/div><figure class='av-inner-masonry main_color'><div class=\"av-masonry-outerimage-container\"><div class='av-masonry-image-container' style=\"background-image: url(https:\/\/www.hasert-haut.de\/wp-content\/uploads\/2015\/01\/Stachelzell-Plattenepithelkarzinom-3.jpg);\"  title=\"Stachelzell-\/ Plattenepithelkarzinom\"  ><\/div><\/div><\/figure><\/a><!--end av-masonry entry--><a href=\"https:\/\/www.hasert-haut.de\/wp-content\/uploads\/2015\/01\/Stachelzell-Plattenepithelkarzinom-2.jpg\" data-srcset=\"https:\/\/www.hasert-haut.de\/wp-content\/uploads\/2015\/01\/Stachelzell-Plattenepithelkarzinom-2.jpg 600w, https:\/\/www.hasert-haut.de\/wp-content\/uploads\/2015\/01\/Stachelzell-Plattenepithelkarzinom-2-80x80.jpg 80w, https:\/\/www.hasert-haut.de\/wp-content\/uploads\/2015\/01\/Stachelzell-Plattenepithelkarzinom-2-300x300.jpg 300w, https:\/\/www.hasert-haut.de\/wp-content\/uploads\/2015\/01\/Stachelzell-Plattenepithelkarzinom-2-36x36.jpg 36w, https:\/\/www.hasert-haut.de\/wp-content\/uploads\/2015\/01\/Stachelzell-Plattenepithelkarzinom-2-180x180.jpg 180w, https:\/\/www.hasert-haut.de\/wp-content\/uploads\/2015\/01\/Stachelzell-Plattenepithelkarzinom-2-120x120.jpg 120w, https:\/\/www.hasert-haut.de\/wp-content\/uploads\/2015\/01\/Stachelzell-Plattenepithelkarzinom-2-450x450.jpg 450w\" data-sizes=\"(max-width: 600px) 100vw, 600px\"  aria-label=\"image Stachelzell-\/ Plattenepithelkarzinom\"  id='av-masonry-1-item-5790' data-av-masonry-item='5790' class='av-masonry-entry isotope-item post-5790 attachment type-attachment status-inherit hentry  av-masonry-item-with-image' title=\"Stachelzell-\/ Plattenepithelkarzinom\" alt=\"\"    itemprop=\"thumbnailUrl\" ><div class='av-inner-masonry-sizer'><\/div><figure class='av-inner-masonry main_color'><div class=\"av-masonry-outerimage-container\"><div class='av-masonry-image-container' style=\"background-image: url(https:\/\/www.hasert-haut.de\/wp-content\/uploads\/2015\/01\/Stachelzell-Plattenepithelkarzinom-2.jpg);\"  title=\"Stachelzell-\/ Plattenepithelkarzinom\"  ><\/div><\/div><\/figure><\/a><!--end av-masonry entry--><a href=\"https:\/\/www.hasert-haut.de\/wp-content\/uploads\/2015\/01\/Stachelzell-Plattenepithelkarzinom-1.jpg\" data-srcset=\"https:\/\/www.hasert-haut.de\/wp-content\/uploads\/2015\/01\/Stachelzell-Plattenepithelkarzinom-1.jpg 600w, https:\/\/www.hasert-haut.de\/wp-content\/uploads\/2015\/01\/Stachelzell-Plattenepithelkarzinom-1-80x80.jpg 80w, https:\/\/www.hasert-haut.de\/wp-content\/uploads\/2015\/01\/Stachelzell-Plattenepithelkarzinom-1-300x300.jpg 300w, https:\/\/www.hasert-haut.de\/wp-content\/uploads\/2015\/01\/Stachelzell-Plattenepithelkarzinom-1-36x36.jpg 36w, https:\/\/www.hasert-haut.de\/wp-content\/uploads\/2015\/01\/Stachelzell-Plattenepithelkarzinom-1-180x180.jpg 180w, https:\/\/www.hasert-haut.de\/wp-content\/uploads\/2015\/01\/Stachelzell-Plattenepithelkarzinom-1-120x120.jpg 120w, https:\/\/www.hasert-haut.de\/wp-content\/uploads\/2015\/01\/Stachelzell-Plattenepithelkarzinom-1-450x450.jpg 450w\" data-sizes=\"(max-width: 600px) 100vw, 600px\"  aria-label=\"image Stachelzell-\/ Plattenepithelkarzinom\"  id='av-masonry-1-item-5788' data-av-masonry-item='5788' class='av-masonry-entry isotope-item post-5788 attachment type-attachment status-inherit hentry  av-masonry-item-with-image' title=\"Stachelzell-\/ Plattenepithelkarzinom\" alt=\"\"    itemprop=\"thumbnailUrl\" ><div class='av-inner-masonry-sizer'><\/div><figure class='av-inner-masonry main_color'><div class=\"av-masonry-outerimage-container\"><div class='av-masonry-image-container' style=\"background-image: url(https:\/\/www.hasert-haut.de\/wp-content\/uploads\/2015\/01\/Stachelzell-Plattenepithelkarzinom-1.jpg);\"  title=\"Stachelzell-\/ Plattenepithelkarzinom\"  ><\/div><\/div><\/figure><\/a><!--end av-masonry entry--><\/div><\/div><\/div>\n<style type=\"text\/css\" data-created_by=\"avia_inline_auto\" id=\"style-css-av-1r06m-22f4993bc341f54115743d69d089ae2f\">\n#top .hr.hr-invisible.av-1r06m-22f4993bc341f54115743d69d089ae2f{\nheight:50px;\n}\n<\/style>\n<div  class='hr av-1r06m-22f4993bc341f54115743d69d089ae2f hr-invisible  avia-builder-el-6  el_after_av_two_fifth  el_before_av_postcontent  avia-builder-el-last '><span class='hr-inner '><span class=\"hr-inner-style\"><\/span><\/span><\/div><\/p>\n[av_heading heading='Alte servicii ale cabinetului nostru' tag='h3' style='blockquote modern-quote modern-centered' subheading_active='' show_icon='' icon='ue800' font='' size='' av-medium-font-size-title='' av-small-font-size-title='' av-mini-font-size-title='' subheading_size='' av-medium-font-size='' av-small-font-size='' av-mini-font-size='' icon_size='' av-medium-font-size-1='' av-small-font-size-1='' av-mini-font-size-1='' color='' custom_font='' icon_color='' margin='' margin_sync='true' padding='10' icon_padding='10' link='' link_target='' id='' custom_class='' av_uid='av-l9475f5a' admin_preview_bg=''][\/av_heading]\n\n[av_masonry_entries link='portfolio_entries,95,72,73,71' wc_prod_visible='' wc_prod_hidden='hide' wc_prod_featured='' prod_order_by='' prod_order='' date_filter='' date_filter_start='' date_filter_end='' date_filter_format='yy\/mm\/dd' sort='no' query_orderby='rand' query_order='DESC' caption_elements='title' caption_styling='overlay' caption_display='always' size='fixed' orientation='' gap='large' columns='5' av-medium-columns='' av-small-columns='' av-mini-columns='' items='5' paginate='none' color='' custom_bg='' overlay_fx='active' animation='active' lazy_loading='disabled' id='' custom_class='' av_uid='av-l9474s7j']\n\n\n","protected":false},"excerpt":{"rendered":"<p>Carcinomul cu celule scuamoase este al doilea cel mai frecvent cancer de piele. Persoanele cu pielea deschis\u0103 la culoare au cel mai mare risc de a dezvolta carcinom cu celule scuamoase.<\/p>\n","protected":false},"featured_media":5984,"comment_status":"closed","ping_status":"closed","template":"","tags":[],"portfolio_entries":[84],"class_list":["post-7119","portfolio","type-portfolio","status-publish","has-post-thumbnail","hentry","portfolio_entries-hautkrebsbehandlung-ro"],"yoast_head":"<!-- This site is optimized with the Yoast SEO plugin v25.3.1 - https:\/\/yoast.com\/wordpress\/plugins\/seo\/ -->\n<title>Carcinom cu celule scuamoase | dermatolog Dr. Hasert Berlin-Mitte<\/title>\n<meta name=\"description\" content=\"Carcinomul cu celule scuamoase este al doilea cel mai frecvent cancer de piele. Persoanele cu pielea deschis\u0103 la culoare au cel mai mare risc de a dezvolta carcinom cu celule scuamoase.\" \/>\n<meta name=\"robots\" content=\"index, follow, max-snippet:-1, max-image-preview:large, max-video-preview:-1\" \/>\n<link rel=\"canonical\" href=\"https:\/\/www.hasert-haut.de\/ro\/leistungen\/carcinom-cu-celule-scuamoase\/\" \/>\n<meta property=\"og:locale\" content=\"ro_RO\" \/>\n<meta property=\"og:type\" content=\"article\" \/>\n<meta property=\"og:title\" content=\"Carcinom cu celule scuamoase | dermatolog Dr. Hasert Berlin-Mitte\" \/>\n<meta property=\"og:description\" content=\"Carcinomul cu celule scuamoase este al doilea cel mai frecvent cancer de piele. Persoanele cu pielea deschis\u0103 la culoare au cel mai mare risc de a dezvolta carcinom cu celule scuamoase.\" \/>\n<meta property=\"og:url\" content=\"https:\/\/www.hasert-haut.de\/ro\/leistungen\/carcinom-cu-celule-scuamoase\/\" \/>\n<meta property=\"og:site_name\" content=\"Hautarzt Berlin - Praxisklinik Dr. Hasert\" \/>\n<meta property=\"article:modified_time\" content=\"2023-09-20T14:33:58+00:00\" \/>\n<meta property=\"og:image\" content=\"https:\/\/www.hasert-haut.de\/wp-content\/uploads\/2016\/12\/Stachelzell-Plattenepithelkarzinom.jpg\" \/>\n\t<meta property=\"og:image:width\" content=\"600\" \/>\n\t<meta property=\"og:image:height\" content=\"400\" \/>\n\t<meta property=\"og:image:type\" content=\"image\/jpeg\" \/>\n<meta name=\"twitter:label1\" content=\"Timp estimat pentru citire\" \/>\n\t<meta name=\"twitter:data1\" content=\"4 minute\" \/>\n<script type=\"application\/ld+json\" class=\"yoast-schema-graph\">{\"@context\":\"https:\/\/schema.org\",\"@graph\":[{\"@type\":\"WebPage\",\"@id\":\"https:\/\/www.hasert-haut.de\/ro\/leistungen\/carcinom-cu-celule-scuamoase\/\",\"url\":\"https:\/\/www.hasert-haut.de\/ro\/leistungen\/carcinom-cu-celule-scuamoase\/\",\"name\":\"Carcinom cu celule scuamoase | dermatolog Dr. Hasert Berlin-Mitte\",\"isPartOf\":{\"@id\":\"https:\/\/www.hasert-haut.de\/ro\/#website\"},\"primaryImageOfPage\":{\"@id\":\"https:\/\/www.hasert-haut.de\/ro\/leistungen\/carcinom-cu-celule-scuamoase\/#primaryimage\"},\"image\":{\"@id\":\"https:\/\/www.hasert-haut.de\/ro\/leistungen\/carcinom-cu-celule-scuamoase\/#primaryimage\"},\"thumbnailUrl\":\"https:\/\/www.hasert-haut.de\/wp-content\/uploads\/2016\/12\/Stachelzell-Plattenepithelkarzinom.jpg\",\"datePublished\":\"2022-10-11T12:24:16+00:00\",\"dateModified\":\"2023-09-20T14:33:58+00:00\",\"description\":\"Carcinomul cu celule scuamoase este al doilea cel mai frecvent cancer de piele. Persoanele cu pielea deschis\u0103 la culoare au cel mai mare risc de a dezvolta carcinom cu celule scuamoase.\",\"breadcrumb\":{\"@id\":\"https:\/\/www.hasert-haut.de\/ro\/leistungen\/carcinom-cu-celule-scuamoase\/#breadcrumb\"},\"inLanguage\":\"ro-RO\",\"potentialAction\":[{\"@type\":\"ReadAction\",\"target\":[\"https:\/\/www.hasert-haut.de\/ro\/leistungen\/carcinom-cu-celule-scuamoase\/\"]}]},{\"@type\":\"ImageObject\",\"inLanguage\":\"ro-RO\",\"@id\":\"https:\/\/www.hasert-haut.de\/ro\/leistungen\/carcinom-cu-celule-scuamoase\/#primaryimage\",\"url\":\"https:\/\/www.hasert-haut.de\/wp-content\/uploads\/2016\/12\/Stachelzell-Plattenepithelkarzinom.jpg\",\"contentUrl\":\"https:\/\/www.hasert-haut.de\/wp-content\/uploads\/2016\/12\/Stachelzell-Plattenepithelkarzinom.jpg\",\"width\":600,\"height\":400},{\"@type\":\"BreadcrumbList\",\"@id\":\"https:\/\/www.hasert-haut.de\/ro\/leistungen\/carcinom-cu-celule-scuamoase\/#breadcrumb\",\"itemListElement\":[{\"@type\":\"ListItem\",\"position\":1,\"name\":\"Home\",\"item\":\"https:\/\/www.hasert-haut.de\/ro\/bine-ati-venit\/\"},{\"@type\":\"ListItem\",\"position\":2,\"name\":\"Carcinom cu celule scuamoase\"}]},{\"@type\":\"WebSite\",\"@id\":\"https:\/\/www.hasert-haut.de\/ro\/#website\",\"url\":\"https:\/\/www.hasert-haut.de\/ro\/\",\"name\":\"Hautarzt Berlin - Praxisklinik Dr. Hasert\",\"description\":\"Hautarzt, Allgemeinmedizin\",\"potentialAction\":[{\"@type\":\"SearchAction\",\"target\":{\"@type\":\"EntryPoint\",\"urlTemplate\":\"https:\/\/www.hasert-haut.de\/ro\/?s={search_term_string}\"},\"query-input\":{\"@type\":\"PropertyValueSpecification\",\"valueRequired\":true,\"valueName\":\"search_term_string\"}}],\"inLanguage\":\"ro-RO\"}]}<\/script>\n<!-- \/ Yoast SEO plugin. -->","yoast_head_json":{"title":"Carcinom cu celule scuamoase | dermatolog Dr. Hasert Berlin-Mitte","description":"Carcinomul cu celule scuamoase este al doilea cel mai frecvent cancer de piele. Persoanele cu pielea deschis\u0103 la culoare au cel mai mare risc de a dezvolta carcinom cu celule scuamoase.","robots":{"index":"index","follow":"follow","max-snippet":"max-snippet:-1","max-image-preview":"max-image-preview:large","max-video-preview":"max-video-preview:-1"},"canonical":"https:\/\/www.hasert-haut.de\/ro\/leistungen\/carcinom-cu-celule-scuamoase\/","og_locale":"ro_RO","og_type":"article","og_title":"Carcinom cu celule scuamoase | dermatolog Dr. Hasert Berlin-Mitte","og_description":"Carcinomul cu celule scuamoase este al doilea cel mai frecvent cancer de piele. Persoanele cu pielea deschis\u0103 la culoare au cel mai mare risc de a dezvolta carcinom cu celule scuamoase.","og_url":"https:\/\/www.hasert-haut.de\/ro\/leistungen\/carcinom-cu-celule-scuamoase\/","og_site_name":"Hautarzt Berlin - Praxisklinik Dr. Hasert","article_modified_time":"2023-09-20T14:33:58+00:00","og_image":[{"width":600,"height":400,"url":"https:\/\/www.hasert-haut.de\/wp-content\/uploads\/2016\/12\/Stachelzell-Plattenepithelkarzinom.jpg","type":"image\/jpeg"}],"twitter_misc":{"Timp estimat pentru citire":"4 minute"},"schema":{"@context":"https:\/\/schema.org","@graph":[{"@type":"WebPage","@id":"https:\/\/www.hasert-haut.de\/ro\/leistungen\/carcinom-cu-celule-scuamoase\/","url":"https:\/\/www.hasert-haut.de\/ro\/leistungen\/carcinom-cu-celule-scuamoase\/","name":"Carcinom cu celule scuamoase | dermatolog Dr. Hasert Berlin-Mitte","isPartOf":{"@id":"https:\/\/www.hasert-haut.de\/ro\/#website"},"primaryImageOfPage":{"@id":"https:\/\/www.hasert-haut.de\/ro\/leistungen\/carcinom-cu-celule-scuamoase\/#primaryimage"},"image":{"@id":"https:\/\/www.hasert-haut.de\/ro\/leistungen\/carcinom-cu-celule-scuamoase\/#primaryimage"},"thumbnailUrl":"https:\/\/www.hasert-haut.de\/wp-content\/uploads\/2016\/12\/Stachelzell-Plattenepithelkarzinom.jpg","datePublished":"2022-10-11T12:24:16+00:00","dateModified":"2023-09-20T14:33:58+00:00","description":"Carcinomul cu celule scuamoase este al doilea cel mai frecvent cancer de piele. Persoanele cu pielea deschis\u0103 la culoare au cel mai mare risc de a dezvolta carcinom cu celule scuamoase.","breadcrumb":{"@id":"https:\/\/www.hasert-haut.de\/ro\/leistungen\/carcinom-cu-celule-scuamoase\/#breadcrumb"},"inLanguage":"ro-RO","potentialAction":[{"@type":"ReadAction","target":["https:\/\/www.hasert-haut.de\/ro\/leistungen\/carcinom-cu-celule-scuamoase\/"]}]},{"@type":"ImageObject","inLanguage":"ro-RO","@id":"https:\/\/www.hasert-haut.de\/ro\/leistungen\/carcinom-cu-celule-scuamoase\/#primaryimage","url":"https:\/\/www.hasert-haut.de\/wp-content\/uploads\/2016\/12\/Stachelzell-Plattenepithelkarzinom.jpg","contentUrl":"https:\/\/www.hasert-haut.de\/wp-content\/uploads\/2016\/12\/Stachelzell-Plattenepithelkarzinom.jpg","width":600,"height":400},{"@type":"BreadcrumbList","@id":"https:\/\/www.hasert-haut.de\/ro\/leistungen\/carcinom-cu-celule-scuamoase\/#breadcrumb","itemListElement":[{"@type":"ListItem","position":1,"name":"Home","item":"https:\/\/www.hasert-haut.de\/ro\/bine-ati-venit\/"},{"@type":"ListItem","position":2,"name":"Carcinom cu celule scuamoase"}]},{"@type":"WebSite","@id":"https:\/\/www.hasert-haut.de\/ro\/#website","url":"https:\/\/www.hasert-haut.de\/ro\/","name":"Hautarzt Berlin - Praxisklinik Dr. Hasert","description":"Hautarzt, Allgemeinmedizin","potentialAction":[{"@type":"SearchAction","target":{"@type":"EntryPoint","urlTemplate":"https:\/\/www.hasert-haut.de\/ro\/?s={search_term_string}"},"query-input":{"@type":"PropertyValueSpecification","valueRequired":true,"valueName":"search_term_string"}}],"inLanguage":"ro-RO"}]}},"_links":{"self":[{"href":"https:\/\/www.hasert-haut.de\/ro\/wp-json\/wp\/v2\/portfolio\/7119","targetHints":{"allow":["GET"]}}],"collection":[{"href":"https:\/\/www.hasert-haut.de\/ro\/wp-json\/wp\/v2\/portfolio"}],"about":[{"href":"https:\/\/www.hasert-haut.de\/ro\/wp-json\/wp\/v2\/types\/portfolio"}],"replies":[{"embeddable":true,"href":"https:\/\/www.hasert-haut.de\/ro\/wp-json\/wp\/v2\/comments?post=7119"}],"version-history":[{"count":20,"href":"https:\/\/www.hasert-haut.de\/ro\/wp-json\/wp\/v2\/portfolio\/7119\/revisions"}],"predecessor-version":[{"id":11886,"href":"https:\/\/www.hasert-haut.de\/ro\/wp-json\/wp\/v2\/portfolio\/7119\/revisions\/11886"}],"wp:featuredmedia":[{"embeddable":true,"href":"https:\/\/www.hasert-haut.de\/ro\/wp-json\/wp\/v2\/media\/5984"}],"wp:attachment":[{"href":"https:\/\/www.hasert-haut.de\/ro\/wp-json\/wp\/v2\/media?parent=7119"}],"wp:term":[{"taxonomy":"post_tag","embeddable":true,"href":"https:\/\/www.hasert-haut.de\/ro\/wp-json\/wp\/v2\/tags?post=7119"},{"taxonomy":"portfolio_entries","embeddable":true,"href":"https:\/\/www.hasert-haut.de\/ro\/wp-json\/wp\/v2\/portfolio_entries?post=7119"}],"curies":[{"name":"wp","href":"https:\/\/api.w.org\/{rel}","templated":true}]}}