{"id":7149,"date":"2022-10-11T12:28:44","date_gmt":"2022-10-11T12:28:44","guid":{"rendered":"https:\/\/www.hasert-haut.de\/leistungen\/schwarzer-hautkrebs-melanom\/"},"modified":"2023-09-20T14:32:04","modified_gmt":"2023-09-20T14:32:04","slug":"cancer-de-piele-neagra-melanom","status":"publish","type":"portfolio","link":"https:\/\/www.hasert-haut.de\/ro\/leistungen\/cancer-de-piele-neagra-melanom\/","title":{"rendered":"Cancer de piele neagr\u0103 (melanom)"},"content":{"rendered":"\n<style type=\"text\/css\" data-created_by=\"avia_inline_auto\" id=\"style-css-av-av_heading-438ace721582ed69e25a33ea7e7bde05\">\n#top .av-special-heading.av-av_heading-438ace721582ed69e25a33ea7e7bde05{\npadding-bottom:10px;\n}\nbody .av-special-heading.av-av_heading-438ace721582ed69e25a33ea7e7bde05 .av-special-heading-tag .heading-char{\nfont-size:25px;\n}\n.av-special-heading.av-av_heading-438ace721582ed69e25a33ea7e7bde05 .av-subheading{\nfont-size:15px;\n}\n<\/style>\n<div  class='av-special-heading av-av_heading-438ace721582ed69e25a33ea7e7bde05 av-special-heading-h1 blockquote modern-quote  avia-builder-el-0  el_before_av_hr  avia-builder-el-first '><h1 class='av-special-heading-tag'  itemprop=\"headline\"  >Cancer de piele neagr\u0103 (melanom)<\/h1><div class=\"special-heading-border\"><div class=\"special-heading-inner-border\"><\/div><\/div><\/div>\n\n<style type=\"text\/css\" data-created_by=\"avia_inline_auto\" id=\"style-css-av-l96ryrhp-34611b3b3859af4f21b0a1bfa0ad5e24\">\n#top .hr.hr-invisible.av-l96ryrhp-34611b3b3859af4f21b0a1bfa0ad5e24{\nheight:50px;\n}\n<\/style>\n<div  class='hr av-l96ryrhp-34611b3b3859af4f21b0a1bfa0ad5e24 hr-invisible  avia-builder-el-1  el_after_av_heading  el_before_av_three_fifth '><span class='hr-inner '><span class=\"hr-inner-style\"><\/span><\/span><\/div>\n\n<style type=\"text\/css\" data-created_by=\"avia_inline_auto\" id=\"style-css-av-6dj6ns-7472608404402ce7ad5c72bb757e28f8\">\n.flex_column.av-6dj6ns-7472608404402ce7ad5c72bb757e28f8{\nborder-radius:0px 0px 0px 0px;\npadding:0px 0px 0px 0px;\n}\n<\/style>\n<div  class='flex_column av-6dj6ns-7472608404402ce7ad5c72bb757e28f8 av_three_fifth  avia-builder-el-2  el_after_av_hr  el_before_av_two_fifth  first flex_column_div av-zero-column-padding  '     ><section  class='av_textblock_section av-29yyc-e7e9279bd5b758ad465a0409e2e6b416 '   itemscope=\"itemscope\" itemtype=\"https:\/\/schema.org\/CreativeWork\" ><div class='avia_textblock'  itemprop=\"text\" ><p style=\"text-align: justify;\">Melanomul malign, cunoscut \u0219i sub numele de cancer de piele neagr\u0103, este o degenerare foarte malign\u0103 (malign\u0103) a celulelor pigmentare (melanocite), care este cauzat\u0103 \u00een principal de expunerea la radia\u021biile UV. Tumoarea tinde s\u0103 r\u0103sp\u00e2ndeasc\u0103 metastazele prin limfatic \u0219i fluxul sanguin de la \u00eenceput \u0219i, prin urmare, este considerat\u0103 extrem de periculoas\u0103. <\/p>\n<p style=\"text-align: justify;\">Cu diagnostic \u0219i tratament precoce, \u0219ansele de vindecare sunt bune. A\u0219teptarea, fie din nep\u0103sare, fie din fric\u0103, \u00eenr\u0103ut\u0103\u021be\u0219te foarte mult perspectivele. <\/p>\n<p style=\"text-align: justify;\">Tratamentul primar de elec\u021bie este \u00eendep\u0103rtarea chirurgical\u0103 a tumorii primare. Acest lucru este f\u0103cut de noi \u00een conformitate cu instruc\u021biunile. Dup\u0103 examinarea histologic\u0103, urmeaz\u0103 procedura terapeutic\u0103 ulterioar\u0103. \u00cen cazul tumorilor mai groase de 1 mm, este necesar s\u0103 se examineze ganglionul primar (ganglion santinel\u0103). Pentru a localiza ganglionul limfatic, se efectueaz\u0103 un examen medical nuclear special \u00een combina\u021bie cu un examen cu ultrasunete de \u00eenalt\u0103 rezolu\u021bie. Apoi poate fi \u00eendep\u0103rtat chirurgical. O arip\u0103 chirurgical\u0103 modern\u0103 cu dou\u0103 paturi pentru pacient este disponibil\u0103 pentru opera\u021biile din clinica noastr\u0103 de practic\u0103.      <\/p>\n<p style=\"text-align: justify;\">\u00cen func\u021bie de stadiu, putem efectua chimioterapie \u0219i imunoterapie. Este necesar\u0103 urgent o verificare atent\u0103 de urm\u0103rire cu examinarea organului pielii, ultrasunete, radiografii \u0219i examene CT. <\/p>\n<\/div><\/section><\/div>\n<style type=\"text\/css\" data-created_by=\"avia_inline_auto\" id=\"style-css-av-35maw8-40d53b73a800c5af1e8f9ef0bbd6d964\">\n.flex_column.av-35maw8-40d53b73a800c5af1e8f9ef0bbd6d964{\nborder-radius:0px 0px 0px 0px;\npadding:0px 0px 0px 0px;\n}\n<\/style>\n<div  class='flex_column av-35maw8-40d53b73a800c5af1e8f9ef0bbd6d964 av_two_fifth  avia-builder-el-4  el_after_av_three_fifth  el_before_av_hr  flex_column_div av-zero-column-padding  '     ><div id='av-masonry-1' class='av-masonry av-l96s1ic1-42983114c3057c6d9ed4e7cd0139f3ec noHover av-fixed-size av-large-gap av-hover-overlay-active av-masonry-animation-active av-masonry-col-2 av-caption-always av-caption-style- av-masonry-gallery ' data-post_id=\"7149\"><div class=\"av-masonry-container isotope av-js-disabled\"><div class='av-masonry-entry isotope-item av-masonry-item-no-image '><\/div><a href=\"https:\/\/www.hasert-haut.de\/wp-content\/uploads\/2016\/12\/Schwarzer-Hautkrebs-Melanom.jpg\" data-srcset=\"https:\/\/www.hasert-haut.de\/wp-content\/uploads\/2016\/12\/Schwarzer-Hautkrebs-Melanom.jpg 600w, https:\/\/www.hasert-haut.de\/wp-content\/uploads\/2016\/12\/Schwarzer-Hautkrebs-Melanom-300x200.jpg 300w, https:\/\/www.hasert-haut.de\/wp-content\/uploads\/2016\/12\/Schwarzer-Hautkrebs-Melanom-450x300.jpg 450w\" data-sizes=\"(max-width: 600px) 100vw, 600px\"  aria-label=\"image Schwarzer Hautkrebs (Melanom)\"  id='av-masonry-1-item-5982' data-av-masonry-item='5982' class='av-masonry-entry isotope-item post-5982 attachment type-attachment status-inherit hentry  av-masonry-item-with-image' title=\"Schwarzer Hautkrebs (Melanom)\" alt=\"\"    itemprop=\"thumbnailUrl\" ><div class='av-inner-masonry-sizer'><\/div><figure class='av-inner-masonry main_color'><div class=\"av-masonry-outerimage-container\"><div class='av-masonry-image-container' style=\"background-image: url(https:\/\/www.hasert-haut.de\/wp-content\/uploads\/2016\/12\/Schwarzer-Hautkrebs-Melanom.jpg);\"  title=\"Schwarzer Hautkrebs (Melanom)\"  ><\/div><\/div><\/figure><\/a><!--end av-masonry entry--><a href=\"https:\/\/www.hasert-haut.de\/wp-content\/uploads\/2015\/01\/Schwarzer-Hautkrebs-Melanom-5.jpg\" data-srcset=\"https:\/\/www.hasert-haut.de\/wp-content\/uploads\/2015\/01\/Schwarzer-Hautkrebs-Melanom-5.jpg 600w, https:\/\/www.hasert-haut.de\/wp-content\/uploads\/2015\/01\/Schwarzer-Hautkrebs-Melanom-5-80x80.jpg 80w, https:\/\/www.hasert-haut.de\/wp-content\/uploads\/2015\/01\/Schwarzer-Hautkrebs-Melanom-5-300x300.jpg 300w, https:\/\/www.hasert-haut.de\/wp-content\/uploads\/2015\/01\/Schwarzer-Hautkrebs-Melanom-5-36x36.jpg 36w, https:\/\/www.hasert-haut.de\/wp-content\/uploads\/2015\/01\/Schwarzer-Hautkrebs-Melanom-5-180x180.jpg 180w, https:\/\/www.hasert-haut.de\/wp-content\/uploads\/2015\/01\/Schwarzer-Hautkrebs-Melanom-5-120x120.jpg 120w, https:\/\/www.hasert-haut.de\/wp-content\/uploads\/2015\/01\/Schwarzer-Hautkrebs-Melanom-5-450x450.jpg 450w\" data-sizes=\"(max-width: 600px) 100vw, 600px\"  aria-label=\"image Schwarzer Hautkrebs (Melanom)\"  id='av-masonry-1-item-5764' data-av-masonry-item='5764' class='av-masonry-entry isotope-item post-5764 attachment type-attachment status-inherit hentry  av-masonry-item-with-image' title=\"Schwarzer Hautkrebs (Melanom)\" alt=\"\"    itemprop=\"thumbnailUrl\" ><div class='av-inner-masonry-sizer'><\/div><figure class='av-inner-masonry main_color'><div class=\"av-masonry-outerimage-container\"><div class='av-masonry-image-container' style=\"background-image: url(https:\/\/www.hasert-haut.de\/wp-content\/uploads\/2015\/01\/Schwarzer-Hautkrebs-Melanom-5.jpg);\"  title=\"Schwarzer Hautkrebs (Melanom)\"  ><\/div><\/div><\/figure><\/a><!--end av-masonry entry--><a href=\"https:\/\/www.hasert-haut.de\/wp-content\/uploads\/2015\/01\/Schwarzer-Hautkrebs-Melanom-4.jpg\" data-srcset=\"https:\/\/www.hasert-haut.de\/wp-content\/uploads\/2015\/01\/Schwarzer-Hautkrebs-Melanom-4.jpg 600w, https:\/\/www.hasert-haut.de\/wp-content\/uploads\/2015\/01\/Schwarzer-Hautkrebs-Melanom-4-80x80.jpg 80w, https:\/\/www.hasert-haut.de\/wp-content\/uploads\/2015\/01\/Schwarzer-Hautkrebs-Melanom-4-300x300.jpg 300w, https:\/\/www.hasert-haut.de\/wp-content\/uploads\/2015\/01\/Schwarzer-Hautkrebs-Melanom-4-36x36.jpg 36w, https:\/\/www.hasert-haut.de\/wp-content\/uploads\/2015\/01\/Schwarzer-Hautkrebs-Melanom-4-180x180.jpg 180w, https:\/\/www.hasert-haut.de\/wp-content\/uploads\/2015\/01\/Schwarzer-Hautkrebs-Melanom-4-120x120.jpg 120w, https:\/\/www.hasert-haut.de\/wp-content\/uploads\/2015\/01\/Schwarzer-Hautkrebs-Melanom-4-450x450.jpg 450w\" data-sizes=\"(max-width: 600px) 100vw, 600px\"  aria-label=\"image Schwarzer Hautkrebs (Melanom)\"  id='av-masonry-1-item-5762' data-av-masonry-item='5762' class='av-masonry-entry isotope-item post-5762 attachment type-attachment status-inherit hentry  av-masonry-item-with-image' title=\"Schwarzer Hautkrebs (Melanom)\" alt=\"\"    itemprop=\"thumbnailUrl\" ><div class='av-inner-masonry-sizer'><\/div><figure class='av-inner-masonry main_color'><div class=\"av-masonry-outerimage-container\"><div class='av-masonry-image-container' style=\"background-image: url(https:\/\/www.hasert-haut.de\/wp-content\/uploads\/2015\/01\/Schwarzer-Hautkrebs-Melanom-4.jpg);\"  title=\"Schwarzer Hautkrebs (Melanom)\"  ><\/div><\/div><\/figure><\/a><!--end av-masonry entry--><a href=\"https:\/\/www.hasert-haut.de\/wp-content\/uploads\/2015\/01\/Schwarzer-Hautkrebs-Melanom-3.jpg\" data-srcset=\"https:\/\/www.hasert-haut.de\/wp-content\/uploads\/2015\/01\/Schwarzer-Hautkrebs-Melanom-3.jpg 600w, https:\/\/www.hasert-haut.de\/wp-content\/uploads\/2015\/01\/Schwarzer-Hautkrebs-Melanom-3-80x80.jpg 80w, https:\/\/www.hasert-haut.de\/wp-content\/uploads\/2015\/01\/Schwarzer-Hautkrebs-Melanom-3-300x300.jpg 300w, https:\/\/www.hasert-haut.de\/wp-content\/uploads\/2015\/01\/Schwarzer-Hautkrebs-Melanom-3-36x36.jpg 36w, https:\/\/www.hasert-haut.de\/wp-content\/uploads\/2015\/01\/Schwarzer-Hautkrebs-Melanom-3-180x180.jpg 180w, https:\/\/www.hasert-haut.de\/wp-content\/uploads\/2015\/01\/Schwarzer-Hautkrebs-Melanom-3-120x120.jpg 120w, https:\/\/www.hasert-haut.de\/wp-content\/uploads\/2015\/01\/Schwarzer-Hautkrebs-Melanom-3-450x450.jpg 450w\" data-sizes=\"(max-width: 600px) 100vw, 600px\"  aria-label=\"image Schwarzer Hautkrebs (Melanom)\"  id='av-masonry-1-item-5760' data-av-masonry-item='5760' class='av-masonry-entry isotope-item post-5760 attachment type-attachment status-inherit hentry  av-masonry-item-with-image' title=\"Schwarzer Hautkrebs (Melanom)\" alt=\"\"    itemprop=\"thumbnailUrl\" ><div class='av-inner-masonry-sizer'><\/div><figure class='av-inner-masonry main_color'><div class=\"av-masonry-outerimage-container\"><div class='av-masonry-image-container' style=\"background-image: url(https:\/\/www.hasert-haut.de\/wp-content\/uploads\/2015\/01\/Schwarzer-Hautkrebs-Melanom-3.jpg);\"  title=\"Schwarzer Hautkrebs (Melanom)\"  ><\/div><\/div><\/figure><\/a><!--end av-masonry entry--><a href=\"https:\/\/www.hasert-haut.de\/wp-content\/uploads\/2015\/01\/Schwarzer-Hautkrebs-Melanom-2.jpg\" data-srcset=\"https:\/\/www.hasert-haut.de\/wp-content\/uploads\/2015\/01\/Schwarzer-Hautkrebs-Melanom-2.jpg 600w, https:\/\/www.hasert-haut.de\/wp-content\/uploads\/2015\/01\/Schwarzer-Hautkrebs-Melanom-2-80x80.jpg 80w, https:\/\/www.hasert-haut.de\/wp-content\/uploads\/2015\/01\/Schwarzer-Hautkrebs-Melanom-2-300x300.jpg 300w, https:\/\/www.hasert-haut.de\/wp-content\/uploads\/2015\/01\/Schwarzer-Hautkrebs-Melanom-2-36x36.jpg 36w, https:\/\/www.hasert-haut.de\/wp-content\/uploads\/2015\/01\/Schwarzer-Hautkrebs-Melanom-2-180x180.jpg 180w, https:\/\/www.hasert-haut.de\/wp-content\/uploads\/2015\/01\/Schwarzer-Hautkrebs-Melanom-2-120x120.jpg 120w, https:\/\/www.hasert-haut.de\/wp-content\/uploads\/2015\/01\/Schwarzer-Hautkrebs-Melanom-2-450x450.jpg 450w\" data-sizes=\"(max-width: 600px) 100vw, 600px\"  aria-label=\"image Schwarzer Hautkrebs (Melanom)\"  id='av-masonry-1-item-5758' data-av-masonry-item='5758' class='av-masonry-entry isotope-item post-5758 attachment type-attachment status-inherit hentry  av-masonry-item-with-image' title=\"Schwarzer Hautkrebs (Melanom)\" alt=\"\"    itemprop=\"thumbnailUrl\" ><div class='av-inner-masonry-sizer'><\/div><figure class='av-inner-masonry main_color'><div class=\"av-masonry-outerimage-container\"><div class='av-masonry-image-container' style=\"background-image: url(https:\/\/www.hasert-haut.de\/wp-content\/uploads\/2015\/01\/Schwarzer-Hautkrebs-Melanom-2.jpg);\"  title=\"Schwarzer Hautkrebs (Melanom)\"  ><\/div><\/div><\/figure><\/a><!--end av-masonry entry--><\/div><\/div><\/div>\n<style type=\"text\/css\" data-created_by=\"avia_inline_auto\" id=\"style-css-av-1r06m-22f4993bc341f54115743d69d089ae2f\">\n#top .hr.hr-invisible.av-1r06m-22f4993bc341f54115743d69d089ae2f{\nheight:50px;\n}\n<\/style>\n<div  class='hr av-1r06m-22f4993bc341f54115743d69d089ae2f hr-invisible  avia-builder-el-6  el_after_av_two_fifth  el_before_av_postcontent  avia-builder-el-last '><span class='hr-inner '><span class=\"hr-inner-style\"><\/span><\/span><\/div><\/p>\n[av_heading heading='Alte servicii ale cabinetului nostru' tag='h3' style='blockquote modern-quote modern-centered' subheading_active='' show_icon='' icon='ue800' font='' size='' av-medium-font-size-title='' av-small-font-size-title='' av-mini-font-size-title='' subheading_size='' av-medium-font-size='' av-small-font-size='' av-mini-font-size='' icon_size='' av-medium-font-size-1='' av-small-font-size-1='' av-mini-font-size-1='' color='' custom_font='' icon_color='' margin='' margin_sync='true' padding='10' icon_padding='10' link='' link_target='' id='' custom_class='' av_uid='av-l9475f5a' admin_preview_bg=''][\/av_heading]\n\n[av_masonry_entries link='portfolio_entries,95,72,73,71' wc_prod_visible='' wc_prod_hidden='hide' wc_prod_featured='' prod_order_by='' prod_order='' date_filter='' date_filter_start='' date_filter_end='' date_filter_format='yy\/mm\/dd' sort='no' query_orderby='rand' query_order='DESC' caption_elements='title' caption_styling='overlay' caption_display='always' size='fixed' orientation='' gap='large' columns='5' av-medium-columns='' av-small-columns='' av-mini-columns='' items='5' paginate='none' color='' custom_bg='' overlay_fx='active' animation='active' lazy_loading='disabled' id='' custom_class='' av_uid='av-l9474s7j']\n\n\n","protected":false},"excerpt":{"rendered":"","protected":false},"featured_media":5982,"comment_status":"closed","ping_status":"closed","template":"","tags":[],"portfolio_entries":[84],"class_list":["post-7149","portfolio","type-portfolio","status-publish","has-post-thumbnail","hentry","portfolio_entries-hautkrebsbehandlung-ro"],"yoast_head":"<!-- This site is optimized with the Yoast SEO plugin v25.3.1 - https:\/\/yoast.com\/wordpress\/plugins\/seo\/ -->\n<title>Cancerul de piele neagr\u0103 (melanom) | Dermatolog Dr. Hasert Berlin-Mitte<\/title>\n<meta name=\"robots\" content=\"index, follow, max-snippet:-1, max-image-preview:large, max-video-preview:-1\" \/>\n<link rel=\"canonical\" href=\"https:\/\/www.hasert-haut.de\/ro\/leistungen\/cancer-de-piele-neagra-melanom\/\" \/>\n<meta property=\"og:locale\" content=\"ro_RO\" \/>\n<meta property=\"og:type\" content=\"article\" \/>\n<meta property=\"og:title\" content=\"Cancerul de piele neagr\u0103 (melanom) | Dermatolog Dr. Hasert Berlin-Mitte\" \/>\n<meta property=\"og:url\" content=\"https:\/\/www.hasert-haut.de\/ro\/leistungen\/cancer-de-piele-neagra-melanom\/\" \/>\n<meta property=\"og:site_name\" content=\"Hautarzt Berlin - Praxisklinik Dr. Hasert\" \/>\n<meta property=\"article:modified_time\" content=\"2023-09-20T14:32:04+00:00\" \/>\n<meta property=\"og:image\" content=\"https:\/\/www.hasert-haut.de\/wp-content\/uploads\/2016\/12\/Schwarzer-Hautkrebs-Melanom.jpg\" \/>\n\t<meta property=\"og:image:width\" content=\"600\" \/>\n\t<meta property=\"og:image:height\" content=\"400\" \/>\n\t<meta property=\"og:image:type\" content=\"image\/jpeg\" \/>\n<meta name=\"twitter:label1\" content=\"Timp estimat pentru citire\" \/>\n\t<meta name=\"twitter:data1\" content=\"4 minute\" \/>\n<script type=\"application\/ld+json\" class=\"yoast-schema-graph\">{\"@context\":\"https:\/\/schema.org\",\"@graph\":[{\"@type\":\"WebPage\",\"@id\":\"https:\/\/www.hasert-haut.de\/ro\/leistungen\/cancer-de-piele-neagra-melanom\/\",\"url\":\"https:\/\/www.hasert-haut.de\/ro\/leistungen\/cancer-de-piele-neagra-melanom\/\",\"name\":\"Cancerul de piele neagr\u0103 (melanom) | Dermatolog Dr. Hasert Berlin-Mitte\",\"isPartOf\":{\"@id\":\"https:\/\/www.hasert-haut.de\/ro\/#website\"},\"primaryImageOfPage\":{\"@id\":\"https:\/\/www.hasert-haut.de\/ro\/leistungen\/cancer-de-piele-neagra-melanom\/#primaryimage\"},\"image\":{\"@id\":\"https:\/\/www.hasert-haut.de\/ro\/leistungen\/cancer-de-piele-neagra-melanom\/#primaryimage\"},\"thumbnailUrl\":\"https:\/\/www.hasert-haut.de\/wp-content\/uploads\/2016\/12\/Schwarzer-Hautkrebs-Melanom.jpg\",\"datePublished\":\"2022-10-11T12:28:44+00:00\",\"dateModified\":\"2023-09-20T14:32:04+00:00\",\"breadcrumb\":{\"@id\":\"https:\/\/www.hasert-haut.de\/ro\/leistungen\/cancer-de-piele-neagra-melanom\/#breadcrumb\"},\"inLanguage\":\"ro-RO\",\"potentialAction\":[{\"@type\":\"ReadAction\",\"target\":[\"https:\/\/www.hasert-haut.de\/ro\/leistungen\/cancer-de-piele-neagra-melanom\/\"]}]},{\"@type\":\"ImageObject\",\"inLanguage\":\"ro-RO\",\"@id\":\"https:\/\/www.hasert-haut.de\/ro\/leistungen\/cancer-de-piele-neagra-melanom\/#primaryimage\",\"url\":\"https:\/\/www.hasert-haut.de\/wp-content\/uploads\/2016\/12\/Schwarzer-Hautkrebs-Melanom.jpg\",\"contentUrl\":\"https:\/\/www.hasert-haut.de\/wp-content\/uploads\/2016\/12\/Schwarzer-Hautkrebs-Melanom.jpg\",\"width\":600,\"height\":400},{\"@type\":\"BreadcrumbList\",\"@id\":\"https:\/\/www.hasert-haut.de\/ro\/leistungen\/cancer-de-piele-neagra-melanom\/#breadcrumb\",\"itemListElement\":[{\"@type\":\"ListItem\",\"position\":1,\"name\":\"Home\",\"item\":\"https:\/\/www.hasert-haut.de\/ro\/bine-ati-venit\/\"},{\"@type\":\"ListItem\",\"position\":2,\"name\":\"Cancer de piele neagr\u0103 (melanom)\"}]},{\"@type\":\"WebSite\",\"@id\":\"https:\/\/www.hasert-haut.de\/ro\/#website\",\"url\":\"https:\/\/www.hasert-haut.de\/ro\/\",\"name\":\"Hautarzt Berlin - Praxisklinik Dr. Hasert\",\"description\":\"Hautarzt, Allgemeinmedizin\",\"potentialAction\":[{\"@type\":\"SearchAction\",\"target\":{\"@type\":\"EntryPoint\",\"urlTemplate\":\"https:\/\/www.hasert-haut.de\/ro\/?s={search_term_string}\"},\"query-input\":{\"@type\":\"PropertyValueSpecification\",\"valueRequired\":true,\"valueName\":\"search_term_string\"}}],\"inLanguage\":\"ro-RO\"}]}<\/script>\n<!-- \/ Yoast SEO plugin. -->","yoast_head_json":{"title":"Cancerul de piele neagr\u0103 (melanom) | Dermatolog Dr. Hasert Berlin-Mitte","robots":{"index":"index","follow":"follow","max-snippet":"max-snippet:-1","max-image-preview":"max-image-preview:large","max-video-preview":"max-video-preview:-1"},"canonical":"https:\/\/www.hasert-haut.de\/ro\/leistungen\/cancer-de-piele-neagra-melanom\/","og_locale":"ro_RO","og_type":"article","og_title":"Cancerul de piele neagr\u0103 (melanom) | Dermatolog Dr. Hasert Berlin-Mitte","og_url":"https:\/\/www.hasert-haut.de\/ro\/leistungen\/cancer-de-piele-neagra-melanom\/","og_site_name":"Hautarzt Berlin - Praxisklinik Dr. Hasert","article_modified_time":"2023-09-20T14:32:04+00:00","og_image":[{"width":600,"height":400,"url":"https:\/\/www.hasert-haut.de\/wp-content\/uploads\/2016\/12\/Schwarzer-Hautkrebs-Melanom.jpg","type":"image\/jpeg"}],"twitter_misc":{"Timp estimat pentru citire":"4 minute"},"schema":{"@context":"https:\/\/schema.org","@graph":[{"@type":"WebPage","@id":"https:\/\/www.hasert-haut.de\/ro\/leistungen\/cancer-de-piele-neagra-melanom\/","url":"https:\/\/www.hasert-haut.de\/ro\/leistungen\/cancer-de-piele-neagra-melanom\/","name":"Cancerul de piele neagr\u0103 (melanom) | Dermatolog Dr. Hasert Berlin-Mitte","isPartOf":{"@id":"https:\/\/www.hasert-haut.de\/ro\/#website"},"primaryImageOfPage":{"@id":"https:\/\/www.hasert-haut.de\/ro\/leistungen\/cancer-de-piele-neagra-melanom\/#primaryimage"},"image":{"@id":"https:\/\/www.hasert-haut.de\/ro\/leistungen\/cancer-de-piele-neagra-melanom\/#primaryimage"},"thumbnailUrl":"https:\/\/www.hasert-haut.de\/wp-content\/uploads\/2016\/12\/Schwarzer-Hautkrebs-Melanom.jpg","datePublished":"2022-10-11T12:28:44+00:00","dateModified":"2023-09-20T14:32:04+00:00","breadcrumb":{"@id":"https:\/\/www.hasert-haut.de\/ro\/leistungen\/cancer-de-piele-neagra-melanom\/#breadcrumb"},"inLanguage":"ro-RO","potentialAction":[{"@type":"ReadAction","target":["https:\/\/www.hasert-haut.de\/ro\/leistungen\/cancer-de-piele-neagra-melanom\/"]}]},{"@type":"ImageObject","inLanguage":"ro-RO","@id":"https:\/\/www.hasert-haut.de\/ro\/leistungen\/cancer-de-piele-neagra-melanom\/#primaryimage","url":"https:\/\/www.hasert-haut.de\/wp-content\/uploads\/2016\/12\/Schwarzer-Hautkrebs-Melanom.jpg","contentUrl":"https:\/\/www.hasert-haut.de\/wp-content\/uploads\/2016\/12\/Schwarzer-Hautkrebs-Melanom.jpg","width":600,"height":400},{"@type":"BreadcrumbList","@id":"https:\/\/www.hasert-haut.de\/ro\/leistungen\/cancer-de-piele-neagra-melanom\/#breadcrumb","itemListElement":[{"@type":"ListItem","position":1,"name":"Home","item":"https:\/\/www.hasert-haut.de\/ro\/bine-ati-venit\/"},{"@type":"ListItem","position":2,"name":"Cancer de piele neagr\u0103 (melanom)"}]},{"@type":"WebSite","@id":"https:\/\/www.hasert-haut.de\/ro\/#website","url":"https:\/\/www.hasert-haut.de\/ro\/","name":"Hautarzt Berlin - Praxisklinik Dr. Hasert","description":"Hautarzt, Allgemeinmedizin","potentialAction":[{"@type":"SearchAction","target":{"@type":"EntryPoint","urlTemplate":"https:\/\/www.hasert-haut.de\/ro\/?s={search_term_string}"},"query-input":{"@type":"PropertyValueSpecification","valueRequired":true,"valueName":"search_term_string"}}],"inLanguage":"ro-RO"}]}},"_links":{"self":[{"href":"https:\/\/www.hasert-haut.de\/ro\/wp-json\/wp\/v2\/portfolio\/7149","targetHints":{"allow":["GET"]}}],"collection":[{"href":"https:\/\/www.hasert-haut.de\/ro\/wp-json\/wp\/v2\/portfolio"}],"about":[{"href":"https:\/\/www.hasert-haut.de\/ro\/wp-json\/wp\/v2\/types\/portfolio"}],"replies":[{"embeddable":true,"href":"https:\/\/www.hasert-haut.de\/ro\/wp-json\/wp\/v2\/comments?post=7149"}],"version-history":[{"count":14,"href":"https:\/\/www.hasert-haut.de\/ro\/wp-json\/wp\/v2\/portfolio\/7149\/revisions"}],"predecessor-version":[{"id":11879,"href":"https:\/\/www.hasert-haut.de\/ro\/wp-json\/wp\/v2\/portfolio\/7149\/revisions\/11879"}],"wp:featuredmedia":[{"embeddable":true,"href":"https:\/\/www.hasert-haut.de\/ro\/wp-json\/wp\/v2\/media\/5982"}],"wp:attachment":[{"href":"https:\/\/www.hasert-haut.de\/ro\/wp-json\/wp\/v2\/media?parent=7149"}],"wp:term":[{"taxonomy":"post_tag","embeddable":true,"href":"https:\/\/www.hasert-haut.de\/ro\/wp-json\/wp\/v2\/tags?post=7149"},{"taxonomy":"portfolio_entries","embeddable":true,"href":"https:\/\/www.hasert-haut.de\/ro\/wp-json\/wp\/v2\/portfolio_entries?post=7149"}],"curies":[{"name":"wp","href":"https:\/\/api.w.org\/{rel}","templated":true}]}}