{"id":2139,"date":"2015-01-20T14:48:37","date_gmt":"2015-01-20T14:48:37","guid":{"rendered":"https:\/\/www.hasert-haut.de\/praxis\/"},"modified":"2022-11-02T14:23:23","modified_gmt":"2022-11-02T14:23:23","slug":"uygulama","status":"publish","type":"page","link":"https:\/\/www.hasert-haut.de\/tr\/uygulama\/","title":{"rendered":"Uygulama"},"content":{"rendered":"<div   class='avia-fullscreen-slider main_color   avia-builder-el-0  el_before_av_heading  avia-builder-el-first  container_wrap fullsize'  ><a href='#next-section' title='' class='scroll-down-link av-control-default' aria-hidden='true' data-av_icon='\ue877' data-av_iconfont='entypo-fontello'><\/a><div  class='avia-slideshow av-1rb91-28b009350e9fba00e7f24d81fa2fecc6 avia-slideshow-no scaling av_fullscreen avia-fade-slider av-slideshow-ui av-control-default av-slideshow-autoplay av-loop-endless av-loop-manual-endless av-slider-scroll-down-active av-default-height-applied   avia-slideshow-1' data-slideshow-options=\"{&quot;animation&quot;:&quot;fade&quot;,&quot;autoplay&quot;:true,&quot;loop_autoplay&quot;:&quot;endless&quot;,&quot;interval&quot;:5,&quot;loop_manual&quot;:&quot;manual-endless&quot;,&quot;autoplay_stopper&quot;:false,&quot;noNavigation&quot;:false,&quot;bg_slider&quot;:true,&quot;keep_padding&quot;:false,&quot;hoverpause&quot;:false,&quot;show_slide_delay&quot;:0,&quot;slide_height&quot;:&quot;100&quot;,&quot;image_attachment&quot;:&quot;fixed&quot;}\"  itemprop=\"image\" itemscope=\"itemscope\" itemtype=\"https:\/\/schema.org\/ImageObject\" ><ul class='avia-slideshow-inner ' style='padding-bottom: 66.666666666667%;'><li style='background-position:center center;' data-img-url='https:\/\/www.hasert-haut.de\/wp-content\/uploads\/2015\/01\/praxisklinik-dr-hasert-praxis.jpg' class='avia-slideshow-slide av-1rb91-28b009350e9fba00e7f24d81fa2fecc6__0  av-single-slide slide-1 slide-odd'><div data-rel='slideshow-1' class='avia-slide-wrap '   ><div class='av-slideshow-caption av-1rb91-28b009350e9fba00e7f24d81fa2fecc6__0 caption_fullwidth caption_bottom caption_bottom_framed caption_framed'><div class=\"container caption_container\"><div class=\"slideshow_caption\"><div class=\"slideshow_inner_caption\"><div class=\"slideshow_align_caption\"><h2 class='avia-caption-title '  itemprop=\"name\" >Uygulama<\/h2><\/div><\/div><\/div><\/div><\/div><\/div><\/li><\/ul><\/div><\/div><div id='after_full_slider_1'  class='main_color av_default_container_wrap container_wrap fullsize'  ><div class='container av-section-cont-open' ><div class='template-page content  av-content-full alpha units'><div class='post-entry post-entry-type-page post-entry-2139'><div class='entry-content-wrapper clearfix'>\n\n<style type=\"text\/css\" data-created_by=\"avia_inline_auto\" id=\"style-css-av-av_heading-43f48d243de77bb67dcec85a990bf7c6\">\n#top .av-special-heading.av-av_heading-43f48d243de77bb67dcec85a990bf7c6{\npadding-bottom:10px;\n}\nbody .av-special-heading.av-av_heading-43f48d243de77bb67dcec85a990bf7c6 .av-special-heading-tag .heading-char{\nfont-size:25px;\n}\n.av-special-heading.av-av_heading-43f48d243de77bb67dcec85a990bf7c6 .av-subheading{\nfont-size:15px;\n}\n<\/style>\n<div  class='av-special-heading av-av_heading-43f48d243de77bb67dcec85a990bf7c6 av-special-heading-h1 blockquote modern-quote modern-centered  avia-builder-el-1  el_after_av_fullscreen  el_before_av_hr  avia-builder-el-first '><h1 class='av-special-heading-tag'  itemprop=\"headline\"  >Uygulama<\/h1><div class=\"special-heading-border\"><div class=\"special-heading-inner-border\"><\/div><\/div><\/div>\n\n<style type=\"text\/css\" data-created_by=\"avia_inline_auto\" id=\"style-css-av-1l2ff-ed0f50d80fa29b8e5e7b13797c63565a\">\n#top .hr.hr-invisible.av-1l2ff-ed0f50d80fa29b8e5e7b13797c63565a{\nheight:50px;\n}\n<\/style>\n<div  class='hr av-1l2ff-ed0f50d80fa29b8e5e7b13797c63565a hr-invisible  avia-builder-el-2  el_after_av_heading  el_before_av_one_half '><span class='hr-inner '><span class=\"hr-inner-style\"><\/span><\/span><\/div>\n\n<style type=\"text\/css\" data-created_by=\"avia_inline_auto\" id=\"style-css-av-3mn1-008473163a786ff8b3fc20d3600d973f\">\n.flex_column.av-3mn1-008473163a786ff8b3fc20d3600d973f{\nborder-radius:0px 0px 0px 0px;\npadding:0px 0px 0px 0px;\n}\n<\/style>\n<div  class='flex_column av-3mn1-008473163a786ff8b3fc20d3600d973f av_one_half  avia-builder-el-3  el_after_av_hr  el_before_av_one_half  first flex_column_div av-zero-column-padding  '     ><p>\n<style type=\"text\/css\" data-created_by=\"avia_inline_auto\" id=\"style-css-av-jv3ic3ql-6bd8a26738825339ab11b40e68d6165f\">\n.avia-image-container.av-jv3ic3ql-6bd8a26738825339ab11b40e68d6165f img.avia_image{\nbox-shadow:none;\n}\n.avia-image-container.av-jv3ic3ql-6bd8a26738825339ab11b40e68d6165f .av-caption-image-overlay-bg{\nopacity:0.4;\nbackground-color:#000000;\n}\n.avia-image-container.av-jv3ic3ql-6bd8a26738825339ab11b40e68d6165f .av-image-caption-overlay-center{\ncolor:#ffffff;\nfont-size:30px;\n}\n<\/style>\n<div  class='avia-image-container av-jv3ic3ql-6bd8a26738825339ab11b40e68d6165f av-styling-no-styling avia_animated_image av-animated-when-visible-95 fade-in avia-align-center  avia-builder-el-4  el_before_av_heading  avia-builder-el-first  noHover av-overlay-on-hover'   itemprop=\"image\" itemscope=\"itemscope\" itemtype=\"https:\/\/schema.org\/ImageObject\" ><div class=\"avia-image-container-inner\"><div class=\"avia-image-overlay-wrap\"><a href=\"https:\/\/www.hasert-haut.de\/tr\/calisma-saatleri\/\" class='avia_image'  aria-label='Einer der modernen Behandlungsr\u00e4ume in Berlin in der Praxisklinik von Hautarzt Dr. Hasert'><div class=\"av-image-caption-overlay\"><div class=\"av-caption-image-overlay-bg\"><\/div><div class=\"av-image-caption-overlay-position\"><div class=\"av-image-caption-overlay-center\"><p>\u00e7al\u0131\u015fma saatleri<\/p>\n<\/div><\/div><\/div><img decoding=\"async\" fetchpriority=\"high\" class='wp-image-2027 avia-img-lazy-loading-not-2027 avia_image ' src=\"https:\/\/www.hasert-haut.de\/wp-content\/uploads\/2015\/01\/sprechzeiten-1030x687.jpg\" alt='' title='Einer der modernen Behandlungsr\u00e4ume in Berlin in der Praxisklinik von Hautarzt Dr. Hasert'  height=\"687\" width=\"1030\"  itemprop=\"thumbnailUrl\" srcset=\"https:\/\/www.hasert-haut.de\/wp-content\/uploads\/2015\/01\/sprechzeiten-1030x687.jpg 1030w, https:\/\/www.hasert-haut.de\/wp-content\/uploads\/2015\/01\/sprechzeiten-300x200.jpg 300w, https:\/\/www.hasert-haut.de\/wp-content\/uploads\/2015\/01\/sprechzeiten-768x512.jpg 768w, https:\/\/www.hasert-haut.de\/wp-content\/uploads\/2015\/01\/sprechzeiten.jpg 1500w, https:\/\/www.hasert-haut.de\/wp-content\/uploads\/2015\/01\/sprechzeiten-705x470.jpg 705w, https:\/\/www.hasert-haut.de\/wp-content\/uploads\/2015\/01\/sprechzeiten-450x300.jpg 450w\" sizes=\"(max-width: 1030px) 100vw, 1030px\" \/><\/a><\/div><\/div><\/div><br \/>\n\n<style type=\"text\/css\" data-created_by=\"avia_inline_auto\" id=\"style-css-av-2l97-3d0533c84bd2eff1aa6a07a72b060be8\">\n#top .av-special-heading.av-2l97-3d0533c84bd2eff1aa6a07a72b060be8{\npadding-bottom:10px;\n}\nbody .av-special-heading.av-2l97-3d0533c84bd2eff1aa6a07a72b060be8 .av-special-heading-tag .heading-char{\nfont-size:25px;\n}\n.av-special-heading.av-2l97-3d0533c84bd2eff1aa6a07a72b060be8 .av-subheading{\nfont-size:15px;\n}\n<\/style>\n<div  class='av-special-heading av-2l97-3d0533c84bd2eff1aa6a07a72b060be8 av-special-heading-h2 blockquote modern-quote modern-centered  avia-builder-el-5  el_after_av_image  avia-builder-el-last  av-linked-heading'><h2 class='av-special-heading-tag'  itemprop=\"headline\"  ><a class=\"av-heading-link\" href=\"https:\/\/www.hasert-haut.de\/praxis\/hautarzt-berlin-mitte\/\" >\u00e7al\u0131\u015fma saatleri<\/a><\/h2><div class=\"special-heading-border\"><div class=\"special-heading-inner-border\"><\/div><\/div><\/div><\/p><\/div>\n\n<style type=\"text\/css\" data-created_by=\"avia_inline_auto\" id=\"style-css-av-3mn1-d14b99cd396702d6d4a771c51e72879d\">\n.flex_column.av-3mn1-d14b99cd396702d6d4a771c51e72879d{\nborder-radius:0px 0px 0px 0px;\npadding:0px 0px 0px 0px;\n}\n<\/style>\n<div  class='flex_column av-3mn1-d14b99cd396702d6d4a771c51e72879d av_one_half  avia-builder-el-6  el_after_av_one_half  el_before_av_one_half  flex_column_div av-zero-column-padding  '     ><p>\n<style type=\"text\/css\" data-created_by=\"avia_inline_auto\" id=\"style-css-av-jv3ic3ql-061c348127d4b9a5cf3730d465809fdc\">\n.avia-image-container.av-jv3ic3ql-061c348127d4b9a5cf3730d465809fdc img.avia_image{\nbox-shadow:none;\n}\n.avia-image-container.av-jv3ic3ql-061c348127d4b9a5cf3730d465809fdc .av-caption-image-overlay-bg{\nopacity:0.4;\nbackground-color:#000000;\n}\n.avia-image-container.av-jv3ic3ql-061c348127d4b9a5cf3730d465809fdc .av-image-caption-overlay-center{\ncolor:#ffffff;\nfont-size:30px;\n}\n<\/style>\n<div  class='avia-image-container av-jv3ic3ql-061c348127d4b9a5cf3730d465809fdc av-styling-no-styling avia_animated_image av-animated-when-visible-95 fade-in avia-align-center  avia-builder-el-7  el_before_av_heading  avia-builder-el-first  noHover av-overlay-on-hover'   itemprop=\"image\" itemscope=\"itemscope\" itemtype=\"https:\/\/schema.org\/ImageObject\" ><div class=\"avia-image-container-inner\"><div class=\"avia-image-overlay-wrap\"><a href=\"https:\/\/www.hasert-haut.de\/tr\/takim\/\" class='avia_image'  aria-label='praxisklinik-dr-hasert-berlin-empfang_chapter'><div class=\"av-image-caption-overlay\"><div class=\"av-caption-image-overlay-bg\"><\/div><div class=\"av-image-caption-overlay-position\"><div class=\"av-image-caption-overlay-center\"><p>uygulama tak\u0131m\u0131<\/p>\n<\/div><\/div><\/div><img decoding=\"async\" fetchpriority=\"high\" class='wp-image-2073 avia-img-lazy-loading-not-2073 avia_image ' src=\"https:\/\/www.hasert-haut.de\/wp-content\/uploads\/2022\/07\/praxisklinik-dr-hasert-berlin-empfang_chapter.jpg\" alt='Hautarzt Dr. Hasert Berlin-Mitte' title='praxisklinik-dr-hasert-berlin-empfang_chapter'  height=\"601\" width=\"900\"  itemprop=\"thumbnailUrl\" srcset=\"https:\/\/www.hasert-haut.de\/wp-content\/uploads\/2022\/07\/praxisklinik-dr-hasert-berlin-empfang_chapter.jpg 900w, https:\/\/www.hasert-haut.de\/wp-content\/uploads\/2022\/07\/praxisklinik-dr-hasert-berlin-empfang_chapter-300x200.jpg 300w, https:\/\/www.hasert-haut.de\/wp-content\/uploads\/2022\/07\/praxisklinik-dr-hasert-berlin-empfang_chapter-768x513.jpg 768w, https:\/\/www.hasert-haut.de\/wp-content\/uploads\/2022\/07\/praxisklinik-dr-hasert-berlin-empfang_chapter-705x471.jpg 705w\" sizes=\"(max-width: 900px) 100vw, 900px\" \/><\/a><\/div><\/div><\/div><br \/>\n\n<style type=\"text\/css\" data-created_by=\"avia_inline_auto\" id=\"style-css-av-av_heading-7b154b432e16f2321410358a9e01ca12\">\n#top .av-special-heading.av-av_heading-7b154b432e16f2321410358a9e01ca12{\npadding-bottom:10px;\n}\nbody .av-special-heading.av-av_heading-7b154b432e16f2321410358a9e01ca12 .av-special-heading-tag .heading-char{\nfont-size:25px;\n}\n.av-special-heading.av-av_heading-7b154b432e16f2321410358a9e01ca12 .av-subheading{\nfont-size:15px;\n}\n<\/style>\n<div  class='av-special-heading av-av_heading-7b154b432e16f2321410358a9e01ca12 av-special-heading-h2 blockquote modern-quote modern-centered  avia-builder-el-8  el_after_av_image  avia-builder-el-last  av-linked-heading'><h2 class='av-special-heading-tag'  itemprop=\"headline\"  ><a class=\"av-heading-link\" href=\"https:\/\/www.hasert-haut.de\/praxis\/team\/\" >uygulama tak\u0131m\u0131<\/a><\/h2><div class=\"special-heading-border\"><div class=\"special-heading-inner-border\"><\/div><\/div><\/div><\/p><\/div>\n<style type=\"text\/css\" data-created_by=\"avia_inline_auto\" id=\"style-css-av-3mn1-008473163a786ff8b3fc20d3600d973f\">\n.flex_column.av-3mn1-008473163a786ff8b3fc20d3600d973f{\nborder-radius:0px 0px 0px 0px;\npadding:0px 0px 0px 0px;\n}\n<\/style>\n<div  class='flex_column av-3mn1-008473163a786ff8b3fc20d3600d973f av_one_half  avia-builder-el-9  el_after_av_one_half  el_before_av_one_half  first flex_column_div av-zero-column-padding  column-top-margin'     ><p>\n<style type=\"text\/css\" data-created_by=\"avia_inline_auto\" id=\"style-css-av-jv3ic3ql-fc2fa7459f58feb488967f1b48bf5eff\">\n.avia-image-container.av-jv3ic3ql-fc2fa7459f58feb488967f1b48bf5eff img.avia_image{\nbox-shadow:none;\n}\n.avia-image-container.av-jv3ic3ql-fc2fa7459f58feb488967f1b48bf5eff .av-caption-image-overlay-bg{\nopacity:0.4;\nbackground-color:#000000;\n}\n.avia-image-container.av-jv3ic3ql-fc2fa7459f58feb488967f1b48bf5eff .av-image-caption-overlay-center{\ncolor:#ffffff;\nfont-size:30px;\n}\n<\/style>\n<div  class='avia-image-container av-jv3ic3ql-fc2fa7459f58feb488967f1b48bf5eff av-styling-no-styling avia_animated_image av-animated-when-visible-95 fade-in avia-align-center  avia-builder-el-10  el_before_av_heading  avia-builder-el-first  noHover av-overlay-on-hover'   itemprop=\"image\" itemscope=\"itemscope\" itemtype=\"https:\/\/schema.org\/ImageObject\" ><div class=\"avia-image-container-inner\"><div class=\"avia-image-overlay-wrap\"><a href=\"https:\/\/www.hasert-haut.de\/tr\/bina\/\" class='avia_image'  aria-label='Anmeldung\/ Empfang'><div class=\"av-image-caption-overlay\"><div class=\"av-caption-image-overlay-bg\"><\/div><div class=\"av-image-caption-overlay-position\"><div class=\"av-image-caption-overlay-center\"><p>bina<\/p>\n<\/div><\/div><\/div><img decoding=\"async\" fetchpriority=\"high\" class='wp-image-1993 avia-img-lazy-loading-not-1993 avia_image ' src=\"https:\/\/www.hasert-haut.de\/wp-content\/uploads\/2015\/01\/IMG_07411.jpg\" alt='' title='Anmeldung\/ Empfang'  height=\"600\" width=\"900\"  itemprop=\"thumbnailUrl\" srcset=\"https:\/\/www.hasert-haut.de\/wp-content\/uploads\/2015\/01\/IMG_07411.jpg 900w, https:\/\/www.hasert-haut.de\/wp-content\/uploads\/2015\/01\/IMG_07411-300x200.jpg 300w, https:\/\/www.hasert-haut.de\/wp-content\/uploads\/2015\/01\/IMG_07411-705x470.jpg 705w, https:\/\/www.hasert-haut.de\/wp-content\/uploads\/2015\/01\/IMG_07411-450x300.jpg 450w\" sizes=\"(max-width: 900px) 100vw, 900px\" \/><\/a><\/div><\/div><\/div><br \/>\n\n<style type=\"text\/css\" data-created_by=\"avia_inline_auto\" id=\"style-css-av-53j7-3350eb813c70789abedfbb708f5f178a\">\n#top .av-special-heading.av-53j7-3350eb813c70789abedfbb708f5f178a{\npadding-bottom:10px;\n}\nbody .av-special-heading.av-53j7-3350eb813c70789abedfbb708f5f178a .av-special-heading-tag .heading-char{\nfont-size:25px;\n}\n.av-special-heading.av-53j7-3350eb813c70789abedfbb708f5f178a .av-subheading{\nfont-size:15px;\n}\n<\/style>\n<div  class='av-special-heading av-53j7-3350eb813c70789abedfbb708f5f178a av-special-heading-h2 blockquote modern-quote modern-centered  avia-builder-el-11  el_after_av_image  avia-builder-el-last  av-linked-heading'><h2 class='av-special-heading-tag'  itemprop=\"headline\"  ><a class=\"av-heading-link\" href=\"https:\/\/www.hasert-haut.de\/raeumlichkeiten\/\" >bina<\/a><\/h2><div class=\"special-heading-border\"><div class=\"special-heading-inner-border\"><\/div><\/div><\/div><\/p><\/div><\/p>\n\n<style type=\"text\/css\" data-created_by=\"avia_inline_auto\" id=\"style-css-av-3mn1-d14b99cd396702d6d4a771c51e72879d\">\n.flex_column.av-3mn1-d14b99cd396702d6d4a771c51e72879d{\nborder-radius:0px 0px 0px 0px;\npadding:0px 0px 0px 0px;\n}\n<\/style>\n<div  class='flex_column av-3mn1-d14b99cd396702d6d4a771c51e72879d av_one_half  avia-builder-el-12  el_after_av_one_half  avia-builder-el-last  flex_column_div av-zero-column-padding  column-top-margin'     ><p>\n<style type=\"text\/css\" data-created_by=\"avia_inline_auto\" id=\"style-css-av-jv3ic3ql-2e735fb4c738a788ebec248941eee5d0\">\n.avia-image-container.av-jv3ic3ql-2e735fb4c738a788ebec248941eee5d0 img.avia_image{\nbox-shadow:none;\n}\n.avia-image-container.av-jv3ic3ql-2e735fb4c738a788ebec248941eee5d0 .av-caption-image-overlay-bg{\nopacity:0.4;\nbackground-color:#000000;\n}\n.avia-image-container.av-jv3ic3ql-2e735fb4c738a788ebec248941eee5d0 .av-image-caption-overlay-center{\ncolor:#ffffff;\nfont-size:30px;\n}\n<\/style>\n<div  class='avia-image-container av-jv3ic3ql-2e735fb4c738a788ebec248941eee5d0 av-styling-no-styling avia_animated_image av-animated-when-visible-95 fade-in avia-align-center  avia-builder-el-13  el_before_av_heading  avia-builder-el-first  noHover av-overlay-on-hover'   itemprop=\"image\" itemscope=\"itemscope\" itemtype=\"https:\/\/schema.org\/ImageObject\" ><div class=\"avia-image-container-inner\"><div class=\"avia-image-overlay-wrap\"><a href=\"https:\/\/www.hasert-haut.de\/tr\/mitgliedschaften\/\" class='avia_image'  aria-label='Mitgliedschaften'><div class=\"av-image-caption-overlay\"><div class=\"av-caption-image-overlay-bg\"><\/div><div class=\"av-image-caption-overlay-position\"><div class=\"av-image-caption-overlay-center\"><p>\u00fcyelikler<\/p>\n<\/div><\/div><\/div><img decoding=\"async\" fetchpriority=\"high\" class='wp-image-2026 avia-img-lazy-loading-not-2026 avia_image ' src=\"https:\/\/www.hasert-haut.de\/wp-content\/uploads\/2015\/01\/praxisklinik-dr-hasert-mitgliedschaften-1030x687.jpg\" alt='' title='Mitgliedschaften'  height=\"687\" width=\"1030\"  itemprop=\"thumbnailUrl\" srcset=\"https:\/\/www.hasert-haut.de\/wp-content\/uploads\/2015\/01\/praxisklinik-dr-hasert-mitgliedschaften-1030x687.jpg 1030w, https:\/\/www.hasert-haut.de\/wp-content\/uploads\/2015\/01\/praxisklinik-dr-hasert-mitgliedschaften-300x200.jpg 300w, https:\/\/www.hasert-haut.de\/wp-content\/uploads\/2015\/01\/praxisklinik-dr-hasert-mitgliedschaften-768x512.jpg 768w, https:\/\/www.hasert-haut.de\/wp-content\/uploads\/2015\/01\/praxisklinik-dr-hasert-mitgliedschaften.jpg 1500w, https:\/\/www.hasert-haut.de\/wp-content\/uploads\/2015\/01\/praxisklinik-dr-hasert-mitgliedschaften-705x470.jpg 705w, https:\/\/www.hasert-haut.de\/wp-content\/uploads\/2015\/01\/praxisklinik-dr-hasert-mitgliedschaften-450x300.jpg 450w\" sizes=\"(max-width: 1030px) 100vw, 1030px\" \/><\/a><\/div><\/div><\/div><br \/>\n\n<style type=\"text\/css\" data-created_by=\"avia_inline_auto\" id=\"style-css-av-agn-814aebbb8df72433bc0c8177d0c1fd50\">\n#top .av-special-heading.av-agn-814aebbb8df72433bc0c8177d0c1fd50{\npadding-bottom:10px;\n}\nbody .av-special-heading.av-agn-814aebbb8df72433bc0c8177d0c1fd50 .av-special-heading-tag .heading-char{\nfont-size:25px;\n}\n.av-special-heading.av-agn-814aebbb8df72433bc0c8177d0c1fd50 .av-subheading{\nfont-size:15px;\n}\n<\/style>\n<div  class='av-special-heading av-agn-814aebbb8df72433bc0c8177d0c1fd50 av-special-heading-h2 blockquote modern-quote modern-centered  avia-builder-el-14  el_after_av_image  avia-builder-el-last  av-linked-heading'><h2 class='av-special-heading-tag'  itemprop=\"headline\"  ><a class=\"av-heading-link\" href=\"https:\/\/www.hasert-haut.de\/praxis\/mitgliedschaften\/\" >\u00fcyelikler<\/a><\/h2><div class=\"special-heading-border\"><div class=\"special-heading-inner-border\"><\/div><\/div><\/div><\/p><\/div>\n","protected":false},"excerpt":{"rendered":"","protected":false},"author":1,"featured_media":2028,"parent":0,"menu_order":0,"comment_status":"closed","ping_status":"closed","template":"","meta":{"footnotes":""},"class_list":["post-2139","page","type-page","status-publish","has-post-thumbnail","hentry"],"yoast_head":"<!-- This site is optimized with the Yoast SEO plugin v25.3.1 - https:\/\/yoast.com\/wordpress\/plugins\/seo\/ -->\n<title>Dermatoloji Uygulamas\u0131 | dermatolog dr Hasert Berlin-Mitte, Friedrichstra\u00dfe<\/title>\n<meta name=\"description\" content=\"Dermatoloji, deri ve z\u00fchrevi hastal\u0131klar uygulamas\u0131 hakk\u0131nda genel bilgiler dermatolog Dr. Hasert, Berlin-Mitte Friedrichstrasse&#039;de.\" \/>\n<meta name=\"robots\" content=\"index, follow, max-snippet:-1, max-image-preview:large, max-video-preview:-1\" \/>\n<link rel=\"canonical\" href=\"https:\/\/www.hasert-haut.de\/tr\/uygulama\/\" \/>\n<meta property=\"og:locale\" content=\"tr_TR\" \/>\n<meta property=\"og:type\" content=\"article\" \/>\n<meta property=\"og:title\" content=\"Dermatoloji Uygulamas\u0131 | dermatolog dr Hasert Berlin-Mitte, Friedrichstra\u00dfe\" \/>\n<meta property=\"og:description\" content=\"Dermatoloji, deri ve z\u00fchrevi hastal\u0131klar uygulamas\u0131 hakk\u0131nda genel bilgiler dermatolog Dr. Hasert, Berlin-Mitte Friedrichstrasse&#039;de.\" \/>\n<meta property=\"og:url\" content=\"https:\/\/www.hasert-haut.de\/tr\/uygulama\/\" \/>\n<meta property=\"og:site_name\" content=\"Hautarzt Berlin - Praxisklinik Dr. Hasert\" \/>\n<meta property=\"article:modified_time\" content=\"2022-11-02T14:23:23+00:00\" \/>\n<meta property=\"og:image\" content=\"https:\/\/www.hasert-haut.de\/wp-content\/uploads\/2015\/01\/praxisklinik-dr-hasert-praxis.jpg\" \/>\n\t<meta property=\"og:image:width\" content=\"1500\" \/>\n\t<meta property=\"og:image:height\" content=\"1000\" \/>\n\t<meta property=\"og:image:type\" content=\"image\/jpeg\" \/>\n<meta name=\"twitter:label1\" content=\"Tahmini okuma s\u00fcresi\" \/>\n\t<meta name=\"twitter:data1\" content=\"7 dakika\" \/>\n<script type=\"application\/ld+json\" class=\"yoast-schema-graph\">{\"@context\":\"https:\/\/schema.org\",\"@graph\":[{\"@type\":\"WebPage\",\"@id\":\"https:\/\/www.hasert-haut.de\/tr\/uygulama\/\",\"url\":\"https:\/\/www.hasert-haut.de\/tr\/uygulama\/\",\"name\":\"Dermatoloji Uygulamas\u0131 | dermatolog dr Hasert Berlin-Mitte, Friedrichstra\u00dfe\",\"isPartOf\":{\"@id\":\"https:\/\/www.hasert-haut.de\/tr\/#website\"},\"primaryImageOfPage\":{\"@id\":\"https:\/\/www.hasert-haut.de\/tr\/uygulama\/#primaryimage\"},\"image\":{\"@id\":\"https:\/\/www.hasert-haut.de\/tr\/uygulama\/#primaryimage\"},\"thumbnailUrl\":\"https:\/\/www.hasert-haut.de\/wp-content\/uploads\/2015\/01\/praxisklinik-dr-hasert-praxis.jpg\",\"datePublished\":\"2015-01-20T14:48:37+00:00\",\"dateModified\":\"2022-11-02T14:23:23+00:00\",\"description\":\"Dermatoloji, deri ve z\u00fchrevi hastal\u0131klar uygulamas\u0131 hakk\u0131nda genel bilgiler dermatolog Dr. Hasert, Berlin-Mitte Friedrichstrasse'de.\",\"breadcrumb\":{\"@id\":\"https:\/\/www.hasert-haut.de\/tr\/uygulama\/#breadcrumb\"},\"inLanguage\":\"tr\",\"potentialAction\":[{\"@type\":\"ReadAction\",\"target\":[\"https:\/\/www.hasert-haut.de\/tr\/uygulama\/\"]}]},{\"@type\":\"ImageObject\",\"inLanguage\":\"tr\",\"@id\":\"https:\/\/www.hasert-haut.de\/tr\/uygulama\/#primaryimage\",\"url\":\"https:\/\/www.hasert-haut.de\/wp-content\/uploads\/2015\/01\/praxisklinik-dr-hasert-praxis.jpg\",\"contentUrl\":\"https:\/\/www.hasert-haut.de\/wp-content\/uploads\/2015\/01\/praxisklinik-dr-hasert-praxis.jpg\",\"width\":1500,\"height\":1000,\"caption\":\"Der rege Alltag im Eingangsbereich der Praxisklinik von Hautarzt in Berlin Dr. Hasert\"},{\"@type\":\"BreadcrumbList\",\"@id\":\"https:\/\/www.hasert-haut.de\/tr\/uygulama\/#breadcrumb\",\"itemListElement\":[{\"@type\":\"ListItem\",\"position\":1,\"name\":\"Home\",\"item\":\"https:\/\/www.hasert-haut.de\/tr\/hosgeldiniz\/\"},{\"@type\":\"ListItem\",\"position\":2,\"name\":\"Uygulama\"}]},{\"@type\":\"WebSite\",\"@id\":\"https:\/\/www.hasert-haut.de\/tr\/#website\",\"url\":\"https:\/\/www.hasert-haut.de\/tr\/\",\"name\":\"Hautarzt Berlin - Praxisklinik Dr. Hasert\",\"description\":\"Hautarzt, Allgemeinmedizin\",\"potentialAction\":[{\"@type\":\"SearchAction\",\"target\":{\"@type\":\"EntryPoint\",\"urlTemplate\":\"https:\/\/www.hasert-haut.de\/tr\/?s={search_term_string}\"},\"query-input\":{\"@type\":\"PropertyValueSpecification\",\"valueRequired\":true,\"valueName\":\"search_term_string\"}}],\"inLanguage\":\"tr\"}]}<\/script>\n<!-- \/ Yoast SEO plugin. -->","yoast_head_json":{"title":"Dermatoloji Uygulamas\u0131 | dermatolog dr Hasert Berlin-Mitte, Friedrichstra\u00dfe","description":"Dermatoloji, deri ve z\u00fchrevi hastal\u0131klar uygulamas\u0131 hakk\u0131nda genel bilgiler dermatolog Dr. Hasert, Berlin-Mitte Friedrichstrasse'de.","robots":{"index":"index","follow":"follow","max-snippet":"max-snippet:-1","max-image-preview":"max-image-preview:large","max-video-preview":"max-video-preview:-1"},"canonical":"https:\/\/www.hasert-haut.de\/tr\/uygulama\/","og_locale":"tr_TR","og_type":"article","og_title":"Dermatoloji Uygulamas\u0131 | dermatolog dr Hasert Berlin-Mitte, Friedrichstra\u00dfe","og_description":"Dermatoloji, deri ve z\u00fchrevi hastal\u0131klar uygulamas\u0131 hakk\u0131nda genel bilgiler dermatolog Dr. Hasert, Berlin-Mitte Friedrichstrasse'de.","og_url":"https:\/\/www.hasert-haut.de\/tr\/uygulama\/","og_site_name":"Hautarzt Berlin - Praxisklinik Dr. Hasert","article_modified_time":"2022-11-02T14:23:23+00:00","og_image":[{"width":1500,"height":1000,"url":"https:\/\/www.hasert-haut.de\/wp-content\/uploads\/2015\/01\/praxisklinik-dr-hasert-praxis.jpg","type":"image\/jpeg"}],"twitter_misc":{"Tahmini okuma s\u00fcresi":"7 dakika"},"schema":{"@context":"https:\/\/schema.org","@graph":[{"@type":"WebPage","@id":"https:\/\/www.hasert-haut.de\/tr\/uygulama\/","url":"https:\/\/www.hasert-haut.de\/tr\/uygulama\/","name":"Dermatoloji Uygulamas\u0131 | dermatolog dr Hasert Berlin-Mitte, Friedrichstra\u00dfe","isPartOf":{"@id":"https:\/\/www.hasert-haut.de\/tr\/#website"},"primaryImageOfPage":{"@id":"https:\/\/www.hasert-haut.de\/tr\/uygulama\/#primaryimage"},"image":{"@id":"https:\/\/www.hasert-haut.de\/tr\/uygulama\/#primaryimage"},"thumbnailUrl":"https:\/\/www.hasert-haut.de\/wp-content\/uploads\/2015\/01\/praxisklinik-dr-hasert-praxis.jpg","datePublished":"2015-01-20T14:48:37+00:00","dateModified":"2022-11-02T14:23:23+00:00","description":"Dermatoloji, deri ve z\u00fchrevi hastal\u0131klar uygulamas\u0131 hakk\u0131nda genel bilgiler dermatolog Dr. Hasert, Berlin-Mitte Friedrichstrasse'de.","breadcrumb":{"@id":"https:\/\/www.hasert-haut.de\/tr\/uygulama\/#breadcrumb"},"inLanguage":"tr","potentialAction":[{"@type":"ReadAction","target":["https:\/\/www.hasert-haut.de\/tr\/uygulama\/"]}]},{"@type":"ImageObject","inLanguage":"tr","@id":"https:\/\/www.hasert-haut.de\/tr\/uygulama\/#primaryimage","url":"https:\/\/www.hasert-haut.de\/wp-content\/uploads\/2015\/01\/praxisklinik-dr-hasert-praxis.jpg","contentUrl":"https:\/\/www.hasert-haut.de\/wp-content\/uploads\/2015\/01\/praxisklinik-dr-hasert-praxis.jpg","width":1500,"height":1000,"caption":"Der rege Alltag im Eingangsbereich der Praxisklinik von Hautarzt in Berlin Dr. Hasert"},{"@type":"BreadcrumbList","@id":"https:\/\/www.hasert-haut.de\/tr\/uygulama\/#breadcrumb","itemListElement":[{"@type":"ListItem","position":1,"name":"Home","item":"https:\/\/www.hasert-haut.de\/tr\/hosgeldiniz\/"},{"@type":"ListItem","position":2,"name":"Uygulama"}]},{"@type":"WebSite","@id":"https:\/\/www.hasert-haut.de\/tr\/#website","url":"https:\/\/www.hasert-haut.de\/tr\/","name":"Hautarzt Berlin - Praxisklinik Dr. Hasert","description":"Hautarzt, Allgemeinmedizin","potentialAction":[{"@type":"SearchAction","target":{"@type":"EntryPoint","urlTemplate":"https:\/\/www.hasert-haut.de\/tr\/?s={search_term_string}"},"query-input":{"@type":"PropertyValueSpecification","valueRequired":true,"valueName":"search_term_string"}}],"inLanguage":"tr"}]}},"_links":{"self":[{"href":"https:\/\/www.hasert-haut.de\/tr\/wp-json\/wp\/v2\/pages\/2139","targetHints":{"allow":["GET"]}}],"collection":[{"href":"https:\/\/www.hasert-haut.de\/tr\/wp-json\/wp\/v2\/pages"}],"about":[{"href":"https:\/\/www.hasert-haut.de\/tr\/wp-json\/wp\/v2\/types\/page"}],"author":[{"embeddable":true,"href":"https:\/\/www.hasert-haut.de\/tr\/wp-json\/wp\/v2\/users\/1"}],"replies":[{"embeddable":true,"href":"https:\/\/www.hasert-haut.de\/tr\/wp-json\/wp\/v2\/comments?post=2139"}],"version-history":[{"count":20,"href":"https:\/\/www.hasert-haut.de\/tr\/wp-json\/wp\/v2\/pages\/2139\/revisions"}],"predecessor-version":[{"id":9656,"href":"https:\/\/www.hasert-haut.de\/tr\/wp-json\/wp\/v2\/pages\/2139\/revisions\/9656"}],"wp:featuredmedia":[{"embeddable":true,"href":"https:\/\/www.hasert-haut.de\/tr\/wp-json\/wp\/v2\/media\/2028"}],"wp:attachment":[{"href":"https:\/\/www.hasert-haut.de\/tr\/wp-json\/wp\/v2\/media?parent=2139"}],"curies":[{"name":"wp","href":"https:\/\/api.w.org\/{rel}","templated":true}]}}