{"id":2155,"date":"2016-11-10T09:10:53","date_gmt":"2016-11-10T09:10:53","guid":{"rendered":"https:\/\/www.hasert-haut.de\/aesthetische-dermatologie\/"},"modified":"2023-09-20T15:27:57","modified_gmt":"2023-09-20T15:27:57","slug":"estetik-dermatoloji","status":"publish","type":"page","link":"https:\/\/www.hasert-haut.de\/tr\/estetik-dermatoloji\/","title":{"rendered":"Estetik Dermatoloji"},"content":{"rendered":"\n<style type=\"text\/css\" data-created_by=\"avia_inline_auto\" id=\"style-css-av-l80b1hn9-ec4016f705bb7e471f5435996723305a\">\n.avia-section.av-l80b1hn9-ec4016f705bb7e471f5435996723305a{\nbackground-repeat:no-repeat;\nbackground-image:url(https:\/\/www.hasert-haut.de\/wp-content\/uploads\/2015\/01\/Allgemeinmedizin1.jpg);\nbackground-position:50% 100%;\nbackground-attachment:scroll;\n}\n<\/style>\n<div id='av_section_1'  class='avia-section av-l80b1hn9-ec4016f705bb7e471f5435996723305a main_color avia-section-default avia-no-border-styling  avia-builder-el-0  el_before_av_section  avia-builder-el-first  avia-full-stretch avia-bg-style-scroll av-minimum-height av-minimum-height-50 av-height-50  container_wrap fullsize'  data-section-bg-repeat='stretch' data-av_minimum_height_pc='50' data-av_min_height_opt='50'><div class='container av-section-cont-open' ><main  role=\"main\" itemprop=\"mainContentOfPage\"  class='template-page content  av-content-full alpha units'><div class='post-entry post-entry-type-page post-entry-2155'><div class='entry-content-wrapper clearfix'>\n<\/div><\/div><\/main><!-- close content main element --><\/div><\/div><div id='av_section_2'  class='avia-section av-1c52y-6705d96d726e34f30075afd1c9f98823 main_color avia-section-huge avia-no-border-styling  avia-builder-el-1  el_after_av_section  avia-builder-el-last  avia-bg-style-scroll container_wrap fullsize'  ><div class='container av-section-cont-open' ><div class='template-page content  av-content-full alpha units'><div class='post-entry post-entry-type-page post-entry-2155'><div class='entry-content-wrapper clearfix'>\n\n<style type=\"text\/css\" data-created_by=\"avia_inline_auto\" id=\"style-css-av-1zubm-cf8dd5eea0f9c55c19c0ef078ddbcf82\">\n#top .flex_column.av-1zubm-cf8dd5eea0f9c55c19c0ef078ddbcf82{\nmargin-top:-200px;\nmargin-bottom:-200px;\n}\n.flex_column.av-1zubm-cf8dd5eea0f9c55c19c0ef078ddbcf82{\nborder-radius:0px 0px 0px 0px;\npadding:30px 30px 30px 30px;\nbackground-color:#ffffff;\n}\n.responsive #top #wrap_all .flex_column.av-1zubm-cf8dd5eea0f9c55c19c0ef078ddbcf82{\nmargin-top:-200px;\nmargin-bottom:-200px;\n}\n<\/style>\n<div  class='flex_column av-1zubm-cf8dd5eea0f9c55c19c0ef078ddbcf82 av_one_full  avia-builder-el-2  el_before_av_hr  avia-builder-el-first  first flex_column_div  '     ><style type=\"text\/css\" data-created_by=\"avia_inline_auto\" id=\"style-css-av-l96u7653-f57ae1d35a188f7e5ffd1499679d5364\">\n#top .av-special-heading.av-l96u7653-f57ae1d35a188f7e5ffd1499679d5364{\nmargin:30px 0 0 0;\npadding-bottom:10px;\n}\nbody .av-special-heading.av-l96u7653-f57ae1d35a188f7e5ffd1499679d5364 .av-special-heading-tag .heading-char{\nfont-size:25px;\n}\n.av-special-heading.av-l96u7653-f57ae1d35a188f7e5ffd1499679d5364 .av-subheading{\nfont-size:15px;\n}\n<\/style>\n<div  class='av-special-heading av-l96u7653-f57ae1d35a188f7e5ffd1499679d5364 av-special-heading-h1 blockquote modern-quote modern-centered  avia-builder-el-3  avia-builder-el-no-sibling '><h1 class='av-special-heading-tag'  itemprop=\"headline\"  >Estetik Dermatoloji<\/h1><div class=\"special-heading-border\"><div class=\"special-heading-inner-border\"><\/div><\/div><\/div><\/div>\n<style type=\"text\/css\" data-created_by=\"avia_inline_auto\" id=\"style-css-av-l96u2dxw-bef62529ba4e12912e5f4b47d6fefae0\">\n#top .hr.hr-invisible.av-l96u2dxw-bef62529ba4e12912e5f4b47d6fefae0{\nheight:50px;\n}\n<\/style>\n<div  class='hr av-l96u2dxw-bef62529ba4e12912e5f4b47d6fefae0 hr-invisible  avia-builder-el-4  el_after_av_one_full  el_before_av_portfolio  avia-builder-el-last '><span class='hr-inner '><span class=\"hr-inner-style\"><\/span><\/span><\/div>\n<div  id=\"av-sc-portfolio-1\"  class=' grid-sort-container isotope   no_margin-container with-excerpt-container grid-total-even grid-col-2 grid-links-' data-portfolio-id='1'><div data-ajax-id='6947' class=' grid-entry flex_column isotope-item all_sort no_margin post-entry post-entry-6947 grid-entry-overview grid-loop-1 grid-parity-odd  aesthetische-dermatologie-tr_sort  av_one_half first default_av_fullwidth '><article class='main_color inner-entry'  itemscope=\"itemscope\" itemtype=\"https:\/\/schema.org\/CreativeWork\" ><a href=\"https:\/\/www.hasert-haut.de\/tr\/leistungen\/doevme-silme\/\" title='d\u00f6vme silme'  data-rel='grid-1' class='grid-image avia-hover-fx'> <img decoding=\"async\" fetchpriority=\"high\" width=\"495\" height=\"400\" src=\"https:\/\/www.hasert-haut.de\/wp-content\/uploads\/2016\/11\/entfernung-von-tattoos-495x400.jpg\" class=\"wp-image-2017 avia-img-lazy-loading-not-2017 attachment-portfolio size-portfolio wp-post-image\" alt=\"\" \/><\/a><div class='grid-content'><div class='avia-arrow'><\/div><header class=\"entry-content-header\"><h3 class='grid-entry-title entry-title '  itemprop=\"headline\" ><a href='https:\/\/www.hasert-haut.de\/tr\/leistungen\/doevme-silme\/' title='d\u00f6vme silme'>d\u00f6vme silme<\/a><\/h3><\/header><div class='grid-entry-excerpt entry-content'  itemprop=\"text\" >\u00d6zellikle bir moda trendinin di\u011ferinin yerini ald\u0131\u011f\u0131 g\u00fcn\u00fcm\u00fcz\u00fcn h\u0131zl\u0131 d\u00fcnyas\u0131nda, d\u00f6vmeler veya kal\u0131c\u0131 makyaj gibi kal\u0131c\u0131 cilt g\u00fczelle\u015ftirmelerinin art\u0131k \u00e7ekici olmamas\u0131 genellikle can s\u0131k\u0131c\u0131d\u0131r.<\/div><\/div><footer class=\"entry-footer\"><\/footer><\/article><\/div><div data-ajax-id='7060' class=' grid-entry flex_column isotope-item all_sort no_margin post-entry post-entry-7060 grid-entry-overview grid-loop-2 grid-parity-even  aesthetische-dermatologie-tr_sort  av_one_half  default_av_fullwidth '><article class='main_color inner-entry'  itemscope=\"itemscope\" itemtype=\"https:\/\/schema.org\/CreativeWork\" ><a href=\"https:\/\/www.hasert-haut.de\/tr\/leistungen\/dudak-bueyuetme\/\" title='dudak b\u00fcy\u00fctme'  data-rel='grid-1' class='grid-image avia-hover-fx'> <img decoding=\"async\" fetchpriority=\"high\" width=\"495\" height=\"400\" src=\"https:\/\/www.hasert-haut.de\/wp-content\/uploads\/2015\/01\/Lippenaugmentation-495x400.jpg\" class=\"wp-image-2034 avia-img-lazy-loading-not-2034 attachment-portfolio size-portfolio wp-post-image\" alt=\"\" \/><\/a><div class='grid-content'><div class='avia-arrow'><\/div><header class=\"entry-content-header\"><h3 class='grid-entry-title entry-title '  itemprop=\"headline\" ><a href='https:\/\/www.hasert-haut.de\/tr\/leistungen\/dudak-bueyuetme\/' title='dudak b\u00fcy\u00fctme'>dudak b\u00fcy\u00fctme<\/a><\/h3><\/header><div class='grid-entry-excerpt entry-content'  itemprop=\"text\" >Dudaklar\u0131n\u0131z\u0131 enjekte ederek (dudak b\u00fcy\u00fctme) y\u00fcz\u00fcn\u00fcze yepyeni bir ifade verir ve a\u011f\u0131z \u00e7evresindeki k\u00fc\u00e7\u00fck k\u0131r\u0131\u015f\u0131kl\u0131klar\u0131 giderirsiniz.<\/div><\/div><footer class=\"entry-footer\"><\/footer><\/article><\/div><div data-ajax-id='7006' class=' grid-entry flex_column isotope-item all_sort no_margin post-entry post-entry-7006 grid-entry-overview grid-loop-3 grid-parity-odd  aesthetische-dermatologie-tr_sort  av_one_half first default_av_fullwidth '><article class='main_color inner-entry'  itemscope=\"itemscope\" itemtype=\"https:\/\/schema.org\/CreativeWork\" ><a href=\"https:\/\/www.hasert-haut.de\/tr\/leistungen\/fraksel-lazer-tedavisi\/\" title='Fraxel Lazer Tedavisi'  data-rel='grid-1' class='grid-image avia-hover-fx'> <img decoding=\"async\" fetchpriority=\"high\" width=\"495\" height=\"400\" src=\"https:\/\/www.hasert-haut.de\/wp-content\/uploads\/2015\/01\/Fraxel-Lasertherapie-1-495x400.jpg\" class=\"wp-image-1919 avia-img-lazy-loading-not-1919 attachment-portfolio size-portfolio wp-post-image\" alt=\"\" \/><\/a><div class='grid-content'><div class='avia-arrow'><\/div><header class=\"entry-content-header\"><h3 class='grid-entry-title entry-title '  itemprop=\"headline\" ><a href='https:\/\/www.hasert-haut.de\/tr\/leistungen\/fraksel-lazer-tedavisi\/' title='Fraxel Lazer Tedavisi'>Fraxel Lazer Tedavisi<\/a><\/h3><\/header><div class='grid-entry-excerpt entry-content'  itemprop=\"text\" >Bu tip lazer tedavisi ile derinin en k\u00fc\u00e7\u00fck doku silindirleri, binlerce mikro lazer \u0131\u015f\u0131n\u0131 kullan\u0131larak bir anestezik krem \u200b\u200bkullan\u0131larak kesin do\u011frulukla (\"mikroskopik tedavi b\u00f6lgeleri\") \u00e7\u0131kar\u0131l\u0131r.<\/div><\/div><footer class=\"entry-footer\"><\/footer><\/article><\/div><div data-ajax-id='7142' class=' grid-entry flex_column isotope-item all_sort no_margin post-entry post-entry-7142 grid-entry-overview grid-loop-4 grid-parity-even  aesthetische-dermatologie-tr_sort  av_one_half  default_av_fullwidth '><article class='main_color inner-entry'  itemscope=\"itemscope\" itemtype=\"https:\/\/schema.org\/CreativeWork\" ><a href=\"https:\/\/www.hasert-haut.de\/tr\/leistungen\/goez-kapagi-dusuklugu-tedavisi\/\" title='g\u00f6z kapa\u011f\u0131 d\u00fc\u015f\u00fckl\u00fc\u011f\u00fc tedavisi'  data-rel='grid-1' class='grid-image avia-hover-fx'> <img decoding=\"async\" fetchpriority=\"high\" width=\"495\" height=\"400\" src=\"https:\/\/www.hasert-haut.de\/wp-content\/uploads\/2016\/11\/schlupflidbehandlung-495x400.jpg\" class=\"wp-image-2019 avia-img-lazy-loading-not-2019 attachment-portfolio size-portfolio wp-post-image\" alt=\"\" \/><\/a><div class='grid-content'><div class='avia-arrow'><\/div><header class=\"entry-content-header\"><h3 class='grid-entry-title entry-title '  itemprop=\"headline\" ><a href='https:\/\/www.hasert-haut.de\/tr\/leistungen\/goez-kapagi-dusuklugu-tedavisi\/' title='g\u00f6z kapa\u011f\u0131 d\u00fc\u015f\u00fckl\u00fc\u011f\u00fc tedavisi'>g\u00f6z kapa\u011f\u0131 d\u00fc\u015f\u00fckl\u00fc\u011f\u00fc tedavisi<\/a><\/h3><\/header><div class='grid-entry-excerpt entry-content'  itemprop=\"text\" >\u0130nsanlar her zaman g\u00f6zlere \u00f6zel bir \u00f6nem vermi\u015flerdir. Bunlar sadece y\u00fczdeki i\u015faret noktalar\u0131 de\u011fil, ayn\u0131 zamanda bir ki\u015fi ve ruh durumu hakk\u0131nda her \u015feyi ortaya koyan bir \"ruhun aynas\u0131\" olarak kabul edilir. \n<\/div><\/div><footer class=\"entry-footer\"><\/footer><\/article><\/div><div data-ajax-id='6936' class=' grid-entry flex_column isotope-item all_sort no_margin post-entry post-entry-6936 grid-entry-overview grid-loop-5 grid-parity-odd  aesthetische-dermatologie-tr_sort  av_one_half first default_av_fullwidth '><article class='main_color inner-entry'  itemscope=\"itemscope\" itemtype=\"https:\/\/schema.org\/CreativeWork\" ><a href=\"https:\/\/www.hasert-haut.de\/tr\/leistungen\/iplik-kaldirma\/\" title='iplik kald\u0131rma'  data-rel='grid-1' class='grid-image avia-hover-fx'> <img decoding=\"async\" fetchpriority=\"high\" width=\"495\" height=\"400\" src=\"https:\/\/www.hasert-haut.de\/wp-content\/uploads\/2017\/05\/Light-Lift-Linea-Method-495x400.jpg\" class=\"wp-image-2047 avia-img-lazy-loading-not-2047 attachment-portfolio size-portfolio wp-post-image\" alt=\"Light-Lift-Nano-Excellence-new | Hautarzt Dr. Hasert Berlin-Mitte\" \/><\/a><div class='grid-content'><div class='avia-arrow'><\/div><header class=\"entry-content-header\"><h3 class='grid-entry-title entry-title '  itemprop=\"headline\" ><a href='https:\/\/www.hasert-haut.de\/tr\/leistungen\/iplik-kaldirma\/' title='iplik kald\u0131rma'>iplik kald\u0131rma<\/a><\/h3><\/header><div class='grid-entry-excerpt entry-content'  itemprop=\"text\" >APTOS iplik kald\u0131r\u0131c\u0131, k\u0131r\u0131\u015f\u0131kl\u0131klar\u0131n modern ve nazik bir \u015fekilde \u00f6nlenmesi ve giderilmesi i\u00e7in kullan\u0131l\u0131r.<\/div><\/div><footer class=\"entry-footer\"><\/footer><\/article><\/div><div data-ajax-id='6918' class=' grid-entry flex_column isotope-item all_sort no_margin post-entry post-entry-6918 grid-entry-overview grid-loop-6 grid-parity-even  aesthetische-dermatologie-tr_sort  av_one_half  default_av_fullwidth '><article class='main_color inner-entry'  itemscope=\"itemscope\" itemtype=\"https:\/\/schema.org\/CreativeWork\" ><a href=\"https:\/\/www.hasert-haut.de\/tr\/leistungen\/eliminacion-de-cambios-benignos-de-la-piel\/\" title='\u0130yi huylu cilt lezyonlar\u0131n\u0131n \u00e7\u0131kar\u0131lmas\u0131'  data-rel='grid-1' class='grid-image avia-hover-fx'> <img decoding=\"async\" fetchpriority=\"high\" width=\"495\" height=\"400\" src=\"https:\/\/www.hasert-haut.de\/wp-content\/uploads\/2016\/11\/entfernung-von-gutartigen-hautver\u00e4nderungen-495x400.jpg\" class=\"wp-image-2016 avia-img-lazy-loading-not-2016 attachment-portfolio size-portfolio wp-post-image\" alt=\"\" \/><\/a><div class='grid-content'><div class='avia-arrow'><\/div><header class=\"entry-content-header\"><h3 class='grid-entry-title entry-title '  itemprop=\"headline\" ><a href='https:\/\/www.hasert-haut.de\/tr\/leistungen\/eliminacion-de-cambios-benignos-de-la-piel\/' title='\u0130yi huylu cilt lezyonlar\u0131n\u0131n \u00e7\u0131kar\u0131lmas\u0131'>\u0130yi huylu cilt lezyonlar\u0131n\u0131n \u00e7\u0131kar\u0131lmas\u0131<\/a><\/h3><\/header><div class='grid-entry-excerpt entry-content'  itemprop=\"text\" >Ya\u015fl\u0131l\u0131k lekeleri, ya\u015fl\u0131l\u0131k si\u011filleri, miyomlar, pigmentsiz do\u011fum lekeleri (yans\u0131yan \u0131\u015f\u0131k mikroskobunda kesinlikle iyi huyludur), g\u00f6z \u00e7evresindeki sar\u0131 birikintiler (ksantelazma ve siringoma) ve si\u011filler gibi cilt de\u011fi\u015fiklikleri kendi ba\u015flar\u0131na zarars\u0131zd\u0131r, ancak bir\u00e7ok insan bunlar\u0131 can s\u0131k\u0131c\u0131 bulur. .<\/div><\/div><footer class=\"entry-footer\"><\/footer><\/article><\/div><div data-ajax-id='6870' class=' grid-entry flex_column isotope-item all_sort no_margin post-entry post-entry-6870 grid-entry-overview grid-loop-7 grid-parity-odd  aesthetische-dermatologie-tr_sort  av_one_half first default_av_fullwidth '><article class='main_color inner-entry'  itemscope=\"itemscope\" itemtype=\"https:\/\/schema.org\/CreativeWork\" ><a href=\"https:\/\/www.hasert-haut.de\/tr\/leistungen\/kimyasal-peeling\/\" title='kimyasal peeling'  data-rel='grid-1' class='grid-image avia-hover-fx'> <img decoding=\"async\" fetchpriority=\"high\" width=\"495\" height=\"400\" src=\"https:\/\/www.hasert-haut.de\/wp-content\/uploads\/2016\/12\/basaliom-495x400.jpg\" class=\"wp-image-2008 avia-img-lazy-loading-not-2008 attachment-portfolio size-portfolio wp-post-image\" alt=\"\" \/><\/a><div class='grid-content'><div class='avia-arrow'><\/div><header class=\"entry-content-header\"><h3 class='grid-entry-title entry-title '  itemprop=\"headline\" ><a href='https:\/\/www.hasert-haut.de\/tr\/leistungen\/kimyasal-peeling\/' title='kimyasal peeling'>kimyasal peeling<\/a><\/h3><\/header><div class='grid-entry-excerpt entry-content'  itemprop=\"text\" >Y\u00fczdeki sivilce izlerini gidermek i\u00e7in daha hafif formlarda cilt yap\u0131s\u0131n\u0131 iyile\u015ftirmek i\u00e7in kimyasal peeling kullan\u0131labilir.<\/div><\/div><footer class=\"entry-footer\"><\/footer><\/article><\/div><div data-ajax-id='6990' class=' grid-entry flex_column isotope-item all_sort no_margin post-entry post-entry-6990 grid-entry-overview grid-loop-8 grid-parity-even  aesthetische-dermatologie-tr_sort  av_one_half  default_av_fullwidth '><article class='main_color inner-entry'  itemscope=\"itemscope\" itemtype=\"https:\/\/schema.org\/CreativeWork\" ><a href=\"https:\/\/www.hasert-haut.de\/tr\/leistungen\/kirisiklik-tedavisi\/\" title='k\u0131r\u0131\u015f\u0131kl\u0131k tedavisi'  data-rel='grid-1' class='grid-image avia-hover-fx'> <img decoding=\"async\" fetchpriority=\"high\" width=\"495\" height=\"400\" src=\"https:\/\/www.hasert-haut.de\/wp-content\/uploads\/2015\/01\/Faltenbehandlung3-495x400.jpg\" class=\"wp-image-1955 avia-img-lazy-loading-not-1955 attachment-portfolio size-portfolio wp-post-image\" alt=\"\" \/><\/a><div class='grid-content'><div class='avia-arrow'><\/div><header class=\"entry-content-header\"><h3 class='grid-entry-title entry-title '  itemprop=\"headline\" ><a href='https:\/\/www.hasert-haut.de\/tr\/leistungen\/kirisiklik-tedavisi\/' title='k\u0131r\u0131\u015f\u0131kl\u0131k tedavisi'>k\u0131r\u0131\u015f\u0131kl\u0131k tedavisi<\/a><\/h3><\/header><div class='grid-entry-excerpt entry-content'  itemprop=\"text\" >\u00d6zellikle y\u00fcz derisi ya\u015fla birlikte elastikiyetini kaybeder. 20 ya\u015f\u0131ndan itibaren cildin kademeli ya\u015flanma s\u00fcreci ba\u015flar. <\/div><\/div><footer class=\"entry-footer\"><\/footer><\/article><\/div><div data-ajax-id='7095' class=' grid-entry flex_column isotope-item all_sort no_margin post-entry post-entry-7095 grid-entry-overview grid-loop-9 grid-parity-odd  aesthetische-dermatologie-tr_sort  av_one_half first default_av_fullwidth '><article class='main_color inner-entry'  itemscope=\"itemscope\" itemtype=\"https:\/\/schema.org\/CreativeWork\" ><a href=\"https:\/\/www.hasert-haut.de\/tr\/leistungen\/rejuvenecimiento-cutaneo-con-laser\/\" title='Lazer cilt yenileme'  data-rel='grid-1' class='grid-image avia-hover-fx'> <img decoding=\"async\" fetchpriority=\"high\" width=\"495\" height=\"400\" src=\"https:\/\/www.hasert-haut.de\/wp-content\/uploads\/2015\/01\/laser-skin-resurfacing-495x400.jpg\" class=\"wp-image-1872 avia-img-lazy-loading-not-1872 attachment-portfolio size-portfolio wp-post-image\" alt=\"\" \/><\/a><div class='grid-content'><div class='avia-arrow'><\/div><header class=\"entry-content-header\"><h3 class='grid-entry-title entry-title '  itemprop=\"headline\" ><a href='https:\/\/www.hasert-haut.de\/tr\/leistungen\/rejuvenecimiento-cutaneo-con-laser\/' title='Lazer cilt yenileme'>Lazer cilt yenileme<\/a><\/h3><\/header><div class='grid-entry-excerpt entry-content'  itemprop=\"text\" >\u00d6zellikle y\u00fczdeki daha derin sivilce izleri i\u00e7in \u00e7ok etkili bir tedavi, cilt yenileme ad\u0131 verilen lazer tedavisidir. Elimizde Erbium Yag lazerler ve CO2 lazerlerimiz var. \n<\/div><\/div><footer class=\"entry-footer\"><\/footer><\/article><\/div><div data-ajax-id='7047' class=' grid-entry flex_column isotope-item all_sort no_margin post-entry post-entry-7047 grid-entry-overview grid-loop-10 grid-parity-even  aesthetische-dermatologie-tr_sort  av_one_half  default_av_fullwidth '><article class='main_color inner-entry'  itemscope=\"itemscope\" itemtype=\"https:\/\/schema.org\/CreativeWork\" ><a href=\"https:\/\/www.hasert-haut.de\/tr\/leistungen\/lazer-epilasyon\/\" title='lazer epilasyon'  data-rel='grid-1' class='grid-image avia-hover-fx'> <img decoding=\"async\" fetchpriority=\"high\" width=\"495\" height=\"400\" src=\"https:\/\/www.hasert-haut.de\/wp-content\/uploads\/2015\/01\/laser-haarentfernung-495x400.jpg\" class=\"wp-image-1873 avia-img-lazy-loading-not-1873 attachment-portfolio size-portfolio wp-post-image\" alt=\"\" \/><\/a><div class='grid-content'><div class='avia-arrow'><\/div><header class=\"entry-content-header\"><h3 class='grid-entry-title entry-title '  itemprop=\"headline\" ><a href='https:\/\/www.hasert-haut.de\/tr\/leistungen\/lazer-epilasyon\/' title='lazer epilasyon'>lazer epilasyon<\/a><\/h3><\/header><div class='grid-entry-excerpt entry-content'  itemprop=\"text\" >sa\u00e7 g\u00fczel Ama esas olarak yanl\u0131\u015f yerlerde b\u00fcy\u00fcrlerse ne yapmal\u0131? <\/div><\/div><footer class=\"entry-footer\"><\/footer><\/article><\/div><div data-ajax-id='6966' class=' grid-entry flex_column isotope-item all_sort no_margin post-entry post-entry-6966 grid-entry-overview grid-loop-11 grid-parity-odd  aesthetische-dermatologie-tr_sort  av_one_half first default_av_fullwidth '><article class='main_color inner-entry'  itemscope=\"itemscope\" itemtype=\"https:\/\/schema.org\/CreativeWork\" ><a href=\"https:\/\/www.hasert-haut.de\/tr\/leistungen\/liposuction\/\" title='liposuction'  data-rel='grid-1' class='grid-image avia-hover-fx'> <img decoding=\"async\" fetchpriority=\"high\" width=\"495\" height=\"400\" src=\"https:\/\/www.hasert-haut.de\/wp-content\/uploads\/2016\/11\/Fettabsaugung-495x400.jpg\" class=\"wp-image-2036 avia-img-lazy-loading-not-2036 attachment-portfolio size-portfolio wp-post-image\" alt=\"\" \/><\/a><div class='grid-content'><div class='avia-arrow'><\/div><header class=\"entry-content-header\"><h3 class='grid-entry-title entry-title '  itemprop=\"headline\" ><a href='https:\/\/www.hasert-haut.de\/tr\/leistungen\/liposuction\/' title='liposuction'>liposuction<\/a><\/h3><\/header><div class='grid-entry-excerpt entry-content'  itemprop=\"text\" >\u0130nce, orant\u0131l\u0131 v\u00fccut, eski zamanlardan beri g\u00fczelli\u011fin simgesi olmu\u015ftur. Ne yaz\u0131k ki, \u00e7ok ince insanlarda bile v\u00fccut ya\u011f da\u011f\u0131l\u0131m\u0131 \u00e7o\u011fu zaman dengeli de\u011fildir. <\/div><\/div><footer class=\"entry-footer\"><\/footer><\/article><\/div><div data-ajax-id='7111' class=' grid-entry flex_column isotope-item all_sort no_margin post-entry post-entry-7111 grid-entry-overview grid-loop-12 grid-parity-even  aesthetische-dermatologie-tr_sort  av_one_half  default_av_fullwidth '><article class='main_color inner-entry'  itemscope=\"itemscope\" itemtype=\"https:\/\/schema.org\/CreativeWork\" ><a href=\"https:\/\/www.hasert-haut.de\/tr\/leistungen\/autohemoterapia-prp\/\" title='PRP otolog tedavisi'  data-rel='grid-1' class='grid-image avia-hover-fx'> <img decoding=\"async\" fetchpriority=\"high\" width=\"495\" height=\"400\" src=\"https:\/\/www.hasert-haut.de\/wp-content\/uploads\/2016\/12\/basaliom-495x400.jpg\" class=\"wp-image-2008 avia-img-lazy-loading-not-2008 attachment-portfolio size-portfolio wp-post-image\" alt=\"\" \/><\/a><div class='grid-content'><div class='avia-arrow'><\/div><header class=\"entry-content-header\"><h3 class='grid-entry-title entry-title '  itemprop=\"headline\" ><a href='https:\/\/www.hasert-haut.de\/tr\/leistungen\/autohemoterapia-prp\/' title='PRP otolog tedavisi'>PRP otolog tedavisi<\/a><\/h3><\/header><div class='grid-entry-excerpt entry-content'  itemprop=\"text\" >Modern prosed\u00fcr, cildi s\u0131k\u0131la\u015ft\u0131rmak ve yenilemek i\u00e7in cerrahi m\u00fcdahalelere bir ba\u015fka alternatiftir. Cilt kesileri ve uzun rehabilitasyon olmadan \u00e7ok k\u0131sa s\u00fcrede m\u00fckemmel bir sonu\u00e7 elde edilir. \n<\/div><\/div><footer class=\"entry-footer\"><\/footer><\/article><\/div><div data-ajax-id='7017' class=' grid-entry flex_column isotope-item all_sort no_margin post-entry post-entry-7017 grid-entry-overview grid-loop-13 grid-parity-odd  aesthetische-dermatologie-tr_sort  av_one_half first default_av_fullwidth '><article class='main_color inner-entry'  itemscope=\"itemscope\" itemtype=\"https:\/\/schema.org\/CreativeWork\" ><a href=\"https:\/\/www.hasert-haut.de\/tr\/leistungen\/soguk-lipoliz\/\" title='so\u011fuk lipoliz'  data-rel='grid-1' class='grid-image avia-hover-fx'> <img decoding=\"async\" fetchpriority=\"high\" width=\"495\" height=\"400\" src=\"https:\/\/www.hasert-haut.de\/wp-content\/uploads\/2016\/06\/Kryolipolyse-495x400.jpg\" class=\"wp-image-2040 avia-img-lazy-loading-not-2040 attachment-portfolio size-portfolio wp-post-image\" alt=\"\" \/><\/a><div class='grid-content'><div class='avia-arrow'><\/div><header class=\"entry-content-header\"><h3 class='grid-entry-title entry-title '  itemprop=\"headline\" ><a href='https:\/\/www.hasert-haut.de\/tr\/leistungen\/soguk-lipoliz\/' title='so\u011fuk lipoliz'>so\u011fuk lipoliz<\/a><\/h3><\/header><div class='grid-entry-excerpt entry-content'  itemprop=\"text\" >Cryolipolysis, ya\u011f birikintilerini nazik\u00e7e azaltmak i\u00e7in yerel so\u011fuk kullanan yeni, invaziv olmayan bir prosed\u00fcrd\u00fcr.<\/div><\/div><footer class=\"entry-footer\"><\/footer><\/article><\/div><div data-ajax-id='7169' class=' grid-entry flex_column isotope-item all_sort no_margin post-entry post-entry-7169 grid-entry-overview grid-loop-14 grid-parity-even  aesthetische-dermatologie-tr_sort  av_one_half  default_av_fullwidth '><article class='main_color inner-entry'  itemscope=\"itemscope\" itemtype=\"https:\/\/schema.org\/CreativeWork\" ><a href=\"https:\/\/www.hasert-haut.de\/tr\/leistungen\/ter-bezinin-ciikarilmasi-hiperhidroz\/\" title='Ter bezinin \u00e7\u0131kar\u0131lmas\u0131 (hiperhidroz)'  data-rel='grid-1' class='grid-image avia-hover-fx'> <img decoding=\"async\" fetchpriority=\"high\" width=\"495\" height=\"400\" src=\"https:\/\/www.hasert-haut.de\/wp-content\/uploads\/2016\/11\/Schweissdruesenentfernung-495x400.jpg\" class=\"wp-image-2037 avia-img-lazy-loading-not-2037 attachment-portfolio size-portfolio wp-post-image\" alt=\"\" \/><\/a><div class='grid-content'><div class='avia-arrow'><\/div><header class=\"entry-content-header\"><h3 class='grid-entry-title entry-title '  itemprop=\"headline\" ><a href='https:\/\/www.hasert-haut.de\/tr\/leistungen\/ter-bezinin-ciikarilmasi-hiperhidroz\/' title='Ter bezinin \u00e7\u0131kar\u0131lmas\u0131 (hiperhidroz)'>Ter bezinin \u00e7\u0131kar\u0131lmas\u0131 (hiperhidroz)<\/a><\/h3><\/header><div class='grid-entry-excerpt entry-content'  itemprop=\"text\" >Bir\u00e7ok insan, \u00f6zellikle koltuk altlar\u0131nda, ayn\u0131 zamanda el ve ayaklarda a\u015f\u0131r\u0131 terlemeden muzdariptir. Fiziksel efor sarf etmeden bile ter atars\u0131n\u0131z ve etkilenen b\u00f6lgelerde s\u0131kl\u0131kla per\u00e7inler olu\u015fur. \n<\/div><\/div><footer class=\"entry-footer\"><\/footer><\/article><\/div><div data-ajax-id='6900' class=' grid-entry flex_column isotope-item all_sort no_margin post-entry post-entry-6900 grid-entry-overview grid-loop-15 grid-parity-odd  aesthetische-dermatologie-tr_sort  av_one_half first default_av_fullwidth '><article class='main_color inner-entry'  itemscope=\"itemscope\" itemtype=\"https:\/\/schema.org\/CreativeWork\" ><a href=\"https:\/\/www.hasert-haut.de\/tr\/leistungen\/vazodilatasyonlarin-giderilmesi\/\" title='Vazodilatasyonlar\u0131n giderilmesi'  data-rel='grid-1' class='grid-image avia-hover-fx'> <img decoding=\"async\" fetchpriority=\"high\" width=\"495\" height=\"400\" src=\"https:\/\/www.hasert-haut.de\/wp-content\/uploads\/2015\/01\/Entfernung-von-Gef\u00e4\u00dferweiterungen4-495x400.jpg\" class=\"wp-image-1940 avia-img-lazy-loading-not-1940 attachment-portfolio size-portfolio wp-post-image\" alt=\"\" \/><\/a><div class='grid-content'><div class='avia-arrow'><\/div><header class=\"entry-content-header\"><h3 class='grid-entry-title entry-title '  itemprop=\"headline\" ><a href='https:\/\/www.hasert-haut.de\/tr\/leistungen\/vazodilatasyonlarin-giderilmesi\/' title='Vazodilatasyonlar\u0131n giderilmesi'>Vazodilatasyonlar\u0131n giderilmesi<\/a><\/h3><\/header><div class='grid-entry-excerpt entry-content'  itemprop=\"text\" >Genellikle gen\u00e7 ya\u015fta, buna uygun bir yatk\u0131nl\u0131kla, bacaklardaki en k\u00fc\u00e7\u00fck kan damarlar\u0131nda, \u00f6r\u00fcmcek damarlar\u0131 olarak adland\u0131r\u0131lan ve genellikle \u00e7ok can s\u0131k\u0131c\u0131 bulunan dilatasyonlar meydana gelir.\n<\/div><\/div><footer class=\"entry-footer\"><\/footer><\/article><\/div><div data-ajax-id='6998' class=' grid-entry flex_column isotope-item all_sort no_margin post-entry post-entry-6998 grid-entry-overview grid-loop-16 grid-parity-even  post-entry-last  aesthetische-dermatologie-tr_sort  av_one_half  default_av_fullwidth '><article class='main_color inner-entry'  itemscope=\"itemscope\" itemtype=\"https:\/\/schema.org\/CreativeWork\" ><a href=\"https:\/\/www.hasert-haut.de\/tr\/leistungen\/yag-gideric-siringa\/\" title='ya\u011f giderici \u015f\u0131r\u0131nga'  data-rel='grid-1' class='grid-image avia-hover-fx'> <img decoding=\"async\" fetchpriority=\"high\" width=\"495\" height=\"400\" src=\"https:\/\/www.hasert-haut.de\/wp-content\/uploads\/2016\/12\/basaliom-495x400.jpg\" class=\"wp-image-2008 avia-img-lazy-loading-not-2008 attachment-portfolio size-portfolio wp-post-image\" alt=\"\" \/><\/a><div class='grid-content'><div class='avia-arrow'><\/div><header class=\"entry-content-header\"><h3 class='grid-entry-title entry-title '  itemprop=\"headline\" ><a href='https:\/\/www.hasert-haut.de\/tr\/leistungen\/yag-gideric-siringa\/' title='ya\u011f giderici \u015f\u0131r\u0131nga'>ya\u011f giderici \u015f\u0131r\u0131nga<\/a><\/h3><\/header><div class='grid-entry-excerpt entry-content'  itemprop=\"text\" >Ya\u011f uzakla\u015ft\u0131rma enjeksiyonu - y\u00fcz ve boyun b\u00f6lgesindeki ya\u011f birikintilerinin tedavisi, \u00f6rn. B. G\u0131d\u0131, \"sarkan yanaklar\" ve g\u00f6z alt\u0131 torbalar\u0131.<\/div><\/div><footer class=\"entry-footer\"><\/footer><\/article><\/div><\/div>\n\n","protected":false},"excerpt":{"rendered":"<p>Dermatolog Dr. Raoul Hasert&#8217;in Berlin-Mitte Friedrichstra\u00dfe&#8217;deki muayenehanesinin estetik dermatoloji hizmetlerine genel bak\u0131\u015f.<\/p>\n","protected":false},"author":1,"featured_media":2037,"parent":0,"menu_order":0,"comment_status":"closed","ping_status":"closed","template":"","meta":{"footnotes":""},"class_list":["post-2155","page","type-page","status-publish","has-post-thumbnail","hentry"],"yoast_head":"<!-- This site is optimized with the Yoast SEO plugin v25.3.1 - https:\/\/yoast.com\/wordpress\/plugins\/seo\/ -->\n<title>Estetik dermatoloji | dermatolog Dr. Raoul Hasert Berlin<\/title>\n<meta name=\"description\" content=\"Dermatolog Dr. Raoul Hasert&#039;in Berlin-Mitte Friedrichstra\u00dfe&#039;deki muayenehanesinin estetik dermatoloji hizmetlerine genel bak\u0131\u015f.\" \/>\n<meta name=\"robots\" content=\"index, follow, max-snippet:-1, max-image-preview:large, max-video-preview:-1\" \/>\n<link rel=\"canonical\" href=\"https:\/\/www.hasert-haut.de\/tr\/estetik-dermatoloji\/\" \/>\n<meta property=\"og:locale\" content=\"tr_TR\" \/>\n<meta property=\"og:type\" content=\"article\" \/>\n<meta property=\"og:title\" content=\"Estetik dermatoloji | dermatolog Dr. Raoul Hasert Berlin\" \/>\n<meta property=\"og:description\" content=\"Dermatolog Dr. Raoul Hasert&#039;in Berlin-Mitte Friedrichstra\u00dfe&#039;deki muayenehanesinin estetik dermatoloji hizmetlerine genel bak\u0131\u015f.\" \/>\n<meta property=\"og:url\" content=\"https:\/\/www.hasert-haut.de\/tr\/estetik-dermatoloji\/\" \/>\n<meta property=\"og:site_name\" content=\"Hautarzt Berlin - Praxisklinik Dr. Hasert\" \/>\n<meta property=\"article:modified_time\" content=\"2023-09-20T15:27:57+00:00\" \/>\n<meta name=\"twitter:label1\" content=\"Tahmini okuma s\u00fcresi\" \/>\n\t<meta name=\"twitter:data1\" content=\"8 dakika\" \/>\n<script type=\"application\/ld+json\" class=\"yoast-schema-graph\">{\"@context\":\"https:\/\/schema.org\",\"@graph\":[{\"@type\":\"WebPage\",\"@id\":\"https:\/\/www.hasert-haut.de\/tr\/estetik-dermatoloji\/\",\"url\":\"https:\/\/www.hasert-haut.de\/tr\/estetik-dermatoloji\/\",\"name\":\"Estetik dermatoloji | dermatolog Dr. Raoul Hasert Berlin\",\"isPartOf\":{\"@id\":\"https:\/\/www.hasert-haut.de\/tr\/#website\"},\"primaryImageOfPage\":{\"@id\":\"https:\/\/www.hasert-haut.de\/tr\/estetik-dermatoloji\/#primaryimage\"},\"image\":{\"@id\":\"https:\/\/www.hasert-haut.de\/tr\/estetik-dermatoloji\/#primaryimage\"},\"thumbnailUrl\":\"https:\/\/www.hasert-haut.de\/wp-content\/uploads\/2016\/11\/Schweissdruesenentfernung.jpg\",\"datePublished\":\"2016-11-10T09:10:53+00:00\",\"dateModified\":\"2023-09-20T15:27:57+00:00\",\"description\":\"Dermatolog Dr. Raoul Hasert'in Berlin-Mitte Friedrichstra\u00dfe'deki muayenehanesinin estetik dermatoloji hizmetlerine genel bak\u0131\u015f.\",\"breadcrumb\":{\"@id\":\"https:\/\/www.hasert-haut.de\/tr\/estetik-dermatoloji\/#breadcrumb\"},\"inLanguage\":\"tr\",\"potentialAction\":[{\"@type\":\"ReadAction\",\"target\":[\"https:\/\/www.hasert-haut.de\/tr\/estetik-dermatoloji\/\"]}]},{\"@type\":\"ImageObject\",\"inLanguage\":\"tr\",\"@id\":\"https:\/\/www.hasert-haut.de\/tr\/estetik-dermatoloji\/#primaryimage\",\"url\":\"https:\/\/www.hasert-haut.de\/wp-content\/uploads\/2016\/11\/Schweissdruesenentfernung.jpg\",\"contentUrl\":\"https:\/\/www.hasert-haut.de\/wp-content\/uploads\/2016\/11\/Schweissdruesenentfernung.jpg\",\"width\":900,\"height\":600,\"caption\":\"Auch \u00e4sthetische Behandlungen wie Lasertherapie bietet der Hautarzt in seiner Praxisklinik in Berlin an.\"},{\"@type\":\"BreadcrumbList\",\"@id\":\"https:\/\/www.hasert-haut.de\/tr\/estetik-dermatoloji\/#breadcrumb\",\"itemListElement\":[{\"@type\":\"ListItem\",\"position\":1,\"name\":\"Home\",\"item\":\"https:\/\/www.hasert-haut.de\/tr\/hosgeldiniz\/\"},{\"@type\":\"ListItem\",\"position\":2,\"name\":\"Estetik Dermatoloji\"}]},{\"@type\":\"WebSite\",\"@id\":\"https:\/\/www.hasert-haut.de\/tr\/#website\",\"url\":\"https:\/\/www.hasert-haut.de\/tr\/\",\"name\":\"Hautarzt Berlin - Praxisklinik Dr. Hasert\",\"description\":\"Hautarzt, Allgemeinmedizin\",\"potentialAction\":[{\"@type\":\"SearchAction\",\"target\":{\"@type\":\"EntryPoint\",\"urlTemplate\":\"https:\/\/www.hasert-haut.de\/tr\/?s={search_term_string}\"},\"query-input\":{\"@type\":\"PropertyValueSpecification\",\"valueRequired\":true,\"valueName\":\"search_term_string\"}}],\"inLanguage\":\"tr\"}]}<\/script>\n<!-- \/ Yoast SEO plugin. -->","yoast_head_json":{"title":"Estetik dermatoloji | dermatolog Dr. Raoul Hasert Berlin","description":"Dermatolog Dr. Raoul Hasert'in Berlin-Mitte Friedrichstra\u00dfe'deki muayenehanesinin estetik dermatoloji hizmetlerine genel bak\u0131\u015f.","robots":{"index":"index","follow":"follow","max-snippet":"max-snippet:-1","max-image-preview":"max-image-preview:large","max-video-preview":"max-video-preview:-1"},"canonical":"https:\/\/www.hasert-haut.de\/tr\/estetik-dermatoloji\/","og_locale":"tr_TR","og_type":"article","og_title":"Estetik dermatoloji | dermatolog Dr. Raoul Hasert Berlin","og_description":"Dermatolog Dr. Raoul Hasert'in Berlin-Mitte Friedrichstra\u00dfe'deki muayenehanesinin estetik dermatoloji hizmetlerine genel bak\u0131\u015f.","og_url":"https:\/\/www.hasert-haut.de\/tr\/estetik-dermatoloji\/","og_site_name":"Hautarzt Berlin - Praxisklinik Dr. Hasert","article_modified_time":"2023-09-20T15:27:57+00:00","twitter_misc":{"Tahmini okuma s\u00fcresi":"8 dakika"},"schema":{"@context":"https:\/\/schema.org","@graph":[{"@type":"WebPage","@id":"https:\/\/www.hasert-haut.de\/tr\/estetik-dermatoloji\/","url":"https:\/\/www.hasert-haut.de\/tr\/estetik-dermatoloji\/","name":"Estetik dermatoloji | dermatolog Dr. Raoul Hasert Berlin","isPartOf":{"@id":"https:\/\/www.hasert-haut.de\/tr\/#website"},"primaryImageOfPage":{"@id":"https:\/\/www.hasert-haut.de\/tr\/estetik-dermatoloji\/#primaryimage"},"image":{"@id":"https:\/\/www.hasert-haut.de\/tr\/estetik-dermatoloji\/#primaryimage"},"thumbnailUrl":"https:\/\/www.hasert-haut.de\/wp-content\/uploads\/2016\/11\/Schweissdruesenentfernung.jpg","datePublished":"2016-11-10T09:10:53+00:00","dateModified":"2023-09-20T15:27:57+00:00","description":"Dermatolog Dr. Raoul Hasert'in Berlin-Mitte Friedrichstra\u00dfe'deki muayenehanesinin estetik dermatoloji hizmetlerine genel bak\u0131\u015f.","breadcrumb":{"@id":"https:\/\/www.hasert-haut.de\/tr\/estetik-dermatoloji\/#breadcrumb"},"inLanguage":"tr","potentialAction":[{"@type":"ReadAction","target":["https:\/\/www.hasert-haut.de\/tr\/estetik-dermatoloji\/"]}]},{"@type":"ImageObject","inLanguage":"tr","@id":"https:\/\/www.hasert-haut.de\/tr\/estetik-dermatoloji\/#primaryimage","url":"https:\/\/www.hasert-haut.de\/wp-content\/uploads\/2016\/11\/Schweissdruesenentfernung.jpg","contentUrl":"https:\/\/www.hasert-haut.de\/wp-content\/uploads\/2016\/11\/Schweissdruesenentfernung.jpg","width":900,"height":600,"caption":"Auch \u00e4sthetische Behandlungen wie Lasertherapie bietet der Hautarzt in seiner Praxisklinik in Berlin an."},{"@type":"BreadcrumbList","@id":"https:\/\/www.hasert-haut.de\/tr\/estetik-dermatoloji\/#breadcrumb","itemListElement":[{"@type":"ListItem","position":1,"name":"Home","item":"https:\/\/www.hasert-haut.de\/tr\/hosgeldiniz\/"},{"@type":"ListItem","position":2,"name":"Estetik Dermatoloji"}]},{"@type":"WebSite","@id":"https:\/\/www.hasert-haut.de\/tr\/#website","url":"https:\/\/www.hasert-haut.de\/tr\/","name":"Hautarzt Berlin - Praxisklinik Dr. Hasert","description":"Hautarzt, Allgemeinmedizin","potentialAction":[{"@type":"SearchAction","target":{"@type":"EntryPoint","urlTemplate":"https:\/\/www.hasert-haut.de\/tr\/?s={search_term_string}"},"query-input":{"@type":"PropertyValueSpecification","valueRequired":true,"valueName":"search_term_string"}}],"inLanguage":"tr"}]}},"_links":{"self":[{"href":"https:\/\/www.hasert-haut.de\/tr\/wp-json\/wp\/v2\/pages\/2155","targetHints":{"allow":["GET"]}}],"collection":[{"href":"https:\/\/www.hasert-haut.de\/tr\/wp-json\/wp\/v2\/pages"}],"about":[{"href":"https:\/\/www.hasert-haut.de\/tr\/wp-json\/wp\/v2\/types\/page"}],"author":[{"embeddable":true,"href":"https:\/\/www.hasert-haut.de\/tr\/wp-json\/wp\/v2\/users\/1"}],"replies":[{"embeddable":true,"href":"https:\/\/www.hasert-haut.de\/tr\/wp-json\/wp\/v2\/comments?post=2155"}],"version-history":[{"count":30,"href":"https:\/\/www.hasert-haut.de\/tr\/wp-json\/wp\/v2\/pages\/2155\/revisions"}],"predecessor-version":[{"id":11938,"href":"https:\/\/www.hasert-haut.de\/tr\/wp-json\/wp\/v2\/pages\/2155\/revisions\/11938"}],"wp:featuredmedia":[{"embeddable":true,"href":"https:\/\/www.hasert-haut.de\/tr\/wp-json\/wp\/v2\/media\/2037"}],"wp:attachment":[{"href":"https:\/\/www.hasert-haut.de\/tr\/wp-json\/wp\/v2\/media?parent=2155"}],"curies":[{"name":"wp","href":"https:\/\/api.w.org\/{rel}","templated":true}]}}