{"id":2167,"date":"2018-05-23T12:23:46","date_gmt":"2018-05-23T12:23:46","guid":{"rendered":"https:\/\/www.hasert-haut.de\/datenschutzerklaerung\/"},"modified":"2023-09-20T15:05:06","modified_gmt":"2023-09-20T15:05:06","slug":"veri-korumasi","status":"publish","type":"page","link":"https:\/\/www.hasert-haut.de\/tr\/veri-korumasi\/","title":{"rendered":"Veri korumas\u0131"},"content":{"rendered":"\n<style type=\"text\/css\" data-created_by=\"avia_inline_auto\" id=\"style-css-av-2diie8-6030381ae2bfb6da475e148e68e3e07d\">\n#top .av-special-heading.av-2diie8-6030381ae2bfb6da475e148e68e3e07d{\npadding-bottom:10px;\n}\nbody .av-special-heading.av-2diie8-6030381ae2bfb6da475e148e68e3e07d .av-special-heading-tag .heading-char{\nfont-size:25px;\n}\n.av-special-heading.av-2diie8-6030381ae2bfb6da475e148e68e3e07d .av-subheading{\nfont-size:15px;\n}\n<\/style>\n<div  class='av-special-heading av-2diie8-6030381ae2bfb6da475e148e68e3e07d av-special-heading-h1 blockquote modern-quote  avia-builder-el-0  el_before_av_hr  avia-builder-el-first '><h1 class='av-special-heading-tag'  itemprop=\"headline\"  >Veri korumas\u0131<\/h1><div class=\"special-heading-border\"><div class=\"special-heading-inner-border\"><\/div><\/div><\/div>\n\n<style type=\"text\/css\" data-created_by=\"avia_inline_auto\" id=\"style-css-av-ji05z4s8-d3aa96f60bd20e804fc3a2ea6eb8fb4d\">\n#top .hr.hr-invisible.av-ji05z4s8-d3aa96f60bd20e804fc3a2ea6eb8fb4d{\nheight:50px;\n}\n<\/style>\n<div  class='hr av-ji05z4s8-d3aa96f60bd20e804fc3a2ea6eb8fb4d hr-invisible  avia-builder-el-1  el_after_av_heading  el_before_av_textblock '><span class='hr-inner '><span class=\"hr-inner-style\"><\/span><\/span><\/div>\n<section  class='av_textblock_section av-ji060f6c-e893da83b2184ec229f5cc8fbc749b2a '   itemscope=\"itemscope\" itemtype=\"https:\/\/schema.org\/CreativeWork\" ><div class='avia_textblock'  itemprop=\"text\" ><p>Veri koruma yasalar\u0131, \u00f6zellikle AB Genel Veri Koruma Y\u00f6netmeli\u011fi (GDPR) anlam\u0131nda sorumlu kurum:<\/p>\n<p>Uygulama ad\u0131: Praxisklinik Dr. Hasert<br \/>\nUygulama y\u00f6neticisinin ad\u0131: Dr. Raoul Hasert<br \/>\nAdres muayenehanesi: Friedrichstra\u00dfe 113a, 10117 Berlin<br \/>\nTelefon: 030\/2817230<br \/>\nE-posta: info@hasert-haut.de<\/p>\n<\/div><\/section>\n\n<style type=\"text\/css\" data-created_by=\"avia_inline_auto\" id=\"style-css-av-ji060rlk-980033f7c2118c7fbaa982c7d6548ffd\">\n#top .av-special-heading.av-ji060rlk-980033f7c2118c7fbaa982c7d6548ffd{\npadding-bottom:10px;\n}\nbody .av-special-heading.av-ji060rlk-980033f7c2118c7fbaa982c7d6548ffd .av-special-heading-tag .heading-char{\nfont-size:25px;\n}\n.av-special-heading.av-ji060rlk-980033f7c2118c7fbaa982c7d6548ffd .av-subheading{\nfont-size:15px;\n}\n<\/style>\n<div  class='av-special-heading av-ji060rlk-980033f7c2118c7fbaa982c7d6548ffd av-special-heading-h3 blockquote modern-quote  avia-builder-el-3  el_after_av_textblock  el_before_av_textblock '><h3 class='av-special-heading-tag'  itemprop=\"headline\"  >Veri Koruma G\u00f6revlisi<\/h3><div class=\"special-heading-border\"><div class=\"special-heading-inner-border\"><\/div><\/div><\/div>\n<section  class='av_textblock_section av-ji060f6c-4-00385d144fbf15f7075ab89dec6b0e57 '   itemscope=\"itemscope\" itemtype=\"https:\/\/schema.org\/CreativeWork\" ><div class='avia_textblock'  itemprop=\"text\" ><p>\u0130sim: Sonja Schaal<br \/>\nTelefon (i\u015f): 030\/2817230<br \/>\nE-posta (i\u015f): info@hasert-haut.de<\/p>\n<\/div><\/section>\n<section  class='av_textblock_section av-ji060f6c-2-f28fc31b8182f3b9fc0fbd6c758a7358 '   itemscope=\"itemscope\" itemtype=\"https:\/\/schema.org\/CreativeWork\" ><div class='avia_textblock'  itemprop=\"text\" ><p>GDPR&#8217;ye g\u00f6re, uygulamam\u0131z\u0131n verileri toplama, depolama veya iletme amac\u0131 hakk\u0131nda sizi bilgilendirmekle y\u00fck\u00fcml\u00fcy\u00fcz.<\/p>\n<p><strong>Ama\u00e7lar<\/strong>: te\u015fhis, tedavi\/terapi, faturaland\u0131rma, ara\u015ft\u0131rmalar, raporlar<\/p>\n<p><strong>Yasal dayanak<\/strong>: Tedavi s\u00f6zle\u015fmesi, doktorlar i\u00e7in model profesyonel kod, Sosyal Kanun Kitab\u0131 V, GDPR Madde 6, GDPR Madde 9,<\/p>\n<p><strong>Al\u0131c\u0131 kategorileri<\/strong>: kat\u0131lan doktorlar, muayenehane personeli, muhasebe, sa\u011fl\u0131k sigortas\u0131, emeklilik sigortas\u0131, sa\u011fl\u0131k yetkilileri, tedarik yetkilileri, meslek birlikleri, yasal sa\u011fl\u0131k sigortas\u0131 doktorlar\u0131 birlikleri, \u00f6zel faturaland\u0131rma (PVS) i\u00e7in hizmet sa\u011flay\u0131c\u0131lar, i\u015fbirli\u011fi ortaklar\u0131, klinik kimya laboratuvarlar\u0131 (\u0130\u015f\u00e7i 28), histoloji, sitoloji (Buntrock)<\/p>\n<p><strong>Planlanan silme s\u00fcreleri<\/strong>: yasal gerekliliklere g\u00f6re, en ge\u00e7 30. y\u0131l\u0131n sonundan sonra<\/p>\n<p><strong>\u00dc\u00e7\u00fcnc\u00fc \u00fclkelere veya uluslararas\u0131 kurulu\u015flara aktar\u0131m<\/strong>: sadece hastan\u0131n yaz\u0131l\u0131 onay\u0131 ile \u00f6\u011frenci ara\u015ft\u0131rma projeleri i\u00e7in.<\/p>\n<\/div><\/section>\n\n<style type=\"text\/css\" data-created_by=\"avia_inline_auto\" id=\"style-css-av-ji060rlk-3-7c323085d108f418c10b861c9e0a3778\">\n#top .av-special-heading.av-ji060rlk-3-7c323085d108f418c10b861c9e0a3778{\npadding-bottom:10px;\n}\nbody .av-special-heading.av-ji060rlk-3-7c323085d108f418c10b861c9e0a3778 .av-special-heading-tag .heading-char{\nfont-size:25px;\n}\n.av-special-heading.av-ji060rlk-3-7c323085d108f418c10b861c9e0a3778 .av-subheading{\nfont-size:15px;\n}\n<\/style>\n<div  class='av-special-heading av-ji060rlk-3-7c323085d108f418c10b861c9e0a3778 av-special-heading-h2 blockquote modern-quote  avia-builder-el-6  el_after_av_textblock  el_before_av_textblock '><h2 class='av-special-heading-tag'  itemprop=\"headline\"  >Veri sahibi haklar\u0131n\u0131z<\/h2><div class=\"special-heading-border\"><div class=\"special-heading-inner-border\"><\/div><\/div><\/div>\n<section  class='av_textblock_section av-ji060f6c-1-35f50a50eb0b30682517b1eb7e1847c1 '   itemscope=\"itemscope\" itemtype=\"https:\/\/schema.org\/CreativeWork\" ><div class='avia_textblock'  itemprop=\"text\" ><p>Veri koruma g\u00f6revlimiz i\u00e7in sa\u011flanan ileti\u015fim bilgilerini kullanarak istedi\u011finiz zaman a\u015fa\u011f\u0131daki haklar\u0131 kullanabilirsiniz:<\/p>\n<ul>\n<li>Taraf\u0131m\u0131zdan saklanan verileriniz ve i\u015flenmesine ili\u015fkin bilgiler,<\/li>\n<li>yanl\u0131\u015f ki\u015fisel verilerin d\u00fczeltilmesi,<\/li>\n<li>Bizde saklanan verilerinizin silinmesi,<\/li>\n<li>Yasal zorunluluklar nedeniyle hen\u00fcz verilerinizi silmemize izin verilmemi\u015fse, veri i\u015flemenin k\u0131s\u0131tlanmas\u0131,<\/li>\n<li>Verilerinizin taraf\u0131m\u0131zca i\u015flenmesine itiraz ve<\/li>\n<li>Veri i\u015flemeyi kabul ettiyseniz veya bizimle bir s\u00f6zle\u015fme imzalad\u0131ysan\u0131z, veri aktar\u0131labilirli\u011fi.<\/li>\n<\/ul>\n<p>Bize onay verdiyseniz, bunu gelecekte ge\u00e7erli olacak \u015fekilde istedi\u011finiz zaman iptal edebilirsiniz. Sizden sorumlu denetim makam\u0131na her zaman \u015fikayette bulunabilirsiniz. Sorumlu denetim makam\u0131n\u0131z, ikamet etti\u011finiz duruma, \u00e7al\u0131\u015fman\u0131za veya iddia edilen ihlale ba\u011fl\u0131d\u0131r. Denetleme makamlar\u0131n\u0131n bir listesini (kamuya a\u00e7\u0131k olmayan alan i\u00e7in) adresleriyle birlikte \u015fu adreste bulabilirsiniz:<a href=\"\" target=\"\" rel=\"noopener\">https:\/\/www.bfdi.bund.de\/DE\/Infothek\/Anschriften_Links\/anschriften_links-node.html<\/a>.<\/p>\n<p>Ki\u015fisel verilerinizin korunmas\u0131 bizim i\u00e7in \u00f6nemlidir. Veri i\u015fleme, sizinle uygulamam\u0131z aras\u0131ndaki tedavi s\u00f6zle\u015fmesini ve ilgili y\u00fck\u00fcml\u00fcl\u00fckleri yerine getirmek i\u00e7in yasal gereklilikler temelinde ger\u00e7ekle\u015fir. Bu ama\u00e7la ki\u015fisel verilerinizi, \u00f6zellikle sa\u011fl\u0131k verilerinizi i\u015fleriz. Buna, bizim veya di\u011fer doktorlar\u0131n toplad\u0131\u011f\u0131 anamnez, te\u015fhisler, terapi \u00f6nerileri ve bulgular\u0131 dahildir. Bu ama\u00e7lar i\u00e7in, sizi tedavi eden di\u011fer doktorlar da bize veriler sa\u011flayabilir (\u00f6rne\u011fin doktor mektubu). Ki\u015fisel verilerinizi yaln\u0131zca yasalar\u0131n gerektirmesi veya onay vermeniz durumunda \u00fc\u00e7\u00fcnc\u00fc taraflara aktar\u0131r\u0131z. Sa\u011fl\u0131k verilerinin toplanmas\u0131, tedaviniz i\u00e7in bir \u00f6n ko\u015fuldur. Gerekli bilgiler sa\u011flanmazsa dikkatli tedavi yap\u0131lamaz. Uygulamada mevcut olan ki\u015fisel verileriniz hakk\u0131nda bilgi alma hakk\u0131na sahipsiniz. Ayr\u0131ca yanl\u0131\u015f verilerin d\u00fczeltilmesini de talep edebilirsiniz. Ayr\u0131ca, belirli ko\u015fullar alt\u0131nda, verileri silme, veri i\u015flemeyi k\u0131s\u0131tlama ve nesnel verilerinizin veri ta\u015f\u0131nabilirli\u011fi hakk\u0131na sahipsiniz. Verilen izin beyan\u0131n\u0131, ileride i\u015flemek \u00fczere herhangi bir zamanda yaz\u0131l\u0131 olarak iptal edebilirsiniz. Ayr\u0131ca, ki\u015fisel verilerinizin i\u015flenmesinin yasal olarak ger\u00e7ekle\u015ftirilmedi\u011fine inan\u0131yorsan\u0131z, bir veri koruma denetim makam\u0131na \u015fikayette bulunma hakk\u0131n\u0131z da bulunmaktad\u0131r.<\/p>\n<\/div><\/section>\n<section  class='av_textblock_section av-jhj2xew7-e15b9320ad659168d168918db068276e '   itemscope=\"itemscope\" itemtype=\"https:\/\/schema.org\/CreativeWork\" ><div class='avia_textblock'  itemprop=\"text\" ><h2>Sorumlu kurum ve \u00fc\u00e7\u00fcnc\u00fc \u015fah\u0131slar taraf\u0131ndan veri i\u015flemenin ama\u00e7lar\u0131<\/h2>\n<p>Ki\u015fisel verilerinizi yaln\u0131zca bu veri koruma beyan\u0131nda belirtilen ama\u00e7lar i\u00e7in i\u015fleriz. Ki\u015fisel verileriniz belirtilen ama\u00e7lar d\u0131\u015f\u0131nda \u00fc\u00e7\u00fcnc\u00fc \u015fah\u0131slara aktar\u0131lmayacakt\u0131r. Ki\u015fisel verilerinizi yaln\u0131zca a\u015fa\u011f\u0131daki durumlarda \u00fc\u00e7\u00fcnc\u00fc taraflara aktar\u0131yoruz:  <\/p>\n<ul>\n<li>a\u00e7\u0131k r\u0131zan\u0131z\u0131 verdiniz,<\/li>\n<li>sizinle bir s\u00f6zle\u015fmenin y\u00fcr\u00fct\u00fclmesi i\u00e7in i\u015flemenin gerekli olmas\u0131,<\/li>\n<li>yasal bir y\u00fck\u00fcml\u00fcl\u00fc\u011f\u00fcn yerine getirilmesi i\u00e7in i\u015flemenin gerekli olmas\u0131,<\/li>\n<\/ul>\n<p>i\u015flemenin me\u015fru menfaatleri korumak i\u00e7in gerekli olmas\u0131 ve verilerinizi if\u015fa etmeme konusunda \u00fcst\u00fcn bir me\u015fru menfaatinizin oldu\u011funu varsaymak i\u00e7in hi\u00e7bir neden yoktur.<\/p>\n<h2>Verilerin silinmesi veya engellenmesi<\/h2>\n<p>Veriden ka\u00e7\u0131nma ve veri ekonomisi ilkelerine ba\u011fl\u0131y\u0131z. Bu nedenle, ki\u015fisel verilerinizi yaln\u0131zca burada belirtilen ama\u00e7lara ula\u015fmak i\u00e7in gerekli oldu\u011fu s\u00fcrece veya yasama organ\u0131 taraf\u0131ndan sa\u011flanan \u00e7e\u015fitli saklama s\u00fcreleri taraf\u0131ndan \u00f6ng\u00f6r\u00fcld\u00fc\u011f\u00fc s\u00fcrece saklar\u0131z. \u0130lgili ama\u00e7 ortadan kalkt\u0131ktan veya bu s\u00fcreler sona erdikten sonra, ilgili veriler rutin olarak ve yasal h\u00fck\u00fcmlere uygun olarak bloke edilir veya silinir.  <\/p>\n<h2>Web sitemizi ziyaret ederken genel bilgilerin toplanmas\u0131<\/h2>\n<p>Web sitemize eri\u015fti\u011finizde, genel nitelikteki bilgiler bir \u00e7erez arac\u0131l\u0131\u011f\u0131yla otomatik olarak toplan\u0131r. Bu bilgiler (sunucu g\u00fcnl\u00fck dosyalar\u0131) web taray\u0131c\u0131s\u0131n\u0131n t\u00fcr\u00fcn\u00fc, kullan\u0131lan i\u015fletim sistemini, internet servis sa\u011flay\u0131c\u0131n\u0131z\u0131n alan ad\u0131n\u0131 ve benzerlerini i\u00e7erir. Bu, yaln\u0131zca ki\u015finiz hakk\u0131nda herhangi bir sonuca var\u0131lmas\u0131na izin vermeyen bilgilerdir. Bu bilgiler, web sitelerinden talep etti\u011finiz i\u00e7eri\u011fin do\u011fru bir \u015fekilde iletilmesi i\u00e7in teknik olarak gereklidir ve \u0130nternet&#8217;i kullan\u0131rken zorunludur. \u00d6zellikle, a\u015fa\u011f\u0131daki ama\u00e7lar i\u00e7in i\u015flenirler:  <\/p>\n<ul>\n<li>Web sitesine sorunsuz ba\u011flant\u0131 sa\u011flanmas\u0131,<\/li>\n<li>web sitemizin sorunsuz kullan\u0131m\u0131n\u0131 sa\u011flamak,<\/li>\n<li>Sistem g\u00fcvenli\u011fi ve kararl\u0131l\u0131\u011f\u0131n\u0131n da de\u011ferlendirilmesi<\/li>\n<li>di\u011fer idari ama\u00e7lar i\u00e7in.<\/li>\n<\/ul>\n<p>Ki\u015fisel verilerinizin i\u015flenmesi, yukar\u0131da belirtilen veri toplama ama\u00e7lar\u0131na y\u00f6nelik me\u015fru menfaatimize dayanmaktad\u0131r. Verilerinizi, ki\u015finiz hakk\u0131nda sonu\u00e7lar \u00e7\u0131karmak i\u00e7in kullanmay\u0131z. Verilerin al\u0131c\u0131lar\u0131 yaln\u0131zca sorumlu kurulu\u015f ve gerekirse i\u015fleyicidir. Bu t\u00fcr anonim bilgiler, web sitemizi ve arkas\u0131ndaki teknolojiyi optimize etmek i\u00e7in taraf\u0131m\u0131zca istatistiksel olarak de\u011ferlendirilebilir.  <\/p>\n<h2>kurabiye<\/h2>\n<p>Di\u011fer bir\u00e7ok web sitesi gibi biz de &#8220;\u00e7erezler&#8221; kullan\u0131yoruz. \u00c7erezler, bir web sitesi sunucusu taraf\u0131ndan sabit s\u00fcr\u00fcc\u00fcn\u00fcze aktar\u0131lan k\u00fc\u00e7\u00fck metin dosyalar\u0131d\u0131r. Sonu\u00e7 olarak, belirli verileri otomatik olarak al\u0131r\u0131z, \u00f6rn. B. IP adresi, kullan\u0131lan taray\u0131c\u0131, i\u015fletim sistemi ve \u0130nternet ba\u011flant\u0131n\u0131z. \u00c7erezler, programlar\u0131 ba\u015flatmak veya bir bilgisayara vir\u00fcs bula\u015ft\u0131rmak i\u00e7in kullan\u0131lamaz. \u00c7erezlerde yer alan bilgilere dayanarak sizin i\u00e7in gezinmeyi kolayla\u015ft\u0131rabilir ve web sitelerimizin do\u011fru bir \u015fekilde g\u00f6r\u00fcnt\u00fclenmesini sa\u011flayabiliriz. Toplad\u0131\u011f\u0131m\u0131z veriler hi\u00e7bir ko\u015fulda sizin izniniz olmadan \u00fc\u00e7\u00fcnc\u00fc taraflara aktar\u0131lmayacak veya ki\u015fisel verilerle ili\u015fkilendirilmeyecektir. Elbette web sitemizi \u00e7erezler olmadan da g\u00f6r\u00fcnt\u00fcleyebilirsiniz. \u0130nternet taray\u0131c\u0131lar\u0131 d\u00fczenli olarak \u00e7erezleri kabul edecek \u015fekilde ayarlanm\u0131\u015ft\u0131r. Genel olarak, taray\u0131c\u0131 ayarlar\u0131n\u0131z\u0131 kullanarak \u00e7erez kullan\u0131m\u0131n\u0131 istedi\u011finiz zaman devre d\u0131\u015f\u0131 b\u0131rakabilirsiniz. Bu ayarlar\u0131 nas\u0131l de\u011fi\u015ftirebilece\u011finizi \u00f6\u011frenmek i\u00e7in l\u00fctfen internet taray\u0131c\u0131n\u0131z\u0131n yard\u0131m fonksiyonlar\u0131n\u0131 kullan\u0131n. \u00c7erez kullan\u0131m\u0131n\u0131 devre d\u0131\u015f\u0131 b\u0131rakt\u0131ysan\u0131z, web sitemizin bireysel i\u015flevlerinin \u00e7al\u0131\u015fmayabilece\u011fini l\u00fctfen unutmay\u0131n.  <\/p>\n<h2>SSL \u015fifrelemesi<\/h2>\n<p>Aktar\u0131m s\u0131ras\u0131nda verilerinizin g\u00fcvenli\u011fini korumak i\u00e7in HTTPS \u00fczerinden en son teknoloji \u015fifreleme y\u00f6ntemlerini (\u00f6rn. SSL) kullan\u0131yoruz.<\/p>\n<h2>\u0130leti\u015fim Formu<\/h2>\n<p>Herhangi bir sorunuz i\u00e7in e-posta veya ileti\u015fim formu arac\u0131l\u0131\u011f\u0131yla bizimle ileti\u015fime ge\u00e7erseniz, ileti\u015fim kurmak i\u00e7in bize g\u00f6n\u00fcll\u00fc onay\u0131n\u0131z\u0131 verin. Bu, ge\u00e7erli bir e-posta adresinin belirtilmesini gerektirir. Bu, iste\u011fi tahsis etmek ve ard\u0131ndan yan\u0131tlamak i\u00e7in kullan\u0131l\u0131r. Daha fazla veri sa\u011flamak iste\u011fe ba\u011fl\u0131d\u0131r. Sa\u011flad\u0131\u011f\u0131n\u0131z bilgiler, talebin i\u015flenmesi ve olas\u0131 takip sorular\u0131 i\u00e7in saklanacakt\u0131r. Yapt\u0131\u011f\u0131n\u0131z talebin yerine getirilmesinin ard\u0131ndan ki\u015fisel veriler otomatik olarak silinecektir.     <\/p>\n<h2>Komut dosyas\u0131 kitapl\u0131klar\u0131n\u0131n kullan\u0131m\u0131 (Google Webfonts)<\/h2>\n<p>\u0130\u00e7eri\u011fimizi taray\u0131c\u0131larda do\u011fru ve grafiksel olarak \u00e7ekici g\u00f6stermek i\u00e7in komut dosyas\u0131 kitapl\u0131klar\u0131 ve a\u015fa\u011f\u0131dakiler gibi yaz\u0131 tipi kitapl\u0131klar\u0131 kullan\u0131yoruz: B. Google Web Yaz\u0131 Tipleri (<a href=\"http:\/\/www.google.com\/webfonts\/\" target=\"_blank\" rel=\"noopener\" class=\"broken_link\">https:\/\/www.google.com\/webfonts\/<\/a>). Google web yaz\u0131 tipleri, birden fazla y\u00fcklemeyi \u00f6nlemek i\u00e7in taray\u0131c\u0131n\u0131z\u0131n \u00f6nbelle\u011fine aktar\u0131l\u0131r. Taray\u0131c\u0131 Google Webfonts&#8217;u desteklemiyorsa veya eri\u015fimi engelliyorsa, i\u00e7erik standart bir yaz\u0131 tipinde g\u00f6r\u00fcnt\u00fclenecektir. Komut dosyas\u0131 kitapl\u0131klar\u0131n\u0131 veya yaz\u0131 tipi kitapl\u0131klar\u0131n\u0131 \u00e7a\u011f\u0131rmak, kitapl\u0131\u011f\u0131n operat\u00f6r\u00fcyle otomatik olarak bir ba\u011flant\u0131y\u0131 tetikler. Bu t\u00fcr k\u00fct\u00fcphanelerin operat\u00f6rlerinin veri toplamas\u0131 teorik olarak m\u00fcmk\u00fcnd\u00fcr &#8211; \u015fu anda belirsiz olmas\u0131na ra\u011fmen, e\u011fer \u00f6yleyse, hangi ama\u00e7larla -. K\u00fct\u00fcphane operat\u00f6r\u00fc Google&#8217;\u0131n gizlilik politikas\u0131 burada bulunabilir: <a href=\"\" target=\"\" rel=\"noopener\">https:\/\/www.google.com\/policies\/privacy\/<\/a> <\/p>\n<h2>Google Haritalar&#8217;\u0131n Kullan\u0131m\u0131<\/h2>\n<p>Bu web sitesi, co\u011frafi bilgileri g\u00f6rsel olarak g\u00f6r\u00fcnt\u00fclemek i\u00e7in Google Haritalar API&#8217;sini kullan\u0131r. Google Haritalar&#8217;\u0131 kullan\u0131rken, Google ayr\u0131ca harita i\u015flevlerinin ziyaret\u00e7iler taraf\u0131ndan kullan\u0131m\u0131yla ilgili verileri toplar, i\u015fler ve kullan\u0131r. Google taraf\u0131ndan veri i\u015fleme hakk\u0131nda daha fazla bilgiyi <a href=\"\" target=\"\" rel=\"noopener\">Google veri koruma<\/a> bilgilerinde bulabilirsiniz.   Orada, ki\u015fisel veri koruma ayarlar\u0131n\u0131z\u0131 veri koruma merkezinde de de\u011fi\u015ftirebilirsiniz. Google \u00fcr\u00fcnleriyle ba\u011flant\u0131l\u0131 olarak kendi verilerinizi y\u00f6netmek i\u00e7in ayr\u0131nt\u0131l\u0131 talimatlar burada <a href=\"\" target=\"\" rel=\"noopener\">bulunabilir<\/a>.<\/p>\n<h2><strong>Gizlilik politikam\u0131zda de\u011fi\u015fiklik<\/strong><\/h2>\n<p>Bu veri koruma beyan\u0131n\u0131 her zaman mevcut yasal gerekliliklere uygun olacak \u015fekilde uyarlama veya \u00f6rne\u011fin yeni hizmetler sunarken veri koruma beyan\u0131nda hizmetlerimizde de\u011fi\u015fiklik yapma hakk\u0131m\u0131z\u0131 sakl\u0131 tutar\u0131z. Yeni veri koruma beyan\u0131 bir sonraki ziyaretiniz i\u00e7in ge\u00e7erli olacakt\u0131r. <\/p>\n<h2><strong>Veri koruma g\u00f6revlisine sorular<\/strong><\/h2>\n<p>Veri korumas\u0131yla ilgili herhangi bir sorunuz varsa, l\u00fctfen bize bir e-posta g\u00f6nderin veya kurulu\u015fumuzdaki veri korumas\u0131ndan sorumlu ki\u015fiyle do\u011frudan ileti\u015fime ge\u00e7in: Dr. Raoul Hasert.<\/p>\n<\/div><\/section>\n","protected":false},"excerpt":{"rendered":"<p>Dermatolog Dr. Raoul Hasert&#8217;in Berlin-Mitte&#8217;de Friedrichstra\u00dfe&#8217;deki muayenehanesinin gizlilik politikas\u0131.<\/p>\n","protected":false},"author":1,"featured_media":0,"parent":0,"menu_order":0,"comment_status":"closed","ping_status":"closed","template":"","meta":{"footnotes":""},"class_list":["post-2167","page","type-page","status-publish","hentry"],"yoast_head":"<!-- This site is optimized with the Yoast SEO plugin v25.3.1 - https:\/\/yoast.com\/wordpress\/plugins\/seo\/ -->\n<title>Gizlilik Politikas\u0131 | Dermatolog Dr. Raoul Hasert Berlin<\/title>\n<meta name=\"description\" content=\"Dermatolog Dr. Raoul Hasert&#039;in Berlin-Mitte&#039;de Friedrichstra\u00dfe&#039;deki muayenehanesinin gizlilik politikas\u0131.\" \/>\n<meta name=\"robots\" content=\"index, follow, max-snippet:-1, max-image-preview:large, max-video-preview:-1\" \/>\n<link rel=\"canonical\" href=\"https:\/\/www.hasert-haut.de\/tr\/veri-korumasi\/\" \/>\n<meta property=\"og:locale\" content=\"tr_TR\" \/>\n<meta property=\"og:type\" content=\"article\" \/>\n<meta property=\"og:title\" content=\"Gizlilik Politikas\u0131 | Dermatolog Dr. Raoul Hasert Berlin\" \/>\n<meta property=\"og:description\" content=\"Dermatolog Dr. Raoul Hasert&#039;in Berlin-Mitte&#039;de Friedrichstra\u00dfe&#039;deki muayenehanesinin gizlilik politikas\u0131.\" \/>\n<meta property=\"og:url\" content=\"https:\/\/www.hasert-haut.de\/tr\/veri-korumasi\/\" \/>\n<meta property=\"og:site_name\" content=\"Hautarzt Berlin - Praxisklinik Dr. Hasert\" \/>\n<meta property=\"article:modified_time\" content=\"2023-09-20T15:05:06+00:00\" \/>\n<meta name=\"twitter:label1\" content=\"Tahmini okuma s\u00fcresi\" \/>\n\t<meta name=\"twitter:data1\" content=\"10 dakika\" \/>\n<script type=\"application\/ld+json\" class=\"yoast-schema-graph\">{\"@context\":\"https:\/\/schema.org\",\"@graph\":[{\"@type\":\"WebPage\",\"@id\":\"https:\/\/www.hasert-haut.de\/tr\/veri-korumasi\/\",\"url\":\"https:\/\/www.hasert-haut.de\/tr\/veri-korumasi\/\",\"name\":\"Gizlilik Politikas\u0131 | Dermatolog Dr. Raoul Hasert Berlin\",\"isPartOf\":{\"@id\":\"https:\/\/www.hasert-haut.de\/tr\/#website\"},\"datePublished\":\"2018-05-23T12:23:46+00:00\",\"dateModified\":\"2023-09-20T15:05:06+00:00\",\"description\":\"Dermatolog Dr. Raoul Hasert'in Berlin-Mitte'de Friedrichstra\u00dfe'deki muayenehanesinin gizlilik politikas\u0131.\",\"breadcrumb\":{\"@id\":\"https:\/\/www.hasert-haut.de\/tr\/veri-korumasi\/#breadcrumb\"},\"inLanguage\":\"tr\",\"potentialAction\":[{\"@type\":\"ReadAction\",\"target\":[\"https:\/\/www.hasert-haut.de\/tr\/veri-korumasi\/\"]}]},{\"@type\":\"BreadcrumbList\",\"@id\":\"https:\/\/www.hasert-haut.de\/tr\/veri-korumasi\/#breadcrumb\",\"itemListElement\":[{\"@type\":\"ListItem\",\"position\":1,\"name\":\"Home\",\"item\":\"https:\/\/www.hasert-haut.de\/tr\/hosgeldiniz\/\"},{\"@type\":\"ListItem\",\"position\":2,\"name\":\"Veri korumas\u0131\"}]},{\"@type\":\"WebSite\",\"@id\":\"https:\/\/www.hasert-haut.de\/tr\/#website\",\"url\":\"https:\/\/www.hasert-haut.de\/tr\/\",\"name\":\"Hautarzt Berlin - Praxisklinik Dr. Hasert\",\"description\":\"Hautarzt, Allgemeinmedizin\",\"potentialAction\":[{\"@type\":\"SearchAction\",\"target\":{\"@type\":\"EntryPoint\",\"urlTemplate\":\"https:\/\/www.hasert-haut.de\/tr\/?s={search_term_string}\"},\"query-input\":{\"@type\":\"PropertyValueSpecification\",\"valueRequired\":true,\"valueName\":\"search_term_string\"}}],\"inLanguage\":\"tr\"}]}<\/script>\n<!-- \/ Yoast SEO plugin. -->","yoast_head_json":{"title":"Gizlilik Politikas\u0131 | Dermatolog Dr. Raoul Hasert Berlin","description":"Dermatolog Dr. Raoul Hasert'in Berlin-Mitte'de Friedrichstra\u00dfe'deki muayenehanesinin gizlilik politikas\u0131.","robots":{"index":"index","follow":"follow","max-snippet":"max-snippet:-1","max-image-preview":"max-image-preview:large","max-video-preview":"max-video-preview:-1"},"canonical":"https:\/\/www.hasert-haut.de\/tr\/veri-korumasi\/","og_locale":"tr_TR","og_type":"article","og_title":"Gizlilik Politikas\u0131 | Dermatolog Dr. Raoul Hasert Berlin","og_description":"Dermatolog Dr. Raoul Hasert'in Berlin-Mitte'de Friedrichstra\u00dfe'deki muayenehanesinin gizlilik politikas\u0131.","og_url":"https:\/\/www.hasert-haut.de\/tr\/veri-korumasi\/","og_site_name":"Hautarzt Berlin - Praxisklinik Dr. Hasert","article_modified_time":"2023-09-20T15:05:06+00:00","twitter_misc":{"Tahmini okuma s\u00fcresi":"10 dakika"},"schema":{"@context":"https:\/\/schema.org","@graph":[{"@type":"WebPage","@id":"https:\/\/www.hasert-haut.de\/tr\/veri-korumasi\/","url":"https:\/\/www.hasert-haut.de\/tr\/veri-korumasi\/","name":"Gizlilik Politikas\u0131 | Dermatolog Dr. Raoul Hasert Berlin","isPartOf":{"@id":"https:\/\/www.hasert-haut.de\/tr\/#website"},"datePublished":"2018-05-23T12:23:46+00:00","dateModified":"2023-09-20T15:05:06+00:00","description":"Dermatolog Dr. Raoul Hasert'in Berlin-Mitte'de Friedrichstra\u00dfe'deki muayenehanesinin gizlilik politikas\u0131.","breadcrumb":{"@id":"https:\/\/www.hasert-haut.de\/tr\/veri-korumasi\/#breadcrumb"},"inLanguage":"tr","potentialAction":[{"@type":"ReadAction","target":["https:\/\/www.hasert-haut.de\/tr\/veri-korumasi\/"]}]},{"@type":"BreadcrumbList","@id":"https:\/\/www.hasert-haut.de\/tr\/veri-korumasi\/#breadcrumb","itemListElement":[{"@type":"ListItem","position":1,"name":"Home","item":"https:\/\/www.hasert-haut.de\/tr\/hosgeldiniz\/"},{"@type":"ListItem","position":2,"name":"Veri korumas\u0131"}]},{"@type":"WebSite","@id":"https:\/\/www.hasert-haut.de\/tr\/#website","url":"https:\/\/www.hasert-haut.de\/tr\/","name":"Hautarzt Berlin - Praxisklinik Dr. Hasert","description":"Hautarzt, Allgemeinmedizin","potentialAction":[{"@type":"SearchAction","target":{"@type":"EntryPoint","urlTemplate":"https:\/\/www.hasert-haut.de\/tr\/?s={search_term_string}"},"query-input":{"@type":"PropertyValueSpecification","valueRequired":true,"valueName":"search_term_string"}}],"inLanguage":"tr"}]}},"_links":{"self":[{"href":"https:\/\/www.hasert-haut.de\/tr\/wp-json\/wp\/v2\/pages\/2167","targetHints":{"allow":["GET"]}}],"collection":[{"href":"https:\/\/www.hasert-haut.de\/tr\/wp-json\/wp\/v2\/pages"}],"about":[{"href":"https:\/\/www.hasert-haut.de\/tr\/wp-json\/wp\/v2\/types\/page"}],"author":[{"embeddable":true,"href":"https:\/\/www.hasert-haut.de\/tr\/wp-json\/wp\/v2\/users\/1"}],"replies":[{"embeddable":true,"href":"https:\/\/www.hasert-haut.de\/tr\/wp-json\/wp\/v2\/comments?post=2167"}],"version-history":[{"count":24,"href":"https:\/\/www.hasert-haut.de\/tr\/wp-json\/wp\/v2\/pages\/2167\/revisions"}],"predecessor-version":[{"id":11935,"href":"https:\/\/www.hasert-haut.de\/tr\/wp-json\/wp\/v2\/pages\/2167\/revisions\/11935"}],"wp:attachment":[{"href":"https:\/\/www.hasert-haut.de\/tr\/wp-json\/wp\/v2\/media?parent=2167"}],"curies":[{"name":"wp","href":"https:\/\/api.w.org\/{rel}","templated":true}]}}