{"id":2220,"date":"2015-01-20T15:07:00","date_gmt":"2015-01-20T15:07:00","guid":{"rendered":"https:\/\/www.hasert-haut.de\/impressum\/"},"modified":"2023-06-06T15:11:49","modified_gmt":"2023-06-06T15:11:49","slug":"baski","status":"publish","type":"page","link":"https:\/\/www.hasert-haut.de\/tr\/baski\/","title":{"rendered":"damga"},"content":{"rendered":"\n<style type=\"text\/css\" data-created_by=\"avia_inline_auto\" id=\"style-css-av-3aw2q-89b4b2eac1331bf5c85e863dbea9e282\">\n.avia-section.av-3aw2q-89b4b2eac1331bf5c85e863dbea9e282{\nbackground-repeat:no-repeat;\nbackground-image:url(https:\/\/www.hasert-haut.de\/wp-content\/uploads\/2015\/01\/IMG_33121.jpg);\nbackground-position:50% 100%;\nbackground-attachment:scroll;\n}\n<\/style>\n<div id='av_section_1'  class='avia-section av-3aw2q-89b4b2eac1331bf5c85e863dbea9e282 main_color avia-section-no-padding avia-no-border-styling  avia-builder-el-0  el_before_av_heading  avia-builder-el-first  avia-full-stretch avia-bg-style-scroll av-minimum-height av-minimum-height-custom av-height-custom  container_wrap fullsize'  data-section-bg-repeat='stretch' data-av_minimum_height_px='300'><div class='container av-section-cont-open' style='height:300px'><main  role=\"main\" itemprop=\"mainContentOfPage\"  class='template-page content  av-content-full alpha units'><div class='post-entry post-entry-type-page post-entry-2220'><div class='entry-content-wrapper clearfix'><\/div><\/div><\/main><!-- close content main element --><\/div><\/div><div id='after_section_1'  class='main_color av_default_container_wrap container_wrap fullsize'  ><div class='container av-section-cont-open' ><div class='template-page content  av-content-full alpha units'><div class='post-entry post-entry-type-page post-entry-2220'><div class='entry-content-wrapper clearfix'>\n\n<style type=\"text\/css\" data-created_by=\"avia_inline_auto\" id=\"style-css-av-1bqyq-204bd1b39c39add8a84a4daef994b743\">\n#top .av-special-heading.av-1bqyq-204bd1b39c39add8a84a4daef994b743{\npadding-bottom:10px;\n}\nbody .av-special-heading.av-1bqyq-204bd1b39c39add8a84a4daef994b743 .av-special-heading-tag .heading-char{\nfont-size:25px;\n}\n.av-special-heading.av-1bqyq-204bd1b39c39add8a84a4daef994b743 .av-subheading{\nfont-size:15px;\n}\n<\/style>\n<div  class='av-special-heading av-1bqyq-204bd1b39c39add8a84a4daef994b743 av-special-heading-h1 blockquote modern-quote  avia-builder-el-1  el_after_av_section  el_before_av_textblock  avia-builder-el-first '><h1 class='av-special-heading-tag'  itemprop=\"headline\"  >Bask\u0131<\/h1><div class=\"special-heading-border\"><div class=\"special-heading-inner-border\"><\/div><\/div><\/div>\n<section  class='av_textblock_section av-7oiy-7d2fad841e5e7470efb36900e70568a1 '   itemscope=\"itemscope\" itemtype=\"https:\/\/schema.org\/CreativeWork\" ><div class='avia_textblock'  itemprop=\"text\" ><p>www.hasert-haut.de dermatoloji prati\u011fi Dr. Hastalar i\u00e7in bilgilendirme ama\u00e7l\u0131 Hasert.<\/p>\n<p>www.hasert-haut.de yaln\u0131zca \u00f6zneldir ve uygun yerlerde \u00fc\u00e7\u00fcnc\u00fc \u015fah\u0131slar\u0131n temsillerini tan\u0131mlar. \u00dcr\u00fcnlerin ve \u00fcreticilerin adlar\u0131 yaln\u0131zca bilgi ama\u00e7l\u0131d\u0131r ve \u00fcr\u00fcn veya \u00fcretici reklam\u0131 olarak tasarlanmam\u0131\u015ft\u0131r. \u00dcr\u00fcnler www.hasert-haut.de&#8217;de sat\u0131lmamaktad\u0131r.<\/p>\n<p><strong>Yazar\u0131n adresi:<\/strong><\/p>\n<p>uygulama klini\u011fi Dr. Hasert<br \/>\nFriedrichstra\u00dfe 113A<br \/>\nD-10117 Berlin<br \/>\nAlmanya<\/p>\n<p>MVZ Dr. Hasert GmbH<br \/>\nOranienburger Stra\u00dfe 51<br \/>\nD-10117 Berlin<br \/>\nAlmanya<\/p>\n<p>Telefon: +49 (30) 281 72 30<br \/>\nFaks: +49 (30) 280 80 38<\/p>\n<p>info@hasert-haut.de<br \/>\nwww.hasert-haut.de<\/p>\n<p><strong>Yetkili denetim makamlar\u0131:<\/strong><br \/>\nTabipler Odas\u0131 Berlin<br \/>\nFriedrichstra\u00dfe 16<br \/>\nD-10969 Berlin<br \/>\nhttp:\/\/www.aerztekammer-berlin.de<\/p>\n<p><strong>Yasal Sa\u011fl\u0131k Sigortas\u0131 Hekimleri Derne\u011fi Berlin<\/strong><br \/>\nMasurenallee 6 A<br \/>\n14057 Berlin<br \/>\nhttp:\/\/www.kvberlin.de<\/p>\n<p><strong>mesleki d\u00fczenlemeler<\/strong><br \/>\nBerlin Tabipler Birli\u011fi&#8217;nin mesleki d\u00fczenlemeleri<\/p>\n<p>KDV Numaras\u0131: DE 222416609<\/p>\n<p><strong>T\u0131bbi cihaz g\u00fcvenli\u011fi<\/strong><\/p>\n<p>T\u0131bbi Cihazlar Operat\u00f6r Y\u00f6netmeli\u011fi (MPBetreibV) \u00a76 uyar\u0131nca irtibat ki\u015fimize a\u015fa\u011f\u0131daki e-posta adresi \u00fczerinden ula\u015fabilirsiniz<br \/>\nSorumlu ki\u015fi: Dr Raoul Hasert<br \/>\nMail: <a href=\"mailto:medizinproduktesicherheit@hasert-haut.de\">medizinproduktesicherheit@hasert-haut.de<\/a><\/p>\n<p><strong>Yasal Uyar\u0131<\/strong><br \/>\nT\u00fcm haklar\u0131 Sakl\u0131d\u0131r. Bu \u00e7al\u0131\u015fman\u0131n hi\u00e7bir b\u00f6l\u00fcm\u00fc, a\u00e7\u0131k yaz\u0131l\u0131 izin olmaks\u0131z\u0131n herhangi bir ama\u00e7 i\u00e7in, herhangi bir bi\u00e7imde veya herhangi bir \u015fekilde, elektronik veya mekanik olarak \u00e7o\u011falt\u0131lamaz veya de\u011fi\u015ftirilemez.<\/p>\n<p>www.hasert-haut.de ba\u011flant\u0131s\u0131<br \/>\nGenellikle kotyrba.net&#8217;teki g\u00f6nderilere harici sitelerden ba\u011flant\u0131 verilmesine izin verilir. Yaln\u0131zca makalenin tamam\u0131na ba\u011flant\u0131 verebilirsiniz. Kotyrba.net&#8217;in aktar\u0131m hacmini (\u00e7apraz ba\u011flant\u0131) kullanmak amac\u0131yla bir grafi\u011fe ba\u011flant\u0131 kurulmas\u0131na izin verilmez!   \u00d6zellikle, \u00f6rne\u011fin a\u00e7\u0131k art\u0131rmalar veya benzerleri i\u00e7in grafiklerin ba\u011flanmas\u0131na izin verilmez. Bu sunucudaki grafikler telif hakk\u0131na tabidir.<\/p>\n<p><strong>Sorumluluk Reddi:<\/strong><br \/>\n<strong> 1. \u00c7evrimi\u00e7i teklifin i\u00e7eri\u011fi<\/strong><br \/>\nYazarlar, sa\u011flanan bilgilerin g\u00fcncelli\u011fi, do\u011frulu\u011fu, eksiksizli\u011fi veya kalitesi konusunda hi\u00e7bir sorumluluk kabul etmez. Sa\u011flanan bilgilerin kullan\u0131lmas\u0131 veya kullan\u0131lmamas\u0131ndan veya yanl\u0131\u015f ve eksik bilgilerin kullan\u0131lmas\u0131ndan kaynaklanan maddi veya manevi zararlarla ilgili yazara kar\u015f\u0131 sorumluluk iddialar\u0131, herhangi bir kas\u0131tl\u0131 veya a\u011f\u0131r ihmal kan\u0131tlanmad\u0131\u011f\u0131 s\u00fcrece ilke olarak hari\u00e7 tutulur. yazar hatas\u0131 taraf\u0131nda eylem var. Yazarlar, \u00f6nceden haber vermeksizin sayfalar\u0131n baz\u0131 k\u0131s\u0131mlar\u0131n\u0131 veya teklifin tamam\u0131n\u0131 de\u011fi\u015ftirme, ekleme veya silme veya yay\u0131n\u0131 ge\u00e7ici veya kal\u0131c\u0131 olarak durdurma hakk\u0131n\u0131 a\u00e7\u0131k\u00e7a sakl\u0131 tutar.  <\/p>\n<p><strong>2. Referanslar ve Ba\u011flant\u0131lar<\/strong><br \/>\nYazar\u0131n sorumluluk alan\u0131 d\u0131\u015f\u0131nda kalan harici web sitelerine (&#8220;ba\u011flant\u0131lar&#8221;) do\u011frudan veya dolayl\u0131 at\u0131fta bulunulmas\u0131 durumunda, sorumluluk ancak yazar\u0131n i\u00e7erik hakk\u0131nda bilgi sahibi olmas\u0131 ve teknik olarak m\u00fcmk\u00fcn olmas\u0131 ve yasa d\u0131\u015f\u0131 i\u00e7eri\u011fin kullan\u0131m\u0131n\u0131 \u00f6nlemek i\u00e7in makul. Yazarlar, ba\u011flant\u0131 kuruldu\u011fu s\u0131rada ba\u011flant\u0131l\u0131 sayfalarda herhangi bir yasa d\u0131\u015f\u0131 i\u00e7eri\u011fin fark edilmedi\u011fini a\u00e7\u0131k\u00e7a beyan eder. Yazar\u0131n, ba\u011flant\u0131l\u0131\/ba\u011flant\u0131l\u0131 sayfalar\u0131n mevcut ve gelecekteki tasar\u0131m\u0131, i\u00e7eri\u011fi veya yazarl\u0131\u011f\u0131 \u00fczerinde hi\u00e7bir etkisi yoktur. Bu nedenle, ba\u011flant\u0131 olu\u015fturulduktan sonra de\u011fi\u015ftirilen t\u00fcm ba\u011flant\u0131l\u0131 \/ ba\u011flant\u0131l\u0131 sayfalardaki t\u00fcm i\u00e7erikten a\u00e7\u0131k\u00e7a uzakla\u015f\u0131yoruz. Bu beyan, kendi web sitemizde yer alan t\u00fcm ba\u011flant\u0131lar ve referanslar i\u00e7in ge\u00e7erlidir. Yasad\u0131\u015f\u0131, yanl\u0131\u015f veya eksik i\u00e7erikten ve \u00f6zellikle bu t\u00fcr bilgilerin kullan\u0131lmas\u0131ndan veya kullan\u0131lmamas\u0131ndan kaynaklanan zararlardan yaln\u0131zca ba\u011flant\u0131 yoluyla ilgili yay\u0131na at\u0131fta bulunan ki\u015fi de\u011fil, yaln\u0131zca at\u0131fta bulunulan sayfan\u0131n sa\u011flay\u0131c\u0131s\u0131 sorumludur.<\/p>\n<p><strong>3. Telif hakk\u0131 ve ticari marka kanunu<\/strong><br \/>\nYazarlar, t\u00fcm yay\u0131nlarda kullan\u0131lan grafiklerin, video dizilerinin ve metinlerin telif haklar\u0131n\u0131 g\u00f6zetmeye, grafikleri, video dizilerini ve kendi olu\u015fturduklar\u0131 metinleri kullanmaya veya lisanss\u0131z grafik, video dizileri ve metinleri kullanmaya \u00f6zen g\u00f6sterirler. Web sitesinde ad\u0131 ge\u00e7en ve muhtemelen \u00fc\u00e7\u00fcnc\u00fc \u015fah\u0131slar taraf\u0131ndan korunan t\u00fcm markalar ve ticari markalar, ilgili ticari marka kanununun h\u00fck\u00fcmlerine ve ilgili tescilli sahibinin m\u00fclkiyet haklar\u0131na k\u0131s\u0131tlama olmaks\u0131z\u0131n tabidir. Ticari markalar\u0131n \u00fc\u00e7\u00fcnc\u00fc \u015fah\u0131slar\u0131n haklar\u0131yla korunmad\u0131\u011f\u0131 sonucu, yaln\u0131zca s\u00f6ze dayal\u0131 olarak \u00e7\u0131kar\u0131lmamal\u0131d\u0131r! Yazarlar\u0131n kendileri taraf\u0131ndan olu\u015fturulan yay\u0131nlanm\u0131\u015f nesnelerin telif hakk\u0131 yaln\u0131zca yazarlara aittir. Bu t\u00fcr grafiklerin, video dizilerinin ve metinlerin di\u011fer elektronik veya bas\u0131l\u0131 yay\u0131nlarda \u00e7o\u011falt\u0131lmas\u0131 veya kullan\u0131lmas\u0131, yazar\u0131n a\u00e7\u0131k izni olmadan izin verilmez.    <\/p>\n<p><strong>4. Gizlilik<\/strong><br \/>\nKi\u015fisel veya i\u015f verilerinin (e-posta adresleri, ad, adresler) girilmesine imkan verilirse, bu verilerin giri\u015fi, a\u00e7\u0131k\u00e7a g\u00f6n\u00fcll\u00fcl\u00fck esas\u0131na g\u00f6re kullan\u0131c\u0131 taraf\u0131ndan ger\u00e7ekle\u015ftirilir. Sunulan t\u00fcm hizmetlerin kullan\u0131m\u0131na &#8211; teknik olarak m\u00fcmk\u00fcn ve makul oldu\u011fu s\u00fcrece &#8211; bu t\u00fcr veriler sa\u011flanmadan veya anonim veriler veya takma ad verilerek izin verilir. <\/p>\n<p><strong>5. B\u00f6l\u00fcnebilirlik Maddesi<\/strong><br \/>\nBu metnin b\u00f6l\u00fcmleri veya m\u00fcnferit form\u00fclasyonlar\u0131 ge\u00e7erli yasal duruma art\u0131k uymuyorsa veya tamamen uymuyorsa, belgenin geri kalan b\u00f6l\u00fcmleri i\u00e7erik ve ge\u00e7erlilik a\u00e7\u0131s\u0131ndan etkilenmeden kal\u0131r.<\/p>\n<p><strong>yarg\u0131 yeri<\/strong><br \/>\nYarg\u0131 yeri Almanya&#8217;da Berlin&#8217;dir. Alman ve Avrupa hukuku ge\u00e7erlidir. <\/p>\n<p>\u00a9 2022 <a href=\"http:\/\/www.kotyrba.net\" target=\"_blank\" rel=\"noopener\"><b>KOTYRBA.NET<\/b><\/a><\/p>\n<\/div><\/section>\n\n<style type=\"text\/css\" data-created_by=\"avia_inline_auto\" id=\"style-css-av-u0gm-73ef5ef421d2c8d20e5c52912b8ca321\">\n#top .av-special-heading.av-u0gm-73ef5ef421d2c8d20e5c52912b8ca321{\npadding-bottom:10px;\n}\nbody .av-special-heading.av-u0gm-73ef5ef421d2c8d20e5c52912b8ca321 .av-special-heading-tag .heading-char{\nfont-size:25px;\n}\n.av-special-heading.av-u0gm-73ef5ef421d2c8d20e5c52912b8ca321 .av-subheading{\nfont-size:15px;\n}\n<\/style>\n<div  class='av-special-heading av-u0gm-73ef5ef421d2c8d20e5c52912b8ca321 av-special-heading-h2 blockquote modern-quote  avia-builder-el-3  el_after_av_textblock  el_before_av_textblock '><h2 class='av-special-heading-tag'  itemprop=\"headline\"  >konsept ve tasar\u0131m<\/h2><div class=\"special-heading-border\"><div class=\"special-heading-inner-border\"><\/div><\/div><\/div>\n<section  class='av_textblock_section av-13j4q-a45b4c06a7bc9e390926715713045e9d '   itemscope=\"itemscope\" itemtype=\"https:\/\/schema.org\/CreativeWork\" ><div class='avia_textblock'  itemprop=\"text\" ><p><strong>KOTYRBA<\/strong>.NET<br \/>\nSandor Kotyrba<\/p>\n<p>Jahnstra\u00dfe 77<br \/>\n38302 Wolfenb\u00fcttel<\/p>\n<p>T. +49 5331 882 45 13<br \/>\nF. +49 5331 882 45 32<\/p>\n<p><a href=\"mailto:info@kotyrba.net\" target=\"_blank\" rel=\"noopener\">info@kotyrba.net<\/a><br \/>\n<a href=\"https:\/\/www.kotyrba.net\" target=\"_blank\" rel=\"noopener\">www.kotyrba.net<\/a><\/p>\n<\/div><\/section>\n","protected":false},"excerpt":{"rendered":"<p>Dermatolog Dr. Raoul Hasert&#8217;in Berlin-Mitte&#8217;de Friedrichstra\u00dfe&#8217;deki muayenehanesinin k\u00fcnyesi.<\/p>\n","protected":false},"author":1,"featured_media":0,"parent":0,"menu_order":0,"comment_status":"closed","ping_status":"closed","template":"","meta":{"footnotes":""},"class_list":["post-2220","page","type-page","status-publish","hentry"],"yoast_head":"<!-- This site is optimized with the Yoast SEO plugin v25.3.1 - https:\/\/yoast.com\/wordpress\/plugins\/seo\/ -->\n<title>K\u00fcnye | Dermatolog Dr. Raoul Hasert Berlin<\/title>\n<meta name=\"description\" content=\"Dermatolog Dr. Raoul Hasert&#039;in Berlin-Mitte&#039;de Friedrichstra\u00dfe&#039;deki muayenehanesinin k\u00fcnyesi.\" \/>\n<meta name=\"robots\" content=\"index, follow, max-snippet:-1, max-image-preview:large, max-video-preview:-1\" \/>\n<link rel=\"canonical\" href=\"https:\/\/www.hasert-haut.de\/tr\/baski\/\" \/>\n<meta property=\"og:locale\" content=\"tr_TR\" \/>\n<meta property=\"og:type\" content=\"article\" \/>\n<meta property=\"og:title\" content=\"K\u00fcnye | Dermatolog Dr. Raoul Hasert Berlin\" \/>\n<meta property=\"og:description\" content=\"Dermatolog Dr. Raoul Hasert&#039;in Berlin-Mitte&#039;de Friedrichstra\u00dfe&#039;deki muayenehanesinin k\u00fcnyesi.\" \/>\n<meta property=\"og:url\" content=\"https:\/\/www.hasert-haut.de\/tr\/baski\/\" \/>\n<meta property=\"og:site_name\" content=\"Hautarzt Berlin - Praxisklinik Dr. Hasert\" \/>\n<meta property=\"article:modified_time\" content=\"2023-06-06T15:11:49+00:00\" \/>\n<meta name=\"twitter:label1\" content=\"Tahmini okuma s\u00fcresi\" \/>\n\t<meta name=\"twitter:data1\" content=\"7 dakika\" \/>\n<script type=\"application\/ld+json\" class=\"yoast-schema-graph\">{\"@context\":\"https:\/\/schema.org\",\"@graph\":[{\"@type\":\"WebPage\",\"@id\":\"https:\/\/www.hasert-haut.de\/tr\/baski\/\",\"url\":\"https:\/\/www.hasert-haut.de\/tr\/baski\/\",\"name\":\"K\u00fcnye | Dermatolog Dr. Raoul Hasert Berlin\",\"isPartOf\":{\"@id\":\"https:\/\/www.hasert-haut.de\/tr\/#website\"},\"datePublished\":\"2015-01-20T15:07:00+00:00\",\"dateModified\":\"2023-06-06T15:11:49+00:00\",\"description\":\"Dermatolog Dr. Raoul Hasert'in Berlin-Mitte'de Friedrichstra\u00dfe'deki muayenehanesinin k\u00fcnyesi.\",\"breadcrumb\":{\"@id\":\"https:\/\/www.hasert-haut.de\/tr\/baski\/#breadcrumb\"},\"inLanguage\":\"tr\",\"potentialAction\":[{\"@type\":\"ReadAction\",\"target\":[\"https:\/\/www.hasert-haut.de\/tr\/baski\/\"]}]},{\"@type\":\"BreadcrumbList\",\"@id\":\"https:\/\/www.hasert-haut.de\/tr\/baski\/#breadcrumb\",\"itemListElement\":[{\"@type\":\"ListItem\",\"position\":1,\"name\":\"Home\",\"item\":\"https:\/\/www.hasert-haut.de\/tr\/hosgeldiniz\/\"},{\"@type\":\"ListItem\",\"position\":2,\"name\":\"damga\"}]},{\"@type\":\"WebSite\",\"@id\":\"https:\/\/www.hasert-haut.de\/tr\/#website\",\"url\":\"https:\/\/www.hasert-haut.de\/tr\/\",\"name\":\"Hautarzt Berlin - Praxisklinik Dr. Hasert\",\"description\":\"Hautarzt, Allgemeinmedizin\",\"potentialAction\":[{\"@type\":\"SearchAction\",\"target\":{\"@type\":\"EntryPoint\",\"urlTemplate\":\"https:\/\/www.hasert-haut.de\/tr\/?s={search_term_string}\"},\"query-input\":{\"@type\":\"PropertyValueSpecification\",\"valueRequired\":true,\"valueName\":\"search_term_string\"}}],\"inLanguage\":\"tr\"}]}<\/script>\n<!-- \/ Yoast SEO plugin. -->","yoast_head_json":{"title":"K\u00fcnye | Dermatolog Dr. Raoul Hasert Berlin","description":"Dermatolog Dr. Raoul Hasert'in Berlin-Mitte'de Friedrichstra\u00dfe'deki muayenehanesinin k\u00fcnyesi.","robots":{"index":"index","follow":"follow","max-snippet":"max-snippet:-1","max-image-preview":"max-image-preview:large","max-video-preview":"max-video-preview:-1"},"canonical":"https:\/\/www.hasert-haut.de\/tr\/baski\/","og_locale":"tr_TR","og_type":"article","og_title":"K\u00fcnye | Dermatolog Dr. Raoul Hasert Berlin","og_description":"Dermatolog Dr. Raoul Hasert'in Berlin-Mitte'de Friedrichstra\u00dfe'deki muayenehanesinin k\u00fcnyesi.","og_url":"https:\/\/www.hasert-haut.de\/tr\/baski\/","og_site_name":"Hautarzt Berlin - Praxisklinik Dr. Hasert","article_modified_time":"2023-06-06T15:11:49+00:00","twitter_misc":{"Tahmini okuma s\u00fcresi":"7 dakika"},"schema":{"@context":"https:\/\/schema.org","@graph":[{"@type":"WebPage","@id":"https:\/\/www.hasert-haut.de\/tr\/baski\/","url":"https:\/\/www.hasert-haut.de\/tr\/baski\/","name":"K\u00fcnye | Dermatolog Dr. Raoul Hasert Berlin","isPartOf":{"@id":"https:\/\/www.hasert-haut.de\/tr\/#website"},"datePublished":"2015-01-20T15:07:00+00:00","dateModified":"2023-06-06T15:11:49+00:00","description":"Dermatolog Dr. Raoul Hasert'in Berlin-Mitte'de Friedrichstra\u00dfe'deki muayenehanesinin k\u00fcnyesi.","breadcrumb":{"@id":"https:\/\/www.hasert-haut.de\/tr\/baski\/#breadcrumb"},"inLanguage":"tr","potentialAction":[{"@type":"ReadAction","target":["https:\/\/www.hasert-haut.de\/tr\/baski\/"]}]},{"@type":"BreadcrumbList","@id":"https:\/\/www.hasert-haut.de\/tr\/baski\/#breadcrumb","itemListElement":[{"@type":"ListItem","position":1,"name":"Home","item":"https:\/\/www.hasert-haut.de\/tr\/hosgeldiniz\/"},{"@type":"ListItem","position":2,"name":"damga"}]},{"@type":"WebSite","@id":"https:\/\/www.hasert-haut.de\/tr\/#website","url":"https:\/\/www.hasert-haut.de\/tr\/","name":"Hautarzt Berlin - Praxisklinik Dr. Hasert","description":"Hautarzt, Allgemeinmedizin","potentialAction":[{"@type":"SearchAction","target":{"@type":"EntryPoint","urlTemplate":"https:\/\/www.hasert-haut.de\/tr\/?s={search_term_string}"},"query-input":{"@type":"PropertyValueSpecification","valueRequired":true,"valueName":"search_term_string"}}],"inLanguage":"tr"}]}},"_links":{"self":[{"href":"https:\/\/www.hasert-haut.de\/tr\/wp-json\/wp\/v2\/pages\/2220","targetHints":{"allow":["GET"]}}],"collection":[{"href":"https:\/\/www.hasert-haut.de\/tr\/wp-json\/wp\/v2\/pages"}],"about":[{"href":"https:\/\/www.hasert-haut.de\/tr\/wp-json\/wp\/v2\/types\/page"}],"author":[{"embeddable":true,"href":"https:\/\/www.hasert-haut.de\/tr\/wp-json\/wp\/v2\/users\/1"}],"replies":[{"embeddable":true,"href":"https:\/\/www.hasert-haut.de\/tr\/wp-json\/wp\/v2\/comments?post=2220"}],"version-history":[{"count":17,"href":"https:\/\/www.hasert-haut.de\/tr\/wp-json\/wp\/v2\/pages\/2220\/revisions"}],"predecessor-version":[{"id":11830,"href":"https:\/\/www.hasert-haut.de\/tr\/wp-json\/wp\/v2\/pages\/2220\/revisions\/11830"}],"wp:attachment":[{"href":"https:\/\/www.hasert-haut.de\/tr\/wp-json\/wp\/v2\/media?parent=2220"}],"curies":[{"name":"wp","href":"https:\/\/api.w.org\/{rel}","templated":true}]}}