{"id":2299,"date":"2015-01-20T14:51:25","date_gmt":"2015-01-20T14:51:25","guid":{"rendered":"https:\/\/www.hasert-haut.de\/team\/"},"modified":"2026-01-09T09:10:14","modified_gmt":"2026-01-09T09:10:14","slug":"takim","status":"publish","type":"page","link":"https:\/\/www.hasert-haut.de\/tr\/uygulama\/takim\/","title":{"rendered":"tak\u0131m"},"content":{"rendered":"\n<style type=\"text\/css\" data-created_by=\"avia_inline_auto\" id=\"style-css-av-l80b1hn9-ec4016f705bb7e471f5435996723305a\">\n.avia-section.av-l80b1hn9-ec4016f705bb7e471f5435996723305a{\nbackground-repeat:no-repeat;\nbackground-image:url(https:\/\/www.hasert-haut.de\/wp-content\/uploads\/2015\/01\/Allgemeinmedizin1.jpg);\nbackground-position:50% 100%;\nbackground-attachment:scroll;\n}\n<\/style>\n<div id='av_section_1'  class='avia-section av-l80b1hn9-ec4016f705bb7e471f5435996723305a main_color avia-section-default avia-no-border-styling  avia-builder-el-0  el_before_av_section  avia-builder-el-first  avia-full-stretch avia-bg-style-scroll av-minimum-height av-minimum-height-50 av-height-50  container_wrap fullsize'  data-section-bg-repeat='stretch' data-av_minimum_height_pc='50' data-av_min_height_opt='50'><div class='container av-section-cont-open' ><main  role=\"main\" itemprop=\"mainContentOfPage\"  class='template-page content  av-content-full alpha units'><div class='post-entry post-entry-type-page post-entry-2299'><div class='entry-content-wrapper clearfix'>\n<\/div><\/div><\/main><!-- close content main element --><\/div><\/div><div id='av_section_2'  class='avia-section av-1c52y-6705d96d726e34f30075afd1c9f98823 main_color avia-section-huge avia-no-border-styling  avia-builder-el-1  el_after_av_section  avia-builder-el-last  avia-bg-style-scroll container_wrap fullsize'  ><div class='container av-section-cont-open' ><div class='template-page content  av-content-full alpha units'><div class='post-entry post-entry-type-page post-entry-2299'><div class='entry-content-wrapper clearfix'>\n\n<style type=\"text\/css\" data-created_by=\"avia_inline_auto\" id=\"style-css-av-1zubm-cf8dd5eea0f9c55c19c0ef078ddbcf82\">\n#top .flex_column.av-1zubm-cf8dd5eea0f9c55c19c0ef078ddbcf82{\nmargin-top:-200px;\nmargin-bottom:-200px;\n}\n.flex_column.av-1zubm-cf8dd5eea0f9c55c19c0ef078ddbcf82{\nborder-radius:0px 0px 0px 0px;\npadding:30px 30px 30px 30px;\nbackground-color:#ffffff;\n}\n.responsive #top #wrap_all .flex_column.av-1zubm-cf8dd5eea0f9c55c19c0ef078ddbcf82{\nmargin-top:-200px;\nmargin-bottom:-200px;\n}\n<\/style>\n<div  class='flex_column av-1zubm-cf8dd5eea0f9c55c19c0ef078ddbcf82 av_one_full  avia-builder-el-2  el_before_av_hr  avia-builder-el-first  first flex_column_div  '     ><style type=\"text\/css\" data-created_by=\"avia_inline_auto\" id=\"style-css-av-o4as-9c72ef6463f8e4efaa0656751f448ca4\">\n#top .av-special-heading.av-o4as-9c72ef6463f8e4efaa0656751f448ca4{\nmargin:30px 0 0 0;\npadding-bottom:10px;\n}\nbody .av-special-heading.av-o4as-9c72ef6463f8e4efaa0656751f448ca4 .av-special-heading-tag .heading-char{\nfont-size:25px;\n}\n.av-special-heading.av-o4as-9c72ef6463f8e4efaa0656751f448ca4 .av-subheading{\nfont-size:15px;\n}\n<\/style>\n<div  class='av-special-heading av-o4as-9c72ef6463f8e4efaa0656751f448ca4 av-special-heading-h1 blockquote modern-quote modern-centered  avia-builder-el-3  avia-builder-el-no-sibling '><h1 class='av-special-heading-tag'  itemprop=\"headline\"  >uygulama tak\u0131m\u0131<\/h1><div class=\"special-heading-border\"><div class=\"special-heading-inner-border\"><\/div><\/div><\/div><\/div>\n<style type=\"text\/css\" data-created_by=\"avia_inline_auto\" id=\"style-css-av-l96u2dxw-bef62529ba4e12912e5f4b47d6fefae0\">\n#top .hr.hr-invisible.av-l96u2dxw-bef62529ba4e12912e5f4b47d6fefae0{\nheight:50px;\n}\n<\/style>\n<div  class='hr av-l96u2dxw-bef62529ba4e12912e5f4b47d6fefae0 hr-invisible  avia-builder-el-4  el_after_av_one_full  el_before_av_one_third '><span class='hr-inner '><span class=\"hr-inner-style\"><\/span><\/span><\/div>\n<div  class='flex_column av-mqa44-db974109ea41b65c246e9fd70821973f av_one_third  avia-builder-el-5  el_after_av_hr  el_before_av_one_third  first flex_column_div  '     ><section  class='avia-team-member av-mg350-27b2c49d54a1a47b5c2f364da0910307  avia-builder-el-6  avia-builder-el-no-sibling '  itemscope=\"itemscope\" itemtype=\"https:\/\/schema.org\/Person\" ><div class=\"team-img-container\"><img decoding=\"async\" fetchpriority=\"high\" class='wp-image-1835 avia-img-lazy-loading-not-1835 avia_image avia_image_team' src=\"https:\/\/www.hasert-haut.de\/wp-content\/uploads\/2015\/01\/Karin-Hasert.jpg\" alt='doktor t\u0131bbi Karen Hasert'  itemprop=\"image\"   height=\"800\" width=\"800\" srcset=\"https:\/\/www.hasert-haut.de\/wp-content\/uploads\/2015\/01\/Karin-Hasert.jpg 800w, https:\/\/www.hasert-haut.de\/wp-content\/uploads\/2015\/01\/Karin-Hasert-80x80.jpg 80w, https:\/\/www.hasert-haut.de\/wp-content\/uploads\/2015\/01\/Karin-Hasert-300x300.jpg 300w, https:\/\/www.hasert-haut.de\/wp-content\/uploads\/2015\/01\/Karin-Hasert-36x36.jpg 36w, https:\/\/www.hasert-haut.de\/wp-content\/uploads\/2015\/01\/Karin-Hasert-180x180.jpg 180w, https:\/\/www.hasert-haut.de\/wp-content\/uploads\/2015\/01\/Karin-Hasert-705x705.jpg 705w, https:\/\/www.hasert-haut.de\/wp-content\/uploads\/2015\/01\/Karin-Hasert-120x120.jpg 120w, https:\/\/www.hasert-haut.de\/wp-content\/uploads\/2015\/01\/Karin-Hasert-450x450.jpg 450w\" sizes=\"(max-width: 800px) 100vw, 800px\" \/><\/div><h3 class='team-member-name '  itemprop=\"name\" >doktor t\u0131bbi Karen Hasert<\/h3><div class='team-member-job-title '  itemprop=\"jobTitle\" >Deri ve z\u00fchrevi hastal\u0131klar, alerji uzman\u0131<\/div><span class='hidden team-member-affiliation'  itemprop=\"affiliation\" >Hautarzt Berlin - Praxisklinik Dr. Hasert<\/span><\/section><\/div>\n<style type=\"text\/css\" data-created_by=\"avia_inline_auto\" id=\"style-css-av-lrqac-09ec84aa0339834ed8bbe729ec4a2aa0\">\n.flex_column.av-lrqac-09ec84aa0339834ed8bbe729ec4a2aa0{\nborder-radius:0px 0px 0px 0px;\npadding:0px 0px 0px 0px;\n}\n<\/style>\n<div  class='flex_column av-lrqac-09ec84aa0339834ed8bbe729ec4a2aa0 av_one_third  avia-builder-el-7  el_after_av_one_third  el_before_av_one_third  flex_column_div av-zero-column-padding  '     ><section  class='avia-team-member av-lakuk-f07d42505038de3f9feca3d213166da3  avia-builder-el-8  avia-builder-el-no-sibling '  itemscope=\"itemscope\" itemtype=\"https:\/\/schema.org\/Person\" ><div class=\"team-img-container\"><img decoding=\"async\" fetchpriority=\"high\" class='wp-image-1834 avia-img-lazy-loading-not-1834 avia_image avia_image_team' src=\"https:\/\/www.hasert-haut.de\/wp-content\/uploads\/2015\/01\/Raoul-Hasert.jpg\" alt='doktor t\u0131bbi Raoul Hasert, D.A.L.M.'  itemprop=\"image\"   height=\"800\" width=\"800\" srcset=\"https:\/\/www.hasert-haut.de\/wp-content\/uploads\/2015\/01\/Raoul-Hasert.jpg 800w, https:\/\/www.hasert-haut.de\/wp-content\/uploads\/2015\/01\/Raoul-Hasert-80x80.jpg 80w, https:\/\/www.hasert-haut.de\/wp-content\/uploads\/2015\/01\/Raoul-Hasert-300x300.jpg 300w, https:\/\/www.hasert-haut.de\/wp-content\/uploads\/2015\/01\/Raoul-Hasert-36x36.jpg 36w, https:\/\/www.hasert-haut.de\/wp-content\/uploads\/2015\/01\/Raoul-Hasert-180x180.jpg 180w, https:\/\/www.hasert-haut.de\/wp-content\/uploads\/2015\/01\/Raoul-Hasert-705x705.jpg 705w, https:\/\/www.hasert-haut.de\/wp-content\/uploads\/2015\/01\/Raoul-Hasert-120x120.jpg 120w, https:\/\/www.hasert-haut.de\/wp-content\/uploads\/2015\/01\/Raoul-Hasert-450x450.jpg 450w\" sizes=\"(max-width: 800px) 100vw, 800px\" \/><\/div><h3 class='team-member-name '  itemprop=\"name\" >doktor t\u0131bbi Raoul Hasert, D.A.L.M.<\/h3><div class='team-member-job-title '  itemprop=\"jobTitle\" >Ba\u015f Doktor<\/div><div class='team-member-description '  itemprop=\"description\" ><p>Dermatoloji ve venereoloji uzman\u0131<br \/>\nT\u00fcm\u00f6rler i\u00e7in ila\u00e7 tedavisi<br \/>\nEstetik Lazer T\u0131bb\u0131 Diplomas\u0131<\/p>\n<\/div><span class='hidden team-member-affiliation'  itemprop=\"affiliation\" >Hautarzt Berlin - Praxisklinik Dr. Hasert<\/span><\/section><\/div>\n<style type=\"text\/css\" data-created_by=\"avia_inline_auto\" id=\"style-css-av-kfp74-149e3355487238863f102012608300f2\">\n.flex_column.av-kfp74-149e3355487238863f102012608300f2{\nborder-radius:0px 0px 0px 0px;\npadding:0px 0px 0px 0px;\n}\n<\/style>\n<div  class='flex_column av-kfp74-149e3355487238863f102012608300f2 av_one_third  avia-builder-el-9  el_after_av_one_third  el_before_av_one_third  flex_column_div av-zero-column-padding  '     ><section  class='avia-team-member av-jsvqw-5d35ef6fced6e120600f4422fb5cb147  avia-builder-el-10  avia-builder-el-no-sibling '  itemscope=\"itemscope\" itemtype=\"https:\/\/schema.org\/Person\" ><div class=\"team-img-container\"><img decoding=\"async\" fetchpriority=\"high\" class='wp-image-1838 avia-img-lazy-loading-not-1838 avia_image avia_image_team' src=\"https:\/\/www.hasert-haut.de\/wp-content\/uploads\/2015\/01\/Irina-Raileanu.jpg\" alt='doktor doktor Irina Raileanu '  itemprop=\"image\"   height=\"800\" width=\"800\" srcset=\"https:\/\/www.hasert-haut.de\/wp-content\/uploads\/2015\/01\/Irina-Raileanu.jpg 800w, https:\/\/www.hasert-haut.de\/wp-content\/uploads\/2015\/01\/Irina-Raileanu-80x80.jpg 80w, https:\/\/www.hasert-haut.de\/wp-content\/uploads\/2015\/01\/Irina-Raileanu-300x300.jpg 300w, https:\/\/www.hasert-haut.de\/wp-content\/uploads\/2015\/01\/Irina-Raileanu-36x36.jpg 36w, https:\/\/www.hasert-haut.de\/wp-content\/uploads\/2015\/01\/Irina-Raileanu-180x180.jpg 180w, https:\/\/www.hasert-haut.de\/wp-content\/uploads\/2015\/01\/Irina-Raileanu-705x705.jpg 705w, https:\/\/www.hasert-haut.de\/wp-content\/uploads\/2015\/01\/Irina-Raileanu-120x120.jpg 120w, https:\/\/www.hasert-haut.de\/wp-content\/uploads\/2015\/01\/Irina-Raileanu-450x450.jpg 450w\" sizes=\"(max-width: 800px) 100vw, 800px\" \/><\/div><h3 class='team-member-name '  itemprop=\"name\" >doktor doktor Irina Raileanu <\/h3><div class='team-member-job-title '  itemprop=\"jobTitle\" >Genel T\u0131p Uzman\u0131<\/div><span class='hidden team-member-affiliation'  itemprop=\"affiliation\" >Hautarzt Berlin - Praxisklinik Dr. Hasert<\/span><\/section><\/div>\n<style type=\"text\/css\" data-created_by=\"avia_inline_auto\" id=\"style-css-av-hzgf8-5b5b15d4cb07caae7ae2894d41e49a03\">\n.flex_column.av-hzgf8-5b5b15d4cb07caae7ae2894d41e49a03{\nborder-radius:0px 0px 0px 0px;\npadding:0px 0px 0px 0px;\n}\n<\/style>\n<div  class='flex_column av-hzgf8-5b5b15d4cb07caae7ae2894d41e49a03 av_one_third  avia-builder-el-11  el_after_av_one_third  el_before_av_one_third  first flex_column_div av-zero-column-padding  column-top-margin'     ><section  class='avia-team-member av-hsif8-1de64fa84d94d2798c0ca9aa50324b87  avia-builder-el-12  avia-builder-el-no-sibling '  itemscope=\"itemscope\" itemtype=\"https:\/\/schema.org\/Person\" ><div class=\"team-img-container\"><img decoding=\"async\" fetchpriority=\"high\" class='wp-image-2003 avia-img-lazy-loading-not-2003 avia_image avia_image_team' src=\"https:\/\/www.hasert-haut.de\/wp-content\/uploads\/2015\/01\/Hallmeyer-Cornelia.jpg\" alt='doktor Cornelia Hallmeyer'  itemprop=\"image\"   height=\"800\" width=\"800\" srcset=\"https:\/\/www.hasert-haut.de\/wp-content\/uploads\/2015\/01\/Hallmeyer-Cornelia.jpg 800w, https:\/\/www.hasert-haut.de\/wp-content\/uploads\/2015\/01\/Hallmeyer-Cornelia-80x80.jpg 80w, https:\/\/www.hasert-haut.de\/wp-content\/uploads\/2015\/01\/Hallmeyer-Cornelia-300x300.jpg 300w, https:\/\/www.hasert-haut.de\/wp-content\/uploads\/2015\/01\/Hallmeyer-Cornelia-36x36.jpg 36w, https:\/\/www.hasert-haut.de\/wp-content\/uploads\/2015\/01\/Hallmeyer-Cornelia-180x180.jpg 180w, https:\/\/www.hasert-haut.de\/wp-content\/uploads\/2015\/01\/Hallmeyer-Cornelia-705x705.jpg 705w, https:\/\/www.hasert-haut.de\/wp-content\/uploads\/2015\/01\/Hallmeyer-Cornelia-120x120.jpg 120w, https:\/\/www.hasert-haut.de\/wp-content\/uploads\/2015\/01\/Hallmeyer-Cornelia-450x450.jpg 450w\" sizes=\"(max-width: 800px) 100vw, 800px\" \/><\/div><h3 class='team-member-name '  itemprop=\"name\" >doktor Cornelia Hallmeyer<\/h3><div class='team-member-job-title '  itemprop=\"jobTitle\" >Genel t\u0131p ve i\u015f hekimli\u011fi uzman\u0131<\/div><span class='hidden team-member-affiliation'  itemprop=\"affiliation\" >Hautarzt Berlin - Praxisklinik Dr. Hasert<\/span><\/section><\/div>\n<style type=\"text\/css\" data-created_by=\"avia_inline_auto\" id=\"style-css-av-egho0-4cc8be2a483a8fb1fd3f5046c4eec909\">\n.flex_column.av-egho0-4cc8be2a483a8fb1fd3f5046c4eec909{\nborder-radius:0px 0px 0px 0px;\npadding:0px 0px 0px 0px;\n}\n<\/style>\n<div  class='flex_column av-egho0-4cc8be2a483a8fb1fd3f5046c4eec909 av_one_third  avia-builder-el-13  el_after_av_one_third  el_before_av_one_third  flex_column_div av-zero-column-padding  column-top-margin'     ><section  class='avia-team-member av-e7xy8-37fa9248d15ddc87c6d065c119ba6cea  avia-builder-el-14  avia-builder-el-no-sibling '  itemscope=\"itemscope\" itemtype=\"https:\/\/schema.org\/Person\" ><div class=\"team-img-container\"><img decoding=\"async\" fetchpriority=\"high\" class='wp-image-2066 avia-img-lazy-loading-not-2066 avia_image avia_image_team' src=\"https:\/\/www.hasert-haut.de\/wp-content\/uploads\/2019\/05\/monika-knoll.jpg\" alt='Monika Knoll'  itemprop=\"image\"   height=\"800\" width=\"800\" srcset=\"https:\/\/www.hasert-haut.de\/wp-content\/uploads\/2019\/05\/monika-knoll.jpg 800w, https:\/\/www.hasert-haut.de\/wp-content\/uploads\/2019\/05\/monika-knoll-80x80.jpg 80w, https:\/\/www.hasert-haut.de\/wp-content\/uploads\/2019\/05\/monika-knoll-300x300.jpg 300w, https:\/\/www.hasert-haut.de\/wp-content\/uploads\/2019\/05\/monika-knoll-768x768.jpg 768w, https:\/\/www.hasert-haut.de\/wp-content\/uploads\/2019\/05\/monika-knoll-36x36.jpg 36w, https:\/\/www.hasert-haut.de\/wp-content\/uploads\/2019\/05\/monika-knoll-180x180.jpg 180w, https:\/\/www.hasert-haut.de\/wp-content\/uploads\/2019\/05\/monika-knoll-705x705.jpg 705w, https:\/\/www.hasert-haut.de\/wp-content\/uploads\/2019\/05\/monika-knoll-120x120.jpg 120w, https:\/\/www.hasert-haut.de\/wp-content\/uploads\/2019\/05\/monika-knoll-450x450.jpg 450w\" sizes=\"(max-width: 800px) 100vw, 800px\" \/><\/div><h3 class='team-member-name '  itemprop=\"name\" >Monika Knoll<\/h3><div class='team-member-job-title '  itemprop=\"jobTitle\" >K\u0131demli Hekim Yard\u0131mc\u0131s\u0131<\/div><span class='hidden team-member-affiliation'  itemprop=\"affiliation\" >Hautarzt Berlin - Praxisklinik Dr. Hasert<\/span><\/section><\/div>\n<style type=\"text\/css\" data-created_by=\"avia_inline_auto\" id=\"style-css-av-c240s-34960759b0a4ecbed39859dab7899738\">\n.flex_column.av-c240s-34960759b0a4ecbed39859dab7899738{\nborder-radius:0px 0px 0px 0px;\npadding:0px 0px 0px 0px;\n}\n<\/style>\n<div  class='flex_column av-c240s-34960759b0a4ecbed39859dab7899738 av_one_third  avia-builder-el-15  el_after_av_one_third  el_before_av_one_third  flex_column_div av-zero-column-padding  column-top-margin'     ><section  class='avia-team-member av-btsy4-2239b5ba897166b42860e3a4833103ef  avia-builder-el-16  avia-builder-el-no-sibling '  itemscope=\"itemscope\" itemtype=\"https:\/\/schema.org\/Person\" ><div class=\"team-img-container\"><img decoding=\"async\" fetchpriority=\"high\" class='wp-image-1842 avia-img-lazy-loading-not-1842 avia_image avia_image_team' src=\"https:\/\/www.hasert-haut.de\/wp-content\/uploads\/2015\/01\/Lena-Pickroth.jpg\" alt='Lena Pickroth'  itemprop=\"image\"   height=\"800\" width=\"800\" srcset=\"https:\/\/www.hasert-haut.de\/wp-content\/uploads\/2015\/01\/Lena-Pickroth.jpg 800w, https:\/\/www.hasert-haut.de\/wp-content\/uploads\/2015\/01\/Lena-Pickroth-80x80.jpg 80w, https:\/\/www.hasert-haut.de\/wp-content\/uploads\/2015\/01\/Lena-Pickroth-300x300.jpg 300w, https:\/\/www.hasert-haut.de\/wp-content\/uploads\/2015\/01\/Lena-Pickroth-36x36.jpg 36w, https:\/\/www.hasert-haut.de\/wp-content\/uploads\/2015\/01\/Lena-Pickroth-180x180.jpg 180w, https:\/\/www.hasert-haut.de\/wp-content\/uploads\/2015\/01\/Lena-Pickroth-705x705.jpg 705w, https:\/\/www.hasert-haut.de\/wp-content\/uploads\/2015\/01\/Lena-Pickroth-120x120.jpg 120w, https:\/\/www.hasert-haut.de\/wp-content\/uploads\/2015\/01\/Lena-Pickroth-450x450.jpg 450w\" sizes=\"(max-width: 800px) 100vw, 800px\" \/><\/div><h3 class='team-member-name '  itemprop=\"name\" >Lena Pickroth<\/h3><div class='team-member-job-title '  itemprop=\"jobTitle\" >doktor asistan\u0131<\/div><span class='hidden team-member-affiliation'  itemprop=\"affiliation\" >Hautarzt Berlin - Praxisklinik Dr. Hasert<\/span><\/section><\/div>\n<style type=\"text\/css\" data-created_by=\"avia_inline_auto\" id=\"style-css-av-qe38-b9d4246d61b6e559562933103af3a4d7\">\n.flex_column.av-qe38-b9d4246d61b6e559562933103af3a4d7{\nborder-radius:0px 0px 0px 0px;\npadding:0px 0px 0px 0px;\n}\n<\/style>\n<div  class='flex_column av-qe38-b9d4246d61b6e559562933103af3a4d7 av_one_third  avia-builder-el-17  el_after_av_one_third  el_before_av_one_third  first flex_column_div av-zero-column-padding  column-top-margin'     ><section  class='avia-team-member av-6sl10-c1e419e29d696ae432020eb959716c68  avia-builder-el-18  avia-builder-el-no-sibling '  itemscope=\"itemscope\" itemtype=\"https:\/\/schema.org\/Person\" ><div class=\"team-img-container\"><img decoding=\"async\" fetchpriority=\"high\" class='wp-image-2067 avia-img-lazy-loading-not-2067 avia_image avia_image_team' src=\"https:\/\/www.hasert-haut.de\/wp-content\/uploads\/2019\/05\/narina-grigorjan.jpg\" alt='Narina Grigorjan'  itemprop=\"image\"   height=\"800\" width=\"800\" srcset=\"https:\/\/www.hasert-haut.de\/wp-content\/uploads\/2019\/05\/narina-grigorjan.jpg 800w, https:\/\/www.hasert-haut.de\/wp-content\/uploads\/2019\/05\/narina-grigorjan-80x80.jpg 80w, https:\/\/www.hasert-haut.de\/wp-content\/uploads\/2019\/05\/narina-grigorjan-300x300.jpg 300w, https:\/\/www.hasert-haut.de\/wp-content\/uploads\/2019\/05\/narina-grigorjan-768x768.jpg 768w, https:\/\/www.hasert-haut.de\/wp-content\/uploads\/2019\/05\/narina-grigorjan-36x36.jpg 36w, https:\/\/www.hasert-haut.de\/wp-content\/uploads\/2019\/05\/narina-grigorjan-180x180.jpg 180w, https:\/\/www.hasert-haut.de\/wp-content\/uploads\/2019\/05\/narina-grigorjan-705x705.jpg 705w, https:\/\/www.hasert-haut.de\/wp-content\/uploads\/2019\/05\/narina-grigorjan-120x120.jpg 120w, https:\/\/www.hasert-haut.de\/wp-content\/uploads\/2019\/05\/narina-grigorjan-450x450.jpg 450w\" sizes=\"(max-width: 800px) 100vw, 800px\" \/><\/div><h3 class='team-member-name '  itemprop=\"name\" >Narina Grigorjan<\/h3><div class='team-member-job-title '  itemprop=\"jobTitle\" >doktor asistan\u0131<\/div><span class='hidden team-member-affiliation'  itemprop=\"affiliation\" >Hautarzt Berlin - Praxisklinik Dr. Hasert<\/span><\/section><\/div>\n<style type=\"text\/css\" data-created_by=\"avia_inline_auto\" id=\"style-css-av-62i7s-10fa4a23b2de2cfed8dbb6fe71fb8717\">\n.flex_column.av-62i7s-10fa4a23b2de2cfed8dbb6fe71fb8717{\nborder-radius:0px 0px 0px 0px;\npadding:0px 0px 0px 0px;\n}\n<\/style>\n<div  class='flex_column av-62i7s-10fa4a23b2de2cfed8dbb6fe71fb8717 av_one_third  avia-builder-el-19  el_after_av_one_third  el_before_av_one_third  flex_column_div av-zero-column-padding  column-top-margin'     ><section  class='avia-team-member av-5u9j8-8347b5e2aaa6c0d8e9e27632e705f625  avia-builder-el-20  avia-builder-el-no-sibling '  itemscope=\"itemscope\" itemtype=\"https:\/\/schema.org\/Person\" ><div class=\"team-img-container\"><img decoding=\"async\" fetchpriority=\"high\" class='wp-image-2054 avia-img-lazy-loading-not-2054 avia_image avia_image_team' src=\"https:\/\/www.hasert-haut.de\/wp-content\/uploads\/2015\/01\/angelique-henkel.jpg\" alt='Angelique Henkel'  itemprop=\"image\"   height=\"600\" width=\"600\" srcset=\"https:\/\/www.hasert-haut.de\/wp-content\/uploads\/2015\/01\/angelique-henkel.jpg 600w, https:\/\/www.hasert-haut.de\/wp-content\/uploads\/2015\/01\/angelique-henkel-80x80.jpg 80w, https:\/\/www.hasert-haut.de\/wp-content\/uploads\/2015\/01\/angelique-henkel-300x300.jpg 300w, https:\/\/www.hasert-haut.de\/wp-content\/uploads\/2015\/01\/angelique-henkel-36x36.jpg 36w, https:\/\/www.hasert-haut.de\/wp-content\/uploads\/2015\/01\/angelique-henkel-180x180.jpg 180w, https:\/\/www.hasert-haut.de\/wp-content\/uploads\/2015\/01\/angelique-henkel-120x120.jpg 120w, https:\/\/www.hasert-haut.de\/wp-content\/uploads\/2015\/01\/angelique-henkel-450x450.jpg 450w\" sizes=\"(max-width: 600px) 100vw, 600px\" \/><\/div><h3 class='team-member-name '  itemprop=\"name\" >Angelique Henkel<\/h3><div class='team-member-job-title '  itemprop=\"jobTitle\" >Resepsiyon<\/div><span class='hidden team-member-affiliation'  itemprop=\"affiliation\" >Hautarzt Berlin - Praxisklinik Dr. Hasert<\/span><\/section><\/div>\n<style type=\"text\/css\" data-created_by=\"avia_inline_auto\" id=\"style-css-av-3n8js-4b45f1f66b86d4c13d29e01b5b505fbb\">\n.flex_column.av-3n8js-4b45f1f66b86d4c13d29e01b5b505fbb{\nborder-radius:0px 0px 0px 0px;\npadding:0px 0px 0px 0px;\n}\n<\/style>\n<div  class='flex_column av-3n8js-4b45f1f66b86d4c13d29e01b5b505fbb av_one_third  avia-builder-el-21  el_after_av_one_third  el_before_av_one_third  flex_column_div av-zero-column-padding  column-top-margin'     ><section  class='avia-team-member av-3drt4-84c8bfb92c3f5d45edd15d8c0747a504  avia-builder-el-22  avia-builder-el-no-sibling '  itemscope=\"itemscope\" itemtype=\"https:\/\/schema.org\/Person\" ><div class=\"team-img-container\"><img decoding=\"async\" fetchpriority=\"high\" class='wp-image-1841 avia-img-lazy-loading-not-1841 avia_image avia_image_team' src=\"https:\/\/www.hasert-haut.de\/wp-content\/uploads\/2015\/01\/Manuela-Schega.jpg\" alt='Manuela Schega'  itemprop=\"image\"   height=\"800\" width=\"800\" srcset=\"https:\/\/www.hasert-haut.de\/wp-content\/uploads\/2015\/01\/Manuela-Schega.jpg 800w, https:\/\/www.hasert-haut.de\/wp-content\/uploads\/2015\/01\/Manuela-Schega-80x80.jpg 80w, https:\/\/www.hasert-haut.de\/wp-content\/uploads\/2015\/01\/Manuela-Schega-300x300.jpg 300w, https:\/\/www.hasert-haut.de\/wp-content\/uploads\/2015\/01\/Manuela-Schega-36x36.jpg 36w, https:\/\/www.hasert-haut.de\/wp-content\/uploads\/2015\/01\/Manuela-Schega-180x180.jpg 180w, https:\/\/www.hasert-haut.de\/wp-content\/uploads\/2015\/01\/Manuela-Schega-705x705.jpg 705w, https:\/\/www.hasert-haut.de\/wp-content\/uploads\/2015\/01\/Manuela-Schega-120x120.jpg 120w, https:\/\/www.hasert-haut.de\/wp-content\/uploads\/2015\/01\/Manuela-Schega-450x450.jpg 450w\" sizes=\"(max-width: 800px) 100vw, 800px\" \/><\/div><h3 class='team-member-name '  itemprop=\"name\" >Manuela Schega<\/h3><div class='team-member-job-title '  itemprop=\"jobTitle\" >Hem\u015fire\/ Ameliyathane Hem\u015firesi<\/div><span class='hidden team-member-affiliation'  itemprop=\"affiliation\" >Hautarzt Berlin - Praxisklinik Dr. Hasert<\/span><\/section><\/div>\n<style type=\"text\/css\" data-created_by=\"avia_inline_auto\" id=\"style-css-av-2tkq4-54900d32a53c6f1cc49f4f0cffa5ecf5\">\n.flex_column.av-2tkq4-54900d32a53c6f1cc49f4f0cffa5ecf5{\nborder-radius:0px 0px 0px 0px;\npadding:0px 0px 0px 0px;\n}\n<\/style>\n<div  class='flex_column av-2tkq4-54900d32a53c6f1cc49f4f0cffa5ecf5 av_one_third  avia-builder-el-23  el_after_av_one_third  avia-builder-el-last  first flex_column_div av-zero-column-padding  column-top-margin'     ><section  class='avia-team-member av-26ta4-a32e011edae4556200990657cc063cbe  avia-builder-el-24  avia-builder-el-no-sibling '  itemscope=\"itemscope\" itemtype=\"https:\/\/schema.org\/Person\" ><div class=\"team-img-container\"><img decoding=\"async\" fetchpriority=\"high\" class='wp-image-2064 avia-img-lazy-loading-not-2064 avia_image avia_image_team' src=\"https:\/\/www.hasert-haut.de\/wp-content\/uploads\/2018\/12\/martin-radczewski.jpg\" alt='Martin Radczewski'  itemprop=\"image\"   height=\"800\" width=\"800\" srcset=\"https:\/\/www.hasert-haut.de\/wp-content\/uploads\/2018\/12\/martin-radczewski.jpg 800w, https:\/\/www.hasert-haut.de\/wp-content\/uploads\/2018\/12\/martin-radczewski-80x80.jpg 80w, https:\/\/www.hasert-haut.de\/wp-content\/uploads\/2018\/12\/martin-radczewski-300x300.jpg 300w, https:\/\/www.hasert-haut.de\/wp-content\/uploads\/2018\/12\/martin-radczewski-768x768.jpg 768w, https:\/\/www.hasert-haut.de\/wp-content\/uploads\/2018\/12\/martin-radczewski-36x36.jpg 36w, https:\/\/www.hasert-haut.de\/wp-content\/uploads\/2018\/12\/martin-radczewski-180x180.jpg 180w, https:\/\/www.hasert-haut.de\/wp-content\/uploads\/2018\/12\/martin-radczewski-705x705.jpg 705w, https:\/\/www.hasert-haut.de\/wp-content\/uploads\/2018\/12\/martin-radczewski-120x120.jpg 120w, https:\/\/www.hasert-haut.de\/wp-content\/uploads\/2018\/12\/martin-radczewski-450x450.jpg 450w\" sizes=\"(max-width: 800px) 100vw, 800px\" \/><\/div><h3 class='team-member-name '  itemprop=\"name\" >Martin Radczewski<\/h3><div class='team-member-job-title '  itemprop=\"jobTitle\" >T\u0131bbi uzman<\/div><span class='hidden team-member-affiliation'  itemprop=\"affiliation\" >Hautarzt Berlin - Praxisklinik Dr. Hasert<\/span><\/section><\/div>\n","protected":false},"excerpt":{"rendered":"<p>Dermatolog ekibimiz Dr. Friedrichstr \u00fczerinde Hasert. Berlin&#8217;deki 113a, kendinizi kimin ellerine b\u0131rakt\u0131\u011f\u0131n\u0131z\u0131 bilmeniz i\u00e7in size kendini tan\u0131t\u0131yor. <\/p>\n","protected":false},"author":1,"featured_media":2073,"parent":2139,"menu_order":0,"comment_status":"closed","ping_status":"closed","template":"","meta":{"footnotes":""},"class_list":["post-2299","page","type-page","status-publish","has-post-thumbnail","hentry"],"yoast_head":"<!-- This site is optimized with the Yoast SEO plugin v25.3.1 - https:\/\/yoast.com\/wordpress\/plugins\/seo\/ -->\n<title>Dermatolog ekibi Dr. Hasert, Berlin-Mitte, Friedrichstrasse&#039;de<\/title>\n<meta name=\"description\" content=\"Dermatolog ekibimiz Dr. Friedrichstr \u00fczerinde Hasert. Berlin&#039;deki 113a, kendinizi kimin ellerine b\u0131rakt\u0131\u011f\u0131n\u0131z\u0131 bilmeniz i\u00e7in size kendini tan\u0131t\u0131yor.\" \/>\n<meta name=\"robots\" content=\"index, follow, max-snippet:-1, max-image-preview:large, max-video-preview:-1\" \/>\n<link rel=\"canonical\" href=\"https:\/\/www.hasert-haut.de\/tr\/uygulama\/takim\/\" \/>\n<meta property=\"og:locale\" content=\"tr_TR\" \/>\n<meta property=\"og:type\" content=\"article\" \/>\n<meta property=\"og:title\" content=\"Dermatolog ekibi Dr. Hasert, Berlin-Mitte, Friedrichstrasse&#039;de\" \/>\n<meta property=\"og:description\" content=\"Dermatolog ekibimiz Dr. Friedrichstr \u00fczerinde Hasert. Berlin&#039;deki 113a, kendinizi kimin ellerine b\u0131rakt\u0131\u011f\u0131n\u0131z\u0131 bilmeniz i\u00e7in size kendini tan\u0131t\u0131yor.\" \/>\n<meta property=\"og:url\" content=\"https:\/\/www.hasert-haut.de\/tr\/uygulama\/takim\/\" \/>\n<meta property=\"og:site_name\" content=\"Hautarzt Berlin - Praxisklinik Dr. Hasert\" \/>\n<meta property=\"article:modified_time\" content=\"2026-01-09T09:10:14+00:00\" \/>\n<meta property=\"og:image\" content=\"https:\/\/www.hasert-haut.de\/wp-content\/uploads\/2022\/07\/praxisklinik-dr-hasert-berlin-empfang_chapter.jpg\" \/>\n\t<meta property=\"og:image:width\" content=\"900\" \/>\n\t<meta property=\"og:image:height\" content=\"601\" \/>\n\t<meta property=\"og:image:type\" content=\"image\/jpeg\" \/>\n<meta name=\"twitter:label1\" content=\"Tahmini okuma s\u00fcresi\" \/>\n\t<meta name=\"twitter:data1\" content=\"3 dakika\" \/>\n<script type=\"application\/ld+json\" class=\"yoast-schema-graph\">{\"@context\":\"https:\/\/schema.org\",\"@graph\":[{\"@type\":\"WebPage\",\"@id\":\"https:\/\/www.hasert-haut.de\/tr\/uygulama\/takim\/\",\"url\":\"https:\/\/www.hasert-haut.de\/tr\/uygulama\/takim\/\",\"name\":\"Dermatolog ekibi Dr. Hasert, Berlin-Mitte, Friedrichstrasse'de\",\"isPartOf\":{\"@id\":\"https:\/\/www.hasert-haut.de\/tr\/#website\"},\"primaryImageOfPage\":{\"@id\":\"https:\/\/www.hasert-haut.de\/tr\/uygulama\/takim\/#primaryimage\"},\"image\":{\"@id\":\"https:\/\/www.hasert-haut.de\/tr\/uygulama\/takim\/#primaryimage\"},\"thumbnailUrl\":\"https:\/\/www.hasert-haut.de\/wp-content\/uploads\/2022\/07\/praxisklinik-dr-hasert-berlin-empfang_chapter.jpg\",\"datePublished\":\"2015-01-20T14:51:25+00:00\",\"dateModified\":\"2026-01-09T09:10:14+00:00\",\"description\":\"Dermatolog ekibimiz Dr. Friedrichstr \u00fczerinde Hasert. Berlin'deki 113a, kendinizi kimin ellerine b\u0131rakt\u0131\u011f\u0131n\u0131z\u0131 bilmeniz i\u00e7in size kendini tan\u0131t\u0131yor.\",\"breadcrumb\":{\"@id\":\"https:\/\/www.hasert-haut.de\/tr\/uygulama\/takim\/#breadcrumb\"},\"inLanguage\":\"tr\",\"potentialAction\":[{\"@type\":\"ReadAction\",\"target\":[\"https:\/\/www.hasert-haut.de\/tr\/uygulama\/takim\/\"]}]},{\"@type\":\"ImageObject\",\"inLanguage\":\"tr\",\"@id\":\"https:\/\/www.hasert-haut.de\/tr\/uygulama\/takim\/#primaryimage\",\"url\":\"https:\/\/www.hasert-haut.de\/wp-content\/uploads\/2022\/07\/praxisklinik-dr-hasert-berlin-empfang_chapter.jpg\",\"contentUrl\":\"https:\/\/www.hasert-haut.de\/wp-content\/uploads\/2022\/07\/praxisklinik-dr-hasert-berlin-empfang_chapter.jpg\",\"width\":900,\"height\":601,\"caption\":\"Hautarzt Dr. Hasert Berlin-Mitte\"},{\"@type\":\"BreadcrumbList\",\"@id\":\"https:\/\/www.hasert-haut.de\/tr\/uygulama\/takim\/#breadcrumb\",\"itemListElement\":[{\"@type\":\"ListItem\",\"position\":1,\"name\":\"Home\",\"item\":\"https:\/\/www.hasert-haut.de\/tr\/hosgeldiniz\/\"},{\"@type\":\"ListItem\",\"position\":2,\"name\":\"Uygulama\",\"item\":\"https:\/\/www.hasert-haut.de\/tr\/uygulama\/\"},{\"@type\":\"ListItem\",\"position\":3,\"name\":\"tak\u0131m\"}]},{\"@type\":\"WebSite\",\"@id\":\"https:\/\/www.hasert-haut.de\/tr\/#website\",\"url\":\"https:\/\/www.hasert-haut.de\/tr\/\",\"name\":\"Hautarzt Berlin - Praxisklinik Dr. Hasert\",\"description\":\"Hautarzt, Allgemeinmedizin\",\"potentialAction\":[{\"@type\":\"SearchAction\",\"target\":{\"@type\":\"EntryPoint\",\"urlTemplate\":\"https:\/\/www.hasert-haut.de\/tr\/?s={search_term_string}\"},\"query-input\":{\"@type\":\"PropertyValueSpecification\",\"valueRequired\":true,\"valueName\":\"search_term_string\"}}],\"inLanguage\":\"tr\"}]}<\/script>\n<!-- \/ Yoast SEO plugin. -->","yoast_head_json":{"title":"Dermatolog ekibi Dr. Hasert, Berlin-Mitte, Friedrichstrasse'de","description":"Dermatolog ekibimiz Dr. Friedrichstr \u00fczerinde Hasert. Berlin'deki 113a, kendinizi kimin ellerine b\u0131rakt\u0131\u011f\u0131n\u0131z\u0131 bilmeniz i\u00e7in size kendini tan\u0131t\u0131yor.","robots":{"index":"index","follow":"follow","max-snippet":"max-snippet:-1","max-image-preview":"max-image-preview:large","max-video-preview":"max-video-preview:-1"},"canonical":"https:\/\/www.hasert-haut.de\/tr\/uygulama\/takim\/","og_locale":"tr_TR","og_type":"article","og_title":"Dermatolog ekibi Dr. Hasert, Berlin-Mitte, Friedrichstrasse'de","og_description":"Dermatolog ekibimiz Dr. Friedrichstr \u00fczerinde Hasert. Berlin'deki 113a, kendinizi kimin ellerine b\u0131rakt\u0131\u011f\u0131n\u0131z\u0131 bilmeniz i\u00e7in size kendini tan\u0131t\u0131yor.","og_url":"https:\/\/www.hasert-haut.de\/tr\/uygulama\/takim\/","og_site_name":"Hautarzt Berlin - Praxisklinik Dr. Hasert","article_modified_time":"2026-01-09T09:10:14+00:00","og_image":[{"width":900,"height":601,"url":"https:\/\/www.hasert-haut.de\/wp-content\/uploads\/2022\/07\/praxisklinik-dr-hasert-berlin-empfang_chapter.jpg","type":"image\/jpeg"}],"twitter_misc":{"Tahmini okuma s\u00fcresi":"3 dakika"},"schema":{"@context":"https:\/\/schema.org","@graph":[{"@type":"WebPage","@id":"https:\/\/www.hasert-haut.de\/tr\/uygulama\/takim\/","url":"https:\/\/www.hasert-haut.de\/tr\/uygulama\/takim\/","name":"Dermatolog ekibi Dr. Hasert, Berlin-Mitte, Friedrichstrasse'de","isPartOf":{"@id":"https:\/\/www.hasert-haut.de\/tr\/#website"},"primaryImageOfPage":{"@id":"https:\/\/www.hasert-haut.de\/tr\/uygulama\/takim\/#primaryimage"},"image":{"@id":"https:\/\/www.hasert-haut.de\/tr\/uygulama\/takim\/#primaryimage"},"thumbnailUrl":"https:\/\/www.hasert-haut.de\/wp-content\/uploads\/2022\/07\/praxisklinik-dr-hasert-berlin-empfang_chapter.jpg","datePublished":"2015-01-20T14:51:25+00:00","dateModified":"2026-01-09T09:10:14+00:00","description":"Dermatolog ekibimiz Dr. Friedrichstr \u00fczerinde Hasert. Berlin'deki 113a, kendinizi kimin ellerine b\u0131rakt\u0131\u011f\u0131n\u0131z\u0131 bilmeniz i\u00e7in size kendini tan\u0131t\u0131yor.","breadcrumb":{"@id":"https:\/\/www.hasert-haut.de\/tr\/uygulama\/takim\/#breadcrumb"},"inLanguage":"tr","potentialAction":[{"@type":"ReadAction","target":["https:\/\/www.hasert-haut.de\/tr\/uygulama\/takim\/"]}]},{"@type":"ImageObject","inLanguage":"tr","@id":"https:\/\/www.hasert-haut.de\/tr\/uygulama\/takim\/#primaryimage","url":"https:\/\/www.hasert-haut.de\/wp-content\/uploads\/2022\/07\/praxisklinik-dr-hasert-berlin-empfang_chapter.jpg","contentUrl":"https:\/\/www.hasert-haut.de\/wp-content\/uploads\/2022\/07\/praxisklinik-dr-hasert-berlin-empfang_chapter.jpg","width":900,"height":601,"caption":"Hautarzt Dr. Hasert Berlin-Mitte"},{"@type":"BreadcrumbList","@id":"https:\/\/www.hasert-haut.de\/tr\/uygulama\/takim\/#breadcrumb","itemListElement":[{"@type":"ListItem","position":1,"name":"Home","item":"https:\/\/www.hasert-haut.de\/tr\/hosgeldiniz\/"},{"@type":"ListItem","position":2,"name":"Uygulama","item":"https:\/\/www.hasert-haut.de\/tr\/uygulama\/"},{"@type":"ListItem","position":3,"name":"tak\u0131m"}]},{"@type":"WebSite","@id":"https:\/\/www.hasert-haut.de\/tr\/#website","url":"https:\/\/www.hasert-haut.de\/tr\/","name":"Hautarzt Berlin - Praxisklinik Dr. Hasert","description":"Hautarzt, Allgemeinmedizin","potentialAction":[{"@type":"SearchAction","target":{"@type":"EntryPoint","urlTemplate":"https:\/\/www.hasert-haut.de\/tr\/?s={search_term_string}"},"query-input":{"@type":"PropertyValueSpecification","valueRequired":true,"valueName":"search_term_string"}}],"inLanguage":"tr"}]}},"_links":{"self":[{"href":"https:\/\/www.hasert-haut.de\/tr\/wp-json\/wp\/v2\/pages\/2299","targetHints":{"allow":["GET"]}}],"collection":[{"href":"https:\/\/www.hasert-haut.de\/tr\/wp-json\/wp\/v2\/pages"}],"about":[{"href":"https:\/\/www.hasert-haut.de\/tr\/wp-json\/wp\/v2\/types\/page"}],"author":[{"embeddable":true,"href":"https:\/\/www.hasert-haut.de\/tr\/wp-json\/wp\/v2\/users\/1"}],"replies":[{"embeddable":true,"href":"https:\/\/www.hasert-haut.de\/tr\/wp-json\/wp\/v2\/comments?post=2299"}],"version-history":[{"count":17,"href":"https:\/\/www.hasert-haut.de\/tr\/wp-json\/wp\/v2\/pages\/2299\/revisions"}],"predecessor-version":[{"id":12790,"href":"https:\/\/www.hasert-haut.de\/tr\/wp-json\/wp\/v2\/pages\/2299\/revisions\/12790"}],"up":[{"embeddable":true,"href":"https:\/\/www.hasert-haut.de\/tr\/wp-json\/wp\/v2\/pages\/2139"}],"wp:featuredmedia":[{"embeddable":true,"href":"https:\/\/www.hasert-haut.de\/tr\/wp-json\/wp\/v2\/media\/2073"}],"wp:attachment":[{"href":"https:\/\/www.hasert-haut.de\/tr\/wp-json\/wp\/v2\/media?parent=2299"}],"curies":[{"name":"wp","href":"https:\/\/api.w.org\/{rel}","templated":true}]}}