{"id":6918,"date":"2022-10-11T09:11:35","date_gmt":"2022-10-11T09:11:35","guid":{"rendered":"https:\/\/www.hasert-haut.de\/leistungen\/entfernung-von-gutartigen-hautveraenderungen\/"},"modified":"2022-11-09T13:10:31","modified_gmt":"2022-11-09T13:10:31","slug":"eliminacion-de-cambios-benignos-de-la-piel","status":"publish","type":"portfolio","link":"https:\/\/www.hasert-haut.de\/tr\/leistungen\/eliminacion-de-cambios-benignos-de-la-piel\/","title":{"rendered":"\u0130yi huylu cilt lezyonlar\u0131n\u0131n \u00e7\u0131kar\u0131lmas\u0131"},"content":{"rendered":"\n<style type=\"text\/css\" data-created_by=\"avia_inline_auto\" id=\"style-css-av-26o5ho-6ce079eaed91ed68c88b88ded73a3532\">\n#top .av-special-heading.av-26o5ho-6ce079eaed91ed68c88b88ded73a3532{\npadding-bottom:10px;\n}\nbody .av-special-heading.av-26o5ho-6ce079eaed91ed68c88b88ded73a3532 .av-special-heading-tag .heading-char{\nfont-size:25px;\n}\n.av-special-heading.av-26o5ho-6ce079eaed91ed68c88b88ded73a3532 .av-subheading{\nfont-size:15px;\n}\n<\/style>\n<div  class='av-special-heading av-26o5ho-6ce079eaed91ed68c88b88ded73a3532 av-special-heading-h1 blockquote modern-quote  avia-builder-el-0  el_before_av_hr  avia-builder-el-first '><h1 class='av-special-heading-tag'  itemprop=\"headline\"  >\u0130yi huylu cilt lezyonlar\u0131n\u0131n \u00e7\u0131kar\u0131lmas\u0131<\/h1><div class=\"special-heading-border\"><div class=\"special-heading-inner-border\"><\/div><\/div><\/div>\n\n<style type=\"text\/css\" data-created_by=\"avia_inline_auto\" id=\"style-css-av-23c2w-63c30a4d71e2a7f4ef39eb4eede253df\">\n#top .hr.hr-invisible.av-23c2w-63c30a4d71e2a7f4ef39eb4eede253df{\nheight:50px;\n}\n<\/style>\n<div  class='hr av-23c2w-63c30a4d71e2a7f4ef39eb4eede253df hr-invisible  avia-builder-el-1  el_after_av_heading  el_before_av_two_third '><span class='hr-inner '><span class=\"hr-inner-style\"><\/span><\/span><\/div>\n\n<style type=\"text\/css\" data-created_by=\"avia_inline_auto\" id=\"style-css-av-6dj6ns-7472608404402ce7ad5c72bb757e28f8\">\n.flex_column.av-6dj6ns-7472608404402ce7ad5c72bb757e28f8{\nborder-radius:0px 0px 0px 0px;\npadding:0px 0px 0px 0px;\n}\n<\/style>\n<div  class='flex_column av-6dj6ns-7472608404402ce7ad5c72bb757e28f8 av_two_third  avia-builder-el-2  el_after_av_hr  el_before_av_one_third  first flex_column_div av-zero-column-padding  '     ><section  class='av_textblock_section av-2k5v8-1e414b30f3400260a7b35ab084614a80 '   itemscope=\"itemscope\" itemtype=\"https:\/\/schema.org\/CreativeWork\" ><div class='avia_textblock'  itemprop=\"text\" ><p style=\"text-align: justify;\">Ya\u015fl\u0131l\u0131k lekeleri, ya\u015fl\u0131l\u0131k si\u011filleri, miyomlar, pigmentsiz do\u011fum lekeleri (yans\u0131yan \u0131\u015f\u0131k mikroskobunda kesinlikle iyi huyludur), g\u00f6z \u00e7evresindeki sar\u0131 birikintiler (ksantelazma ve siringoma) ve si\u011filler gibi cilt de\u011fi\u015fiklikleri kendi ba\u015flar\u0131na zarars\u0131zd\u0131r, ancak bir\u00e7ok insan bunlar\u0131 can s\u0131k\u0131c\u0131 bulur. . Sonu\u00e7ta, bir ki\u015finin y\u00fcz\u00fcn\u00fcn bu t\u00fcr cilt de\u011fi\u015fiklikleri nedeniyle dikkati da\u011f\u0131lmas\u0131 genellikle \u00e7ok rahats\u0131z edicidir. Bu t\u00fcr deri ve damar de\u011fi\u015fikliklerinin giderilmesine y\u00f6nelik mevcut prosed\u00fcrler \u00e7o\u011funlukla nispeten zaman al\u0131c\u0131yd\u0131, genellikle a\u011fr\u0131l\u0131yd\u0131 ve \u00e7o\u011funlukla \u00e7ok etkili de\u011fildi.  <\/p>\n<p style=\"text-align: justify;\">Bununla birlikte, t\u0131bbi lazer teknolojisinin daha da geli\u015fmesi nedeniyle, bu sorunlar\u0131n kolay ve verimli bir \u015fekilde \u00e7\u00f6z\u00fclebilece\u011fi \u00e7e\u015fitli y\u00fcksek teknoloji y\u00f6ntemleri art\u0131k mevcuttur. Yukar\u0131da bahsedilen cilt de\u011fi\u015fiklikleri \u00f6rne\u011fin erbium YAG lazer, CO2 lazer ve yakut lazer ile giderilebilir. T\u00fcm bu sistemlerin yan\u0131 s\u0131ra epilasyon i\u00e7in bir lazer (Light sheer\u00ae) ve damar de\u011fi\u015fikliklerinin tedavisi i\u00e7in bir lazer (Quadro Star\u00ae) y\u0131llard\u0131r muayenehanemizde kurulmu\u015ftur.  <\/p>\n<\/div><\/section><\/div>\n<style type=\"text\/css\" data-created_by=\"avia_inline_auto\" id=\"style-css-av-35maw8-40d53b73a800c5af1e8f9ef0bbd6d964\">\n.flex_column.av-35maw8-40d53b73a800c5af1e8f9ef0bbd6d964{\nborder-radius:0px 0px 0px 0px;\npadding:0px 0px 0px 0px;\n}\n<\/style>\n<div  class='flex_column av-35maw8-40d53b73a800c5af1e8f9ef0bbd6d964 av_one_third  avia-builder-el-4  el_after_av_two_third  el_before_av_hr  flex_column_div av-zero-column-padding  '     ><div id='av-masonry-1' class='av-masonry av-l96s1ic1-553ce1d3c4756ae56fddee1d2d285887 noHover av-fixed-size av-large-gap av-hover-overlay-active av-masonry-animation-active av-masonry-col-2 av-caption-always av-caption-style- av-masonry-gallery ' data-post_id=\"6918\"><div class=\"av-masonry-container isotope av-js-disabled\"><div class='av-masonry-entry isotope-item av-masonry-item-no-image '><\/div><a href=\"https:\/\/www.hasert-haut.de\/wp-content\/uploads\/2015\/01\/Entfernung-von-gutartigen-Hautver\u00e4nderungen5.jpg\" data-srcset=\"https:\/\/www.hasert-haut.de\/wp-content\/uploads\/2015\/01\/Entfernung-von-gutartigen-Hautver\u00e4nderungen5.jpg 600w, https:\/\/www.hasert-haut.de\/wp-content\/uploads\/2015\/01\/Entfernung-von-gutartigen-Hautver\u00e4nderungen5-80x80.jpg 80w, https:\/\/www.hasert-haut.de\/wp-content\/uploads\/2015\/01\/Entfernung-von-gutartigen-Hautver\u00e4nderungen5-300x300.jpg 300w, https:\/\/www.hasert-haut.de\/wp-content\/uploads\/2015\/01\/Entfernung-von-gutartigen-Hautver\u00e4nderungen5-36x36.jpg 36w, https:\/\/www.hasert-haut.de\/wp-content\/uploads\/2015\/01\/Entfernung-von-gutartigen-Hautver\u00e4nderungen5-180x180.jpg 180w, https:\/\/www.hasert-haut.de\/wp-content\/uploads\/2015\/01\/Entfernung-von-gutartigen-Hautver\u00e4nderungen5-120x120.jpg 120w, https:\/\/www.hasert-haut.de\/wp-content\/uploads\/2015\/01\/Entfernung-von-gutartigen-Hautver\u00e4nderungen5-450x450.jpg 450w\" data-sizes=\"(max-width: 600px) 100vw, 600px\"  aria-label=\"image Entfernung von gutartigen Hautver\u00e4nderungen &#8211; Praxisklinik Dr. Hasert Berlin &#8211; Hautarzt\"  id='av-masonry-1-item-1936' data-av-masonry-item='1936' class='av-masonry-entry isotope-item post-1936 attachment type-attachment status-inherit hentry  av-masonry-item-with-image' title=\"Entfernung von gutartigen Hautver\u00e4nderungen &#8211; Praxisklinik Dr. Hasert Berlin &#8211; Hautarzt\" alt=\"\"    itemprop=\"thumbnailUrl\" ><div class='av-inner-masonry-sizer'><\/div><figure class='av-inner-masonry main_color'><div class=\"av-masonry-outerimage-container\"><div class='av-masonry-image-container' style=\"background-image: url(https:\/\/www.hasert-haut.de\/wp-content\/uploads\/2015\/01\/Entfernung-von-gutartigen-Hautver\u00e4nderungen5.jpg);\"  title=\"Entfernung von gutartigen Hautver\u00e4nderungen &#8211; Praxisklinik Dr. Hasert Berlin &#8211; Hautarzt\"  ><\/div><\/div><\/figure><\/a><!--end av-masonry entry--><a href=\"https:\/\/www.hasert-haut.de\/wp-content\/uploads\/2015\/01\/Entfernung-von-gutartigen-Hautver\u00e4nderungen4.jpg\" data-srcset=\"https:\/\/www.hasert-haut.de\/wp-content\/uploads\/2015\/01\/Entfernung-von-gutartigen-Hautver\u00e4nderungen4.jpg 600w, https:\/\/www.hasert-haut.de\/wp-content\/uploads\/2015\/01\/Entfernung-von-gutartigen-Hautver\u00e4nderungen4-80x80.jpg 80w, https:\/\/www.hasert-haut.de\/wp-content\/uploads\/2015\/01\/Entfernung-von-gutartigen-Hautver\u00e4nderungen4-300x300.jpg 300w, https:\/\/www.hasert-haut.de\/wp-content\/uploads\/2015\/01\/Entfernung-von-gutartigen-Hautver\u00e4nderungen4-36x36.jpg 36w, https:\/\/www.hasert-haut.de\/wp-content\/uploads\/2015\/01\/Entfernung-von-gutartigen-Hautver\u00e4nderungen4-180x180.jpg 180w, https:\/\/www.hasert-haut.de\/wp-content\/uploads\/2015\/01\/Entfernung-von-gutartigen-Hautver\u00e4nderungen4-120x120.jpg 120w, https:\/\/www.hasert-haut.de\/wp-content\/uploads\/2015\/01\/Entfernung-von-gutartigen-Hautver\u00e4nderungen4-450x450.jpg 450w\" data-sizes=\"(max-width: 600px) 100vw, 600px\"  aria-label=\"image Entfernung von gutartigen Hautver\u00e4nderungen\"  id='av-masonry-1-item-1935' data-av-masonry-item='1935' class='av-masonry-entry isotope-item post-1935 attachment type-attachment status-inherit hentry  av-masonry-item-with-image' title=\"Entfernung von gutartigen Hautver\u00e4nderungen\" alt=\"\"    itemprop=\"thumbnailUrl\" ><div class='av-inner-masonry-sizer'><\/div><figure class='av-inner-masonry main_color'><div class=\"av-masonry-outerimage-container\"><div class='av-masonry-image-container' style=\"background-image: url(https:\/\/www.hasert-haut.de\/wp-content\/uploads\/2015\/01\/Entfernung-von-gutartigen-Hautver\u00e4nderungen4.jpg);\"  title=\"Entfernung von gutartigen Hautver\u00e4nderungen\"  ><\/div><\/div><\/figure><\/a><!--end av-masonry entry--><a href=\"https:\/\/www.hasert-haut.de\/wp-content\/uploads\/2015\/01\/Entfernung-von-gutartigen-Hautver\u00e4nderungen3.jpg\" data-srcset=\"https:\/\/www.hasert-haut.de\/wp-content\/uploads\/2015\/01\/Entfernung-von-gutartigen-Hautver\u00e4nderungen3.jpg 600w, https:\/\/www.hasert-haut.de\/wp-content\/uploads\/2015\/01\/Entfernung-von-gutartigen-Hautver\u00e4nderungen3-80x80.jpg 80w, https:\/\/www.hasert-haut.de\/wp-content\/uploads\/2015\/01\/Entfernung-von-gutartigen-Hautver\u00e4nderungen3-300x300.jpg 300w, https:\/\/www.hasert-haut.de\/wp-content\/uploads\/2015\/01\/Entfernung-von-gutartigen-Hautver\u00e4nderungen3-36x36.jpg 36w, https:\/\/www.hasert-haut.de\/wp-content\/uploads\/2015\/01\/Entfernung-von-gutartigen-Hautver\u00e4nderungen3-180x180.jpg 180w, https:\/\/www.hasert-haut.de\/wp-content\/uploads\/2015\/01\/Entfernung-von-gutartigen-Hautver\u00e4nderungen3-120x120.jpg 120w, https:\/\/www.hasert-haut.de\/wp-content\/uploads\/2015\/01\/Entfernung-von-gutartigen-Hautver\u00e4nderungen3-450x450.jpg 450w\" data-sizes=\"(max-width: 600px) 100vw, 600px\"  aria-label=\"image Entfernung von gutartigen Hautver\u00e4nderungen\"  id='av-masonry-1-item-1934' data-av-masonry-item='1934' class='av-masonry-entry isotope-item post-1934 attachment type-attachment status-inherit hentry  av-masonry-item-with-image' title=\"Entfernung von gutartigen Hautver\u00e4nderungen\" alt=\"\"    itemprop=\"thumbnailUrl\" ><div class='av-inner-masonry-sizer'><\/div><figure class='av-inner-masonry main_color'><div class=\"av-masonry-outerimage-container\"><div class='av-masonry-image-container' style=\"background-image: url(https:\/\/www.hasert-haut.de\/wp-content\/uploads\/2015\/01\/Entfernung-von-gutartigen-Hautver\u00e4nderungen3.jpg);\"  title=\"Entfernung von gutartigen Hautver\u00e4nderungen\"  ><\/div><\/div><\/figure><\/a><!--end av-masonry entry--><a href=\"https:\/\/www.hasert-haut.de\/wp-content\/uploads\/2015\/01\/Entfernung-von-gutartigen-Hautver\u00e4nderungen2.jpg\" data-srcset=\"https:\/\/www.hasert-haut.de\/wp-content\/uploads\/2015\/01\/Entfernung-von-gutartigen-Hautver\u00e4nderungen2.jpg 600w, https:\/\/www.hasert-haut.de\/wp-content\/uploads\/2015\/01\/Entfernung-von-gutartigen-Hautver\u00e4nderungen2-80x80.jpg 80w, https:\/\/www.hasert-haut.de\/wp-content\/uploads\/2015\/01\/Entfernung-von-gutartigen-Hautver\u00e4nderungen2-300x300.jpg 300w, https:\/\/www.hasert-haut.de\/wp-content\/uploads\/2015\/01\/Entfernung-von-gutartigen-Hautver\u00e4nderungen2-36x36.jpg 36w, https:\/\/www.hasert-haut.de\/wp-content\/uploads\/2015\/01\/Entfernung-von-gutartigen-Hautver\u00e4nderungen2-180x180.jpg 180w, https:\/\/www.hasert-haut.de\/wp-content\/uploads\/2015\/01\/Entfernung-von-gutartigen-Hautver\u00e4nderungen2-120x120.jpg 120w, https:\/\/www.hasert-haut.de\/wp-content\/uploads\/2015\/01\/Entfernung-von-gutartigen-Hautver\u00e4nderungen2-450x450.jpg 450w\" data-sizes=\"(max-width: 600px) 100vw, 600px\"  aria-label=\"image Entfernung von gutartigen Hautver\u00e4nderungen\"  id='av-masonry-1-item-1933' data-av-masonry-item='1933' class='av-masonry-entry isotope-item post-1933 attachment type-attachment status-inherit hentry  av-masonry-item-with-image' title=\"Entfernung von gutartigen Hautver\u00e4nderungen\" alt=\"\"    itemprop=\"thumbnailUrl\" ><div class='av-inner-masonry-sizer'><\/div><figure class='av-inner-masonry main_color'><div class=\"av-masonry-outerimage-container\"><div class='av-masonry-image-container' style=\"background-image: url(https:\/\/www.hasert-haut.de\/wp-content\/uploads\/2015\/01\/Entfernung-von-gutartigen-Hautver\u00e4nderungen2.jpg);\"  title=\"Entfernung von gutartigen Hautver\u00e4nderungen\"  ><\/div><\/div><\/figure><\/a><!--end av-masonry entry--><a href=\"https:\/\/www.hasert-haut.de\/wp-content\/uploads\/2015\/01\/Entfernung-von-gutartigen-Hautver\u00e4nderungen1.jpg\" data-srcset=\"https:\/\/www.hasert-haut.de\/wp-content\/uploads\/2015\/01\/Entfernung-von-gutartigen-Hautver\u00e4nderungen1.jpg 600w, https:\/\/www.hasert-haut.de\/wp-content\/uploads\/2015\/01\/Entfernung-von-gutartigen-Hautver\u00e4nderungen1-80x80.jpg 80w, https:\/\/www.hasert-haut.de\/wp-content\/uploads\/2015\/01\/Entfernung-von-gutartigen-Hautver\u00e4nderungen1-300x300.jpg 300w, https:\/\/www.hasert-haut.de\/wp-content\/uploads\/2015\/01\/Entfernung-von-gutartigen-Hautver\u00e4nderungen1-36x36.jpg 36w, https:\/\/www.hasert-haut.de\/wp-content\/uploads\/2015\/01\/Entfernung-von-gutartigen-Hautver\u00e4nderungen1-180x180.jpg 180w, https:\/\/www.hasert-haut.de\/wp-content\/uploads\/2015\/01\/Entfernung-von-gutartigen-Hautver\u00e4nderungen1-120x120.jpg 120w, https:\/\/www.hasert-haut.de\/wp-content\/uploads\/2015\/01\/Entfernung-von-gutartigen-Hautver\u00e4nderungen1-450x450.jpg 450w\" data-sizes=\"(max-width: 600px) 100vw, 600px\"  aria-label=\"image Entfernung von gutartigen Hautver\u00e4nderungen\"  id='av-masonry-1-item-1932' data-av-masonry-item='1932' class='av-masonry-entry isotope-item post-1932 attachment type-attachment status-inherit hentry  av-masonry-item-with-image' title=\"Entfernung von gutartigen Hautver\u00e4nderungen\" alt=\"\"    itemprop=\"thumbnailUrl\" ><div class='av-inner-masonry-sizer'><\/div><figure class='av-inner-masonry main_color'><div class=\"av-masonry-outerimage-container\"><div class='av-masonry-image-container' style=\"background-image: url(https:\/\/www.hasert-haut.de\/wp-content\/uploads\/2015\/01\/Entfernung-von-gutartigen-Hautver\u00e4nderungen1.jpg);\"  title=\"Entfernung von gutartigen Hautver\u00e4nderungen\"  ><\/div><\/div><\/figure><\/a><!--end av-masonry entry--><\/div><\/div><\/div>\n<style type=\"text\/css\" data-created_by=\"avia_inline_auto\" id=\"style-css-av-1r06m-22f4993bc341f54115743d69d089ae2f\">\n#top .hr.hr-invisible.av-1r06m-22f4993bc341f54115743d69d089ae2f{\nheight:50px;\n}\n<\/style>\n<div  class='hr av-1r06m-22f4993bc341f54115743d69d089ae2f hr-invisible  avia-builder-el-6  el_after_av_one_third  el_before_av_postcontent  avia-builder-el-last '><span class='hr-inner '><span class=\"hr-inner-style\"><\/span><\/span><\/div><\/p>\n[av_heading heading='Uygulamam\u0131z\u0131n di\u011fer hizmetleri' tag='h3' style='blockquote modern-quote modern-centered' subheading_active='' show_icon='' icon='ue800' font='' size='' av-medium-font-size-title='' av-small-font-size-title='' av-mini-font-size-title='' subheading_size='' av-medium-font-size='' av-small-font-size='' av-mini-font-size='' icon_size='' av-medium-font-size-1='' av-small-font-size-1='' av-mini-font-size-1='' color='' custom_font='' icon_color='' margin='' margin_sync='true' padding='10' icon_padding='10' link='' link_target='' id='' custom_class='' av_uid='av-l9475f5a' admin_preview_bg=''][\/av_heading]\n\n[av_masonry_entries link='portfolio_entries,95,72,73,71' wc_prod_visible='' wc_prod_hidden='hide' wc_prod_featured='' prod_order_by='' prod_order='' date_filter='' date_filter_start='' date_filter_end='' date_filter_format='yy\/mm\/dd' sort='no' query_orderby='rand' query_order='DESC' caption_elements='title' caption_styling='overlay' caption_display='always' size='fixed' orientation='' gap='large' columns='5' av-medium-columns='' av-small-columns='' av-mini-columns='' items='5' paginate='none' color='' custom_bg='' overlay_fx='active' animation='active' lazy_loading='disabled' id='' custom_class='' av_uid='av-l9474s7j']\n","protected":false},"excerpt":{"rendered":"<p>Ya\u015fl\u0131l\u0131k lekeleri, ya\u015fl\u0131l\u0131k si\u011filleri, miyomlar, pigmentsiz do\u011fum lekeleri (yans\u0131yan \u0131\u015f\u0131k mikroskobunda kesinlikle iyi huyludur), g\u00f6z \u00e7evresindeki sar\u0131 birikintiler (ksantelazma ve siringoma) ve si\u011filler gibi cilt de\u011fi\u015fiklikleri kendi ba\u015flar\u0131na zarars\u0131zd\u0131r, ancak bir\u00e7ok insan bunlar\u0131 can s\u0131k\u0131c\u0131 bulur. .<\/p>\n","protected":false},"featured_media":2016,"comment_status":"closed","ping_status":"closed","template":"","tags":[],"portfolio_entries":[94],"class_list":["post-6918","portfolio","type-portfolio","status-publish","has-post-thumbnail","hentry","portfolio_entries-aesthetische-dermatologie-tr"],"yoast_head":"<!-- This site is optimized with the Yoast SEO plugin v25.3.1 - https:\/\/yoast.com\/wordpress\/plugins\/seo\/ -->\n<title>Lesiones cut\u00e1neas benignas | dermat\u00f3logo dr Hasert Berl\u00edn<\/title>\n<meta name=\"description\" content=\"\u0130yi huylu cilt de\u011fi\u015fikliklerinin giderilmesi: ya\u015fl\u0131l\u0131k lekeleri, ya\u015fl\u0131l\u0131k si\u011filleri, miyomlar, pigmentsiz benler ve g\u00f6z \u00e7evresinde sar\u0131 birikintiler.\" \/>\n<meta name=\"robots\" content=\"index, follow, max-snippet:-1, max-image-preview:large, max-video-preview:-1\" \/>\n<link rel=\"canonical\" href=\"https:\/\/www.hasert-haut.de\/tr\/leistungen\/eliminacion-de-cambios-benignos-de-la-piel\/\" \/>\n<meta property=\"og:locale\" content=\"tr_TR\" \/>\n<meta property=\"og:type\" content=\"article\" \/>\n<meta property=\"og:title\" content=\"Lesiones cut\u00e1neas benignas | dermat\u00f3logo dr Hasert Berl\u00edn\" \/>\n<meta property=\"og:description\" content=\"\u0130yi huylu cilt de\u011fi\u015fikliklerinin giderilmesi: ya\u015fl\u0131l\u0131k lekeleri, ya\u015fl\u0131l\u0131k si\u011filleri, miyomlar, pigmentsiz benler ve g\u00f6z \u00e7evresinde sar\u0131 birikintiler.\" \/>\n<meta property=\"og:url\" content=\"https:\/\/www.hasert-haut.de\/tr\/leistungen\/eliminacion-de-cambios-benignos-de-la-piel\/\" \/>\n<meta property=\"og:site_name\" content=\"Hautarzt Berlin - Praxisklinik Dr. Hasert\" \/>\n<meta property=\"article:modified_time\" content=\"2022-11-09T13:10:31+00:00\" \/>\n<meta property=\"og:image\" content=\"https:\/\/www.hasert-haut.de\/wp-content\/uploads\/2016\/11\/entfernung-von-gutartigen-hautver\u00e4nderungen.jpg\" \/>\n\t<meta property=\"og:image:width\" content=\"600\" \/>\n\t<meta property=\"og:image:height\" content=\"400\" \/>\n\t<meta property=\"og:image:type\" content=\"image\/jpeg\" \/>\n<meta name=\"twitter:label1\" content=\"Tahmini okuma s\u00fcresi\" \/>\n\t<meta name=\"twitter:data1\" content=\"4 dakika\" \/>\n<script type=\"application\/ld+json\" class=\"yoast-schema-graph\">{\"@context\":\"https:\/\/schema.org\",\"@graph\":[{\"@type\":\"WebPage\",\"@id\":\"https:\/\/www.hasert-haut.de\/tr\/leistungen\/eliminacion-de-cambios-benignos-de-la-piel\/\",\"url\":\"https:\/\/www.hasert-haut.de\/tr\/leistungen\/eliminacion-de-cambios-benignos-de-la-piel\/\",\"name\":\"Lesiones cut\u00e1neas benignas | dermat\u00f3logo dr Hasert Berl\u00edn\",\"isPartOf\":{\"@id\":\"https:\/\/www.hasert-haut.de\/tr\/#website\"},\"primaryImageOfPage\":{\"@id\":\"https:\/\/www.hasert-haut.de\/tr\/leistungen\/eliminacion-de-cambios-benignos-de-la-piel\/#primaryimage\"},\"image\":{\"@id\":\"https:\/\/www.hasert-haut.de\/tr\/leistungen\/eliminacion-de-cambios-benignos-de-la-piel\/#primaryimage\"},\"thumbnailUrl\":\"https:\/\/www.hasert-haut.de\/wp-content\/uploads\/2016\/11\/entfernung-von-gutartigen-hautver\u00e4nderungen.jpg\",\"datePublished\":\"2022-10-11T09:11:35+00:00\",\"dateModified\":\"2022-11-09T13:10:31+00:00\",\"description\":\"\u0130yi huylu cilt de\u011fi\u015fikliklerinin giderilmesi: ya\u015fl\u0131l\u0131k lekeleri, ya\u015fl\u0131l\u0131k si\u011filleri, miyomlar, pigmentsiz benler ve g\u00f6z \u00e7evresinde sar\u0131 birikintiler.\",\"breadcrumb\":{\"@id\":\"https:\/\/www.hasert-haut.de\/tr\/leistungen\/eliminacion-de-cambios-benignos-de-la-piel\/#breadcrumb\"},\"inLanguage\":\"tr\",\"potentialAction\":[{\"@type\":\"ReadAction\",\"target\":[\"https:\/\/www.hasert-haut.de\/tr\/leistungen\/eliminacion-de-cambios-benignos-de-la-piel\/\"]}]},{\"@type\":\"ImageObject\",\"inLanguage\":\"tr\",\"@id\":\"https:\/\/www.hasert-haut.de\/tr\/leistungen\/eliminacion-de-cambios-benignos-de-la-piel\/#primaryimage\",\"url\":\"https:\/\/www.hasert-haut.de\/wp-content\/uploads\/2016\/11\/entfernung-von-gutartigen-hautver\u00e4nderungen.jpg\",\"contentUrl\":\"https:\/\/www.hasert-haut.de\/wp-content\/uploads\/2016\/11\/entfernung-von-gutartigen-hautver\u00e4nderungen.jpg\",\"width\":600,\"height\":400,\"caption\":\"Entfernung von gutartigen Hautver\u00e4nderungen - Praxisklinik Dr. Hasert Berlin - Hautarzt\"},{\"@type\":\"BreadcrumbList\",\"@id\":\"https:\/\/www.hasert-haut.de\/tr\/leistungen\/eliminacion-de-cambios-benignos-de-la-piel\/#breadcrumb\",\"itemListElement\":[{\"@type\":\"ListItem\",\"position\":1,\"name\":\"Home\",\"item\":\"https:\/\/www.hasert-haut.de\/tr\/hosgeldiniz\/\"},{\"@type\":\"ListItem\",\"position\":2,\"name\":\"\u0130yi huylu cilt lezyonlar\u0131n\u0131n \u00e7\u0131kar\u0131lmas\u0131\"}]},{\"@type\":\"WebSite\",\"@id\":\"https:\/\/www.hasert-haut.de\/tr\/#website\",\"url\":\"https:\/\/www.hasert-haut.de\/tr\/\",\"name\":\"Hautarzt Berlin - Praxisklinik Dr. Hasert\",\"description\":\"Hautarzt, Allgemeinmedizin\",\"potentialAction\":[{\"@type\":\"SearchAction\",\"target\":{\"@type\":\"EntryPoint\",\"urlTemplate\":\"https:\/\/www.hasert-haut.de\/tr\/?s={search_term_string}\"},\"query-input\":{\"@type\":\"PropertyValueSpecification\",\"valueRequired\":true,\"valueName\":\"search_term_string\"}}],\"inLanguage\":\"tr\"}]}<\/script>\n<!-- \/ Yoast SEO plugin. -->","yoast_head_json":{"title":"Lesiones cut\u00e1neas benignas | dermat\u00f3logo dr Hasert Berl\u00edn","description":"\u0130yi huylu cilt de\u011fi\u015fikliklerinin giderilmesi: ya\u015fl\u0131l\u0131k lekeleri, ya\u015fl\u0131l\u0131k si\u011filleri, miyomlar, pigmentsiz benler ve g\u00f6z \u00e7evresinde sar\u0131 birikintiler.","robots":{"index":"index","follow":"follow","max-snippet":"max-snippet:-1","max-image-preview":"max-image-preview:large","max-video-preview":"max-video-preview:-1"},"canonical":"https:\/\/www.hasert-haut.de\/tr\/leistungen\/eliminacion-de-cambios-benignos-de-la-piel\/","og_locale":"tr_TR","og_type":"article","og_title":"Lesiones cut\u00e1neas benignas | dermat\u00f3logo dr Hasert Berl\u00edn","og_description":"\u0130yi huylu cilt de\u011fi\u015fikliklerinin giderilmesi: ya\u015fl\u0131l\u0131k lekeleri, ya\u015fl\u0131l\u0131k si\u011filleri, miyomlar, pigmentsiz benler ve g\u00f6z \u00e7evresinde sar\u0131 birikintiler.","og_url":"https:\/\/www.hasert-haut.de\/tr\/leistungen\/eliminacion-de-cambios-benignos-de-la-piel\/","og_site_name":"Hautarzt Berlin - Praxisklinik Dr. Hasert","article_modified_time":"2022-11-09T13:10:31+00:00","og_image":[{"width":600,"height":400,"url":"https:\/\/www.hasert-haut.de\/wp-content\/uploads\/2016\/11\/entfernung-von-gutartigen-hautver\u00e4nderungen.jpg","type":"image\/jpeg"}],"twitter_misc":{"Tahmini okuma s\u00fcresi":"4 dakika"},"schema":{"@context":"https:\/\/schema.org","@graph":[{"@type":"WebPage","@id":"https:\/\/www.hasert-haut.de\/tr\/leistungen\/eliminacion-de-cambios-benignos-de-la-piel\/","url":"https:\/\/www.hasert-haut.de\/tr\/leistungen\/eliminacion-de-cambios-benignos-de-la-piel\/","name":"Lesiones cut\u00e1neas benignas | dermat\u00f3logo dr Hasert Berl\u00edn","isPartOf":{"@id":"https:\/\/www.hasert-haut.de\/tr\/#website"},"primaryImageOfPage":{"@id":"https:\/\/www.hasert-haut.de\/tr\/leistungen\/eliminacion-de-cambios-benignos-de-la-piel\/#primaryimage"},"image":{"@id":"https:\/\/www.hasert-haut.de\/tr\/leistungen\/eliminacion-de-cambios-benignos-de-la-piel\/#primaryimage"},"thumbnailUrl":"https:\/\/www.hasert-haut.de\/wp-content\/uploads\/2016\/11\/entfernung-von-gutartigen-hautver\u00e4nderungen.jpg","datePublished":"2022-10-11T09:11:35+00:00","dateModified":"2022-11-09T13:10:31+00:00","description":"\u0130yi huylu cilt de\u011fi\u015fikliklerinin giderilmesi: ya\u015fl\u0131l\u0131k lekeleri, ya\u015fl\u0131l\u0131k si\u011filleri, miyomlar, pigmentsiz benler ve g\u00f6z \u00e7evresinde sar\u0131 birikintiler.","breadcrumb":{"@id":"https:\/\/www.hasert-haut.de\/tr\/leistungen\/eliminacion-de-cambios-benignos-de-la-piel\/#breadcrumb"},"inLanguage":"tr","potentialAction":[{"@type":"ReadAction","target":["https:\/\/www.hasert-haut.de\/tr\/leistungen\/eliminacion-de-cambios-benignos-de-la-piel\/"]}]},{"@type":"ImageObject","inLanguage":"tr","@id":"https:\/\/www.hasert-haut.de\/tr\/leistungen\/eliminacion-de-cambios-benignos-de-la-piel\/#primaryimage","url":"https:\/\/www.hasert-haut.de\/wp-content\/uploads\/2016\/11\/entfernung-von-gutartigen-hautver\u00e4nderungen.jpg","contentUrl":"https:\/\/www.hasert-haut.de\/wp-content\/uploads\/2016\/11\/entfernung-von-gutartigen-hautver\u00e4nderungen.jpg","width":600,"height":400,"caption":"Entfernung von gutartigen Hautver\u00e4nderungen - Praxisklinik Dr. Hasert Berlin - Hautarzt"},{"@type":"BreadcrumbList","@id":"https:\/\/www.hasert-haut.de\/tr\/leistungen\/eliminacion-de-cambios-benignos-de-la-piel\/#breadcrumb","itemListElement":[{"@type":"ListItem","position":1,"name":"Home","item":"https:\/\/www.hasert-haut.de\/tr\/hosgeldiniz\/"},{"@type":"ListItem","position":2,"name":"\u0130yi huylu cilt lezyonlar\u0131n\u0131n \u00e7\u0131kar\u0131lmas\u0131"}]},{"@type":"WebSite","@id":"https:\/\/www.hasert-haut.de\/tr\/#website","url":"https:\/\/www.hasert-haut.de\/tr\/","name":"Hautarzt Berlin - Praxisklinik Dr. Hasert","description":"Hautarzt, Allgemeinmedizin","potentialAction":[{"@type":"SearchAction","target":{"@type":"EntryPoint","urlTemplate":"https:\/\/www.hasert-haut.de\/tr\/?s={search_term_string}"},"query-input":{"@type":"PropertyValueSpecification","valueRequired":true,"valueName":"search_term_string"}}],"inLanguage":"tr"}]}},"_links":{"self":[{"href":"https:\/\/www.hasert-haut.de\/tr\/wp-json\/wp\/v2\/portfolio\/6918","targetHints":{"allow":["GET"]}}],"collection":[{"href":"https:\/\/www.hasert-haut.de\/tr\/wp-json\/wp\/v2\/portfolio"}],"about":[{"href":"https:\/\/www.hasert-haut.de\/tr\/wp-json\/wp\/v2\/types\/portfolio"}],"replies":[{"embeddable":true,"href":"https:\/\/www.hasert-haut.de\/tr\/wp-json\/wp\/v2\/comments?post=6918"}],"version-history":[{"count":13,"href":"https:\/\/www.hasert-haut.de\/tr\/wp-json\/wp\/v2\/portfolio\/6918\/revisions"}],"predecessor-version":[{"id":10944,"href":"https:\/\/www.hasert-haut.de\/tr\/wp-json\/wp\/v2\/portfolio\/6918\/revisions\/10944"}],"wp:featuredmedia":[{"embeddable":true,"href":"https:\/\/www.hasert-haut.de\/tr\/wp-json\/wp\/v2\/media\/2016"}],"wp:attachment":[{"href":"https:\/\/www.hasert-haut.de\/tr\/wp-json\/wp\/v2\/media?parent=6918"}],"wp:term":[{"taxonomy":"post_tag","embeddable":true,"href":"https:\/\/www.hasert-haut.de\/tr\/wp-json\/wp\/v2\/tags?post=6918"},{"taxonomy":"portfolio_entries","embeddable":true,"href":"https:\/\/www.hasert-haut.de\/tr\/wp-json\/wp\/v2\/portfolio_entries?post=6918"}],"curies":[{"name":"wp","href":"https:\/\/api.w.org\/{rel}","templated":true}]}}