{"id":6936,"date":"2022-10-11T09:15:25","date_gmt":"2022-10-11T09:15:25","guid":{"rendered":"https:\/\/www.hasert-haut.de\/leistungen\/fadenlifting\/"},"modified":"2022-11-09T13:10:30","modified_gmt":"2022-11-09T13:10:30","slug":"iplik-kaldirma","status":"publish","type":"portfolio","link":"https:\/\/www.hasert-haut.de\/tr\/leistungen\/iplik-kaldirma\/","title":{"rendered":"iplik kald\u0131rma"},"content":{"rendered":"\n<style type=\"text\/css\" data-created_by=\"avia_inline_auto\" id=\"style-css-av-2cftl5-f49a5ffdfa33dc578d1c9457a278a241\">\n.flex_column.av-2cftl5-f49a5ffdfa33dc578d1c9457a278a241{\nborder-radius:0px 0px 0px 0px;\npadding:0px 0px 0px 0px;\n}\n<\/style>\n<div  class='flex_column av-2cftl5-f49a5ffdfa33dc578d1c9457a278a241 av_two_third  avia-builder-el-0  el_before_av_one_third  avia-builder-el-first  first flex_column_div av-zero-column-padding  '     ><p>\n<style type=\"text\/css\" data-created_by=\"avia_inline_auto\" id=\"style-css-av-29wvo1-008d4955f5f014b781f4a8bd942a86af\">\n#top .av-special-heading.av-29wvo1-008d4955f5f014b781f4a8bd942a86af{\npadding-bottom:10px;\n}\nbody .av-special-heading.av-29wvo1-008d4955f5f014b781f4a8bd942a86af .av-special-heading-tag .heading-char{\nfont-size:25px;\n}\n.av-special-heading.av-29wvo1-008d4955f5f014b781f4a8bd942a86af .av-subheading{\nfont-size:15px;\n}\n<\/style>\n<div  class='av-special-heading av-29wvo1-008d4955f5f014b781f4a8bd942a86af av-special-heading-h1 blockquote modern-quote  avia-builder-el-1  el_before_av_textblock  avia-builder-el-first '><h1 class='av-special-heading-tag'  itemprop=\"headline\"  >APTOS iplik kald\u0131rma<\/h1><div class=\"special-heading-border\"><div class=\"special-heading-inner-border\"><\/div><\/div><\/div><br \/>\n<section  class='av_textblock_section av-24fa8p-d9ec1db1713378d32293c13aaf4423b5 '   itemscope=\"itemscope\" itemtype=\"https:\/\/schema.org\/CreativeWork\" ><div class='avia_textblock'  itemprop=\"text\" ><p style=\"text-align: justify;\">APTOS iplik kald\u0131r\u0131c\u0131, k\u0131r\u0131\u015f\u0131kl\u0131klar\u0131n modern ve nazik bir \u015fekilde \u00f6nlenmesi ve giderilmesi i\u00e7in kullan\u0131l\u0131r. Kald\u0131rma, s\u0131radan cerrahi prosed\u00fcrlere g\u00f6re bir\u00e7ok avantaja sahiptir. Anestezi ve cilt kesileri olmadan do\u011fal ve estetik bir sonu\u00e7 al\u0131rs\u0131n\u0131z. Sonu\u00e7 olarak, tedaviden sonra g\u00f6ze ho\u015f gelmeyen iz kalmaz. Lokal anestezi ile tam y\u00fcz germe 40-60 dakikada, bireysel b\u00f6lgelere 10-15 dakikada ger\u00e7ekle\u015ftirilir. Uygulamam\u0131zda i\u015flem \u00e7ok basit bir \u015fekilde ayaktan tedavi baz\u0131nda ger\u00e7ekle\u015ftirilir. Hemen ard\u0131ndan ilk sonu\u00e7lar\u0131 fark edeceksiniz. \u0130plik kald\u0131rmadan 3-4 hafta sonra daha fazla sonu\u00e7 g\u00f6r\u00fclmeye devam edecektir. \u0130ple germe i\u015fleminin etkisi b\u00f6lgeye g\u00f6re de\u011fi\u015fmekle birlikte 3 y\u0131la kadar s\u00fcrer.        <\/p>\n<\/div><\/section><\/p><\/div>\n\n<style type=\"text\/css\" data-created_by=\"avia_inline_auto\" id=\"style-css-av-1xinmh-66371a27817b4686df41e723ca03c8c5\">\n.flex_column.av-1xinmh-66371a27817b4686df41e723ca03c8c5{\nborder-radius:0px 0px 0px 0px;\npadding:0px 0px 0px 0px;\n}\n<\/style>\n<div  class='flex_column av-1xinmh-66371a27817b4686df41e723ca03c8c5 av_one_third  avia-builder-el-3  el_after_av_two_third  el_before_av_one_full  flex_column_div av-zero-column-padding  '     ><style type=\"text\/css\" data-created_by=\"avia_inline_auto\" id=\"style-css-av-1pbu75-feb73fee87ca3026c6b1de4ebc60bc76\">\n.avia-image-container.av-1pbu75-feb73fee87ca3026c6b1de4ebc60bc76 img.avia_image{\nbox-shadow:none;\n}\n.avia-image-container.av-1pbu75-feb73fee87ca3026c6b1de4ebc60bc76 .av-image-caption-overlay-center{\ncolor:#ffffff;\n}\n<\/style>\n<div  class='avia-image-container av-1pbu75-feb73fee87ca3026c6b1de4ebc60bc76 av-styling-no-styling avia-align-center  avia-builder-el-4  avia-builder-el-no-sibling '   itemprop=\"image\" itemscope=\"itemscope\" itemtype=\"https:\/\/schema.org\/ImageObject\" ><div class=\"avia-image-container-inner\"><div class=\"avia-image-overlay-wrap\"><img decoding=\"async\" fetchpriority=\"high\" class='wp-image-2046 avia-img-lazy-loading-not-2046 avia_image ' src=\"https:\/\/www.hasert-haut.de\/wp-content\/uploads\/2017\/05\/aptos.jpg\" alt='Light-Lift-Linea-Method | Hautarzt Dr. Hasert Berlin-Mitte' title='aptos'  height=\"500\" width=\"500\"  itemprop=\"thumbnailUrl\" srcset=\"https:\/\/www.hasert-haut.de\/wp-content\/uploads\/2017\/05\/aptos.jpg 500w, https:\/\/www.hasert-haut.de\/wp-content\/uploads\/2017\/05\/aptos-80x80.jpg 80w, https:\/\/www.hasert-haut.de\/wp-content\/uploads\/2017\/05\/aptos-300x300.jpg 300w, https:\/\/www.hasert-haut.de\/wp-content\/uploads\/2017\/05\/aptos-36x36.jpg 36w, https:\/\/www.hasert-haut.de\/wp-content\/uploads\/2017\/05\/aptos-180x180.jpg 180w, https:\/\/www.hasert-haut.de\/wp-content\/uploads\/2017\/05\/aptos-120x120.jpg 120w, https:\/\/www.hasert-haut.de\/wp-content\/uploads\/2017\/05\/aptos-450x450.jpg 450w\" sizes=\"(max-width: 500px) 100vw, 500px\" \/><\/div><\/div><\/div><\/div>\n\n<style type=\"text\/css\" data-created_by=\"avia_inline_auto\" id=\"style-css-av-1koqrl-8d3b38375629da3390bcf79470ed592f\">\n.flex_column.av-1koqrl-8d3b38375629da3390bcf79470ed592f{\nborder-radius:0px 0px 0px 0px;\npadding:0px 0px 0px 0px;\n}\n<\/style>\n<div  class='flex_column av-1koqrl-8d3b38375629da3390bcf79470ed592f av_one_full  avia-builder-el-5  el_after_av_one_third  el_before_av_heading  first flex_column_div av-zero-column-padding  column-top-margin'     ><div id='av-masonry-1' class='av-masonry av-4ux0h-00f561638bf9f9c5968bb98f42dc845f noHover av-fixed-size av-large-gap av-hover-overlay-active av-masonry-animation-active av-masonry-col-3 av-caption-always av-caption-style- av-masonry-gallery ' data-post_id=\"6936\"><div class=\"av-masonry-container isotope av-js-disabled\"><div class='av-masonry-entry isotope-item av-masonry-item-no-image '><\/div><a href=\"https:\/\/www.hasert-haut.de\/wp-content\/uploads\/2017\/05\/Light-Lift-Thread-new.jpg\" data-srcset=\"https:\/\/www.hasert-haut.de\/wp-content\/uploads\/2017\/05\/Light-Lift-Thread-new.jpg 918w, https:\/\/www.hasert-haut.de\/wp-content\/uploads\/2017\/05\/Light-Lift-Thread-new-300x261.jpg 300w, https:\/\/www.hasert-haut.de\/wp-content\/uploads\/2017\/05\/Light-Lift-Thread-new-768x669.jpg 768w, https:\/\/www.hasert-haut.de\/wp-content\/uploads\/2017\/05\/Light-Lift-Thread-new-705x614.jpg 705w, https:\/\/www.hasert-haut.de\/wp-content\/uploads\/2017\/05\/Light-Lift-Thread-new-450x392.jpg 450w\" data-sizes=\"(max-width: 918px) 100vw, 918px\"  aria-label=\"image Light-Lift-Thread-new\"  id='av-masonry-1-item-2051' data-av-masonry-item='2051' class='av-masonry-entry isotope-item post-2051 attachment type-attachment status-inherit hentry  av-masonry-item-with-image' title=\"Light-Lift-Thread-new\" alt=\"Dr. J\u00f6rg Puffing | Hautarzt Dr. Hasert Berlin-Mitte\"    itemprop=\"thumbnailUrl\" ><div class='av-inner-masonry-sizer'><\/div><figure class='av-inner-masonry main_color'><div class=\"av-masonry-outerimage-container\"><div class='av-masonry-image-container' style=\"background-image: url(https:\/\/www.hasert-haut.de\/wp-content\/uploads\/2017\/05\/Light-Lift-Thread-new-705x614.jpg);\"  title=\"Light-Lift-Thread-new\"   alt=\"Dr. J\u00f6rg Puffing | Hautarzt Dr. Hasert Berlin-Mitte\" ><\/div><\/div><\/figure><\/a><!--end av-masonry entry--><a href=\"https:\/\/www.hasert-haut.de\/wp-content\/uploads\/2017\/05\/Light-Lift-Nano-Spring.jpg\" data-srcset=\"https:\/\/www.hasert-haut.de\/wp-content\/uploads\/2017\/05\/Light-Lift-Nano-Spring.jpg 495w, https:\/\/www.hasert-haut.de\/wp-content\/uploads\/2017\/05\/Light-Lift-Nano-Spring-253x300.jpg 253w, https:\/\/www.hasert-haut.de\/wp-content\/uploads\/2017\/05\/Light-Lift-Nano-Spring-450x534.jpg 450w\" data-sizes=\"(max-width: 495px) 100vw, 495px\"  aria-label=\"image Light-Lift-Nano-Spring\"  id='av-masonry-1-item-2049' data-av-masonry-item='2049' class='av-masonry-entry isotope-item post-2049 attachment type-attachment status-inherit hentry  av-masonry-item-with-image' title=\"Light-Lift-Nano-Spring\" alt=\"Light-Lift-Needle-new | Hautarzt Dr. Hasert Berlin-Mitte\"    itemprop=\"thumbnailUrl\" ><div class='av-inner-masonry-sizer'><\/div><figure class='av-inner-masonry main_color'><div class=\"av-masonry-outerimage-container\"><div class='av-masonry-image-container' style=\"background-image: url(https:\/\/www.hasert-haut.de\/wp-content\/uploads\/2017\/05\/Light-Lift-Nano-Spring.jpg);\"  title=\"Light-Lift-Nano-Spring\"   alt=\"Light-Lift-Needle-new | Hautarzt Dr. Hasert Berlin-Mitte\" ><\/div><\/div><\/figure><\/a><!--end av-masonry entry--><a href=\"https:\/\/www.hasert-haut.de\/wp-content\/uploads\/2017\/05\/Light-Lift-Needle-new.jpg\" data-srcset=\"https:\/\/www.hasert-haut.de\/wp-content\/uploads\/2017\/05\/Light-Lift-Needle-new.jpg 900w, https:\/\/www.hasert-haut.de\/wp-content\/uploads\/2017\/05\/Light-Lift-Needle-new-300x243.jpg 300w, https:\/\/www.hasert-haut.de\/wp-content\/uploads\/2017\/05\/Light-Lift-Needle-new-768x621.jpg 768w, https:\/\/www.hasert-haut.de\/wp-content\/uploads\/2017\/05\/Light-Lift-Needle-new-495x400.jpg 495w, https:\/\/www.hasert-haut.de\/wp-content\/uploads\/2017\/05\/Light-Lift-Needle-new-845x684.jpg 845w, https:\/\/www.hasert-haut.de\/wp-content\/uploads\/2017\/05\/Light-Lift-Needle-new-705x570.jpg 705w, https:\/\/www.hasert-haut.de\/wp-content\/uploads\/2017\/05\/Light-Lift-Needle-new-450x364.jpg 450w\" data-sizes=\"(max-width: 900px) 100vw, 900px\"  aria-label=\"image Light-Lift-Needle-new\"  id='av-masonry-1-item-2050' data-av-masonry-item='2050' class='av-masonry-entry isotope-item post-2050 attachment type-attachment status-inherit hentry  av-masonry-item-with-image' title=\"Light-Lift-Needle-new\" alt=\"Light-Lift-Thread new | Hautarzt Dr. Hasert Berlin-Mitte\"    itemprop=\"thumbnailUrl\" ><div class='av-inner-masonry-sizer'><\/div><figure class='av-inner-masonry main_color'><div class=\"av-masonry-outerimage-container\"><div class='av-masonry-image-container' style=\"background-image: url(https:\/\/www.hasert-haut.de\/wp-content\/uploads\/2017\/05\/Light-Lift-Needle-new-705x570.jpg);\"  title=\"Light-Lift-Needle-new\"   alt=\"Light-Lift-Thread new | Hautarzt Dr. Hasert Berlin-Mitte\" ><\/div><\/div><\/figure><\/a><!--end av-masonry entry--><\/div><\/div><\/div>\n\n<style type=\"text\/css\" data-created_by=\"avia_inline_auto\" id=\"style-css-av-av_heading-c612ab796ca4b5fc907dfbbe2c047992\">\n#top .av-special-heading.av-av_heading-c612ab796ca4b5fc907dfbbe2c047992{\npadding-bottom:10px;\n}\nbody .av-special-heading.av-av_heading-c612ab796ca4b5fc907dfbbe2c047992 .av-special-heading-tag .heading-char{\nfont-size:25px;\n}\n.av-special-heading.av-av_heading-c612ab796ca4b5fc907dfbbe2c047992 .av-subheading{\nfont-size:15px;\n}\n<\/style>\n<div  class='av-special-heading av-av_heading-c612ab796ca4b5fc907dfbbe2c047992 av-special-heading-h2 blockquote modern-quote  avia-builder-el-7  el_after_av_one_full  el_before_av_textblock '><h2 class='av-special-heading-tag'  itemprop=\"headline\"  >\u0130plik kald\u0131rma nas\u0131l \u00e7al\u0131\u015f\u0131r?<\/h2><div class=\"special-heading-border\"><div class=\"special-heading-inner-border\"><\/div><\/div><\/div>\n<section  class='av_textblock_section av-148ijt-2e769bd73248062a03a6e445718674f2 '   itemscope=\"itemscope\" itemtype=\"https:\/\/schema.org\/CreativeWork\" ><div class='avia_textblock'  itemprop=\"text\" ><p style=\"text-align: justify;\">Bir i\u011fne ile cilt alt\u0131na ya\u011f dokusuna \u00f6zel bir cerrahi iplik sokulur. Polilaktik asitten yap\u0131lan bu iplik, cildi s\u0131k\u0131la\u015ft\u0131ran ve kald\u0131ran k\u00fc\u00e7\u00fck dikenlere sahiptir. <\/p>\n<\/div><\/section>\n\n<style type=\"text\/css\" data-created_by=\"avia_inline_auto\" id=\"style-css-av-av_heading-254060cd0b475997e6909cdb1f79df12\">\n#top .av-special-heading.av-av_heading-254060cd0b475997e6909cdb1f79df12{\npadding-bottom:10px;\n}\nbody .av-special-heading.av-av_heading-254060cd0b475997e6909cdb1f79df12 .av-special-heading-tag .heading-char{\nfont-size:25px;\n}\n.av-special-heading.av-av_heading-254060cd0b475997e6909cdb1f79df12 .av-subheading{\nfont-size:15px;\n}\n<\/style>\n<div  class='av-special-heading av-av_heading-254060cd0b475997e6909cdb1f79df12 av-special-heading-h2 blockquote modern-quote  avia-builder-el-9  el_after_av_textblock  el_before_av_textblock '><h2 class='av-special-heading-tag'  itemprop=\"headline\"  >Uygulama alanlar\u0131 nelerdir?<\/h2><div class=\"special-heading-border\"><div class=\"special-heading-inner-border\"><\/div><\/div><\/div>\n<section  class='av_textblock_section av-rzkbl-42b0dcdba8a38b6e12a0b031b2e3bc97 '   itemscope=\"itemscope\" itemtype=\"https:\/\/schema.org\/CreativeWork\" ><div class='avia_textblock'  itemprop=\"text\" ><p style=\"text-align: justify;\">APTOS iplik kald\u0131rma, t\u00fcm y\u00fczde veya bireysel alanlarda kullan\u0131labilir. Olas\u0131 alanlar ka\u015f \u00e7atma \u00e7izgileri, ka\u015flar, yanaklar, nazolabial k\u0131vr\u0131mlar, a\u011f\u0131z k\u00f6\u015felerindeki k\u0131vr\u0131mlar, \u00fcst dudak ve \u00e7enedeki k\u0131r\u0131\u015f\u0131kl\u0131klard\u0131r. <\/p>\n<\/div><\/section>\n\n<style type=\"text\/css\" data-created_by=\"avia_inline_auto\" id=\"style-css-av-2cj5l-8e3c9685ee8a5ffbac0856a4bc1d9371\">\n.flex_column.av-2cj5l-8e3c9685ee8a5ffbac0856a4bc1d9371{\nborder-radius:0px 0px 0px 0px;\npadding:0px 0px 0px 0px;\n}\n<\/style>\n<div  class='flex_column av-2cj5l-8e3c9685ee8a5ffbac0856a4bc1d9371 av_one_full  avia-builder-el-11  el_after_av_textblock  el_before_av_textblock  first flex_column_div av-zero-column-padding  column-top-margin'     ><div id='av-masonry-2' class='av-masonry av-g9otl-0731167f06a08e6a972b93261e35ba38 noHover av-fixed-size av-large-gap av-hover-overlay-active av-masonry-animation-active av-masonry-col-3 av-caption-always av-caption-style- av-masonry-gallery ' data-post_id=\"6936\"><div class=\"av-masonry-container isotope av-js-disabled\"><div class='av-masonry-entry isotope-item av-masonry-item-no-image '><\/div><a href=\"https:\/\/www.hasert-haut.de\/wp-content\/uploads\/2017\/05\/Light-Lift-Linea-Method.jpg\" data-srcset=\"https:\/\/www.hasert-haut.de\/wp-content\/uploads\/2017\/05\/Light-Lift-Linea-Method.jpg 594w, https:\/\/www.hasert-haut.de\/wp-content\/uploads\/2017\/05\/Light-Lift-Linea-Method-80x80.jpg 80w, https:\/\/www.hasert-haut.de\/wp-content\/uploads\/2017\/05\/Light-Lift-Linea-Method-300x296.jpg 300w, https:\/\/www.hasert-haut.de\/wp-content\/uploads\/2017\/05\/Light-Lift-Linea-Method-36x36.jpg 36w, https:\/\/www.hasert-haut.de\/wp-content\/uploads\/2017\/05\/Light-Lift-Linea-Method-450x444.jpg 450w\" data-sizes=\"(max-width: 594px) 100vw, 594px\"  aria-label=\"image Light-Lift-Linea-Method\"  id='av-masonry-2-item-2047' data-av-masonry-item='2047' class='av-masonry-entry isotope-item post-2047 attachment type-attachment status-inherit hentry  av-masonry-item-with-image' title=\"Light-Lift-Linea-Method\" alt=\"Light-Lift-Nano-Excellence-new | Hautarzt Dr. Hasert Berlin-Mitte\"    itemprop=\"thumbnailUrl\" ><div class='av-inner-masonry-sizer'><\/div><figure class='av-inner-masonry main_color'><div class=\"av-masonry-outerimage-container\"><div class='av-masonry-image-container' style=\"background-image: url(https:\/\/www.hasert-haut.de\/wp-content\/uploads\/2017\/05\/Light-Lift-Linea-Method.jpg);\"  title=\"Light-Lift-Linea-Method\"   alt=\"Light-Lift-Nano-Excellence-new | Hautarzt Dr. Hasert Berlin-Mitte\" ><\/div><\/div><\/figure><\/a><!--end av-masonry entry--><a href=\"https:\/\/www.hasert-haut.de\/wp-content\/uploads\/2017\/05\/Light-Lift-Nano-Excellence-new.jpg\" data-srcset=\"https:\/\/www.hasert-haut.de\/wp-content\/uploads\/2017\/05\/Light-Lift-Nano-Excellence-new.jpg 643w, https:\/\/www.hasert-haut.de\/wp-content\/uploads\/2017\/05\/Light-Lift-Nano-Excellence-new-80x80.jpg 80w, https:\/\/www.hasert-haut.de\/wp-content\/uploads\/2017\/05\/Light-Lift-Nano-Excellence-new-300x300.jpg 300w, https:\/\/www.hasert-haut.de\/wp-content\/uploads\/2017\/05\/Light-Lift-Nano-Excellence-new-36x36.jpg 36w, https:\/\/www.hasert-haut.de\/wp-content\/uploads\/2017\/05\/Light-Lift-Nano-Excellence-new-180x180.jpg 180w, https:\/\/www.hasert-haut.de\/wp-content\/uploads\/2017\/05\/Light-Lift-Nano-Excellence-new-120x120.jpg 120w, https:\/\/www.hasert-haut.de\/wp-content\/uploads\/2017\/05\/Light-Lift-Nano-Excellence-new-450x450.jpg 450w\" data-sizes=\"(max-width: 643px) 100vw, 643px\"  aria-label=\"image Light-Lift-Nano-Excellence-new\"  id='av-masonry-2-item-2048' data-av-masonry-item='2048' class='av-masonry-entry isotope-item post-2048 attachment type-attachment status-inherit hentry  av-masonry-item-with-image' title=\"Light-Lift-Nano-Excellence-new\" alt=\"Light-Lift-Nano-Spring | Hautarzt Dr. Hasert Berlin-Mitte\"    itemprop=\"thumbnailUrl\" ><div class='av-inner-masonry-sizer'><\/div><figure class='av-inner-masonry main_color'><div class=\"av-masonry-outerimage-container\"><div class='av-masonry-image-container' style=\"background-image: url(https:\/\/www.hasert-haut.de\/wp-content\/uploads\/2017\/05\/Light-Lift-Nano-Excellence-new.jpg);\"  title=\"Light-Lift-Nano-Excellence-new\"   alt=\"Light-Lift-Nano-Spring | Hautarzt Dr. Hasert Berlin-Mitte\" ><\/div><\/div><\/figure><\/a><!--end av-masonry entry--><\/div><\/div><\/div>\n<section  class='av_textblock_section av-8ojhl-569ae86aa212ec47f24046e2ce38a55f '   itemscope=\"itemscope\" itemtype=\"https:\/\/schema.org\/CreativeWork\" ><div class='avia_textblock'  itemprop=\"text\" ><p style=\"text-align: justify;\">Uzun s\u00fcreli rehabilitasyona gerek kalmadan h\u0131zl\u0131 ve etkili bir sonu\u00e7 almak ya da Botoks ve hyaluronik asit kullanmadan yapmak istiyorsan\u0131z iple germe tam size g\u00f6re bir y\u00f6ntemdir.<\/p>\n<p style=\"text-align: justify;\">Daha fazla bilgi i\u00e7in l\u00fctfen muayenehanemizden randevu al\u0131n\u0131z.<\/p>\n<\/div><\/section>\n[av_heading heading='Uygulamam\u0131z\u0131n di\u011fer hizmetleri' tag='h3' style='blockquote modern-quote modern-centered' subheading_active='' show_icon='' icon='ue800' font='' size='' av-medium-font-size-title='' av-small-font-size-title='' av-mini-font-size-title='' subheading_size='' av-medium-font-size='' av-small-font-size='' av-mini-font-size='' icon_size='' av-medium-font-size-1='' av-small-font-size-1='' av-mini-font-size-1='' color='' custom_font='' icon_color='' margin='' margin_sync='true' padding='10' icon_padding='10' link='' link_target='' id='' custom_class='' av_uid='av-l9475f5a' admin_preview_bg=''][\/av_heading]\n\n[av_masonry_entries link='portfolio_entries,95,72,73,71' wc_prod_visible='' wc_prod_hidden='hide' wc_prod_featured='' prod_order_by='' prod_order='' date_filter='' date_filter_start='' date_filter_end='' date_filter_format='yy\/mm\/dd' sort='no' query_orderby='rand' query_order='DESC' caption_elements='title' caption_styling='overlay' caption_display='always' size='fixed' orientation='' gap='large' columns='5' av-medium-columns='' av-small-columns='' av-mini-columns='' items='5' paginate='none' color='' custom_bg='' overlay_fx='active' animation='active' lazy_loading='disabled' id='' custom_class='' av_uid='av-l9474s7j']\n","protected":false},"excerpt":{"rendered":"<p>APTOS iplik kald\u0131r\u0131c\u0131, k\u0131r\u0131\u015f\u0131kl\u0131klar\u0131n modern ve nazik bir \u015fekilde \u00f6nlenmesi ve giderilmesi i\u00e7in kullan\u0131l\u0131r.<\/p>\n","protected":false},"featured_media":2047,"comment_status":"closed","ping_status":"closed","template":"","tags":[],"portfolio_entries":[94],"class_list":["post-6936","portfolio","type-portfolio","status-publish","has-post-thumbnail","hentry","portfolio_entries-aesthetische-dermatologie-tr"],"yoast_head":"<!-- This site is optimized with the Yoast SEO plugin v25.3.1 - https:\/\/yoast.com\/wordpress\/plugins\/seo\/ -->\n<title>\u0130plik kald\u0131rma | dermatolog dr Hasert Berlin<\/title>\n<meta name=\"description\" content=\"APTOS iplik kald\u0131r\u0131c\u0131, k\u0131r\u0131\u015f\u0131kl\u0131klar\u0131n modern ve nazik bir \u015fekilde \u00f6nlenmesi ve giderilmesi i\u00e7in kullan\u0131l\u0131r.\" \/>\n<meta name=\"robots\" content=\"index, follow, max-snippet:-1, max-image-preview:large, max-video-preview:-1\" \/>\n<link rel=\"canonical\" href=\"https:\/\/www.hasert-haut.de\/tr\/leistungen\/iplik-kaldirma\/\" \/>\n<meta property=\"og:locale\" content=\"tr_TR\" \/>\n<meta property=\"og:type\" content=\"article\" \/>\n<meta property=\"og:title\" content=\"\u0130plik kald\u0131rma | dermatolog dr Hasert Berlin\" \/>\n<meta property=\"og:description\" content=\"APTOS iplik kald\u0131r\u0131c\u0131, k\u0131r\u0131\u015f\u0131kl\u0131klar\u0131n modern ve nazik bir \u015fekilde \u00f6nlenmesi ve giderilmesi i\u00e7in kullan\u0131l\u0131r.\" \/>\n<meta property=\"og:url\" content=\"https:\/\/www.hasert-haut.de\/tr\/leistungen\/iplik-kaldirma\/\" \/>\n<meta property=\"og:site_name\" content=\"Hautarzt Berlin - Praxisklinik Dr. Hasert\" \/>\n<meta property=\"article:modified_time\" content=\"2022-11-09T13:10:30+00:00\" \/>\n<meta property=\"og:image\" content=\"https:\/\/www.hasert-haut.de\/wp-content\/uploads\/2017\/05\/Light-Lift-Linea-Method.jpg\" \/>\n\t<meta property=\"og:image:width\" content=\"594\" \/>\n\t<meta property=\"og:image:height\" content=\"586\" \/>\n\t<meta property=\"og:image:type\" content=\"image\/jpeg\" \/>\n<meta name=\"twitter:label1\" content=\"Tahmini okuma s\u00fcresi\" \/>\n\t<meta name=\"twitter:data1\" content=\"5 dakika\" \/>\n<script type=\"application\/ld+json\" class=\"yoast-schema-graph\">{\"@context\":\"https:\/\/schema.org\",\"@graph\":[{\"@type\":\"WebPage\",\"@id\":\"https:\/\/www.hasert-haut.de\/tr\/leistungen\/iplik-kaldirma\/\",\"url\":\"https:\/\/www.hasert-haut.de\/tr\/leistungen\/iplik-kaldirma\/\",\"name\":\"\u0130plik kald\u0131rma | dermatolog dr Hasert Berlin\",\"isPartOf\":{\"@id\":\"https:\/\/www.hasert-haut.de\/tr\/#website\"},\"primaryImageOfPage\":{\"@id\":\"https:\/\/www.hasert-haut.de\/tr\/leistungen\/iplik-kaldirma\/#primaryimage\"},\"image\":{\"@id\":\"https:\/\/www.hasert-haut.de\/tr\/leistungen\/iplik-kaldirma\/#primaryimage\"},\"thumbnailUrl\":\"https:\/\/www.hasert-haut.de\/wp-content\/uploads\/2017\/05\/Light-Lift-Linea-Method.jpg\",\"datePublished\":\"2022-10-11T09:15:25+00:00\",\"dateModified\":\"2022-11-09T13:10:30+00:00\",\"description\":\"APTOS iplik kald\u0131r\u0131c\u0131, k\u0131r\u0131\u015f\u0131kl\u0131klar\u0131n modern ve nazik bir \u015fekilde \u00f6nlenmesi ve giderilmesi i\u00e7in kullan\u0131l\u0131r.\",\"breadcrumb\":{\"@id\":\"https:\/\/www.hasert-haut.de\/tr\/leistungen\/iplik-kaldirma\/#breadcrumb\"},\"inLanguage\":\"tr\",\"potentialAction\":[{\"@type\":\"ReadAction\",\"target\":[\"https:\/\/www.hasert-haut.de\/tr\/leistungen\/iplik-kaldirma\/\"]}]},{\"@type\":\"ImageObject\",\"inLanguage\":\"tr\",\"@id\":\"https:\/\/www.hasert-haut.de\/tr\/leistungen\/iplik-kaldirma\/#primaryimage\",\"url\":\"https:\/\/www.hasert-haut.de\/wp-content\/uploads\/2017\/05\/Light-Lift-Linea-Method.jpg\",\"contentUrl\":\"https:\/\/www.hasert-haut.de\/wp-content\/uploads\/2017\/05\/Light-Lift-Linea-Method.jpg\",\"width\":594,\"height\":586,\"caption\":\"Light-Lift-Linea-Method | Hautarzt Dr. Hasert Berlin-Mitte\"},{\"@type\":\"BreadcrumbList\",\"@id\":\"https:\/\/www.hasert-haut.de\/tr\/leistungen\/iplik-kaldirma\/#breadcrumb\",\"itemListElement\":[{\"@type\":\"ListItem\",\"position\":1,\"name\":\"Home\",\"item\":\"https:\/\/www.hasert-haut.de\/tr\/hosgeldiniz\/\"},{\"@type\":\"ListItem\",\"position\":2,\"name\":\"iplik kald\u0131rma\"}]},{\"@type\":\"WebSite\",\"@id\":\"https:\/\/www.hasert-haut.de\/tr\/#website\",\"url\":\"https:\/\/www.hasert-haut.de\/tr\/\",\"name\":\"Hautarzt Berlin - Praxisklinik Dr. Hasert\",\"description\":\"Hautarzt, Allgemeinmedizin\",\"potentialAction\":[{\"@type\":\"SearchAction\",\"target\":{\"@type\":\"EntryPoint\",\"urlTemplate\":\"https:\/\/www.hasert-haut.de\/tr\/?s={search_term_string}\"},\"query-input\":{\"@type\":\"PropertyValueSpecification\",\"valueRequired\":true,\"valueName\":\"search_term_string\"}}],\"inLanguage\":\"tr\"}]}<\/script>\n<!-- \/ Yoast SEO plugin. -->","yoast_head_json":{"title":"\u0130plik kald\u0131rma | dermatolog dr Hasert Berlin","description":"APTOS iplik kald\u0131r\u0131c\u0131, k\u0131r\u0131\u015f\u0131kl\u0131klar\u0131n modern ve nazik bir \u015fekilde \u00f6nlenmesi ve giderilmesi i\u00e7in kullan\u0131l\u0131r.","robots":{"index":"index","follow":"follow","max-snippet":"max-snippet:-1","max-image-preview":"max-image-preview:large","max-video-preview":"max-video-preview:-1"},"canonical":"https:\/\/www.hasert-haut.de\/tr\/leistungen\/iplik-kaldirma\/","og_locale":"tr_TR","og_type":"article","og_title":"\u0130plik kald\u0131rma | dermatolog dr Hasert Berlin","og_description":"APTOS iplik kald\u0131r\u0131c\u0131, k\u0131r\u0131\u015f\u0131kl\u0131klar\u0131n modern ve nazik bir \u015fekilde \u00f6nlenmesi ve giderilmesi i\u00e7in kullan\u0131l\u0131r.","og_url":"https:\/\/www.hasert-haut.de\/tr\/leistungen\/iplik-kaldirma\/","og_site_name":"Hautarzt Berlin - Praxisklinik Dr. Hasert","article_modified_time":"2022-11-09T13:10:30+00:00","og_image":[{"width":594,"height":586,"url":"https:\/\/www.hasert-haut.de\/wp-content\/uploads\/2017\/05\/Light-Lift-Linea-Method.jpg","type":"image\/jpeg"}],"twitter_misc":{"Tahmini okuma s\u00fcresi":"5 dakika"},"schema":{"@context":"https:\/\/schema.org","@graph":[{"@type":"WebPage","@id":"https:\/\/www.hasert-haut.de\/tr\/leistungen\/iplik-kaldirma\/","url":"https:\/\/www.hasert-haut.de\/tr\/leistungen\/iplik-kaldirma\/","name":"\u0130plik kald\u0131rma | dermatolog dr Hasert Berlin","isPartOf":{"@id":"https:\/\/www.hasert-haut.de\/tr\/#website"},"primaryImageOfPage":{"@id":"https:\/\/www.hasert-haut.de\/tr\/leistungen\/iplik-kaldirma\/#primaryimage"},"image":{"@id":"https:\/\/www.hasert-haut.de\/tr\/leistungen\/iplik-kaldirma\/#primaryimage"},"thumbnailUrl":"https:\/\/www.hasert-haut.de\/wp-content\/uploads\/2017\/05\/Light-Lift-Linea-Method.jpg","datePublished":"2022-10-11T09:15:25+00:00","dateModified":"2022-11-09T13:10:30+00:00","description":"APTOS iplik kald\u0131r\u0131c\u0131, k\u0131r\u0131\u015f\u0131kl\u0131klar\u0131n modern ve nazik bir \u015fekilde \u00f6nlenmesi ve giderilmesi i\u00e7in kullan\u0131l\u0131r.","breadcrumb":{"@id":"https:\/\/www.hasert-haut.de\/tr\/leistungen\/iplik-kaldirma\/#breadcrumb"},"inLanguage":"tr","potentialAction":[{"@type":"ReadAction","target":["https:\/\/www.hasert-haut.de\/tr\/leistungen\/iplik-kaldirma\/"]}]},{"@type":"ImageObject","inLanguage":"tr","@id":"https:\/\/www.hasert-haut.de\/tr\/leistungen\/iplik-kaldirma\/#primaryimage","url":"https:\/\/www.hasert-haut.de\/wp-content\/uploads\/2017\/05\/Light-Lift-Linea-Method.jpg","contentUrl":"https:\/\/www.hasert-haut.de\/wp-content\/uploads\/2017\/05\/Light-Lift-Linea-Method.jpg","width":594,"height":586,"caption":"Light-Lift-Linea-Method | Hautarzt Dr. Hasert Berlin-Mitte"},{"@type":"BreadcrumbList","@id":"https:\/\/www.hasert-haut.de\/tr\/leistungen\/iplik-kaldirma\/#breadcrumb","itemListElement":[{"@type":"ListItem","position":1,"name":"Home","item":"https:\/\/www.hasert-haut.de\/tr\/hosgeldiniz\/"},{"@type":"ListItem","position":2,"name":"iplik kald\u0131rma"}]},{"@type":"WebSite","@id":"https:\/\/www.hasert-haut.de\/tr\/#website","url":"https:\/\/www.hasert-haut.de\/tr\/","name":"Hautarzt Berlin - Praxisklinik Dr. Hasert","description":"Hautarzt, Allgemeinmedizin","potentialAction":[{"@type":"SearchAction","target":{"@type":"EntryPoint","urlTemplate":"https:\/\/www.hasert-haut.de\/tr\/?s={search_term_string}"},"query-input":{"@type":"PropertyValueSpecification","valueRequired":true,"valueName":"search_term_string"}}],"inLanguage":"tr"}]}},"_links":{"self":[{"href":"https:\/\/www.hasert-haut.de\/tr\/wp-json\/wp\/v2\/portfolio\/6936","targetHints":{"allow":["GET"]}}],"collection":[{"href":"https:\/\/www.hasert-haut.de\/tr\/wp-json\/wp\/v2\/portfolio"}],"about":[{"href":"https:\/\/www.hasert-haut.de\/tr\/wp-json\/wp\/v2\/types\/portfolio"}],"replies":[{"embeddable":true,"href":"https:\/\/www.hasert-haut.de\/tr\/wp-json\/wp\/v2\/comments?post=6936"}],"version-history":[{"count":16,"href":"https:\/\/www.hasert-haut.de\/tr\/wp-json\/wp\/v2\/portfolio\/6936\/revisions"}],"predecessor-version":[{"id":10908,"href":"https:\/\/www.hasert-haut.de\/tr\/wp-json\/wp\/v2\/portfolio\/6936\/revisions\/10908"}],"wp:featuredmedia":[{"embeddable":true,"href":"https:\/\/www.hasert-haut.de\/tr\/wp-json\/wp\/v2\/media\/2047"}],"wp:attachment":[{"href":"https:\/\/www.hasert-haut.de\/tr\/wp-json\/wp\/v2\/media?parent=6936"}],"wp:term":[{"taxonomy":"post_tag","embeddable":true,"href":"https:\/\/www.hasert-haut.de\/tr\/wp-json\/wp\/v2\/tags?post=6936"},{"taxonomy":"portfolio_entries","embeddable":true,"href":"https:\/\/www.hasert-haut.de\/tr\/wp-json\/wp\/v2\/portfolio_entries?post=6936"}],"curies":[{"name":"wp","href":"https:\/\/api.w.org\/{rel}","templated":true}]}}