{"id":6990,"date":"2022-10-11T09:22:47","date_gmt":"2022-10-11T09:22:47","guid":{"rendered":"https:\/\/www.hasert-haut.de\/leistungen\/faltenbehandlung\/"},"modified":"2022-11-09T13:10:39","modified_gmt":"2022-11-09T13:10:39","slug":"kirisiklik-tedavisi","status":"publish","type":"portfolio","link":"https:\/\/www.hasert-haut.de\/tr\/leistungen\/kirisiklik-tedavisi\/","title":{"rendered":"k\u0131r\u0131\u015f\u0131kl\u0131k tedavisi"},"content":{"rendered":"\n<style type=\"text\/css\" data-created_by=\"avia_inline_auto\" id=\"style-css-av-89fit-007ebb1c58cd2e3b4e356d7ae49a44e0\">\n#top .av-special-heading.av-89fit-007ebb1c58cd2e3b4e356d7ae49a44e0{\npadding-bottom:10px;\n}\nbody .av-special-heading.av-89fit-007ebb1c58cd2e3b4e356d7ae49a44e0 .av-special-heading-tag .heading-char{\nfont-size:25px;\n}\n.av-special-heading.av-89fit-007ebb1c58cd2e3b4e356d7ae49a44e0 .av-subheading{\nfont-size:15px;\n}\n<\/style>\n<div  class='av-special-heading av-89fit-007ebb1c58cd2e3b4e356d7ae49a44e0 av-special-heading-h1 blockquote modern-quote  avia-builder-el-0  el_before_av_hr  avia-builder-el-first '><h1 class='av-special-heading-tag'  itemprop=\"headline\"  >k\u0131r\u0131\u015f\u0131kl\u0131k tedavisi<\/h1><div class=\"special-heading-border\"><div class=\"special-heading-inner-border\"><\/div><\/div><\/div>\n\n<style type=\"text\/css\" data-created_by=\"avia_inline_auto\" id=\"style-css-av-l96ryrhp-34611b3b3859af4f21b0a1bfa0ad5e24\">\n#top .hr.hr-invisible.av-l96ryrhp-34611b3b3859af4f21b0a1bfa0ad5e24{\nheight:50px;\n}\n<\/style>\n<div  class='hr av-l96ryrhp-34611b3b3859af4f21b0a1bfa0ad5e24 hr-invisible  avia-builder-el-1  el_after_av_heading  el_before_av_three_fifth '><span class='hr-inner '><span class=\"hr-inner-style\"><\/span><\/span><\/div>\n\n<style type=\"text\/css\" data-created_by=\"avia_inline_auto\" id=\"style-css-av-6dj6ns-7472608404402ce7ad5c72bb757e28f8\">\n.flex_column.av-6dj6ns-7472608404402ce7ad5c72bb757e28f8{\nborder-radius:0px 0px 0px 0px;\npadding:0px 0px 0px 0px;\n}\n<\/style>\n<div  class='flex_column av-6dj6ns-7472608404402ce7ad5c72bb757e28f8 av_three_fifth  avia-builder-el-2  el_after_av_hr  el_before_av_two_fifth  first flex_column_div av-zero-column-padding  '     ><section  class='av_textblock_section av-2bvyk-6c12829b206d37c4984cde74e1e3d3cf '   itemscope=\"itemscope\" itemtype=\"https:\/\/schema.org\/CreativeWork\" ><div class='avia_textblock'  itemprop=\"text\" ><p style=\"text-align: justify;\">\u00d6zellikle y\u00fcz derisi ya\u015fla birlikte elastikiyetini kaybeder. 20 ya\u015f\u0131ndan itibaren cildin kademeli ya\u015flanma s\u00fcreci ba\u015flar.  Ayr\u0131ca g\u00fcne\u015f gibi d\u0131\u015f etkiler ve \u00f6zellikle nikotine maruz kalmak zamanla ciltte g\u00f6zle g\u00f6r\u00fcl\u00fcr izler b\u0131rak\u0131r.<\/p>\n<p style=\"text-align: justify;\">Aln\u0131n\u0131zdaki enine k\u0131r\u0131\u015f\u0131kl\u0131klar veya ka\u015flar\u0131n\u0131z\u0131n aras\u0131ndaki \u00e7at\u0131k \u00e7izgiler sizi rahats\u0131z ediyor mu? G\u00f6zlerinizin kenarlar\u0131nda belirgin ifade \u00e7izgileri var m\u0131 (&#8220;kaz ayaklar\u0131&#8221;)? Y\u00fczdeki bu sorunlu k\u0131r\u0131\u015f\u0131kl\u0131klar Botox\u00ae enjeksiyonlar\u0131 ile \u00e7ok iyi bir \u015fekilde giderilebilir. Bu kas gev\u015fetici terapi, net ve uzun s\u00fcreli bir p\u00fcr\u00fczs\u00fczle\u015ftirme etkisi ile sonu\u00e7lan\u0131r.   <\/p>\n<p style=\"text-align: justify;\">A\u011f\u0131z \u00e7evresindeki ilk hassas k\u0131r\u0131\u015f\u0131kl\u0131klardan kurtulmak m\u0131 istiyorsunuz yoksa \u00e7ok belirgin nazolabial k\u0131vr\u0131mlar\u0131n\u0131z m\u0131 var?<\/p>\n<p style=\"text-align: justify;\">Bu t\u00fcr sorunlar k\u0131r\u0131\u015f\u0131kl\u0131k enjeksiyonlar\u0131 ile h\u0131zl\u0131 ve g\u00fcvenilir bir \u015fekilde ortadan kald\u0131r\u0131labilir. Hyaluronik asit ya da polilaktik asit gibi v\u00fccutta do\u011fal olarak bulunan ya da yeniden par\u00e7alanan farkl\u0131 maddeler enjekte edilerek k\u0131r\u0131\u015f\u0131kl\u0131klar doldurulur. Belirgin k\u0131r\u0131\u015f\u0131kl\u0131klar\u0131n veya madde kusurlar\u0131n\u0131n enjekte edilmesinin bir ba\u015fka y\u00f6ntemi, kar\u0131n veya uyluk b\u00f6lgesinden daha \u00f6nce liposuction (liposuction) ile al\u0131nan ve i\u015flenen v\u00fccudun kendi ya\u011f\u0131n\u0131n enjekte edilmesidir. V\u00fccudun kendi &#8220;ya\u011f dolgusu&#8221; ile yap\u0131lan \u00e7oklu enjeksiyonlardan sonra uzun s\u00fcreli p\u00fcr\u00fczs\u00fczle\u015ftirme etkisi g\u00f6r\u00fcl\u00fcr.   <\/p>\n<p style=\"text-align: justify;\">Ya\u015fam boyunca t\u00fcm y\u00fcz b\u00f6lgesinde ortaya \u00e7\u0131kabilen statik k\u0131r\u0131\u015f\u0131kl\u0131klar da Fraxella lazer tedavisi veya Erbium YAG veya CO2 lazer ile cilt yenileme ile etkin bir \u015fekilde d\u00fczeltilebilir.<\/p>\n<\/div><\/section><\/div>\n<style type=\"text\/css\" data-created_by=\"avia_inline_auto\" id=\"style-css-av-35maw8-40d53b73a800c5af1e8f9ef0bbd6d964\">\n.flex_column.av-35maw8-40d53b73a800c5af1e8f9ef0bbd6d964{\nborder-radius:0px 0px 0px 0px;\npadding:0px 0px 0px 0px;\n}\n<\/style>\n<div  class='flex_column av-35maw8-40d53b73a800c5af1e8f9ef0bbd6d964 av_two_fifth  avia-builder-el-4  el_after_av_three_fifth  el_before_av_hr  flex_column_div av-zero-column-padding  '     ><div id='av-masonry-1' class='av-masonry av-l96s1ic1-e1f1727f070af57930f3c9c6addd6ca4 noHover av-fixed-size av-large-gap av-hover-overlay-active av-masonry-animation-active av-masonry-col-2 av-caption-always av-caption-style- av-masonry-gallery ' data-post_id=\"6990\"><div class=\"av-masonry-container isotope av-js-disabled\"><div class='av-masonry-entry isotope-item av-masonry-item-no-image '><\/div><a href=\"https:\/\/www.hasert-haut.de\/wp-content\/uploads\/2015\/01\/Faltenbehandlung3.jpg\" data-srcset=\"https:\/\/www.hasert-haut.de\/wp-content\/uploads\/2015\/01\/Faltenbehandlung3.jpg 600w, https:\/\/www.hasert-haut.de\/wp-content\/uploads\/2015\/01\/Faltenbehandlung3-80x80.jpg 80w, https:\/\/www.hasert-haut.de\/wp-content\/uploads\/2015\/01\/Faltenbehandlung3-300x300.jpg 300w, https:\/\/www.hasert-haut.de\/wp-content\/uploads\/2015\/01\/Faltenbehandlung3-36x36.jpg 36w, https:\/\/www.hasert-haut.de\/wp-content\/uploads\/2015\/01\/Faltenbehandlung3-180x180.jpg 180w, https:\/\/www.hasert-haut.de\/wp-content\/uploads\/2015\/01\/Faltenbehandlung3-120x120.jpg 120w, https:\/\/www.hasert-haut.de\/wp-content\/uploads\/2015\/01\/Faltenbehandlung3-450x450.jpg 450w\" data-sizes=\"(max-width: 600px) 100vw, 600px\"  aria-label=\"image Faltenbehandlung\"  id='av-masonry-1-item-1955' data-av-masonry-item='1955' class='av-masonry-entry isotope-item post-1955 attachment type-attachment status-inherit hentry  av-masonry-item-with-image' title=\"Faltenbehandlung\" alt=\"\"    itemprop=\"thumbnailUrl\" ><div class='av-inner-masonry-sizer'><\/div><figure class='av-inner-masonry main_color'><div class=\"av-masonry-outerimage-container\"><div class='av-masonry-image-container' style=\"background-image: url(https:\/\/www.hasert-haut.de\/wp-content\/uploads\/2015\/01\/Faltenbehandlung3.jpg);\"  title=\"Faltenbehandlung\"  ><\/div><\/div><\/figure><\/a><!--end av-masonry entry--><a href=\"https:\/\/www.hasert-haut.de\/wp-content\/uploads\/2015\/01\/Faltenbehandlung2.jpg\" data-srcset=\"https:\/\/www.hasert-haut.de\/wp-content\/uploads\/2015\/01\/Faltenbehandlung2.jpg 600w, https:\/\/www.hasert-haut.de\/wp-content\/uploads\/2015\/01\/Faltenbehandlung2-80x80.jpg 80w, https:\/\/www.hasert-haut.de\/wp-content\/uploads\/2015\/01\/Faltenbehandlung2-300x300.jpg 300w, https:\/\/www.hasert-haut.de\/wp-content\/uploads\/2015\/01\/Faltenbehandlung2-36x36.jpg 36w, https:\/\/www.hasert-haut.de\/wp-content\/uploads\/2015\/01\/Faltenbehandlung2-180x180.jpg 180w, https:\/\/www.hasert-haut.de\/wp-content\/uploads\/2015\/01\/Faltenbehandlung2-120x120.jpg 120w, https:\/\/www.hasert-haut.de\/wp-content\/uploads\/2015\/01\/Faltenbehandlung2-450x450.jpg 450w\" data-sizes=\"(max-width: 600px) 100vw, 600px\"  aria-label=\"image Faltenbehandlung\"  id='av-masonry-1-item-1954' data-av-masonry-item='1954' class='av-masonry-entry isotope-item post-1954 attachment type-attachment status-inherit hentry  av-masonry-item-with-image' title=\"Faltenbehandlung\" alt=\"\"    itemprop=\"thumbnailUrl\" ><div class='av-inner-masonry-sizer'><\/div><figure class='av-inner-masonry main_color'><div class=\"av-masonry-outerimage-container\"><div class='av-masonry-image-container' style=\"background-image: url(https:\/\/www.hasert-haut.de\/wp-content\/uploads\/2015\/01\/Faltenbehandlung2.jpg);\"  title=\"Faltenbehandlung\"  ><\/div><\/div><\/figure><\/a><!--end av-masonry entry--><a href=\"https:\/\/www.hasert-haut.de\/wp-content\/uploads\/2015\/01\/Faltenbehandlung1.jpg\" data-srcset=\"https:\/\/www.hasert-haut.de\/wp-content\/uploads\/2015\/01\/Faltenbehandlung1.jpg 600w, https:\/\/www.hasert-haut.de\/wp-content\/uploads\/2015\/01\/Faltenbehandlung1-80x80.jpg 80w, https:\/\/www.hasert-haut.de\/wp-content\/uploads\/2015\/01\/Faltenbehandlung1-300x300.jpg 300w, https:\/\/www.hasert-haut.de\/wp-content\/uploads\/2015\/01\/Faltenbehandlung1-36x36.jpg 36w, https:\/\/www.hasert-haut.de\/wp-content\/uploads\/2015\/01\/Faltenbehandlung1-180x180.jpg 180w, https:\/\/www.hasert-haut.de\/wp-content\/uploads\/2015\/01\/Faltenbehandlung1-120x120.jpg 120w, https:\/\/www.hasert-haut.de\/wp-content\/uploads\/2015\/01\/Faltenbehandlung1-450x450.jpg 450w\" data-sizes=\"(max-width: 600px) 100vw, 600px\"  aria-label=\"image Faltenbehandlung\"  id='av-masonry-1-item-1953' data-av-masonry-item='1953' class='av-masonry-entry isotope-item post-1953 attachment type-attachment status-inherit hentry  av-masonry-item-with-image' title=\"Faltenbehandlung\" alt=\"\"    itemprop=\"thumbnailUrl\" ><div class='av-inner-masonry-sizer'><\/div><figure class='av-inner-masonry main_color'><div class=\"av-masonry-outerimage-container\"><div class='av-masonry-image-container' style=\"background-image: url(https:\/\/www.hasert-haut.de\/wp-content\/uploads\/2015\/01\/Faltenbehandlung1.jpg);\"  title=\"Faltenbehandlung\"  ><\/div><\/div><\/figure><\/a><!--end av-masonry entry--><\/div><\/div><\/div>\n<style type=\"text\/css\" data-created_by=\"avia_inline_auto\" id=\"style-css-av-1r06m-22f4993bc341f54115743d69d089ae2f\">\n#top .hr.hr-invisible.av-1r06m-22f4993bc341f54115743d69d089ae2f{\nheight:50px;\n}\n<\/style>\n<div  class='hr av-1r06m-22f4993bc341f54115743d69d089ae2f hr-invisible  avia-builder-el-6  el_after_av_two_fifth  el_before_av_postcontent  avia-builder-el-last '><span class='hr-inner '><span class=\"hr-inner-style\"><\/span><\/span><\/div><\/p>\n[av_heading heading='Uygulamam\u0131z\u0131n di\u011fer hizmetleri' tag='h3' style='blockquote modern-quote modern-centered' subheading_active='' show_icon='' icon='ue800' font='' size='' av-medium-font-size-title='' av-small-font-size-title='' av-mini-font-size-title='' subheading_size='' av-medium-font-size='' av-small-font-size='' av-mini-font-size='' icon_size='' av-medium-font-size-1='' av-small-font-size-1='' av-mini-font-size-1='' color='' custom_font='' icon_color='' margin='' margin_sync='true' padding='10' icon_padding='10' link='' link_target='' id='' custom_class='' av_uid='av-l9475f5a' admin_preview_bg=''][\/av_heading]\n\n[av_masonry_entries link='portfolio_entries,95,72,73,71' wc_prod_visible='' wc_prod_hidden='hide' wc_prod_featured='' prod_order_by='' prod_order='' date_filter='' date_filter_start='' date_filter_end='' date_filter_format='yy\/mm\/dd' sort='no' query_orderby='rand' query_order='DESC' caption_elements='title' caption_styling='overlay' caption_display='always' size='fixed' orientation='' gap='large' columns='5' av-medium-columns='' av-small-columns='' av-mini-columns='' items='5' paginate='none' color='' custom_bg='' overlay_fx='active' animation='active' lazy_loading='disabled' id='' custom_class='' av_uid='av-l9474s7j']\n","protected":false},"excerpt":{"rendered":"<p>\u00d6zellikle y\u00fcz derisi ya\u015fla birlikte elastikiyetini kaybeder. 20 ya\u015f\u0131ndan itibaren cildin kademeli ya\u015flanma s\u00fcreci ba\u015flar. <\/p>\n","protected":false},"featured_media":1955,"comment_status":"closed","ping_status":"closed","template":"","tags":[],"portfolio_entries":[94],"class_list":["post-6990","portfolio","type-portfolio","status-publish","has-post-thumbnail","hentry","portfolio_entries-aesthetische-dermatologie-tr"],"yoast_head":"<!-- This site is optimized with the Yoast SEO plugin v25.3.1 - https:\/\/yoast.com\/wordpress\/plugins\/seo\/ -->\n<title>K\u0131r\u0131\u015f\u0131kl\u0131k tedavisi | dermatolog dr Hasert Berlin<\/title>\n<meta name=\"description\" content=\"K\u0131r\u0131\u015f\u0131kl\u0131k tedavimiz, 20 ya\u015f\u0131ndan itibaren y\u00fczdeki cildin kademeli ya\u015flanma s\u00fcrecine kar\u015f\u0131 koymay\u0131 m\u00fcmk\u00fcn k\u0131lar.\" \/>\n<meta name=\"robots\" content=\"index, follow, max-snippet:-1, max-image-preview:large, max-video-preview:-1\" \/>\n<link rel=\"canonical\" href=\"https:\/\/www.hasert-haut.de\/tr\/leistungen\/kirisiklik-tedavisi\/\" \/>\n<meta property=\"og:locale\" content=\"tr_TR\" \/>\n<meta property=\"og:type\" content=\"article\" \/>\n<meta property=\"og:title\" content=\"K\u0131r\u0131\u015f\u0131kl\u0131k tedavisi | dermatolog dr Hasert Berlin\" \/>\n<meta property=\"og:description\" content=\"K\u0131r\u0131\u015f\u0131kl\u0131k tedavimiz, 20 ya\u015f\u0131ndan itibaren y\u00fczdeki cildin kademeli ya\u015flanma s\u00fcrecine kar\u015f\u0131 koymay\u0131 m\u00fcmk\u00fcn k\u0131lar.\" \/>\n<meta property=\"og:url\" content=\"https:\/\/www.hasert-haut.de\/tr\/leistungen\/kirisiklik-tedavisi\/\" \/>\n<meta property=\"og:site_name\" content=\"Hautarzt Berlin - Praxisklinik Dr. Hasert\" \/>\n<meta property=\"article:modified_time\" content=\"2022-11-09T13:10:39+00:00\" \/>\n<meta property=\"og:image\" content=\"https:\/\/www.hasert-haut.de\/wp-content\/uploads\/2015\/01\/Faltenbehandlung3.jpg\" \/>\n\t<meta property=\"og:image:width\" content=\"600\" \/>\n\t<meta property=\"og:image:height\" content=\"600\" \/>\n\t<meta property=\"og:image:type\" content=\"image\/jpeg\" \/>\n<meta name=\"twitter:label1\" content=\"Tahmini okuma s\u00fcresi\" \/>\n\t<meta name=\"twitter:data1\" content=\"4 dakika\" \/>\n<script type=\"application\/ld+json\" class=\"yoast-schema-graph\">{\"@context\":\"https:\/\/schema.org\",\"@graph\":[{\"@type\":\"WebPage\",\"@id\":\"https:\/\/www.hasert-haut.de\/tr\/leistungen\/kirisiklik-tedavisi\/\",\"url\":\"https:\/\/www.hasert-haut.de\/tr\/leistungen\/kirisiklik-tedavisi\/\",\"name\":\"K\u0131r\u0131\u015f\u0131kl\u0131k tedavisi | dermatolog dr Hasert Berlin\",\"isPartOf\":{\"@id\":\"https:\/\/www.hasert-haut.de\/tr\/#website\"},\"primaryImageOfPage\":{\"@id\":\"https:\/\/www.hasert-haut.de\/tr\/leistungen\/kirisiklik-tedavisi\/#primaryimage\"},\"image\":{\"@id\":\"https:\/\/www.hasert-haut.de\/tr\/leistungen\/kirisiklik-tedavisi\/#primaryimage\"},\"thumbnailUrl\":\"https:\/\/www.hasert-haut.de\/wp-content\/uploads\/2015\/01\/Faltenbehandlung3.jpg\",\"datePublished\":\"2022-10-11T09:22:47+00:00\",\"dateModified\":\"2022-11-09T13:10:39+00:00\",\"description\":\"K\u0131r\u0131\u015f\u0131kl\u0131k tedavimiz, 20 ya\u015f\u0131ndan itibaren y\u00fczdeki cildin kademeli ya\u015flanma s\u00fcrecine kar\u015f\u0131 koymay\u0131 m\u00fcmk\u00fcn k\u0131lar.\",\"breadcrumb\":{\"@id\":\"https:\/\/www.hasert-haut.de\/tr\/leistungen\/kirisiklik-tedavisi\/#breadcrumb\"},\"inLanguage\":\"tr\",\"potentialAction\":[{\"@type\":\"ReadAction\",\"target\":[\"https:\/\/www.hasert-haut.de\/tr\/leistungen\/kirisiklik-tedavisi\/\"]}]},{\"@type\":\"ImageObject\",\"inLanguage\":\"tr\",\"@id\":\"https:\/\/www.hasert-haut.de\/tr\/leistungen\/kirisiklik-tedavisi\/#primaryimage\",\"url\":\"https:\/\/www.hasert-haut.de\/wp-content\/uploads\/2015\/01\/Faltenbehandlung3.jpg\",\"contentUrl\":\"https:\/\/www.hasert-haut.de\/wp-content\/uploads\/2015\/01\/Faltenbehandlung3.jpg\",\"width\":600,\"height\":600,\"caption\":\"Faltenbehandlung\"},{\"@type\":\"BreadcrumbList\",\"@id\":\"https:\/\/www.hasert-haut.de\/tr\/leistungen\/kirisiklik-tedavisi\/#breadcrumb\",\"itemListElement\":[{\"@type\":\"ListItem\",\"position\":1,\"name\":\"Home\",\"item\":\"https:\/\/www.hasert-haut.de\/tr\/hosgeldiniz\/\"},{\"@type\":\"ListItem\",\"position\":2,\"name\":\"k\u0131r\u0131\u015f\u0131kl\u0131k tedavisi\"}]},{\"@type\":\"WebSite\",\"@id\":\"https:\/\/www.hasert-haut.de\/tr\/#website\",\"url\":\"https:\/\/www.hasert-haut.de\/tr\/\",\"name\":\"Hautarzt Berlin - Praxisklinik Dr. Hasert\",\"description\":\"Hautarzt, Allgemeinmedizin\",\"potentialAction\":[{\"@type\":\"SearchAction\",\"target\":{\"@type\":\"EntryPoint\",\"urlTemplate\":\"https:\/\/www.hasert-haut.de\/tr\/?s={search_term_string}\"},\"query-input\":{\"@type\":\"PropertyValueSpecification\",\"valueRequired\":true,\"valueName\":\"search_term_string\"}}],\"inLanguage\":\"tr\"}]}<\/script>\n<!-- \/ Yoast SEO plugin. -->","yoast_head_json":{"title":"K\u0131r\u0131\u015f\u0131kl\u0131k tedavisi | dermatolog dr Hasert Berlin","description":"K\u0131r\u0131\u015f\u0131kl\u0131k tedavimiz, 20 ya\u015f\u0131ndan itibaren y\u00fczdeki cildin kademeli ya\u015flanma s\u00fcrecine kar\u015f\u0131 koymay\u0131 m\u00fcmk\u00fcn k\u0131lar.","robots":{"index":"index","follow":"follow","max-snippet":"max-snippet:-1","max-image-preview":"max-image-preview:large","max-video-preview":"max-video-preview:-1"},"canonical":"https:\/\/www.hasert-haut.de\/tr\/leistungen\/kirisiklik-tedavisi\/","og_locale":"tr_TR","og_type":"article","og_title":"K\u0131r\u0131\u015f\u0131kl\u0131k tedavisi | dermatolog dr Hasert Berlin","og_description":"K\u0131r\u0131\u015f\u0131kl\u0131k tedavimiz, 20 ya\u015f\u0131ndan itibaren y\u00fczdeki cildin kademeli ya\u015flanma s\u00fcrecine kar\u015f\u0131 koymay\u0131 m\u00fcmk\u00fcn k\u0131lar.","og_url":"https:\/\/www.hasert-haut.de\/tr\/leistungen\/kirisiklik-tedavisi\/","og_site_name":"Hautarzt Berlin - Praxisklinik Dr. Hasert","article_modified_time":"2022-11-09T13:10:39+00:00","og_image":[{"width":600,"height":600,"url":"https:\/\/www.hasert-haut.de\/wp-content\/uploads\/2015\/01\/Faltenbehandlung3.jpg","type":"image\/jpeg"}],"twitter_misc":{"Tahmini okuma s\u00fcresi":"4 dakika"},"schema":{"@context":"https:\/\/schema.org","@graph":[{"@type":"WebPage","@id":"https:\/\/www.hasert-haut.de\/tr\/leistungen\/kirisiklik-tedavisi\/","url":"https:\/\/www.hasert-haut.de\/tr\/leistungen\/kirisiklik-tedavisi\/","name":"K\u0131r\u0131\u015f\u0131kl\u0131k tedavisi | dermatolog dr Hasert Berlin","isPartOf":{"@id":"https:\/\/www.hasert-haut.de\/tr\/#website"},"primaryImageOfPage":{"@id":"https:\/\/www.hasert-haut.de\/tr\/leistungen\/kirisiklik-tedavisi\/#primaryimage"},"image":{"@id":"https:\/\/www.hasert-haut.de\/tr\/leistungen\/kirisiklik-tedavisi\/#primaryimage"},"thumbnailUrl":"https:\/\/www.hasert-haut.de\/wp-content\/uploads\/2015\/01\/Faltenbehandlung3.jpg","datePublished":"2022-10-11T09:22:47+00:00","dateModified":"2022-11-09T13:10:39+00:00","description":"K\u0131r\u0131\u015f\u0131kl\u0131k tedavimiz, 20 ya\u015f\u0131ndan itibaren y\u00fczdeki cildin kademeli ya\u015flanma s\u00fcrecine kar\u015f\u0131 koymay\u0131 m\u00fcmk\u00fcn k\u0131lar.","breadcrumb":{"@id":"https:\/\/www.hasert-haut.de\/tr\/leistungen\/kirisiklik-tedavisi\/#breadcrumb"},"inLanguage":"tr","potentialAction":[{"@type":"ReadAction","target":["https:\/\/www.hasert-haut.de\/tr\/leistungen\/kirisiklik-tedavisi\/"]}]},{"@type":"ImageObject","inLanguage":"tr","@id":"https:\/\/www.hasert-haut.de\/tr\/leistungen\/kirisiklik-tedavisi\/#primaryimage","url":"https:\/\/www.hasert-haut.de\/wp-content\/uploads\/2015\/01\/Faltenbehandlung3.jpg","contentUrl":"https:\/\/www.hasert-haut.de\/wp-content\/uploads\/2015\/01\/Faltenbehandlung3.jpg","width":600,"height":600,"caption":"Faltenbehandlung"},{"@type":"BreadcrumbList","@id":"https:\/\/www.hasert-haut.de\/tr\/leistungen\/kirisiklik-tedavisi\/#breadcrumb","itemListElement":[{"@type":"ListItem","position":1,"name":"Home","item":"https:\/\/www.hasert-haut.de\/tr\/hosgeldiniz\/"},{"@type":"ListItem","position":2,"name":"k\u0131r\u0131\u015f\u0131kl\u0131k tedavisi"}]},{"@type":"WebSite","@id":"https:\/\/www.hasert-haut.de\/tr\/#website","url":"https:\/\/www.hasert-haut.de\/tr\/","name":"Hautarzt Berlin - Praxisklinik Dr. Hasert","description":"Hautarzt, Allgemeinmedizin","potentialAction":[{"@type":"SearchAction","target":{"@type":"EntryPoint","urlTemplate":"https:\/\/www.hasert-haut.de\/tr\/?s={search_term_string}"},"query-input":{"@type":"PropertyValueSpecification","valueRequired":true,"valueName":"search_term_string"}}],"inLanguage":"tr"}]}},"_links":{"self":[{"href":"https:\/\/www.hasert-haut.de\/tr\/wp-json\/wp\/v2\/portfolio\/6990","targetHints":{"allow":["GET"]}}],"collection":[{"href":"https:\/\/www.hasert-haut.de\/tr\/wp-json\/wp\/v2\/portfolio"}],"about":[{"href":"https:\/\/www.hasert-haut.de\/tr\/wp-json\/wp\/v2\/types\/portfolio"}],"replies":[{"embeddable":true,"href":"https:\/\/www.hasert-haut.de\/tr\/wp-json\/wp\/v2\/comments?post=6990"}],"version-history":[{"count":10,"href":"https:\/\/www.hasert-haut.de\/tr\/wp-json\/wp\/v2\/portfolio\/6990\/revisions"}],"predecessor-version":[{"id":11005,"href":"https:\/\/www.hasert-haut.de\/tr\/wp-json\/wp\/v2\/portfolio\/6990\/revisions\/11005"}],"wp:featuredmedia":[{"embeddable":true,"href":"https:\/\/www.hasert-haut.de\/tr\/wp-json\/wp\/v2\/media\/1955"}],"wp:attachment":[{"href":"https:\/\/www.hasert-haut.de\/tr\/wp-json\/wp\/v2\/media?parent=6990"}],"wp:term":[{"taxonomy":"post_tag","embeddable":true,"href":"https:\/\/www.hasert-haut.de\/tr\/wp-json\/wp\/v2\/tags?post=6990"},{"taxonomy":"portfolio_entries","embeddable":true,"href":"https:\/\/www.hasert-haut.de\/tr\/wp-json\/wp\/v2\/portfolio_entries?post=6990"}],"curies":[{"name":"wp","href":"https:\/\/api.w.org\/{rel}","templated":true}]}}