{"id":7006,"date":"2022-10-11T09:27:02","date_gmt":"2022-10-11T09:27:02","guid":{"rendered":"https:\/\/www.hasert-haut.de\/leistungen\/fraxel-lasertherapie\/"},"modified":"2022-11-09T13:11:56","modified_gmt":"2022-11-09T13:11:56","slug":"fraksel-lazer-tedavisi","status":"publish","type":"portfolio","link":"https:\/\/www.hasert-haut.de\/tr\/leistungen\/fraksel-lazer-tedavisi\/","title":{"rendered":"Fraxel Lazer Tedavisi"},"content":{"rendered":"\n<style type=\"text\/css\" data-created_by=\"avia_inline_auto\" id=\"style-css-av-83ux3-cb3df05a4736f1a55bf94831cbc8b9b0\">\n#top .av-special-heading.av-83ux3-cb3df05a4736f1a55bf94831cbc8b9b0{\npadding-bottom:10px;\n}\nbody .av-special-heading.av-83ux3-cb3df05a4736f1a55bf94831cbc8b9b0 .av-special-heading-tag .heading-char{\nfont-size:25px;\n}\n.av-special-heading.av-83ux3-cb3df05a4736f1a55bf94831cbc8b9b0 .av-subheading{\nfont-size:15px;\n}\n<\/style>\n<div  class='av-special-heading av-83ux3-cb3df05a4736f1a55bf94831cbc8b9b0 av-special-heading-h1 blockquote modern-quote  avia-builder-el-0  el_before_av_hr  avia-builder-el-first '><h1 class='av-special-heading-tag'  itemprop=\"headline\"  >Fraxel Lazer Tedavisi<\/h1><div class=\"special-heading-border\"><div class=\"special-heading-inner-border\"><\/div><\/div><\/div>\n\n<style type=\"text\/css\" data-created_by=\"avia_inline_auto\" id=\"style-css-av-l96ryrhp-34611b3b3859af4f21b0a1bfa0ad5e24\">\n#top .hr.hr-invisible.av-l96ryrhp-34611b3b3859af4f21b0a1bfa0ad5e24{\nheight:50px;\n}\n<\/style>\n<div  class='hr av-l96ryrhp-34611b3b3859af4f21b0a1bfa0ad5e24 hr-invisible  avia-builder-el-1  el_after_av_heading  el_before_av_three_fifth '><span class='hr-inner '><span class=\"hr-inner-style\"><\/span><\/span><\/div>\n\n<style type=\"text\/css\" data-created_by=\"avia_inline_auto\" id=\"style-css-av-6dj6ns-7472608404402ce7ad5c72bb757e28f8\">\n.flex_column.av-6dj6ns-7472608404402ce7ad5c72bb757e28f8{\nborder-radius:0px 0px 0px 0px;\npadding:0px 0px 0px 0px;\n}\n<\/style>\n<div  class='flex_column av-6dj6ns-7472608404402ce7ad5c72bb757e28f8 av_three_fifth  avia-builder-el-2  el_after_av_hr  el_before_av_two_fifth  first flex_column_div av-zero-column-padding  '     ><section  class='av_textblock_section av-2baq6-1d5be3d54d24954d0b318114a95689e8 '   itemscope=\"itemscope\" itemtype=\"https:\/\/schema.org\/CreativeWork\" ><div class='avia_textblock'  itemprop=\"text\" ><p>Bu tip lazer tedavisi ile derinin en k\u00fc\u00e7\u00fck doku silindirleri, binlerce mikro lazer \u0131\u015f\u0131n\u0131 kullan\u0131larak bir anestezik krem \u200b\u200bkullan\u0131larak kesin do\u011frulukla (&#8220;mikroskopik tedavi b\u00f6lgeleri&#8221;) \u00e7\u0131kar\u0131l\u0131r. Tedavi edilen b\u00f6lgelerde olu\u015fan yara kas\u0131lmalar\u0131 ve yeni kolajen olu\u015fumu nedeniyle olu\u015fan mikro yaralar\u0131n iyile\u015fmesi, b\u00f6lge k\u0131salmas\u0131na ve dolay\u0131s\u0131yla cildin p\u00fcr\u00fczs\u00fczle\u015fmesine neden olur. Fraxel lazer tedavisi \u00f6zellikle y\u00fcz b\u00f6lgesi i\u00e7in uygundur, g\u00f6zenekleri yumu\u015fat\u0131r, akne izlerini, g\u00fcne\u015f hasar\u0131n\u0131 ve k\u0131r\u0131\u015f\u0131kl\u0131klar\u0131 azalt\u0131r. Neredeyse a\u011fr\u0131s\u0131zd\u0131r ve optimal sonu\u00e7lar i\u00e7in birka\u00e7 kez yap\u0131lmal\u0131d\u0131r.<\/p>\n<\/div><\/section><\/div>\n<style type=\"text\/css\" data-created_by=\"avia_inline_auto\" id=\"style-css-av-35maw8-40d53b73a800c5af1e8f9ef0bbd6d964\">\n.flex_column.av-35maw8-40d53b73a800c5af1e8f9ef0bbd6d964{\nborder-radius:0px 0px 0px 0px;\npadding:0px 0px 0px 0px;\n}\n<\/style>\n<div  class='flex_column av-35maw8-40d53b73a800c5af1e8f9ef0bbd6d964 av_two_fifth  avia-builder-el-4  el_after_av_three_fifth  el_before_av_hr  flex_column_div av-zero-column-padding  '     ><div id='av-masonry-1' class='av-masonry av-l96s1ic1-c38ab74d82852ca4a17ec1bf78016191 noHover av-fixed-size av-large-gap av-hover-overlay-active av-masonry-animation-active av-masonry-col-2 av-caption-always av-caption-style- av-masonry-gallery ' data-post_id=\"7006\"><div class=\"av-masonry-container isotope av-js-disabled\"><div class='av-masonry-entry isotope-item av-masonry-item-no-image '><\/div><a href=\"https:\/\/www.hasert-haut.de\/wp-content\/uploads\/2015\/01\/Fraxel-Lasertherapie-4.jpg\" data-srcset=\"https:\/\/www.hasert-haut.de\/wp-content\/uploads\/2015\/01\/Fraxel-Lasertherapie-4.jpg 800w, https:\/\/www.hasert-haut.de\/wp-content\/uploads\/2015\/01\/Fraxel-Lasertherapie-4-300x225.jpg 300w, https:\/\/www.hasert-haut.de\/wp-content\/uploads\/2015\/01\/Fraxel-Lasertherapie-4-705x528.jpg 705w, https:\/\/www.hasert-haut.de\/wp-content\/uploads\/2015\/01\/Fraxel-Lasertherapie-4-450x337.jpg 450w\" data-sizes=\"(max-width: 800px) 100vw, 800px\"  aria-label=\"image Fraxel Lasertherapie\"  id='av-masonry-1-item-1922' data-av-masonry-item='1922' class='av-masonry-entry isotope-item post-1922 attachment type-attachment status-inherit hentry  av-masonry-item-with-image' title=\"Fraxel Lasertherapie\" alt=\"\"    itemprop=\"thumbnailUrl\" ><div class='av-inner-masonry-sizer'><\/div><figure class='av-inner-masonry main_color'><div class=\"av-masonry-outerimage-container\"><div class='av-masonry-image-container' style=\"background-image: url(https:\/\/www.hasert-haut.de\/wp-content\/uploads\/2015\/01\/Fraxel-Lasertherapie-4-705x528.jpg);\"  title=\"Fraxel Lasertherapie\"  ><\/div><\/div><\/figure><\/a><!--end av-masonry entry--><a href=\"https:\/\/www.hasert-haut.de\/wp-content\/uploads\/2015\/01\/Fraxel-Lasertherapie-2.jpg\" data-srcset=\"https:\/\/www.hasert-haut.de\/wp-content\/uploads\/2015\/01\/Fraxel-Lasertherapie-2.jpg 800w, https:\/\/www.hasert-haut.de\/wp-content\/uploads\/2015\/01\/Fraxel-Lasertherapie-2-300x225.jpg 300w, https:\/\/www.hasert-haut.de\/wp-content\/uploads\/2015\/01\/Fraxel-Lasertherapie-2-705x528.jpg 705w, https:\/\/www.hasert-haut.de\/wp-content\/uploads\/2015\/01\/Fraxel-Lasertherapie-2-450x337.jpg 450w\" data-sizes=\"(max-width: 800px) 100vw, 800px\"  aria-label=\"image Fraxel Lasertherapie\"  id='av-masonry-1-item-1920' data-av-masonry-item='1920' class='av-masonry-entry isotope-item post-1920 attachment type-attachment status-inherit hentry  av-masonry-item-with-image' title=\"Fraxel Lasertherapie\" alt=\"\"    itemprop=\"thumbnailUrl\" ><div class='av-inner-masonry-sizer'><\/div><figure class='av-inner-masonry main_color'><div class=\"av-masonry-outerimage-container\"><div class='av-masonry-image-container' style=\"background-image: url(https:\/\/www.hasert-haut.de\/wp-content\/uploads\/2015\/01\/Fraxel-Lasertherapie-2-705x528.jpg);\"  title=\"Fraxel Lasertherapie\"  ><\/div><\/div><\/figure><\/a><!--end av-masonry entry--><a href=\"https:\/\/www.hasert-haut.de\/wp-content\/uploads\/2015\/01\/Fraxel-Lasertherapie-1.jpg\" data-srcset=\"https:\/\/www.hasert-haut.de\/wp-content\/uploads\/2015\/01\/Fraxel-Lasertherapie-1.jpg 800w, https:\/\/www.hasert-haut.de\/wp-content\/uploads\/2015\/01\/Fraxel-Lasertherapie-1-300x225.jpg 300w, https:\/\/www.hasert-haut.de\/wp-content\/uploads\/2015\/01\/Fraxel-Lasertherapie-1-705x528.jpg 705w, https:\/\/www.hasert-haut.de\/wp-content\/uploads\/2015\/01\/Fraxel-Lasertherapie-1-450x337.jpg 450w\" data-sizes=\"(max-width: 800px) 100vw, 800px\"  aria-label=\"image Fraxel Lasertherapie\"  id='av-masonry-1-item-1919' data-av-masonry-item='1919' class='av-masonry-entry isotope-item post-1919 attachment type-attachment status-inherit hentry  av-masonry-item-with-image' title=\"Fraxel Lasertherapie\" alt=\"\"    itemprop=\"thumbnailUrl\" ><div class='av-inner-masonry-sizer'><\/div><figure class='av-inner-masonry main_color'><div class=\"av-masonry-outerimage-container\"><div class='av-masonry-image-container' style=\"background-image: url(https:\/\/www.hasert-haut.de\/wp-content\/uploads\/2015\/01\/Fraxel-Lasertherapie-1-705x528.jpg);\"  title=\"Fraxel Lasertherapie\"  ><\/div><\/div><\/figure><\/a><!--end av-masonry entry--><a href=\"https:\/\/www.hasert-haut.de\/wp-content\/uploads\/2015\/01\/Fraxel-Lasertherapie-3.jpg\" data-srcset=\"https:\/\/www.hasert-haut.de\/wp-content\/uploads\/2015\/01\/Fraxel-Lasertherapie-3.jpg 800w, https:\/\/www.hasert-haut.de\/wp-content\/uploads\/2015\/01\/Fraxel-Lasertherapie-3-300x225.jpg 300w, https:\/\/www.hasert-haut.de\/wp-content\/uploads\/2015\/01\/Fraxel-Lasertherapie-3-705x528.jpg 705w, https:\/\/www.hasert-haut.de\/wp-content\/uploads\/2015\/01\/Fraxel-Lasertherapie-3-450x337.jpg 450w\" data-sizes=\"(max-width: 800px) 100vw, 800px\"  aria-label=\"image Fraxel Lasertherapie\"  id='av-masonry-1-item-1921' data-av-masonry-item='1921' class='av-masonry-entry isotope-item post-1921 attachment type-attachment status-inherit hentry  av-masonry-item-with-image' title=\"Fraxel Lasertherapie\" alt=\"\"    itemprop=\"thumbnailUrl\" ><div class='av-inner-masonry-sizer'><\/div><figure class='av-inner-masonry main_color'><div class=\"av-masonry-outerimage-container\"><div class='av-masonry-image-container' style=\"background-image: url(https:\/\/www.hasert-haut.de\/wp-content\/uploads\/2015\/01\/Fraxel-Lasertherapie-3-705x528.jpg);\"  title=\"Fraxel Lasertherapie\"  ><\/div><\/div><\/figure><\/a><!--end av-masonry entry--><\/div><\/div><\/div>\n<style type=\"text\/css\" data-created_by=\"avia_inline_auto\" id=\"style-css-av-1r06m-22f4993bc341f54115743d69d089ae2f\">\n#top .hr.hr-invisible.av-1r06m-22f4993bc341f54115743d69d089ae2f{\nheight:50px;\n}\n<\/style>\n<div  class='hr av-1r06m-22f4993bc341f54115743d69d089ae2f hr-invisible  avia-builder-el-6  el_after_av_two_fifth  el_before_av_postcontent  avia-builder-el-last '><span class='hr-inner '><span class=\"hr-inner-style\"><\/span><\/span><\/div><\/p>\n[av_heading heading='Uygulamam\u0131z\u0131n di\u011fer hizmetleri' tag='h3' style='blockquote modern-quote modern-centered' subheading_active='' show_icon='' icon='ue800' font='' size='' av-medium-font-size-title='' av-small-font-size-title='' av-mini-font-size-title='' subheading_size='' av-medium-font-size='' av-small-font-size='' av-mini-font-size='' icon_size='' av-medium-font-size-1='' av-small-font-size-1='' av-mini-font-size-1='' color='' custom_font='' icon_color='' margin='' margin_sync='true' padding='10' icon_padding='10' link='' link_target='' id='' custom_class='' av_uid='av-l9475f5a' admin_preview_bg=''][\/av_heading]\n\n[av_masonry_entries link='portfolio_entries,95,72,73,71' wc_prod_visible='' wc_prod_hidden='hide' wc_prod_featured='' prod_order_by='' prod_order='' date_filter='' date_filter_start='' date_filter_end='' date_filter_format='yy\/mm\/dd' sort='no' query_orderby='rand' query_order='DESC' caption_elements='title' caption_styling='overlay' caption_display='always' size='fixed' orientation='' gap='large' columns='5' av-medium-columns='' av-small-columns='' av-mini-columns='' items='5' paginate='none' color='' custom_bg='' overlay_fx='active' animation='active' lazy_loading='disabled' id='' custom_class='' av_uid='av-l9474s7j']\n","protected":false},"excerpt":{"rendered":"<p>Bu tip lazer tedavisi ile derinin en k\u00fc\u00e7\u00fck doku silindirleri, binlerce mikro lazer \u0131\u015f\u0131n\u0131 kullan\u0131larak bir anestezik krem \u200b\u200bkullan\u0131larak kesin do\u011frulukla (&#8220;mikroskopik tedavi b\u00f6lgeleri&#8221;) \u00e7\u0131kar\u0131l\u0131r.<\/p>\n","protected":false},"featured_media":1919,"comment_status":"closed","ping_status":"closed","template":"","tags":[],"portfolio_entries":[94],"class_list":["post-7006","portfolio","type-portfolio","status-publish","has-post-thumbnail","hentry","portfolio_entries-aesthetische-dermatologie-tr"],"yoast_head":"<!-- This site is optimized with the Yoast SEO plugin v25.3.1 - https:\/\/yoast.com\/wordpress\/plugins\/seo\/ -->\n<title>Terapia L\u00e1ser Fraxel | dermat\u00f3logo dr Hasert Berl\u00edn<\/title>\n<meta name=\"description\" content=\"Fraxel lazer tedavisi \u00f6zellikle y\u00fcz b\u00f6lgesi i\u00e7in uygundur, g\u00f6zenekleri yumu\u015fat\u0131r, akne izlerini, g\u00fcne\u015f hasar\u0131n\u0131 ve k\u0131r\u0131\u015f\u0131kl\u0131klar\u0131 azalt\u0131r.\" \/>\n<meta name=\"robots\" content=\"index, follow, max-snippet:-1, max-image-preview:large, max-video-preview:-1\" \/>\n<link rel=\"canonical\" href=\"https:\/\/www.hasert-haut.de\/tr\/leistungen\/fraksel-lazer-tedavisi\/\" \/>\n<meta property=\"og:locale\" content=\"tr_TR\" \/>\n<meta property=\"og:type\" content=\"article\" \/>\n<meta property=\"og:title\" content=\"Terapia L\u00e1ser Fraxel | dermat\u00f3logo dr Hasert Berl\u00edn\" \/>\n<meta property=\"og:description\" content=\"Fraxel lazer tedavisi \u00f6zellikle y\u00fcz b\u00f6lgesi i\u00e7in uygundur, g\u00f6zenekleri yumu\u015fat\u0131r, akne izlerini, g\u00fcne\u015f hasar\u0131n\u0131 ve k\u0131r\u0131\u015f\u0131kl\u0131klar\u0131 azalt\u0131r.\" \/>\n<meta property=\"og:url\" content=\"https:\/\/www.hasert-haut.de\/tr\/leistungen\/fraksel-lazer-tedavisi\/\" \/>\n<meta property=\"og:site_name\" content=\"Hautarzt Berlin - Praxisklinik Dr. Hasert\" \/>\n<meta property=\"article:modified_time\" content=\"2022-11-09T13:11:56+00:00\" \/>\n<meta property=\"og:image\" content=\"https:\/\/www.hasert-haut.de\/wp-content\/uploads\/2015\/01\/Fraxel-Lasertherapie-1.jpg\" \/>\n\t<meta property=\"og:image:width\" content=\"800\" \/>\n\t<meta property=\"og:image:height\" content=\"600\" \/>\n\t<meta property=\"og:image:type\" content=\"image\/jpeg\" \/>\n<meta name=\"twitter:label1\" content=\"Tahmini okuma s\u00fcresi\" \/>\n\t<meta name=\"twitter:data1\" content=\"3 dakika\" \/>\n<script type=\"application\/ld+json\" class=\"yoast-schema-graph\">{\"@context\":\"https:\/\/schema.org\",\"@graph\":[{\"@type\":\"WebPage\",\"@id\":\"https:\/\/www.hasert-haut.de\/tr\/leistungen\/fraksel-lazer-tedavisi\/\",\"url\":\"https:\/\/www.hasert-haut.de\/tr\/leistungen\/fraksel-lazer-tedavisi\/\",\"name\":\"Terapia L\u00e1ser Fraxel | dermat\u00f3logo dr Hasert Berl\u00edn\",\"isPartOf\":{\"@id\":\"https:\/\/www.hasert-haut.de\/tr\/#website\"},\"primaryImageOfPage\":{\"@id\":\"https:\/\/www.hasert-haut.de\/tr\/leistungen\/fraksel-lazer-tedavisi\/#primaryimage\"},\"image\":{\"@id\":\"https:\/\/www.hasert-haut.de\/tr\/leistungen\/fraksel-lazer-tedavisi\/#primaryimage\"},\"thumbnailUrl\":\"https:\/\/www.hasert-haut.de\/wp-content\/uploads\/2015\/01\/Fraxel-Lasertherapie-1.jpg\",\"datePublished\":\"2022-10-11T09:27:02+00:00\",\"dateModified\":\"2022-11-09T13:11:56+00:00\",\"description\":\"Fraxel lazer tedavisi \u00f6zellikle y\u00fcz b\u00f6lgesi i\u00e7in uygundur, g\u00f6zenekleri yumu\u015fat\u0131r, akne izlerini, g\u00fcne\u015f hasar\u0131n\u0131 ve k\u0131r\u0131\u015f\u0131kl\u0131klar\u0131 azalt\u0131r.\",\"breadcrumb\":{\"@id\":\"https:\/\/www.hasert-haut.de\/tr\/leistungen\/fraksel-lazer-tedavisi\/#breadcrumb\"},\"inLanguage\":\"tr\",\"potentialAction\":[{\"@type\":\"ReadAction\",\"target\":[\"https:\/\/www.hasert-haut.de\/tr\/leistungen\/fraksel-lazer-tedavisi\/\"]}]},{\"@type\":\"ImageObject\",\"inLanguage\":\"tr\",\"@id\":\"https:\/\/www.hasert-haut.de\/tr\/leistungen\/fraksel-lazer-tedavisi\/#primaryimage\",\"url\":\"https:\/\/www.hasert-haut.de\/wp-content\/uploads\/2015\/01\/Fraxel-Lasertherapie-1.jpg\",\"contentUrl\":\"https:\/\/www.hasert-haut.de\/wp-content\/uploads\/2015\/01\/Fraxel-Lasertherapie-1.jpg\",\"width\":800,\"height\":600,\"caption\":\"Fraxel Lasertherapie\"},{\"@type\":\"BreadcrumbList\",\"@id\":\"https:\/\/www.hasert-haut.de\/tr\/leistungen\/fraksel-lazer-tedavisi\/#breadcrumb\",\"itemListElement\":[{\"@type\":\"ListItem\",\"position\":1,\"name\":\"Home\",\"item\":\"https:\/\/www.hasert-haut.de\/tr\/hosgeldiniz\/\"},{\"@type\":\"ListItem\",\"position\":2,\"name\":\"Fraxel Lazer Tedavisi\"}]},{\"@type\":\"WebSite\",\"@id\":\"https:\/\/www.hasert-haut.de\/tr\/#website\",\"url\":\"https:\/\/www.hasert-haut.de\/tr\/\",\"name\":\"Hautarzt Berlin - Praxisklinik Dr. Hasert\",\"description\":\"Hautarzt, Allgemeinmedizin\",\"potentialAction\":[{\"@type\":\"SearchAction\",\"target\":{\"@type\":\"EntryPoint\",\"urlTemplate\":\"https:\/\/www.hasert-haut.de\/tr\/?s={search_term_string}\"},\"query-input\":{\"@type\":\"PropertyValueSpecification\",\"valueRequired\":true,\"valueName\":\"search_term_string\"}}],\"inLanguage\":\"tr\"}]}<\/script>\n<!-- \/ Yoast SEO plugin. -->","yoast_head_json":{"title":"Terapia L\u00e1ser Fraxel | dermat\u00f3logo dr Hasert Berl\u00edn","description":"Fraxel lazer tedavisi \u00f6zellikle y\u00fcz b\u00f6lgesi i\u00e7in uygundur, g\u00f6zenekleri yumu\u015fat\u0131r, akne izlerini, g\u00fcne\u015f hasar\u0131n\u0131 ve k\u0131r\u0131\u015f\u0131kl\u0131klar\u0131 azalt\u0131r.","robots":{"index":"index","follow":"follow","max-snippet":"max-snippet:-1","max-image-preview":"max-image-preview:large","max-video-preview":"max-video-preview:-1"},"canonical":"https:\/\/www.hasert-haut.de\/tr\/leistungen\/fraksel-lazer-tedavisi\/","og_locale":"tr_TR","og_type":"article","og_title":"Terapia L\u00e1ser Fraxel | dermat\u00f3logo dr Hasert Berl\u00edn","og_description":"Fraxel lazer tedavisi \u00f6zellikle y\u00fcz b\u00f6lgesi i\u00e7in uygundur, g\u00f6zenekleri yumu\u015fat\u0131r, akne izlerini, g\u00fcne\u015f hasar\u0131n\u0131 ve k\u0131r\u0131\u015f\u0131kl\u0131klar\u0131 azalt\u0131r.","og_url":"https:\/\/www.hasert-haut.de\/tr\/leistungen\/fraksel-lazer-tedavisi\/","og_site_name":"Hautarzt Berlin - Praxisklinik Dr. Hasert","article_modified_time":"2022-11-09T13:11:56+00:00","og_image":[{"width":800,"height":600,"url":"https:\/\/www.hasert-haut.de\/wp-content\/uploads\/2015\/01\/Fraxel-Lasertherapie-1.jpg","type":"image\/jpeg"}],"twitter_misc":{"Tahmini okuma s\u00fcresi":"3 dakika"},"schema":{"@context":"https:\/\/schema.org","@graph":[{"@type":"WebPage","@id":"https:\/\/www.hasert-haut.de\/tr\/leistungen\/fraksel-lazer-tedavisi\/","url":"https:\/\/www.hasert-haut.de\/tr\/leistungen\/fraksel-lazer-tedavisi\/","name":"Terapia L\u00e1ser Fraxel | dermat\u00f3logo dr Hasert Berl\u00edn","isPartOf":{"@id":"https:\/\/www.hasert-haut.de\/tr\/#website"},"primaryImageOfPage":{"@id":"https:\/\/www.hasert-haut.de\/tr\/leistungen\/fraksel-lazer-tedavisi\/#primaryimage"},"image":{"@id":"https:\/\/www.hasert-haut.de\/tr\/leistungen\/fraksel-lazer-tedavisi\/#primaryimage"},"thumbnailUrl":"https:\/\/www.hasert-haut.de\/wp-content\/uploads\/2015\/01\/Fraxel-Lasertherapie-1.jpg","datePublished":"2022-10-11T09:27:02+00:00","dateModified":"2022-11-09T13:11:56+00:00","description":"Fraxel lazer tedavisi \u00f6zellikle y\u00fcz b\u00f6lgesi i\u00e7in uygundur, g\u00f6zenekleri yumu\u015fat\u0131r, akne izlerini, g\u00fcne\u015f hasar\u0131n\u0131 ve k\u0131r\u0131\u015f\u0131kl\u0131klar\u0131 azalt\u0131r.","breadcrumb":{"@id":"https:\/\/www.hasert-haut.de\/tr\/leistungen\/fraksel-lazer-tedavisi\/#breadcrumb"},"inLanguage":"tr","potentialAction":[{"@type":"ReadAction","target":["https:\/\/www.hasert-haut.de\/tr\/leistungen\/fraksel-lazer-tedavisi\/"]}]},{"@type":"ImageObject","inLanguage":"tr","@id":"https:\/\/www.hasert-haut.de\/tr\/leistungen\/fraksel-lazer-tedavisi\/#primaryimage","url":"https:\/\/www.hasert-haut.de\/wp-content\/uploads\/2015\/01\/Fraxel-Lasertherapie-1.jpg","contentUrl":"https:\/\/www.hasert-haut.de\/wp-content\/uploads\/2015\/01\/Fraxel-Lasertherapie-1.jpg","width":800,"height":600,"caption":"Fraxel Lasertherapie"},{"@type":"BreadcrumbList","@id":"https:\/\/www.hasert-haut.de\/tr\/leistungen\/fraksel-lazer-tedavisi\/#breadcrumb","itemListElement":[{"@type":"ListItem","position":1,"name":"Home","item":"https:\/\/www.hasert-haut.de\/tr\/hosgeldiniz\/"},{"@type":"ListItem","position":2,"name":"Fraxel Lazer Tedavisi"}]},{"@type":"WebSite","@id":"https:\/\/www.hasert-haut.de\/tr\/#website","url":"https:\/\/www.hasert-haut.de\/tr\/","name":"Hautarzt Berlin - Praxisklinik Dr. Hasert","description":"Hautarzt, Allgemeinmedizin","potentialAction":[{"@type":"SearchAction","target":{"@type":"EntryPoint","urlTemplate":"https:\/\/www.hasert-haut.de\/tr\/?s={search_term_string}"},"query-input":{"@type":"PropertyValueSpecification","valueRequired":true,"valueName":"search_term_string"}}],"inLanguage":"tr"}]}},"_links":{"self":[{"href":"https:\/\/www.hasert-haut.de\/tr\/wp-json\/wp\/v2\/portfolio\/7006","targetHints":{"allow":["GET"]}}],"collection":[{"href":"https:\/\/www.hasert-haut.de\/tr\/wp-json\/wp\/v2\/portfolio"}],"about":[{"href":"https:\/\/www.hasert-haut.de\/tr\/wp-json\/wp\/v2\/types\/portfolio"}],"replies":[{"embeddable":true,"href":"https:\/\/www.hasert-haut.de\/tr\/wp-json\/wp\/v2\/comments?post=7006"}],"version-history":[{"count":12,"href":"https:\/\/www.hasert-haut.de\/tr\/wp-json\/wp\/v2\/portfolio\/7006\/revisions"}],"predecessor-version":[{"id":11205,"href":"https:\/\/www.hasert-haut.de\/tr\/wp-json\/wp\/v2\/portfolio\/7006\/revisions\/11205"}],"wp:featuredmedia":[{"embeddable":true,"href":"https:\/\/www.hasert-haut.de\/tr\/wp-json\/wp\/v2\/media\/1919"}],"wp:attachment":[{"href":"https:\/\/www.hasert-haut.de\/tr\/wp-json\/wp\/v2\/media?parent=7006"}],"wp:term":[{"taxonomy":"post_tag","embeddable":true,"href":"https:\/\/www.hasert-haut.de\/tr\/wp-json\/wp\/v2\/tags?post=7006"},{"taxonomy":"portfolio_entries","embeddable":true,"href":"https:\/\/www.hasert-haut.de\/tr\/wp-json\/wp\/v2\/portfolio_entries?post=7006"}],"curies":[{"name":"wp","href":"https:\/\/api.w.org\/{rel}","templated":true}]}}