{"id":7047,"date":"2022-10-11T12:12:00","date_gmt":"2022-10-11T12:12:00","guid":{"rendered":"https:\/\/www.hasert-haut.de\/leistungen\/laser-haarentfernung\/"},"modified":"2022-11-09T13:11:56","modified_gmt":"2022-11-09T13:11:56","slug":"lazer-epilasyon","status":"publish","type":"portfolio","link":"https:\/\/www.hasert-haut.de\/tr\/leistungen\/lazer-epilasyon\/","title":{"rendered":"lazer epilasyon"},"content":{"rendered":"\n<style type=\"text\/css\" data-created_by=\"avia_inline_auto\" id=\"style-css-av-1wc2j2-6a041c64da2bcd8b3089e9f5d09e64d8\">\n#top .av-special-heading.av-1wc2j2-6a041c64da2bcd8b3089e9f5d09e64d8{\npadding-bottom:10px;\n}\nbody .av-special-heading.av-1wc2j2-6a041c64da2bcd8b3089e9f5d09e64d8 .av-special-heading-tag .heading-char{\nfont-size:25px;\n}\n.av-special-heading.av-1wc2j2-6a041c64da2bcd8b3089e9f5d09e64d8 .av-subheading{\nfont-size:15px;\n}\n<\/style>\n<div  class='av-special-heading av-1wc2j2-6a041c64da2bcd8b3089e9f5d09e64d8 av-special-heading-h1 blockquote modern-quote  avia-builder-el-0  el_before_av_hr  avia-builder-el-first '><h1 class='av-special-heading-tag'  itemprop=\"headline\"  >lazer epilasyon<\/h1><div class=\"special-heading-border\"><div class=\"special-heading-inner-border\"><\/div><\/div><\/div>\n\n<style type=\"text\/css\" data-created_by=\"avia_inline_auto\" id=\"style-css-av-l96ryrhp-34611b3b3859af4f21b0a1bfa0ad5e24\">\n#top .hr.hr-invisible.av-l96ryrhp-34611b3b3859af4f21b0a1bfa0ad5e24{\nheight:50px;\n}\n<\/style>\n<div  class='hr av-l96ryrhp-34611b3b3859af4f21b0a1bfa0ad5e24 hr-invisible  avia-builder-el-1  el_after_av_heading  el_before_av_three_fifth '><span class='hr-inner '><span class=\"hr-inner-style\"><\/span><\/span><\/div>\n\n<style type=\"text\/css\" data-created_by=\"avia_inline_auto\" id=\"style-css-av-6dj6ns-7472608404402ce7ad5c72bb757e28f8\">\n.flex_column.av-6dj6ns-7472608404402ce7ad5c72bb757e28f8{\nborder-radius:0px 0px 0px 0px;\npadding:0px 0px 0px 0px;\n}\n<\/style>\n<div  class='flex_column av-6dj6ns-7472608404402ce7ad5c72bb757e28f8 av_three_fifth  avia-builder-el-2  el_after_av_hr  el_before_av_two_fifth  first flex_column_div av-zero-column-padding  '     ><section  class='av_textblock_section av-22jre-9a3cf13e2b7c84e3af6dcdf390ebb7ab '   itemscope=\"itemscope\" itemtype=\"https:\/\/schema.org\/CreativeWork\" ><div class='avia_textblock'  itemprop=\"text\" ><p style=\"text-align: justify;\">\n<p style=\"text-align: justify;\">sa\u00e7 g\u00fczel Ama esas olarak yanl\u0131\u015f yerlerde b\u00fcy\u00fcrlerse ne yapmal\u0131? <\/p>\n<p style=\"text-align: justify;\">\n<p style=\"text-align: justify;\">\u00d6rne\u011fin bacaklar\u0131n\u0131zda, kollar\u0131n\u0131z\u0131n alt\u0131nda veya bikini b\u00f6lgesinde can s\u0131k\u0131c\u0131 v\u00fccut t\u00fcylerini almak i\u00e7in her \u015feyi denediniz mi? Yoksa b\u0131y\u0131klar\u0131n\u0131zdan veya s\u0131rt\u0131n\u0131zdaki, kollar\u0131n\u0131zdaki veya g\u00f6\u011fs\u00fcn\u00fczdeki \u00e7ok fazla k\u0131ldan kal\u0131c\u0131 olarak kurtulman\u0131n bir yolunu umutsuzca m\u0131 ar\u0131yorsunuz? <\/p>\n<p style=\"text-align: justify;\">\n<p style=\"text-align: justify;\">T\u0131ra\u015f, a\u011fda, t\u00fcy d\u00f6k\u00fcc\u00fc kremler veya i\u011fneli epilasyon gibi a\u011fr\u0131l\u0131 ve \u00e7o\u011funlukla ba\u015far\u0131s\u0131z deneyimlerden sonra, nihayet sa\u00e7 probleminize kal\u0131c\u0131 bir \u00e7\u00f6z\u00fcm ar\u0131yorsan\u0131z, lazer epilasyon tedavisini \u00f6\u011frenmelisiniz. Geleneksel epilasyon y\u00f6ntemlerinden farkl\u0131 olarak lazer epilasyon can s\u0131k\u0131c\u0131 k\u0131l sorununun k\u00f6k\u00fcne iner. Lazer \u0131\u015f\u0131\u011f\u0131 k\u0131l k\u00f6klerini yok eder, b\u00f6ylece daha sonra tekrar k\u0131l \u00e7\u0131kmas\u0131n.  <\/p>\n<p style=\"text-align: justify;\">\n<p style=\"text-align: justify;\">Lazer epilasyon ile v\u00fccudun hemen hemen t\u00fcm b\u00f6lgelerindeki t\u00fcyler al\u0131nabilir. Bireysel vakalarda ka\u00e7 seans gerekli oldu\u011fu b\u00f6lgelerin lokalizasyonuna ve sa\u00e7\u0131n yo\u011funlu\u011funa ba\u011fl\u0131d\u0131r. Bacak, koltuk alt\u0131, kol veya bikini b\u00f6lgesindeki t\u00fcylerin al\u0131nmas\u0131 i\u00e7in genellikle be\u015f ila on seans gerekir. Bir ke\u00e7i sakal\u0131 veya b\u0131y\u0131k genellikle d\u00f6rt ila be\u015f tedaviden sonra tamamen \u00e7\u0131kar\u0131l\u0131r.   <\/p>\n<\/div><\/section><\/div>\n<style type=\"text\/css\" data-created_by=\"avia_inline_auto\" id=\"style-css-av-35maw8-40d53b73a800c5af1e8f9ef0bbd6d964\">\n.flex_column.av-35maw8-40d53b73a800c5af1e8f9ef0bbd6d964{\nborder-radius:0px 0px 0px 0px;\npadding:0px 0px 0px 0px;\n}\n<\/style>\n<div  class='flex_column av-35maw8-40d53b73a800c5af1e8f9ef0bbd6d964 av_two_fifth  avia-builder-el-4  el_after_av_three_fifth  el_before_av_hr  flex_column_div av-zero-column-padding  '     ><div id='av-masonry-1' class='av-masonry av-l96s1ic1-eb31d4ed1929d46e54cea5a192b365df noHover av-fixed-size av-large-gap av-hover-overlay-active av-masonry-animation-active av-masonry-col-2 av-caption-always av-caption-style- av-masonry-gallery ' data-post_id=\"7047\"><div class=\"av-masonry-container isotope av-js-disabled\"><div class='av-masonry-entry isotope-item av-masonry-item-no-image '><\/div><a href=\"https:\/\/www.hasert-haut.de\/wp-content\/uploads\/2015\/01\/Laser-Haarentfernung-2.jpg\" data-srcset=\"https:\/\/www.hasert-haut.de\/wp-content\/uploads\/2015\/01\/Laser-Haarentfernung-2.jpg 600w, https:\/\/www.hasert-haut.de\/wp-content\/uploads\/2015\/01\/Laser-Haarentfernung-2-80x80.jpg 80w, https:\/\/www.hasert-haut.de\/wp-content\/uploads\/2015\/01\/Laser-Haarentfernung-2-300x300.jpg 300w, https:\/\/www.hasert-haut.de\/wp-content\/uploads\/2015\/01\/Laser-Haarentfernung-2-36x36.jpg 36w, https:\/\/www.hasert-haut.de\/wp-content\/uploads\/2015\/01\/Laser-Haarentfernung-2-180x180.jpg 180w, https:\/\/www.hasert-haut.de\/wp-content\/uploads\/2015\/01\/Laser-Haarentfernung-2-120x120.jpg 120w, https:\/\/www.hasert-haut.de\/wp-content\/uploads\/2015\/01\/Laser-Haarentfernung-2-450x450.jpg 450w\" data-sizes=\"(max-width: 600px) 100vw, 600px\"  aria-label=\"image Laser-Haarentfernung\"  id='av-masonry-1-item-1931' data-av-masonry-item='1931' class='av-masonry-entry isotope-item post-1931 attachment type-attachment status-inherit hentry  av-masonry-item-with-image' title=\"Laser-Haarentfernung\" alt=\"\"    itemprop=\"thumbnailUrl\" ><div class='av-inner-masonry-sizer'><\/div><figure class='av-inner-masonry main_color'><div class=\"av-masonry-outerimage-container\"><div class='av-masonry-image-container' style=\"background-image: url(https:\/\/www.hasert-haut.de\/wp-content\/uploads\/2015\/01\/Laser-Haarentfernung-2.jpg);\"  title=\"Laser-Haarentfernung\"  ><\/div><\/div><\/figure><\/a><!--end av-masonry entry--><a href=\"https:\/\/www.hasert-haut.de\/wp-content\/uploads\/2015\/01\/Laser-Haarentfernung-1.jpg\" data-srcset=\"https:\/\/www.hasert-haut.de\/wp-content\/uploads\/2015\/01\/Laser-Haarentfernung-1.jpg 600w, https:\/\/www.hasert-haut.de\/wp-content\/uploads\/2015\/01\/Laser-Haarentfernung-1-80x80.jpg 80w, https:\/\/www.hasert-haut.de\/wp-content\/uploads\/2015\/01\/Laser-Haarentfernung-1-300x300.jpg 300w, https:\/\/www.hasert-haut.de\/wp-content\/uploads\/2015\/01\/Laser-Haarentfernung-1-36x36.jpg 36w, https:\/\/www.hasert-haut.de\/wp-content\/uploads\/2015\/01\/Laser-Haarentfernung-1-180x180.jpg 180w, https:\/\/www.hasert-haut.de\/wp-content\/uploads\/2015\/01\/Laser-Haarentfernung-1-120x120.jpg 120w, https:\/\/www.hasert-haut.de\/wp-content\/uploads\/2015\/01\/Laser-Haarentfernung-1-450x450.jpg 450w\" data-sizes=\"(max-width: 600px) 100vw, 600px\"  aria-label=\"image Laser-Haarentfernung\"  id='av-masonry-1-item-1930' data-av-masonry-item='1930' class='av-masonry-entry isotope-item post-1930 attachment type-attachment status-inherit hentry  av-masonry-item-with-image' title=\"Laser-Haarentfernung\" alt=\"\"    itemprop=\"thumbnailUrl\" ><div class='av-inner-masonry-sizer'><\/div><figure class='av-inner-masonry main_color'><div class=\"av-masonry-outerimage-container\"><div class='av-masonry-image-container' style=\"background-image: url(https:\/\/www.hasert-haut.de\/wp-content\/uploads\/2015\/01\/Laser-Haarentfernung-1.jpg);\"  title=\"Laser-Haarentfernung\"  ><\/div><\/div><\/figure><\/a><!--end av-masonry entry--><\/div><\/div><\/div>\n<style type=\"text\/css\" data-created_by=\"avia_inline_auto\" id=\"style-css-av-1r06m-22f4993bc341f54115743d69d089ae2f\">\n#top .hr.hr-invisible.av-1r06m-22f4993bc341f54115743d69d089ae2f{\nheight:50px;\n}\n<\/style>\n<div  class='hr av-1r06m-22f4993bc341f54115743d69d089ae2f hr-invisible  avia-builder-el-6  el_after_av_two_fifth  el_before_av_postcontent  avia-builder-el-last '><span class='hr-inner '><span class=\"hr-inner-style\"><\/span><\/span><\/div><\/p>\n[av_heading heading='Uygulamam\u0131z\u0131n di\u011fer hizmetleri' tag='h3' style='blockquote modern-quote modern-centered' subheading_active='' show_icon='' icon='ue800' font='' size='' av-medium-font-size-title='' av-small-font-size-title='' av-mini-font-size-title='' subheading_size='' av-medium-font-size='' av-small-font-size='' av-mini-font-size='' icon_size='' av-medium-font-size-1='' av-small-font-size-1='' av-mini-font-size-1='' color='' custom_font='' icon_color='' margin='' margin_sync='true' padding='10' icon_padding='10' link='' link_target='' id='' custom_class='' av_uid='av-l9475f5a' admin_preview_bg=''][\/av_heading]\n\n[av_masonry_entries link='portfolio_entries,95,72,73,71' wc_prod_visible='' wc_prod_hidden='hide' wc_prod_featured='' prod_order_by='' prod_order='' date_filter='' date_filter_start='' date_filter_end='' date_filter_format='yy\/mm\/dd' sort='no' query_orderby='rand' query_order='DESC' caption_elements='title' caption_styling='overlay' caption_display='always' size='fixed' orientation='' gap='large' columns='5' av-medium-columns='' av-small-columns='' av-mini-columns='' items='5' paginate='none' color='' custom_bg='' overlay_fx='active' animation='active' lazy_loading='disabled' id='' custom_class='' av_uid='av-l9474s7j']\n","protected":false},"excerpt":{"rendered":"<p>sa\u00e7 g\u00fczel Ama esas olarak yanl\u0131\u015f yerlerde b\u00fcy\u00fcrlerse ne yapmal\u0131? <\/p>\n","protected":false},"featured_media":1873,"comment_status":"closed","ping_status":"closed","template":"","tags":[],"portfolio_entries":[94],"class_list":["post-7047","portfolio","type-portfolio","status-publish","has-post-thumbnail","hentry","portfolio_entries-aesthetische-dermatologie-tr"],"yoast_head":"<!-- This site is optimized with the Yoast SEO plugin v25.3.1 - https:\/\/yoast.com\/wordpress\/plugins\/seo\/ -->\n<title>Lazer epilasyon | dermatolog dr Hasert Berlin<\/title>\n<meta name=\"robots\" content=\"index, follow, max-snippet:-1, max-image-preview:large, max-video-preview:-1\" \/>\n<link rel=\"canonical\" href=\"https:\/\/www.hasert-haut.de\/tr\/leistungen\/lazer-epilasyon\/\" \/>\n<meta property=\"og:locale\" content=\"tr_TR\" \/>\n<meta property=\"og:type\" content=\"article\" \/>\n<meta property=\"og:title\" content=\"Lazer epilasyon | dermatolog dr Hasert Berlin\" \/>\n<meta property=\"og:description\" content=\"sa\u00e7 g\u00fczel Ama esas olarak yanl\u0131\u015f yerlerde b\u00fcy\u00fcrlerse ne yapmal\u0131?\" \/>\n<meta property=\"og:url\" content=\"https:\/\/www.hasert-haut.de\/tr\/leistungen\/lazer-epilasyon\/\" \/>\n<meta property=\"og:site_name\" content=\"Hautarzt Berlin - Praxisklinik Dr. Hasert\" \/>\n<meta property=\"article:modified_time\" content=\"2022-11-09T13:11:56+00:00\" \/>\n<meta property=\"og:image\" content=\"https:\/\/www.hasert-haut.de\/wp-content\/uploads\/2015\/01\/laser-haarentfernung.jpg\" \/>\n\t<meta property=\"og:image:width\" content=\"1030\" \/>\n\t<meta property=\"og:image:height\" content=\"515\" \/>\n\t<meta property=\"og:image:type\" content=\"image\/jpeg\" \/>\n<meta name=\"twitter:label1\" content=\"Tahmini okuma s\u00fcresi\" \/>\n\t<meta name=\"twitter:data1\" content=\"4 dakika\" \/>\n<script type=\"application\/ld+json\" class=\"yoast-schema-graph\">{\"@context\":\"https:\/\/schema.org\",\"@graph\":[{\"@type\":\"WebPage\",\"@id\":\"https:\/\/www.hasert-haut.de\/tr\/leistungen\/lazer-epilasyon\/\",\"url\":\"https:\/\/www.hasert-haut.de\/tr\/leistungen\/lazer-epilasyon\/\",\"name\":\"Lazer epilasyon | dermatolog dr Hasert Berlin\",\"isPartOf\":{\"@id\":\"https:\/\/www.hasert-haut.de\/tr\/#website\"},\"primaryImageOfPage\":{\"@id\":\"https:\/\/www.hasert-haut.de\/tr\/leistungen\/lazer-epilasyon\/#primaryimage\"},\"image\":{\"@id\":\"https:\/\/www.hasert-haut.de\/tr\/leistungen\/lazer-epilasyon\/#primaryimage\"},\"thumbnailUrl\":\"https:\/\/www.hasert-haut.de\/wp-content\/uploads\/2015\/01\/laser-haarentfernung.jpg\",\"datePublished\":\"2022-10-11T12:12:00+00:00\",\"dateModified\":\"2022-11-09T13:11:56+00:00\",\"breadcrumb\":{\"@id\":\"https:\/\/www.hasert-haut.de\/tr\/leistungen\/lazer-epilasyon\/#breadcrumb\"},\"inLanguage\":\"tr\",\"potentialAction\":[{\"@type\":\"ReadAction\",\"target\":[\"https:\/\/www.hasert-haut.de\/tr\/leistungen\/lazer-epilasyon\/\"]}]},{\"@type\":\"ImageObject\",\"inLanguage\":\"tr\",\"@id\":\"https:\/\/www.hasert-haut.de\/tr\/leistungen\/lazer-epilasyon\/#primaryimage\",\"url\":\"https:\/\/www.hasert-haut.de\/wp-content\/uploads\/2015\/01\/laser-haarentfernung.jpg\",\"contentUrl\":\"https:\/\/www.hasert-haut.de\/wp-content\/uploads\/2015\/01\/laser-haarentfernung.jpg\",\"width\":1030,\"height\":515},{\"@type\":\"BreadcrumbList\",\"@id\":\"https:\/\/www.hasert-haut.de\/tr\/leistungen\/lazer-epilasyon\/#breadcrumb\",\"itemListElement\":[{\"@type\":\"ListItem\",\"position\":1,\"name\":\"Home\",\"item\":\"https:\/\/www.hasert-haut.de\/tr\/hosgeldiniz\/\"},{\"@type\":\"ListItem\",\"position\":2,\"name\":\"lazer epilasyon\"}]},{\"@type\":\"WebSite\",\"@id\":\"https:\/\/www.hasert-haut.de\/tr\/#website\",\"url\":\"https:\/\/www.hasert-haut.de\/tr\/\",\"name\":\"Hautarzt Berlin - Praxisklinik Dr. Hasert\",\"description\":\"Hautarzt, Allgemeinmedizin\",\"potentialAction\":[{\"@type\":\"SearchAction\",\"target\":{\"@type\":\"EntryPoint\",\"urlTemplate\":\"https:\/\/www.hasert-haut.de\/tr\/?s={search_term_string}\"},\"query-input\":{\"@type\":\"PropertyValueSpecification\",\"valueRequired\":true,\"valueName\":\"search_term_string\"}}],\"inLanguage\":\"tr\"}]}<\/script>\n<!-- \/ Yoast SEO plugin. -->","yoast_head_json":{"title":"Lazer epilasyon | dermatolog dr Hasert Berlin","robots":{"index":"index","follow":"follow","max-snippet":"max-snippet:-1","max-image-preview":"max-image-preview:large","max-video-preview":"max-video-preview:-1"},"canonical":"https:\/\/www.hasert-haut.de\/tr\/leistungen\/lazer-epilasyon\/","og_locale":"tr_TR","og_type":"article","og_title":"Lazer epilasyon | dermatolog dr Hasert Berlin","og_description":"sa\u00e7 g\u00fczel Ama esas olarak yanl\u0131\u015f yerlerde b\u00fcy\u00fcrlerse ne yapmal\u0131?","og_url":"https:\/\/www.hasert-haut.de\/tr\/leistungen\/lazer-epilasyon\/","og_site_name":"Hautarzt Berlin - Praxisklinik Dr. Hasert","article_modified_time":"2022-11-09T13:11:56+00:00","og_image":[{"width":1030,"height":515,"url":"https:\/\/www.hasert-haut.de\/wp-content\/uploads\/2015\/01\/laser-haarentfernung.jpg","type":"image\/jpeg"}],"twitter_misc":{"Tahmini okuma s\u00fcresi":"4 dakika"},"schema":{"@context":"https:\/\/schema.org","@graph":[{"@type":"WebPage","@id":"https:\/\/www.hasert-haut.de\/tr\/leistungen\/lazer-epilasyon\/","url":"https:\/\/www.hasert-haut.de\/tr\/leistungen\/lazer-epilasyon\/","name":"Lazer epilasyon | dermatolog dr Hasert Berlin","isPartOf":{"@id":"https:\/\/www.hasert-haut.de\/tr\/#website"},"primaryImageOfPage":{"@id":"https:\/\/www.hasert-haut.de\/tr\/leistungen\/lazer-epilasyon\/#primaryimage"},"image":{"@id":"https:\/\/www.hasert-haut.de\/tr\/leistungen\/lazer-epilasyon\/#primaryimage"},"thumbnailUrl":"https:\/\/www.hasert-haut.de\/wp-content\/uploads\/2015\/01\/laser-haarentfernung.jpg","datePublished":"2022-10-11T12:12:00+00:00","dateModified":"2022-11-09T13:11:56+00:00","breadcrumb":{"@id":"https:\/\/www.hasert-haut.de\/tr\/leistungen\/lazer-epilasyon\/#breadcrumb"},"inLanguage":"tr","potentialAction":[{"@type":"ReadAction","target":["https:\/\/www.hasert-haut.de\/tr\/leistungen\/lazer-epilasyon\/"]}]},{"@type":"ImageObject","inLanguage":"tr","@id":"https:\/\/www.hasert-haut.de\/tr\/leistungen\/lazer-epilasyon\/#primaryimage","url":"https:\/\/www.hasert-haut.de\/wp-content\/uploads\/2015\/01\/laser-haarentfernung.jpg","contentUrl":"https:\/\/www.hasert-haut.de\/wp-content\/uploads\/2015\/01\/laser-haarentfernung.jpg","width":1030,"height":515},{"@type":"BreadcrumbList","@id":"https:\/\/www.hasert-haut.de\/tr\/leistungen\/lazer-epilasyon\/#breadcrumb","itemListElement":[{"@type":"ListItem","position":1,"name":"Home","item":"https:\/\/www.hasert-haut.de\/tr\/hosgeldiniz\/"},{"@type":"ListItem","position":2,"name":"lazer epilasyon"}]},{"@type":"WebSite","@id":"https:\/\/www.hasert-haut.de\/tr\/#website","url":"https:\/\/www.hasert-haut.de\/tr\/","name":"Hautarzt Berlin - Praxisklinik Dr. Hasert","description":"Hautarzt, Allgemeinmedizin","potentialAction":[{"@type":"SearchAction","target":{"@type":"EntryPoint","urlTemplate":"https:\/\/www.hasert-haut.de\/tr\/?s={search_term_string}"},"query-input":{"@type":"PropertyValueSpecification","valueRequired":true,"valueName":"search_term_string"}}],"inLanguage":"tr"}]}},"_links":{"self":[{"href":"https:\/\/www.hasert-haut.de\/tr\/wp-json\/wp\/v2\/portfolio\/7047","targetHints":{"allow":["GET"]}}],"collection":[{"href":"https:\/\/www.hasert-haut.de\/tr\/wp-json\/wp\/v2\/portfolio"}],"about":[{"href":"https:\/\/www.hasert-haut.de\/tr\/wp-json\/wp\/v2\/types\/portfolio"}],"replies":[{"embeddable":true,"href":"https:\/\/www.hasert-haut.de\/tr\/wp-json\/wp\/v2\/comments?post=7047"}],"version-history":[{"count":13,"href":"https:\/\/www.hasert-haut.de\/tr\/wp-json\/wp\/v2\/portfolio\/7047\/revisions"}],"predecessor-version":[{"id":11226,"href":"https:\/\/www.hasert-haut.de\/tr\/wp-json\/wp\/v2\/portfolio\/7047\/revisions\/11226"}],"wp:featuredmedia":[{"embeddable":true,"href":"https:\/\/www.hasert-haut.de\/tr\/wp-json\/wp\/v2\/media\/1873"}],"wp:attachment":[{"href":"https:\/\/www.hasert-haut.de\/tr\/wp-json\/wp\/v2\/media?parent=7047"}],"wp:term":[{"taxonomy":"post_tag","embeddable":true,"href":"https:\/\/www.hasert-haut.de\/tr\/wp-json\/wp\/v2\/tags?post=7047"},{"taxonomy":"portfolio_entries","embeddable":true,"href":"https:\/\/www.hasert-haut.de\/tr\/wp-json\/wp\/v2\/portfolio_entries?post=7047"}],"curies":[{"name":"wp","href":"https:\/\/api.w.org\/{rel}","templated":true}]}}