{"id":7081,"date":"2022-10-11T12:18:22","date_gmt":"2022-10-11T12:18:22","guid":{"rendered":"https:\/\/www.hasert-haut.de\/leistungen\/neurodermitis\/"},"modified":"2022-12-27T09:41:27","modified_gmt":"2022-12-27T09:41:27","slug":"noerodermatit","status":"publish","type":"portfolio","link":"https:\/\/www.hasert-haut.de\/tr\/leistungen\/noerodermatit\/","title":{"rendered":"n\u00f6rodermatit"},"content":{"rendered":"\n<style type=\"text\/css\" data-created_by=\"avia_inline_auto\" id=\"style-css-av-bugog-059cae82acfdf918ef4f96de00a81e80\">\n#top .av-special-heading.av-bugog-059cae82acfdf918ef4f96de00a81e80{\npadding-bottom:10px;\n}\nbody .av-special-heading.av-bugog-059cae82acfdf918ef4f96de00a81e80 .av-special-heading-tag .heading-char{\nfont-size:25px;\n}\n.av-special-heading.av-bugog-059cae82acfdf918ef4f96de00a81e80 .av-subheading{\nfont-size:15px;\n}\n<\/style>\n<div  class='av-special-heading av-bugog-059cae82acfdf918ef4f96de00a81e80 av-special-heading-h1 blockquote modern-quote  avia-builder-el-0  el_before_av_hr  avia-builder-el-first '><h1 class='av-special-heading-tag'  itemprop=\"headline\"  >n\u00f6rodermatit<\/h1><div class=\"special-heading-border\"><div class=\"special-heading-inner-border\"><\/div><\/div><\/div>\n\n<style type=\"text\/css\" data-created_by=\"avia_inline_auto\" id=\"style-css-av-1r06m-22f4993bc341f54115743d69d089ae2f\">\n#top .hr.hr-invisible.av-1r06m-22f4993bc341f54115743d69d089ae2f{\nheight:50px;\n}\n<\/style>\n<div  class='hr av-1r06m-22f4993bc341f54115743d69d089ae2f hr-invisible  avia-builder-el-1  el_after_av_heading  el_before_av_three_fifth '><span class='hr-inner '><span class=\"hr-inner-style\"><\/span><\/span><\/div>\n\n<style type=\"text\/css\" data-created_by=\"avia_inline_auto\" id=\"style-css-av-6dj6ns-7472608404402ce7ad5c72bb757e28f8\">\n.flex_column.av-6dj6ns-7472608404402ce7ad5c72bb757e28f8{\nborder-radius:0px 0px 0px 0px;\npadding:0px 0px 0px 0px;\n}\n<\/style>\n<div  class='flex_column av-6dj6ns-7472608404402ce7ad5c72bb757e28f8 av_three_fifth  avia-builder-el-2  el_after_av_hr  el_before_av_two_fifth  first flex_column_div av-zero-column-padding  '     ><p><section  class='av_textblock_section av-33sek-f2ebaf760657d7ead54f5a6e2675f706 '   itemscope=\"itemscope\" itemtype=\"https:\/\/schema.org\/CreativeWork\" ><div class='avia_textblock'  itemprop=\"text\" ><p>En yayg\u0131n cilt hastal\u0131klar\u0131ndan biri n\u00f6rodermatittir. T\u00fcm \u00e7ocuklar\u0131n yakla\u015f\u0131k %3 ila 4&#8217;\u00fc n\u00f6rodermatitten muzdariptir. De\u011fi\u015fen, \u00e7ok farkl\u0131 g\u00f6r\u00fcnen, ka\u015f\u0131nt\u0131l\u0131 bir deri d\u00f6k\u00fcnt\u00fcs\u00fc, s\u00f6zde egzama, n\u00f6rodermatit i\u00e7in tipiktir. Egzama, ciltte k\u0131zar\u0131k, pullu, bazen a\u011flayan veya iltihapl\u0131 de\u011fi\u015fikliklerdir. Tipik olarak dirse\u011fin k\u0131vr\u0131m\u0131nda veya diz arkas\u0131nda, boyun, boyun veya y\u00fczde g\u00f6r\u00fcl\u00fcrler. N\u00f6rodermatit hastalar\u0131 genellikle kuru cilde ve k\u0131r\u0131lgan sa\u00e7lara sahiptir.<\/p>\n<\/div><\/section><br \/>\n\n<style type=\"text\/css\" data-created_by=\"avia_inline_auto\" id=\"style-css-av-2n7ksw-c7cfedeff86351fcccd881ffabbc83b4\">\n#top .av-special-heading.av-2n7ksw-c7cfedeff86351fcccd881ffabbc83b4{\npadding-bottom:10px;\n}\nbody .av-special-heading.av-2n7ksw-c7cfedeff86351fcccd881ffabbc83b4 .av-special-heading-tag .heading-char{\nfont-size:25px;\n}\n.av-special-heading.av-2n7ksw-c7cfedeff86351fcccd881ffabbc83b4 .av-subheading{\nfont-size:15px;\n}\n<\/style>\n<div  class='av-special-heading av-2n7ksw-c7cfedeff86351fcccd881ffabbc83b4 av-special-heading-h2 blockquote modern-quote  avia-builder-el-4  el_after_av_textblock  el_before_av_textblock '><h2 class='av-special-heading-tag'  itemprop=\"headline\"  >N\u00f6rodermatit nas\u0131l tedavi edilir?<\/h2><div class=\"special-heading-border\"><div class=\"special-heading-inner-border\"><\/div><\/div><\/div><br \/>\n<section  class='av_textblock_section av-1wqy0-8446714491fffcb854f829cc4be37536 '   itemscope=\"itemscope\" itemtype=\"https:\/\/schema.org\/CreativeWork\" ><div class='avia_textblock'  itemprop=\"text\" ><p>Yo\u011fun hasta bak\u0131m\u0131na ek olarak, eksiksiz bir harici ve dahili tedavi yelpazesi sunuyoruz (\u00f6rn. siklosporin A). Ek olarak, \u00f6zel \u0131\u015f\u0131k \u0131\u015f\u0131nlamas\u0131 hastal\u0131kta bir iyile\u015fmeye yol a\u00e7abilir.<\/p>\n<\/div><\/section><\/p><\/div>\n\n<style type=\"text\/css\" data-created_by=\"avia_inline_auto\" id=\"style-css-av-35maw8-40d53b73a800c5af1e8f9ef0bbd6d964\">\n.flex_column.av-35maw8-40d53b73a800c5af1e8f9ef0bbd6d964{\nborder-radius:0px 0px 0px 0px;\npadding:0px 0px 0px 0px;\n}\n<\/style>\n<div  class='flex_column av-35maw8-40d53b73a800c5af1e8f9ef0bbd6d964 av_two_fifth  avia-builder-el-6  el_after_av_three_fifth  el_before_av_hr  flex_column_div av-zero-column-padding  '     ><div id='av-masonry-1' class='av-masonry av-l96s1ic1-4c64d07cdf09671e021c2b9fab14877d noHover av-fixed-size av-large-gap av-hover-overlay-active av-masonry-animation-active av-masonry-col-2 av-caption-always av-caption-style- av-masonry-gallery ' data-post_id=\"7081\"><div class=\"av-masonry-container isotope av-js-disabled\"><div class='av-masonry-entry isotope-item av-masonry-item-no-image '><\/div><a href=\"https:\/\/www.hasert-haut.de\/wp-content\/uploads\/2015\/01\/Neurodermitis-3.jpg\" data-srcset=\"https:\/\/www.hasert-haut.de\/wp-content\/uploads\/2015\/01\/Neurodermitis-3.jpg 600w, https:\/\/www.hasert-haut.de\/wp-content\/uploads\/2015\/01\/Neurodermitis-3-80x80.jpg 80w, https:\/\/www.hasert-haut.de\/wp-content\/uploads\/2015\/01\/Neurodermitis-3-300x300.jpg 300w, https:\/\/www.hasert-haut.de\/wp-content\/uploads\/2015\/01\/Neurodermitis-3-36x36.jpg 36w, https:\/\/www.hasert-haut.de\/wp-content\/uploads\/2015\/01\/Neurodermitis-3-180x180.jpg 180w, https:\/\/www.hasert-haut.de\/wp-content\/uploads\/2015\/01\/Neurodermitis-3-120x120.jpg 120w, https:\/\/www.hasert-haut.de\/wp-content\/uploads\/2015\/01\/Neurodermitis-3-450x450.jpg 450w\" data-sizes=\"(max-width: 600px) 100vw, 600px\"  aria-label=\"image Neurodermitis\"  id='av-masonry-1-item-1892' data-av-masonry-item='1892' class='av-masonry-entry isotope-item post-1892 attachment type-attachment status-inherit hentry  av-masonry-item-with-image' title=\"Neurodermitis\" alt=\"\"    itemprop=\"thumbnailUrl\" ><div class='av-inner-masonry-sizer'><\/div><figure class='av-inner-masonry main_color'><div class=\"av-masonry-outerimage-container\"><div class='av-masonry-image-container' style=\"background-image: url(https:\/\/www.hasert-haut.de\/wp-content\/uploads\/2015\/01\/Neurodermitis-3.jpg);\"  title=\"Neurodermitis\"  ><\/div><\/div><\/figure><\/a><!--end av-masonry entry--><a href=\"https:\/\/www.hasert-haut.de\/wp-content\/uploads\/2015\/01\/Neurodermitis-2.jpg\" data-srcset=\"https:\/\/www.hasert-haut.de\/wp-content\/uploads\/2015\/01\/Neurodermitis-2.jpg 600w, https:\/\/www.hasert-haut.de\/wp-content\/uploads\/2015\/01\/Neurodermitis-2-80x80.jpg 80w, https:\/\/www.hasert-haut.de\/wp-content\/uploads\/2015\/01\/Neurodermitis-2-300x300.jpg 300w, https:\/\/www.hasert-haut.de\/wp-content\/uploads\/2015\/01\/Neurodermitis-2-36x36.jpg 36w, https:\/\/www.hasert-haut.de\/wp-content\/uploads\/2015\/01\/Neurodermitis-2-180x180.jpg 180w, https:\/\/www.hasert-haut.de\/wp-content\/uploads\/2015\/01\/Neurodermitis-2-120x120.jpg 120w, https:\/\/www.hasert-haut.de\/wp-content\/uploads\/2015\/01\/Neurodermitis-2-450x450.jpg 450w\" data-sizes=\"(max-width: 600px) 100vw, 600px\"  aria-label=\"image Neurodermitis\"  id='av-masonry-1-item-1891' data-av-masonry-item='1891' class='av-masonry-entry isotope-item post-1891 attachment type-attachment status-inherit hentry  av-masonry-item-with-image' title=\"Neurodermitis\" alt=\"\"    itemprop=\"thumbnailUrl\" ><div class='av-inner-masonry-sizer'><\/div><figure class='av-inner-masonry main_color'><div class=\"av-masonry-outerimage-container\"><div class='av-masonry-image-container' style=\"background-image: url(https:\/\/www.hasert-haut.de\/wp-content\/uploads\/2015\/01\/Neurodermitis-2.jpg);\"  title=\"Neurodermitis\"  ><\/div><\/div><\/figure><\/a><!--end av-masonry entry--><a href=\"https:\/\/www.hasert-haut.de\/wp-content\/uploads\/2015\/01\/Neurodermitis-1.jpg\" data-srcset=\"https:\/\/www.hasert-haut.de\/wp-content\/uploads\/2015\/01\/Neurodermitis-1.jpg 600w, https:\/\/www.hasert-haut.de\/wp-content\/uploads\/2015\/01\/Neurodermitis-1-80x80.jpg 80w, https:\/\/www.hasert-haut.de\/wp-content\/uploads\/2015\/01\/Neurodermitis-1-300x300.jpg 300w, https:\/\/www.hasert-haut.de\/wp-content\/uploads\/2015\/01\/Neurodermitis-1-36x36.jpg 36w, https:\/\/www.hasert-haut.de\/wp-content\/uploads\/2015\/01\/Neurodermitis-1-180x180.jpg 180w, https:\/\/www.hasert-haut.de\/wp-content\/uploads\/2015\/01\/Neurodermitis-1-120x120.jpg 120w, https:\/\/www.hasert-haut.de\/wp-content\/uploads\/2015\/01\/Neurodermitis-1-450x450.jpg 450w\" data-sizes=\"(max-width: 600px) 100vw, 600px\"  aria-label=\"image Neurodermitis\"  id='av-masonry-1-item-1890' data-av-masonry-item='1890' class='av-masonry-entry isotope-item post-1890 attachment type-attachment status-inherit hentry  av-masonry-item-with-image' title=\"Neurodermitis\" alt=\"\"    itemprop=\"thumbnailUrl\" ><div class='av-inner-masonry-sizer'><\/div><figure class='av-inner-masonry main_color'><div class=\"av-masonry-outerimage-container\"><div class='av-masonry-image-container' style=\"background-image: url(https:\/\/www.hasert-haut.de\/wp-content\/uploads\/2015\/01\/Neurodermitis-1.jpg);\"  title=\"Neurodermitis\"  ><\/div><\/div><\/figure><\/a><!--end av-masonry entry--><a href=\"https:\/\/www.hasert-haut.de\/wp-content\/uploads\/2015\/01\/Neurodermitis.jpg\" data-srcset=\"https:\/\/www.hasert-haut.de\/wp-content\/uploads\/2015\/01\/Neurodermitis.jpg 1030w, https:\/\/www.hasert-haut.de\/wp-content\/uploads\/2015\/01\/Neurodermitis-300x150.jpg 300w, https:\/\/www.hasert-haut.de\/wp-content\/uploads\/2015\/01\/Neurodermitis-705x352.jpg 705w, https:\/\/www.hasert-haut.de\/wp-content\/uploads\/2015\/01\/Neurodermitis-450x225.jpg 450w\" data-sizes=\"(max-width: 1030px) 100vw, 1030px\"  aria-label=\"image Neurodermitis\"  id='av-masonry-1-item-1850' data-av-masonry-item='1850' class='av-masonry-entry isotope-item post-1850 attachment type-attachment status-inherit hentry  av-masonry-item-with-image' title=\"Neurodermitis\" alt=\"\"    itemprop=\"thumbnailUrl\" ><div class='av-inner-masonry-sizer'><\/div><figure class='av-inner-masonry main_color'><div class=\"av-masonry-outerimage-container\"><div class='av-masonry-image-container' style=\"background-image: url(https:\/\/www.hasert-haut.de\/wp-content\/uploads\/2015\/01\/Neurodermitis-705x352.jpg);\"  title=\"Neurodermitis\"  ><\/div><\/div><\/figure><\/a><!--end av-masonry entry--><\/div><\/div><\/div>\n\n<style type=\"text\/css\" data-created_by=\"avia_inline_auto\" id=\"style-css-av-1r06m-22f4993bc341f54115743d69d089ae2f\">\n#top .hr.hr-invisible.av-1r06m-22f4993bc341f54115743d69d089ae2f{\nheight:50px;\n}\n<\/style>\n<div  class='hr av-1r06m-22f4993bc341f54115743d69d089ae2f hr-invisible  avia-builder-el-8  el_after_av_two_fifth  el_before_av_postcontent  avia-builder-el-last '><span class='hr-inner '><span class=\"hr-inner-style\"><\/span><\/span><\/div>\n[av_heading heading='Uygulamam\u0131z\u0131n di\u011fer hizmetleri' tag='h3' style='blockquote modern-quote modern-centered' subheading_active='' show_icon='' icon='ue800' font='' size='' av-medium-font-size-title='' av-small-font-size-title='' av-mini-font-size-title='' subheading_size='' av-medium-font-size='' av-small-font-size='' av-mini-font-size='' icon_size='' av-medium-font-size-1='' av-small-font-size-1='' av-mini-font-size-1='' color='' custom_font='' icon_color='' margin='' margin_sync='true' padding='10' icon_padding='10' link='' link_target='' id='' custom_class='' av_uid='av-l9475f5a' admin_preview_bg=''][\/av_heading]\n\n[av_masonry_entries link='portfolio_entries,95,72,73,71' wc_prod_visible='' wc_prod_hidden='hide' wc_prod_featured='' prod_order_by='' prod_order='' date_filter='' date_filter_start='' date_filter_end='' date_filter_format='yy\/mm\/dd' sort='no' query_orderby='rand' query_order='DESC' caption_elements='title' caption_styling='overlay' caption_display='always' size='fixed' orientation='' gap='large' columns='5' av-medium-columns='' av-small-columns='' av-mini-columns='' items='5' paginate='none' color='' custom_bg='' overlay_fx='active' animation='active' lazy_loading='disabled' id='' custom_class='' av_uid='av-l9474s7j']\n","protected":false},"excerpt":{"rendered":"","protected":false},"featured_media":2038,"comment_status":"closed","ping_status":"closed","template":"","tags":[],"portfolio_entries":[80],"class_list":["post-7081","portfolio","type-portfolio","status-publish","has-post-thumbnail","hentry","portfolio_entries-konservative-dermatologie-tr"],"yoast_head":"<!-- This site is optimized with the Yoast SEO plugin v25.3.1 - https:\/\/yoast.com\/wordpress\/plugins\/seo\/ -->\n<title>n\u00f6rodermatit | dermatolog dr Hasert Berlin<\/title>\n<meta name=\"robots\" content=\"index, follow, max-snippet:-1, max-image-preview:large, max-video-preview:-1\" \/>\n<link rel=\"canonical\" href=\"https:\/\/www.hasert-haut.de\/tr\/leistungen\/noerodermatit\/\" \/>\n<meta property=\"og:locale\" content=\"tr_TR\" \/>\n<meta property=\"og:type\" content=\"article\" \/>\n<meta property=\"og:title\" content=\"n\u00f6rodermatit | dermatolog dr Hasert Berlin\" \/>\n<meta property=\"og:url\" content=\"https:\/\/www.hasert-haut.de\/tr\/leistungen\/noerodermatit\/\" \/>\n<meta property=\"og:site_name\" content=\"Hautarzt Berlin - Praxisklinik Dr. Hasert\" \/>\n<meta property=\"article:modified_time\" content=\"2022-12-27T09:41:27+00:00\" \/>\n<meta property=\"og:image\" content=\"https:\/\/www.hasert-haut.de\/wp-content\/uploads\/2016\/12\/Neurodermitis.jpg\" \/>\n\t<meta property=\"og:image:width\" content=\"900\" \/>\n\t<meta property=\"og:image:height\" content=\"600\" \/>\n\t<meta property=\"og:image:type\" content=\"image\/jpeg\" \/>\n<meta name=\"twitter:label1\" content=\"Tahmini okuma s\u00fcresi\" \/>\n\t<meta name=\"twitter:data1\" content=\"4 dakika\" \/>\n<script type=\"application\/ld+json\" class=\"yoast-schema-graph\">{\"@context\":\"https:\/\/schema.org\",\"@graph\":[{\"@type\":\"WebPage\",\"@id\":\"https:\/\/www.hasert-haut.de\/tr\/leistungen\/noerodermatit\/\",\"url\":\"https:\/\/www.hasert-haut.de\/tr\/leistungen\/noerodermatit\/\",\"name\":\"n\u00f6rodermatit | dermatolog dr Hasert Berlin\",\"isPartOf\":{\"@id\":\"https:\/\/www.hasert-haut.de\/tr\/#website\"},\"primaryImageOfPage\":{\"@id\":\"https:\/\/www.hasert-haut.de\/tr\/leistungen\/noerodermatit\/#primaryimage\"},\"image\":{\"@id\":\"https:\/\/www.hasert-haut.de\/tr\/leistungen\/noerodermatit\/#primaryimage\"},\"thumbnailUrl\":\"https:\/\/www.hasert-haut.de\/wp-content\/uploads\/2016\/12\/Neurodermitis.jpg\",\"datePublished\":\"2022-10-11T12:18:22+00:00\",\"dateModified\":\"2022-12-27T09:41:27+00:00\",\"breadcrumb\":{\"@id\":\"https:\/\/www.hasert-haut.de\/tr\/leistungen\/noerodermatit\/#breadcrumb\"},\"inLanguage\":\"tr\",\"potentialAction\":[{\"@type\":\"ReadAction\",\"target\":[\"https:\/\/www.hasert-haut.de\/tr\/leistungen\/noerodermatit\/\"]}]},{\"@type\":\"ImageObject\",\"inLanguage\":\"tr\",\"@id\":\"https:\/\/www.hasert-haut.de\/tr\/leistungen\/noerodermatit\/#primaryimage\",\"url\":\"https:\/\/www.hasert-haut.de\/wp-content\/uploads\/2016\/12\/Neurodermitis.jpg\",\"contentUrl\":\"https:\/\/www.hasert-haut.de\/wp-content\/uploads\/2016\/12\/Neurodermitis.jpg\",\"width\":900,\"height\":600,\"caption\":\"Neurodermitis | Hautarzt Dr. Hasert Berlin-Mitte |\"},{\"@type\":\"BreadcrumbList\",\"@id\":\"https:\/\/www.hasert-haut.de\/tr\/leistungen\/noerodermatit\/#breadcrumb\",\"itemListElement\":[{\"@type\":\"ListItem\",\"position\":1,\"name\":\"Home\",\"item\":\"https:\/\/www.hasert-haut.de\/tr\/hosgeldiniz\/\"},{\"@type\":\"ListItem\",\"position\":2,\"name\":\"n\u00f6rodermatit\"}]},{\"@type\":\"WebSite\",\"@id\":\"https:\/\/www.hasert-haut.de\/tr\/#website\",\"url\":\"https:\/\/www.hasert-haut.de\/tr\/\",\"name\":\"Hautarzt Berlin - Praxisklinik Dr. Hasert\",\"description\":\"Hautarzt, Allgemeinmedizin\",\"potentialAction\":[{\"@type\":\"SearchAction\",\"target\":{\"@type\":\"EntryPoint\",\"urlTemplate\":\"https:\/\/www.hasert-haut.de\/tr\/?s={search_term_string}\"},\"query-input\":{\"@type\":\"PropertyValueSpecification\",\"valueRequired\":true,\"valueName\":\"search_term_string\"}}],\"inLanguage\":\"tr\"}]}<\/script>\n<!-- \/ Yoast SEO plugin. -->","yoast_head_json":{"title":"n\u00f6rodermatit | dermatolog dr Hasert Berlin","robots":{"index":"index","follow":"follow","max-snippet":"max-snippet:-1","max-image-preview":"max-image-preview:large","max-video-preview":"max-video-preview:-1"},"canonical":"https:\/\/www.hasert-haut.de\/tr\/leistungen\/noerodermatit\/","og_locale":"tr_TR","og_type":"article","og_title":"n\u00f6rodermatit | dermatolog dr Hasert Berlin","og_url":"https:\/\/www.hasert-haut.de\/tr\/leistungen\/noerodermatit\/","og_site_name":"Hautarzt Berlin - Praxisklinik Dr. Hasert","article_modified_time":"2022-12-27T09:41:27+00:00","og_image":[{"width":900,"height":600,"url":"https:\/\/www.hasert-haut.de\/wp-content\/uploads\/2016\/12\/Neurodermitis.jpg","type":"image\/jpeg"}],"twitter_misc":{"Tahmini okuma s\u00fcresi":"4 dakika"},"schema":{"@context":"https:\/\/schema.org","@graph":[{"@type":"WebPage","@id":"https:\/\/www.hasert-haut.de\/tr\/leistungen\/noerodermatit\/","url":"https:\/\/www.hasert-haut.de\/tr\/leistungen\/noerodermatit\/","name":"n\u00f6rodermatit | dermatolog dr Hasert Berlin","isPartOf":{"@id":"https:\/\/www.hasert-haut.de\/tr\/#website"},"primaryImageOfPage":{"@id":"https:\/\/www.hasert-haut.de\/tr\/leistungen\/noerodermatit\/#primaryimage"},"image":{"@id":"https:\/\/www.hasert-haut.de\/tr\/leistungen\/noerodermatit\/#primaryimage"},"thumbnailUrl":"https:\/\/www.hasert-haut.de\/wp-content\/uploads\/2016\/12\/Neurodermitis.jpg","datePublished":"2022-10-11T12:18:22+00:00","dateModified":"2022-12-27T09:41:27+00:00","breadcrumb":{"@id":"https:\/\/www.hasert-haut.de\/tr\/leistungen\/noerodermatit\/#breadcrumb"},"inLanguage":"tr","potentialAction":[{"@type":"ReadAction","target":["https:\/\/www.hasert-haut.de\/tr\/leistungen\/noerodermatit\/"]}]},{"@type":"ImageObject","inLanguage":"tr","@id":"https:\/\/www.hasert-haut.de\/tr\/leistungen\/noerodermatit\/#primaryimage","url":"https:\/\/www.hasert-haut.de\/wp-content\/uploads\/2016\/12\/Neurodermitis.jpg","contentUrl":"https:\/\/www.hasert-haut.de\/wp-content\/uploads\/2016\/12\/Neurodermitis.jpg","width":900,"height":600,"caption":"Neurodermitis | Hautarzt Dr. Hasert Berlin-Mitte |"},{"@type":"BreadcrumbList","@id":"https:\/\/www.hasert-haut.de\/tr\/leistungen\/noerodermatit\/#breadcrumb","itemListElement":[{"@type":"ListItem","position":1,"name":"Home","item":"https:\/\/www.hasert-haut.de\/tr\/hosgeldiniz\/"},{"@type":"ListItem","position":2,"name":"n\u00f6rodermatit"}]},{"@type":"WebSite","@id":"https:\/\/www.hasert-haut.de\/tr\/#website","url":"https:\/\/www.hasert-haut.de\/tr\/","name":"Hautarzt Berlin - Praxisklinik Dr. Hasert","description":"Hautarzt, Allgemeinmedizin","potentialAction":[{"@type":"SearchAction","target":{"@type":"EntryPoint","urlTemplate":"https:\/\/www.hasert-haut.de\/tr\/?s={search_term_string}"},"query-input":{"@type":"PropertyValueSpecification","valueRequired":true,"valueName":"search_term_string"}}],"inLanguage":"tr"}]}},"_links":{"self":[{"href":"https:\/\/www.hasert-haut.de\/tr\/wp-json\/wp\/v2\/portfolio\/7081","targetHints":{"allow":["GET"]}}],"collection":[{"href":"https:\/\/www.hasert-haut.de\/tr\/wp-json\/wp\/v2\/portfolio"}],"about":[{"href":"https:\/\/www.hasert-haut.de\/tr\/wp-json\/wp\/v2\/types\/portfolio"}],"replies":[{"embeddable":true,"href":"https:\/\/www.hasert-haut.de\/tr\/wp-json\/wp\/v2\/comments?post=7081"}],"version-history":[{"count":16,"href":"https:\/\/www.hasert-haut.de\/tr\/wp-json\/wp\/v2\/portfolio\/7081\/revisions"}],"predecessor-version":[{"id":11410,"href":"https:\/\/www.hasert-haut.de\/tr\/wp-json\/wp\/v2\/portfolio\/7081\/revisions\/11410"}],"wp:featuredmedia":[{"embeddable":true,"href":"https:\/\/www.hasert-haut.de\/tr\/wp-json\/wp\/v2\/media\/2038"}],"wp:attachment":[{"href":"https:\/\/www.hasert-haut.de\/tr\/wp-json\/wp\/v2\/media?parent=7081"}],"wp:term":[{"taxonomy":"post_tag","embeddable":true,"href":"https:\/\/www.hasert-haut.de\/tr\/wp-json\/wp\/v2\/tags?post=7081"},{"taxonomy":"portfolio_entries","embeddable":true,"href":"https:\/\/www.hasert-haut.de\/tr\/wp-json\/wp\/v2\/portfolio_entries?post=7081"}],"curies":[{"name":"wp","href":"https:\/\/api.w.org\/{rel}","templated":true}]}}