{"id":7122,"date":"2022-10-11T12:24:16","date_gmt":"2022-10-11T12:24:16","guid":{"rendered":"https:\/\/www.hasert-haut.de\/leistungen\/stachelzell-plattenepithelkarzinom\/"},"modified":"2023-09-20T14:52:19","modified_gmt":"2023-09-20T14:52:19","slug":"skuamoez-huecre-karsinomasi","status":"publish","type":"portfolio","link":"https:\/\/www.hasert-haut.de\/tr\/leistungen\/skuamoez-huecre-karsinomasi\/","title":{"rendered":"Skuam\u00f6z h\u00fccre karsinomas\u0131"},"content":{"rendered":"\n<style type=\"text\/css\" data-created_by=\"avia_inline_auto\" id=\"style-css-av-l96so40f-7ac3de5bd313fd7cce8b05956b2b8965\">\n#top .av-special-heading.av-l96so40f-7ac3de5bd313fd7cce8b05956b2b8965{\npadding-bottom:10px;\n}\nbody .av-special-heading.av-l96so40f-7ac3de5bd313fd7cce8b05956b2b8965 .av-special-heading-tag .heading-char{\nfont-size:25px;\n}\n.av-special-heading.av-l96so40f-7ac3de5bd313fd7cce8b05956b2b8965 .av-subheading{\nfont-size:15px;\n}\n<\/style>\n<div  class='av-special-heading av-l96so40f-7ac3de5bd313fd7cce8b05956b2b8965 av-special-heading-h1 blockquote modern-quote  avia-builder-el-0  el_before_av_hr  avia-builder-el-first '><h1 class='av-special-heading-tag'  itemprop=\"headline\"  >Skuam\u00f6z h\u00fccreli veya skuam\u00f6z h\u00fccreli karsinom<\/h1><div class=\"special-heading-border\"><div class=\"special-heading-inner-border\"><\/div><\/div><\/div>\n\n<style type=\"text\/css\" data-created_by=\"avia_inline_auto\" id=\"style-css-av-l96ryrhp-34611b3b3859af4f21b0a1bfa0ad5e24\">\n#top .hr.hr-invisible.av-l96ryrhp-34611b3b3859af4f21b0a1bfa0ad5e24{\nheight:50px;\n}\n<\/style>\n<div  class='hr av-l96ryrhp-34611b3b3859af4f21b0a1bfa0ad5e24 hr-invisible  avia-builder-el-1  el_after_av_heading  el_before_av_three_fifth '><span class='hr-inner '><span class=\"hr-inner-style\"><\/span><\/span><\/div>\n\n<style type=\"text\/css\" data-created_by=\"avia_inline_auto\" id=\"style-css-av-6dj6ns-7472608404402ce7ad5c72bb757e28f8\">\n.flex_column.av-6dj6ns-7472608404402ce7ad5c72bb757e28f8{\nborder-radius:0px 0px 0px 0px;\npadding:0px 0px 0px 0px;\n}\n<\/style>\n<div  class='flex_column av-6dj6ns-7472608404402ce7ad5c72bb757e28f8 av_three_fifth  avia-builder-el-2  el_after_av_hr  el_before_av_two_fifth  first flex_column_div av-zero-column-padding  '     ><section  class='av_textblock_section av-2c8o8-5b9b92282569ff7912a78b768c46d8be '   itemscope=\"itemscope\" itemtype=\"https:\/\/schema.org\/CreativeWork\" ><div class='avia_textblock'  itemprop=\"text\" ><p style=\"text-align: justify;\">Skuam\u00f6z h\u00fccreli karsinom en s\u0131k g\u00f6r\u00fclen ikinci cilt kanseridir. A\u00e7\u0131k tenli ki\u015filerde skuam\u00f6z h\u00fccreli karsinom geli\u015fme riski en y\u00fcksektir. Esas olarak uzun y\u0131llar g\u00fcne\u015fe maruz kalan ya\u015fl\u0131lar\u0131 etkiler. Ne yaz\u0131k ki, de\u011fi\u015fen bo\u015f zaman al\u0131\u015fkanl\u0131klar\u0131 nedeniyle, gen\u00e7 hastalarda skuam\u00f6z h\u00fccreli karsinomlar da giderek daha fazla ortaya \u00e7\u0131k\u0131yor. S\u00fcrekli \u0131\u015f\u0131\u011fa maruz kalmaya ek olarak, radyoaktif radyasyon, radyasyon tedavileri (\u0131\u015f\u0131k ve X-\u0131\u015f\u0131n\u0131 radyasyonu), kronik iltihaplanma, ba\u011f\u0131\u015f\u0131kl\u0131k sisteminin bask\u0131lanmas\u0131 ve \u00f6zellikle belirgin yara izleri geli\u015fimde nedensel olarak rol oynayabilir. Skuam\u00f6z h\u00fccreli karsinomlar, kontrols\u00fcz b\u00fcy\u00fcrlerse biti\u015fik yap\u0131lar\u0131 tahrip eden ve dolay\u0131s\u0131yla b\u00fcy\u00fck hasara neden olabilen k\u00f6t\u00fc huylu cilt t\u00fcm\u00f6rleridir. Erken, tam \u00e7\u0131karma ile, cildin skuam\u00f6z h\u00fccreli karsinomlar\u0131 genellikle nihai ve tamamen iyile\u015ftirilebilir. K\u00fctan\u00f6z skuam\u00f6z h\u00fccreli karsinomda lenf d\u00fc\u011f\u00fcmlerine ve uzak organlara metastaz m\u00fcmk\u00fcnd\u00fcr ve esas olarak daha kal\u0131n, ilerlemi\u015f t\u00fcm\u00f6rlerde ortaya \u00e7\u0131kar. Ba\u011f\u0131\u015f\u0131kl\u0131\u011f\u0131 bask\u0131lanm\u0131\u015f hastalarda, \u00f6rne\u011fin organ transplantasyonundan sonra daha y\u00fcksek metastaz riski vard\u0131r.        <\/p>\n<p style=\"text-align: justify;\">Ciltteki en ufak belirsiz de\u011fi\u015fiklikte bizimle ileti\u015fime ge\u00e7meniz son derece \u00f6nemlidir. \u00c7o\u011fu durumda, bu cilt hastal\u0131\u011f\u0131n\u0131n erken tespiti ciddi sonu\u00e7lar\u0131 \u00f6nleyebilir. <\/p>\n<\/div><\/section><\/div>\n<style type=\"text\/css\" data-created_by=\"avia_inline_auto\" id=\"style-css-av-35maw8-40d53b73a800c5af1e8f9ef0bbd6d964\">\n.flex_column.av-35maw8-40d53b73a800c5af1e8f9ef0bbd6d964{\nborder-radius:0px 0px 0px 0px;\npadding:0px 0px 0px 0px;\n}\n<\/style>\n<div  class='flex_column av-35maw8-40d53b73a800c5af1e8f9ef0bbd6d964 av_two_fifth  avia-builder-el-4  el_after_av_three_fifth  el_before_av_hr  flex_column_div av-zero-column-padding  '     ><div id='av-masonry-1' class='av-masonry av-l96s1ic1-7ab345817f3714af6ac57e77ef0562f8 noHover av-fixed-size av-large-gap av-hover-overlay-active av-masonry-animation-active av-masonry-col-2 av-caption-always av-caption-style- av-masonry-gallery ' data-post_id=\"7122\"><div class=\"av-masonry-container isotope av-js-disabled\"><div class='av-masonry-entry isotope-item av-masonry-item-no-image '><\/div><a href=\"https:\/\/www.hasert-haut.de\/wp-content\/uploads\/2015\/01\/Stachelzell-Plattenepithelkarzinom-5.jpg\" data-srcset=\"https:\/\/www.hasert-haut.de\/wp-content\/uploads\/2015\/01\/Stachelzell-Plattenepithelkarzinom-5.jpg 600w, https:\/\/www.hasert-haut.de\/wp-content\/uploads\/2015\/01\/Stachelzell-Plattenepithelkarzinom-5-80x80.jpg 80w, https:\/\/www.hasert-haut.de\/wp-content\/uploads\/2015\/01\/Stachelzell-Plattenepithelkarzinom-5-300x300.jpg 300w, https:\/\/www.hasert-haut.de\/wp-content\/uploads\/2015\/01\/Stachelzell-Plattenepithelkarzinom-5-36x36.jpg 36w, https:\/\/www.hasert-haut.de\/wp-content\/uploads\/2015\/01\/Stachelzell-Plattenepithelkarzinom-5-180x180.jpg 180w, https:\/\/www.hasert-haut.de\/wp-content\/uploads\/2015\/01\/Stachelzell-Plattenepithelkarzinom-5-120x120.jpg 120w, https:\/\/www.hasert-haut.de\/wp-content\/uploads\/2015\/01\/Stachelzell-Plattenepithelkarzinom-5-450x450.jpg 450w\" data-sizes=\"(max-width: 600px) 100vw, 600px\"  aria-label=\"image Stachelzell-\/ Plattenepithelkarzinom\"  id='av-masonry-1-item-1916' data-av-masonry-item='1916' class='av-masonry-entry isotope-item post-1916 attachment type-attachment status-inherit hentry  av-masonry-item-with-image' title=\"Stachelzell-\/ Plattenepithelkarzinom\" alt=\"\"    itemprop=\"thumbnailUrl\" ><div class='av-inner-masonry-sizer'><\/div><figure class='av-inner-masonry main_color'><div class=\"av-masonry-outerimage-container\"><div class='av-masonry-image-container' style=\"background-image: url(https:\/\/www.hasert-haut.de\/wp-content\/uploads\/2015\/01\/Stachelzell-Plattenepithelkarzinom-5.jpg);\"  title=\"Stachelzell-\/ Plattenepithelkarzinom\"  ><\/div><\/div><\/figure><\/a><!--end av-masonry entry--><a href=\"https:\/\/www.hasert-haut.de\/wp-content\/uploads\/2015\/01\/Stachelzell-Plattenepithelkarzinom-7.jpg\" data-srcset=\"https:\/\/www.hasert-haut.de\/wp-content\/uploads\/2015\/01\/Stachelzell-Plattenepithelkarzinom-7.jpg 600w, https:\/\/www.hasert-haut.de\/wp-content\/uploads\/2015\/01\/Stachelzell-Plattenepithelkarzinom-7-80x80.jpg 80w, https:\/\/www.hasert-haut.de\/wp-content\/uploads\/2015\/01\/Stachelzell-Plattenepithelkarzinom-7-300x300.jpg 300w, https:\/\/www.hasert-haut.de\/wp-content\/uploads\/2015\/01\/Stachelzell-Plattenepithelkarzinom-7-36x36.jpg 36w, https:\/\/www.hasert-haut.de\/wp-content\/uploads\/2015\/01\/Stachelzell-Plattenepithelkarzinom-7-180x180.jpg 180w, https:\/\/www.hasert-haut.de\/wp-content\/uploads\/2015\/01\/Stachelzell-Plattenepithelkarzinom-7-120x120.jpg 120w, https:\/\/www.hasert-haut.de\/wp-content\/uploads\/2015\/01\/Stachelzell-Plattenepithelkarzinom-7-450x450.jpg 450w\" data-sizes=\"(max-width: 600px) 100vw, 600px\"  aria-label=\"image Stachelzell-\/ Plattenepithelkarzinom\"  id='av-masonry-1-item-1918' data-av-masonry-item='1918' class='av-masonry-entry isotope-item post-1918 attachment type-attachment status-inherit hentry  av-masonry-item-with-image' title=\"Stachelzell-\/ Plattenepithelkarzinom\" alt=\"\"    itemprop=\"thumbnailUrl\" ><div class='av-inner-masonry-sizer'><\/div><figure class='av-inner-masonry main_color'><div class=\"av-masonry-outerimage-container\"><div class='av-masonry-image-container' style=\"background-image: url(https:\/\/www.hasert-haut.de\/wp-content\/uploads\/2015\/01\/Stachelzell-Plattenepithelkarzinom-7.jpg);\"  title=\"Stachelzell-\/ Plattenepithelkarzinom\"  ><\/div><\/div><\/figure><\/a><!--end av-masonry entry--><a href=\"https:\/\/www.hasert-haut.de\/wp-content\/uploads\/2015\/01\/Stachelzell-Plattenepithelkarzinom-6.jpg\" data-srcset=\"https:\/\/www.hasert-haut.de\/wp-content\/uploads\/2015\/01\/Stachelzell-Plattenepithelkarzinom-6.jpg 600w, https:\/\/www.hasert-haut.de\/wp-content\/uploads\/2015\/01\/Stachelzell-Plattenepithelkarzinom-6-80x80.jpg 80w, https:\/\/www.hasert-haut.de\/wp-content\/uploads\/2015\/01\/Stachelzell-Plattenepithelkarzinom-6-300x300.jpg 300w, https:\/\/www.hasert-haut.de\/wp-content\/uploads\/2015\/01\/Stachelzell-Plattenepithelkarzinom-6-36x36.jpg 36w, https:\/\/www.hasert-haut.de\/wp-content\/uploads\/2015\/01\/Stachelzell-Plattenepithelkarzinom-6-180x180.jpg 180w, https:\/\/www.hasert-haut.de\/wp-content\/uploads\/2015\/01\/Stachelzell-Plattenepithelkarzinom-6-120x120.jpg 120w, https:\/\/www.hasert-haut.de\/wp-content\/uploads\/2015\/01\/Stachelzell-Plattenepithelkarzinom-6-450x450.jpg 450w\" data-sizes=\"(max-width: 600px) 100vw, 600px\"  aria-label=\"image Stachelzell-\/ Plattenepithelkarzinom\"  id='av-masonry-1-item-1917' data-av-masonry-item='1917' class='av-masonry-entry isotope-item post-1917 attachment type-attachment status-inherit hentry  av-masonry-item-with-image' title=\"Stachelzell-\/ Plattenepithelkarzinom\" alt=\"\"    itemprop=\"thumbnailUrl\" ><div class='av-inner-masonry-sizer'><\/div><figure class='av-inner-masonry main_color'><div class=\"av-masonry-outerimage-container\"><div class='av-masonry-image-container' style=\"background-image: url(https:\/\/www.hasert-haut.de\/wp-content\/uploads\/2015\/01\/Stachelzell-Plattenepithelkarzinom-6.jpg);\"  title=\"Stachelzell-\/ Plattenepithelkarzinom\"  ><\/div><\/div><\/figure><\/a><!--end av-masonry entry--><a href=\"https:\/\/www.hasert-haut.de\/wp-content\/uploads\/2015\/01\/Stachelzell-Plattenepithelkarzinom-4.jpg\" data-srcset=\"https:\/\/www.hasert-haut.de\/wp-content\/uploads\/2015\/01\/Stachelzell-Plattenepithelkarzinom-4.jpg 600w, https:\/\/www.hasert-haut.de\/wp-content\/uploads\/2015\/01\/Stachelzell-Plattenepithelkarzinom-4-80x80.jpg 80w, https:\/\/www.hasert-haut.de\/wp-content\/uploads\/2015\/01\/Stachelzell-Plattenepithelkarzinom-4-300x300.jpg 300w, https:\/\/www.hasert-haut.de\/wp-content\/uploads\/2015\/01\/Stachelzell-Plattenepithelkarzinom-4-36x36.jpg 36w, https:\/\/www.hasert-haut.de\/wp-content\/uploads\/2015\/01\/Stachelzell-Plattenepithelkarzinom-4-180x180.jpg 180w, https:\/\/www.hasert-haut.de\/wp-content\/uploads\/2015\/01\/Stachelzell-Plattenepithelkarzinom-4-120x120.jpg 120w, https:\/\/www.hasert-haut.de\/wp-content\/uploads\/2015\/01\/Stachelzell-Plattenepithelkarzinom-4-450x450.jpg 450w\" data-sizes=\"(max-width: 600px) 100vw, 600px\"  aria-label=\"image Stachelzell-\/ Plattenepithelkarzinom\"  id='av-masonry-1-item-1915' data-av-masonry-item='1915' class='av-masonry-entry isotope-item post-1915 attachment type-attachment status-inherit hentry  av-masonry-item-with-image' title=\"Stachelzell-\/ Plattenepithelkarzinom\" alt=\"\"    itemprop=\"thumbnailUrl\" ><div class='av-inner-masonry-sizer'><\/div><figure class='av-inner-masonry main_color'><div class=\"av-masonry-outerimage-container\"><div class='av-masonry-image-container' style=\"background-image: url(https:\/\/www.hasert-haut.de\/wp-content\/uploads\/2015\/01\/Stachelzell-Plattenepithelkarzinom-4.jpg);\"  title=\"Stachelzell-\/ Plattenepithelkarzinom\"  ><\/div><\/div><\/figure><\/a><!--end av-masonry entry--><a href=\"https:\/\/www.hasert-haut.de\/wp-content\/uploads\/2015\/01\/Stachelzell-Plattenepithelkarzinom-3.jpg\" data-srcset=\"https:\/\/www.hasert-haut.de\/wp-content\/uploads\/2015\/01\/Stachelzell-Plattenepithelkarzinom-3.jpg 600w, https:\/\/www.hasert-haut.de\/wp-content\/uploads\/2015\/01\/Stachelzell-Plattenepithelkarzinom-3-80x80.jpg 80w, https:\/\/www.hasert-haut.de\/wp-content\/uploads\/2015\/01\/Stachelzell-Plattenepithelkarzinom-3-300x300.jpg 300w, https:\/\/www.hasert-haut.de\/wp-content\/uploads\/2015\/01\/Stachelzell-Plattenepithelkarzinom-3-36x36.jpg 36w, https:\/\/www.hasert-haut.de\/wp-content\/uploads\/2015\/01\/Stachelzell-Plattenepithelkarzinom-3-180x180.jpg 180w, https:\/\/www.hasert-haut.de\/wp-content\/uploads\/2015\/01\/Stachelzell-Plattenepithelkarzinom-3-120x120.jpg 120w, https:\/\/www.hasert-haut.de\/wp-content\/uploads\/2015\/01\/Stachelzell-Plattenepithelkarzinom-3-450x450.jpg 450w\" data-sizes=\"(max-width: 600px) 100vw, 600px\"  aria-label=\"image Stachelzell-\/ Plattenepithelkarzinom\"  id='av-masonry-1-item-1914' data-av-masonry-item='1914' class='av-masonry-entry isotope-item post-1914 attachment type-attachment status-inherit hentry  av-masonry-item-with-image' title=\"Stachelzell-\/ Plattenepithelkarzinom\" alt=\"\"    itemprop=\"thumbnailUrl\" ><div class='av-inner-masonry-sizer'><\/div><figure class='av-inner-masonry main_color'><div class=\"av-masonry-outerimage-container\"><div class='av-masonry-image-container' style=\"background-image: url(https:\/\/www.hasert-haut.de\/wp-content\/uploads\/2015\/01\/Stachelzell-Plattenepithelkarzinom-3.jpg);\"  title=\"Stachelzell-\/ Plattenepithelkarzinom\"  ><\/div><\/div><\/figure><\/a><!--end av-masonry entry--><a href=\"https:\/\/www.hasert-haut.de\/wp-content\/uploads\/2015\/01\/Stachelzell-Plattenepithelkarzinom-2.jpg\" data-srcset=\"https:\/\/www.hasert-haut.de\/wp-content\/uploads\/2015\/01\/Stachelzell-Plattenepithelkarzinom-2.jpg 600w, https:\/\/www.hasert-haut.de\/wp-content\/uploads\/2015\/01\/Stachelzell-Plattenepithelkarzinom-2-80x80.jpg 80w, https:\/\/www.hasert-haut.de\/wp-content\/uploads\/2015\/01\/Stachelzell-Plattenepithelkarzinom-2-300x300.jpg 300w, https:\/\/www.hasert-haut.de\/wp-content\/uploads\/2015\/01\/Stachelzell-Plattenepithelkarzinom-2-36x36.jpg 36w, https:\/\/www.hasert-haut.de\/wp-content\/uploads\/2015\/01\/Stachelzell-Plattenepithelkarzinom-2-180x180.jpg 180w, https:\/\/www.hasert-haut.de\/wp-content\/uploads\/2015\/01\/Stachelzell-Plattenepithelkarzinom-2-120x120.jpg 120w, https:\/\/www.hasert-haut.de\/wp-content\/uploads\/2015\/01\/Stachelzell-Plattenepithelkarzinom-2-450x450.jpg 450w\" data-sizes=\"(max-width: 600px) 100vw, 600px\"  aria-label=\"image Stachelzell-\/ Plattenepithelkarzinom\"  id='av-masonry-1-item-1913' data-av-masonry-item='1913' class='av-masonry-entry isotope-item post-1913 attachment type-attachment status-inherit hentry  av-masonry-item-with-image' title=\"Stachelzell-\/ Plattenepithelkarzinom\" alt=\"\"    itemprop=\"thumbnailUrl\" ><div class='av-inner-masonry-sizer'><\/div><figure class='av-inner-masonry main_color'><div class=\"av-masonry-outerimage-container\"><div class='av-masonry-image-container' style=\"background-image: url(https:\/\/www.hasert-haut.de\/wp-content\/uploads\/2015\/01\/Stachelzell-Plattenepithelkarzinom-2.jpg);\"  title=\"Stachelzell-\/ Plattenepithelkarzinom\"  ><\/div><\/div><\/figure><\/a><!--end av-masonry entry--><a href=\"https:\/\/www.hasert-haut.de\/wp-content\/uploads\/2015\/01\/Stachelzell-Plattenepithelkarzinom-1.jpg\" data-srcset=\"https:\/\/www.hasert-haut.de\/wp-content\/uploads\/2015\/01\/Stachelzell-Plattenepithelkarzinom-1.jpg 600w, https:\/\/www.hasert-haut.de\/wp-content\/uploads\/2015\/01\/Stachelzell-Plattenepithelkarzinom-1-80x80.jpg 80w, https:\/\/www.hasert-haut.de\/wp-content\/uploads\/2015\/01\/Stachelzell-Plattenepithelkarzinom-1-300x300.jpg 300w, https:\/\/www.hasert-haut.de\/wp-content\/uploads\/2015\/01\/Stachelzell-Plattenepithelkarzinom-1-36x36.jpg 36w, https:\/\/www.hasert-haut.de\/wp-content\/uploads\/2015\/01\/Stachelzell-Plattenepithelkarzinom-1-180x180.jpg 180w, https:\/\/www.hasert-haut.de\/wp-content\/uploads\/2015\/01\/Stachelzell-Plattenepithelkarzinom-1-120x120.jpg 120w, https:\/\/www.hasert-haut.de\/wp-content\/uploads\/2015\/01\/Stachelzell-Plattenepithelkarzinom-1-450x450.jpg 450w\" data-sizes=\"(max-width: 600px) 100vw, 600px\"  aria-label=\"image Stachelzell-\/ Plattenepithelkarzinom\"  id='av-masonry-1-item-1912' data-av-masonry-item='1912' class='av-masonry-entry isotope-item post-1912 attachment type-attachment status-inherit hentry  av-masonry-item-with-image' title=\"Stachelzell-\/ Plattenepithelkarzinom\" alt=\"\"    itemprop=\"thumbnailUrl\" ><div class='av-inner-masonry-sizer'><\/div><figure class='av-inner-masonry main_color'><div class=\"av-masonry-outerimage-container\"><div class='av-masonry-image-container' style=\"background-image: url(https:\/\/www.hasert-haut.de\/wp-content\/uploads\/2015\/01\/Stachelzell-Plattenepithelkarzinom-1.jpg);\"  title=\"Stachelzell-\/ Plattenepithelkarzinom\"  ><\/div><\/div><\/figure><\/a><!--end av-masonry entry--><\/div><\/div><\/div>\n<style type=\"text\/css\" data-created_by=\"avia_inline_auto\" id=\"style-css-av-1r06m-22f4993bc341f54115743d69d089ae2f\">\n#top .hr.hr-invisible.av-1r06m-22f4993bc341f54115743d69d089ae2f{\nheight:50px;\n}\n<\/style>\n<div  class='hr av-1r06m-22f4993bc341f54115743d69d089ae2f hr-invisible  avia-builder-el-6  el_after_av_two_fifth  el_before_av_postcontent  avia-builder-el-last '><span class='hr-inner '><span class=\"hr-inner-style\"><\/span><\/span><\/div><\/p>\n[av_heading heading='Uygulamam\u0131z\u0131n di\u011fer hizmetleri' tag='h3' style='blockquote modern-quote modern-centered' subheading_active='' show_icon='' icon='ue800' font='' size='' av-medium-font-size-title='' av-small-font-size-title='' av-mini-font-size-title='' subheading_size='' av-medium-font-size='' av-small-font-size='' av-mini-font-size='' icon_size='' av-medium-font-size-1='' av-small-font-size-1='' av-mini-font-size-1='' color='' custom_font='' icon_color='' margin='' margin_sync='true' padding='10' icon_padding='10' link='' link_target='' id='' custom_class='' av_uid='av-l9475f5a' admin_preview_bg=''][\/av_heading]\n\n[av_masonry_entries link='portfolio_entries,95,72,73,71' wc_prod_visible='' wc_prod_hidden='hide' wc_prod_featured='' prod_order_by='' prod_order='' date_filter='' date_filter_start='' date_filter_end='' date_filter_format='yy\/mm\/dd' sort='no' query_orderby='rand' query_order='DESC' caption_elements='title' caption_styling='overlay' caption_display='always' size='fixed' orientation='' gap='large' columns='5' av-medium-columns='' av-small-columns='' av-mini-columns='' items='5' paginate='none' color='' custom_bg='' overlay_fx='active' animation='active' lazy_loading='disabled' id='' custom_class='' av_uid='av-l9474s7j']\n","protected":false},"excerpt":{"rendered":"<p>Skuam\u00f6z h\u00fccreli karsinom en s\u0131k g\u00f6r\u00fclen ikinci cilt kanseridir. A\u00e7\u0131k tenli ki\u015filerde skuam\u00f6z h\u00fccreli karsinom geli\u015fme riski en y\u00fcksektir.<\/p>\n","protected":false},"featured_media":2012,"comment_status":"closed","ping_status":"closed","template":"","tags":[],"portfolio_entries":[87],"class_list":["post-7122","portfolio","type-portfolio","status-publish","has-post-thumbnail","hentry","portfolio_entries-hautkrebsbehandlung-tr"],"yoast_head":"<!-- This site is optimized with the Yoast SEO plugin v25.3.1 - https:\/\/yoast.com\/wordpress\/plugins\/seo\/ -->\n<title>Skuam\u00f6z h\u00fccreli karsinom | Dermatolog Dr. Hasert Berlin-Mitte<\/title>\n<meta name=\"description\" content=\"Skuam\u00f6z h\u00fccreli karsinom en s\u0131k g\u00f6r\u00fclen ikinci cilt kanseridir. A\u00e7\u0131k tenli ki\u015filerde skuam\u00f6z h\u00fccreli karsinom geli\u015fme riski en y\u00fcksektir.\" \/>\n<meta name=\"robots\" content=\"index, follow, max-snippet:-1, max-image-preview:large, max-video-preview:-1\" \/>\n<link rel=\"canonical\" href=\"https:\/\/www.hasert-haut.de\/tr\/leistungen\/skuamoez-huecre-karsinomasi\/\" \/>\n<meta property=\"og:locale\" content=\"tr_TR\" \/>\n<meta property=\"og:type\" content=\"article\" \/>\n<meta property=\"og:title\" content=\"Skuam\u00f6z h\u00fccreli karsinom | Dermatolog Dr. Hasert Berlin-Mitte\" \/>\n<meta property=\"og:description\" content=\"Skuam\u00f6z h\u00fccreli karsinom en s\u0131k g\u00f6r\u00fclen ikinci cilt kanseridir. A\u00e7\u0131k tenli ki\u015filerde skuam\u00f6z h\u00fccreli karsinom geli\u015fme riski en y\u00fcksektir.\" \/>\n<meta property=\"og:url\" content=\"https:\/\/www.hasert-haut.de\/tr\/leistungen\/skuamoez-huecre-karsinomasi\/\" \/>\n<meta property=\"og:site_name\" content=\"Hautarzt Berlin - Praxisklinik Dr. Hasert\" \/>\n<meta property=\"article:modified_time\" content=\"2023-09-20T14:52:19+00:00\" \/>\n<meta property=\"og:image\" content=\"https:\/\/www.hasert-haut.de\/wp-content\/uploads\/2016\/12\/Stachelzell-Plattenepithelkarzinom.jpg\" \/>\n\t<meta property=\"og:image:width\" content=\"600\" \/>\n\t<meta property=\"og:image:height\" content=\"400\" \/>\n\t<meta property=\"og:image:type\" content=\"image\/jpeg\" \/>\n<meta name=\"twitter:label1\" content=\"Tahmini okuma s\u00fcresi\" \/>\n\t<meta name=\"twitter:data1\" content=\"4 dakika\" \/>\n<script type=\"application\/ld+json\" class=\"yoast-schema-graph\">{\"@context\":\"https:\/\/schema.org\",\"@graph\":[{\"@type\":\"WebPage\",\"@id\":\"https:\/\/www.hasert-haut.de\/tr\/leistungen\/skuamoez-huecre-karsinomasi\/\",\"url\":\"https:\/\/www.hasert-haut.de\/tr\/leistungen\/skuamoez-huecre-karsinomasi\/\",\"name\":\"Skuam\u00f6z h\u00fccreli karsinom | Dermatolog Dr. Hasert Berlin-Mitte\",\"isPartOf\":{\"@id\":\"https:\/\/www.hasert-haut.de\/tr\/#website\"},\"primaryImageOfPage\":{\"@id\":\"https:\/\/www.hasert-haut.de\/tr\/leistungen\/skuamoez-huecre-karsinomasi\/#primaryimage\"},\"image\":{\"@id\":\"https:\/\/www.hasert-haut.de\/tr\/leistungen\/skuamoez-huecre-karsinomasi\/#primaryimage\"},\"thumbnailUrl\":\"https:\/\/www.hasert-haut.de\/wp-content\/uploads\/2016\/12\/Stachelzell-Plattenepithelkarzinom.jpg\",\"datePublished\":\"2022-10-11T12:24:16+00:00\",\"dateModified\":\"2023-09-20T14:52:19+00:00\",\"description\":\"Skuam\u00f6z h\u00fccreli karsinom en s\u0131k g\u00f6r\u00fclen ikinci cilt kanseridir. A\u00e7\u0131k tenli ki\u015filerde skuam\u00f6z h\u00fccreli karsinom geli\u015fme riski en y\u00fcksektir.\",\"breadcrumb\":{\"@id\":\"https:\/\/www.hasert-haut.de\/tr\/leistungen\/skuamoez-huecre-karsinomasi\/#breadcrumb\"},\"inLanguage\":\"tr\",\"potentialAction\":[{\"@type\":\"ReadAction\",\"target\":[\"https:\/\/www.hasert-haut.de\/tr\/leistungen\/skuamoez-huecre-karsinomasi\/\"]}]},{\"@type\":\"ImageObject\",\"inLanguage\":\"tr\",\"@id\":\"https:\/\/www.hasert-haut.de\/tr\/leistungen\/skuamoez-huecre-karsinomasi\/#primaryimage\",\"url\":\"https:\/\/www.hasert-haut.de\/wp-content\/uploads\/2016\/12\/Stachelzell-Plattenepithelkarzinom.jpg\",\"contentUrl\":\"https:\/\/www.hasert-haut.de\/wp-content\/uploads\/2016\/12\/Stachelzell-Plattenepithelkarzinom.jpg\",\"width\":600,\"height\":400},{\"@type\":\"BreadcrumbList\",\"@id\":\"https:\/\/www.hasert-haut.de\/tr\/leistungen\/skuamoez-huecre-karsinomasi\/#breadcrumb\",\"itemListElement\":[{\"@type\":\"ListItem\",\"position\":1,\"name\":\"Home\",\"item\":\"https:\/\/www.hasert-haut.de\/tr\/hosgeldiniz\/\"},{\"@type\":\"ListItem\",\"position\":2,\"name\":\"Skuam\u00f6z h\u00fccre karsinomas\u0131\"}]},{\"@type\":\"WebSite\",\"@id\":\"https:\/\/www.hasert-haut.de\/tr\/#website\",\"url\":\"https:\/\/www.hasert-haut.de\/tr\/\",\"name\":\"Hautarzt Berlin - Praxisklinik Dr. Hasert\",\"description\":\"Hautarzt, Allgemeinmedizin\",\"potentialAction\":[{\"@type\":\"SearchAction\",\"target\":{\"@type\":\"EntryPoint\",\"urlTemplate\":\"https:\/\/www.hasert-haut.de\/tr\/?s={search_term_string}\"},\"query-input\":{\"@type\":\"PropertyValueSpecification\",\"valueRequired\":true,\"valueName\":\"search_term_string\"}}],\"inLanguage\":\"tr\"}]}<\/script>\n<!-- \/ Yoast SEO plugin. -->","yoast_head_json":{"title":"Skuam\u00f6z h\u00fccreli karsinom | Dermatolog Dr. Hasert Berlin-Mitte","description":"Skuam\u00f6z h\u00fccreli karsinom en s\u0131k g\u00f6r\u00fclen ikinci cilt kanseridir. A\u00e7\u0131k tenli ki\u015filerde skuam\u00f6z h\u00fccreli karsinom geli\u015fme riski en y\u00fcksektir.","robots":{"index":"index","follow":"follow","max-snippet":"max-snippet:-1","max-image-preview":"max-image-preview:large","max-video-preview":"max-video-preview:-1"},"canonical":"https:\/\/www.hasert-haut.de\/tr\/leistungen\/skuamoez-huecre-karsinomasi\/","og_locale":"tr_TR","og_type":"article","og_title":"Skuam\u00f6z h\u00fccreli karsinom | Dermatolog Dr. Hasert Berlin-Mitte","og_description":"Skuam\u00f6z h\u00fccreli karsinom en s\u0131k g\u00f6r\u00fclen ikinci cilt kanseridir. A\u00e7\u0131k tenli ki\u015filerde skuam\u00f6z h\u00fccreli karsinom geli\u015fme riski en y\u00fcksektir.","og_url":"https:\/\/www.hasert-haut.de\/tr\/leistungen\/skuamoez-huecre-karsinomasi\/","og_site_name":"Hautarzt Berlin - Praxisklinik Dr. Hasert","article_modified_time":"2023-09-20T14:52:19+00:00","og_image":[{"width":600,"height":400,"url":"https:\/\/www.hasert-haut.de\/wp-content\/uploads\/2016\/12\/Stachelzell-Plattenepithelkarzinom.jpg","type":"image\/jpeg"}],"twitter_misc":{"Tahmini okuma s\u00fcresi":"4 dakika"},"schema":{"@context":"https:\/\/schema.org","@graph":[{"@type":"WebPage","@id":"https:\/\/www.hasert-haut.de\/tr\/leistungen\/skuamoez-huecre-karsinomasi\/","url":"https:\/\/www.hasert-haut.de\/tr\/leistungen\/skuamoez-huecre-karsinomasi\/","name":"Skuam\u00f6z h\u00fccreli karsinom | Dermatolog Dr. Hasert Berlin-Mitte","isPartOf":{"@id":"https:\/\/www.hasert-haut.de\/tr\/#website"},"primaryImageOfPage":{"@id":"https:\/\/www.hasert-haut.de\/tr\/leistungen\/skuamoez-huecre-karsinomasi\/#primaryimage"},"image":{"@id":"https:\/\/www.hasert-haut.de\/tr\/leistungen\/skuamoez-huecre-karsinomasi\/#primaryimage"},"thumbnailUrl":"https:\/\/www.hasert-haut.de\/wp-content\/uploads\/2016\/12\/Stachelzell-Plattenepithelkarzinom.jpg","datePublished":"2022-10-11T12:24:16+00:00","dateModified":"2023-09-20T14:52:19+00:00","description":"Skuam\u00f6z h\u00fccreli karsinom en s\u0131k g\u00f6r\u00fclen ikinci cilt kanseridir. A\u00e7\u0131k tenli ki\u015filerde skuam\u00f6z h\u00fccreli karsinom geli\u015fme riski en y\u00fcksektir.","breadcrumb":{"@id":"https:\/\/www.hasert-haut.de\/tr\/leistungen\/skuamoez-huecre-karsinomasi\/#breadcrumb"},"inLanguage":"tr","potentialAction":[{"@type":"ReadAction","target":["https:\/\/www.hasert-haut.de\/tr\/leistungen\/skuamoez-huecre-karsinomasi\/"]}]},{"@type":"ImageObject","inLanguage":"tr","@id":"https:\/\/www.hasert-haut.de\/tr\/leistungen\/skuamoez-huecre-karsinomasi\/#primaryimage","url":"https:\/\/www.hasert-haut.de\/wp-content\/uploads\/2016\/12\/Stachelzell-Plattenepithelkarzinom.jpg","contentUrl":"https:\/\/www.hasert-haut.de\/wp-content\/uploads\/2016\/12\/Stachelzell-Plattenepithelkarzinom.jpg","width":600,"height":400},{"@type":"BreadcrumbList","@id":"https:\/\/www.hasert-haut.de\/tr\/leistungen\/skuamoez-huecre-karsinomasi\/#breadcrumb","itemListElement":[{"@type":"ListItem","position":1,"name":"Home","item":"https:\/\/www.hasert-haut.de\/tr\/hosgeldiniz\/"},{"@type":"ListItem","position":2,"name":"Skuam\u00f6z h\u00fccre karsinomas\u0131"}]},{"@type":"WebSite","@id":"https:\/\/www.hasert-haut.de\/tr\/#website","url":"https:\/\/www.hasert-haut.de\/tr\/","name":"Hautarzt Berlin - Praxisklinik Dr. Hasert","description":"Hautarzt, Allgemeinmedizin","potentialAction":[{"@type":"SearchAction","target":{"@type":"EntryPoint","urlTemplate":"https:\/\/www.hasert-haut.de\/tr\/?s={search_term_string}"},"query-input":{"@type":"PropertyValueSpecification","valueRequired":true,"valueName":"search_term_string"}}],"inLanguage":"tr"}]}},"_links":{"self":[{"href":"https:\/\/www.hasert-haut.de\/tr\/wp-json\/wp\/v2\/portfolio\/7122","targetHints":{"allow":["GET"]}}],"collection":[{"href":"https:\/\/www.hasert-haut.de\/tr\/wp-json\/wp\/v2\/portfolio"}],"about":[{"href":"https:\/\/www.hasert-haut.de\/tr\/wp-json\/wp\/v2\/types\/portfolio"}],"replies":[{"embeddable":true,"href":"https:\/\/www.hasert-haut.de\/tr\/wp-json\/wp\/v2\/comments?post=7122"}],"version-history":[{"count":14,"href":"https:\/\/www.hasert-haut.de\/tr\/wp-json\/wp\/v2\/portfolio\/7122\/revisions"}],"predecessor-version":[{"id":11930,"href":"https:\/\/www.hasert-haut.de\/tr\/wp-json\/wp\/v2\/portfolio\/7122\/revisions\/11930"}],"wp:featuredmedia":[{"embeddable":true,"href":"https:\/\/www.hasert-haut.de\/tr\/wp-json\/wp\/v2\/media\/2012"}],"wp:attachment":[{"href":"https:\/\/www.hasert-haut.de\/tr\/wp-json\/wp\/v2\/media?parent=7122"}],"wp:term":[{"taxonomy":"post_tag","embeddable":true,"href":"https:\/\/www.hasert-haut.de\/tr\/wp-json\/wp\/v2\/tags?post=7122"},{"taxonomy":"portfolio_entries","embeddable":true,"href":"https:\/\/www.hasert-haut.de\/tr\/wp-json\/wp\/v2\/portfolio_entries?post=7122"}],"curies":[{"name":"wp","href":"https:\/\/api.w.org\/{rel}","templated":true}]}}